{"id":7582,"date":"2021-10-06T09:21:33","date_gmt":"2021-10-06T08:21:33","guid":{"rendered":"https:\/\/mbuniverzitet.edu.rs\/?page_id=7582"},"modified":"2026-03-11T09:12:57","modified_gmt":"2026-03-11T08:12:57","slug":"arhiva-vesti","status":"publish","type":"page","link":"https:\/\/mbuniverzitet.edu.rs\/en\/arhiva-vesti\/","title":{"rendered":"News Archive"},"content":{"rendered":"\t\t<div data-elementor-type=\"wp-page\" data-elementor-id=\"7582\" class=\"elementor elementor-7582\">\n\t\t\t\t\t\t<section class=\"elementor-section elementor-top-section elementor-element elementor-element-c29cb1e elementor-section-full_width elementor-section-height-default elementor-section-height-default exad-glass-effect-no exad-sticky-section-no\" data-id=\"c29cb1e\" data-element_type=\"section\" data-e-type=\"section\">\n\t\t\t\t\t\t<div class=\"elementor-container elementor-column-gap-default\">\n\t\t\t\t\t<div class=\"elementor-column elementor-col-100 elementor-top-column elementor-element elementor-element-7e706a2 exad-glass-effect-no exad-sticky-section-no\" data-id=\"7e706a2\" data-element_type=\"column\" data-e-type=\"column\">\n\t\t\t<div class=\"elementor-widget-wrap elementor-element-populated\">\n\t\t\t\t\t\t<div class=\"elementor-element elementor-element-d4d120d exad-sticky-section-no exad-glass-effect-no elementor-widget elementor-widget-spacer\" data-id=\"d4d120d\" data-element_type=\"widget\" data-e-type=\"widget\" data-widget_type=\"spacer.default\">\n\t\t\t\t<div class=\"elementor-widget-container\">\n\t\t\t\t\t\t\t<div class=\"elementor-spacer\">\n\t\t\t<div class=\"elementor-spacer-inner\"><\/div>\n\t\t<\/div>\n\t\t\t\t\t\t<\/div>\n\t\t\t\t<\/div>\n\t\t\t\t\t<\/div>\n\t\t<\/div>\n\t\t\t\t\t<\/div>\n\t\t<\/section>\n\t\t\t\t<section class=\"elementor-section elementor-top-section elementor-element elementor-element-132bbed elementor-section-boxed elementor-section-height-default elementor-section-height-default exad-glass-effect-no exad-sticky-section-no\" data-id=\"132bbed\" data-element_type=\"section\" data-e-type=\"section\">\n\t\t\t\t\t\t<div class=\"elementor-container elementor-column-gap-default\">\n\t\t\t\t\t<div class=\"elementor-column elementor-col-100 elementor-top-column elementor-element elementor-element-962d35f exad-glass-effect-no exad-sticky-section-no\" data-id=\"962d35f\" data-element_type=\"column\" data-e-type=\"column\">\n\t\t\t<div class=\"elementor-widget-wrap elementor-element-populated\">\n\t\t\t\t\t\t<div class=\"elementor-element elementor-element-caecbe9 exad-sticky-section-no exad-glass-effect-no elementor-widget elementor-widget-heading\" data-id=\"caecbe9\" data-element_type=\"widget\" data-e-type=\"widget\" data-widget_type=\"heading.default\">\n\t\t\t\t<div class=\"elementor-widget-container\">\n\t\t\t\t\t<h2 class=\"elementor-heading-title elementor-size-default\">Arhiva vesti<\/h2>\t\t\t\t<\/div>\n\t\t\t\t<\/div>\n\t\t\t\t\t<\/div>\n\t\t<\/div>\n\t\t\t\t\t<\/div>\n\t\t<\/section>\n\t\t\t\t<section class=\"elementor-section elementor-top-section elementor-element elementor-element-37de90c elementor-section-boxed elementor-section-height-default elementor-section-height-default exad-glass-effect-no exad-sticky-section-no\" data-id=\"37de90c\" data-element_type=\"section\" data-e-type=\"section\">\n\t\t\t\t\t\t<div class=\"elementor-container elementor-column-gap-default\">\n\t\t\t\t\t<div class=\"elementor-column elementor-col-100 elementor-top-column elementor-element elementor-element-8f46d47 exad-glass-effect-no exad-sticky-section-no\" data-id=\"8f46d47\" data-element_type=\"column\" data-e-type=\"column\">\n\t\t\t<div class=\"elementor-widget-wrap elementor-element-populated\">\n\t\t\t\t\t\t<div class=\"elementor-element elementor-element-0bf3716 elementor-widget-divider--view-line exad-sticky-section-no exad-glass-effect-no elementor-widget elementor-widget-divider\" data-id=\"0bf3716\" data-element_type=\"widget\" data-e-type=\"widget\" data-widget_type=\"divider.default\">\n\t\t\t\t<div class=\"elementor-widget-container\">\n\t\t\t\t\t\t\t<div class=\"elementor-divider\">\n\t\t\t<span class=\"elementor-divider-separator\">\n\t\t\t\t\t\t<\/span>\n\t\t<\/div>\n\t\t\t\t\t\t<\/div>\n\t\t\t\t<\/div>\n\t\t\t\t\t<\/div>\n\t\t<\/div>\n\t\t\t\t\t<\/div>\n\t\t<\/section>\n\t\t\t\t<section class=\"elementor-section elementor-top-section elementor-element elementor-element-cfb2a5f elementor-section-boxed elementor-section-height-default elementor-section-height-default exad-glass-effect-no exad-sticky-section-no\" data-id=\"cfb2a5f\" data-element_type=\"section\" data-e-type=\"section\">\n\t\t\t\t\t\t<div class=\"elementor-container elementor-column-gap-default\">\n\t\t\t\t\t<div class=\"elementor-column elementor-col-100 elementor-top-column elementor-element elementor-element-7e69099 exad-glass-effect-no exad-sticky-section-no\" data-id=\"7e69099\" data-element_type=\"column\" data-e-type=\"column\">\n\t\t\t<div class=\"elementor-widget-wrap elementor-element-populated\">\n\t\t\t\t\t\t<div class=\"elementor-element elementor-element-4183636 exad-sticky-section-no exad-glass-effect-no elementor-widget elementor-widget-eael-adv-accordion\" data-id=\"4183636\" data-element_type=\"widget\" data-e-type=\"widget\" data-widget_type=\"eael-adv-accordion.default\">\n\t\t\t\t<div class=\"elementor-widget-container\">\n\t\t\t\t\t            <div class=\"eael-adv-accordion\" id=\"eael-adv-accordion-4183636\" data-scroll-on-click=\"no\" data-scroll-speed=\"300\" data-accordion-id=\"4183636\" data-accordion-type=\"accordion\" data-toogle-speed=\"300\">\n            <div class=\"eael-accordion-list\">\n\t\t\t\t\t<div id=\"-27-2025-kcn-1-\" class=\"elementor-tab-title eael-accordion-header\" tabindex=\"0\" data-tab=\"1\" aria-controls=\"elementor-tab-content-6861\"><span class=\"eael-accordion-tab-title\">\u0414\u0430\u043d\u0430 27. \u043d\u043e\u0432\u0435\u043c\u0431\u0440\u0430 2025 \u0433\u043e\u0434\u0438\u043d\u0435, \u043f\u0440\u043e\u0444\u0435\u0441\u043e\u0440 \u0434\u0440 \u041d\u0435\u0452\u043e \u0414\u0430\u043d\u0438\u043b\u043e\u0432\u0438\u045b, \u043f\u0440\u043e\u0440\u0435\u043a\u0442\u043e\u0440 \u0437\u0430 \u043d\u0430\u0443\u043a\u0443, \u041d\u0418\u0420 \u0438 \u0440\u0430\u0437\u0432\u043e\u0458 \u0423\u043d\u0438\u0432\u0435\u0440\u0437\u0438\u0442\u0435\u0442\u0430 \u041c\u0411 \u0443 \u0411\u0435\u043e\u0433\u0440\u0430\u0434\u0443 \u0431\u0438\u043e \u0458\u0435 \u0433\u043e\u0441\u0442 \u0435\u043c\u0438\u0441\u0438\u0458\u0435 \u201e\u041d\u0438 \u0446\u0440\u043d\u043e \u043d\u0438 \u0431\u0435\u043b\u043e\u201c \u0422\u0412 \u041a\u043e\u043f\u0435\u0440\u043d\u0438\u043a\u0443\u0441 (KCN 1), \u0438 \u0442\u0438\u043c \u043f\u043e\u0432\u043e\u0434\u043e\u043c \u0434\u0430\u043e \u0458\u0435 \u0418\u043d\u0442\u0435\u0440\u0432\u0458\u0443 \u043e\u0432\u043e\u0458 \u0422\u0412 \u0441\u0442\u0430\u043d\u0438\u0446\u0438. (\u0412\u0438\u0434\u0438 \u0432\u0438\u0448\u0435)<\/span><\/div><div id=\"elementor-tab-content-6861\" class=\"eael-accordion-content clearfix\" data-tab=\"1\" aria-labelledby=\"-27-2025-kcn-1-\"><p>\u0422\u0435\u043c\u0430\u0442\u0441\u043a\u0438 \u043f\u0440\u0435\u0434\u043c\u0435\u0442 \u0418\u043d\u0442\u0435\u0440\u0432\u0458\u0443\u0430 \u0431\u0438\u043e \u0458\u0435 \u201e\u0421\u0432\u0435\u0442 \u0443 \u043d\u043e\u0432\u043e\u0458 \u0440\u0435\u0430\u043b\u043d\u043e\u0441\u0442\u0438, \u0441 \u0430\u043a\u0446\u0435\u043d\u0442\u043e\u043c \u043d\u0430 \u043e\u0434\u043d\u043e\u0441\u0443 \u0433\u043b\u043e\u0431\u0430\u043b\u0438\u0437\u043c\u0430 \u0438 \u043c\u0443\u043b\u0442\u0438\u043f\u043e\u043b\u0430\u0440\u0438\u0437\u043c\u0430, \u043f\u043e\u0441\u0435\u0431\u043d\u043e \u043d\u0430 \u0433\u043e\u0440\u0443\u045b\u0438\u043c \u043f\u0438\u0442\u0430\u045a\u0438\u043c\u0430 \u0434\u0430\u043d\u0430\u0448\u045a\u0438\u0446\u0435, \u043a\u0430\u043e \u0448\u0442\u043e \u0441\u0443: \u043f\u043e\u0440\u0430\u0441\u0442 \u043c\u043e\u045b\u0438 \u0438\u0437\u0432\u0430\u043d \u0417\u0430\u043f\u0430\u0434\u0430; \u0435\u0440\u043e\u0437\u0438\u0458\u0430 \u0445\u0435\u0433\u0435\u043c\u043e\u043d\u0438\u0458\u0435 \u0421\u0410\u0414; \u043d\u043e\u0432\u0430 \u0441\u0442\u0440\u0443\u043a\u0442\u0443\u0440\u0430\u043b\u043d\u0430 \u0440\u0435\u0430\u043b\u043d\u043e\u0441\u0442 \u0441\u0432\u0435\u0442\u0430 \u0443 \u0447\u0438\u0458\u043e\u0458 \u043e\u0441\u043d\u043e\u0432\u0438 \u0458\u0435 \u0440\u0438\u0432\u0430\u043b\u0438\u0442\u0435\u0442 \u0432\u0435\u043b\u0438\u043a\u0438\u0445 \u0441\u0438\u043b\u0430; \u0444\u0440\u0430\u0433\u043c\u0435\u043d\u0442\u0430\u0446\u0438\u0458\u0430 \u0433\u043b\u043e\u0431\u0430\u043b\u043d\u0435 \u0435\u043a\u043e\u043d\u043e\u043c\u0438\u0458\u0435; \u043a\u0440\u0438\u0437\u0430 \u043b\u0438\u0431\u0435\u0440\u0430\u043b\u043d\u043e\u0433 \u043c\u0435\u0452\u0443\u043d\u0430\u0440\u043e\u0434\u043d\u043e\u0433 \u043f\u043e\u0440\u0435\u0442\u043a\u0430; \u043f\u043e\u0432\u0435\u045b\u0430\u043d\u0430 \u0443\u043b\u043e\u0433\u0430 \u0440\u0435\u0433\u0438\u043e\u043d\u0430\u043b\u043d\u0438\u0445 \u043e\u0440\u0433\u0430\u043d\u0438\u0437\u0430\u0446\u0438\u0458\u0430 \u0438 ad-hoc \u043a\u043e\u0430\u043b\u0438\u0446\u0438\u0458\u0430; \u043d\u043e\u0440\u043c\u0430\u0442\u0438\u0432\u043d\u0438 \u043f\u043b\u0443\u0440\u0430\u043b\u0438\u0437\u0430\u043c \u043a\u0430\u043e \u043a\u0430\u0440\u0430\u043a\u0442\u0435\u0440\u0438\u0441\u0442\u0438\u043a\u0430 \u0441\u0432\u0435\u0442\u0430 \u0443 \u043d\u0430\u0441\u0442\u0430\u0458\u0430\u045a\u0443, \u043d\u0435\u0438\u0437\u0432\u0435\u0441\u043d\u043e\u0441\u0442 \u0431\u0443\u0434\u0443\u045b\u0435 \u0441\u0442\u0440\u0443\u043a\u0442\u0443\u0440\u0435 \u0441\u0432\u0435\u0442\u0441\u043a\u043e\u0433 \u043f\u043e\u0440\u0435\u0442\u043a\u0430, \u043a\u0443\u043b\u0442\u0443\u0440\u0430 \u0434\u0438\u0458\u0430\u043b\u043e\u0433\u0430 \u043d\u0430 \u0433\u043b\u043e\u0431\u0430\u043b\u043d\u043e\u043c, \u0440\u0435\u0433\u0438\u043e\u043d\u0430\u043b\u043d\u043e\u043c \u0438 \u043d\u0430\u0446\u0438\u043e\u043d\u0430\u043b\u043d\u043e\u043c \u043d\u0438\u0432\u043e\u0443, \u0441\u0443\u0432\u0435\u0440\u0435\u043d\u0438\u0437\u0430\u043c \u043d\u0430\u0446\u0438\u043e\u043d\u0430\u043b\u043d\u0438\u0445 \u0437\u0435\u043c\u0430\u0459\u0430 \u0438\u0442\u0434. \u041a\u0440\u043e\u0437 \u043f\u043e\u043b\u0443\u0447\u0430\u0441\u043e\u0432\u043d\u0438 \u0438\u043d\u0442\u0435\u0440\u0432\u0458\u0443 \u0431\u0438\u043b\u043e \u0458\u0435 \u0440\u0435\u0447\u0438 \u0438 \u043e \u0443\u043b\u043e\u0437\u0438 \u0423\u043d\u0438\u0432\u0435\u0440\u0437\u0438\u0442\u0435\u0442\u0430 \u041c\u0411 \u0443 \u0441\u0438\u0441\u0442\u0435\u043c\u0443 \u0432\u0438\u0441\u043e\u043a\u043e\u0433 \u043e\u0431\u0440\u0430\u0437\u043e\u0432\u0430\u045a\u0430, \u0440\u0435\u0437\u0443\u043b\u0442\u0430\u0442\u0438\u043c\u0430 \u043d\u0435\u0434\u0430\u0432\u043d\u0435 \u043f\u043e\u0441\u0435\u0442\u0435 \u043d\u0430\u0443\u0447\u043d\u0438\u043a\u0430 \u0438\u0437 \u041d\u0430\u0446\u0438\u043e\u043d\u0430\u043b\u043d\u043e\u0433 \u0438\u0441\u0442\u0440\u0430\u0436\u0438\u0432\u0430\u0447\u043a\u043e\u0433 \u0438\u043d\u0441\u0442\u0438\u0442\u0443\u0442\u0430 \u0437\u0430 \u0440\u0430\u0437\u0432\u043e\u0458 \u043a\u043e\u043c\u0443\u043d\u0438\u043a\u0430\u0446\u0438\u0458\u0430 \u0420\u0443\u0441\u043a\u0435 \u0424\u0435\u0434\u0435\u0440\u0430\u0446\u0438\u0458\u0435, \u0441\u0442\u0430\u045a\u0443 \u043d\u0430\u0443\u043a\u0435 \u0443 \u0434\u0440\u0443\u0448\u0442\u0432\u0443, \u0444\u0438\u043d\u0430\u043d\u0441\u0438\u0440\u0430\u045a\u0443 \u043f\u0440\u043e\u0458\u0435\u043a\u0430\u0442\u0430 \u043e\u0434 \u043d\u0430\u0446\u0438\u043e\u043d\u0430\u043b\u043d\u043e\u0433 \u0437\u043d\u0430\u0447\u0430\u0458\u0430 \u0438 \u043c\u0435\u0441\u0442\u0443 \u0438 \u0443\u043b\u043e\u0437\u0438 \u043c\u0435\u0434\u0438\u0458\u0430 \u0438 \u043c\u0435\u0434\u0438\u0458\u0441\u043a\u0438\u0445 \u043a\u0443\u045b\u0430 \u0443 \u043f\u043e\u0434\u0440\u0448\u0446\u0438 \u043e\u0431\u0440\u0430\u0437\u043e\u0432\u0430\u045a\u0443, \u043d\u0430\u0443\u0446\u0438 \u043a\u0443\u043b\u0442\u0443\u0440\u0438, \u043f\u043e\u043b\u0438\u0442\u0438\u0446\u0438 \u0441\u0435\u045b\u0430\u045a\u0430 \u0438 \u0434\u0440\u0443\u0433\u0438\u043c \u043f\u0438\u0442\u0430\u045a\u0438\u043c\u0430.<\/p><div><b>\u041b\u0438\u043d\u043a \u0415\u043c\u0438\u0441\u0438\u0458\u0435 \u041d\u0438 \u0446\u0440\u043d\u043e \u043d\u0438 \u0431\u0435\u043b\u043e.<\/b><\/div><div><a href=\"https:\/\/www.youtube.com\/watch?v=hCGOu153shA&amp;t=489s\" target=\"_blank\" rel=\"noopener\">https:\/\/www.youtube.com\/watch?v=hCGOu153shA&amp;t=489s<\/a><\/div><\/div>\n\t\t\t\t\t<\/div><\/div>\t\t\t\t<\/div>\n\t\t\t\t<\/div>\n\t\t\t\t<div class=\"elementor-element elementor-element-d8821c2 exad-sticky-section-no exad-glass-effect-no elementor-widget elementor-widget-eael-adv-accordion\" data-id=\"d8821c2\" data-element_type=\"widget\" data-e-type=\"widget\" data-widget_type=\"eael-adv-accordion.default\">\n\t\t\t\t<div class=\"elementor-widget-container\">\n\t\t\t\t\t            <div class=\"eael-adv-accordion\" id=\"eael-adv-accordion-d8821c2\" data-scroll-on-click=\"no\" data-scroll-speed=\"300\" data-accordion-id=\"d8821c2\" data-accordion-type=\"accordion\" data-toogle-speed=\"300\">\n            <div class=\"eael-accordion-list\">\n\t\t\t\t\t<div id=\"-19-20112025-\" class=\"elementor-tab-title eael-accordion-header\" tabindex=\"0\" data-tab=\"1\" aria-controls=\"elementor-tab-content-2271\"><span class=\"eael-accordion-tab-title\">\u0414\u0430\u043d\u0430 19 \u0438 20.11.2025. \u0433\u043e\u0434\u0438\u043d\u0435 \u0423\u043d\u0438\u0432\u0435\u0440\u0437\u0438\u0442\u0435\u0442 ,,\u041c\u0411\" \u0458\u0435 \u043f\u043e\u0441\u0435\u0442\u0438\u043b\u0430 \u0434\u0435\u043b\u0435\u0433\u0430\u0446\u0438\u0458\u0430 \u041d\u0430\u0446\u0438\u043e\u043d\u0430\u043b\u043d\u043e\u0433 \u0438\u0441\u0442\u0440\u0430\u0436\u0438\u0432\u0430\u0447\u043a\u043e\u0433 \u0438\u043d\u0441\u0442\u0438\u0442\u0443\u0442\u0430 \u0437\u0430 \u0440\u0430\u0437\u0432\u043e\u0458 \u043a\u043e\u043c\u0443\u043d\u0438\u043a\u0430\u0446\u0438\u0458\u0430 \u0420\u0443\u0441\u043a\u0435 \u0424\u0435\u0434\u0435\u0440\u0430\u0446\u0438\u0458\u0435. \u0422\u043e\u043a\u043e\u043c \u0434\u0432\u043e\u0434\u043d\u0435\u0432\u043d\u0435 \u043f\u043e\u0441\u0435\u0442\u0435 \u0434\u0435\u043b\u0435\u0433\u0430\u0446\u0438\u0458\u0443 \u0458\u0435 \u043f\u0440\u0438\u043c\u0438\u043e \u043c\u0435\u043d\u0430\u045f\u043c\u0435\u043d\u0442 \u0423\u043d\u0438\u0432\u0435\u0440\u0437\u0438\u0442\u0435\u0442\u0430 ,,\u041c\u0411\". (\u0412\u0438\u0434\u0438 \u0432\u0438\u0448\u0435)<\/span><\/div><div id=\"elementor-tab-content-2271\" class=\"eael-accordion-content clearfix\" data-tab=\"1\" aria-labelledby=\"-19-20112025-\"><p>\u041f\u043e\u0440\u0435\u0434 \u0440\u0430\u0437\u043c\u0435\u043d\u0435 \u043d\u0430\u0458\u0431\u0438\u0442\u043d\u0438\u0458\u0438\u0445 \u0438\u043d\u0444\u043e\u0440\u043c\u0430\u0446\u0438\u0458\u0430 \u043e \u0443\u0441\u0442\u0430\u043d\u043e\u0432\u0430\u043c\u0430 \u043f\u043e\u0442\u043f\u0438\u0441\u0430\u043d \u0458\u0435 \u041c\u0435\u043c\u043e\u0440\u0430\u043d\u0434\u0443\u043c \u043e \u0431\u0443\u0434\u0443\u045b\u043e\u0458 \u043f\u043e\u0441\u043b\u043e\u0432\u043d\u043e\u0458 \u0438 \u0442\u0435\u0445\u043d\u0438\u0447\u043a\u043e\u0458 \u0441\u0430\u0440\u0430\u0434\u045a\u0438 \u043e\u0431\u0435 \u0438\u043d\u0441\u0442\u0438\u0442\u0443\u0446\u0438\u0458\u0435.\u00a0<\/p><p>\u0414\u0430\u043d\u0430 20.11.2025. \u0433\u043e\u0434\u0438\u043d\u0435 \u043e\u0434 16.00 \u0434\u043e 18.00. \u0447\u0430\u0441\u043e\u0432\u0430 \u043d\u0430 \u0423\u043d\u0438\u0432\u0435\u0440\u0437\u0438\u0442\u0435\u0442\u0443 &#8222;\u041c\u0411&#8220; \u043f\u0440\u043e\u0444\u0435\u0441\u043e\u0440\u0438 \u041d\u0430\u0446\u0438\u043e\u043d\u0430\u043b\u043d\u043e\u0433 \u0438\u0441\u0442\u0440\u0430\u0436\u0438\u0432\u0430\u0447\u043a\u043e\u0433 \u0438\u043d\u0441\u0442\u0438\u0442\u0443\u0442\u0430 \u0437\u0430 \u0440\u0430\u0437\u0432\u043e\u0458 \u043a\u043e\u043c\u0443\u043d\u0438\u043a\u0430\u0446\u0438\u0458\u0430 \u0420\u0443\u0441\u043a\u0435 \u0424\u0435\u0434\u0435\u0440\u0430\u0446\u0438\u0458\u0435 \u0441\u0443 \u043e\u0434\u0440\u0436\u0430\u043b\u0438 \u0458\u0430\u0432\u043d\u043e \u043f\u0440\u0435\u0434\u0430\u0432\u0430\u045a\u0435 \u043d\u0430 \u0433\u0435\u043d\u0435\u0440\u0430\u043b\u043d\u0443 \u0442\u0435\u043c\u0443: \u201c\u0421\u0432\u0435\u0442 \u0443 \u043d\u043e\u0432\u043e\u0458 \u0440\u0435\u0430\u043b\u043d\u043e\u0441\u0442\u0438\u201d.<\/p><p><a href=\"https:\/\/mbuniverzitet.edu.rs\/wp-content\/uploads\/2025\/11\/Rusi_predavanje.jpg\"><img fetchpriority=\"high\" decoding=\"async\" class=\"aligncenter size-medium wp-image-18626\" src=\"https:\/\/mbuniverzitet.edu.rs\/wp-content\/uploads\/2025\/11\/Rusi_predavanje-300x225.jpg\" alt=\"\" width=\"300\" height=\"225\" srcset=\"https:\/\/mbuniverzitet.edu.rs\/wp-content\/uploads\/2025\/11\/Rusi_predavanje-300x225.jpg 300w, https:\/\/mbuniverzitet.edu.rs\/wp-content\/uploads\/2025\/11\/Rusi_predavanje-1024x768.jpg 1024w, https:\/\/mbuniverzitet.edu.rs\/wp-content\/uploads\/2025\/11\/Rusi_predavanje-768x576.jpg 768w, https:\/\/mbuniverzitet.edu.rs\/wp-content\/uploads\/2025\/11\/Rusi_predavanje-1536x1152.jpg 1536w, https:\/\/mbuniverzitet.edu.rs\/wp-content\/uploads\/2025\/11\/Rusi_predavanje-16x12.jpg 16w, https:\/\/mbuniverzitet.edu.rs\/wp-content\/uploads\/2025\/11\/Rusi_predavanje.jpg 1600w\" sizes=\"(max-width: 300px) 100vw, 300px\" \/><\/a><\/p><p>\u041f\u0440\u0435\u0434\u0430\u0432\u0430\u045a\u0435 \u0441\u0443 \u043e\u0434\u0440\u0436\u0430\u043b\u0438 \u0443\u0433\u043b\u0435\u0434\u043d\u0438 \u043f\u0440\u043e\u0444\u0435\u0441\u043e\u0440\u0438 \u041d\u0430\u0446\u0438\u043e\u043d\u0430\u043b\u043d\u043e\u0433 \u0438\u0441\u0442\u0440\u0430\u0436\u0438\u0432\u0430\u0447\u043a\u043e\u0433 \u0438\u043d\u0441\u0442\u0438\u0442\u0443\u0442\u0430 \u0437\u0430 \u0440\u0430\u0437\u0432\u043e\u0458 \u043a\u043e\u043c\u0443\u043d\u0438\u043a\u0430\u0446\u0438\u0458\u0430 \u0420\u0443\u0441\u043a\u0435 \u0424\u0435\u0434\u0435\u0440\u0430\u0446\u0438\u0458\u0435:<\/p><p><strong>\u041f\u0440\u043e\u0444. \u0434\u0440 \u0412\u043b\u0430\u0434\u0438\u0441\u043b\u0430\u0432 \u0418\u0432\u0430\u043d\u043e\u0432\u0438\u0447 \u0413\u0430\u0441\u0443\u043c\u0458\u0430\u043d\u043e\u0432, \u0435\u043a\u043e\u043d\u043e\u043c\u0438\u0441\u0442\u0430<\/strong>,\u00a0\u0434\u0438\u0440\u0435\u043a\u0442\u043e\u0440 \u041d\u0430\u0446\u0438\u043e\u043d\u0430\u043b\u043d\u043e\u0433 \u0438\u0441\u0442\u0440\u0430\u0436\u0438\u0432\u0430\u0447\u043a\u043e\u0433 \u0438\u043d\u0441\u0442\u0438\u0442\u0443\u0442\u0430 \u0437\u0430 \u0440\u0430\u0437\u0432\u043e\u0458 \u043a\u043e\u043c\u0443\u043d\u0438\u043a\u0430\u0446\u0438\u0458\u0430 (\u041d\u0418\u0426\u0423\u0421) \u0438 \u0448\u0435\u0444 \u041a\u0430\u0442\u0435\u0434\u0440\u0435 \u0437\u0430 \u043a\u043e\u0440\u043f\u043e\u0440\u0430\u0442\u0438\u0432\u043d\u0443 \u0431\u0435\u0437\u0431\u0435\u0434\u043d\u043e\u0441\u0442 \u043d\u0430 \u041c\u043e\u0441\u043a\u043e\u0432\u0441\u043a\u043e\u043c \u0434\u0440\u0436\u0430\u0432\u043d\u043e\u043c \u0438\u043d\u0441\u0442\u0438\u0442\u0443\u0442\u0443 \u0437\u0430 \u043c\u0435\u0452\u0443\u043d\u0430\u0440\u043e\u0434\u043d\u0435 \u043e\u0434\u043d\u043e\u0441\u0435 \u2013 \u041c\u0413\u0418\u041c\u041e,\u00a0\u043d\u0430 \u0442\u0435\u043c\u0443:\u00a0<em>\u201c\u041f\u0440\u0438\u0441\u0442\u0443\u043f\u0438 \u0431\u0435\u0437\u0431\u0435\u0434\u043d\u043e\u0441\u0442\u0438 \u0443 \u0443\u0441\u043b\u043e\u0432\u0438\u043c\u0430 \u043f\u0440\u043e\u043c\u0435\u043d\u0459\u0438\u0432\u0435 \u043c\u0435\u0452\u0443\u043d\u0430\u0440\u043e\u0434\u043d\u0435 \u0434\u0438\u043d\u0430\u043c\u0438\u043a\u0435\u201d<\/em>;<\/p><p><strong>\u041f\u0440\u043e\u0444. \u0434\u0440 \u0412\u0430\u043b\u0435\u043d\u0442\u0438\u043d\u0430 \u0412\u0458\u0430\u0447\u0435\u0441\u043b\u0430\u0432\u043e\u0432\u043d\u0430 \u041a\u043e\u043c\u0459\u0435\u0432\u0430, \u0441\u043e\u0446\u0438\u043e\u043b\u043e\u0433<\/strong>,\u00a0\u0437\u0430\u043c\u0435\u043d\u0438\u043a \u0434\u0438\u0440\u0435\u043a\u0442\u043e\u0440\u0430 \u041d\u0430\u0446\u0438\u043e\u043d\u0430\u043b\u043d\u043e\u0433 \u0438\u0441\u0442\u0440\u0430\u0436\u0438\u0432\u0430\u0447\u043a\u043e\u0433 \u0438\u043d\u0441\u0442\u0438\u0442\u0443\u0442\u0430 \u0437\u0430 \u0440\u0430\u0437\u0432\u043e\u0458 \u043a\u043e\u043c\u0443\u043d\u0438\u043a\u0430\u0446\u0438\u0458\u0430, \u0438 \u0434\u0438\u0440\u0435\u043a\u0442\u043e\u0440 \u0426\u0435\u043d\u0442\u0440\u0430 \u0437\u0430 \u043c\u0435\u0452\u0443\u043d\u0430\u0440\u043e\u0434\u043d\u0430 \u0441\u0442\u0440\u0430\u0442\u0435\u0448\u043a\u0430 \u0438\u0441\u0442\u0440\u0430\u0436\u0438\u0432\u0430\u045a\u0430 \u0414\u0438\u043f\u043b\u043e\u043c\u0430\u0442\u0441\u043a\u0435 \u0430\u043a\u0430\u0434\u0435\u043c\u0438\u0458\u0435 \u041c\u0438\u043d\u0438\u0441\u0442\u0430\u0440\u0441\u0442\u0432\u0430 \u0441\u043f\u043e\u0459\u043d\u0438\u0445 \u043f\u043e\u0441\u043b\u043e\u0432\u0430 \u0420\u0443\u0441\u043a\u0435 \u0424\u0435\u0434\u0435\u0440\u0430\u0446\u0438\u0458,\u00a0\u043d\u0430 \u0442\u0435\u043c\u0443:\u00a0\u00a0<em>\u201c\u0414\u0440\u0443\u0448\u0442\u0432\u0435\u043d\u0435 \u0438 \u043f\u0441\u0438\u0445\u043e\u043b\u043e\u0448\u043a\u0435 \u043e\u0441\u043d\u043e\u0432\u0435 \u043c\u0443\u043b\u0442\u0438\u043f\u043e\u043b\u0430\u0440\u043d\u043e\u0441\u0442\u0438\u201d<\/em>;<\/p><p><strong>\u041f\u0440\u043e\u0444. \u0408\u0435\u043b\u0435\u043d\u0430 \u0410\u043b\u0435\u043a\u0441\u0435\u0458\u0435\u0432\u043d\u0430 \u041a\u0443\u0437\u043c\u0435\u043d\u043a\u043e, \u0438\u0441\u0442\u043e\u0440\u0438\u0447\u0430\u0440<\/strong>,\u00a0\u0440\u0443\u043a\u043e\u0432\u043e\u0434\u0438\u043b\u0430\u0446 \u0441\u0442\u0440\u0430\u043d\u0438\u0445 \u043f\u0440\u043e\u0458\u0435\u043a\u0430\u0442\u0430 \u0443 \u041d\u0430\u0446\u0438\u043e\u043d\u0430\u043b\u043d\u043e\u043c \u0438\u0441\u0442\u0440\u0430\u0436\u0438\u0432\u0430\u0447\u043a\u043e\u043c \u0438\u043d\u0441\u0442\u0438\u0442\u0443\u0442\u0443 \u0437\u0430 \u0440\u0430\u0437\u0432\u043e\u0458 \u043a\u043e\u043c\u0443\u043d\u0438\u043a\u0430\u0446\u0438\u0458\u0430 \u0438 \u0434\u043e\u0446\u0435\u043d\u0442 \u043d\u0430 \u041a\u0430\u0442\u0435\u0434\u0440\u0438 \u0437\u0430 \u0440\u0435\u0433\u0438\u043e\u043d\u0430\u043b\u043d\u0435 \u0441\u0442\u0443\u0434\u0438\u0458\u0435 \u0420\u0443\u0441\u043a\u0435 \u0430\u043a\u0430\u0434\u0435\u043c\u0438\u0458\u0435 \u0437\u0430 \u0434\u0440\u0436\u0430\u0432\u043d\u0443 \u0443\u043f\u0440\u0430\u0432\u0443 \u043f\u0440\u0438 \u043f\u0440\u0435\u0434\u0441\u0435\u0434\u043d\u0438\u043a\u0443 \u0420\u0443\u0441\u043a\u0435 \u0424\u0435\u0434\u0435\u0440\u0430\u0446\u0438\u0458\u0435 (\u0420\u0410\u0418\u0425\u0438\u0413\u0421),\u00a0\u043d\u0430 \u0442\u0435\u043c\u0443:\u00a0<em>\u201c\u0423\u043b\u043e\u0433\u0430 \u0438\u0441\u0442\u043e\u0440\u0438\u0458\u0441\u043a\u043e\u0433 \u043d\u0430\u0440\u0430\u0442\u0438\u0432\u0430 \u0438 \u0441\u0438\u043c\u0431\u043e\u043b\u0438\u0447\u043a\u043e\u0433 \u043d\u0430\u0441\u043b\u0435\u0452\u0430 \u0443 \u043c\u0435\u0452\u0443\u043d\u0430\u0440\u043e\u0434\u043d\u043e\u0458 \u043f\u043e\u043b\u0438\u0442\u0438\u0446\u0438\u201d<\/em>&#8230;<\/p><p><a href=\"https:\/\/mbuniverzitet.edu.rs\/wp-content\/uploads\/2025\/11\/Rusi_predavanje3.jpg\"><img decoding=\"async\" class=\"aligncenter size-medium wp-image-18635\" src=\"https:\/\/mbuniverzitet.edu.rs\/wp-content\/uploads\/2025\/11\/Rusi_predavanje3-300x169.jpg\" alt=\"\" width=\"300\" height=\"169\" srcset=\"https:\/\/mbuniverzitet.edu.rs\/wp-content\/uploads\/2025\/11\/Rusi_predavanje3-300x169.jpg 300w, https:\/\/mbuniverzitet.edu.rs\/wp-content\/uploads\/2025\/11\/Rusi_predavanje3-1024x577.jpg 1024w, https:\/\/mbuniverzitet.edu.rs\/wp-content\/uploads\/2025\/11\/Rusi_predavanje3-768x432.jpg 768w, https:\/\/mbuniverzitet.edu.rs\/wp-content\/uploads\/2025\/11\/Rusi_predavanje3-1536x865.jpg 1536w, https:\/\/mbuniverzitet.edu.rs\/wp-content\/uploads\/2025\/11\/Rusi_predavanje3-18x10.jpg 18w, https:\/\/mbuniverzitet.edu.rs\/wp-content\/uploads\/2025\/11\/Rusi_predavanje3.jpg 1600w\" sizes=\"(max-width: 300px) 100vw, 300px\" \/><\/a><\/p><p><a href=\"https:\/\/mbuniverzitet.edu.rs\/wp-content\/uploads\/2025\/12\/Predavanje-Rusi_sl10.jpg\"><img decoding=\"async\" class=\"aligncenter size-medium wp-image-18682\" src=\"https:\/\/mbuniverzitet.edu.rs\/wp-content\/uploads\/2025\/12\/Predavanje-Rusi_sl10-300x201.jpg\" alt=\"\" width=\"300\" height=\"201\" srcset=\"https:\/\/mbuniverzitet.edu.rs\/wp-content\/uploads\/2025\/12\/Predavanje-Rusi_sl10-300x201.jpg 300w, https:\/\/mbuniverzitet.edu.rs\/wp-content\/uploads\/2025\/12\/Predavanje-Rusi_sl10-768x515.jpg 768w, https:\/\/mbuniverzitet.edu.rs\/wp-content\/uploads\/2025\/12\/Predavanje-Rusi_sl10-18x12.jpg 18w, https:\/\/mbuniverzitet.edu.rs\/wp-content\/uploads\/2025\/12\/Predavanje-Rusi_sl10.jpg 869w\" sizes=\"(max-width: 300px) 100vw, 300px\" \/><\/a><\/p><p>\u041f\u0440\u0435\u0434\u0430\u0432\u0430\u045a\u0443 \u0441\u0443 \u043f\u0440\u0438\u0441\u0443\u0441\u0442\u0432\u043e\u0432\u0430\u043b\u0438 \u043d\u0430\u0441\u0442\u0430\u0432\u043d\u0438\u0446\u0438, \u0441\u0430\u0440\u0430\u0434\u043d\u0438\u0446\u0438 \u0438 \u0441\u0442\u0443\u0434\u0435\u043d\u0442\u0438 \u043c\u0430\u0441\u0442\u0435\u0440 \u0438 \u0434\u043e\u043a\u0442\u043e\u0440\u0441\u043a\u0438\u0445 \u0430\u043a\u0430\u0434\u0435\u043c\u0441\u043a\u0438\u0445 \u0441\u0442\u0443\u0434\u0438\u0458\u0430 \u0423\u043d\u0438\u0432\u0435\u0440\u0437\u0438\u0442\u0435\u0442\u0430 &#8222;\u041c\u0411&#8220; \u0438 \u0441\u0442\u0440\u0443\u0447\u045a\u0430\u0446\u0438 \u0438\u0437 \u043e\u0431\u043b\u0430\u0441\u0442\u0438 \u0434\u0440\u0443\u0448\u0442\u0432\u0435\u043d\u0438\u0445 \u043d\u0430\u0443\u043a\u0430, \u043c\u0435\u0452\u0443\u043d\u0430\u0440\u043e\u0434\u043d\u0438\u0445 \u043e\u0434\u043d\u043e\u0441\u0430, \u0431\u0435\u0437\u0431\u0435\u0434\u043d\u043e\u0441\u0442\u0438, \u043a\u043e\u043c\u0443\u043d\u0438\u043a\u0430\u0446\u0438\u0458\u0430, \u043a\u0443\u043b\u0442\u0443\u0440\u0435 \u0438 \u0458\u0430\u0432\u043d\u0438\u0445 \u043f\u043e\u043b\u0438\u0442\u0438\u043a\u0430.<\/p><p><a href=\"https:\/\/mbuniverzitet.edu.rs\/wp-content\/uploads\/2025\/12\/Predavanje-Rusi_sl11.jpg\"><img loading=\"lazy\" decoding=\"async\" class=\"aligncenter size-medium wp-image-18683\" src=\"https:\/\/mbuniverzitet.edu.rs\/wp-content\/uploads\/2025\/12\/Predavanje-Rusi_sl11-300x173.jpg\" alt=\"\" width=\"300\" height=\"173\" srcset=\"https:\/\/mbuniverzitet.edu.rs\/wp-content\/uploads\/2025\/12\/Predavanje-Rusi_sl11-300x173.jpg 300w, https:\/\/mbuniverzitet.edu.rs\/wp-content\/uploads\/2025\/12\/Predavanje-Rusi_sl11-768x444.jpg 768w, https:\/\/mbuniverzitet.edu.rs\/wp-content\/uploads\/2025\/12\/Predavanje-Rusi_sl11-18x10.jpg 18w, https:\/\/mbuniverzitet.edu.rs\/wp-content\/uploads\/2025\/12\/Predavanje-Rusi_sl11.jpg 863w\" sizes=\"(max-width: 300px) 100vw, 300px\" \/><\/a><\/p><p><a href=\"https:\/\/mbuniverzitet.edu.rs\/wp-content\/uploads\/2025\/12\/Predavanje-Rusi_sl12.jpg\"><img loading=\"lazy\" decoding=\"async\" class=\"aligncenter size-medium wp-image-18684\" src=\"https:\/\/mbuniverzitet.edu.rs\/wp-content\/uploads\/2025\/12\/Predavanje-Rusi_sl12-300x180.jpg\" alt=\"\" width=\"300\" height=\"180\" srcset=\"https:\/\/mbuniverzitet.edu.rs\/wp-content\/uploads\/2025\/12\/Predavanje-Rusi_sl12-300x180.jpg 300w, https:\/\/mbuniverzitet.edu.rs\/wp-content\/uploads\/2025\/12\/Predavanje-Rusi_sl12-768x460.jpg 768w, https:\/\/mbuniverzitet.edu.rs\/wp-content\/uploads\/2025\/12\/Predavanje-Rusi_sl12-18x12.jpg 18w, https:\/\/mbuniverzitet.edu.rs\/wp-content\/uploads\/2025\/12\/Predavanje-Rusi_sl12.jpg 920w\" sizes=\"(max-width: 300px) 100vw, 300px\" \/><\/a><\/p><p>\u041f\u0440\u043e\u0444\u0435\u0441\u043e\u0440\u0438 \u0441\u0443 \u043e\u0434\u0433\u043e\u0432\u043e\u0440\u0438\u043b\u0438 \u043d\u0430 \u0441\u0432\u0430 \u043f\u0438\u0442\u0430\u045a\u0430 \u043f\u0440\u0438\u0441\u0443\u0442\u043d\u0438\u0445 \u0441\u043b\u0443\u0448\u0430\u043b\u0430\u0446\u0430 \u0438 \u043f\u0440\u043e\u0444\u0435\u0441\u043e\u0440\u0430 \u0423\u043d\u0438\u0432\u0435\u0440\u0437\u0438\u0442\u0435\u0442\u0430 &#8222;\u041c\u0411&#8220;.<\/p><p><a href=\"https:\/\/mbuniverzitet.edu.rs\/wp-content\/uploads\/2025\/11\/Rusi_predavanje2.jpg\"><img loading=\"lazy\" decoding=\"async\" class=\"aligncenter size-medium wp-image-18634\" src=\"https:\/\/mbuniverzitet.edu.rs\/wp-content\/uploads\/2025\/11\/Rusi_predavanje2-300x169.jpg\" alt=\"\" width=\"300\" height=\"169\" srcset=\"https:\/\/mbuniverzitet.edu.rs\/wp-content\/uploads\/2025\/11\/Rusi_predavanje2-300x169.jpg 300w, https:\/\/mbuniverzitet.edu.rs\/wp-content\/uploads\/2025\/11\/Rusi_predavanje2-1024x577.jpg 1024w, https:\/\/mbuniverzitet.edu.rs\/wp-content\/uploads\/2025\/11\/Rusi_predavanje2-768x432.jpg 768w, https:\/\/mbuniverzitet.edu.rs\/wp-content\/uploads\/2025\/11\/Rusi_predavanje2-1536x865.jpg 1536w, https:\/\/mbuniverzitet.edu.rs\/wp-content\/uploads\/2025\/11\/Rusi_predavanje2-18x10.jpg 18w, https:\/\/mbuniverzitet.edu.rs\/wp-content\/uploads\/2025\/11\/Rusi_predavanje2.jpg 1600w\" sizes=\"(max-width: 300px) 100vw, 300px\" \/><\/a><\/p><p>\u0423 \u043e\u043a\u0432\u0438\u0440\u0443 \u0458\u0430\u0432\u043d\u043e\u0433 \u0430\u043a\u0430\u0434\u0435\u043c\u0441\u043a\u043e\u0433 \u043f\u0440\u0435\u0434\u0430\u0432\u0430\u045a\u0430\u00a0\u201e\u0421\u0432\u0435\u0442 \u0443 \u043d\u043e\u0432\u043e\u0458 \u0440\u0435\u0430\u043b\u043d\u043e\u0441\u0442\u0438\u201c\u00a0\u043f\u0440\u0435\u0434\u0441\u0442\u0430\u0432\u0459\u0435\u043d\u0438 \u00a0\u0441\u0443 \u0440\u0430\u0437\u043b\u0438\u0447\u0438\u0442\u0438 \u043f\u0440\u0438\u0441\u0442\u0443\u043f\u0438 \u043e\u0432\u043e\u043c \u043f\u0438\u0442\u0430\u045a\u0443 \u043a\u0440\u043e\u0437 \u0430\u043d\u0430\u043b\u0438\u0437\u0443 \u0431\u0435\u0437\u0431\u0435\u0434\u043d\u043e\u0441\u043d\u0438\u0445 \u043f\u043e\u043b\u0438\u0442\u0438\u043a\u0430, \u0434\u0440\u0443\u0448\u0442\u0432\u0435\u043d\u043e\u0433 \u043f\u043e\u043d\u0430\u0448\u0430\u045a\u0430 \u0438 \u043a\u0443\u043b\u0442\u0443\u0440\u0435 \u0441\u0435\u045b\u0430\u045a\u0430.<\/p><p><a href=\"https:\/\/mbuniverzitet.edu.rs\/wp-content\/uploads\/2025\/12\/Predavanje-Rusi_sl13.jpg\"><img loading=\"lazy\" decoding=\"async\" class=\"aligncenter size-medium wp-image-18685\" src=\"https:\/\/mbuniverzitet.edu.rs\/wp-content\/uploads\/2025\/12\/Predavanje-Rusi_sl13-300x163.jpg\" alt=\"\" width=\"300\" height=\"163\" srcset=\"https:\/\/mbuniverzitet.edu.rs\/wp-content\/uploads\/2025\/12\/Predavanje-Rusi_sl13-300x163.jpg 300w, https:\/\/mbuniverzitet.edu.rs\/wp-content\/uploads\/2025\/12\/Predavanje-Rusi_sl13-18x10.jpg 18w, https:\/\/mbuniverzitet.edu.rs\/wp-content\/uploads\/2025\/12\/Predavanje-Rusi_sl13.jpg 564w\" sizes=\"(max-width: 300px) 100vw, 300px\" \/><\/a><\/p><p><a href=\"https:\/\/mbuniverzitet.edu.rs\/wp-content\/uploads\/2025\/12\/Predavanje-Rusi_sl14.jpg\"><img loading=\"lazy\" decoding=\"async\" class=\"aligncenter size-medium wp-image-18686\" src=\"https:\/\/mbuniverzitet.edu.rs\/wp-content\/uploads\/2025\/12\/Predavanje-Rusi_sl14-300x169.jpg\" alt=\"\" width=\"300\" height=\"169\" srcset=\"https:\/\/mbuniverzitet.edu.rs\/wp-content\/uploads\/2025\/12\/Predavanje-Rusi_sl14-300x169.jpg 300w, https:\/\/mbuniverzitet.edu.rs\/wp-content\/uploads\/2025\/12\/Predavanje-Rusi_sl14-18x10.jpg 18w, https:\/\/mbuniverzitet.edu.rs\/wp-content\/uploads\/2025\/12\/Predavanje-Rusi_sl14.jpg 532w\" sizes=\"(max-width: 300px) 100vw, 300px\" \/><\/a><\/p><p>\u0421\u0430\u0432\u0440\u0435\u043c\u0435\u043d\u0438 \u043c\u0435\u0452\u0443\u043d\u0430\u0440\u043e\u0434\u043d\u0438 \u043f\u043e\u0440\u0435\u0434\u0430\u043a \u043f\u0440\u043e\u043b\u0430\u0437\u0438 \u043a\u0440\u043e\u0437 \u043f\u0435\u0440\u0438\u043e\u0434 \u0434\u0443\u0431\u043e\u043a\u0438\u0445 \u043f\u0440\u043e\u043c\u0435\u043d\u0430. \u0423\u043c\u0435\u0441\u0442\u043e \u0458\u0435\u0434\u043d\u043e\u0433 \u0434\u043e\u043c\u0438\u043d\u0430\u043d\u0442\u043d\u043e\u0433 \u0446\u0435\u043d\u0442\u0440\u0430 \u043e\u0434\u043b\u0443\u0447\u0438\u0432\u0430\u045a\u0430, \u0440\u0430\u0437\u0432\u0438\u0458\u0430 \u0441\u0435\u00a0\u043c\u0443\u043b\u0442\u0438\u043f\u043e\u043b\u0430\u0440\u043d\u0438 \u0441\u0438\u0441\u0442\u0435\u043c, \u0443 \u043a\u043e\u0458\u0435\u043c \u0432\u0438\u0448\u0435 \u0434\u0440\u0436\u0430\u0432\u0430 \u0438 \u0434\u0440\u0443\u0448\u0442\u0430\u0432\u0430 \u0438\u0441\u0442\u043e\u0432\u0440\u0435\u043c\u0435\u043d\u043e \u0443\u0442\u0438\u0447\u0435 \u043d\u0430 \u0433\u043b\u043e\u0431\u0430\u043b\u043d\u0435 \u043f\u043e\u043b\u0438\u0442\u0438\u0447\u043a\u0435, \u0435\u043a\u043e\u043d\u043e\u043c\u0441\u043a\u0435 \u0438 \u043a\u0443\u043b\u0442\u0443\u0440\u043d\u0435 \u043f\u0440\u043e\u0446\u0435\u0441\u0435.<\/p><p><a href=\"https:\/\/mbuniverzitet.edu.rs\/wp-content\/uploads\/2025\/12\/Predavanje-Rusi_sl15.jpg\"><img loading=\"lazy\" decoding=\"async\" class=\"aligncenter size-medium wp-image-18681\" src=\"https:\/\/mbuniverzitet.edu.rs\/wp-content\/uploads\/2025\/12\/Predavanje-Rusi_sl15-300x168.jpg\" alt=\"\" width=\"300\" height=\"168\" srcset=\"https:\/\/mbuniverzitet.edu.rs\/wp-content\/uploads\/2025\/12\/Predavanje-Rusi_sl15-300x168.jpg 300w, https:\/\/mbuniverzitet.edu.rs\/wp-content\/uploads\/2025\/12\/Predavanje-Rusi_sl15-768x430.jpg 768w, https:\/\/mbuniverzitet.edu.rs\/wp-content\/uploads\/2025\/12\/Predavanje-Rusi_sl15-18x10.jpg 18w, https:\/\/mbuniverzitet.edu.rs\/wp-content\/uploads\/2025\/12\/Predavanje-Rusi_sl15.jpg 920w\" sizes=\"(max-width: 300px) 100vw, 300px\" \/><\/a><\/p><p>\u0422\u0435 \u043f\u0440\u043e\u043c\u0435\u043d\u0435 \u043d\u0438\u0441\u0443 \u0441\u0430\u043c\u043e \u0441\u0442\u0440\u0443\u043a\u0442\u0443\u0440\u0430\u043b\u043d\u0435 \u2013 \u043e\u043d\u0435 \u0443\u0442\u0438\u0447\u0443 \u043d\u0430 \u043d\u0430\u0447\u0438\u043d \u043d\u0430 \u043a\u043e\u0458\u0438 \u0441\u0435 \u0440\u0430\u0437\u0443\u043c\u0435 \u0431\u0435\u0437\u0431\u0435\u0434\u043d\u043e\u0441\u0442, \u0438\u0434\u0435\u043d\u0442\u0438\u0442\u0435\u0442, \u0438\u0441\u0442\u043e\u0440\u0438\u0458\u0441\u043a\u0438 \u043d\u0430\u0440\u0430\u0442\u0438\u0432 \u0438 \u0443\u043b\u043e\u0433\u0430 \u0434\u0440\u0436\u0430\u0432\u043d\u0438\u0445 \u0438\u043d\u0441\u0442\u0438\u0442\u0443\u0446\u0438\u0458\u0430.<\/p><p><a href=\"https:\/\/mbuniverzitet.edu.rs\/wp-content\/uploads\/2025\/11\/Rusi_predavanje4.jpg\"><img loading=\"lazy\" decoding=\"async\" class=\"aligncenter size-medium wp-image-18636\" src=\"https:\/\/mbuniverzitet.edu.rs\/wp-content\/uploads\/2025\/11\/Rusi_predavanje4-300x169.jpg\" alt=\"\" width=\"300\" height=\"169\" srcset=\"https:\/\/mbuniverzitet.edu.rs\/wp-content\/uploads\/2025\/11\/Rusi_predavanje4-300x169.jpg 300w, https:\/\/mbuniverzitet.edu.rs\/wp-content\/uploads\/2025\/11\/Rusi_predavanje4-1024x577.jpg 1024w, https:\/\/mbuniverzitet.edu.rs\/wp-content\/uploads\/2025\/11\/Rusi_predavanje4-768x432.jpg 768w, https:\/\/mbuniverzitet.edu.rs\/wp-content\/uploads\/2025\/11\/Rusi_predavanje4-1536x865.jpg 1536w, https:\/\/mbuniverzitet.edu.rs\/wp-content\/uploads\/2025\/11\/Rusi_predavanje4-18x10.jpg 18w, https:\/\/mbuniverzitet.edu.rs\/wp-content\/uploads\/2025\/11\/Rusi_predavanje4.jpg 1600w\" sizes=\"(max-width: 300px) 100vw, 300px\" \/><\/a><\/p><p>\u041f\u0440\u0435\u0434\u0430\u0432\u0430\u045a\u0435 \u0458\u0435 \u043d\u0430\u0438\u0448\u043b\u043e \u043d\u0430 \u0432\u0435\u043b\u0438\u043a\u043e \u0438\u043d\u0442\u0435\u0440\u0435\u0441\u043e\u0432\u0430\u045a\u0435 \u043f\u0440\u0438\u0441\u0443\u0442\u043d\u0438\u0445 \u043a\u043e\u0458\u0438 \u0441\u0443 \u0442\u0440\u0430\u0436\u0438\u043b\u0438 \u043e\u0434\u0433\u043e\u0432\u043e\u0440 \u0432\u0438\u0448\u0435 \u043d\u0430 \u0430\u043a\u0442\u0443\u0435\u043b\u043d\u0443 \u0433\u043b\u043e\u0431\u0430\u043b\u043d\u0443 \u0441\u0438\u0442\u0443\u0430\u0446\u0438\u0458\u0443, \u0441 \u043f\u043e\u0441\u0435\u0431\u043d\u0438\u043c \u0444\u043e\u043a\u0443\u0441\u043e\u043c \u043a\u0430\u043a\u043e \u0446\u0438\u0432\u0438\u043b\u0438\u0437\u0430\u0446\u0438\u0458\u0443 \u0441\u043f\u0430\u0441\u0438\u0442\u0438 \u0434\u0430 \u043d\u0435 \u0443\u0452\u0435 \u0443 \u0433\u043b\u043e\u0431\u0430\u043b\u043d\u0438 \u0441\u0443\u043a\u043e\u0431 \u043a\u043e\u0458\u0438 \u0431\u0438 \u043f\u043e\u043d\u0438\u0448\u0442\u0438\u043e \u0441\u0432\u0435 \u0440\u0435\u0437\u0443\u043b\u0442\u0430\u0442\u0435 \u043f\u0440\u0435\u0442\u0445\u043e\u0434\u043d\u0438\u0445 \u0433\u0435\u043d\u0435\u0440\u0430\u0446\u0438\u0458\u0430..<\/p><p><span style=\"text-decoration: underline\"><a href=\"https:\/\/www.swisstransfer.com\/d\/7e103c3f-06d1-4001-94f5-e66e1aaba0dc\" target=\"_blank\" rel=\"noopener\">\u041b\u0438\u043d\u043a \u0441\u043d\u0438\u043c\u0459\u0435\u043d\u043e\u0433 \u043f\u0440\u0435\u0434\u0430\u0432\u0430\u045a\u0430<\/a><\/span><\/p><p>\u041c\u0435\u043d\u0430\u045f\u043c\u0435\u043d\u0442 \u0423\u043d\u0438\u0432\u0435\u0440\u0437\u0438\u0442\u0435\u0442\u0430 \u041c\u0411.<\/p><\/div>\n\t\t\t\t\t<\/div><\/div>\t\t\t\t<\/div>\n\t\t\t\t<\/div>\n\t\t\t\t<div class=\"elementor-element elementor-element-f9e4e7f exad-sticky-section-no exad-glass-effect-no elementor-widget elementor-widget-eael-adv-accordion\" data-id=\"f9e4e7f\" data-element_type=\"widget\" data-e-type=\"widget\" data-widget_type=\"eael-adv-accordion.default\">\n\t\t\t\t<div class=\"elementor-widget-container\">\n\t\t\t\t\t            <div class=\"eael-adv-accordion\" id=\"eael-adv-accordion-f9e4e7f\" data-scroll-on-click=\"no\" data-scroll-speed=\"300\" data-accordion-id=\"f9e4e7f\" data-accordion-type=\"accordion\" data-toogle-speed=\"300\">\n            <div class=\"eael-accordion-list\">\n\t\t\t\t\t<div id=\"javno-predavanje-na-univerzitetu-mb-na-temu-svet-u-novoj-realnosti-vidi-vie\" class=\"elementor-tab-title eael-accordion-header\" tabindex=\"0\" data-tab=\"1\" aria-controls=\"elementor-tab-content-2621\"><span class=\"eael-accordion-tab-title\">Javno predavanje na Univerzitetu MB  na temu \u201eSvet u novoj realnosti\u201c. (Vidi vi\u0161e)<\/span><\/div><div id=\"elementor-tab-content-2621\" class=\"eael-accordion-content clearfix\" data-tab=\"1\" aria-labelledby=\"javno-predavanje-na-univerzitetu-mb-na-temu-svet-u-novoj-realnosti-vidi-vie\"><p>U okviru javnog akademskog predavanja\u00a0\u201eSvet u novoj realnosti\u201c, na Univerzitetu MB bi\u0107e predstavljeni razli\u010diti pristupi ovom pitanju kroz analizu bezbednosnih politika, dru\u0161tvenog pona\u0161anja i kulture se\u0107anja.<\/p><p><strong>Vreme predavanja:<\/strong> 20. novembar, \u010detvrtak u 16.00.<\/p><p><strong>Mesto predavanja:<\/strong>\u00a0Poslovni i pravni fakultet, Univerzitet MB, amfiteatar broj: 4, Teodora Drajzera 27, Beograd<\/p><p><strong>Jezik pri realizaciji predavanja:<\/strong>\u00a0ruski (uz konsekutivni prevod na srpski)<\/p><p>Savremeni me\u0111unarodni poredak prolazi kroz period dubokih promena. Umesto jednog dominantnog centra odlu\u010divanja, razvija se\u00a0multipolaran sistem, u kojem vi\u0161e dr\u017eava i dru\u0161tava istovremeno uti\u010de na globalne politi\u010dke, ekonomske i kulturne procese. Te promene nisu samo strukturalne \u2013 one uti\u010du na na\u010din na koji se razume bezbednost, identitet, istorijski narativ i uloga dr\u017eavnih institucija.<\/p><p>Predavanje \u0107e odr\u017eati profesori\u00a0<strong>Nacionalnog istra\u017eiva\u010dkog instituta za razvoj komunikacija (Ruska Federacija):<\/strong><\/p><ul><li><strong>Prof. dr Vladislav Ivanovi\u010d Gasumjanov, ekonomista,<\/strong>\u00a0direktor Nacionalnog istra\u017eiva\u010dkog instituta za razvoj komunikacija (NICUS) i \u0161ef Katedre za\u00a0korporativnu\u00a0bezbednost na Moskovskom dr\u017eavnom institutu za me\u0111unarodne odnose \u2013 MGIMO,\u00a0na temu:\u00a0<strong><em>\u201cPristupi bezbednosti u uslovima promenljive me\u0111unarodne dinamike\u201d<\/em><\/strong>;<\/li><\/ul><ul><li><strong>Prof. dr Valentina Vja\u010deslavovna Komljeva, sociolog<\/strong>, zamenik direktora Nacionalnog istra\u017eiva\u010dkog instituta za razvoj komunikacija, i direktor Centra za me\u0111unarodna strate\u0161ka istra\u017eivanja Diplomatske akademije Ministarstva spoljnih poslova Ruske Federacij, na temu: \u00a0<strong><em>\u201cDru\u0161tvene i psiholo\u0161ke osnove multipolarnosti\u201d<\/em><\/strong>;<br \/><br \/><\/li><li><strong>Prof. Jelena Aleksejevna Kuzmenko, istori\u010dar<\/strong>, rukovodilac stranih projekata u Nacionalnom istra\u017eiva\u010dkom institutu za razvoj komunikacija i docent na Katedri za regionalne studije Ruske akademije za dr\u017eavnu upravu pri predsedniku Ruske Federacije (RAIHiGS), na temu: <strong><em>\u201cUloga istorijskog narativa i simboli\u010dkog nasle\u0111a u me\u0111unarodnoj politici\u201d<\/em><\/strong>.<\/li><\/ul><p>Predavanju mogu prisustvovati svi zainteresovani i stalno zaposleni na Univerzitetu MB. Predavanje je posebno namenjeno studentima master i doktorskih studija, nastavnicima, istra\u017eiva\u010dima i svima koji prate me\u0111unarodne odnose, bezbednosne studije i savremene dru\u0161tvene procese.<\/p><p>Savet Univerziteta MB.<\/p><\/div>\n\t\t\t\t\t<\/div><\/div>\t\t\t\t<\/div>\n\t\t\t\t<\/div>\n\t\t\t\t<div class=\"elementor-element elementor-element-e5a8ae0 exad-sticky-section-no exad-glass-effect-no elementor-widget elementor-widget-eael-adv-accordion\" data-id=\"e5a8ae0\" data-element_type=\"widget\" data-e-type=\"widget\" data-widget_type=\"eael-adv-accordion.default\">\n\t\t\t\t<div class=\"elementor-widget-container\">\n\t\t\t\t\t            <div class=\"eael-adv-accordion\" id=\"eael-adv-accordion-e5a8ae0\" data-scroll-on-click=\"no\" data-scroll-speed=\"300\" data-accordion-id=\"e5a8ae0\" data-accordion-type=\"accordion\" data-toogle-speed=\"300\">\n            <div class=\"eael-accordion-list\">\n\t\t\t\t\t<div id=\"zbog-obeleavanja-dana-primirja-prema-akademskom-kalendaru-za-akademsku-20252026-godinu-ponedeljak-10-novembra-i-utorak-11-novembra-2025-godine-su-neradni-dani-tog-dana-se-u-republici-srbiji-obeleava-dan-primirja-tog-dana-je-kapitulirala-nemaka-u-prvom-svetskom-ratu-vidi-vie\" class=\"elementor-tab-title eael-accordion-header\" tabindex=\"0\" data-tab=\"1\" aria-controls=\"elementor-tab-content-2401\"><span class=\"eael-accordion-tab-title\">Zbog obele\u017eavanja Dana primirja prema akademskom kalendaru za akademsku 2025\/2026. godinu ponedeljak 10. novembra  i utorak 11. novembra 2025. godine su neradni dani. Tog dana se u Republici Srbiji obele\u017eava Dan primirja. Tog dana je kapitulirala Nema\u010dka u Prvom svetskom ratu. (Vidi vi\u0161e)<\/span><\/div><div id=\"elementor-tab-content-2401\" class=\"eael-accordion-content clearfix\" data-tab=\"1\" aria-labelledby=\"zbog-obeleavanja-dana-primirja-prema-akademskom-kalendaru-za-akademsku-20252026-godinu-ponedeljak-10-novembra-i-utorak-11-novembra-2025-godine-su-neradni-dani-tog-dana-se-u-republici-srbiji-obeleava-dan-primirja-tog-dana-je-kapitulirala-nemaka-u-prvom-svetskom-ratu-vidi-vie\"><p>Prema Zakonu o dr\u017eavnim i drugim praznicima dr\u017eavni praznik Dan primirja u Prvom svetskom ratu praznuje se neradno 10 i 11. novembra, \u0161to ove godine pada u ponedeljak i utorak.<\/p><p>Dan primirja obele\u017eava se i u zemljama \u010dija je sudbina 11.11.1918. godine u 11 sati bila na stolu specijalnog vagona mar\u0161ala Ferdinanda Fo\u0161a u gradu Kompjenju u Francuskoj, kada su sile Antante potpisale primirje sa Nema\u010dkom i time okon\u010dale Prvi svetski rat.\u00a0<\/p><p>Versajskim mirom, potpisanim 28. juna 1919. godine i zvani\u010dno je okon\u010dan jedan od najkrvavijih ratova u svetskoj istoriji. Kao Centralne sile borile su se Nema\u010dka i Austrougarska, a na drugoj strani, sile Antante \u2013 Rusija, Francuska i Velika Britanija.<\/p><p>Sva predavanja, ve\u017ebe i konsultacije predvi\u0111ene rasporedom za ponedeljak 10 i 11.11.2025. godine se ne\u0107e realizovati.<\/p><p>Savet Univerziteta ,,MB\u201c<\/p><\/div>\n\t\t\t\t\t<\/div><\/div>\t\t\t\t<\/div>\n\t\t\t\t<\/div>\n\t\t\t\t<div class=\"elementor-element elementor-element-68e4fc8 exad-sticky-section-no exad-glass-effect-no elementor-widget elementor-widget-eael-adv-accordion\" data-id=\"68e4fc8\" data-element_type=\"widget\" data-e-type=\"widget\" data-widget_type=\"eael-adv-accordion.default\">\n\t\t\t\t<div class=\"elementor-widget-container\">\n\t\t\t\t\t            <div class=\"eael-adv-accordion\" id=\"eael-adv-accordion-68e4fc8\" data-scroll-on-click=\"no\" data-scroll-speed=\"300\" data-accordion-id=\"68e4fc8\" data-accordion-type=\"accordion\" data-toogle-speed=\"300\">\n            <div class=\"eael-accordion-list\">\n\t\t\t\t\t<div id=\"obeleen-dan-univerziteta-mb-i-krsna-slava-porodice-bogavac-sveti-luka-vidi-vie\" class=\"elementor-tab-title eael-accordion-header\" tabindex=\"0\" data-tab=\"1\" aria-controls=\"elementor-tab-content-1091\"><span class=\"eael-accordion-tab-title\">Obele\u017een Dan Univerziteta ,,MB\u201c i krsna slava porodice Bogavac ,,Sveti Luka,,. (Vidi vi\u0161e)<\/span><\/div><div id=\"elementor-tab-content-1091\" class=\"eael-accordion-content clearfix\" data-tab=\"1\" aria-labelledby=\"obeleen-dan-univerziteta-mb-i-krsna-slava-porodice-bogavac-sveti-luka-vidi-vie\"><p>Dana 31.10.2025. godine u ulici Kralja Petra Prvog u Mladenovcu obele\u017een je dan i peta godi\u0161njica od osnivanja Univerziteta \u201eMB\u201c. Odr\u017ean je sastanak kolektiva, prezentirani rezultati rada iz prethodne akademske godine i izlo\u017eeni projektovani zadaci iz godi\u0161njeg plana rada za akademsku 2025\/2026. godinu.<\/p><p><a href=\"https:\/\/mbuniverzitet.edu.rs\/wp-content\/uploads\/2025\/11\/SvLuka_sl8.jpg\"><img loading=\"lazy\" decoding=\"async\" class=\"aligncenter size-medium wp-image-18594\" src=\"https:\/\/mbuniverzitet.edu.rs\/wp-content\/uploads\/2025\/11\/SvLuka_sl8-140x300.jpg\" alt=\"\" width=\"140\" height=\"300\" srcset=\"https:\/\/mbuniverzitet.edu.rs\/wp-content\/uploads\/2025\/11\/SvLuka_sl8-140x300.jpg 140w, https:\/\/mbuniverzitet.edu.rs\/wp-content\/uploads\/2025\/11\/SvLuka_sl8-478x1024.jpg 478w, https:\/\/mbuniverzitet.edu.rs\/wp-content\/uploads\/2025\/11\/SvLuka_sl8-717x1536.jpg 717w, https:\/\/mbuniverzitet.edu.rs\/wp-content\/uploads\/2025\/11\/SvLuka_sl8-6x12.jpg 6w, https:\/\/mbuniverzitet.edu.rs\/wp-content\/uploads\/2025\/11\/SvLuka_sl8.jpg 747w\" sizes=\"(max-width: 140px) 100vw, 140px\" \/><\/a><\/p><p><a href=\"https:\/\/mbuniverzitet.edu.rs\/wp-content\/uploads\/2025\/11\/SvLuka_sl7.jpg\"><img loading=\"lazy\" decoding=\"async\" class=\"aligncenter size-medium wp-image-18601\" src=\"https:\/\/mbuniverzitet.edu.rs\/wp-content\/uploads\/2025\/11\/SvLuka_sl7-300x140.jpg\" alt=\"\" width=\"300\" height=\"140\" srcset=\"https:\/\/mbuniverzitet.edu.rs\/wp-content\/uploads\/2025\/11\/SvLuka_sl7-300x140.jpg 300w, https:\/\/mbuniverzitet.edu.rs\/wp-content\/uploads\/2025\/11\/SvLuka_sl7-1024x478.jpg 1024w, https:\/\/mbuniverzitet.edu.rs\/wp-content\/uploads\/2025\/11\/SvLuka_sl7-768x359.jpg 768w, https:\/\/mbuniverzitet.edu.rs\/wp-content\/uploads\/2025\/11\/SvLuka_sl7-1536x717.jpg 1536w, https:\/\/mbuniverzitet.edu.rs\/wp-content\/uploads\/2025\/11\/SvLuka_sl7-18x8.jpg 18w, https:\/\/mbuniverzitet.edu.rs\/wp-content\/uploads\/2025\/11\/SvLuka_sl7.jpg 1600w\" sizes=\"(max-width: 300px) 100vw, 300px\" \/><\/a><\/p><p>Tokom sve\u010danosti u 10.00 \u010dasova u crkvi u Mladenovcu osve\u0161tan je kola\u010d\u00a0i ujedno obele\u017eena porodi\u010dna krsna slava vlasnika Univerziteta \u201eMB\u201c i porodice Bogavac ,,Sveti Luka,,. To je bila jo\u0161\u00a0jedna prilika za predivno dru\u017eenje.<\/p><p><style id=\"bwg-style-0\">    #bwg_container1_0 #bwg_container2_0 .bwg-container-0.bwg-standard-thumbnails {      width: 1254px;              justify-content: center;        margin:0 auto !important;              background-color: rgba(255, 255, 255, 0.00);            padding-left: 4px;      padding-top: 4px;      max-width: 100%;            }        #bwg_container1_0 #bwg_container2_0 .bwg-container-0.bwg-standard-thumbnails .bwg-item {    justify-content: flex-start;      max-width: 250px;          }    #bwg_container1_0 #bwg_container2_0 .bwg-container-0.bwg-standard-thumbnails .bwg-item a {       margin-right: 4px;       margin-bottom: 4px;    }    #bwg_container1_0 #bwg_container2_0 .bwg-container-0.bwg-standard-thumbnails .bwg-item0 {      padding: 0px;            background-color:rgba(0,0,0, 0.30);      border: 5px none #FFFFFF;      opacity: 1.00;      border-radius: 0;      box-shadow: ;    }    #bwg_container1_0 #bwg_container2_0 .bwg-container-0.bwg-standard-thumbnails .bwg-item1 img {      max-height: none;      max-width: none;      padding: 0 !important;    }         @media only screen and (min-width: 480px) {\t\t#bwg_container1_0 #bwg_container2_0 .bwg-container-0.bwg-standard-thumbnails .bwg-item1 img {\t\t\t-webkit-transition: all .3s; transition: all .3s;\t\t}\t\t#bwg_container1_0 #bwg_container2_0 .bwg-container-0.bwg-standard-thumbnails .bwg-item1 img:hover {\t\t\t-ms-transform: scale(1.08);\t\t\t-webkit-transform: scale(1.08);\t\t\ttransform: scale(1.08);\t\t}\t\t\t\t.bwg-standard-thumbnails .bwg-zoom-effect .bwg-zoom-effect-overlay {\t\t\t\t\t\tbackground-color:rgba(0,0,0, 0.3);\t\t}\t\t.bwg-standard-thumbnails .bwg-zoom-effect:hover img {\t\t\t-ms-transform: scale(1.08);\t\t\t-webkit-transform: scale(1.08);\t\t\ttransform: scale(1.08);\t\t}\t\t      }\t    #bwg_container1_0 #bwg_container2_0 .bwg-container-0.bwg-standard-thumbnails .bwg-item1 {      padding-top: 56%;    }        #bwg_container1_0 #bwg_container2_0 .bwg-container-0.bwg-standard-thumbnails .bwg-title1 {      position: absolute;      top: 0;      z-index: 100;      width: 100%;      height: 100%;      display: flex;      justify-content: center;      align-content: center;      flex-direction: column;      opacity: 0;    }\t      #bwg_container1_0 #bwg_container2_0 .bwg-container-0.bwg-standard-thumbnails .bwg-title2,    #bwg_container1_0 #bwg_container2_0 .bwg-container-0.bwg-standard-thumbnails .bwg-ecommerce2 {      color: #FFFFFF;      font-family: Ubuntu;      font-size: 16px;      font-weight: bold;      padding: 5px;      text-shadow: ;      max-height: 100%;    }    #bwg_container1_0 #bwg_container2_0 .bwg-container-0.bwg-standard-thumbnails .bwg-thumb-description span {    color: #323A45;    font-family: Ubuntu;    font-size: 12px;    max-height: 100%;    word-wrap: break-word;    }    #bwg_container1_0 #bwg_container2_0 .bwg-container-0.bwg-standard-thumbnails .bwg-play-icon2 {      font-size: 32px;    }    #bwg_container1_0 #bwg_container2_0 .bwg-container-0.bwg-standard-thumbnails .bwg-ecommerce2 {      font-size: 19.2px;      color: #323A45;    }    <\/style>    <div id=\"bwg_container1_0\"         class=\"bwg_container bwg_thumbnail bwg_thumbnails \"         data-right-click-protection=\"0\"         data-bwg=\"0\"         data-scroll=\"0\"         data-gallery-type=\"thumbnails\"         data-gallery-view-type=\"thumbnails\"         data-current-url=\"\/arhiva-vesti\/\"         data-lightbox-url=\"https:\/\/mbuniverzitet.edu.rs\/wp-admin\/admin-ajax.php?action=GalleryBox&#038;current_view=0&#038;gallery_id=9&#038;tag=0&#038;theme_id=2&#038;shortcode_id=18&#038;sort_by=order&#038;order_by=asc&#038;current_url=%2Farhiva-vesti%2F\"         data-gallery-id=\"9\"         data-popup-width=\"800\"         data-popup-height=\"500\"         data-is-album=\"gallery\"         data-buttons-position=\"bottom\">      <div id=\"bwg_container2_0\">             <div id=\"ajax_loading_0\" class=\"bwg_loading_div_1\">      <div class=\"bwg_loading_div_2\">        <div class=\"bwg_loading_div_3\">          <div id=\"loading_div_0\" class=\"bwg_spider_ajax_loading\">          <\/div>        <\/div>      <\/div>    <\/div>            <form id=\"gal_front_form_0\"              class=\"bwg-hidden\"              method=\"post\"              action=\"#\"              data-current=\"0\"              data-shortcode-id=\"18\"              data-gallery-type=\"thumbnails\"              data-gallery-id=\"9\"              data-tag=\"0\"              data-album-id=\"0\"              data-theme-id=\"2\"              data-ajax-url=\"https:\/\/mbuniverzitet.edu.rs\/wp-admin\/admin-ajax.php?action=bwg_frontend_data\">          <div id=\"bwg_container3_0\" class=\"bwg-background bwg-background-0\">                <div data-max-count=\"5\"         data-thumbnail-width=\"250\"         data-bwg=\"0\"         data-gallery-id=\"9\"         data-lightbox-url=\"https:\/\/mbuniverzitet.edu.rs\/wp-admin\/admin-ajax.php?action=GalleryBox&amp;current_view=0&amp;gallery_id=9&amp;tag=0&amp;theme_id=2&amp;shortcode_id=18&amp;sort_by=order&amp;order_by=asc&amp;current_url=%2Farhiva-vesti%2F\"         id=\"bwg_thumbnails_0\"         class=\"bwg-container-0 bwg-thumbnails bwg-standard-thumbnails bwg-container bwg-border-box\">            <div class=\"bwg-item\">        <a class=\"bwg-a  bwg_lightbox\"  data-image-id=\"71\" href=\"https:\/\/mbuniverzitet.edu.rs\/wp-content\/uploads\/photo-gallery\/imported_from_media_libray\/SvLuka_sl3.jpg?bwg=1761989219\" data-elementor-open-lightbox=\"no\">                <div class=\"bwg-item0 \">          <div class=\"bwg-item1 bwg-zoom-effect\">            <div class=\"bwg-item2\">              <img decoding=\"async\" class=\"skip-lazy bwg_standart_thumb_img_0 \"                   data-id=\"71\"                   data-width=\"233.00\"                   data-height=\"500.00\"                   data-src=\"https:\/\/mbuniverzitet.edu.rs\/wp-content\/uploads\/photo-gallery\/imported_from_media_libray\/thumb\/SvLuka_sl3.jpg?bwg=1761989219\"                   src=\"https:\/\/mbuniverzitet.edu.rs\/wp-content\/uploads\/photo-gallery\/imported_from_media_libray\/thumb\/SvLuka_sl3.jpg?bwg=1761989219\"                   alt=\"\"                   title=\"\" \/>            <\/div>            <div class=\"bwg-zoom-effect-overlay\">              <div class=\"bwg-title1\"><div class=\"bwg-title2\">&nbsp;<\/div><\/div>                                        <\/div>          <\/div>        <\/div>                        <\/a>              <\/div>            <div class=\"bwg-item\">        <a class=\"bwg-a  bwg_lightbox\"  data-image-id=\"68\" href=\"https:\/\/mbuniverzitet.edu.rs\/wp-content\/uploads\/photo-gallery\/imported_from_media_libray\/SvLuka_sl6.jpg?bwg=1761989219\" data-elementor-open-lightbox=\"no\">                <div class=\"bwg-item0 \">          <div class=\"bwg-item1 bwg-zoom-effect\">            <div class=\"bwg-item2\">              <img decoding=\"async\" class=\"skip-lazy bwg_standart_thumb_img_0 \"                   data-id=\"68\"                   data-width=\"375.00\"                   data-height=\"500.00\"                   data-src=\"https:\/\/mbuniverzitet.edu.rs\/wp-content\/uploads\/photo-gallery\/imported_from_media_libray\/thumb\/SvLuka_sl6.jpg?bwg=1761989219\"                   src=\"https:\/\/mbuniverzitet.edu.rs\/wp-content\/uploads\/photo-gallery\/imported_from_media_libray\/thumb\/SvLuka_sl6.jpg?bwg=1761989219\"                   alt=\"\"                   title=\"\" \/>            <\/div>            <div class=\"bwg-zoom-effect-overlay\">              <div class=\"bwg-title1\"><div class=\"bwg-title2\">&nbsp;<\/div><\/div>                                        <\/div>          <\/div>        <\/div>                        <\/a>              <\/div>            <div class=\"bwg-item\">        <a class=\"bwg-a  bwg_lightbox\"  data-image-id=\"73\" href=\"https:\/\/mbuniverzitet.edu.rs\/wp-content\/uploads\/photo-gallery\/imported_from_media_libray\/SvLuka_sl1.jpg?bwg=1761989219\" data-elementor-open-lightbox=\"no\">                <div class=\"bwg-item0 \">          <div class=\"bwg-item1 bwg-zoom-effect\">            <div class=\"bwg-item2\">              <img decoding=\"async\" class=\"skip-lazy bwg_standart_thumb_img_0 \"                   data-id=\"73\"                   data-width=\"233.00\"                   data-height=\"500.00\"                   data-src=\"https:\/\/mbuniverzitet.edu.rs\/wp-content\/uploads\/photo-gallery\/imported_from_media_libray\/thumb\/SvLuka_sl1.jpg?bwg=1761989219\"                   src=\"https:\/\/mbuniverzitet.edu.rs\/wp-content\/uploads\/photo-gallery\/imported_from_media_libray\/thumb\/SvLuka_sl1.jpg?bwg=1761989219\"                   alt=\"\"                   title=\"\" \/>            <\/div>            <div class=\"bwg-zoom-effect-overlay\">              <div class=\"bwg-title1\"><div class=\"bwg-title2\">&nbsp;<\/div><\/div>                                        <\/div>          <\/div>        <\/div>                        <\/a>              <\/div>            <div class=\"bwg-item\">        <a class=\"bwg-a  bwg_lightbox\"  data-image-id=\"69\" href=\"https:\/\/mbuniverzitet.edu.rs\/wp-content\/uploads\/photo-gallery\/imported_from_media_libray\/SvLuka_sl5.jpg?bwg=1761989219\" data-elementor-open-lightbox=\"no\">                <div class=\"bwg-item0 \">          <div class=\"bwg-item1 bwg-zoom-effect\">            <div class=\"bwg-item2\">              <img decoding=\"async\" class=\"skip-lazy bwg_standart_thumb_img_0 \"                   data-id=\"69\"                   data-width=\"375.00\"                   data-height=\"500.00\"                   data-src=\"https:\/\/mbuniverzitet.edu.rs\/wp-content\/uploads\/photo-gallery\/imported_from_media_libray\/thumb\/SvLuka_sl5.jpg?bwg=1761989219\"                   src=\"https:\/\/mbuniverzitet.edu.rs\/wp-content\/uploads\/photo-gallery\/imported_from_media_libray\/thumb\/SvLuka_sl5.jpg?bwg=1761989219\"                   alt=\"\"                   title=\"\" \/>            <\/div>            <div class=\"bwg-zoom-effect-overlay\">              <div class=\"bwg-title1\"><div class=\"bwg-title2\">&nbsp;<\/div><\/div>                                        <\/div>          <\/div>        <\/div>                        <\/a>              <\/div>            <div class=\"bwg-item\">        <a class=\"bwg-a  bwg_lightbox\"  data-image-id=\"72\" href=\"https:\/\/mbuniverzitet.edu.rs\/wp-content\/uploads\/photo-gallery\/imported_from_media_libray\/SvLuka_sl2.jpg?bwg=1761989219\" data-elementor-open-lightbox=\"no\">                <div class=\"bwg-item0 \">          <div class=\"bwg-item1 bwg-zoom-effect\">            <div class=\"bwg-item2\">              <img decoding=\"async\" class=\"skip-lazy bwg_standart_thumb_img_0 \"                   data-id=\"72\"                   data-width=\"282.00\"                   data-height=\"500.00\"                   data-src=\"https:\/\/mbuniverzitet.edu.rs\/wp-content\/uploads\/photo-gallery\/imported_from_media_libray\/thumb\/SvLuka_sl2.jpg?bwg=1761989219\"                   src=\"https:\/\/mbuniverzitet.edu.rs\/wp-content\/uploads\/photo-gallery\/imported_from_media_libray\/thumb\/SvLuka_sl2.jpg?bwg=1761989219\"                   alt=\"\"                   title=\"\" \/>            <\/div>            <div class=\"bwg-zoom-effect-overlay\">              <div class=\"bwg-title1\"><div class=\"bwg-title2\">&nbsp;<\/div><\/div>                                        <\/div>          <\/div>        <\/div>                        <\/a>              <\/div>            <div class=\"bwg-item\">        <a class=\"bwg-a  bwg_lightbox\"  data-image-id=\"70\" href=\"https:\/\/mbuniverzitet.edu.rs\/wp-content\/uploads\/photo-gallery\/imported_from_media_libray\/SvLuka_sl4.jpg?bwg=1761989219\" data-elementor-open-lightbox=\"no\">                <div class=\"bwg-item0 \">          <div class=\"bwg-item1 bwg-zoom-effect\">            <div class=\"bwg-item2\">              <img decoding=\"async\" class=\"skip-lazy bwg_standart_thumb_img_0 \"                   data-id=\"70\"                   data-width=\"375.00\"                   data-height=\"500.00\"                   data-src=\"https:\/\/mbuniverzitet.edu.rs\/wp-content\/uploads\/photo-gallery\/imported_from_media_libray\/thumb\/SvLuka_sl4.jpg?bwg=1761989219\"                   src=\"https:\/\/mbuniverzitet.edu.rs\/wp-content\/uploads\/photo-gallery\/imported_from_media_libray\/thumb\/SvLuka_sl4.jpg?bwg=1761989219\"                   alt=\"\"                   title=\"\" \/>            <\/div>            <div class=\"bwg-zoom-effect-overlay\">              <div class=\"bwg-title1\"><div class=\"bwg-title2\">&nbsp;<\/div><\/div>                                        <\/div>          <\/div>        <\/div>                        <\/a>              <\/div>          <\/div>    <style>      \/*pagination styles*\/      #bwg_container1_0 #bwg_container2_0 .tablenav-pages_0 {\t\t\t\ttext-align: center;\t\t\t\tfont-size: 12px;\t\t\t\tfont-family: Ubuntu;\t\t\t\tfont-weight: bold;\t\t\t\tcolor: #666666;\t\t\t\tmargin: 6px 0 4px;\t\t\t\tdisplay: block;      }      @media only screen and (max-width : 320px) {      #bwg_container1_0 #bwg_container2_0 .displaying-num_0 {     \t display: none;      }      }      #bwg_container1_0 #bwg_container2_0 .displaying-num_0 {\t\t\t\tfont-size: 12px;\t\t\t\tfont-family: Ubuntu;\t\t\t\tfont-weight: bold;\t\t\t\tcolor: #666666;\t\t\t\tmargin-right: 10px;\t\t\t\tvertical-align: middle;      }      #bwg_container1_0 #bwg_container2_0 .paging-input_0 {\t\t\t\tfont-size: 12px;\t\t\t\tfont-family: Ubuntu;\t\t\t\tfont-weight: bold;\t\t\t\tcolor: #666666;\t\t\t\tvertical-align: middle;      }      #bwg_container1_0 #bwg_container2_0 .tablenav-pages_0 a.disabled,      #bwg_container1_0 #bwg_container2_0 .tablenav-pages_0 a.disabled:hover,      #bwg_container1_0 #bwg_container2_0 .tablenav-pages_0 a.disabled:focus,\t\t\t#bwg_container1_0 #bwg_container2_0 .tablenav-pages_0 input.bwg_current_page {\t\t\t\tcursor: default;\t\t\t\tcolor: rgba(102, 102, 102, 0.5);      }      #bwg_container1_0 #bwg_container2_0 .tablenav-pages_0 a,      #bwg_container1_0 #bwg_container2_0 .tablenav-pages_0 input.bwg_current_page {\t\t\t\tcursor: pointer;\t\t\t\ttext-align: center;\t\t\t\tfont-size: 12px;\t\t\t\tfont-family: Ubuntu;\t\t\t\tfont-weight: bold;\t\t\t\tcolor: #666666;\t\t\t\ttext-decoration: none;\t\t\t\tpadding: 3px 6px;\t\t\t\tmargin: 0;\t\t\t\tborder-radius: 0;\t\t\t\tborder-style: none;\t\t\t\tborder-width: 1px;\t\t\t\tborder-color: #E3E3E3;\t\t\t\t\t\t\t\tbackground-color: rgba(252, 252, 252, 1.00);\t\t\t\tbox-shadow: 0;\t\t\t\ttransition: all 0.3s ease 0s;-webkit-transition: all 0.3s ease 0s;      }      <\/style>      <span class=\"bwg_nav_cont_0\">              <div class=\"tablenav-pages_0\">                  <\/div>                <input type=\"hidden\" id=\"page_number_0\" name=\"page_number_0\" value=\"1\" \/>      <script type=\"text\/javascript\">        if( jQuery('.bwg_nav_cont_0').length > 1 ) {          jQuery('.bwg_nav_cont_0').first().remove()        }        function spider_page_0(cur, x, y, load_more) {          if (typeof load_more == \"undefined\") {            var load_more = false;          }          if (jQuery(cur).hasClass('disabled')) {            return false;          }          var items_county_0 = 1;          switch (y) {            case 1:              if (x >= items_county_0) {                document.getElementById('page_number_0').value = items_county_0;              }              else {                document.getElementById('page_number_0').value = x + 1;              }              break;            case 2:              document.getElementById('page_number_0').value = items_county_0;              break;            case -1:              if (x == 1) {                document.getElementById('page_number_0').value = 1;              }              else {                document.getElementById('page_number_0').value = x - 1;              }              break;            case -2:              document.getElementById('page_number_0').value = 1;              break;\t\t\t\t\t\tcase 0:              document.getElementById('page_number_0').value = x;              break;            default:              document.getElementById('page_number_0').value = 1;          }          bwg_ajax('gal_front_form_0', '0', 'bwg_thumbnails_0', '0', '', 'gallery', 0, '', '', load_more, '', 1);        }                    jQuery('.first-page-0').on('click', function () {              spider_page_0(this, 1, -2, 'numeric');              return false;            });            jQuery('.prev-page-0').on('click', function () {              spider_page_0(this, 1, -1, 'numeric');              return false;            });            jQuery('.next-page-0').on('click', function () {              spider_page_0(this, 1, 1, 'numeric');              return false;            });            jQuery('.last-page-0').on('click', function () {              spider_page_0(this, 1, 2, 'numeric');              return false;            });        \t\t\t\t\/* Change page on input enter. *\/        function bwg_change_page_0( e, that ) {          if (  e.key == 'Enter' ) {            var to_page = parseInt(jQuery(that).val());            var pages_count = jQuery(that).parents(\".pagination-links\").data(\"pages-count\");            var current_url_param = jQuery(that).attr('data-url-info');            if (to_page > pages_count) {              to_page = 1;            }\t \t\t\t\t\t\t\t\t\t\t\t\tspider_page_0(this, to_page, 0, 'numeric');\t\t\t\t\t\t\treturn false;\t\t\t\t\t\t          }          return true;        }        jQuery('.bwg_load_btn_0').on('click', function () {            spider_page_0(this, 1, 1, true);            return false;        });      <\/script>      <\/span>                <\/div>        <\/form>        <style>          #bwg_container1_0 #bwg_container2_0 #spider_popup_overlay_0 {          background-color: #000000;          opacity: 0.70;          }          <\/style>        <div id=\"bwg_spider_popup_loading_0\" class=\"bwg_spider_popup_loading\"><\/div>        <div id=\"spider_popup_overlay_0\" class=\"spider_popup_overlay\" onclick=\"spider_destroypopup(1000)\"><\/div>        <input type=\"hidden\" id=\"bwg_random_seed_0\" value=\"1815661158\">                <\/div>    <\/div>    <script>      if (document.readyState === 'complete') {        if( typeof bwg_main_ready == 'function' ) {          if ( jQuery(\"#bwg_container1_0\").height() ) {            bwg_main_ready(jQuery(\"#bwg_container1_0\"));          }        }      } else {        document.addEventListener('DOMContentLoaded', function() {          if( typeof bwg_main_ready == 'function' ) {            if ( jQuery(\"#bwg_container1_0\").height() ) {             bwg_main_ready(jQuery(\"#bwg_container1_0\"));            }          }        });      }    <\/script>    <\/p><p>Univerzitet \u201eMB\u201c danas poseduje 17 akreditovanih studijskih programa na osnovnim, master i doktorskim akademskim studijama. Studije se realizuju na Poslovnom i pravnom fakultetu i Akademiji klasi\u010dnog slikarstva.<\/p><p>Tokom 2025. godine realizovani su svi planski zadaci i reakreditovana tri studijska programa. U toku je reakreditacije Master akademskih studija Informacionih tehnologije. Podnet je zahtev za Akreditaciju V\u0160U Ni\u0161 Poslovnog i pravnog fakulteta sa tri studijska programa.<\/p><p>Uz porodicu Bogavac je bila brojna rodbina, stalno zaposleni, prijatelji i simpatizeri Univerziteta \u201eMB\u201c. Restoran Veranda je i ovog puta potvrdio epitet lidera u regionu po pitanju pripreme dobre hrane. Sve\u010danost su ponovo ukrasili a dru\u017eenje u\u010dinili lep\u0161im najbolji estradni umetnici iz na\u0161e zemlje: orkestar i truba\u010di Dejana Petkovi\u0107a, Nedeljko Bilki\u0107, Halid Muslimovi\u0107, \u00a0Ivan Milinkovi\u0107 i drugi.<\/p><p><div style=\"width: 1024px;\" class=\"wp-video\"><video class=\"wp-video-shortcode\" id=\"video-7582-1\" width=\"1024\" height=\"576\" preload=\"metadata\" controls=\"controls\"><source type=\"video\/mp4\" src=\"https:\/\/mbuniverzitet.edu.rs\/wp-content\/uploads\/2025\/11\/SvLuka_trubachi.mp4?_=1\" \/><a href=\"https:\/\/mbuniverzitet.edu.rs\/wp-content\/uploads\/2025\/11\/SvLuka_trubachi.mp4\">https:\/\/mbuniverzitet.edu.rs\/wp-content\/uploads\/2025\/11\/SvLuka_trubachi.mp4<\/a><\/video><\/div><\/p><p>Porodica Bogavac se kao i nebrojeno puta do sada pokazala odli\u010dnim doma\u0107inom, velikog srca i ose\u0107aja za ljude oko sebe, spremnih da uvek i rado do\u010dekaju i ugoste svoju rodbinu, stalno zaposlene i brojne dobronamerne prijatelje.<\/p><p>Stalno zaposleni na Univerzitetu ,,MB\u201c se pridru\u017euju iskrenim\u00a0\u010destitkama porodici Bogavac povodom obele\u017eavanja Dana Univerziteta \u201eMB\u201c i porodi\u010dne krsne slave.<\/p><p style=\"font-weight: 400\">Savet Univerziteta MB<\/p><\/div>\n\t\t\t\t\t<\/div><\/div>\t\t\t\t<\/div>\n\t\t\t\t<\/div>\n\t\t\t\t<div class=\"elementor-element elementor-element-1cc6c76 exad-sticky-section-no exad-glass-effect-no elementor-widget elementor-widget-eael-adv-accordion\" data-id=\"1cc6c76\" data-element_type=\"widget\" data-e-type=\"widget\" data-widget_type=\"eael-adv-accordion.default\">\n\t\t\t\t<div class=\"elementor-widget-container\">\n\t\t\t\t\t            <div class=\"eael-adv-accordion\" id=\"eael-adv-accordion-1cc6c76\" data-scroll-on-click=\"no\" data-scroll-speed=\"300\" data-accordion-id=\"1cc6c76\" data-accordion-type=\"accordion\" data-toogle-speed=\"300\">\n            <div class=\"eael-accordion-list\">\n\t\t\t\t\t<div id=\"obrazovni-sistem-mb-univerzitet-mb-srednja-kola-desanka-bogavac-i-osnovna-kola-mb-uzeli-su-uea-na-54-sajmu-obrazovanja-i-nastavnih-sredstava-sajam-se-organizuje-u-vremenu-od-od-29102025-otvaranje-u-1800-asova-do-02112025-godine-termin-zatvaranja-vidi-vie\" class=\"elementor-tab-title eael-accordion-header\" tabindex=\"0\" data-tab=\"1\" aria-controls=\"elementor-tab-content-3011\"><span class=\"eael-accordion-tab-title\">Obrazovni sistem MB (Univerzitet ,,MB\u201c, Srednja \u0161kola ,,Desanka Bogavac\u201c  i Osnovna \u0161kola ,,MB\u201c uzeli su u\u010de\u0161\u0107a na 54. Sajmu obrazovanja i nastavnih sredstava. Sajam se organizuje u vremenu od od 29.10.2025. (otvaranje u 18.00 \u010dasova) do 02.11.2025. godine (termin zatvaranja). (Vidi vi\u0161e)<\/span><\/div><div id=\"elementor-tab-content-3011\" class=\"eael-accordion-content clearfix\" data-tab=\"1\" aria-labelledby=\"obrazovni-sistem-mb-univerzitet-mb-srednja-kola-desanka-bogavac-i-osnovna-kola-mb-uzeli-su-uea-na-54-sajmu-obrazovanja-i-nastavnih-sredstava-sajam-se-organizuje-u-vremenu-od-od-29102025-otvaranje-u-1800-asova-do-02112025-godine-termin-zatvaranja-vidi-vie\"><p style=\"font-weight: 400\">Slogan 54. Sajma je \u201eObrazovana Srbija, uspe\u0161na Srbija\u201c.<\/p><p><a href=\"https:\/\/mbuniverzitet.edu.rs\/wp-content\/uploads\/2025\/10\/Sajam_slika.png\"><img loading=\"lazy\" decoding=\"async\" class=\"aligncenter wp-image-18573 size-medium\" src=\"https:\/\/mbuniverzitet.edu.rs\/wp-content\/uploads\/2025\/10\/Sajam_slika-300x104.png\" alt=\"\" width=\"300\" height=\"104\" srcset=\"https:\/\/mbuniverzitet.edu.rs\/wp-content\/uploads\/2025\/10\/Sajam_slika-300x104.png 300w, https:\/\/mbuniverzitet.edu.rs\/wp-content\/uploads\/2025\/10\/Sajam_slika-18x6.png 18w, https:\/\/mbuniverzitet.edu.rs\/wp-content\/uploads\/2025\/10\/Sajam_slika.png 447w\" sizes=\"(max-width: 300px) 100vw, 300px\" \/><\/a><\/p><p>Pored promovisanja u\u010denja kao do\u017eivotnog procesa i ukazivanja na zna\u010daj \u0161kolovanja i usavr\u0161avanja, izlaga\u010dki program obuhvata sve \u0161to je potrebno za opremanje i rad vaspitno-obrazovanih ustanova \u2013 od pred\u0161kolskih do institucija visokog obrazovanja.<\/p><p><a href=\"https:\/\/mbuniverzitet.edu.rs\/wp-content\/uploads\/2025\/10\/Sajam-obrazovanja-2025_sl1.jpg\"><img loading=\"lazy\" decoding=\"async\" class=\"aligncenter size-medium wp-image-18583\" src=\"https:\/\/mbuniverzitet.edu.rs\/wp-content\/uploads\/2025\/10\/Sajam-obrazovanja-2025_sl1-300x225.jpg\" alt=\"\" width=\"300\" height=\"225\" srcset=\"https:\/\/mbuniverzitet.edu.rs\/wp-content\/uploads\/2025\/10\/Sajam-obrazovanja-2025_sl1-300x225.jpg 300w, https:\/\/mbuniverzitet.edu.rs\/wp-content\/uploads\/2025\/10\/Sajam-obrazovanja-2025_sl1-1024x768.jpg 1024w, https:\/\/mbuniverzitet.edu.rs\/wp-content\/uploads\/2025\/10\/Sajam-obrazovanja-2025_sl1-768x576.jpg 768w, https:\/\/mbuniverzitet.edu.rs\/wp-content\/uploads\/2025\/10\/Sajam-obrazovanja-2025_sl1-1536x1152.jpg 1536w, https:\/\/mbuniverzitet.edu.rs\/wp-content\/uploads\/2025\/10\/Sajam-obrazovanja-2025_sl1-16x12.jpg 16w, https:\/\/mbuniverzitet.edu.rs\/wp-content\/uploads\/2025\/10\/Sajam-obrazovanja-2025_sl1.jpg 2048w\" sizes=\"(max-width: 300px) 100vw, 300px\" \/><\/a><\/p><p><a href=\"https:\/\/mbuniverzitet.edu.rs\/wp-content\/uploads\/2025\/10\/Sajam-obrazovanja-2025_sl2.jpg\"><img loading=\"lazy\" decoding=\"async\" class=\"aligncenter size-medium wp-image-18584\" src=\"https:\/\/mbuniverzitet.edu.rs\/wp-content\/uploads\/2025\/10\/Sajam-obrazovanja-2025_sl2-225x300.jpg\" alt=\"\" width=\"225\" height=\"300\" srcset=\"https:\/\/mbuniverzitet.edu.rs\/wp-content\/uploads\/2025\/10\/Sajam-obrazovanja-2025_sl2-225x300.jpg 225w, https:\/\/mbuniverzitet.edu.rs\/wp-content\/uploads\/2025\/10\/Sajam-obrazovanja-2025_sl2-768x1024.jpg 768w, https:\/\/mbuniverzitet.edu.rs\/wp-content\/uploads\/2025\/10\/Sajam-obrazovanja-2025_sl2-1152x1536.jpg 1152w, https:\/\/mbuniverzitet.edu.rs\/wp-content\/uploads\/2025\/10\/Sajam-obrazovanja-2025_sl2-9x12.jpg 9w, https:\/\/mbuniverzitet.edu.rs\/wp-content\/uploads\/2025\/10\/Sajam-obrazovanja-2025_sl2.jpg 1512w\" sizes=\"(max-width: 225px) 100vw, 225px\" \/><\/a><\/p><p><a href=\"https:\/\/mbuniverzitet.edu.rs\/wp-content\/uploads\/2025\/10\/Sajam-obrazovanja-2025_sl3.jpg\"><img loading=\"lazy\" decoding=\"async\" class=\"aligncenter size-medium wp-image-18585\" src=\"https:\/\/mbuniverzitet.edu.rs\/wp-content\/uploads\/2025\/10\/Sajam-obrazovanja-2025_sl3-225x300.jpg\" alt=\"\" width=\"225\" height=\"300\" srcset=\"https:\/\/mbuniverzitet.edu.rs\/wp-content\/uploads\/2025\/10\/Sajam-obrazovanja-2025_sl3-225x300.jpg 225w, https:\/\/mbuniverzitet.edu.rs\/wp-content\/uploads\/2025\/10\/Sajam-obrazovanja-2025_sl3-768x1024.jpg 768w, https:\/\/mbuniverzitet.edu.rs\/wp-content\/uploads\/2025\/10\/Sajam-obrazovanja-2025_sl3-1152x1536.jpg 1152w, https:\/\/mbuniverzitet.edu.rs\/wp-content\/uploads\/2025\/10\/Sajam-obrazovanja-2025_sl3-9x12.jpg 9w, https:\/\/mbuniverzitet.edu.rs\/wp-content\/uploads\/2025\/10\/Sajam-obrazovanja-2025_sl3.jpg 1512w\" sizes=\"(max-width: 225px) 100vw, 225px\" \/><\/a><\/p><p>Cilj potpune realizacije Projekta u\u010de\u0161\u0107a Univerziteta ,,MB\u201c Poslovni i pravni fakultet i Akademija klasi\u010dnog slikarstva, Srednje \u0161kole ,,Desanke Bogavac\u201c i Osnovne \u0161kole je:<\/p><p>&#8211; Prezentacija i promovisanje mogu\u0107nosti i pove\u0107anje vidljivosti Obrozovnog sistema ,,MB\u201d u Obrazovnom sistemu Republike Srbije i na globalnom planu;<br \/>&#8211; Promocija nastavno obrazovne literature i autora;<br \/>&#8211; Ja\u010danje veze izme\u0111u izdava\u010da, autora i \u010ditalaca;<br \/>&#8211; Promocija Kataloga studijskih programa na Univerzitetu ,,MB\u201c,\u00a0\u00a0Srednje \u0160kole ,,Desanka Bogavac\u201d i Osnovnoj \u0161koli ,,MB\u201c;<br \/>&#8211; Promocija mogu\u0107nosti i likovnog stvarala\u0161tva studenata i profesora Akademije klasi\u010dnog slikarstva Univerziteta ,,MB\u201c.\u00a0\u00a0<br \/>&#8211; Promocija mogu\u0107nosti, na\u010dina rada\u00a0 i studijskih programa Srednje \u0160kole ,,Desanka Bogavac\u201d i Osnovne \u0161kole ,,MB\u201c.<\/p><p><a href=\"https:\/\/mbuniverzitet.edu.rs\/wp-content\/uploads\/2025\/10\/Sajam-obrazovanja-2025_sl4.jpg\"><img loading=\"lazy\" decoding=\"async\" class=\"aligncenter size-medium wp-image-18578\" src=\"https:\/\/mbuniverzitet.edu.rs\/wp-content\/uploads\/2025\/10\/Sajam-obrazovanja-2025_sl4-300x225.jpg\" alt=\"\" width=\"300\" height=\"225\" srcset=\"https:\/\/mbuniverzitet.edu.rs\/wp-content\/uploads\/2025\/10\/Sajam-obrazovanja-2025_sl4-300x225.jpg 300w, https:\/\/mbuniverzitet.edu.rs\/wp-content\/uploads\/2025\/10\/Sajam-obrazovanja-2025_sl4-1024x768.jpg 1024w, https:\/\/mbuniverzitet.edu.rs\/wp-content\/uploads\/2025\/10\/Sajam-obrazovanja-2025_sl4-768x576.jpg 768w, https:\/\/mbuniverzitet.edu.rs\/wp-content\/uploads\/2025\/10\/Sajam-obrazovanja-2025_sl4-1536x1152.jpg 1536w, https:\/\/mbuniverzitet.edu.rs\/wp-content\/uploads\/2025\/10\/Sajam-obrazovanja-2025_sl4-16x12.jpg 16w, https:\/\/mbuniverzitet.edu.rs\/wp-content\/uploads\/2025\/10\/Sajam-obrazovanja-2025_sl4.jpg 2016w\" sizes=\"(max-width: 300px) 100vw, 300px\" \/><\/a><\/p><p><a href=\"https:\/\/mbuniverzitet.edu.rs\/wp-content\/uploads\/2025\/10\/Sajam-obrazovanja-2025_sl5.jpg\"><img loading=\"lazy\" decoding=\"async\" class=\"aligncenter size-medium wp-image-18579\" src=\"https:\/\/mbuniverzitet.edu.rs\/wp-content\/uploads\/2025\/10\/Sajam-obrazovanja-2025_sl5-300x225.jpg\" alt=\"\" width=\"300\" height=\"225\" srcset=\"https:\/\/mbuniverzitet.edu.rs\/wp-content\/uploads\/2025\/10\/Sajam-obrazovanja-2025_sl5-300x225.jpg 300w, https:\/\/mbuniverzitet.edu.rs\/wp-content\/uploads\/2025\/10\/Sajam-obrazovanja-2025_sl5-1024x768.jpg 1024w, https:\/\/mbuniverzitet.edu.rs\/wp-content\/uploads\/2025\/10\/Sajam-obrazovanja-2025_sl5-768x576.jpg 768w, https:\/\/mbuniverzitet.edu.rs\/wp-content\/uploads\/2025\/10\/Sajam-obrazovanja-2025_sl5-1536x1152.jpg 1536w, https:\/\/mbuniverzitet.edu.rs\/wp-content\/uploads\/2025\/10\/Sajam-obrazovanja-2025_sl5-16x12.jpg 16w, https:\/\/mbuniverzitet.edu.rs\/wp-content\/uploads\/2025\/10\/Sajam-obrazovanja-2025_sl5.jpg 2016w\" sizes=\"(max-width: 300px) 100vw, 300px\" \/><\/a><\/p><p><a href=\"https:\/\/mbuniverzitet.edu.rs\/wp-content\/uploads\/2025\/10\/Sajam-obrazovanja-2025_sl6.jpg\"><img loading=\"lazy\" decoding=\"async\" class=\"aligncenter size-medium wp-image-18580\" src=\"https:\/\/mbuniverzitet.edu.rs\/wp-content\/uploads\/2025\/10\/Sajam-obrazovanja-2025_sl6-225x300.jpg\" alt=\"\" width=\"225\" height=\"300\" srcset=\"https:\/\/mbuniverzitet.edu.rs\/wp-content\/uploads\/2025\/10\/Sajam-obrazovanja-2025_sl6-225x300.jpg 225w, https:\/\/mbuniverzitet.edu.rs\/wp-content\/uploads\/2025\/10\/Sajam-obrazovanja-2025_sl6-768x1024.jpg 768w, https:\/\/mbuniverzitet.edu.rs\/wp-content\/uploads\/2025\/10\/Sajam-obrazovanja-2025_sl6-1152x1536.jpg 1152w, https:\/\/mbuniverzitet.edu.rs\/wp-content\/uploads\/2025\/10\/Sajam-obrazovanja-2025_sl6-9x12.jpg 9w, https:\/\/mbuniverzitet.edu.rs\/wp-content\/uploads\/2025\/10\/Sajam-obrazovanja-2025_sl6.jpg 1512w\" sizes=\"(max-width: 225px) 100vw, 225px\" \/><\/a><\/p><p style=\"font-weight: 400\">Pozivaju se svi stalno zaposleni na Univerzitetu ,,MB\u201c, Srednjoj \u0161koli ,,Desanka Bogavac&#8220; i Osnovnoj \u0161koli ,,MB\u201c da posete sajam i na\u0161 \u0161tand u vremenu od 29.10.2025. godine do 02.11.2025. godine.\u00a0<\/p><p><a href=\"https:\/\/mbuniverzitet.edu.rs\/wp-content\/uploads\/2025\/10\/Sajam-obrazovanja-2025_sl7.jpg\"><img loading=\"lazy\" decoding=\"async\" class=\"aligncenter size-medium wp-image-18581\" src=\"https:\/\/mbuniverzitet.edu.rs\/wp-content\/uploads\/2025\/10\/Sajam-obrazovanja-2025_sl7-225x300.jpg\" alt=\"\" width=\"225\" height=\"300\" srcset=\"https:\/\/mbuniverzitet.edu.rs\/wp-content\/uploads\/2025\/10\/Sajam-obrazovanja-2025_sl7-225x300.jpg 225w, https:\/\/mbuniverzitet.edu.rs\/wp-content\/uploads\/2025\/10\/Sajam-obrazovanja-2025_sl7-768x1024.jpg 768w, https:\/\/mbuniverzitet.edu.rs\/wp-content\/uploads\/2025\/10\/Sajam-obrazovanja-2025_sl7-1152x1536.jpg 1152w, https:\/\/mbuniverzitet.edu.rs\/wp-content\/uploads\/2025\/10\/Sajam-obrazovanja-2025_sl7-9x12.jpg 9w, https:\/\/mbuniverzitet.edu.rs\/wp-content\/uploads\/2025\/10\/Sajam-obrazovanja-2025_sl7.jpg 1512w\" sizes=\"(max-width: 225px) 100vw, 225px\" \/><\/a><\/p><p><a href=\"https:\/\/mbuniverzitet.edu.rs\/wp-content\/uploads\/2025\/10\/Sajam-obrazovanja-2025_sl8.jpg\"><img loading=\"lazy\" decoding=\"async\" class=\"aligncenter size-medium wp-image-18582\" src=\"https:\/\/mbuniverzitet.edu.rs\/wp-content\/uploads\/2025\/10\/Sajam-obrazovanja-2025_sl8-225x300.jpg\" alt=\"\" width=\"225\" height=\"300\" srcset=\"https:\/\/mbuniverzitet.edu.rs\/wp-content\/uploads\/2025\/10\/Sajam-obrazovanja-2025_sl8-225x300.jpg 225w, https:\/\/mbuniverzitet.edu.rs\/wp-content\/uploads\/2025\/10\/Sajam-obrazovanja-2025_sl8-768x1024.jpg 768w, https:\/\/mbuniverzitet.edu.rs\/wp-content\/uploads\/2025\/10\/Sajam-obrazovanja-2025_sl8-1152x1536.jpg 1152w, https:\/\/mbuniverzitet.edu.rs\/wp-content\/uploads\/2025\/10\/Sajam-obrazovanja-2025_sl8-9x12.jpg 9w, https:\/\/mbuniverzitet.edu.rs\/wp-content\/uploads\/2025\/10\/Sajam-obrazovanja-2025_sl8.jpg 1512w\" sizes=\"(max-width: 225px) 100vw, 225px\" \/><\/a><\/p><p style=\"font-weight: 400\">Savet Univerziteta MB.<\/p><\/div>\n\t\t\t\t\t<\/div><\/div>\t\t\t\t<\/div>\n\t\t\t\t<\/div>\n\t\t\t\t<div class=\"elementor-element elementor-element-d939bd8 exad-sticky-section-no exad-glass-effect-no elementor-widget elementor-widget-eael-adv-accordion\" data-id=\"d939bd8\" data-element_type=\"widget\" data-e-type=\"widget\" data-widget_type=\"eael-adv-accordion.default\">\n\t\t\t\t<div class=\"elementor-widget-container\">\n\t\t\t\t\t            <div class=\"eael-adv-accordion\" id=\"eael-adv-accordion-d939bd8\" data-scroll-on-click=\"no\" data-scroll-speed=\"300\" data-accordion-id=\"d939bd8\" data-accordion-type=\"accordion\" data-toogle-speed=\"300\">\n            <div class=\"eael-accordion-list\">\n\t\t\t\t\t<div id=\"nauno-tehnoloki-park-beograd-uz-podrku-ministarstva-nauke-tehnolokog-razvoja-i-inovacija-otvara-javni-poziv-za-uee-u-nacionalnom-takmienju-innovnation-competition-serbia-vidi-vie\" class=\"elementor-tab-title eael-accordion-header\" tabindex=\"0\" data-tab=\"1\" aria-controls=\"elementor-tab-content-2271\"><span class=\"eael-accordion-tab-title\">Nau\u010dno-tehnolo\u0161ki park Beograd, uz podr\u0161ku Ministarstva nauke, tehnolo\u0161kog razvoja i inovacija otvara: Javni poziv za u\u010de\u0161\u0107e u nacionalnom takmi\u010denju InnovNation Competition Serbia. (Vidi vi\u0161e)<\/span><\/div><div id=\"elementor-tab-content-2271\" class=\"eael-accordion-content clearfix\" data-tab=\"1\" aria-labelledby=\"nauno-tehnoloki-park-beograd-uz-podrku-ministarstva-nauke-tehnolokog-razvoja-i-inovacija-otvara-javni-poziv-za-uee-u-nacionalnom-takmienju-innovnation-competition-serbia-vidi-vie\"><p style=\"font-weight: 400\">Cilj\u00a0<strong>InnovNation Competition Serbia\u00a0<\/strong>takmi\u010denja (u daljem tekstu: Takmi\u010denje) je da inspiri\u0161e i osna\u017ei srednjo\u0161kolce, studente i startape u ranim fazama razvoja da svoje inovativne ideje pretvore u odr\u017eiva re\u0161enja. Takmi\u010denje kombinuje finansijsku i ekspertsku podr\u0161ku sa prakti\u010dnim znanjem, pru\u017eaju\u0107i mladim inovatorima priliku da naprave klju\u010dan korak ka validaciji i izlasku na tr\u017ei\u0161te. Pravo na u\u010de\u0161\u0107e imaju:<\/p><p style=\"font-weight: 400\">&#8211;\u00a0 <strong>Srednjo\u0161kolski timovi\u00a0<\/strong>(minimum 2 u\u010denika uz podr\u0161ku punoletne osobe) sa inovativnom idejom<\/p><p style=\"font-weight: 400\">&#8211;\u00a0 <strong>Studentski timovi\u00a0<\/strong>(minimum 2 \u010dlana) sa inovativnom idejom i \u017eeljom da je razviju<\/p><p style=\"font-weight: 400\">&#8211;\u00a0 <strong>Startapi,\u00a0<\/strong>i to:\u00a0<strong>startap timovi\u00a0<\/strong>sa inovativnom idejom u ranoj fazi razvoja (minimum 2 \u010dlana tima) za koju postoji dokazana tehnolo\u0161ka izvodljivost i\u00a0<strong>registrovani startapi\u00a0<\/strong>u ranoj fazi razvoja sa dokazom koncepta, prototipom ili MVP-ijem.<\/p><ol><li style=\"font-weight: 400\"><a href=\"https:\/\/mbuniverzitet.edu.rs\/wp-content\/uploads\/2025\/10\/Takmicenje-InnovNation-Competition-Serbia_Javni-poziv.pdf\" target=\"_blank\" rel=\"noopener\">Javni poziv\u00a0<\/a><\/li><li style=\"font-weight: 400\"><a href=\"https:\/\/ntpark.rs\/innovnation-competition-serbia\/\" target=\"_blank\" rel=\"noopener\">https:\/\/ntpark.rs\/innovnation-competition-serbia\/<\/a><\/li><\/ol><p style=\"font-weight: 400\">Savet Univerziteta MB<\/p><\/div>\n\t\t\t\t\t<\/div><\/div>\t\t\t\t<\/div>\n\t\t\t\t<\/div>\n\t\t\t\t<div class=\"elementor-element elementor-element-b629ec0 exad-sticky-section-no exad-glass-effect-no elementor-widget elementor-widget-eael-adv-accordion\" data-id=\"b629ec0\" data-element_type=\"widget\" data-e-type=\"widget\" data-widget_type=\"eael-adv-accordion.default\">\n\t\t\t\t<div class=\"elementor-widget-container\">\n\t\t\t\t\t            <div class=\"eael-adv-accordion\" id=\"eael-adv-accordion-b629ec0\" data-scroll-on-click=\"no\" data-scroll-speed=\"300\" data-accordion-id=\"b629ec0\" data-accordion-type=\"accordion\" data-toogle-speed=\"300\">\n            <div class=\"eael-accordion-list\">\n\t\t\t\t\t<div id=\"srbija-na-mapi-svetskih-inovacija-inovacije-iz-srbije-privukle-panju-na-sajmu-gitex-global-u-dubaiju-a-redovni-profesor-dr-milo-stankovi-prodekan-za-nauku-na-poslovnom-i-pravnom-fakultetu-univerziteta-mb-uestvovao-je-u-posebnom-delu-sajma-expand-north-star-koji-je-namenjen-mladim-i-brzo-rastuim-tehnolokim-firmama-vidi-vie\" class=\"elementor-tab-title eael-accordion-header\" tabindex=\"0\" data-tab=\"1\" aria-controls=\"elementor-tab-content-1911\"><span class=\"eael-accordion-tab-title\">Srbija na mapi svetskih inovacija. Inovacije iz Srbije privukle pa\u017enju na sajmu Gitex Global u Dubaiju a redovni profesor dr Milo\u0161 Stankovi\u0107 prodekan za nauku na Poslovnom i pravnom fakultetu Univerziteta MB u\u010destvovao je u posebnom delu sajma \"Expand North Star\u201c, koji je namenjen mladim i brzo rastu\u0107im tehnolo\u0161kim firmama. (Vidi vi\u0161e)<\/span><\/div><div id=\"elementor-tab-content-1911\" class=\"eael-accordion-content clearfix\" data-tab=\"1\" aria-labelledby=\"srbija-na-mapi-svetskih-inovacija-inovacije-iz-srbije-privukle-panju-na-sajmu-gitex-global-u-dubaiju-a-redovni-profesor-dr-milo-stankovi-prodekan-za-nauku-na-poslovnom-i-pravnom-fakultetu-univerziteta-mb-uestvovao-je-u-posebnom-delu-sajma-expand-north-star-koji-je-namenjen-mladim-i-brzo-rastuim-tehnolokim-firmama-vidi-vie\"><p>Srpske tehnolo\u0161ke kompanije i startapovi ostvarili su zapa\u017een nastup na sajmu Gitex Global u Dubaiju, jednom od najve\u0107ih svetskih doga\u0111aja u oblasti inovacija i ve\u0161ta\u010dke inteligencije.<\/p><p><a href=\"https:\/\/www.euronews.rs\/biznis\/biznis-vesti\/192033\/srpske-tehnoloske-inovacije-na-gitex-global-sajmu\/vest\" target=\"_blank\" rel=\"noopener\">https:\/\/www.euronews.rs\/biznis\/biznis-vesti\/192033\/srpske-tehnoloske-inovacije-na-gitex-global-sajmu\/vest<\/a><\/p><p>Srpska delegacija se na sajmu predstavila u dva segmenta: jedan deo \u010dinilo je 26 etabliranih tehnolo\u0161kih kompanija, dok je 22 startapova u\u010destvovalo u posebnom delu sajma &#8222;Expand North Star\u201c, koji je namenjen mladim i brzo rastu\u0107im tehnolo\u0161kim firmama.<\/p><p>Srpske tehnolo\u0161ke kompanije i startapovi nastavljaju promociju inovativnih ideja, usluga i proizvoda na sajmu Gitex Global u Dubaiju. Iz Privredne komore Srbije isti\u010du da je predstavljanje srpskih idejnih re\u0161enja zasnovanih na ve\u0161ta\u010dkoj inteligenciji dobra prilika za pozicioniranje Srbije na tehnolo\u0161koj mapi sveta.<\/p><p><a href=\"https:\/\/mbuniverzitet.edu.rs\/wp-content\/uploads\/2025\/10\/gitex-sajam-sl1.png\"><img loading=\"lazy\" decoding=\"async\" class=\"aligncenter size-medium wp-image-18514\" src=\"https:\/\/mbuniverzitet.edu.rs\/wp-content\/uploads\/2025\/10\/gitex-sajam-sl1-300x157.png\" alt=\"\" width=\"300\" height=\"157\" srcset=\"https:\/\/mbuniverzitet.edu.rs\/wp-content\/uploads\/2025\/10\/gitex-sajam-sl1-300x157.png 300w, https:\/\/mbuniverzitet.edu.rs\/wp-content\/uploads\/2025\/10\/gitex-sajam-sl1-18x9.png 18w, https:\/\/mbuniverzitet.edu.rs\/wp-content\/uploads\/2025\/10\/gitex-sajam-sl1.png 464w\" sizes=\"(max-width: 300px) 100vw, 300px\" \/><\/a><\/p><p><span>Milo\u0161 Stankovi\u0107 sa Univerziteta MB i iz \u201cEWD Tehnology\u201d je godinama unazad sa kolegama radio na projektu i naglasio: \u201c<b>Do\u0161li smo na ideju jo\u0161 pre 12 godina da razvijemo ure\u0111aj koji pomo\u0107u odre\u0111ene frekvencije i struje, bez hemijskih jedinjenja, uni\u0161tava korov u korenu koji uop\u0161te vi\u0161e ne raste.<\/b>\u00a0<\/span>Na\u0161 fokus je najvi\u0161e bela ambrozija, mada smo testirali na preko 200 vrsta korova sa \u0161vedskim univerzitetom za poljoprivredu kao i sa na\u0161im doma\u0107im institucijama jer smo hteli da re\u0161imo veliki socijalno-dru\u0161tveni problem kao \u0161to je polen ambrozije i veliki broj ljudi u na\u0161oj zemlji, preko dva miliona ljudi pati od polena ambrozije.<\/p><p><a href=\"https:\/\/mbuniverzitet.edu.rs\/wp-content\/uploads\/2025\/10\/gitex-sajam-sl2.png\"><img loading=\"lazy\" decoding=\"async\" class=\"aligncenter size-medium wp-image-18515\" src=\"https:\/\/mbuniverzitet.edu.rs\/wp-content\/uploads\/2025\/10\/gitex-sajam-sl2-300x180.png\" alt=\"\" width=\"300\" height=\"180\" srcset=\"https:\/\/mbuniverzitet.edu.rs\/wp-content\/uploads\/2025\/10\/gitex-sajam-sl2-300x180.png 300w, https:\/\/mbuniverzitet.edu.rs\/wp-content\/uploads\/2025\/10\/gitex-sajam-sl2-18x12.png 18w, https:\/\/mbuniverzitet.edu.rs\/wp-content\/uploads\/2025\/10\/gitex-sajam-sl2.png 459w\" sizes=\"(max-width: 300px) 100vw, 300px\" \/><\/a><\/p><p>Srpsku startap ponudu predstavio mu je predsednik Privredne komore Srbije Marko \u010cade\u017e. <span>Srpske tehnolo\u0161ke kompanije i startapovi nastavljaju promociju inovativnih ideja, usluga i proizvoda na sajmu Gitex Global u Dubaiju. Iz Privredne komore Srbije isti\u010du da je predstavljanje srpskih idejnih re\u0161enja zasnovanih na ve\u0161ta\u010dkoj inteligenciji dobra prilika za pozicioniranje Srbije na<b>\u00a0tehnolo\u0161koj mapi sveta.\u00a0<\/b><\/span><\/p><p><a href=\"https:\/\/mbuniverzitet.edu.rs\/wp-content\/uploads\/2025\/10\/gitex-sajam-sl3.png\"><img loading=\"lazy\" decoding=\"async\" class=\"aligncenter size-medium wp-image-18516\" src=\"https:\/\/mbuniverzitet.edu.rs\/wp-content\/uploads\/2025\/10\/gitex-sajam-sl3-300x157.png\" alt=\"\" width=\"300\" height=\"157\" srcset=\"https:\/\/mbuniverzitet.edu.rs\/wp-content\/uploads\/2025\/10\/gitex-sajam-sl3-300x157.png 300w, https:\/\/mbuniverzitet.edu.rs\/wp-content\/uploads\/2025\/10\/gitex-sajam-sl3-18x9.png 18w, https:\/\/mbuniverzitet.edu.rs\/wp-content\/uploads\/2025\/10\/gitex-sajam-sl3.png 467w\" sizes=\"(max-width: 300px) 100vw, 300px\" \/><\/a><\/p><p><span>Drugog dana tehnolo\u0161kog sajma Giteks global 2025. nacionalni paviljon Srbije posetio je Princ Dubaija \u0161eik Hamdan bin Mohamed bin Ra\u0161in Al Maktum.\u00a0<\/span>Srpsku startap ponudu predstavio mu je predsednik Privredne komore Srbije Marko \u010cade\u017e.\u00a0<\/p><p><a href=\"https:\/\/mbuniverzitet.edu.rs\/wp-content\/uploads\/2025\/10\/gitex-sajam-sl4.png\"><img loading=\"lazy\" decoding=\"async\" class=\"aligncenter size-medium wp-image-18517\" src=\"https:\/\/mbuniverzitet.edu.rs\/wp-content\/uploads\/2025\/10\/gitex-sajam-sl4-300x166.png\" alt=\"\" width=\"300\" height=\"166\" srcset=\"https:\/\/mbuniverzitet.edu.rs\/wp-content\/uploads\/2025\/10\/gitex-sajam-sl4-300x166.png 300w, https:\/\/mbuniverzitet.edu.rs\/wp-content\/uploads\/2025\/10\/gitex-sajam-sl4-18x10.png 18w, https:\/\/mbuniverzitet.edu.rs\/wp-content\/uploads\/2025\/10\/gitex-sajam-sl4.png 464w\" sizes=\"(max-width: 300px) 100vw, 300px\" \/><\/a><\/p><p style=\"font-weight: 400\">Savetnik predsednika Privredne komore Srbije za inovacije i tehnologiju Neboj\u0161a Bilotomi\u0107 u razgovoru za Euronews Srbija da na\u0161a IT industrija raste.\u00a0<\/p><p style=\"font-weight: 400\">\u201cNa\u0161 IT sektor je zna\u010dajno rastao poslednje dve decenije.\u00a0<strong>Ve\u0107 je svima poznato da se IT servisi iz Srbije izvoze i o\u010dekujemo da izvoz do kraja godine dostigne i pet milijardi evra<\/strong>\u201c, rekao je.\u00a0<\/p><p><a href=\"https:\/\/mbuniverzitet.edu.rs\/wp-content\/uploads\/2025\/10\/gitex-sajam-sl5.png\"><img loading=\"lazy\" decoding=\"async\" class=\"aligncenter size-medium wp-image-18513\" src=\"https:\/\/mbuniverzitet.edu.rs\/wp-content\/uploads\/2025\/10\/gitex-sajam-sl5-300x151.png\" alt=\"\" width=\"300\" height=\"151\" srcset=\"https:\/\/mbuniverzitet.edu.rs\/wp-content\/uploads\/2025\/10\/gitex-sajam-sl5-300x151.png 300w, https:\/\/mbuniverzitet.edu.rs\/wp-content\/uploads\/2025\/10\/gitex-sajam-sl5-18x9.png 18w, https:\/\/mbuniverzitet.edu.rs\/wp-content\/uploads\/2025\/10\/gitex-sajam-sl5.png 462w\" sizes=\"(max-width: 300px) 100vw, 300px\" \/><\/a><\/p><p><strong>Beograd \u0107e biti doma\u0107in sajma 2027. godine<\/strong><\/p><p>Jedna od najva\u017enijih vesti sa sajma u Dubaiju je potvrda da \u0107e Beograd 2027. godine biti doma\u0107in sajma Gitex AI, posve\u0107enog ve\u0161ta\u010dkoj inteligenciji. <strong>Doga\u0111aj \u0107e biti organizovan u okviru EXPO 2027, koji se te godine odr\u017eava u srpskoj prestonici.<\/strong><\/p><p>\u201cJTAI Beograd 2027. bi\u0107e zvani\u010dna poslovna konferencija u okviru EXPO-a. Posebno nam je va\u017eno \u0161to je to tek prva edicija &#8211; imamo ugovor na deset godina\u201c, otkriva Bilotomi\u0107.<\/p><p>Ve\u0107 sada se planira intenzivna marketin\u0161ka kampanja, koja \u0107e biti usmerena ka zemljama isto\u010dne i centralne Evrope, kako bi se privukli relevantni izlaga\u010di i investitori.<\/p><p>Preko partnerstva sa organizatorima iz Dubaija, Srbija \u0107e dobiti pristup kontaktima velikih globalnih kompanija poput Salesforce-a i Orange-a, koje bi mogle postati izlaga\u010di na beogradskom sajmu.<\/p><p>\u201cTo je \u0161ansa da na\u0161e in\u017eenjersko znanje i kapaciteti dobiju vidljivost i na tr\u017ei\u0161tima koja su do sada bila van fokusa, jer smo se najvi\u0161e orijentisali na ameri\u010dko tr\u017ei\u0161te\u201c, zaklju\u010duje Bilotomi\u0107.<\/p><p>\u00a0<\/p><p>SAVET I MENAD\u017dMENT UNIVERZITETA MB.<\/p><\/div>\n\t\t\t\t\t<\/div><\/div>\t\t\t\t<\/div>\n\t\t\t\t<\/div>\n\t\t\t\t<div class=\"elementor-element elementor-element-8caebc9 exad-sticky-section-no exad-glass-effect-no elementor-widget elementor-widget-eael-adv-accordion\" data-id=\"8caebc9\" data-element_type=\"widget\" data-e-type=\"widget\" data-widget_type=\"eael-adv-accordion.default\">\n\t\t\t\t<div class=\"elementor-widget-container\">\n\t\t\t\t\t            <div class=\"eael-adv-accordion\" id=\"eael-adv-accordion-8caebc9\" data-scroll-on-click=\"no\" data-scroll-speed=\"300\" data-accordion-id=\"8caebc9\" data-accordion-type=\"accordion\" data-toogle-speed=\"300\">\n            <div class=\"eael-accordion-list\">\n\t\t\t\t\t<div id=\"dana-01102025-godine-realizovan-je-prijem-studenata-prve-godine-osnovnih-akademskih-studija-i-realizovan-prvi-nastavni-as-sa-studentima-studijskih-programa-pravo-ekonomija-poslovni-menadment-informacione-tehnologije-menadment-u-bezbednosti-menadment-u-sportu-i-klasinog-slikarstva-vidi-vie\" class=\"elementor-tab-title eael-accordion-header\" tabindex=\"0\" data-tab=\"1\" aria-controls=\"elementor-tab-content-1471\"><span class=\"eael-accordion-tab-title\">Dana 01.10.2025. godine realizovan je prijem studenata prve godine osnovnih akademskih studija i realizovan prvi nastavni \u010das sa studentima studijskih programa: Pravo, Ekonomija, Poslovni menad\u017ement, Informacione tehnologije, Menad\u017ement u bezbednosti, Menad\u017ement u sportu  i Klasi\u010dnog slikarstva (Vidi vi\u0161e)<\/span><\/div><div id=\"elementor-tab-content-1471\" class=\"eael-accordion-content clearfix\" data-tab=\"1\" aria-labelledby=\"dana-01102025-godine-realizovan-je-prijem-studenata-prve-godine-osnovnih-akademskih-studija-i-realizovan-prvi-nastavni-as-sa-studentima-studijskih-programa-pravo-ekonomija-poslovni-menadment-informacione-tehnologije-menadment-u-bezbednosti-menadment-u-sportu-i-klasinog-slikarstva-vidi-vie\"><p style=\"font-weight: 400\">Prijem su organizovali i realizovali:<\/p><ul style=\"font-weight: 400\"><li>Prorektor za nastavu na Univerzitetu MB (ujedno predstavnik vlasnika) \u00a0profesorka dr \u017divanka Miladinovi\u0107-Bogavac,<\/li><li>Predsednik Saveta Univerziteta MB\u00a0 profesor emeritus dr Du\u0161an Regodi\u0107, dipl.in\u017e,<\/li><li>Prorektor za nauku profesor emeritus \u00a0dr Ne\u0111o Danilovi\u0107,<\/li><li>Prorektor za me\u0111unardonu saradnju i kvalitet prof dr Marija Kosti\u0107,<\/li><li>Prodekan za nastavu na Poslovnom i pravnom fakultetu Univerziteta MB profesorka dr Dragana \u0110uri\u0107,<\/li><li>Profesor \u00a0umetnosti \u00a0Msc Nenad Stankovi\u0107.,<\/li><li>Profesor dr Slobodan Petrovi\u0107,<\/li><li>Docent dr Sne\u017eana Mihailov i<\/li><li>Docent dr Nenad Mihailov<\/li><\/ul><p style=\"font-weight: 400\"><a href=\"https:\/\/mbuniverzitet.edu.rs\/wp-content\/uploads\/2025\/10\/nova-sk-2025-2026-sl1.jpg\"><img loading=\"lazy\" decoding=\"async\" class=\"aligncenter size-medium wp-image-18471\" src=\"https:\/\/mbuniverzitet.edu.rs\/wp-content\/uploads\/2025\/10\/nova-sk-2025-2026-sl1-300x225.jpg\" alt=\"\" width=\"300\" height=\"225\" srcset=\"https:\/\/mbuniverzitet.edu.rs\/wp-content\/uploads\/2025\/10\/nova-sk-2025-2026-sl1-300x225.jpg 300w, https:\/\/mbuniverzitet.edu.rs\/wp-content\/uploads\/2025\/10\/nova-sk-2025-2026-sl1-768x576.jpg 768w, https:\/\/mbuniverzitet.edu.rs\/wp-content\/uploads\/2025\/10\/nova-sk-2025-2026-sl1-16x12.jpg 16w, https:\/\/mbuniverzitet.edu.rs\/wp-content\/uploads\/2025\/10\/nova-sk-2025-2026-sl1.jpg 800w\" sizes=\"(max-width: 300px) 100vw, 300px\" \/><\/a><br \/>U predivnom ambijentu u uvodnom delu studente je pozdravila i po\u017eelela dobrodoi\u0161licu na Univerzitet ,,MB\u201c prorektor za nastavu i predstavnik vlasnika prof. dr \u017divanka Miladinovi\u0107-Bogavac.<\/p><p style=\"font-weight: 400\"><a href=\"https:\/\/mbuniverzitet.edu.rs\/wp-content\/uploads\/2025\/10\/nova-sk-2025-2026-sl5.jpg\"><img loading=\"lazy\" decoding=\"async\" class=\"aligncenter size-medium wp-image-18475\" src=\"https:\/\/mbuniverzitet.edu.rs\/wp-content\/uploads\/2025\/10\/nova-sk-2025-2026-sl5-225x300.jpg\" alt=\"\" width=\"225\" height=\"300\" srcset=\"https:\/\/mbuniverzitet.edu.rs\/wp-content\/uploads\/2025\/10\/nova-sk-2025-2026-sl5-225x300.jpg 225w, https:\/\/mbuniverzitet.edu.rs\/wp-content\/uploads\/2025\/10\/nova-sk-2025-2026-sl5-9x12.jpg 9w, https:\/\/mbuniverzitet.edu.rs\/wp-content\/uploads\/2025\/10\/nova-sk-2025-2026-sl5.jpg 600w\" sizes=\"(max-width: 225px) 100vw, 225px\" \/><\/a><\/p><p style=\"font-weight: 400\">Studente je pozdravio predsednik Saveta Univerziteta ,,MB\u201c \u00a0Profesor emeritus dr Du\u0161an Regodi\u0107 i po\u017eeleo dobrodo\u0161licu. Profesor emeritus dr Du\u0161an Regodi\u0107 i profesorka dr Dragana Lazi\u0107 su odr\u017eali i uvodni \u010das. Kroz izlaganje studenti su dobili osnovne informacije o: Univerzitetu MB, Poslovnom i pravnom fakultetu, Akademiji klasi\u010dnog slikarstva, na\u010dinu studiranja, Bolonjskom procesu, studenstkom \u017eivotu, materijalnoj bazi nastave, nastavnoj i obrazovnoj literuri, Studentskom Parlamentu, Alumni organizaciji studenata, studentskom kodeksu, javnosti u radu, studentskom sme\u0161taju, brojnim izazovima i na\u010dinu \u017eivota u Beogradu.<\/p><p><a href=\"https:\/\/mbuniverzitet.edu.rs\/wp-content\/uploads\/2025\/10\/nova-sk-2025-2026-sl4.jpg\"><img loading=\"lazy\" decoding=\"async\" class=\"aligncenter size-medium wp-image-18476\" src=\"https:\/\/mbuniverzitet.edu.rs\/wp-content\/uploads\/2025\/10\/nova-sk-2025-2026-sl4-225x300.jpg\" alt=\"\" width=\"225\" height=\"300\" srcset=\"https:\/\/mbuniverzitet.edu.rs\/wp-content\/uploads\/2025\/10\/nova-sk-2025-2026-sl4-225x300.jpg 225w, https:\/\/mbuniverzitet.edu.rs\/wp-content\/uploads\/2025\/10\/nova-sk-2025-2026-sl4-9x12.jpg 9w, https:\/\/mbuniverzitet.edu.rs\/wp-content\/uploads\/2025\/10\/nova-sk-2025-2026-sl4.jpg 600w\" sizes=\"(max-width: 225px) 100vw, 225px\" \/><\/a><\/p><p style=\"font-weight: 400\">Kompletan program prijema studenata je vodio profesor dr Slobodan Petrovi\u0107.<\/p><p><a href=\"https:\/\/mbuniverzitet.edu.rs\/wp-content\/uploads\/2025\/10\/nova-sk-2025-2026-sl7.jpg\"><img loading=\"lazy\" decoding=\"async\" class=\"aligncenter size-medium wp-image-18473\" src=\"https:\/\/mbuniverzitet.edu.rs\/wp-content\/uploads\/2025\/10\/nova-sk-2025-2026-sl7-225x300.jpg\" alt=\"\" width=\"225\" height=\"300\" srcset=\"https:\/\/mbuniverzitet.edu.rs\/wp-content\/uploads\/2025\/10\/nova-sk-2025-2026-sl7-225x300.jpg 225w, https:\/\/mbuniverzitet.edu.rs\/wp-content\/uploads\/2025\/10\/nova-sk-2025-2026-sl7-9x12.jpg 9w, https:\/\/mbuniverzitet.edu.rs\/wp-content\/uploads\/2025\/10\/nova-sk-2025-2026-sl7.jpg 600w\" sizes=\"(max-width: 225px) 100vw, 225px\" \/><\/a><\/p><p><a href=\"https:\/\/mbuniverzitet.edu.rs\/wp-content\/uploads\/2025\/10\/nova-sk-2025-2026-sl2.jpg\"><img loading=\"lazy\" decoding=\"async\" class=\"aligncenter size-medium wp-image-18477\" src=\"https:\/\/mbuniverzitet.edu.rs\/wp-content\/uploads\/2025\/10\/nova-sk-2025-2026-sl2-300x225.jpg\" alt=\"\" width=\"300\" height=\"225\" srcset=\"https:\/\/mbuniverzitet.edu.rs\/wp-content\/uploads\/2025\/10\/nova-sk-2025-2026-sl2-300x225.jpg 300w, https:\/\/mbuniverzitet.edu.rs\/wp-content\/uploads\/2025\/10\/nova-sk-2025-2026-sl2-768x576.jpg 768w, https:\/\/mbuniverzitet.edu.rs\/wp-content\/uploads\/2025\/10\/nova-sk-2025-2026-sl2-16x12.jpg 16w, https:\/\/mbuniverzitet.edu.rs\/wp-content\/uploads\/2025\/10\/nova-sk-2025-2026-sl2.jpg 800w\" sizes=\"(max-width: 300px) 100vw, 300px\" \/><\/a><\/p><p style=\"font-weight: 400\">Posle organizovanog prijema sa zainteresovanim studentima su dodatno odvojeno obavili razgovor i prisutni profesori Poslovnog i pravnog fakulteta i Akademije klasi\u010dnog slikarstva i odgovorili na sva pitanja vezana za na\u010din studiranja i rad na fakultetu i akademiji.<\/p><p><a href=\"https:\/\/mbuniverzitet.edu.rs\/wp-content\/uploads\/2025\/10\/nova-sk-2025-2026-sl8.jpg\"><img loading=\"lazy\" decoding=\"async\" class=\"aligncenter size-medium wp-image-18472\" src=\"https:\/\/mbuniverzitet.edu.rs\/wp-content\/uploads\/2025\/10\/nova-sk-2025-2026-sl8-225x300.jpg\" alt=\"\" width=\"225\" height=\"300\" srcset=\"https:\/\/mbuniverzitet.edu.rs\/wp-content\/uploads\/2025\/10\/nova-sk-2025-2026-sl8-225x300.jpg 225w, https:\/\/mbuniverzitet.edu.rs\/wp-content\/uploads\/2025\/10\/nova-sk-2025-2026-sl8-9x12.jpg 9w, https:\/\/mbuniverzitet.edu.rs\/wp-content\/uploads\/2025\/10\/nova-sk-2025-2026-sl8.jpg 600w\" sizes=\"(max-width: 225px) 100vw, 225px\" \/><\/a><\/p><p><a href=\"https:\/\/mbuniverzitet.edu.rs\/wp-content\/uploads\/2025\/10\/nova-sk-2025-2026-sl6.jpg\"><img loading=\"lazy\" decoding=\"async\" class=\"aligncenter size-medium wp-image-18474\" src=\"https:\/\/mbuniverzitet.edu.rs\/wp-content\/uploads\/2025\/10\/nova-sk-2025-2026-sl6-225x300.jpg\" alt=\"\" width=\"225\" height=\"300\" srcset=\"https:\/\/mbuniverzitet.edu.rs\/wp-content\/uploads\/2025\/10\/nova-sk-2025-2026-sl6-225x300.jpg 225w, https:\/\/mbuniverzitet.edu.rs\/wp-content\/uploads\/2025\/10\/nova-sk-2025-2026-sl6-9x12.jpg 9w, https:\/\/mbuniverzitet.edu.rs\/wp-content\/uploads\/2025\/10\/nova-sk-2025-2026-sl6.jpg 600w\" sizes=\"(max-width: 225px) 100vw, 225px\" \/><\/a><\/p><p style=\"font-weight: 400\">Predsednik Saveta Univerziteta MB je u ime vlasnika uputio pismo dobrodo\u0161lice studentima prve godine svih studijskih programa.\u00a0<a href=\"https:\/\/mbuniverzitet.edu.rs\/wp-content\/uploads\/2025\/10\/Prijem-brucosa-2025-dobrodoslica-predsednika-Saveta-Univerziteta-MB.pdf\" target=\"_blank\" rel=\"noopener\">(<strong>Vidi vi\u0161e)<\/strong><\/a><\/p><\/div>\n\t\t\t\t\t<\/div><\/div>\t\t\t\t<\/div>\n\t\t\t\t<\/div>\n\t\t\t\t<div class=\"elementor-element elementor-element-9168437 exad-sticky-section-no exad-glass-effect-no elementor-widget elementor-widget-eael-adv-accordion\" data-id=\"9168437\" data-element_type=\"widget\" data-e-type=\"widget\" data-widget_type=\"eael-adv-accordion.default\">\n\t\t\t\t<div class=\"elementor-widget-container\">\n\t\t\t\t\t            <div class=\"eael-adv-accordion\" id=\"eael-adv-accordion-9168437\" data-scroll-on-click=\"no\" data-scroll-speed=\"300\" data-accordion-id=\"9168437\" data-accordion-type=\"accordion\" data-toogle-speed=\"300\">\n            <div class=\"eael-accordion-list\">\n\t\t\t\t\t<div id=\"informacija-o-poetku-nove-kolske-godine-vidi-vie\" class=\"elementor-tab-title eael-accordion-header\" tabindex=\"0\" data-tab=\"1\" aria-controls=\"elementor-tab-content-1521\"><span class=\"eael-accordion-tab-title\">Informacija o po\u010detku nove \u0161kolske godine (Vidi vi\u0161e)<\/span><\/div><div id=\"elementor-tab-content-1521\" class=\"eael-accordion-content clearfix\" data-tab=\"1\" aria-labelledby=\"informacija-o-poetku-nove-kolske-godine-vidi-vie\"><p>Po\u0161tovane koleginice i kolege \u2013 studenti<\/p><p>Akademska 2025\/2026. godina na Univerzitetu \u201eMB\u201c po\u010dinje \u00a0po slede\u0107em:<\/p><ol><li><strong>Prvi radni dan za studente II, III i IV godine<\/strong> je u ponedeljak 06.10.2025. godine u\u00a0skladu\u00a0sa rasporedom za svaki studijski program i godinu.<\/li><li><strong>Sve\u010dani prijem i <\/strong>prvi radni dan u akademskoj 2025\/2026. godini za studente I godine (bruco\u0161e) je sreda\u00a0<strong>01. oktobra 2025. godine<\/strong>, kako u Beogradu, tako i u na\u0161oj Visoko\u0161kolskoj jedinici u Ni\u0161u.<\/li><\/ol><p>Toga dana studenti dolaze u terminima sve\u010danog prijema bruco\u0161a, a nakon toga se nastava odvija prema rasporedu.<\/p><p>Bruco\u0161i (studenti I godine u akademskoj 2025\/2026. godini)\u00a0 na sve\u010danom prijemu \u0107e biti\u00a0 upoznati sa profesorima, na\u010dinom studiranja i rada i drugim va\u017enim i korisnim informacijama.<\/p><p><strong>Vreme prijema:<\/strong> 12:00 Amfiteatar broj 4 (poslednji sprat zgrade).<\/p><p><strong>Mesto prijema<\/strong>: Zgrada Univerziteta MB, ulica Teodora Drajzera 27, BEOGRAD.<\/p><p><strong>Trolejbuske linije<\/strong>: 40 i 41.<\/p><p><strong>Autobuske linije:<\/strong>\u00a078,49, 59, 94, 42 i 34.<\/p><p style=\"font-weight: 400\"><strong>Savet i menad\u017ement Univerziteta MB.<\/strong><\/p><\/div>\n\t\t\t\t\t<\/div><\/div>\t\t\t\t<\/div>\n\t\t\t\t<\/div>\n\t\t\t\t<div class=\"elementor-element elementor-element-56ca4e8 exad-sticky-section-no exad-glass-effect-no elementor-widget elementor-widget-eael-adv-accordion\" data-id=\"56ca4e8\" data-element_type=\"widget\" data-e-type=\"widget\" data-widget_type=\"eael-adv-accordion.default\">\n\t\t\t\t<div class=\"elementor-widget-container\">\n\t\t\t\t\t            <div class=\"eael-adv-accordion\" id=\"eael-adv-accordion-56ca4e8\" data-scroll-on-click=\"no\" data-scroll-speed=\"300\" data-accordion-id=\"56ca4e8\" data-accordion-type=\"accordion\" data-toogle-speed=\"300\">\n            <div class=\"eael-accordion-list\">\n\t\t\t\t\t<div id=\"poziv-likovnim-umetnicima-uee-na-konkursu-za-2-bijenale-akvarela-novi-sad-2025-vidi-vie\" class=\"elementor-tab-title eael-accordion-header\" tabindex=\"0\" data-tab=\"1\" aria-controls=\"elementor-tab-content-9101\"><span class=\"eael-accordion-tab-title\">Poziv likovnim umetnicima - u\u010de\u0161\u0107e na konkursu za \u201c2. Bijenale akvarela, Novi Sad 2025.\u201d (Vidi vi\u0161e)<\/span><\/div><div id=\"elementor-tab-content-9101\" class=\"eael-accordion-content clearfix\" data-tab=\"1\" aria-labelledby=\"poziv-likovnim-umetnicima-uee-na-konkursu-za-2-bijenale-akvarela-novi-sad-2025-vidi-vie\"><div>Pozivamo umetnike da u\u010destvuju na konkursu za \u201c2. Bijenale akvarela, Novi Sad 2025.\u201d<\/div><p><a href=\"https:\/\/mbuniverzitet.edu.rs\/wp-content\/uploads\/2025\/09\/Akvarel-NS-baner-sa-tekstom-ptica.jpg\"><img loading=\"lazy\" decoding=\"async\" class=\"aligncenter size-medium wp-image-18308\" src=\"https:\/\/mbuniverzitet.edu.rs\/wp-content\/uploads\/2025\/09\/Akvarel-NS-baner-sa-tekstom-ptica-300x225.jpg\" alt=\"\" width=\"300\" height=\"225\" srcset=\"https:\/\/mbuniverzitet.edu.rs\/wp-content\/uploads\/2025\/09\/Akvarel-NS-baner-sa-tekstom-ptica-300x225.jpg 300w, https:\/\/mbuniverzitet.edu.rs\/wp-content\/uploads\/2025\/09\/Akvarel-NS-baner-sa-tekstom-ptica-1024x768.jpg 1024w, https:\/\/mbuniverzitet.edu.rs\/wp-content\/uploads\/2025\/09\/Akvarel-NS-baner-sa-tekstom-ptica-768x576.jpg 768w, https:\/\/mbuniverzitet.edu.rs\/wp-content\/uploads\/2025\/09\/Akvarel-NS-baner-sa-tekstom-ptica-1536x1152.jpg 1536w, https:\/\/mbuniverzitet.edu.rs\/wp-content\/uploads\/2025\/09\/Akvarel-NS-baner-sa-tekstom-ptica-16x12.jpg 16w, https:\/\/mbuniverzitet.edu.rs\/wp-content\/uploads\/2025\/09\/Akvarel-NS-baner-sa-tekstom-ptica.jpg 2048w\" sizes=\"(max-width: 300px) 100vw, 300px\" \/><\/a><\/p><div>\u00a0<\/div><div>Svi umetnici stariji od 18 godina, mogu u\u010destvovati na konkursu za drugo bijenale akvarela u Novom Sadu, koje \u0107e se odr\u017eati krajem novembra 2025, u\u00a0organizaciji Kulturnog centra Novi Sad.\u00a0<\/div><div>Umetnici sa boravi\u0161tem van teritorije Republike Srbije, ukoliko pro\u0111u prvi krug \u017eiriranja, na izlo\u017ebu \u0161alju verodostojnu reprodukciju originala, u prirodnoj veli\u010dini, na papiru odgovaraju\u0107eg kvaliteta. Ti radovi se ne vra\u0107aju. Umetnici sa teritorije Srbije \u0161alju originale, koji \u0107e im nakon zavr\u0161etka izlo\u017ebe biti vra\u0107eni.<br \/>Nagra\u0111eni rad ostaje u arhivu Bijenala.\u00a0Ukoliko nagra\u0111eni rad pripada autoru koji \u017eivi van teritorije Srbije, taj autor bi\u0107e<br \/>u obavezi da po\u0161alje originalni rad organizatorima bijenala.<br \/>Autori konkuri\u0161u sa jednim radom. Konkurs je otvoren do 20. oktobra 2025.\u00a0\u017diri dodeljuje jednu nagradu (otkup slike).\u00a0<br \/>Dodeli\u0107e se i nagrada publike jednom autoru.<\/div><div>\u00a0<\/div><div><em><a href=\"https:\/\/mbuniverzitet.edu.rs\/wp-content\/uploads\/2025\/09\/2.-Bijenale-akvarela-Novi-Sad-2025-POZIV.pdf\" target=\"_blank\" rel=\"noopener\">2. Bijenale akvarela Novi Sad 2025 POZIV<\/a><\/em><\/div><\/div>\n\t\t\t\t\t<\/div><\/div>\t\t\t\t<\/div>\n\t\t\t\t<\/div>\n\t\t\t\t<div class=\"elementor-element elementor-element-46c97f8 exad-sticky-section-no exad-glass-effect-no elementor-widget elementor-widget-eael-adv-accordion\" data-id=\"46c97f8\" data-element_type=\"widget\" data-e-type=\"widget\" data-widget_type=\"eael-adv-accordion.default\">\n\t\t\t\t<div class=\"elementor-widget-container\">\n\t\t\t\t\t            <div class=\"eael-adv-accordion\" id=\"eael-adv-accordion-46c97f8\" data-scroll-on-click=\"no\" data-scroll-speed=\"300\" data-accordion-id=\"46c97f8\" data-accordion-type=\"accordion\" data-toogle-speed=\"300\">\n            <div class=\"eael-accordion-list\">\n\t\t\t\t\t<div id=\"odluka-o-realizaciji-nastavnog-procesa-i-akademski-kalendar-za-20252026-akademsku-godinu-na-univerzitetu-mb-poslovni-i-pravni-fakultet-i-akademija-klasino-slikarstvo-vidi-vie\" class=\"elementor-tab-title eael-accordion-header\" tabindex=\"0\" data-tab=\"1\" aria-controls=\"elementor-tab-content-7421\"><span class=\"eael-accordion-tab-title\">Odluka o realizaciji nastavnog procesa i Akademski kalendar za 2025\/2026. akademsku godinu na Univerzitetu MB Poslovni i pravni fakultet i Akademija klasi\u010dno slikarstvo. (Vidi vi\u0161e)<\/span><\/div><div id=\"elementor-tab-content-7421\" class=\"eael-accordion-content clearfix\" data-tab=\"1\" aria-labelledby=\"odluka-o-realizaciji-nastavnog-procesa-i-akademski-kalendar-za-20252026-akademsku-godinu-na-univerzitetu-mb-poslovni-i-pravni-fakultet-i-akademija-klasino-slikarstvo-vidi-vie\"><div><b>Prilog:\u00a0<\/b><\/div><div><a href=\"https:\/\/mbuniverzitet.edu.rs\/wp-content\/uploads\/2025\/09\/\u041e\u0434\u043b\u0443\u043a\u0430-\u0421\u0430\u0432\u0435\u0442\u0430-\u0423\u043d\u0438\u0432\u0435\u0440\u0437\u0438\u0442\u0435\u0442\u0430-\u041c\u0411-\u041d\u0430\u0441\u0442\u0430\u0432\u043d\u0438-\u043f\u0440\u043e\u0446\u0435\u0441-\u0443-2025-2026.-\u0433\u043e\u0434\u0438\u043d\u0438.pdf\" target=\"_blank\" rel=\"noopener\">1. Odluka Saveta Univerziteta MB o realizaciji nastavnog procesa<\/a>\u00a0<\/div><div><a href=\"#\" target=\"_blank\" rel=\"noopener\">2. Akademski kalendar za \u0161kolsku 2025\/2026. godinu<\/a><\/div><\/div>\n\t\t\t\t\t<\/div><\/div>\t\t\t\t<\/div>\n\t\t\t\t<\/div>\n\t\t\t\t<div class=\"elementor-element elementor-element-c1ba470 exad-sticky-section-no exad-glass-effect-no elementor-widget elementor-widget-eael-adv-accordion\" data-id=\"c1ba470\" data-element_type=\"widget\" data-e-type=\"widget\" data-widget_type=\"eael-adv-accordion.default\">\n\t\t\t\t<div class=\"elementor-widget-container\">\n\t\t\t\t\t            <div class=\"eael-adv-accordion\" id=\"eael-adv-accordion-c1ba470\" data-scroll-on-click=\"no\" data-scroll-speed=\"300\" data-accordion-id=\"c1ba470\" data-accordion-type=\"accordion\" data-toogle-speed=\"300\">\n            <div class=\"eael-accordion-list\">\n\t\t\t\t\t<div id=\"sveano-otvorena-nova-kolska-20252026-godina-u-osnovnoj-koli-mb-beograd-vidi-vie\" class=\"elementor-tab-title eael-accordion-header\" tabindex=\"0\" data-tab=\"1\" aria-controls=\"elementor-tab-content-2031\"><span class=\"eael-accordion-tab-title\">Sve\u010dano otvorena nova \u0161kolska 2025\/2026. godina u Osnovnoj \u0161koli \u201eMB\u201c Beograd (Vidi vi\u0161e)<\/span><\/div><div id=\"elementor-tab-content-2031\" class=\"eael-accordion-content clearfix\" data-tab=\"1\" aria-labelledby=\"sveano-otvorena-nova-kolska-20252026-godina-u-osnovnoj-koli-mb-beograd-vidi-vie\"><p>U ponedeljak,\u00a0<strong>1. septembra 2025. godine<\/strong>, u\u00a0<strong>10.00 \u010dasova<\/strong>, Osnovna \u0161kola \u201eMB\u201c Beograd sve\u010dano je otvorila novu \u0161kolsku 2025\/2026. godinu.<\/p><p><a href=\"https:\/\/mbosnovnaskola.mbuniverzitet.edu.rs\/wp-content\/uploads\/2025\/09\/pocetak-skole_6.jpg\"><img loading=\"lazy\" decoding=\"async\" class=\"aligncenter wp-image-3686 size-medium\" src=\"https:\/\/mbosnovnaskola.mbuniverzitet.edu.rs\/wp-content\/uploads\/2025\/09\/pocetak-skole_6-200x300.jpg\" sizes=\"(max-width: 200px) 100vw, 200px\" srcset=\"https:\/\/mbosnovnaskola.mbuniverzitet.edu.rs\/wp-content\/uploads\/2025\/09\/pocetak-skole_6-200x300.jpg 200w, https:\/\/mbosnovnaskola.mbuniverzitet.edu.rs\/wp-content\/uploads\/2025\/09\/pocetak-skole_6-683x1024.jpg 683w, https:\/\/mbosnovnaskola.mbuniverzitet.edu.rs\/wp-content\/uploads\/2025\/09\/pocetak-skole_6-768x1152.jpg 768w, https:\/\/mbosnovnaskola.mbuniverzitet.edu.rs\/wp-content\/uploads\/2025\/09\/pocetak-skole_6.jpg 800w\" alt=\"\" width=\"200\" height=\"300\" \/><\/a><\/p><p>Program je nadahnuto vodio\u00a0<strong>docent dr Slobodan Petrovi\u0107a<\/strong>, a odmah potom prvi nastavni \u010das obele\u017een je izvo\u0111enjem\u00a0<strong>himne Republike Srbije<\/strong>, \u010dime je sve\u010danosti dat poseban zna\u010daj.<\/p><p><a href=\"https:\/\/mbosnovnaskola.mbuniverzitet.edu.rs\/wp-content\/uploads\/2025\/09\/pocetak-skole_5.jpg\"><img loading=\"lazy\" decoding=\"async\" class=\"aligncenter wp-image-3685 size-medium\" src=\"https:\/\/mbosnovnaskola.mbuniverzitet.edu.rs\/wp-content\/uploads\/2025\/09\/pocetak-skole_5-300x200.jpg\" sizes=\"(max-width: 300px) 100vw, 300px\" srcset=\"https:\/\/mbosnovnaskola.mbuniverzitet.edu.rs\/wp-content\/uploads\/2025\/09\/pocetak-skole_5-300x200.jpg 300w, https:\/\/mbosnovnaskola.mbuniverzitet.edu.rs\/wp-content\/uploads\/2025\/09\/pocetak-skole_5-1024x683.jpg 1024w, https:\/\/mbosnovnaskola.mbuniverzitet.edu.rs\/wp-content\/uploads\/2025\/09\/pocetak-skole_5-768x512.jpg 768w, https:\/\/mbosnovnaskola.mbuniverzitet.edu.rs\/wp-content\/uploads\/2025\/09\/pocetak-skole_5.jpg 1200w\" alt=\"\" width=\"300\" height=\"200\" \/><\/a><\/p><p>Na doga\u0111aju su prisustvovali u\u010denici, njihovi roditelji, profesori, gosti i predstavnici medija. Me\u0111u prisutnima su bili i\u00a0<strong>vlasnici \u0161kole, profesorka dr \u017divanka Miladinovi\u0107 Bogavac i profesor dr Milija Bogavac<\/strong>, koji su svojim prisustvom uveli\u010dali ovaj va\u017ean trenutak.<\/p><p><a href=\"https:\/\/mbosnovnaskola.mbuniverzitet.edu.rs\/wp-content\/uploads\/2025\/09\/pocetak-skole_7.jpg\"><img loading=\"lazy\" decoding=\"async\" class=\"aligncenter wp-image-3687 size-medium\" src=\"https:\/\/mbosnovnaskola.mbuniverzitet.edu.rs\/wp-content\/uploads\/2025\/09\/pocetak-skole_7-200x300.jpg\" sizes=\"(max-width: 200px) 100vw, 200px\" srcset=\"https:\/\/mbosnovnaskola.mbuniverzitet.edu.rs\/wp-content\/uploads\/2025\/09\/pocetak-skole_7-200x300.jpg 200w, https:\/\/mbosnovnaskola.mbuniverzitet.edu.rs\/wp-content\/uploads\/2025\/09\/pocetak-skole_7-683x1024.jpg 683w, https:\/\/mbosnovnaskola.mbuniverzitet.edu.rs\/wp-content\/uploads\/2025\/09\/pocetak-skole_7-768x1152.jpg 768w, https:\/\/mbosnovnaskola.mbuniverzitet.edu.rs\/wp-content\/uploads\/2025\/09\/pocetak-skole_7.jpg 800w\" alt=\"\" width=\"200\" height=\"300\" \/><\/a><\/p><p><a href=\"https:\/\/mbosnovnaskola.mbuniverzitet.edu.rs\/wp-content\/uploads\/2025\/09\/pocetak-skole_15.jpg\"><img loading=\"lazy\" decoding=\"async\" class=\"aligncenter wp-image-3710 size-medium\" src=\"https:\/\/mbosnovnaskola.mbuniverzitet.edu.rs\/wp-content\/uploads\/2025\/09\/pocetak-skole_15-300x200.jpg\" sizes=\"(max-width: 300px) 100vw, 300px\" srcset=\"https:\/\/mbosnovnaskola.mbuniverzitet.edu.rs\/wp-content\/uploads\/2025\/09\/pocetak-skole_15-300x200.jpg 300w, https:\/\/mbosnovnaskola.mbuniverzitet.edu.rs\/wp-content\/uploads\/2025\/09\/pocetak-skole_15-1024x683.jpg 1024w, https:\/\/mbosnovnaskola.mbuniverzitet.edu.rs\/wp-content\/uploads\/2025\/09\/pocetak-skole_15-768x512.jpg 768w, https:\/\/mbosnovnaskola.mbuniverzitet.edu.rs\/wp-content\/uploads\/2025\/09\/pocetak-skole_15.jpg 1200w\" alt=\"\" width=\"300\" height=\"200\" \/><\/a><\/p><p>Sve\u010danost je otvorio\u00a0<strong>predsednik Saveta Univerziteta MB, prof. emeritus dr Du\u0161an Regodi\u0107, dipl. in\u017e.<\/strong>, istakav\u0161i u uvodnom govoru zna\u010daj obrazovanja i zajedni\u010dkog truda za razvoj najmla\u0111ih generacija.<\/p><p><a href=\"https:\/\/mbosnovnaskola.mbuniverzitet.edu.rs\/wp-content\/uploads\/2025\/09\/pocetak-skole_16.jpg\"><img loading=\"lazy\" decoding=\"async\" class=\"aligncenter wp-image-3711 size-medium\" src=\"https:\/\/mbosnovnaskola.mbuniverzitet.edu.rs\/wp-content\/uploads\/2025\/09\/pocetak-skole_16-200x300.jpg\" sizes=\"(max-width: 200px) 100vw, 200px\" srcset=\"https:\/\/mbosnovnaskola.mbuniverzitet.edu.rs\/wp-content\/uploads\/2025\/09\/pocetak-skole_16-200x300.jpg 200w, https:\/\/mbosnovnaskola.mbuniverzitet.edu.rs\/wp-content\/uploads\/2025\/09\/pocetak-skole_16-683x1024.jpg 683w, https:\/\/mbosnovnaskola.mbuniverzitet.edu.rs\/wp-content\/uploads\/2025\/09\/pocetak-skole_16-768x1152.jpg 768w, https:\/\/mbosnovnaskola.mbuniverzitet.edu.rs\/wp-content\/uploads\/2025\/09\/pocetak-skole_16.jpg 800w\" alt=\"\" width=\"200\" height=\"300\" \/><\/a><\/p><p><a href=\"https:\/\/mbosnovnaskola.mbuniverzitet.edu.rs\/wp-content\/uploads\/2025\/09\/pocetak-skole_4.jpg\"><img loading=\"lazy\" decoding=\"async\" class=\"aligncenter wp-image-3684 size-medium\" src=\"https:\/\/mbosnovnaskola.mbuniverzitet.edu.rs\/wp-content\/uploads\/2025\/09\/pocetak-skole_4-200x300.jpg\" sizes=\"(max-width: 200px) 100vw, 200px\" srcset=\"https:\/\/mbosnovnaskola.mbuniverzitet.edu.rs\/wp-content\/uploads\/2025\/09\/pocetak-skole_4-200x300.jpg 200w, https:\/\/mbosnovnaskola.mbuniverzitet.edu.rs\/wp-content\/uploads\/2025\/09\/pocetak-skole_4-683x1024.jpg 683w, https:\/\/mbosnovnaskola.mbuniverzitet.edu.rs\/wp-content\/uploads\/2025\/09\/pocetak-skole_4-768x1152.jpg 768w, https:\/\/mbosnovnaskola.mbuniverzitet.edu.rs\/wp-content\/uploads\/2025\/09\/pocetak-skole_4.jpg 800w\" alt=\"\" width=\"200\" height=\"300\" \/><\/a><\/p><p><a href=\"https:\/\/mbosnovnaskola.mbuniverzitet.edu.rs\/wp-content\/uploads\/2025\/09\/pocetak-skole_13.jpg\"><img loading=\"lazy\" decoding=\"async\" class=\"aligncenter wp-image-3693 size-medium\" src=\"https:\/\/mbosnovnaskola.mbuniverzitet.edu.rs\/wp-content\/uploads\/2025\/09\/pocetak-skole_13-200x300.jpg\" sizes=\"(max-width: 200px) 100vw, 200px\" srcset=\"https:\/\/mbosnovnaskola.mbuniverzitet.edu.rs\/wp-content\/uploads\/2025\/09\/pocetak-skole_13-200x300.jpg 200w, https:\/\/mbosnovnaskola.mbuniverzitet.edu.rs\/wp-content\/uploads\/2025\/09\/pocetak-skole_13-683x1024.jpg 683w, https:\/\/mbosnovnaskola.mbuniverzitet.edu.rs\/wp-content\/uploads\/2025\/09\/pocetak-skole_13-768x1152.jpg 768w, https:\/\/mbosnovnaskola.mbuniverzitet.edu.rs\/wp-content\/uploads\/2025\/09\/pocetak-skole_13-1024x1536.jpg 1024w, https:\/\/mbosnovnaskola.mbuniverzitet.edu.rs\/wp-content\/uploads\/2025\/09\/pocetak-skole_13.jpg 1200w\" alt=\"\" width=\"200\" height=\"300\" \/><\/a><\/p><p>Profesor je posebno naglasio zna\u010daj obrazovanja za u\u010denike, njihove roditelje, ulogu u\u010ditelja u sada\u0161njem trenutku i zna\u010daj\u00a0razvoja ovakve \u0161kole za Republiku Srbiju uz vizionarsko delo vlasnika profesorke \u017divanke i profesora Milije. U ime rukovodstva \u0161kole, prisutne su pozdravili i\u00a0<strong>direktor doc. dr Goran Babi\u0107<\/strong>\u00a0i\u00a0<strong>zamenica direktora master Jelena Markovi\u0107<\/strong>, po\u017eeleli u\u010denicima mnogo uspeha i podstakli ih da novu \u0161kolsku godinu zapo\u010dnu sa entuzijazmom i rado\u0161\u0107u.<\/p><p><a href=\"https:\/\/mbosnovnaskola.mbuniverzitet.edu.rs\/wp-content\/uploads\/2025\/09\/pocetak-skole_10.jpg\"><img loading=\"lazy\" decoding=\"async\" class=\"aligncenter wp-image-3690 size-medium\" src=\"https:\/\/mbosnovnaskola.mbuniverzitet.edu.rs\/wp-content\/uploads\/2025\/09\/pocetak-skole_10-200x300.jpg\" sizes=\"(max-width: 200px) 100vw, 200px\" srcset=\"https:\/\/mbosnovnaskola.mbuniverzitet.edu.rs\/wp-content\/uploads\/2025\/09\/pocetak-skole_10-200x300.jpg 200w, https:\/\/mbosnovnaskola.mbuniverzitet.edu.rs\/wp-content\/uploads\/2025\/09\/pocetak-skole_10-683x1024.jpg 683w, https:\/\/mbosnovnaskola.mbuniverzitet.edu.rs\/wp-content\/uploads\/2025\/09\/pocetak-skole_10-768x1152.jpg 768w, https:\/\/mbosnovnaskola.mbuniverzitet.edu.rs\/wp-content\/uploads\/2025\/09\/pocetak-skole_10-1024x1536.jpg 1024w, https:\/\/mbosnovnaskola.mbuniverzitet.edu.rs\/wp-content\/uploads\/2025\/09\/pocetak-skole_10.jpg 1200w\" alt=\"\" width=\"200\" height=\"300\" \/><\/a><\/p><p><a href=\"https:\/\/mbosnovnaskola.mbuniverzitet.edu.rs\/wp-content\/uploads\/2025\/09\/pocetak-skole_9.jpg\"><img loading=\"lazy\" decoding=\"async\" class=\"aligncenter wp-image-3689 size-medium\" src=\"https:\/\/mbosnovnaskola.mbuniverzitet.edu.rs\/wp-content\/uploads\/2025\/09\/pocetak-skole_9-200x300.jpg\" sizes=\"(max-width: 200px) 100vw, 200px\" srcset=\"https:\/\/mbosnovnaskola.mbuniverzitet.edu.rs\/wp-content\/uploads\/2025\/09\/pocetak-skole_9-200x300.jpg 200w, https:\/\/mbosnovnaskola.mbuniverzitet.edu.rs\/wp-content\/uploads\/2025\/09\/pocetak-skole_9-683x1024.jpg 683w, https:\/\/mbosnovnaskola.mbuniverzitet.edu.rs\/wp-content\/uploads\/2025\/09\/pocetak-skole_9-768x1152.jpg 768w, https:\/\/mbosnovnaskola.mbuniverzitet.edu.rs\/wp-content\/uploads\/2025\/09\/pocetak-skole_9-1024x1536.jpg 1024w, https:\/\/mbosnovnaskola.mbuniverzitet.edu.rs\/wp-content\/uploads\/2025\/09\/pocetak-skole_9.jpg 1200w\" alt=\"\" width=\"200\" height=\"300\" \/><\/a><\/p><p>Poseban emotivni trenutak priredila je\u00a0<strong>u\u010diteljica master Marijana Lazarevi\u0107<\/strong>, koja je u\u010denicima poklonila pesmu ispunjenu toplinom i optimizmom, kao simbol dobrog po\u010detka i prijateljstva.<\/p><p><a href=\"https:\/\/mbosnovnaskola.mbuniverzitet.edu.rs\/wp-content\/uploads\/2025\/09\/pocetak-skole_12.jpg\"><img loading=\"lazy\" decoding=\"async\" class=\"aligncenter wp-image-3692 size-medium\" src=\"https:\/\/mbosnovnaskola.mbuniverzitet.edu.rs\/wp-content\/uploads\/2025\/09\/pocetak-skole_12-200x300.jpg\" sizes=\"(max-width: 200px) 100vw, 200px\" srcset=\"https:\/\/mbosnovnaskola.mbuniverzitet.edu.rs\/wp-content\/uploads\/2025\/09\/pocetak-skole_12-200x300.jpg 200w, https:\/\/mbosnovnaskola.mbuniverzitet.edu.rs\/wp-content\/uploads\/2025\/09\/pocetak-skole_12-683x1024.jpg 683w, https:\/\/mbosnovnaskola.mbuniverzitet.edu.rs\/wp-content\/uploads\/2025\/09\/pocetak-skole_12-768x1152.jpg 768w, https:\/\/mbosnovnaskola.mbuniverzitet.edu.rs\/wp-content\/uploads\/2025\/09\/pocetak-skole_12-1024x1536.jpg 1024w, https:\/\/mbosnovnaskola.mbuniverzitet.edu.rs\/wp-content\/uploads\/2025\/09\/pocetak-skole_12.jpg 1200w\" alt=\"\" width=\"200\" height=\"300\" \/><\/a><\/p><p><a href=\"https:\/\/mbosnovnaskola.mbuniverzitet.edu.rs\/wp-content\/uploads\/2025\/09\/pocetak-skole_17.jpg\"><img loading=\"lazy\" decoding=\"async\" class=\"aligncenter wp-image-3712 size-medium\" src=\"https:\/\/mbosnovnaskola.mbuniverzitet.edu.rs\/wp-content\/uploads\/2025\/09\/pocetak-skole_17-200x300.jpg\" sizes=\"(max-width: 200px) 100vw, 200px\" srcset=\"https:\/\/mbosnovnaskola.mbuniverzitet.edu.rs\/wp-content\/uploads\/2025\/09\/pocetak-skole_17-200x300.jpg 200w, https:\/\/mbosnovnaskola.mbuniverzitet.edu.rs\/wp-content\/uploads\/2025\/09\/pocetak-skole_17-683x1024.jpg 683w, https:\/\/mbosnovnaskola.mbuniverzitet.edu.rs\/wp-content\/uploads\/2025\/09\/pocetak-skole_17-768x1152.jpg 768w, https:\/\/mbosnovnaskola.mbuniverzitet.edu.rs\/wp-content\/uploads\/2025\/09\/pocetak-skole_17.jpg 800w\" alt=\"\" width=\"200\" height=\"300\" \/><\/a><\/p><p>Nakon zvani\u010dnog dela programa, vlasnici \u0161kole su uru\u010dili poklone svakom u\u010deniku, priredili\u00a0\u00a0<strong>koktel za u\u010denike, roditelje i goste<\/strong>, uz predivnu muziku i kulturno-umetni\u010dki program, \u010dime je ovaj sve\u010dani dan zavr\u0161en u duhu zajedni\u0161tva, radosti i inspiracije.<\/p><p><a href=\"https:\/\/mbosnovnaskola.mbuniverzitet.edu.rs\/wp-content\/uploads\/2025\/09\/pocetak-skole_2.jpg\"><img loading=\"lazy\" decoding=\"async\" class=\"aligncenter wp-image-3682 size-medium\" src=\"https:\/\/mbosnovnaskola.mbuniverzitet.edu.rs\/wp-content\/uploads\/2025\/09\/pocetak-skole_2-300x200.jpg\" sizes=\"(max-width: 300px) 100vw, 300px\" srcset=\"https:\/\/mbosnovnaskola.mbuniverzitet.edu.rs\/wp-content\/uploads\/2025\/09\/pocetak-skole_2-300x200.jpg 300w, https:\/\/mbosnovnaskola.mbuniverzitet.edu.rs\/wp-content\/uploads\/2025\/09\/pocetak-skole_2-1024x683.jpg 1024w, https:\/\/mbosnovnaskola.mbuniverzitet.edu.rs\/wp-content\/uploads\/2025\/09\/pocetak-skole_2-768x512.jpg 768w, https:\/\/mbosnovnaskola.mbuniverzitet.edu.rs\/wp-content\/uploads\/2025\/09\/pocetak-skole_2.jpg 1200w\" alt=\"\" width=\"300\" height=\"200\" \/><\/a><\/p><p><a href=\"https:\/\/mbosnovnaskola.mbuniverzitet.edu.rs\/wp-content\/uploads\/2025\/09\/pocetak-skole_11.jpg\"><img loading=\"lazy\" decoding=\"async\" class=\"aligncenter wp-image-3691 size-medium\" src=\"https:\/\/mbosnovnaskola.mbuniverzitet.edu.rs\/wp-content\/uploads\/2025\/09\/pocetak-skole_11-200x300.jpg\" sizes=\"(max-width: 200px) 100vw, 200px\" srcset=\"https:\/\/mbosnovnaskola.mbuniverzitet.edu.rs\/wp-content\/uploads\/2025\/09\/pocetak-skole_11-200x300.jpg 200w, https:\/\/mbosnovnaskola.mbuniverzitet.edu.rs\/wp-content\/uploads\/2025\/09\/pocetak-skole_11-683x1024.jpg 683w, https:\/\/mbosnovnaskola.mbuniverzitet.edu.rs\/wp-content\/uploads\/2025\/09\/pocetak-skole_11-768x1152.jpg 768w, https:\/\/mbosnovnaskola.mbuniverzitet.edu.rs\/wp-content\/uploads\/2025\/09\/pocetak-skole_11-1024x1536.jpg 1024w, https:\/\/mbosnovnaskola.mbuniverzitet.edu.rs\/wp-content\/uploads\/2025\/09\/pocetak-skole_11.jpg 1200w\" alt=\"\" width=\"200\" height=\"300\" \/><\/a><\/p><p>Nova \u0161kolska godina u Osnovnoj \u0161koli \u201eMB\u201c Beograd zapo\u010dela je sve\u010dano, sa porukom da svaki u\u010denik svojim trudom, znanjem i uporno\u0161\u0107u mo\u017ee graditi svetliju budu\u0107nost.<\/p><p><a href=\"https:\/\/mbosnovnaskola.mbuniverzitet.edu.rs\/wp-content\/uploads\/2025\/09\/pocetak-skole_14.jpg\"><img loading=\"lazy\" decoding=\"async\" class=\"aligncenter wp-image-3680 size-medium\" src=\"https:\/\/mbosnovnaskola.mbuniverzitet.edu.rs\/wp-content\/uploads\/2025\/09\/pocetak-skole_14-300x200.jpg\" sizes=\"(max-width: 300px) 100vw, 300px\" srcset=\"https:\/\/mbosnovnaskola.mbuniverzitet.edu.rs\/wp-content\/uploads\/2025\/09\/pocetak-skole_14-300x200.jpg 300w, https:\/\/mbosnovnaskola.mbuniverzitet.edu.rs\/wp-content\/uploads\/2025\/09\/pocetak-skole_14-1024x683.jpg 1024w, https:\/\/mbosnovnaskola.mbuniverzitet.edu.rs\/wp-content\/uploads\/2025\/09\/pocetak-skole_14-768x512.jpg 768w, https:\/\/mbosnovnaskola.mbuniverzitet.edu.rs\/wp-content\/uploads\/2025\/09\/pocetak-skole_14.jpg 1200w\" alt=\"\" width=\"300\" height=\"200\" \/><\/a><\/p><p><a href=\"https:\/\/mbosnovnaskola.mbuniverzitet.edu.rs\/wp-content\/uploads\/2025\/09\/pocetak-skole_18.jpg\"><img loading=\"lazy\" decoding=\"async\" class=\"aligncenter wp-image-3709 size-medium\" src=\"https:\/\/mbosnovnaskola.mbuniverzitet.edu.rs\/wp-content\/uploads\/2025\/09\/pocetak-skole_18-200x300.jpg\" sizes=\"(max-width: 200px) 100vw, 200px\" srcset=\"https:\/\/mbosnovnaskola.mbuniverzitet.edu.rs\/wp-content\/uploads\/2025\/09\/pocetak-skole_18-200x300.jpg 200w, https:\/\/mbosnovnaskola.mbuniverzitet.edu.rs\/wp-content\/uploads\/2025\/09\/pocetak-skole_18-683x1024.jpg 683w, https:\/\/mbosnovnaskola.mbuniverzitet.edu.rs\/wp-content\/uploads\/2025\/09\/pocetak-skole_18-768x1152.jpg 768w, https:\/\/mbosnovnaskola.mbuniverzitet.edu.rs\/wp-content\/uploads\/2025\/09\/pocetak-skole_18-1024x1536.jpg 1024w, https:\/\/mbosnovnaskola.mbuniverzitet.edu.rs\/wp-content\/uploads\/2025\/09\/pocetak-skole_18.jpg 1200w\" alt=\"\" width=\"200\" height=\"300\" \/><\/a><\/p><\/div>\n\t\t\t\t\t<\/div><\/div>\t\t\t\t<\/div>\n\t\t\t\t<\/div>\n\t\t\t\t<div class=\"elementor-element elementor-element-be4cd8c exad-sticky-section-no exad-glass-effect-no elementor-widget elementor-widget-eael-adv-accordion\" data-id=\"be4cd8c\" data-element_type=\"widget\" data-e-type=\"widget\" data-widget_type=\"eael-adv-accordion.default\">\n\t\t\t\t<div class=\"elementor-widget-container\">\n\t\t\t\t\t            <div class=\"eael-adv-accordion\" id=\"eael-adv-accordion-be4cd8c\" data-scroll-on-click=\"no\" data-scroll-speed=\"300\" data-accordion-id=\"be4cd8c\" data-accordion-type=\"accordion\" data-toogle-speed=\"300\">\n            <div class=\"eael-accordion-list\">\n\t\t\t\t\t<div id=\"dana-28062025-godine-u-mladenovcu-kralja-petra-i-broj-372-u-1000-asova-na-univerzitetu-mb-poslovni-i-pravni-pravni-fakultet-organizovana-je-sveana-dodela-diploma-povodom-zavretka-kolovanja-osnovnih-i-master-akademskih-studija-studenata-na-studijskim-programima-poslovni-menadment-pravo-ekonomija-i-informacione-tehnologije-menadment-u-bezbednosti-menadment-u-sportu-i-likovna-umetnost-vidi-vie\" class=\"elementor-tab-title eael-accordion-header\" tabindex=\"0\" data-tab=\"1\" aria-controls=\"elementor-tab-content-1991\"><span class=\"eael-accordion-tab-title\">Dana 28.06.2025. godine u Mladenovcu, Kralja Petra I, broj 372 u 10:00 \u010dasova na Univerzitetu MB Poslovni i pravni pravni fakultet, organizovana je sve\u010dana dodela diploma povodom zavr\u0161etka \u0161kolovanja Osnovnih i Master akademskih studija studenata na studijskim programima Poslovni menad\u017ement, Pravo, Ekonomija i Informacione tehnologije, Menad\u017ement u bezbednosti, Menad\u017ement u sportu i Likovna umetnost (Vidi vi\u0161e)<\/span><\/div><div id=\"elementor-tab-content-1991\" class=\"eael-accordion-content clearfix\" data-tab=\"1\" aria-labelledby=\"dana-28062025-godine-u-mladenovcu-kralja-petra-i-broj-372-u-1000-asova-na-univerzitetu-mb-poslovni-i-pravni-pravni-fakultet-organizovana-je-sveana-dodela-diploma-povodom-zavretka-kolovanja-osnovnih-i-master-akademskih-studija-studenata-na-studijskim-programima-poslovni-menadment-pravo-ekonomija-i-informacione-tehnologije-menadment-u-bezbednosti-menadment-u-sportu-i-likovna-umetnost-vidi-vie\"><p>U predivnom prirodnom ambijentu prostora Univerziteta MB odr\u017eano je 23. sve\u010dano uru\u010denje diploma, sednica kolektiva, ru\u010dak i dru\u017eenje kolektiva. Pored prisutnih profesora, saradnika u nastavi, administracije, studenata, roditelja i brojne rodbine studenata sve\u010danosti i sve\u010danom ru\u010dku su prisustvovali predstavnici drugih univerziteta iz Republike Srbije i Crne Gore, prijatelji i poslovni partneri Univerziteta MB i predstavnici medija.<\/p><p><a href=\"https:\/\/mbuniverzitet.edu.rs\/wp-content\/uploads\/2025\/06\/Dodela-28.06.2025_sl1.jpg\"><img loading=\"lazy\" decoding=\"async\" class=\"aligncenter size-medium wp-image-18199\" src=\"https:\/\/mbuniverzitet.edu.rs\/wp-content\/uploads\/2025\/06\/Dodela-28.06.2025_sl1-300x169.jpg\" alt=\"\" width=\"300\" height=\"169\" srcset=\"https:\/\/mbuniverzitet.edu.rs\/wp-content\/uploads\/2025\/06\/Dodela-28.06.2025_sl1-300x169.jpg 300w, https:\/\/mbuniverzitet.edu.rs\/wp-content\/uploads\/2025\/06\/Dodela-28.06.2025_sl1-768x431.jpg 768w, https:\/\/mbuniverzitet.edu.rs\/wp-content\/uploads\/2025\/06\/Dodela-28.06.2025_sl1-18x10.jpg 18w, https:\/\/mbuniverzitet.edu.rs\/wp-content\/uploads\/2025\/06\/Dodela-28.06.2025_sl1.jpg 801w\" sizes=\"(max-width: 300px) 100vw, 300px\" \/><\/a><\/p><p><a href=\"https:\/\/mbuniverzitet.edu.rs\/wp-content\/uploads\/2025\/06\/Dodela-28.06.2025_sl2.jpg\"><img loading=\"lazy\" decoding=\"async\" class=\"aligncenter size-medium wp-image-18200\" src=\"https:\/\/mbuniverzitet.edu.rs\/wp-content\/uploads\/2025\/06\/Dodela-28.06.2025_sl2-300x169.jpg\" alt=\"\" width=\"300\" height=\"169\" srcset=\"https:\/\/mbuniverzitet.edu.rs\/wp-content\/uploads\/2025\/06\/Dodela-28.06.2025_sl2-300x169.jpg 300w, https:\/\/mbuniverzitet.edu.rs\/wp-content\/uploads\/2025\/06\/Dodela-28.06.2025_sl2-768x432.jpg 768w, https:\/\/mbuniverzitet.edu.rs\/wp-content\/uploads\/2025\/06\/Dodela-28.06.2025_sl2-18x10.jpg 18w, https:\/\/mbuniverzitet.edu.rs\/wp-content\/uploads\/2025\/06\/Dodela-28.06.2025_sl2.jpg 807w\" sizes=\"(max-width: 300px) 100vw, 300px\" \/><\/a><\/p><p>Vlasnici Univerziteta MB prof. dr Milija Bogavac i prof. dr \u017divanka Miladinovi\u0107-Bogavac su se kao i nebrojeno puta do sada pokazali odli\u010dnim doma\u0107inima, velikog srca i ose\u0107aja za ljude oko sebe, spremnih da uvek i rado do\u010dekaju i ugoste svoju rodbinu, stalno zaposlene, studente i brojne dobronamerne prijatelje.<\/p><p><a href=\"https:\/\/mbuniverzitet.edu.rs\/wp-content\/uploads\/2025\/06\/Dodela-28.06.2025_sl3.jpg\"><img loading=\"lazy\" decoding=\"async\" class=\"aligncenter size-medium wp-image-18201\" src=\"https:\/\/mbuniverzitet.edu.rs\/wp-content\/uploads\/2025\/06\/Dodela-28.06.2025_sl3-300x208.jpg\" alt=\"\" width=\"300\" height=\"208\" srcset=\"https:\/\/mbuniverzitet.edu.rs\/wp-content\/uploads\/2025\/06\/Dodela-28.06.2025_sl3-300x208.jpg 300w, https:\/\/mbuniverzitet.edu.rs\/wp-content\/uploads\/2025\/06\/Dodela-28.06.2025_sl3-18x12.jpg 18w, https:\/\/mbuniverzitet.edu.rs\/wp-content\/uploads\/2025\/06\/Dodela-28.06.2025_sl3.jpg 637w\" sizes=\"(max-width: 300px) 100vw, 300px\" \/><\/a><\/p><p><a href=\"https:\/\/mbuniverzitet.edu.rs\/wp-content\/uploads\/2025\/06\/Dodela-28.06.2025_sl4.jpg\"><img loading=\"lazy\" decoding=\"async\" class=\"aligncenter size-medium wp-image-18202\" src=\"https:\/\/mbuniverzitet.edu.rs\/wp-content\/uploads\/2025\/06\/Dodela-28.06.2025_sl4-300x169.jpg\" alt=\"\" width=\"300\" height=\"169\" srcset=\"https:\/\/mbuniverzitet.edu.rs\/wp-content\/uploads\/2025\/06\/Dodela-28.06.2025_sl4-300x169.jpg 300w, https:\/\/mbuniverzitet.edu.rs\/wp-content\/uploads\/2025\/06\/Dodela-28.06.2025_sl4-768x432.jpg 768w, https:\/\/mbuniverzitet.edu.rs\/wp-content\/uploads\/2025\/06\/Dodela-28.06.2025_sl4-18x10.jpg 18w, https:\/\/mbuniverzitet.edu.rs\/wp-content\/uploads\/2025\/06\/Dodela-28.06.2025_sl4.jpg 785w\" sizes=\"(max-width: 300px) 100vw, 300px\" \/><\/a><\/p><p>Restoran Veranda je i ovog puta potvrdio epitet lidera u regionu po pitanju pripreme dobre i raznovrsne hrane. Sve\u010danost su ponovo ukrasili a dru\u017eenje u\u010dinili bogatijim orkestar Dejana Petrovi\u0107a i najbolji estradni umetnici iz na\u0161e zemlje Nedeljko Bilki\u0107, Sre\u0107ko \u0160u\u0161i\u0107, Ivan Milinkovi\u0107 i drugi. \u00a0<\/p><p><a href=\"https:\/\/mbuniverzitet.edu.rs\/wp-content\/uploads\/2025\/06\/Dodela-28.06.2025_sl5.jpg\"><img loading=\"lazy\" decoding=\"async\" class=\"aligncenter size-medium wp-image-18198\" src=\"https:\/\/mbuniverzitet.edu.rs\/wp-content\/uploads\/2025\/06\/Dodela-28.06.2025_sl5-300x181.jpg\" alt=\"\" width=\"300\" height=\"181\" srcset=\"https:\/\/mbuniverzitet.edu.rs\/wp-content\/uploads\/2025\/06\/Dodela-28.06.2025_sl5-300x181.jpg 300w, https:\/\/mbuniverzitet.edu.rs\/wp-content\/uploads\/2025\/06\/Dodela-28.06.2025_sl5-768x463.jpg 768w, https:\/\/mbuniverzitet.edu.rs\/wp-content\/uploads\/2025\/06\/Dodela-28.06.2025_sl5-18x12.jpg 18w, https:\/\/mbuniverzitet.edu.rs\/wp-content\/uploads\/2025\/06\/Dodela-28.06.2025_sl5.jpg 788w\" sizes=\"(max-width: 300px) 100vw, 300px\" \/><\/a><\/p><p>Menad\u017ement\u00a0 i stalno zaposleni na Univerzitetu MB se pridru\u017euju iskrenim \u010destitkama diplomiranim studentima sa \u017eeljom da svojim znanjima budu konkurentni na tr\u017ei\u0161tu znanja u zemlji i svetu, da budu odli\u010dni dipomirani pravnici, in\u017eenjeri, ekonomisti i menad\u017eeri, dostojno prezentuju Univerzitet MB tokom radnog veka, formiraju porodice i budu korisni \u010dlanovi na\u0161eg dru\u0161tva.<\/p><p><br \/>Savet i menad\u017ement Univerziteta MB<\/p><p>\u00a0<\/p><\/div>\n\t\t\t\t\t<\/div><\/div>\t\t\t\t<\/div>\n\t\t\t\t<\/div>\n\t\t\t\t<div class=\"elementor-element elementor-element-6b8d560 exad-sticky-section-no exad-glass-effect-no elementor-widget elementor-widget-eael-adv-accordion\" data-id=\"6b8d560\" data-element_type=\"widget\" data-e-type=\"widget\" data-widget_type=\"eael-adv-accordion.default\">\n\t\t\t\t<div class=\"elementor-widget-container\">\n\t\t\t\t\t            <div class=\"eael-adv-accordion\" id=\"eael-adv-accordion-6b8d560\" data-scroll-on-click=\"no\" data-scroll-speed=\"300\" data-accordion-id=\"6b8d560\" data-accordion-type=\"accordion\" data-toogle-speed=\"300\">\n            <div class=\"eael-accordion-list\">\n\t\t\t\t\t<div id=\"drugi-upisni-rok-na-prvu-godinu-studija-20252026-prijem-dokumenata-za-upis-studenata-u-drugom-upisnom-roku-na-poslovni-i-pravni-fakultet-i-akademiju-klasinog-slikarstva-univerziteta-mb-poinje-u-ponedeljak-25-avgusta-2025-godine-polaganje-prijemnog-ispita-u-drugom-upisnom-roku-e-se-realizovati-08092025-godine-u-1000-asova-na-lokaciji-teodora-drajzera-27-u-beogradu-vidi-vie\" class=\"elementor-tab-title eael-accordion-header\" tabindex=\"0\" data-tab=\"1\" aria-controls=\"elementor-tab-content-1121\"><span class=\"eael-accordion-tab-title\">DRUGI UPISNI ROK NA PRVU GODINU STUDIJA 2025\/2026. Prijem dokumenata za upis studenata u DRUGOM upisnom roku na Poslovni i pravni fakultet i Akademiju klasi\u010dnog slikarstva Univerziteta ,,MB\u201c po\u010dinje u ponedeljak 25. avgusta 2025. godine. Polaganje prijemnog ispita u drugom upisnom roku \u0107e se realizovati 08.09.2025. godine u 10.00. \u010dasova na lokaciji Teodora Drajzera 27 u Beogradu. (Vidi vi\u0161e)<\/span><\/div><div id=\"elementor-tab-content-1121\" class=\"eael-accordion-content clearfix\" data-tab=\"1\" aria-labelledby=\"drugi-upisni-rok-na-prvu-godinu-studija-20252026-prijem-dokumenata-za-upis-studenata-u-drugom-upisnom-roku-na-poslovni-i-pravni-fakultet-i-akademiju-klasinog-slikarstva-univerziteta-mb-poinje-u-ponedeljak-25-avgusta-2025-godine-polaganje-prijemnog-ispita-u-drugom-upisnom-roku-e-se-realizovati-08092025-godine-u-1000-asova-na-lokaciji-teodora-drajzera-27-u-beogradu-vidi-vie\"><p><strong>Sve informacije se mogu dobiti u studentskom servisu na telefon<\/strong><\/p><p>+381 (11) 3391 641, +381 (11) 823 24 27<\/p><p>\u00a0ili mejlom na\u00a0\u00a0<a href=\"mailto:info@mbuniverzitet.edu.rs\">info@mbuniverzitet.edu.rs<\/a><\/p><p>Za on-lajn prijavu i vi\u0161e informacija posetite:<\/p><p><a href=\"https:\/\/mbuniverzitet.edu.rs\/upis\/\">https:\/\/mbuniverzitet.edu.rs\/upis\/<\/a><br \/><a href=\"https:\/\/mbuniverzitet.edu.rs\/wp-content\/uploads\/2024\/05\/PPF_Konkurs-za-upis_2024-2025.pdf\">https:\/\/mbuniverzitet.edu.rs\/wp-content\/uploads\/2024\/05\/PPF_Konkurs-za-upis_2024-2025.pdf<\/a><br \/><a href=\"https:\/\/aks.mbuniverzitet.edu.rs\/upis\/\">https:\/\/aks.mbuniverzitet.edu.rs\/upis\/<\/a><\/p><p><strong>Sve informacije o studijskim programima se nalaze na:<\/strong><\/p><p><a href=\"https:\/\/mbuniverzitet.edu.rs\/osnovne-akademske-studije\/\">Osnovne akademske studije \u2013 Univerzitet MB (mbuniverzitet.edu.rs)<\/a><\/p><p>Kandidati mogu izvr\u0161iti predaju dokumenata za upis na prvu godinu studija na\u00a0fakultetima Univerziteta ,,MB\u201c:<\/p><p>\u2013 u Beogradu, Teodora Drajzera 27, radnim danima od 10-16 \u010dasova -Studentska slu\u017eba u prizemlju.<\/p><p><strong>Za upis je potrebno dostaviti:<\/strong><\/p><p>\u2013 Original diplomu i svedo\u010danstva sva 4 razreda srednje \u0161kole (na uvid) i fotokopiju navedenih dokumenata (ne mora biti overena kopija). Ukoliko dokumenta srednje \u0161kole nisu na srpskom, hrvatskom, crnogorskom ili bosanskom jeziku potrebna je i kopija njihovih prevoda.<\/p><p>\u2013 Kandidat koji je zavr\u0161io srednju \u0161kolu van teritorije Republike Srbije (izuzetak Republika Srpska) ili je zavr\u0161io stranu \u0161kolu\/program u Republici Srbiji u obavezi je da nostrifikuje diplomu srednje \u0161kole u Agenciji za kvalifikacije. Prilikom upisa potrebno je dostaviti Odluku o priznavanju prethodno ste\u010dene strane \u0161kolske isprave iz Agencije za kvalifikacije, kao i fotokopiju originalne dokumentacije i njenih prevoda.<\/p><p>\u2013 Ukoliko Odluka o priznavanju prethodno ste\u010dene strane \u0161kolske isprave jo\u0161 uvek nije ura\u0111ena potrebno je dostaviti potvrdu Agencije za kvalifikacije o zapo\u010detom postupku i fotokopiju originalne dokumentacije i njenih prevoda.<\/p><p>\u2013 Dve fotografije za indeks dimenzija 3,5 x 4,5 cm;<\/p><p>\u2013 Li\u010dnu kartu ili fotokopiju li\u010dne karte bez \u010dipa. Strani dr\u017eavljani dostavljaju kopiju paso\u0161a (strana sa fotografijom i li\u010dnim podacima).<\/p><p>\u2013 Kandidati kojima je potrebna viza prila\u017eu i kopiju strane paso\u0161a sa boravi\u0161nom dozvolom (vizom), kao i kopiju prijave boravka koja se dobija u policiji. Za kandidate iz zemalja kojima nije potrebna viza kopira se strana paso\u0161a gde se vidi datum ulaska u Srbiju, a ukoliko se iz Crne Gore \/ BIH u Srbiju u\u0161lo sa li\u010dnom kartom mo\u017ee se naknadno dostaviti kopija prijave boravka koja se dobija u policiji;<\/p><p>\u2013 Kandidati iz drugih zemalja koji upisuju studije na srpskom jeziku \u2013 potvrda da vladaju srpskim jezikom \u2013 nivo C1 \u2013 ukoliko srednja \u0161kola nije zavr\u0161ena na srpskom, hrvatskom, crnogorskom ili bosanskom jeziku \u2013 mo\u017ee se doneti naknadno, najkasnije do upisa naredne \u0161kolske godine;<\/p><p>\u2013 Dokaz o uplati \u0161kolarine (minimalno 10%) ili potpisani predugovor o studiranju;<\/p><p>\u2013 Dokaz o uplati upisnog materijala i osiguranja;<\/p><p>\u2013 Za kandidate strane dr\u017eavljane \u2013 potvrda o upla\u0107enom zdravstvenom osiguranju u R. Srbiji.<\/p><p><strong>Uplata \u0161kolarine, osiguranja i upisnog materijala regulisati po uputstvu i rokovima iz studentske slu\u017ebe.<\/strong><\/p><\/div>\n\t\t\t\t\t<\/div><\/div>\t\t\t\t<\/div>\n\t\t\t\t<\/div>\n\t\t\t\t<div class=\"elementor-element elementor-element-a9adf8b exad-sticky-section-no exad-glass-effect-no elementor-widget elementor-widget-eael-adv-accordion\" data-id=\"a9adf8b\" data-element_type=\"widget\" data-e-type=\"widget\" data-widget_type=\"eael-adv-accordion.default\">\n\t\t\t\t<div class=\"elementor-widget-container\">\n\t\t\t\t\t            <div class=\"eael-adv-accordion\" id=\"eael-adv-accordion-a9adf8b\" data-scroll-on-click=\"no\" data-scroll-speed=\"300\" data-accordion-id=\"a9adf8b\" data-accordion-type=\"accordion\" data-toogle-speed=\"300\">\n            <div class=\"eael-accordion-list\">\n\t\t\t\t\t<div id=\"dana-28062025-godine-u-mladenovcu-kralja-petra-i-broj-372-u-1000-asova-na-univerzitetu-mb-poslovni-i-pravni-pravni-fakultet-organizovana-je-sveana-dodela-diploma-povodom-zavretka-kolovanja-osnovnih-i-master-akademskih-studija-studenata-na-studijskim-programima-poslovni-menadment-pravo-ekonomija-i-informacione-tehnologije-menadment-u-bezbednosti-menadment-u-sportu-i-likovna-umetnost-vidi-vie\" class=\"elementor-tab-title eael-accordion-header\" tabindex=\"0\" data-tab=\"1\" aria-controls=\"elementor-tab-content-1771\"><span class=\"eael-accordion-tab-title\">Dana 28.06.2025. godine u Mladenovcu, Kralja Petra I, broj 372 u 10:00 \u010dasova na Univerzitetu MB Poslovni i pravni pravni fakultet, organizovana je sve\u010dana dodela diploma povodom zavr\u0161etka \u0161kolovanja Osnovnih i Master akademskih studija studenata na studijskim programima Poslovni menad\u017ement, Pravo, Ekonomija i Informacione tehnologije, Menad\u017ement u bezbednosti, Menad\u017ement u sportu i Likovna umetnost (Vidi vi\u0161e)<\/span><\/div><div id=\"elementor-tab-content-1771\" class=\"eael-accordion-content clearfix\" data-tab=\"1\" aria-labelledby=\"dana-28062025-godine-u-mladenovcu-kralja-petra-i-broj-372-u-1000-asova-na-univerzitetu-mb-poslovni-i-pravni-pravni-fakultet-organizovana-je-sveana-dodela-diploma-povodom-zavretka-kolovanja-osnovnih-i-master-akademskih-studija-studenata-na-studijskim-programima-poslovni-menadment-pravo-ekonomija-i-informacione-tehnologije-menadment-u-bezbednosti-menadment-u-sportu-i-likovna-umetnost-vidi-vie\"><p>U predivnom prirodnom ambijentu prostora Univerziteta MB odr\u017eano je 23. sve\u010dano uru\u010denje diploma, sednica kolektiva, ru\u010dak i dru\u017eenje kolektiva. Pored prisutnih profesora, saradnika u nastavi, administracije, studenata, roditelja i brojne rodbine studenata sve\u010danosti i sve\u010danom ru\u010dku su prisustvovali predstavnici drugih univerziteta iz Republike Srbije i Crne Gore, prijatelji i poslovni partneri Univerziteta MB i predstavnici medija.<\/p><p><a href=\"https:\/\/mbuniverzitet.edu.rs\/wp-content\/uploads\/2025\/06\/Dodela-28.06.2025_sl1.jpg\"><img loading=\"lazy\" decoding=\"async\" class=\"aligncenter size-medium wp-image-18199\" src=\"https:\/\/mbuniverzitet.edu.rs\/wp-content\/uploads\/2025\/06\/Dodela-28.06.2025_sl1-300x169.jpg\" alt=\"\" width=\"300\" height=\"169\" srcset=\"https:\/\/mbuniverzitet.edu.rs\/wp-content\/uploads\/2025\/06\/Dodela-28.06.2025_sl1-300x169.jpg 300w, https:\/\/mbuniverzitet.edu.rs\/wp-content\/uploads\/2025\/06\/Dodela-28.06.2025_sl1-768x431.jpg 768w, https:\/\/mbuniverzitet.edu.rs\/wp-content\/uploads\/2025\/06\/Dodela-28.06.2025_sl1-18x10.jpg 18w, https:\/\/mbuniverzitet.edu.rs\/wp-content\/uploads\/2025\/06\/Dodela-28.06.2025_sl1.jpg 801w\" sizes=\"(max-width: 300px) 100vw, 300px\" \/><\/a><\/p><p><a href=\"https:\/\/mbuniverzitet.edu.rs\/wp-content\/uploads\/2025\/06\/Dodela-28.06.2025_sl2.jpg\"><img loading=\"lazy\" decoding=\"async\" class=\"aligncenter size-medium wp-image-18200\" src=\"https:\/\/mbuniverzitet.edu.rs\/wp-content\/uploads\/2025\/06\/Dodela-28.06.2025_sl2-300x169.jpg\" alt=\"\" width=\"300\" height=\"169\" srcset=\"https:\/\/mbuniverzitet.edu.rs\/wp-content\/uploads\/2025\/06\/Dodela-28.06.2025_sl2-300x169.jpg 300w, https:\/\/mbuniverzitet.edu.rs\/wp-content\/uploads\/2025\/06\/Dodela-28.06.2025_sl2-768x432.jpg 768w, https:\/\/mbuniverzitet.edu.rs\/wp-content\/uploads\/2025\/06\/Dodela-28.06.2025_sl2-18x10.jpg 18w, https:\/\/mbuniverzitet.edu.rs\/wp-content\/uploads\/2025\/06\/Dodela-28.06.2025_sl2.jpg 807w\" sizes=\"(max-width: 300px) 100vw, 300px\" \/><\/a><\/p><p>Vlasnici Univerziteta MB prof. dr Milija Bogavac i prof. dr \u017divanka Miladinovi\u0107-Bogavac su se kao i nebrojeno puta do sada pokazali odli\u010dnim doma\u0107inima, velikog srca i ose\u0107aja za ljude oko sebe, spremnih da uvek i rado do\u010dekaju i ugoste svoju rodbinu, stalno zaposlene, studente i brojne dobronamerne prijatelje.<\/p><p><a href=\"https:\/\/mbuniverzitet.edu.rs\/wp-content\/uploads\/2025\/06\/Dodela-28.06.2025_sl3.jpg\"><img loading=\"lazy\" decoding=\"async\" class=\"aligncenter size-medium wp-image-18201\" src=\"https:\/\/mbuniverzitet.edu.rs\/wp-content\/uploads\/2025\/06\/Dodela-28.06.2025_sl3-300x208.jpg\" alt=\"\" width=\"300\" height=\"208\" srcset=\"https:\/\/mbuniverzitet.edu.rs\/wp-content\/uploads\/2025\/06\/Dodela-28.06.2025_sl3-300x208.jpg 300w, https:\/\/mbuniverzitet.edu.rs\/wp-content\/uploads\/2025\/06\/Dodela-28.06.2025_sl3-18x12.jpg 18w, https:\/\/mbuniverzitet.edu.rs\/wp-content\/uploads\/2025\/06\/Dodela-28.06.2025_sl3.jpg 637w\" sizes=\"(max-width: 300px) 100vw, 300px\" \/><\/a><\/p><p><a href=\"https:\/\/mbuniverzitet.edu.rs\/wp-content\/uploads\/2025\/06\/Dodela-28.06.2025_sl4.jpg\"><img loading=\"lazy\" decoding=\"async\" class=\"aligncenter size-medium wp-image-18202\" src=\"https:\/\/mbuniverzitet.edu.rs\/wp-content\/uploads\/2025\/06\/Dodela-28.06.2025_sl4-300x169.jpg\" alt=\"\" width=\"300\" height=\"169\" srcset=\"https:\/\/mbuniverzitet.edu.rs\/wp-content\/uploads\/2025\/06\/Dodela-28.06.2025_sl4-300x169.jpg 300w, https:\/\/mbuniverzitet.edu.rs\/wp-content\/uploads\/2025\/06\/Dodela-28.06.2025_sl4-768x432.jpg 768w, https:\/\/mbuniverzitet.edu.rs\/wp-content\/uploads\/2025\/06\/Dodela-28.06.2025_sl4-18x10.jpg 18w, https:\/\/mbuniverzitet.edu.rs\/wp-content\/uploads\/2025\/06\/Dodela-28.06.2025_sl4.jpg 785w\" sizes=\"(max-width: 300px) 100vw, 300px\" \/><\/a><\/p><p>Restoran Veranda je i ovog puta potvrdio epitet lidera u regionu po pitanju pripreme dobre i raznovrsne hrane. Sve\u010danost su ponovo ukrasili a dru\u017eenje u\u010dinili bogatijim orkestar Dejana Petrovi\u0107a i najbolji estradni umetnici iz na\u0161e zemlje Nedeljko Bilki\u0107, Sre\u0107ko \u0160u\u0161i\u0107, Ivan Milinkovi\u0107 i drugi. \u00a0<\/p><p><a href=\"https:\/\/mbuniverzitet.edu.rs\/wp-content\/uploads\/2025\/06\/Dodela-28.06.2025_sl5.jpg\"><img loading=\"lazy\" decoding=\"async\" class=\"aligncenter size-medium wp-image-18198\" src=\"https:\/\/mbuniverzitet.edu.rs\/wp-content\/uploads\/2025\/06\/Dodela-28.06.2025_sl5-300x181.jpg\" alt=\"\" width=\"300\" height=\"181\" srcset=\"https:\/\/mbuniverzitet.edu.rs\/wp-content\/uploads\/2025\/06\/Dodela-28.06.2025_sl5-300x181.jpg 300w, https:\/\/mbuniverzitet.edu.rs\/wp-content\/uploads\/2025\/06\/Dodela-28.06.2025_sl5-768x463.jpg 768w, https:\/\/mbuniverzitet.edu.rs\/wp-content\/uploads\/2025\/06\/Dodela-28.06.2025_sl5-18x12.jpg 18w, https:\/\/mbuniverzitet.edu.rs\/wp-content\/uploads\/2025\/06\/Dodela-28.06.2025_sl5.jpg 788w\" sizes=\"(max-width: 300px) 100vw, 300px\" \/><\/a><\/p><p>Menad\u017ement\u00a0 i stalno zaposleni na Univerzitetu MB se pridru\u017euju iskrenim \u010destitkama diplomiranim studentima sa \u017eeljom da svojim znanjima budu konkurentni na tr\u017ei\u0161tu znanja u zemlji i svetu, da budu odli\u010dni dipomirani pravnici, in\u017eenjeri, ekonomisti i menad\u017eeri, dostojno prezentuju Univerzitet MB tokom radnog veka, formiraju porodice i budu korisni \u010dlanovi na\u0161eg dru\u0161tva.<\/p><p><br \/>Savet i menad\u017ement Univerziteta MB<\/p><p>\u00a0<\/p><\/div>\n\t\t\t\t\t<\/div><\/div>\t\t\t\t<\/div>\n\t\t\t\t<\/div>\n\t\t\t\t<div class=\"elementor-element elementor-element-ba1476c exad-sticky-section-no exad-glass-effect-no elementor-widget elementor-widget-eael-adv-accordion\" data-id=\"ba1476c\" data-element_type=\"widget\" data-e-type=\"widget\" data-widget_type=\"eael-adv-accordion.default\">\n\t\t\t\t<div class=\"elementor-widget-container\">\n\t\t\t\t\t            <div class=\"eael-adv-accordion\" id=\"eael-adv-accordion-ba1476c\" data-scroll-on-click=\"no\" data-scroll-speed=\"300\" data-accordion-id=\"ba1476c\" data-accordion-type=\"accordion\" data-toogle-speed=\"300\">\n            <div class=\"eael-accordion-list\">\n\t\t\t\t\t<div id=\"sveana-dodela-diploma-28062025godine-vidi-vie\" class=\"elementor-tab-title eael-accordion-header\" tabindex=\"0\" data-tab=\"1\" aria-controls=\"elementor-tab-content-1951\"><span class=\"eael-accordion-tab-title\">Sve\u010dana Dodela Diploma - 28.06.2025.godine. (Vidi Vi\u0161e)<\/span><\/div><div id=\"elementor-tab-content-1951\" class=\"eael-accordion-content clearfix\" data-tab=\"1\" aria-labelledby=\"sveana-dodela-diploma-28062025godine-vidi-vie\"><p>Po\u0161tovani diplomci,<\/p><p>Sve\u010dana dodela diploma (uru\u010divanje diplome, slikanje) za studente koji su u periodu od 29.01.2025. do 25.06.2025. zavr\u0161ili osnovne, master ili doktorske studije bi\u0107e odr\u017eana u subotu 28.06.2025. godine sa po\u010detkom u 10.00 \u010dasova u Mladenovcu u ulici Kralja Petra I broj 372.<\/p><p>Pozivaju se profesori, saradnici u nastavi, administracije, roditelji i rodbina studenata i prijatelji Univerziteta &#8222;MB&#8220;\u00a0 da svojim prisustvom uveli\u010daju sve\u010danu dodelu diploma.<\/p><p>Savet i menad\u017ement Univerziteta &#8222;MB&#8220;<\/p><\/div>\n\t\t\t\t\t<\/div><\/div>\t\t\t\t<\/div>\n\t\t\t\t<\/div>\n\t\t\t\t<div class=\"elementor-element elementor-element-e427358 exad-sticky-section-no exad-glass-effect-no elementor-widget elementor-widget-eael-adv-accordion\" data-id=\"e427358\" data-element_type=\"widget\" data-e-type=\"widget\" data-widget_type=\"eael-adv-accordion.default\">\n\t\t\t\t<div class=\"elementor-widget-container\">\n\t\t\t\t\t            <div class=\"eael-adv-accordion\" id=\"eael-adv-accordion-e427358\" data-scroll-on-click=\"no\" data-scroll-speed=\"300\" data-accordion-id=\"e427358\" data-accordion-type=\"accordion\" data-toogle-speed=\"300\">\n            <div class=\"eael-accordion-list\">\n\t\t\t\t\t<div id=\"sa-dubokom-tugom-obavetavamo-sve-studente-kolege-i-saradnike-da-je-u-svojoj-64-godini-preminula-prof-dr-violeta-iljak-dugogodinja-profesorka-na-studijskom-programu-menadment-u-sportu-poslovnog-i-pravnog-fakulteta-univerziteta-mb-vidi-vie\" class=\"elementor-tab-title eael-accordion-header\" tabindex=\"0\" data-tab=\"1\" aria-controls=\"elementor-tab-content-2391\"><span class=\"eael-accordion-tab-title\">Sa dubokom tugom obave\u0161tavamo sve studente, kolege i saradnike da je u svojoj 64. godini preminula prof. dr Violeta \u0160iljak, dugogodi\u0161nja profesorka na studijskom programu Menad\u017ement u sportu, Poslovnog i pravnog fakulteta Univerziteta MB. (Vidi vi\u0161e)<\/span><\/div><div id=\"elementor-tab-content-2391\" class=\"eael-accordion-content clearfix\" data-tab=\"1\" aria-labelledby=\"sa-dubokom-tugom-obavetavamo-sve-studente-kolege-i-saradnike-da-je-u-svojoj-64-godini-preminula-prof-dr-violeta-iljak-dugogodinja-profesorka-na-studijskom-programu-menadment-u-sportu-poslovnog-i-pravnog-fakulteta-univerziteta-mb-vidi-vie\"><p><a href=\"https:\/\/mbuniverzitet.edu.rs\/wp-content\/uploads\/2025\/06\/Prof-Siljak_IN-MEMORIAM.png\"><img loading=\"lazy\" decoding=\"async\" class=\"aligncenter size-medium wp-image-18173\" src=\"https:\/\/mbuniverzitet.edu.rs\/wp-content\/uploads\/2025\/06\/Prof-Siljak_IN-MEMORIAM-300x284.png\" alt=\"\" width=\"300\" height=\"284\" srcset=\"https:\/\/mbuniverzitet.edu.rs\/wp-content\/uploads\/2025\/06\/Prof-Siljak_IN-MEMORIAM-300x284.png 300w, https:\/\/mbuniverzitet.edu.rs\/wp-content\/uploads\/2025\/06\/Prof-Siljak_IN-MEMORIAM-13x12.png 13w, https:\/\/mbuniverzitet.edu.rs\/wp-content\/uploads\/2025\/06\/Prof-Siljak_IN-MEMORIAM.png 335w\" sizes=\"(max-width: 300px) 100vw, 300px\" \/><\/a><\/p><p>Profesorka \u0160iljak bila je istaknuti nau\u010dni radnik, predan pedagog i nosilac brojnih ideja vezanih za razvoj sportskog menad\u017ementa u na\u0161oj zemlji. Svojim znanjem, posve\u0107eno\u0161\u0107u i ljudsko\u0161\u0107u ostavila je neizbrisiv trag u generacijama studenata i kolega na fakultetima na kojim je do sada radila.<\/p><p>Gubitak profesorke \u0160iljak nepovratan je, a njena uspomena \u0107e zauvek \u017eiveti u na\u0161im srcima.<\/p><p>Ispra\u0107aj i sahrana nama drage koleginice prof. dr Violete \u0160iljak \u0107e biti na dan 16.06.2025. godine u 12.15 iz kapele na Novobe\u017eanijskom groblju.<\/p><p>Prilog: <a href=\"https:\/\/mbuniverzitet.edu.rs\/wp-content\/uploads\/2025\/06\/\u0411\u0438\u043e\u0433\u0440\u0430\u0444\u0438\u0458\u0430-Siljak-Violeta-Karton-naucnog-radnika.pdf\" target=\"_blank\" rel=\"noopener\">Biografija sa kartonom nau\u010dnog radnika za prof dr Violetu \u0160iljak.<\/a><\/p><p>Savet Univerziteta MB<\/p><\/div>\n\t\t\t\t\t<\/div><\/div>\t\t\t\t<\/div>\n\t\t\t\t<\/div>\n\t\t\t\t<div class=\"elementor-element elementor-element-f3b4db9 exad-sticky-section-no exad-glass-effect-no elementor-widget elementor-widget-eael-adv-accordion\" data-id=\"f3b4db9\" data-element_type=\"widget\" data-e-type=\"widget\" data-widget_type=\"eael-adv-accordion.default\">\n\t\t\t\t<div class=\"elementor-widget-container\">\n\t\t\t\t\t            <div class=\"eael-adv-accordion\" id=\"eael-adv-accordion-f3b4db9\" data-scroll-on-click=\"no\" data-scroll-speed=\"300\" data-accordion-id=\"f3b4db9\" data-accordion-type=\"accordion\" data-toogle-speed=\"300\">\n            <div class=\"eael-accordion-list\">\n\t\t\t\t\t<div id=\"dana-10062025-godine-u-1200-otvorena-je-godinja-izloba-radova-studenata-klasinog-slikarstva-vidi-vie\" class=\"elementor-tab-title eael-accordion-header\" tabindex=\"0\" data-tab=\"1\" aria-controls=\"elementor-tab-content-2551\"><span class=\"eael-accordion-tab-title\">Dana 10.06.2025. godine u 12.00 otvorena je GODI\u0160NJA IZLO\u017dBA RADOVA STUDENATA KLASI\u010cNOG SLIKARSTVA. (Vidi vi\u0161e)<\/span><\/div><div id=\"elementor-tab-content-2551\" class=\"eael-accordion-content clearfix\" data-tab=\"1\" aria-labelledby=\"dana-10062025-godine-u-1200-otvorena-je-godinja-izloba-radova-studenata-klasinog-slikarstva-vidi-vie\"><p>U\u010desnici izlo\u017ebe su studenti OAS i MAS Klasi\u010dno slikarstvo. Izlo\u017ebu su otvorili prorektorka za nastavu na Univerzitetu MB i predstavnik vlasnika prof. dr \u017divanka Miladinovi\u0107 Bogavac \u00a0i predsednik Saveta Univerziteta ,,MB\u201c profesor emeritus dr Du\u0161an Regodi\u0107, dipl in\u017e.<\/p><p><div style=\"width: 568px;\" class=\"wp-video\"><video class=\"wp-video-shortcode\" id=\"video-7582-2\" width=\"568\" height=\"320\" preload=\"metadata\" controls=\"controls\"><source type=\"video\/mp4\" src=\"https:\/\/mbuniverzitet.edu.rs\/wp-content\/uploads\/2025\/06\/Izlozba-AKS25_film.mp4?_=2\" \/><a href=\"https:\/\/mbuniverzitet.edu.rs\/wp-content\/uploads\/2025\/06\/Izlozba-AKS25_film.mp4\">https:\/\/mbuniverzitet.edu.rs\/wp-content\/uploads\/2025\/06\/Izlozba-AKS25_film.mp4<\/a><\/video><\/div><\/p><p>Na otvaranju je prigodno govorio i VD dekana prof MSc Nenad Stankovi\u0107. Godi\u0161nja izlo\u017eba predstavlja tekovinu studenata klasi\u010dnog slikarstva i svedo\u010danstvo o trajnoj vrednosti ovog umetni\u010dkog pravca, njegovom zna\u010daju za Republiku Srbiju i njegovoj ulozi u savremenoj likovnoj umetnosti. Nagla\u0161eno je da iza svakog studentskog rada stoji ne samo talenat i rad, ve\u0107 i strpljivi rad profesora Akademije kalsi\u010dnog slikarstva koji svojim znanjem i iskustvom vode mlade umetnike kroz proces stvaranja.<\/p><p>Profesori nisu bili samo nosioci znanja, tehnika i ve\u0161tina, ve\u0107 i mentori koji podsti\u010du kriti\u010dko mi\u0161ljenje, istra\u017eivanje i li\u010dni umetni\u010dki rast.<\/p><p><style id=\"bwg-style-1\">    #bwg_container1_1 #bwg_container2_1 .bwg-container-1.bwg-standard-thumbnails {      width: 1254px;              justify-content: center;        margin:0 auto !important;              background-color: rgba(255, 255, 255, 0.00);            padding-left: 4px;      padding-top: 4px;      max-width: 100%;            }        #bwg_container1_1 #bwg_container2_1 .bwg-container-1.bwg-standard-thumbnails .bwg-item {    justify-content: flex-start;      max-width: 250px;          }    #bwg_container1_1 #bwg_container2_1 .bwg-container-1.bwg-standard-thumbnails .bwg-item a {       margin-right: 4px;       margin-bottom: 4px;    }    #bwg_container1_1 #bwg_container2_1 .bwg-container-1.bwg-standard-thumbnails .bwg-item0 {      padding: 0px;            background-color:rgba(0,0,0, 0.30);      border: 5px none #FFFFFF;      opacity: 1.00;      border-radius: 0;      box-shadow: ;    }    #bwg_container1_1 #bwg_container2_1 .bwg-container-1.bwg-standard-thumbnails .bwg-item1 img {      max-height: none;      max-width: none;      padding: 0 !important;    }         @media only screen and (min-width: 480px) {\t\t#bwg_container1_1 #bwg_container2_1 .bwg-container-1.bwg-standard-thumbnails .bwg-item1 img {\t\t\t-webkit-transition: all .3s; transition: all .3s;\t\t}\t\t#bwg_container1_1 #bwg_container2_1 .bwg-container-1.bwg-standard-thumbnails .bwg-item1 img:hover {\t\t\t-ms-transform: scale(1.08);\t\t\t-webkit-transform: scale(1.08);\t\t\ttransform: scale(1.08);\t\t}\t\t\t\t.bwg-standard-thumbnails .bwg-zoom-effect .bwg-zoom-effect-overlay {\t\t\t\t\t\tbackground-color:rgba(0,0,0, 0.3);\t\t}\t\t.bwg-standard-thumbnails .bwg-zoom-effect:hover img {\t\t\t-ms-transform: scale(1.08);\t\t\t-webkit-transform: scale(1.08);\t\t\ttransform: scale(1.08);\t\t}\t\t      }\t    #bwg_container1_1 #bwg_container2_1 .bwg-container-1.bwg-standard-thumbnails .bwg-item1 {      padding-top: 56%;    }        #bwg_container1_1 #bwg_container2_1 .bwg-container-1.bwg-standard-thumbnails .bwg-title1 {      position: absolute;      top: 0;      z-index: 100;      width: 100%;      height: 100%;      display: flex;      justify-content: center;      align-content: center;      flex-direction: column;      opacity: 0;    }\t      #bwg_container1_1 #bwg_container2_1 .bwg-container-1.bwg-standard-thumbnails .bwg-title2,    #bwg_container1_1 #bwg_container2_1 .bwg-container-1.bwg-standard-thumbnails .bwg-ecommerce2 {      color: #FFFFFF;      font-family: Ubuntu;      font-size: 16px;      font-weight: bold;      padding: 5px;      text-shadow: ;      max-height: 100%;    }    #bwg_container1_1 #bwg_container2_1 .bwg-container-1.bwg-standard-thumbnails .bwg-thumb-description span {    color: #323A45;    font-family: Ubuntu;    font-size: 12px;    max-height: 100%;    word-wrap: break-word;    }    #bwg_container1_1 #bwg_container2_1 .bwg-container-1.bwg-standard-thumbnails .bwg-play-icon2 {      font-size: 32px;    }    #bwg_container1_1 #bwg_container2_1 .bwg-container-1.bwg-standard-thumbnails .bwg-ecommerce2 {      font-size: 19.2px;      color: #323A45;    }    <\/style>    <div id=\"bwg_container1_1\"         class=\"bwg_container bwg_thumbnail bwg_thumbnails \"         data-right-click-protection=\"0\"         data-bwg=\"1\"         data-scroll=\"0\"         data-gallery-type=\"thumbnails\"         data-gallery-view-type=\"thumbnails\"         data-current-url=\"\/arhiva-vesti\/\"         data-lightbox-url=\"https:\/\/mbuniverzitet.edu.rs\/wp-admin\/admin-ajax.php?action=GalleryBox&#038;current_view=1&#038;gallery_id=6&#038;tag=0&#038;theme_id=2&#038;shortcode_id=12&#038;sort_by=order&#038;order_by=asc&#038;current_url=%2Farhiva-vesti%2F\"         data-gallery-id=\"6\"         data-popup-width=\"800\"         data-popup-height=\"500\"         data-is-album=\"gallery\"         data-buttons-position=\"bottom\">      <div id=\"bwg_container2_1\">             <div id=\"ajax_loading_1\" class=\"bwg_loading_div_1\">      <div class=\"bwg_loading_div_2\">        <div class=\"bwg_loading_div_3\">          <div id=\"loading_div_1\" class=\"bwg_spider_ajax_loading\">          <\/div>        <\/div>      <\/div>    <\/div>            <form id=\"gal_front_form_1\"              class=\"bwg-hidden\"              method=\"post\"              action=\"#\"              data-current=\"1\"              data-shortcode-id=\"12\"              data-gallery-type=\"thumbnails\"              data-gallery-id=\"6\"              data-tag=\"0\"              data-album-id=\"0\"              data-theme-id=\"2\"              data-ajax-url=\"https:\/\/mbuniverzitet.edu.rs\/wp-admin\/admin-ajax.php?action=bwg_frontend_data\">          <div id=\"bwg_container3_1\" class=\"bwg-background bwg-background-1\">                <div data-max-count=\"5\"         data-thumbnail-width=\"250\"         data-bwg=\"1\"         data-gallery-id=\"6\"         data-lightbox-url=\"https:\/\/mbuniverzitet.edu.rs\/wp-admin\/admin-ajax.php?action=GalleryBox&amp;current_view=1&amp;gallery_id=6&amp;tag=0&amp;theme_id=2&amp;shortcode_id=12&amp;sort_by=order&amp;order_by=asc&amp;current_url=%2Farhiva-vesti%2F\"         id=\"bwg_thumbnails_1\"         class=\"bwg-container-1 bwg-thumbnails bwg-standard-thumbnails bwg-container bwg-border-box\">            <div class=\"bwg-item\">        <a class=\"bwg-a  bwg_lightbox\"  data-image-id=\"42\" href=\"https:\/\/mbuniverzitet.edu.rs\/wp-content\/uploads\/photo-gallery\/imported_from_media_libray\/Izlozba-AKS25_sl23.jpg?bwg=1749632915\" data-elementor-open-lightbox=\"no\">                <div class=\"bwg-item0 \">          <div class=\"bwg-item1 bwg-zoom-effect\">            <div class=\"bwg-item2\">              <img decoding=\"async\" class=\"skip-lazy bwg_standart_thumb_img_1 \"                   data-id=\"42\"                   data-width=\"375.00\"                   data-height=\"500.00\"                   data-src=\"https:\/\/mbuniverzitet.edu.rs\/wp-content\/uploads\/photo-gallery\/imported_from_media_libray\/thumb\/Izlozba-AKS25_sl23.jpg?bwg=1749632915\"                   src=\"https:\/\/mbuniverzitet.edu.rs\/wp-content\/uploads\/photo-gallery\/imported_from_media_libray\/thumb\/Izlozba-AKS25_sl23.jpg?bwg=1749632915\"                   alt=\"\"                   title=\"\" \/>            <\/div>            <div class=\"bwg-zoom-effect-overlay\">              <div class=\"bwg-title1\"><div class=\"bwg-title2\">&nbsp;<\/div><\/div>                                        <\/div>          <\/div>        <\/div>                        <\/a>              <\/div>            <div class=\"bwg-item\">        <a class=\"bwg-a  bwg_lightbox\"  data-image-id=\"43\" href=\"https:\/\/mbuniverzitet.edu.rs\/wp-content\/uploads\/photo-gallery\/imported_from_media_libray\/Izlozba-AKS25_sl22.jpg?bwg=1749632915\" data-elementor-open-lightbox=\"no\">                <div class=\"bwg-item0 \">          <div class=\"bwg-item1 bwg-zoom-effect\">            <div class=\"bwg-item2\">              <img decoding=\"async\" class=\"skip-lazy bwg_standart_thumb_img_1 \"                   data-id=\"43\"                   data-width=\"375.00\"                   data-height=\"500.00\"                   data-src=\"https:\/\/mbuniverzitet.edu.rs\/wp-content\/uploads\/photo-gallery\/imported_from_media_libray\/thumb\/Izlozba-AKS25_sl22.jpg?bwg=1749632915\"                   src=\"https:\/\/mbuniverzitet.edu.rs\/wp-content\/uploads\/photo-gallery\/imported_from_media_libray\/thumb\/Izlozba-AKS25_sl22.jpg?bwg=1749632915\"                   alt=\"\"                   title=\"\" \/>            <\/div>            <div class=\"bwg-zoom-effect-overlay\">              <div class=\"bwg-title1\"><div class=\"bwg-title2\">&nbsp;<\/div><\/div>                                        <\/div>          <\/div>        <\/div>                        <\/a>              <\/div>            <div class=\"bwg-item\">        <a class=\"bwg-a  bwg_lightbox\"  data-image-id=\"44\" href=\"https:\/\/mbuniverzitet.edu.rs\/wp-content\/uploads\/photo-gallery\/imported_from_media_libray\/Izlozba-AKS25_sl21.jpg?bwg=1749632915\" data-elementor-open-lightbox=\"no\">                <div class=\"bwg-item0 \">          <div class=\"bwg-item1 bwg-zoom-effect\">            <div class=\"bwg-item2\">              <img decoding=\"async\" class=\"skip-lazy bwg_standart_thumb_img_1 \"                   data-id=\"44\"                   data-width=\"375.00\"                   data-height=\"500.00\"                   data-src=\"https:\/\/mbuniverzitet.edu.rs\/wp-content\/uploads\/photo-gallery\/imported_from_media_libray\/thumb\/Izlozba-AKS25_sl21.jpg?bwg=1749632915\"                   src=\"https:\/\/mbuniverzitet.edu.rs\/wp-content\/uploads\/photo-gallery\/imported_from_media_libray\/thumb\/Izlozba-AKS25_sl21.jpg?bwg=1749632915\"                   alt=\"\"                   title=\"\" \/>            <\/div>            <div class=\"bwg-zoom-effect-overlay\">              <div class=\"bwg-title1\"><div class=\"bwg-title2\">&nbsp;<\/div><\/div>                                        <\/div>          <\/div>        <\/div>                        <\/a>              <\/div>            <div class=\"bwg-item\">        <a class=\"bwg-a  bwg_lightbox\"  data-image-id=\"45\" href=\"https:\/\/mbuniverzitet.edu.rs\/wp-content\/uploads\/photo-gallery\/imported_from_media_libray\/Izlozba-AKS25_sl20.jpg?bwg=1749632915\" data-elementor-open-lightbox=\"no\">                <div class=\"bwg-item0 \">          <div class=\"bwg-item1 bwg-zoom-effect\">            <div class=\"bwg-item2\">              <img decoding=\"async\" class=\"skip-lazy bwg_standart_thumb_img_1 \"                   data-id=\"45\"                   data-width=\"375.00\"                   data-height=\"500.00\"                   data-src=\"https:\/\/mbuniverzitet.edu.rs\/wp-content\/uploads\/photo-gallery\/imported_from_media_libray\/thumb\/Izlozba-AKS25_sl20.jpg?bwg=1749632915\"                   src=\"https:\/\/mbuniverzitet.edu.rs\/wp-content\/uploads\/photo-gallery\/imported_from_media_libray\/thumb\/Izlozba-AKS25_sl20.jpg?bwg=1749632915\"                   alt=\"\"                   title=\"\" \/>            <\/div>            <div class=\"bwg-zoom-effect-overlay\">              <div class=\"bwg-title1\"><div class=\"bwg-title2\">&nbsp;<\/div><\/div>                                        <\/div>          <\/div>        <\/div>                        <\/a>              <\/div>            <div class=\"bwg-item\">        <a class=\"bwg-a  bwg_lightbox\"  data-image-id=\"46\" href=\"https:\/\/mbuniverzitet.edu.rs\/wp-content\/uploads\/photo-gallery\/imported_from_media_libray\/Izlozba-AKS25_sl19.jpg?bwg=1749632915\" data-elementor-open-lightbox=\"no\">                <div class=\"bwg-item0 \">          <div class=\"bwg-item1 bwg-zoom-effect\">            <div class=\"bwg-item2\">              <img decoding=\"async\" class=\"skip-lazy bwg_standart_thumb_img_1 \"                   data-id=\"46\"                   data-width=\"375.00\"                   data-height=\"500.00\"                   data-src=\"https:\/\/mbuniverzitet.edu.rs\/wp-content\/uploads\/photo-gallery\/imported_from_media_libray\/thumb\/Izlozba-AKS25_sl19.jpg?bwg=1749632915\"                   src=\"https:\/\/mbuniverzitet.edu.rs\/wp-content\/uploads\/photo-gallery\/imported_from_media_libray\/thumb\/Izlozba-AKS25_sl19.jpg?bwg=1749632915\"                   alt=\"\"                   title=\"\" \/>            <\/div>            <div class=\"bwg-zoom-effect-overlay\">              <div class=\"bwg-title1\"><div class=\"bwg-title2\">&nbsp;<\/div><\/div>                                        <\/div>          <\/div>        <\/div>                        <\/a>              <\/div>            <div class=\"bwg-item\">        <a class=\"bwg-a  bwg_lightbox\"  data-image-id=\"47\" href=\"https:\/\/mbuniverzitet.edu.rs\/wp-content\/uploads\/photo-gallery\/imported_from_media_libray\/Izlozba-AKS25_sl18.jpg?bwg=1749632915\" data-elementor-open-lightbox=\"no\">                <div class=\"bwg-item0 \">          <div class=\"bwg-item1 bwg-zoom-effect\">            <div class=\"bwg-item2\">              <img decoding=\"async\" class=\"skip-lazy bwg_standart_thumb_img_1 \"                   data-id=\"47\"                   data-width=\"375.00\"                   data-height=\"500.00\"                   data-src=\"https:\/\/mbuniverzitet.edu.rs\/wp-content\/uploads\/photo-gallery\/imported_from_media_libray\/thumb\/Izlozba-AKS25_sl18.jpg?bwg=1749632915\"                   src=\"https:\/\/mbuniverzitet.edu.rs\/wp-content\/uploads\/photo-gallery\/imported_from_media_libray\/thumb\/Izlozba-AKS25_sl18.jpg?bwg=1749632915\"                   alt=\"\"                   title=\"\" \/>            <\/div>            <div class=\"bwg-zoom-effect-overlay\">              <div class=\"bwg-title1\"><div class=\"bwg-title2\">&nbsp;<\/div><\/div>                                        <\/div>          <\/div>        <\/div>                        <\/a>              <\/div>            <div class=\"bwg-item\">        <a class=\"bwg-a  bwg_lightbox\"  data-image-id=\"48\" href=\"https:\/\/mbuniverzitet.edu.rs\/wp-content\/uploads\/photo-gallery\/imported_from_media_libray\/Izlozba-AKS25_sl17.jpg?bwg=1749632915\" data-elementor-open-lightbox=\"no\">                <div class=\"bwg-item0 \">          <div class=\"bwg-item1 bwg-zoom-effect\">            <div class=\"bwg-item2\">              <img decoding=\"async\" class=\"skip-lazy bwg_standart_thumb_img_1 \"                   data-id=\"48\"                   data-width=\"375.00\"                   data-height=\"500.00\"                   data-src=\"https:\/\/mbuniverzitet.edu.rs\/wp-content\/uploads\/photo-gallery\/imported_from_media_libray\/thumb\/Izlozba-AKS25_sl17.jpg?bwg=1749632915\"                   src=\"https:\/\/mbuniverzitet.edu.rs\/wp-content\/uploads\/photo-gallery\/imported_from_media_libray\/thumb\/Izlozba-AKS25_sl17.jpg?bwg=1749632915\"                   alt=\"\"                   title=\"\" \/>            <\/div>            <div class=\"bwg-zoom-effect-overlay\">              <div class=\"bwg-title1\"><div class=\"bwg-title2\">&nbsp;<\/div><\/div>                                        <\/div>          <\/div>        <\/div>                        <\/a>              <\/div>            <div class=\"bwg-item\">        <a class=\"bwg-a  bwg_lightbox\"  data-image-id=\"49\" href=\"https:\/\/mbuniverzitet.edu.rs\/wp-content\/uploads\/photo-gallery\/imported_from_media_libray\/Izlozba-AKS25_sl16.jpg?bwg=1749632915\" data-elementor-open-lightbox=\"no\">                <div class=\"bwg-item0 \">          <div class=\"bwg-item1 bwg-zoom-effect\">            <div class=\"bwg-item2\">              <img decoding=\"async\" class=\"skip-lazy bwg_standart_thumb_img_1 \"                   data-id=\"49\"                   data-width=\"375.00\"                   data-height=\"500.00\"                   data-src=\"https:\/\/mbuniverzitet.edu.rs\/wp-content\/uploads\/photo-gallery\/imported_from_media_libray\/thumb\/Izlozba-AKS25_sl16.jpg?bwg=1749632915\"                   src=\"https:\/\/mbuniverzitet.edu.rs\/wp-content\/uploads\/photo-gallery\/imported_from_media_libray\/thumb\/Izlozba-AKS25_sl16.jpg?bwg=1749632915\"                   alt=\"\"                   title=\"\" \/>            <\/div>            <div class=\"bwg-zoom-effect-overlay\">              <div class=\"bwg-title1\"><div class=\"bwg-title2\">&nbsp;<\/div><\/div>                                        <\/div>          <\/div>        <\/div>                        <\/a>              <\/div>          <\/div>    <style>      \/*pagination styles*\/      #bwg_container1_1 #bwg_container2_1 .tablenav-pages_1 {\t\t\t\ttext-align: center;\t\t\t\tfont-size: 12px;\t\t\t\tfont-family: Ubuntu;\t\t\t\tfont-weight: bold;\t\t\t\tcolor: #666666;\t\t\t\tmargin: 6px 0 4px;\t\t\t\tdisplay: block;      }      @media only screen and (max-width : 320px) {      #bwg_container1_1 #bwg_container2_1 .displaying-num_1 {     \t display: none;      }      }      #bwg_container1_1 #bwg_container2_1 .displaying-num_1 {\t\t\t\tfont-size: 12px;\t\t\t\tfont-family: Ubuntu;\t\t\t\tfont-weight: bold;\t\t\t\tcolor: #666666;\t\t\t\tmargin-right: 10px;\t\t\t\tvertical-align: middle;      }      #bwg_container1_1 #bwg_container2_1 .paging-input_1 {\t\t\t\tfont-size: 12px;\t\t\t\tfont-family: Ubuntu;\t\t\t\tfont-weight: bold;\t\t\t\tcolor: #666666;\t\t\t\tvertical-align: middle;      }      #bwg_container1_1 #bwg_container2_1 .tablenav-pages_1 a.disabled,      #bwg_container1_1 #bwg_container2_1 .tablenav-pages_1 a.disabled:hover,      #bwg_container1_1 #bwg_container2_1 .tablenav-pages_1 a.disabled:focus,\t\t\t#bwg_container1_1 #bwg_container2_1 .tablenav-pages_1 input.bwg_current_page {\t\t\t\tcursor: default;\t\t\t\tcolor: rgba(102, 102, 102, 0.5);      }      #bwg_container1_1 #bwg_container2_1 .tablenav-pages_1 a,      #bwg_container1_1 #bwg_container2_1 .tablenav-pages_1 input.bwg_current_page {\t\t\t\tcursor: pointer;\t\t\t\ttext-align: center;\t\t\t\tfont-size: 12px;\t\t\t\tfont-family: Ubuntu;\t\t\t\tfont-weight: bold;\t\t\t\tcolor: #666666;\t\t\t\ttext-decoration: none;\t\t\t\tpadding: 3px 6px;\t\t\t\tmargin: 0;\t\t\t\tborder-radius: 0;\t\t\t\tborder-style: none;\t\t\t\tborder-width: 1px;\t\t\t\tborder-color: #E3E3E3;\t\t\t\t\t\t\t\tbackground-color: rgba(252, 252, 252, 1.00);\t\t\t\tbox-shadow: 0;\t\t\t\ttransition: all 0.3s ease 0s;-webkit-transition: all 0.3s ease 0s;      }      <\/style>      <span class=\"bwg_nav_cont_1\">              <div class=\"tablenav-pages_1\">                  <\/div>                <input type=\"hidden\" id=\"page_number_1\" name=\"page_number_1\" value=\"1\" \/>      <script type=\"text\/javascript\">        if( jQuery('.bwg_nav_cont_1').length > 1 ) {          jQuery('.bwg_nav_cont_1').first().remove()        }        function spider_page_1(cur, x, y, load_more) {          if (typeof load_more == \"undefined\") {            var load_more = false;          }          if (jQuery(cur).hasClass('disabled')) {            return false;          }          var items_county_1 = 1;          switch (y) {            case 1:              if (x >= items_county_1) {                document.getElementById('page_number_1').value = items_county_1;              }              else {                document.getElementById('page_number_1').value = x + 1;              }              break;            case 2:              document.getElementById('page_number_1').value = items_county_1;              break;            case -1:              if (x == 1) {                document.getElementById('page_number_1').value = 1;              }              else {                document.getElementById('page_number_1').value = x - 1;              }              break;            case -2:              document.getElementById('page_number_1').value = 1;              break;\t\t\t\t\t\tcase 0:              document.getElementById('page_number_1').value = x;              break;            default:              document.getElementById('page_number_1').value = 1;          }          bwg_ajax('gal_front_form_1', '1', 'bwg_thumbnails_1', '0', '', 'gallery', 0, '', '', load_more, '', 1);        }                    jQuery('.first-page-1').on('click', function () {              spider_page_1(this, 1, -2, 'numeric');              return false;            });            jQuery('.prev-page-1').on('click', function () {              spider_page_1(this, 1, -1, 'numeric');              return false;            });            jQuery('.next-page-1').on('click', function () {              spider_page_1(this, 1, 1, 'numeric');              return false;            });            jQuery('.last-page-1').on('click', function () {              spider_page_1(this, 1, 2, 'numeric');              return false;            });        \t\t\t\t\/* Change page on input enter. *\/        function bwg_change_page_1( e, that ) {          if (  e.key == 'Enter' ) {            var to_page = parseInt(jQuery(that).val());            var pages_count = jQuery(that).parents(\".pagination-links\").data(\"pages-count\");            var current_url_param = jQuery(that).attr('data-url-info');            if (to_page > pages_count) {              to_page = 1;            }\t \t\t\t\t\t\t\t\t\t\t\t\tspider_page_1(this, to_page, 0, 'numeric');\t\t\t\t\t\t\treturn false;\t\t\t\t\t\t          }          return true;        }        jQuery('.bwg_load_btn_1').on('click', function () {            spider_page_1(this, 1, 1, true);            return false;        });      <\/script>      <\/span>                <\/div>        <\/form>        <style>          #bwg_container1_1 #bwg_container2_1 #spider_popup_overlay_1 {          background-color: #000000;          opacity: 0.70;          }          <\/style>        <div id=\"bwg_spider_popup_loading_1\" class=\"bwg_spider_popup_loading\"><\/div>        <div id=\"spider_popup_overlay_1\" class=\"spider_popup_overlay\" onclick=\"spider_destroypopup(1000)\"><\/div>        <input type=\"hidden\" id=\"bwg_random_seed_1\" value=\"1341955693\">                <\/div>    <\/div>    <script>      if (document.readyState === 'complete') {        if( typeof bwg_main_ready == 'function' ) {          if ( jQuery(\"#bwg_container1_1\").height() ) {            bwg_main_ready(jQuery(\"#bwg_container1_1\"));          }        }      } else {        document.addEventListener('DOMContentLoaded', function() {          if( typeof bwg_main_ready == 'function' ) {            if ( jQuery(\"#bwg_container1_1\").height() ) {             bwg_main_ready(jQuery(\"#bwg_container1_1\"));            }          }        });      }    <\/script>    <a href=\"https:\/\/aks.mbuniverzitet.edu.rs\/wp-content\/uploads\/2024\/06\/Izlozba_sl1.jpg\"><br \/><\/a><\/p><p>Izlo\u017eba se tradicionalno organizuje svake godine i predstavlja selekciju najuspe\u0161nijih studentskih radova za \u0161kolsku 2024\/2025. godinu na Osnovnim i Master akademskim studijama \u00a0iz predmeta: Crtanje, Slikanje, Ve\u010dernji akt, Plasti\u010dna anatomija, Grafika, Slikarska tehnologija, Zidno slikarstvo i Restauracija i konzervacija.<\/p><p><style id=\"bwg-style-2\">    #bwg_container1_2 #bwg_container2_2 .bwg-container-2.bwg-standard-thumbnails {      width: 1254px;              justify-content: center;        margin:0 auto !important;              background-color: rgba(255, 255, 255, 0.00);            padding-left: 4px;      padding-top: 4px;      max-width: 100%;            }        #bwg_container1_2 #bwg_container2_2 .bwg-container-2.bwg-standard-thumbnails .bwg-item {    justify-content: flex-start;      max-width: 250px;          }    #bwg_container1_2 #bwg_container2_2 .bwg-container-2.bwg-standard-thumbnails .bwg-item a {       margin-right: 4px;       margin-bottom: 4px;    }    #bwg_container1_2 #bwg_container2_2 .bwg-container-2.bwg-standard-thumbnails .bwg-item0 {      padding: 0px;            background-color:rgba(0,0,0, 0.30);      border: 5px none #FFFFFF;      opacity: 1.00;      border-radius: 0;      box-shadow: ;    }    #bwg_container1_2 #bwg_container2_2 .bwg-container-2.bwg-standard-thumbnails .bwg-item1 img {      max-height: none;      max-width: none;      padding: 0 !important;    }         @media only screen and (min-width: 480px) {\t\t#bwg_container1_2 #bwg_container2_2 .bwg-container-2.bwg-standard-thumbnails .bwg-item1 img {\t\t\t-webkit-transition: all .3s; transition: all .3s;\t\t}\t\t#bwg_container1_2 #bwg_container2_2 .bwg-container-2.bwg-standard-thumbnails .bwg-item1 img:hover {\t\t\t-ms-transform: scale(1.08);\t\t\t-webkit-transform: scale(1.08);\t\t\ttransform: scale(1.08);\t\t}\t\t\t\t.bwg-standard-thumbnails .bwg-zoom-effect .bwg-zoom-effect-overlay {\t\t\t\t\t\tbackground-color:rgba(0,0,0, 0.3);\t\t}\t\t.bwg-standard-thumbnails .bwg-zoom-effect:hover img {\t\t\t-ms-transform: scale(1.08);\t\t\t-webkit-transform: scale(1.08);\t\t\ttransform: scale(1.08);\t\t}\t\t      }\t    #bwg_container1_2 #bwg_container2_2 .bwg-container-2.bwg-standard-thumbnails .bwg-item1 {      padding-top: 56%;    }        #bwg_container1_2 #bwg_container2_2 .bwg-container-2.bwg-standard-thumbnails .bwg-title1 {      position: absolute;      top: 0;      z-index: 100;      width: 100%;      height: 100%;      display: flex;      justify-content: center;      align-content: center;      flex-direction: column;      opacity: 0;    }\t      #bwg_container1_2 #bwg_container2_2 .bwg-container-2.bwg-standard-thumbnails .bwg-title2,    #bwg_container1_2 #bwg_container2_2 .bwg-container-2.bwg-standard-thumbnails .bwg-ecommerce2 {      color: #FFFFFF;      font-family: Ubuntu;      font-size: 16px;      font-weight: bold;      padding: 5px;      text-shadow: ;      max-height: 100%;    }    #bwg_container1_2 #bwg_container2_2 .bwg-container-2.bwg-standard-thumbnails .bwg-thumb-description span {    color: #323A45;    font-family: Ubuntu;    font-size: 12px;    max-height: 100%;    word-wrap: break-word;    }    #bwg_container1_2 #bwg_container2_2 .bwg-container-2.bwg-standard-thumbnails .bwg-play-icon2 {      font-size: 32px;    }    #bwg_container1_2 #bwg_container2_2 .bwg-container-2.bwg-standard-thumbnails .bwg-ecommerce2 {      font-size: 19.2px;      color: #323A45;    }    <\/style>    <div id=\"bwg_container1_2\"         class=\"bwg_container bwg_thumbnail bwg_thumbnails \"         data-right-click-protection=\"0\"         data-bwg=\"2\"         data-scroll=\"0\"         data-gallery-type=\"thumbnails\"         data-gallery-view-type=\"thumbnails\"         data-current-url=\"\/arhiva-vesti\/\"         data-lightbox-url=\"https:\/\/mbuniverzitet.edu.rs\/wp-admin\/admin-ajax.php?action=GalleryBox&#038;current_view=2&#038;gallery_id=7&#038;tag=0&#038;theme_id=2&#038;shortcode_id=14&#038;sort_by=order&#038;order_by=asc&#038;current_url=%2Farhiva-vesti%2F\"         data-gallery-id=\"7\"         data-popup-width=\"800\"         data-popup-height=\"500\"         data-is-album=\"gallery\"         data-buttons-position=\"bottom\">      <div id=\"bwg_container2_2\">             <div id=\"ajax_loading_2\" class=\"bwg_loading_div_1\">      <div class=\"bwg_loading_div_2\">        <div class=\"bwg_loading_div_3\">          <div id=\"loading_div_2\" class=\"bwg_spider_ajax_loading\">          <\/div>        <\/div>      <\/div>    <\/div>            <form id=\"gal_front_form_2\"              class=\"bwg-hidden\"              method=\"post\"              action=\"#\"              data-current=\"2\"              data-shortcode-id=\"14\"              data-gallery-type=\"thumbnails\"              data-gallery-id=\"7\"              data-tag=\"0\"              data-album-id=\"0\"              data-theme-id=\"2\"              data-ajax-url=\"https:\/\/mbuniverzitet.edu.rs\/wp-admin\/admin-ajax.php?action=bwg_frontend_data\">          <div id=\"bwg_container3_2\" class=\"bwg-background bwg-background-2\">                <div data-max-count=\"5\"         data-thumbnail-width=\"250\"         data-bwg=\"2\"         data-gallery-id=\"7\"         data-lightbox-url=\"https:\/\/mbuniverzitet.edu.rs\/wp-admin\/admin-ajax.php?action=GalleryBox&amp;current_view=2&amp;gallery_id=7&amp;tag=0&amp;theme_id=2&amp;shortcode_id=14&amp;sort_by=order&amp;order_by=asc&amp;current_url=%2Farhiva-vesti%2F\"         id=\"bwg_thumbnails_2\"         class=\"bwg-container-2 bwg-thumbnails bwg-standard-thumbnails bwg-container bwg-border-box\">            <div class=\"bwg-item\">        <a class=\"bwg-a  bwg_lightbox\"  data-image-id=\"51\" href=\"https:\/\/mbuniverzitet.edu.rs\/wp-content\/uploads\/photo-gallery\/imported_from_media_libray\/Izlozba-AKS25_sl14.jpg?bwg=1749633125\" data-elementor-open-lightbox=\"no\">                <div class=\"bwg-item0 \">          <div class=\"bwg-item1 bwg-zoom-effect\">            <div class=\"bwg-item2\">              <img decoding=\"async\" class=\"skip-lazy bwg_standart_thumb_img_2 \"                   data-id=\"51\"                   data-width=\"375.00\"                   data-height=\"500.00\"                   data-src=\"https:\/\/mbuniverzitet.edu.rs\/wp-content\/uploads\/photo-gallery\/imported_from_media_libray\/thumb\/Izlozba-AKS25_sl14.jpg?bwg=1749633125\"                   src=\"https:\/\/mbuniverzitet.edu.rs\/wp-content\/uploads\/photo-gallery\/imported_from_media_libray\/thumb\/Izlozba-AKS25_sl14.jpg?bwg=1749633125\"                   alt=\"\"                   title=\"\" \/>            <\/div>            <div class=\"bwg-zoom-effect-overlay\">              <div class=\"bwg-title1\"><div class=\"bwg-title2\">&nbsp;<\/div><\/div>                                        <\/div>          <\/div>        <\/div>                        <\/a>              <\/div>            <div class=\"bwg-item\">        <a class=\"bwg-a  bwg_lightbox\"  data-image-id=\"52\" href=\"https:\/\/mbuniverzitet.edu.rs\/wp-content\/uploads\/photo-gallery\/imported_from_media_libray\/Izlozba-AKS25_sl13.jpg?bwg=1749633125\" data-elementor-open-lightbox=\"no\">                <div class=\"bwg-item0 \">          <div class=\"bwg-item1 bwg-zoom-effect\">            <div class=\"bwg-item2\">              <img decoding=\"async\" class=\"skip-lazy bwg_standart_thumb_img_2 \"                   data-id=\"52\"                   data-width=\"375.00\"                   data-height=\"500.00\"                   data-src=\"https:\/\/mbuniverzitet.edu.rs\/wp-content\/uploads\/photo-gallery\/imported_from_media_libray\/thumb\/Izlozba-AKS25_sl13.jpg?bwg=1749633125\"                   src=\"https:\/\/mbuniverzitet.edu.rs\/wp-content\/uploads\/photo-gallery\/imported_from_media_libray\/thumb\/Izlozba-AKS25_sl13.jpg?bwg=1749633125\"                   alt=\"\"                   title=\"\" \/>            <\/div>            <div class=\"bwg-zoom-effect-overlay\">              <div class=\"bwg-title1\"><div class=\"bwg-title2\">&nbsp;<\/div><\/div>                                        <\/div>          <\/div>        <\/div>                        <\/a>              <\/div>            <div class=\"bwg-item\">        <a class=\"bwg-a  bwg_lightbox\"  data-image-id=\"53\" href=\"https:\/\/mbuniverzitet.edu.rs\/wp-content\/uploads\/photo-gallery\/imported_from_media_libray\/Izlozba-AKS25_sl12.jpg?bwg=1749633125\" data-elementor-open-lightbox=\"no\">                <div class=\"bwg-item0 \">          <div class=\"bwg-item1 bwg-zoom-effect\">            <div class=\"bwg-item2\">              <img decoding=\"async\" class=\"skip-lazy bwg_standart_thumb_img_2 \"                   data-id=\"53\"                   data-width=\"375.00\"                   data-height=\"500.00\"                   data-src=\"https:\/\/mbuniverzitet.edu.rs\/wp-content\/uploads\/photo-gallery\/imported_from_media_libray\/thumb\/Izlozba-AKS25_sl12.jpg?bwg=1749633125\"                   src=\"https:\/\/mbuniverzitet.edu.rs\/wp-content\/uploads\/photo-gallery\/imported_from_media_libray\/thumb\/Izlozba-AKS25_sl12.jpg?bwg=1749633125\"                   alt=\"\"                   title=\"\" \/>            <\/div>            <div class=\"bwg-zoom-effect-overlay\">              <div class=\"bwg-title1\"><div class=\"bwg-title2\">&nbsp;<\/div><\/div>                                        <\/div>          <\/div>        <\/div>                        <\/a>              <\/div>            <div class=\"bwg-item\">        <a class=\"bwg-a  bwg_lightbox\"  data-image-id=\"54\" href=\"https:\/\/mbuniverzitet.edu.rs\/wp-content\/uploads\/photo-gallery\/imported_from_media_libray\/Izlozba-AKS25_sl11.jpg?bwg=1749633125\" data-elementor-open-lightbox=\"no\">                <div class=\"bwg-item0 \">          <div class=\"bwg-item1 bwg-zoom-effect\">            <div class=\"bwg-item2\">              <img decoding=\"async\" class=\"skip-lazy bwg_standart_thumb_img_2 \"                   data-id=\"54\"                   data-width=\"375.00\"                   data-height=\"500.00\"                   data-src=\"https:\/\/mbuniverzitet.edu.rs\/wp-content\/uploads\/photo-gallery\/imported_from_media_libray\/thumb\/Izlozba-AKS25_sl11.jpg?bwg=1749633125\"                   src=\"https:\/\/mbuniverzitet.edu.rs\/wp-content\/uploads\/photo-gallery\/imported_from_media_libray\/thumb\/Izlozba-AKS25_sl11.jpg?bwg=1749633125\"                   alt=\"\"                   title=\"\" \/>            <\/div>            <div class=\"bwg-zoom-effect-overlay\">              <div class=\"bwg-title1\"><div class=\"bwg-title2\">&nbsp;<\/div><\/div>                                        <\/div>          <\/div>        <\/div>                        <\/a>              <\/div>            <div class=\"bwg-item\">        <a class=\"bwg-a  bwg_lightbox\"  data-image-id=\"55\" href=\"https:\/\/mbuniverzitet.edu.rs\/wp-content\/uploads\/photo-gallery\/imported_from_media_libray\/Izlozba-AKS25_sl10.jpg?bwg=1749633125\" data-elementor-open-lightbox=\"no\">                <div class=\"bwg-item0 \">          <div class=\"bwg-item1 bwg-zoom-effect\">            <div class=\"bwg-item2\">              <img decoding=\"async\" class=\"skip-lazy bwg_standart_thumb_img_2 \"                   data-id=\"55\"                   data-width=\"375.00\"                   data-height=\"500.00\"                   data-src=\"https:\/\/mbuniverzitet.edu.rs\/wp-content\/uploads\/photo-gallery\/imported_from_media_libray\/thumb\/Izlozba-AKS25_sl10.jpg?bwg=1749633125\"                   src=\"https:\/\/mbuniverzitet.edu.rs\/wp-content\/uploads\/photo-gallery\/imported_from_media_libray\/thumb\/Izlozba-AKS25_sl10.jpg?bwg=1749633125\"                   alt=\"\"                   title=\"\" \/>            <\/div>            <div class=\"bwg-zoom-effect-overlay\">              <div class=\"bwg-title1\"><div class=\"bwg-title2\">&nbsp;<\/div><\/div>                                        <\/div>          <\/div>        <\/div>                        <\/a>              <\/div>            <div class=\"bwg-item\">        <a class=\"bwg-a  bwg_lightbox\"  data-image-id=\"56\" href=\"https:\/\/mbuniverzitet.edu.rs\/wp-content\/uploads\/photo-gallery\/imported_from_media_libray\/Izlozba-AKS25_sl9.jpg?bwg=1749633125\" data-elementor-open-lightbox=\"no\">                <div class=\"bwg-item0 \">          <div class=\"bwg-item1 bwg-zoom-effect\">            <div class=\"bwg-item2\">              <img decoding=\"async\" class=\"skip-lazy bwg_standart_thumb_img_2 \"                   data-id=\"56\"                   data-width=\"375.00\"                   data-height=\"500.00\"                   data-src=\"https:\/\/mbuniverzitet.edu.rs\/wp-content\/uploads\/photo-gallery\/imported_from_media_libray\/thumb\/Izlozba-AKS25_sl9.jpg?bwg=1749633125\"                   src=\"https:\/\/mbuniverzitet.edu.rs\/wp-content\/uploads\/photo-gallery\/imported_from_media_libray\/thumb\/Izlozba-AKS25_sl9.jpg?bwg=1749633125\"                   alt=\"\"                   title=\"\" \/>            <\/div>            <div class=\"bwg-zoom-effect-overlay\">              <div class=\"bwg-title1\"><div class=\"bwg-title2\">&nbsp;<\/div><\/div>                                        <\/div>          <\/div>        <\/div>                        <\/a>              <\/div>            <div class=\"bwg-item\">        <a class=\"bwg-a  bwg_lightbox\"  data-image-id=\"57\" href=\"https:\/\/mbuniverzitet.edu.rs\/wp-content\/uploads\/photo-gallery\/imported_from_media_libray\/Izlozba-AKS25_sl8.jpg?bwg=1749633125\" data-elementor-open-lightbox=\"no\">                <div class=\"bwg-item0 \">          <div class=\"bwg-item1 bwg-zoom-effect\">            <div class=\"bwg-item2\">              <img decoding=\"async\" class=\"skip-lazy bwg_standart_thumb_img_2 \"                   data-id=\"57\"                   data-width=\"375.00\"                   data-height=\"500.00\"                   data-src=\"https:\/\/mbuniverzitet.edu.rs\/wp-content\/uploads\/photo-gallery\/imported_from_media_libray\/thumb\/Izlozba-AKS25_sl8.jpg?bwg=1749633125\"                   src=\"https:\/\/mbuniverzitet.edu.rs\/wp-content\/uploads\/photo-gallery\/imported_from_media_libray\/thumb\/Izlozba-AKS25_sl8.jpg?bwg=1749633125\"                   alt=\"\"                   title=\"\" \/>            <\/div>            <div class=\"bwg-zoom-effect-overlay\">              <div class=\"bwg-title1\"><div class=\"bwg-title2\">&nbsp;<\/div><\/div>                                        <\/div>          <\/div>        <\/div>                        <\/a>              <\/div>            <div class=\"bwg-item\">        <a class=\"bwg-a  bwg_lightbox\"  data-image-id=\"58\" href=\"https:\/\/mbuniverzitet.edu.rs\/wp-content\/uploads\/photo-gallery\/imported_from_media_libray\/Izlozba-AKS25_sl7.jpg?bwg=1749633125\" data-elementor-open-lightbox=\"no\">                <div class=\"bwg-item0 \">          <div class=\"bwg-item1 bwg-zoom-effect\">            <div class=\"bwg-item2\">              <img decoding=\"async\" class=\"skip-lazy bwg_standart_thumb_img_2 \"                   data-id=\"58\"                   data-width=\"375.00\"                   data-height=\"500.00\"                   data-src=\"https:\/\/mbuniverzitet.edu.rs\/wp-content\/uploads\/photo-gallery\/imported_from_media_libray\/thumb\/Izlozba-AKS25_sl7.jpg?bwg=1749633125\"                   src=\"https:\/\/mbuniverzitet.edu.rs\/wp-content\/uploads\/photo-gallery\/imported_from_media_libray\/thumb\/Izlozba-AKS25_sl7.jpg?bwg=1749633125\"                   alt=\"\"                   title=\"\" \/>            <\/div>            <div class=\"bwg-zoom-effect-overlay\">              <div class=\"bwg-title1\"><div class=\"bwg-title2\">&nbsp;<\/div><\/div>                                        <\/div>          <\/div>        <\/div>                        <\/a>              <\/div>          <\/div>    <style>      \/*pagination styles*\/      #bwg_container1_2 #bwg_container2_2 .tablenav-pages_2 {\t\t\t\ttext-align: center;\t\t\t\tfont-size: 12px;\t\t\t\tfont-family: Ubuntu;\t\t\t\tfont-weight: bold;\t\t\t\tcolor: #666666;\t\t\t\tmargin: 6px 0 4px;\t\t\t\tdisplay: block;      }      @media only screen and (max-width : 320px) {      #bwg_container1_2 #bwg_container2_2 .displaying-num_2 {     \t display: none;      }      }      #bwg_container1_2 #bwg_container2_2 .displaying-num_2 {\t\t\t\tfont-size: 12px;\t\t\t\tfont-family: Ubuntu;\t\t\t\tfont-weight: bold;\t\t\t\tcolor: #666666;\t\t\t\tmargin-right: 10px;\t\t\t\tvertical-align: middle;      }      #bwg_container1_2 #bwg_container2_2 .paging-input_2 {\t\t\t\tfont-size: 12px;\t\t\t\tfont-family: Ubuntu;\t\t\t\tfont-weight: bold;\t\t\t\tcolor: #666666;\t\t\t\tvertical-align: middle;      }      #bwg_container1_2 #bwg_container2_2 .tablenav-pages_2 a.disabled,      #bwg_container1_2 #bwg_container2_2 .tablenav-pages_2 a.disabled:hover,      #bwg_container1_2 #bwg_container2_2 .tablenav-pages_2 a.disabled:focus,\t\t\t#bwg_container1_2 #bwg_container2_2 .tablenav-pages_2 input.bwg_current_page {\t\t\t\tcursor: default;\t\t\t\tcolor: rgba(102, 102, 102, 0.5);      }      #bwg_container1_2 #bwg_container2_2 .tablenav-pages_2 a,      #bwg_container1_2 #bwg_container2_2 .tablenav-pages_2 input.bwg_current_page {\t\t\t\tcursor: pointer;\t\t\t\ttext-align: center;\t\t\t\tfont-size: 12px;\t\t\t\tfont-family: Ubuntu;\t\t\t\tfont-weight: bold;\t\t\t\tcolor: #666666;\t\t\t\ttext-decoration: none;\t\t\t\tpadding: 3px 6px;\t\t\t\tmargin: 0;\t\t\t\tborder-radius: 0;\t\t\t\tborder-style: none;\t\t\t\tborder-width: 1px;\t\t\t\tborder-color: #E3E3E3;\t\t\t\t\t\t\t\tbackground-color: rgba(252, 252, 252, 1.00);\t\t\t\tbox-shadow: 0;\t\t\t\ttransition: all 0.3s ease 0s;-webkit-transition: all 0.3s ease 0s;      }      <\/style>      <span class=\"bwg_nav_cont_2\">              <div class=\"tablenav-pages_2\">                  <\/div>                <input type=\"hidden\" id=\"page_number_2\" name=\"page_number_2\" value=\"1\" \/>      <script type=\"text\/javascript\">        if( jQuery('.bwg_nav_cont_2').length > 1 ) {          jQuery('.bwg_nav_cont_2').first().remove()        }        function spider_page_2(cur, x, y, load_more) {          if (typeof load_more == \"undefined\") {            var load_more = false;          }          if (jQuery(cur).hasClass('disabled')) {            return false;          }          var items_county_2 = 1;          switch (y) {            case 1:              if (x >= items_county_2) {                document.getElementById('page_number_2').value = items_county_2;              }              else {                document.getElementById('page_number_2').value = x + 1;              }              break;            case 2:              document.getElementById('page_number_2').value = items_county_2;              break;            case -1:              if (x == 1) {                document.getElementById('page_number_2').value = 1;              }              else {                document.getElementById('page_number_2').value = x - 1;              }              break;            case -2:              document.getElementById('page_number_2').value = 1;              break;\t\t\t\t\t\tcase 0:              document.getElementById('page_number_2').value = x;              break;            default:              document.getElementById('page_number_2').value = 1;          }          bwg_ajax('gal_front_form_2', '2', 'bwg_thumbnails_2', '0', '', 'gallery', 0, '', '', load_more, '', 1);        }                    jQuery('.first-page-2').on('click', function () {              spider_page_2(this, 1, -2, 'numeric');              return false;            });            jQuery('.prev-page-2').on('click', function () {              spider_page_2(this, 1, -1, 'numeric');              return false;            });            jQuery('.next-page-2').on('click', function () {              spider_page_2(this, 1, 1, 'numeric');              return false;            });            jQuery('.last-page-2').on('click', function () {              spider_page_2(this, 1, 2, 'numeric');              return false;            });        \t\t\t\t\/* Change page on input enter. *\/        function bwg_change_page_2( e, that ) {          if (  e.key == 'Enter' ) {            var to_page = parseInt(jQuery(that).val());            var pages_count = jQuery(that).parents(\".pagination-links\").data(\"pages-count\");            var current_url_param = jQuery(that).attr('data-url-info');            if (to_page > pages_count) {              to_page = 1;            }\t \t\t\t\t\t\t\t\t\t\t\t\tspider_page_2(this, to_page, 0, 'numeric');\t\t\t\t\t\t\treturn false;\t\t\t\t\t\t          }          return true;        }        jQuery('.bwg_load_btn_2').on('click', function () {            spider_page_2(this, 1, 1, true);            return false;        });      <\/script>      <\/span>                <\/div>        <\/form>        <style>          #bwg_container1_2 #bwg_container2_2 #spider_popup_overlay_2 {          background-color: #000000;          opacity: 0.70;          }          <\/style>        <div id=\"bwg_spider_popup_loading_2\" class=\"bwg_spider_popup_loading\"><\/div>        <div id=\"spider_popup_overlay_2\" class=\"spider_popup_overlay\" onclick=\"spider_destroypopup(1000)\"><\/div>        <input type=\"hidden\" id=\"bwg_random_seed_2\" value=\"242324173\">                <\/div>    <\/div>    <script>      if (document.readyState === 'complete') {        if( typeof bwg_main_ready == 'function' ) {          if ( jQuery(\"#bwg_container1_2\").height() ) {            bwg_main_ready(jQuery(\"#bwg_container1_2\"));          }        }      } else {        document.addEventListener('DOMContentLoaded', function() {          if( typeof bwg_main_ready == 'function' ) {            if ( jQuery(\"#bwg_container1_2\").height() ) {             bwg_main_ready(jQuery(\"#bwg_container1_2\"));            }          }        });      }    <\/script>    <\/p><p>Izlo\u017eba nije samo proslava dostignu\u0107a, ve\u0107 i podsetnik na snagu klasi\u010dnog slikarstva kao ve\u010dnog izvora inspiracije. Neka ovi radovi budu podsticaj za dalji rad, a nama neka pru\u017ee uvid u lepotu i dubinu koju studenti, uz pomo\u0107 svojih profesora, umeju da stvore.<\/p><p>Izlo\u017eba je otvorena od 10.06. do 24.06.2025. godine. Postavka radova studenata je u prostorijama Akademije klasi\u010dnog slikarstva, Teodora Drajzera 27A, Beograd.<\/p><p><style id=\"bwg-style-3\">    #bwg_container1_3 #bwg_container2_3 .bwg-container-3.bwg-standard-thumbnails {      width: 1254px;              justify-content: center;        margin:0 auto !important;              background-color: rgba(255, 255, 255, 0.00);            padding-left: 4px;      padding-top: 4px;      max-width: 100%;            }        #bwg_container1_3 #bwg_container2_3 .bwg-container-3.bwg-standard-thumbnails .bwg-item {    justify-content: flex-start;      max-width: 250px;          }    #bwg_container1_3 #bwg_container2_3 .bwg-container-3.bwg-standard-thumbnails .bwg-item a {       margin-right: 4px;       margin-bottom: 4px;    }    #bwg_container1_3 #bwg_container2_3 .bwg-container-3.bwg-standard-thumbnails .bwg-item0 {      padding: 0px;            background-color:rgba(0,0,0, 0.30);      border: 5px none #FFFFFF;      opacity: 1.00;      border-radius: 0;      box-shadow: ;    }    #bwg_container1_3 #bwg_container2_3 .bwg-container-3.bwg-standard-thumbnails .bwg-item1 img {      max-height: none;      max-width: none;      padding: 0 !important;    }         @media only screen and (min-width: 480px) {\t\t#bwg_container1_3 #bwg_container2_3 .bwg-container-3.bwg-standard-thumbnails .bwg-item1 img {\t\t\t-webkit-transition: all .3s; transition: all .3s;\t\t}\t\t#bwg_container1_3 #bwg_container2_3 .bwg-container-3.bwg-standard-thumbnails .bwg-item1 img:hover {\t\t\t-ms-transform: scale(1.08);\t\t\t-webkit-transform: scale(1.08);\t\t\ttransform: scale(1.08);\t\t}\t\t\t\t.bwg-standard-thumbnails .bwg-zoom-effect .bwg-zoom-effect-overlay {\t\t\t\t\t\tbackground-color:rgba(0,0,0, 0.3);\t\t}\t\t.bwg-standard-thumbnails .bwg-zoom-effect:hover img {\t\t\t-ms-transform: scale(1.08);\t\t\t-webkit-transform: scale(1.08);\t\t\ttransform: scale(1.08);\t\t}\t\t      }\t    #bwg_container1_3 #bwg_container2_3 .bwg-container-3.bwg-standard-thumbnails .bwg-item1 {      padding-top: 56%;    }        #bwg_container1_3 #bwg_container2_3 .bwg-container-3.bwg-standard-thumbnails .bwg-title1 {      position: absolute;      top: 0;      z-index: 100;      width: 100%;      height: 100%;      display: flex;      justify-content: center;      align-content: center;      flex-direction: column;      opacity: 0;    }\t      #bwg_container1_3 #bwg_container2_3 .bwg-container-3.bwg-standard-thumbnails .bwg-title2,    #bwg_container1_3 #bwg_container2_3 .bwg-container-3.bwg-standard-thumbnails .bwg-ecommerce2 {      color: #FFFFFF;      font-family: Ubuntu;      font-size: 16px;      font-weight: bold;      padding: 5px;      text-shadow: ;      max-height: 100%;    }    #bwg_container1_3 #bwg_container2_3 .bwg-container-3.bwg-standard-thumbnails .bwg-thumb-description span {    color: #323A45;    font-family: Ubuntu;    font-size: 12px;    max-height: 100%;    word-wrap: break-word;    }    #bwg_container1_3 #bwg_container2_3 .bwg-container-3.bwg-standard-thumbnails .bwg-play-icon2 {      font-size: 32px;    }    #bwg_container1_3 #bwg_container2_3 .bwg-container-3.bwg-standard-thumbnails .bwg-ecommerce2 {      font-size: 19.2px;      color: #323A45;    }    <\/style>    <div id=\"bwg_container1_3\"         class=\"bwg_container bwg_thumbnail bwg_thumbnails \"         data-right-click-protection=\"0\"         data-bwg=\"3\"         data-scroll=\"0\"         data-gallery-type=\"thumbnails\"         data-gallery-view-type=\"thumbnails\"         data-current-url=\"\/arhiva-vesti\/\"         data-lightbox-url=\"https:\/\/mbuniverzitet.edu.rs\/wp-admin\/admin-ajax.php?action=GalleryBox&#038;current_view=3&#038;gallery_id=8&#038;tag=0&#038;theme_id=2&#038;shortcode_id=16&#038;sort_by=order&#038;order_by=asc&#038;current_url=%2Farhiva-vesti%2F\"         data-gallery-id=\"8\"         data-popup-width=\"800\"         data-popup-height=\"500\"         data-is-album=\"gallery\"         data-buttons-position=\"bottom\">      <div id=\"bwg_container2_3\">             <div id=\"ajax_loading_3\" class=\"bwg_loading_div_1\">      <div class=\"bwg_loading_div_2\">        <div class=\"bwg_loading_div_3\">          <div id=\"loading_div_3\" class=\"bwg_spider_ajax_loading\">          <\/div>        <\/div>      <\/div>    <\/div>            <form id=\"gal_front_form_3\"              class=\"bwg-hidden\"              method=\"post\"              action=\"#\"              data-current=\"3\"              data-shortcode-id=\"16\"              data-gallery-type=\"thumbnails\"              data-gallery-id=\"8\"              data-tag=\"0\"              data-album-id=\"0\"              data-theme-id=\"2\"              data-ajax-url=\"https:\/\/mbuniverzitet.edu.rs\/wp-admin\/admin-ajax.php?action=bwg_frontend_data\">          <div id=\"bwg_container3_3\" class=\"bwg-background bwg-background-3\">                <div data-max-count=\"5\"         data-thumbnail-width=\"250\"         data-bwg=\"3\"         data-gallery-id=\"8\"         data-lightbox-url=\"https:\/\/mbuniverzitet.edu.rs\/wp-admin\/admin-ajax.php?action=GalleryBox&amp;current_view=3&amp;gallery_id=8&amp;tag=0&amp;theme_id=2&amp;shortcode_id=16&amp;sort_by=order&amp;order_by=asc&amp;current_url=%2Farhiva-vesti%2F\"         id=\"bwg_thumbnails_3\"         class=\"bwg-container-3 bwg-thumbnails bwg-standard-thumbnails bwg-container bwg-border-box\">            <div class=\"bwg-item\">        <a class=\"bwg-a  bwg_lightbox\"  data-image-id=\"67\" href=\"https:\/\/mbuniverzitet.edu.rs\/wp-content\/uploads\/photo-gallery\/imported_from_media_libray\/Izlozba-AKS25_sl15.jpg?bwg=1749633997\" data-elementor-open-lightbox=\"no\">                <div class=\"bwg-item0 \">          <div class=\"bwg-item1 bwg-zoom-effect\">            <div class=\"bwg-item2\">              <img decoding=\"async\" class=\"skip-lazy bwg_standart_thumb_img_3 \"                   data-id=\"67\"                   data-width=\"375.00\"                   data-height=\"500.00\"                   data-src=\"https:\/\/mbuniverzitet.edu.rs\/wp-content\/uploads\/photo-gallery\/imported_from_media_libray\/thumb\/Izlozba-AKS25_sl15.jpg?bwg=1749633997\"                   src=\"https:\/\/mbuniverzitet.edu.rs\/wp-content\/uploads\/photo-gallery\/imported_from_media_libray\/thumb\/Izlozba-AKS25_sl15.jpg?bwg=1749633997\"                   alt=\"\"                   title=\"\" \/>            <\/div>            <div class=\"bwg-zoom-effect-overlay\">              <div class=\"bwg-title1\"><div class=\"bwg-title2\">&nbsp;<\/div><\/div>                                        <\/div>          <\/div>        <\/div>                        <\/a>              <\/div>            <div class=\"bwg-item\">        <a class=\"bwg-a  bwg_lightbox\"  data-image-id=\"66\" href=\"https:\/\/mbuniverzitet.edu.rs\/wp-content\/uploads\/photo-gallery\/imported_from_media_libray\/Izlozba-AKS25_sl6.jpg?bwg=1749633997\" data-elementor-open-lightbox=\"no\">                <div class=\"bwg-item0 \">          <div class=\"bwg-item1 bwg-zoom-effect\">            <div class=\"bwg-item2\">              <img decoding=\"async\" class=\"skip-lazy bwg_standart_thumb_img_3 \"                   data-id=\"66\"                   data-width=\"375.00\"                   data-height=\"500.00\"                   data-src=\"https:\/\/mbuniverzitet.edu.rs\/wp-content\/uploads\/photo-gallery\/imported_from_media_libray\/thumb\/Izlozba-AKS25_sl6.jpg?bwg=1749633997\"                   src=\"https:\/\/mbuniverzitet.edu.rs\/wp-content\/uploads\/photo-gallery\/imported_from_media_libray\/thumb\/Izlozba-AKS25_sl6.jpg?bwg=1749633997\"                   alt=\"\"                   title=\"\" \/>            <\/div>            <div class=\"bwg-zoom-effect-overlay\">              <div class=\"bwg-title1\"><div class=\"bwg-title2\">&nbsp;<\/div><\/div>                                        <\/div>          <\/div>        <\/div>                        <\/a>              <\/div>            <div class=\"bwg-item\">        <a class=\"bwg-a  bwg_lightbox\"  data-image-id=\"60\" href=\"https:\/\/mbuniverzitet.edu.rs\/wp-content\/uploads\/photo-gallery\/imported_from_media_libray\/Izlozba-AKS25_sl24.jpg?bwg=1749633221\" data-elementor-open-lightbox=\"no\">                <div class=\"bwg-item0 \">          <div class=\"bwg-item1 bwg-zoom-effect\">            <div class=\"bwg-item2\">              <img decoding=\"async\" class=\"skip-lazy bwg_standart_thumb_img_3 \"                   data-id=\"60\"                   data-width=\"375.00\"                   data-height=\"500.00\"                   data-src=\"https:\/\/mbuniverzitet.edu.rs\/wp-content\/uploads\/photo-gallery\/imported_from_media_libray\/thumb\/Izlozba-AKS25_sl24.jpg?bwg=1749633221\"                   src=\"https:\/\/mbuniverzitet.edu.rs\/wp-content\/uploads\/photo-gallery\/imported_from_media_libray\/thumb\/Izlozba-AKS25_sl24.jpg?bwg=1749633221\"                   alt=\"\"                   title=\"\" \/>            <\/div>            <div class=\"bwg-zoom-effect-overlay\">              <div class=\"bwg-title1\"><div class=\"bwg-title2\">&nbsp;<\/div><\/div>                                        <\/div>          <\/div>        <\/div>                        <\/a>              <\/div>            <div class=\"bwg-item\">        <a class=\"bwg-a  bwg_lightbox\"  data-image-id=\"61\" href=\"https:\/\/mbuniverzitet.edu.rs\/wp-content\/uploads\/photo-gallery\/imported_from_media_libray\/Izlozba-AKS25_sl1.jpg?bwg=1749633221\" data-elementor-open-lightbox=\"no\">                <div class=\"bwg-item0 \">          <div class=\"bwg-item1 bwg-zoom-effect\">            <div class=\"bwg-item2\">              <img decoding=\"async\" class=\"skip-lazy bwg_standart_thumb_img_3 \"                   data-id=\"61\"                   data-width=\"375.00\"                   data-height=\"500.00\"                   data-src=\"https:\/\/mbuniverzitet.edu.rs\/wp-content\/uploads\/photo-gallery\/imported_from_media_libray\/thumb\/Izlozba-AKS25_sl1.jpg?bwg=1749633221\"                   src=\"https:\/\/mbuniverzitet.edu.rs\/wp-content\/uploads\/photo-gallery\/imported_from_media_libray\/thumb\/Izlozba-AKS25_sl1.jpg?bwg=1749633221\"                   alt=\"\"                   title=\"\" \/>            <\/div>            <div class=\"bwg-zoom-effect-overlay\">              <div class=\"bwg-title1\"><div class=\"bwg-title2\">&nbsp;<\/div><\/div>                                        <\/div>          <\/div>        <\/div>                        <\/a>              <\/div>            <div class=\"bwg-item\">        <a class=\"bwg-a  bwg_lightbox\"  data-image-id=\"62\" href=\"https:\/\/mbuniverzitet.edu.rs\/wp-content\/uploads\/photo-gallery\/imported_from_media_libray\/Izlozba-AKS25_sl2.jpg?bwg=1749633221\" data-elementor-open-lightbox=\"no\">                <div class=\"bwg-item0 \">          <div class=\"bwg-item1 bwg-zoom-effect\">            <div class=\"bwg-item2\">              <img decoding=\"async\" class=\"skip-lazy bwg_standart_thumb_img_3 \"                   data-id=\"62\"                   data-width=\"500.00\"                   data-height=\"375.00\"                   data-src=\"https:\/\/mbuniverzitet.edu.rs\/wp-content\/uploads\/photo-gallery\/imported_from_media_libray\/thumb\/Izlozba-AKS25_sl2.jpg?bwg=1749633221\"                   src=\"https:\/\/mbuniverzitet.edu.rs\/wp-content\/uploads\/photo-gallery\/imported_from_media_libray\/thumb\/Izlozba-AKS25_sl2.jpg?bwg=1749633221\"                   alt=\"\"                   title=\"\" \/>            <\/div>            <div class=\"bwg-zoom-effect-overlay\">              <div class=\"bwg-title1\"><div class=\"bwg-title2\">&nbsp;<\/div><\/div>                                        <\/div>          <\/div>        <\/div>                        <\/a>              <\/div>            <div class=\"bwg-item\">        <a class=\"bwg-a  bwg_lightbox\"  data-image-id=\"63\" href=\"https:\/\/mbuniverzitet.edu.rs\/wp-content\/uploads\/photo-gallery\/imported_from_media_libray\/Izlozba-AKS25_sl3.jpg?bwg=1749633221\" data-elementor-open-lightbox=\"no\">                <div class=\"bwg-item0 \">          <div class=\"bwg-item1 bwg-zoom-effect\">            <div class=\"bwg-item2\">              <img decoding=\"async\" class=\"skip-lazy bwg_standart_thumb_img_3 \"                   data-id=\"63\"                   data-width=\"375.00\"                   data-height=\"500.00\"                   data-src=\"https:\/\/mbuniverzitet.edu.rs\/wp-content\/uploads\/photo-gallery\/imported_from_media_libray\/thumb\/Izlozba-AKS25_sl3.jpg?bwg=1749633221\"                   src=\"https:\/\/mbuniverzitet.edu.rs\/wp-content\/uploads\/photo-gallery\/imported_from_media_libray\/thumb\/Izlozba-AKS25_sl3.jpg?bwg=1749633221\"                   alt=\"\"                   title=\"\" \/>            <\/div>            <div class=\"bwg-zoom-effect-overlay\">              <div class=\"bwg-title1\"><div class=\"bwg-title2\">&nbsp;<\/div><\/div>                                        <\/div>          <\/div>        <\/div>                        <\/a>              <\/div>            <div class=\"bwg-item\">        <a class=\"bwg-a  bwg_lightbox\"  data-image-id=\"64\" href=\"https:\/\/mbuniverzitet.edu.rs\/wp-content\/uploads\/photo-gallery\/imported_from_media_libray\/Izlozba-AKS25_sl4.jpg?bwg=1749633221\" data-elementor-open-lightbox=\"no\">                <div class=\"bwg-item0 \">          <div class=\"bwg-item1 bwg-zoom-effect\">            <div class=\"bwg-item2\">              <img decoding=\"async\" class=\"skip-lazy bwg_standart_thumb_img_3 \"                   data-id=\"64\"                   data-width=\"375.00\"                   data-height=\"500.00\"                   data-src=\"https:\/\/mbuniverzitet.edu.rs\/wp-content\/uploads\/photo-gallery\/imported_from_media_libray\/thumb\/Izlozba-AKS25_sl4.jpg?bwg=1749633221\"                   src=\"https:\/\/mbuniverzitet.edu.rs\/wp-content\/uploads\/photo-gallery\/imported_from_media_libray\/thumb\/Izlozba-AKS25_sl4.jpg?bwg=1749633221\"                   alt=\"\"                   title=\"\" \/>            <\/div>            <div class=\"bwg-zoom-effect-overlay\">              <div class=\"bwg-title1\"><div class=\"bwg-title2\">&nbsp;<\/div><\/div>                                        <\/div>          <\/div>        <\/div>                        <\/a>              <\/div>            <div class=\"bwg-item\">        <a class=\"bwg-a  bwg_lightbox\"  data-image-id=\"65\" href=\"https:\/\/mbuniverzitet.edu.rs\/wp-content\/uploads\/photo-gallery\/imported_from_media_libray\/Izlozba-AKS25_sl5.jpg?bwg=1749633221\" data-elementor-open-lightbox=\"no\">                <div class=\"bwg-item0 \">          <div class=\"bwg-item1 bwg-zoom-effect\">            <div class=\"bwg-item2\">              <img decoding=\"async\" class=\"skip-lazy bwg_standart_thumb_img_3 \"                   data-id=\"65\"                   data-width=\"375.00\"                   data-height=\"500.00\"                   data-src=\"https:\/\/mbuniverzitet.edu.rs\/wp-content\/uploads\/photo-gallery\/imported_from_media_libray\/thumb\/Izlozba-AKS25_sl5.jpg?bwg=1749633221\"                   src=\"https:\/\/mbuniverzitet.edu.rs\/wp-content\/uploads\/photo-gallery\/imported_from_media_libray\/thumb\/Izlozba-AKS25_sl5.jpg?bwg=1749633221\"                   alt=\"\"                   title=\"\" \/>            <\/div>            <div class=\"bwg-zoom-effect-overlay\">              <div class=\"bwg-title1\"><div class=\"bwg-title2\">&nbsp;<\/div><\/div>                                        <\/div>          <\/div>        <\/div>                        <\/a>              <\/div>          <\/div>    <style>      \/*pagination styles*\/      #bwg_container1_3 #bwg_container2_3 .tablenav-pages_3 {\t\t\t\ttext-align: center;\t\t\t\tfont-size: 12px;\t\t\t\tfont-family: Ubuntu;\t\t\t\tfont-weight: bold;\t\t\t\tcolor: #666666;\t\t\t\tmargin: 6px 0 4px;\t\t\t\tdisplay: block;      }      @media only screen and (max-width : 320px) {      #bwg_container1_3 #bwg_container2_3 .displaying-num_3 {     \t display: none;      }      }      #bwg_container1_3 #bwg_container2_3 .displaying-num_3 {\t\t\t\tfont-size: 12px;\t\t\t\tfont-family: Ubuntu;\t\t\t\tfont-weight: bold;\t\t\t\tcolor: #666666;\t\t\t\tmargin-right: 10px;\t\t\t\tvertical-align: middle;      }      #bwg_container1_3 #bwg_container2_3 .paging-input_3 {\t\t\t\tfont-size: 12px;\t\t\t\tfont-family: Ubuntu;\t\t\t\tfont-weight: bold;\t\t\t\tcolor: #666666;\t\t\t\tvertical-align: middle;      }      #bwg_container1_3 #bwg_container2_3 .tablenav-pages_3 a.disabled,      #bwg_container1_3 #bwg_container2_3 .tablenav-pages_3 a.disabled:hover,      #bwg_container1_3 #bwg_container2_3 .tablenav-pages_3 a.disabled:focus,\t\t\t#bwg_container1_3 #bwg_container2_3 .tablenav-pages_3 input.bwg_current_page {\t\t\t\tcursor: default;\t\t\t\tcolor: rgba(102, 102, 102, 0.5);      }      #bwg_container1_3 #bwg_container2_3 .tablenav-pages_3 a,      #bwg_container1_3 #bwg_container2_3 .tablenav-pages_3 input.bwg_current_page {\t\t\t\tcursor: pointer;\t\t\t\ttext-align: center;\t\t\t\tfont-size: 12px;\t\t\t\tfont-family: Ubuntu;\t\t\t\tfont-weight: bold;\t\t\t\tcolor: #666666;\t\t\t\ttext-decoration: none;\t\t\t\tpadding: 3px 6px;\t\t\t\tmargin: 0;\t\t\t\tborder-radius: 0;\t\t\t\tborder-style: none;\t\t\t\tborder-width: 1px;\t\t\t\tborder-color: #E3E3E3;\t\t\t\t\t\t\t\tbackground-color: rgba(252, 252, 252, 1.00);\t\t\t\tbox-shadow: 0;\t\t\t\ttransition: all 0.3s ease 0s;-webkit-transition: all 0.3s ease 0s;      }      <\/style>      <span class=\"bwg_nav_cont_3\">              <div class=\"tablenav-pages_3\">                  <\/div>                <input type=\"hidden\" id=\"page_number_3\" name=\"page_number_3\" value=\"1\" \/>      <script type=\"text\/javascript\">        if( jQuery('.bwg_nav_cont_3').length > 1 ) {          jQuery('.bwg_nav_cont_3').first().remove()        }        function spider_page_3(cur, x, y, load_more) {          if (typeof load_more == \"undefined\") {            var load_more = false;          }          if (jQuery(cur).hasClass('disabled')) {            return false;          }          var items_county_3 = 1;          switch (y) {            case 1:              if (x >= items_county_3) {                document.getElementById('page_number_3').value = items_county_3;              }              else {                document.getElementById('page_number_3').value = x + 1;              }              break;            case 2:              document.getElementById('page_number_3').value = items_county_3;              break;            case -1:              if (x == 1) {                document.getElementById('page_number_3').value = 1;              }              else {                document.getElementById('page_number_3').value = x - 1;              }              break;            case -2:              document.getElementById('page_number_3').value = 1;              break;\t\t\t\t\t\tcase 0:              document.getElementById('page_number_3').value = x;              break;            default:              document.getElementById('page_number_3').value = 1;          }          bwg_ajax('gal_front_form_3', '3', 'bwg_thumbnails_3', '0', '', 'gallery', 0, '', '', load_more, '', 1);        }                    jQuery('.first-page-3').on('click', function () {              spider_page_3(this, 1, -2, 'numeric');              return false;            });            jQuery('.prev-page-3').on('click', function () {              spider_page_3(this, 1, -1, 'numeric');              return false;            });            jQuery('.next-page-3').on('click', function () {              spider_page_3(this, 1, 1, 'numeric');              return false;            });            jQuery('.last-page-3').on('click', function () {              spider_page_3(this, 1, 2, 'numeric');              return false;            });        \t\t\t\t\/* Change page on input enter. *\/        function bwg_change_page_3( e, that ) {          if (  e.key == 'Enter' ) {            var to_page = parseInt(jQuery(that).val());            var pages_count = jQuery(that).parents(\".pagination-links\").data(\"pages-count\");            var current_url_param = jQuery(that).attr('data-url-info');            if (to_page > pages_count) {              to_page = 1;            }\t \t\t\t\t\t\t\t\t\t\t\t\tspider_page_3(this, to_page, 0, 'numeric');\t\t\t\t\t\t\treturn false;\t\t\t\t\t\t          }          return true;        }        jQuery('.bwg_load_btn_3').on('click', function () {            spider_page_3(this, 1, 1, true);            return false;        });      <\/script>      <\/span>                <\/div>        <\/form>        <style>          #bwg_container1_3 #bwg_container2_3 #spider_popup_overlay_3 {          background-color: #000000;          opacity: 0.70;          }          <\/style>        <div id=\"bwg_spider_popup_loading_3\" class=\"bwg_spider_popup_loading\"><\/div>        <div id=\"spider_popup_overlay_3\" class=\"spider_popup_overlay\" onclick=\"spider_destroypopup(1000)\"><\/div>        <input type=\"hidden\" id=\"bwg_random_seed_3\" value=\"900707313\">                <\/div>    <\/div>    <script>      if (document.readyState === 'complete') {        if( typeof bwg_main_ready == 'function' ) {          if ( jQuery(\"#bwg_container1_3\").height() ) {            bwg_main_ready(jQuery(\"#bwg_container1_3\"));          }        }      } else {        document.addEventListener('DOMContentLoaded', function() {          if( typeof bwg_main_ready == 'function' ) {            if ( jQuery(\"#bwg_container1_3\").height() ) {             bwg_main_ready(jQuery(\"#bwg_container1_3\"));            }          }        });      }    <\/script>    <\/p><p>\u017delimo vam ugodne do\u017eivljaje izlo\u017ebe i nadam se da \u0107e ova dela ostaviti sna\u017ean utisak na sve posetioce.<\/p><p style=\"font-weight: 400\">Pozivaju se svi zainteresovani da posete izlo\u017ebu na Akademiji klasi\u010dnog slikarstva do 24.06.2025. godine u ulici Teodora Drajzera 27. Beograd.<\/p><p>Savet Univerziteta MB<\/p><\/div>\n\t\t\t\t\t<\/div><\/div>\t\t\t\t<\/div>\n\t\t\t\t<\/div>\n\t\t\t\t<div class=\"elementor-element elementor-element-d3a872a exad-sticky-section-no exad-glass-effect-no elementor-widget elementor-widget-eael-adv-accordion\" data-id=\"d3a872a\" data-element_type=\"widget\" data-e-type=\"widget\" data-widget_type=\"eael-adv-accordion.default\">\n\t\t\t\t<div class=\"elementor-widget-container\">\n\t\t\t\t\t            <div class=\"eael-adv-accordion\" id=\"eael-adv-accordion-d3a872a\" data-scroll-on-click=\"no\" data-scroll-speed=\"300\" data-accordion-id=\"d3a872a\" data-accordion-type=\"accordion\" data-toogle-speed=\"300\">\n            <div class=\"eael-accordion-list\">\n\t\t\t\t\t<div id=\"-30052025-m-2025-\" class=\"elementor-tab-title eael-accordion-header\" tabindex=\"0\" data-tab=\"1\" aria-controls=\"elementor-tab-content-2211\"><span class=\"eael-accordion-tab-title\">\u0414\u0430\u043d\u0430 30.05.2025.\u0433\u043e\u0434\u0438\u043d\u0435 \u043e\u0434\u0440\u0436\u0430\u043d\u0430 \u0458\u0435 M\u0435\u0452\u0443\u043d\u0430\u0440\u043e\u0434\u043d\u0430 \u043d\u0430\u0443\u0447\u043d\u0430 \u043a\u043e\u043d\u0444\u0435\u0440\u0435\u043d\u0446\u0438\u0458\u0443 \u043f\u043e\u0434 \u043d\u0430\u0437\u0438\u0432\u043e\u043c \u201e\u0415\u041a\u041e\u041d\u041e\u041c\u0421\u041a\u0418 \u0418 \u0414\u0420\u0423\u0428\u0422\u0412\u0415\u041d\u0418 \u0420\u0410\u0417\u0412\u041e\u0408 \u0423 \u0411\u0418\u041f\u041e\u041b\u0410\u0420\u041d\u041e\u041c \u0418 \u041c\u0423\u041b\u0422\u0418\u041f\u041e\u041b\u0410\u0420\u041d\u041e\u041c \u041e\u041a\u0420\u0423\u0416\u0415\u040a\u0423 \u2013 \u0411\u0415\u041e\u0413\u0420\u0410\u0414 2025\u201c. (\u0412\u0438\u0434\u0438 \u0432\u0438\u0448\u0435)<\/span><\/div><div id=\"elementor-tab-content-2211\" class=\"eael-accordion-content clearfix\" data-tab=\"1\" aria-labelledby=\"-30052025-m-2025-\"><p>\u041d\u0430 \u0423\u043d\u0438\u0432\u0435\u0440\u0437\u0438\u0442\u0435\u0442\u0443 ,,\u041c\u0411\u201c \u0443 \u0411\u0435\u043e\u0433\u0440\u0430\u0434\u0443 \u043e\u0434\u0440\u0436\u0430\u043d\u0430 \u043c\u0435\u0452\u0443\u043d\u0430\u0440\u043e\u0434\u043d\u0430 \u043d\u0430\u0443\u0447\u043d\u0430 \u043a\u043e\u043d\u0444\u0435\u0440\u0435\u043d\u0446\u0438\u0458a.<\/p><p>\u041a\u043e\u043d\u0444\u0435\u0440\u0435\u043d\u0446\u0438\u0458\u0443 \u0441\u0443, \u0442\u0440\u0435\u045b\u0438 \u043f\u0443\u0442 \u0437\u0430 \u0440\u0435\u0434\u043e\u043c, \u043e\u0440\u0433\u0430\u043d\u0438\u0437\u043e\u0432\u0430\u043b\u0438 \u0423\u043d\u0438\u0432\u0435\u0440\u0437\u0438\u0442\u0435\u0442 \u201e\u041c\u0411\u201c \u0438 \u0410\u0433\u0435\u043d\u0446\u0438\u0458\u0430 \u0437\u0430 \u0440\u0430\u0437\u0432\u043e\u0458 \u0438 \u043f\u0440\u0435\u0434\u0443\u0437\u0435\u0442\u043d\u0438\u0448\u0442\u0432\u043e \u0438\u0437 \u0412\u0430\u0440\u0430\u0436\u0434\u0438\u043d\u0430 \u0443 \u0441\u0443 \u043e\u0440\u0433\u0430\u043d\u0438\u0437\u0430\u0446\u0438\u0458\u0438 \u0441\u0430 \u0458\u043e\u0448 \u0448\u0435\u0441\u0442 \u0438\u043do\u0441\u0442\u0440\u0430\u043d\u0438\u0445 \u0443\u043d\u0438\u0432\u0435\u0440\u0437\u0438\u0442\u0435\u0442\u0430 \u0438 \u0444\u0430\u043a\u0443\u043b\u0442\u0435\u0442\u0430 (\u0423\u043d\u0438\u0432\u0435\u0440\u0437\u0438\u0442\u0435\u0442 \u0421\u0435\u0432\u0435\u0440, \u0425\u0440\u0432\u0430\u0442\u0441\u043a\u0430; <a href=\"http:\/\/www.wz.uw.edu.pl\/en\">Faculty of Management University of Warsaw<\/a>,\u00a0Poljska;\u00a0<a href=\"http:\/\/fsjes-sale.um5.ac.ma\/\">Faculty of Law, Economics and Social Sciences Sale &#8211; Mohammed V University in Rabat<\/a>,\u00a0Maroko;\u00a0<a href=\"https:\/\/encgt.ma\/\">ENCGT &#8211; Ecole Nationale de Commerce et de Gestion de Tanger\/Abdelmalek Essaadi University<\/a>,\u00a0Maroko i\u00a0<a href=\"https:\/\/govcopp.ua.pt\/\">GOVCOPP \u2013 Universidade de Aveiro<\/a>\u00a0Portugal and\u00a0<a href=\"http:\/\/www.mev.hr\/\">Polytechnic of Medimurje in \u010cakovec<\/a>).\u00a0<\/p><p>\u0412\u0438\u0434\u0435\u0442\u0438:\u00a0<a href=\"https:\/\/mbuniverzitet.edu.rs\/wp-content\/uploads\/2025\/05\/Program_esdBelgradeMB_KV_2025.pdf\" target=\"_blank\" rel=\"noopener\"><u>\u041f\u0440\u043e\u0433\u0440\u0430\u043c \u043a\u043e\u043d\u0444\u0435\u0440\u0435\u043d\u0446\u0438\u0458\u0435 <\/u><\/a><\/p><p>\u0438<\/p><p><u><a href=\"https:\/\/www.esd-conference.com\/conference\/127\">https:\/\/www.esd-conference.com\/conference\/127<\/a><\/u><\/p><p>\u0423 \u0443\u0432\u043e\u0434\u043d\u043e\u043c \u043e\u0431\u0440\u0430\u045b\u0430\u045a\u0443 \u0433\u043e\u0441\u0442\u0435 \u0441\u0443 \u043f\u043e\u0437\u0434\u0440\u0430\u0432\u0438\u043b\u0438 \u0438 \u0443\u043f\u0443\u0442\u0438\u043b\u0438 \u0442\u043e\u043f\u043b\u0435 \u0440\u0435\u0447\u0438 \u0434\u043e\u0431\u0440\u043e\u0434\u043e\u0448\u043b\u0438\u0446\u0435: \u00a0\u043f\u0440\u043e\u0440\u0435\u043a\u0442\u043e\u0440\u043a\u0430 \u0437\u0430 \u043d\u0430\u0441\u0442\u0430\u0432\u0443 \u0438 \u0432\u043b\u0430\u0441\u043d\u0438\u0446\u0430 \u0423\u043d\u0438\u0432\u0435\u0440\u0437\u0438\u0442\u0435\u0442\u0430 \u201e\u041c\u0411\u201c \u043f\u0440\u043e\u0444\u0435\u0441\u043e\u0440\u043a\u0430 \u0434\u0440 \u0416\u0438\u0432\u0430\u043d\u043a\u0430 \u041c\u0438\u043b\u0430\u0434\u0438\u043d\u043e\u0432\u0438\u045b \u0411\u043e\u0433\u0430\u0432\u0430\u0446, \u043f\u0440\u043e\u0444\u0435\u0441\u043e\u0440 \u0434\u0440 \u041c\u0430\u0440\u0438\u043e \u041a\u043e\u043d\u0435\u0446\u043a\u0438 \u0438\u0441\u043f\u0440\u0435\u0434 \u0410\u0433\u0435\u043d\u0446\u0438\u0458\u0435 \u0437\u0430 \u0440\u0430\u0437\u0432\u043e\u0458 \u0438 \u043f\u0440\u0435\u0434\u0443\u0437\u0435\u0442\u043d\u0438\u0448\u0442\u0432\u043e \u0438\u0437 \u0412\u0430\u0440\u0430\u0436\u0434\u0438\u043d\u0430, \u043f\u0440\u0435\u0434\u0441\u0435\u0434\u043d\u0438\u043a \u043e\u043f\u0448\u0442\u0438\u043d\u0435 \u0410\u0440\u0442\u0430 \u0438\u0437 \u0413\u0440\u0447\u043a\u0435 \u0433\u043e\u0441\u043f\u043e\u0434\u0438\u043d Siofakas Christo Forosa \u0438 \u00a0\u0434\u0435\u043a\u0430\u043d \u0424\u0430\u043a\u0443\u043b\u0442\u0435\u0442\u0430 \u0437\u0430 \u0438\u043d\u0444\u043e\u0440\u043c\u0430\u0442\u0438\u043a\u0443 \u0438 \u0442\u0435\u043b\u0435\u043a\u043e\u043c\u0443\u043d\u0438\u043a\u0430\u0446\u0438\u0458\u0435 \u0423\u043d\u0438\u0432\u0435\u0440\u0437\u0438\u0442\u0435\u0442\u0430 \u0443 \u0408\u0430\u045a\u0438\u043d\u0438 \u0438\u0437 \u0413\u0440\u0447\u043a\u0435, \u043f\u0440\u043e\u0444. \u0434\u0440 Aleksandros Tzallas.<\/p><p><a href=\"https:\/\/mbuniverzitet.edu.rs\/wp-content\/uploads\/2025\/06\/ESD_sl1.jpg\"><img loading=\"lazy\" decoding=\"async\" class=\"aligncenter size-medium wp-image-18099\" src=\"https:\/\/mbuniverzitet.edu.rs\/wp-content\/uploads\/2025\/06\/ESD_sl1-225x300.jpg\" alt=\"\" width=\"225\" height=\"300\" srcset=\"https:\/\/mbuniverzitet.edu.rs\/wp-content\/uploads\/2025\/06\/ESD_sl1-225x300.jpg 225w, https:\/\/mbuniverzitet.edu.rs\/wp-content\/uploads\/2025\/06\/ESD_sl1-768x1024.jpg 768w, https:\/\/mbuniverzitet.edu.rs\/wp-content\/uploads\/2025\/06\/ESD_sl1-1152x1536.jpg 1152w, https:\/\/mbuniverzitet.edu.rs\/wp-content\/uploads\/2025\/06\/ESD_sl1-9x12.jpg 9w, https:\/\/mbuniverzitet.edu.rs\/wp-content\/uploads\/2025\/06\/ESD_sl1.jpg 1200w\" sizes=\"(max-width: 225px) 100vw, 225px\" \/><\/a><\/p><p><a href=\"https:\/\/mbuniverzitet.edu.rs\/wp-content\/uploads\/2025\/06\/ESD_sl2.jpg\"><img loading=\"lazy\" decoding=\"async\" class=\"aligncenter size-medium wp-image-18100\" src=\"https:\/\/mbuniverzitet.edu.rs\/wp-content\/uploads\/2025\/06\/ESD_sl2-225x300.jpg\" alt=\"\" width=\"225\" height=\"300\" srcset=\"https:\/\/mbuniverzitet.edu.rs\/wp-content\/uploads\/2025\/06\/ESD_sl2-225x300.jpg 225w, https:\/\/mbuniverzitet.edu.rs\/wp-content\/uploads\/2025\/06\/ESD_sl2-768x1024.jpg 768w, https:\/\/mbuniverzitet.edu.rs\/wp-content\/uploads\/2025\/06\/ESD_sl2-1152x1536.jpg 1152w, https:\/\/mbuniverzitet.edu.rs\/wp-content\/uploads\/2025\/06\/ESD_sl2-9x12.jpg 9w, https:\/\/mbuniverzitet.edu.rs\/wp-content\/uploads\/2025\/06\/ESD_sl2.jpg 1200w\" sizes=\"(max-width: 225px) 100vw, 225px\" \/><\/a><\/p><p><a href=\"https:\/\/mbuniverzitet.edu.rs\/wp-content\/uploads\/2025\/06\/ESD_sl3.jpg\"><img loading=\"lazy\" decoding=\"async\" class=\"aligncenter size-medium wp-image-18101\" src=\"https:\/\/mbuniverzitet.edu.rs\/wp-content\/uploads\/2025\/06\/ESD_sl3-225x300.jpg\" alt=\"\" width=\"225\" height=\"300\" srcset=\"https:\/\/mbuniverzitet.edu.rs\/wp-content\/uploads\/2025\/06\/ESD_sl3-225x300.jpg 225w, https:\/\/mbuniverzitet.edu.rs\/wp-content\/uploads\/2025\/06\/ESD_sl3-768x1024.jpg 768w, https:\/\/mbuniverzitet.edu.rs\/wp-content\/uploads\/2025\/06\/ESD_sl3-1152x1536.jpg 1152w, https:\/\/mbuniverzitet.edu.rs\/wp-content\/uploads\/2025\/06\/ESD_sl3-9x12.jpg 9w, https:\/\/mbuniverzitet.edu.rs\/wp-content\/uploads\/2025\/06\/ESD_sl3.jpg 1200w\" sizes=\"(max-width: 225px) 100vw, 225px\" \/><\/a><\/p><p>\u041a\u043e\u043d\u0444\u0435\u0440\u0435\u043d\u0446\u0438\u0458\u0430 \u0458\u0435 \u0431\u0438\u043b\u0430 \u0444\u043e\u043a\u0443\u0441\u0438\u0440\u0430\u043d\u0430 \u043d\u0430 \u0438\u0437\u0430\u0437\u043e\u0432\u0435 \u0435\u043a\u043e\u043d\u043e\u043c\u0441\u043a\u043e\u0433 \u0438 \u0434\u0440\u0443\u0448\u0442\u0432\u0435\u043d\u043e\u0433 \u0440\u0430\u0437\u0432\u043e\u0458\u0430 \u0443 \u0431\u0438\u043f\u043e\u043b\u0430\u0440\u043d\u043e\u043c \u0443 \u043c\u0443\u043b\u0442\u0438\u043f\u043e\u043b\u0430\u0440\u043d\u043e\u043c \u043e\u043a\u0440\u0443\u0436\u0435\u045a\u0443 \u043a\u043e\u0458\u0438 \u043e\u0441\u0442\u0430\u0432\u0459\u0430\u0458\u0443 \u0441\u043d\u0430\u0436\u043d\u0435 \u043f\u043e\u0441\u043b\u0435\u0434\u0438\u0446\u0435 \u043d\u0430 \u043d\u0430\u0446\u0438\u043e\u043d\u0430\u043b\u043d\u0443 \u0435\u043a\u043e\u043d\u043e\u043c\u0438\u0458\u0443, \u043f\u043e\u0441\u043b\u043e\u0432\u043d\u0438, \u0442\u0435\u0445\u043d\u043e\u043b\u043e\u0448\u043a\u0438, \u0458\u0430\u0432\u043d\u0438, \u043f\u0440\u0430\u0432\u043d\u0438, \u0431\u0435\u0437\u0431\u0435\u0434\u043d\u043e\u0441\u043d\u0438, \u0435\u043a\u043e\u043b\u043e\u0448\u043a\u0438, \u0443\u043c\u0435\u0442\u043d\u0438\u0447\u043a\u0438, \u0441\u043f\u043e\u0440\u0442\u0441\u043a\u0438 \u0438 \u0434\u0440\u0443\u0433\u0435 \u0441\u0435\u043a\u0442\u043e\u0440\u0435 \u0441\u0430\u0432\u0440\u0435\u043c\u0435\u043d\u043e\u0433 \u0434\u0440\u0443\u0448\u0442\u0432\u0430, \u0441 \u0442\u0435\u0436\u0438\u0448\u0442\u0435\u043c \u043d\u0430 \u0434\u0432\u0430 \u0431\u043b\u043e\u043a\u0430 \u0442\u0435\u043c\u0430 \u043e \u043a\u043e\u0458\u0438\u043c \u0441\u0435 \u0432\u043e\u0434\u0438\u043b\u0430 \u043d\u0430\u0443\u0447\u043d\u0430 \u0440\u0430\u0441\u043f\u0440\u0430\u0432\u0430:<\/p><p>a)\u0415\u043a\u043e\u043d\u043e\u043c\u0441\u043a\u0438 \u0438 \u0434\u0440\u0443\u0448\u0442\u0432\u0435\u043d\u0438 \u0440\u0430\u0437\u0432\u043e\u0458 \u0443 \u0431\u0438\u043f\u043e\u043b\u0430\u0440\u043d\u043e\u043c \u0438 \u043c\u0443\u043b\u0442\u0438\u043f\u043e\u043b\u0430\u0440\u043d\u043e\u043c \u043e\u043a\u0440\u0443\u0436\u0435\u045a\u0443, \u0438<\/p><p>b)\u041e\u0440\u0433\u0430\u043d\u0438\u0437\u0430\u0446\u0438\u043e\u043d\u0430 \u043e\u0442\u043f\u043e\u0440\u043d\u043e\u0441\u0442 \u0441\u0430\u0432\u0440\u0435\u043c\u0435\u043d\u043e\u0433 \u0434\u0440\u0443\u0448\u0442\u0432\u0430 \u043d\u0430 \u0438\u0437\u0430\u0437\u043e\u0432\u0435 \u0438 \u0438\u043d\u043e\u0432\u0430\u0442\u0438\u0432\u043d\u043e\u0441\u0442<\/p><p>\u0426\u0435\u043d\u0442\u0440\u0430\u043b\u043d\u0435 \u0442\u0435\u043c\u0435 \u043e\u043a\u043e \u043a\u043e\u0458\u0438\u0445 \u0458\u0435 \u043a\u0440\u0438\u0442\u0438\u0447\u043a\u0438 \u043f\u0440\u043e\u0441\u0443\u0452\u0438\u0432\u0430\u043b\u043e 123 \u0430\u0443\u0442\u0443\u0440\u0430 \u0438\u0437 12 \u0437\u0435\u043c\u0430\u0459\u0430 \u0441\u0432\u0435\u0442\u0430, \u0441\u0432\u0440\u0441\u0442\u0430\u043d\u0430 \u0441\u0443 \u0443 54 \u043d\u0430\u0443\u0447\u043d\u0430 \u0440\u0430\u0434\u0430, \u043a\u043e\u0458\u0438 \u0441\u0443 \u0443\u0441\u043c\u0435\u0440\u0435\u043d\u0438 \u043d\u0430 \u043f\u0440\u043e\u0431\u043b\u0435\u043c\u0441\u043a\u0430 \u0442\u0440\u0430\u0433\u0430\u045aa \u0437\u0430 \u043e\u0434\u0433\u043e\u0432\u043e\u0440\u0438\u043c\u0430 \u043d\u0430 \u043a\u0440\u0443\u0446\u0438\u0458\u0430\u043b\u043d\u0430 \u043f\u0438\u0442\u0430\u045a\u0430 \u0434\u0430\u043d\u0430\u0448\u045a\u0438\u0446\u0435:<\/p><ul><li>\u0414\u0430 \u043b\u0438 \u0441\u0430\u0432\u0440\u0435\u043c\u0435\u043d\u0438 \u0441\u0432\u0435\u0442 \u0438\u0434\u0435 \u043a\u0430 \u043f\u0440\u043e\u0441\u043f\u0435\u0440\u0438\u0442\u0435\u0442\u043d\u043e\u043c \u0435\u043a\u043e\u043d\u043e\u043c\u0441\u043a\u043e\u043c, \u0434\u0440\u0443\u0448\u0442\u0432\u0435\u043d\u043e\u043c, \u043a\u0443\u043b\u0442\u0443\u0440\u043d\u043e\u043c \u0438 \u0441\u0432\u0435\u0443\u043a\u0443\u043f\u043d\u043e\u043c \u0440\u0430\u0437\u0432\u043e\u0458\u0443, \u0438\u043b\u0438 \u0443 \u043a\u0430\u0442\u0430\u0441\u0442\u0440\u043e\u0444\u0443 \u043d\u0435\u043f\u0440\u0435\u0434\u0432\u0438\u0452\u0435\u043d\u0438\u0445 \u0440\u0430\u0437\u043c\u0435\u0440\u0430?<\/li><li>\u041a\u043e\u0458\u0438 \u0441\u0443 \u043f\u0440\u0438\u043c\u0430\u0440\u043d\u0438 \u0438\u0437\u0430\u0437\u043e\u0432\u0438 \u0435\u043a\u043e\u043d\u043e\u043c\u0441\u043a\u043e\u0433 \u0438 \u0434\u0440\u0443\u0448\u0442\u0432\u0435\u043d\u043e\u0433 \u0440\u0430\u0437\u0432\u043e\u0458\u0430 \u0437\u0430 \u0441\u0430\u0432\u0440\u0435\u043c\u0435\u043d\u0435 \u0434\u0440\u0436\u0430\u0432\u0435 \u0443 \u0431\u0438\u043f\u043e\u043b\u0430\u0440\u043d\u043e\u043c \u0438 \u043c\u0443\u043b\u0442\u0438\u043f\u043e\u043b\u0430\u0440\u043d\u043e\u043c \u043e\u043a\u0440\u0443\u0436\u0435\u045a\u0443?<\/li><li>\u041a\u0430\u043a\u0432\u0435 \u0438 \u043a\u043e\u043b\u0438\u043a\u0435 \u0441\u0443 \u043f\u043e\u0441\u043b\u0435\u0434\u0438\u0446\u0435 \u0431\u0438\u043f\u043e\u043b\u0430\u0440\u043d\u043e\u0433 \u0438 \u043c\u0443\u043b\u0442\u0438\u043f\u043e\u043b\u0430\u0440\u043d\u043e\u0433 \u043a\u043e\u043d\u0446\u0435\u043f\u0430\u0442\u0430 \u0433\u043b\u043e\u0431\u0430\u043b\u043d\u043e\u0433 \u0440\u0430\u0437\u0432\u043e\u0458\u0430 \u043d\u0430 \u043c\u043e\u0434\u0435\u0440\u043d\u0435 \u0434\u0440\u0436\u0430\u0432\u0435 \u0438 \u0434\u0440\u0443\u0448\u0442\u0432\u0430?<\/li><li>\u041a\u043e\u0458\u0438 \u0441\u0443 \u0433\u043b\u0430\u0432\u043d\u0438 \u0438\u0437\u0430\u0437\u043e\u0432\u0438 \u043c\u0435\u043d\u0430\u045f\u043c\u0435\u043d\u0442\u0430 \u0438 \u0431\u0438\u0437\u043d\u0438\u0441\u0430 \u0443 \u0431\u0438\u043f\u043e\u043b\u0430\u0440\u043d\u043e\u043c \u0438 \u043c\u0443\u043b\u0442\u0438 \u043f\u043e\u043b\u0430\u0440\u043d\u043e\u043c \u043e\u043a\u0440\u0443\u0436\u0435\u045a\u0443?<\/li><li>\u0423\u043f\u0440\u0430\u0432\u0459\u0430\u045a\u0435 \u043a\u0440\u0438\u0437\u0430\u043c\u0430 \u043d\u0430 \u043b\u043e\u043a\u0430\u043b\u043d\u043e\u043c, \u0440\u0435\u0433\u0438\u043e\u043d\u0430\u043b\u043d\u043e\u043c, \u043d\u0430\u0446\u0438\u043e\u043d\u0430\u043b\u043d\u043e\u043c \u0438 \u0433\u043b\u043e\u0431\u0430\u043b\u043d\u043e\u043c \u043d\u0438\u0432\u043e\u0443<\/li><li>\u0420\u0430\u0437\u043b\u0438\u0447\u0438\u0442\u0430 \u043f\u043e\u043b\u0438\u0442\u0438\u0447\u043a\u043e-\u043f\u0440\u0430\u0432\u043d\u0430 \u043f\u043e\u043b\u0430\u0437\u0438\u0448\u0442\u0430 \u0443 \u043f\u043e\u0438\u043c\u0430\u045a\u0443 \u0438 \u0442\u0443\u043c\u0430\u0447\u0435\u045a\u0443 \u0433\u0435\u043d\u043e\u0446\u0438\u0434\u0430 \u0434\u0430\u043d\u0430\u0441.<\/li><li>\u041f\u0440\u0438\u043c\u0430\u0440\u043d\u0438 \u0438\u0437\u0430\u0437\u043e\u0432\u0438 \u0440\u0430\u0437\u0432\u043e\u0458\u0430 \u043f\u0440\u0430\u0432\u043d\u0438\u0445 \u0441\u0438\u0441\u0442\u0435\u043c\u0430 \u0443 \u0441\u0430\u0432\u0440\u0435\u043c\u0435\u043d\u0438\u043c \u0434\u0440\u0436\u0430\u0432\u0430\u043c\u0430.<\/li><li>\u041c\u0435\u0452\u0443\u043d\u0430\u0440\u043e\u0434\u043d\u043e \u043f\u0440\u0430\u0432\u043e: \u0442\u0440\u0435\u043d\u0443\u0442\u043d\u0438 \u0441\u0442\u0430\u0442\u0443\u0441, \u0438\u0437\u0430\u0437\u043e\u0432\u0438 \u0438 \u043f\u0435\u0440\u0441\u043f\u0435\u043a\u0442\u0438\u0432\u0435?<\/li><li>\u0421\u0430\u0432\u0440\u0435\u043c\u0435\u043d\u0438 \u0431\u0435\u0437\u0431\u0435\u0434\u043d\u043e\u0441\u043d\u0438 \u0438\u0437\u0430\u0437\u043e\u0432\u0438 \u0443 \u0431\u0438\u043f\u043e\u043b\u0430\u0440\u043d\u043e\u043c \u0438 \u043c\u0443\u043b\u0442\u0438\u043f\u043e\u043b\u0430\u0440\u043d\u043e\u043c \u043a\u043e\u043d\u0446\u0435\u043f\u0442\u0443 \u0440\u0430\u0437\u0432\u043e\u0458\u0430 \u0441\u0432\u0435\u0442\u0430.<\/li><li>\u0413\u043b\u043e\u0431\u0430\u043b\u043d\u0435 \u0438 \u0440\u0435\u0433\u0438\u043e\u043d\u0430\u043b\u043d\u0435 \u043c\u043e\u0433\u0443\u045b\u043d\u043e\u0441\u0442\u0438 \u0443 \u0440\u0435\u0448\u0430\u0432\u0430\u045a\u0443 \u0442\u0440\u0435\u043d\u0443\u0442\u043d\u0438\u0445 \u0438 \u0431\u0443\u0434\u0443\u045b\u0438\u0445 \u0441\u0443\u043a\u043e\u0431\u0430: \u0441\u0442\u0443\u0434\u0438\u0458\u0430 \u0441\u043b\u0443\u0447\u0430\u0458\u0430 \u2013 \u0423\u043a\u0440\u0430\u0458\u0438\u043d\u0430, \u0411\u043b\u0438\u0441\u043a\u0438 \u0438\u0441\u0442\u043e\u043a \u0438 \u0437\u0430\u043f\u0430\u0434\u043d\u0438 \u0411\u0430\u043b\u043a\u0430\u043d.<\/li><li>\u041c\u043e\u0433\u0443\u045b\u043d\u043e\u0441\u0442\u0438 \u0440\u0430\u0437\u0432\u043e\u0458\u0430 \u0438 \u0438\u043c\u043f\u043b\u0435\u043c\u0435\u043d\u0442\u0430\u0446\u0438\u0458\u0435 \u043d\u043e\u0432\u0438\u0445 \u0442\u0435\u0445\u043d\u043e\u043b\u043e\u0433\u0438\u0458\u0430 \u0438 \u0438\u043d\u043e\u0432\u0430\u0446\u0438\u0458\u0430 \u0443 \u0441\u0430\u0432\u0440\u0435\u043c\u0435\u043d\u043e\u043c \u0441\u0432\u0435\u0442\u0443.<\/li><li>\u0418\u041a\u0422 \u043f\u043e\u0434\u0440\u0448\u043a\u0430 \u043f\u043e\u0441\u043b\u043e\u0432\u0430\u045a\u0443 \u043f\u0440\u0438\u0432\u0440\u0435\u0434\u043d\u0438\u0445 \u043e\u0440\u0433\u0430\u043d\u0438\u0437\u0430\u0446\u0438\u0458\u0430 \u0438 \u0435\u0444\u0438\u043a\u0430\u0441\u043d\u0438\u0458\u0435\u043c \u0443\u043f\u0440\u0430\u0432\u0459\u0430\u045a\u0443 \u0434\u0440\u0436\u0430\u0432\u043e\u043c.<\/li><li>\u0418\u0441\u043a\u0443\u0441\u0442\u0432\u0430 \u0438 \u043f\u0440\u0435\u0442\u045a\u0435 \u0443 \u043f\u0440\u0438\u043c\u0435\u043d\u0438 \u0432\u0435\u0448\u0442\u0430\u0447\u043a\u0435 \u0438\u043d\u0442\u0435\u043b\u0438\u0433\u0435\u043d\u0446\u0438\u0458\u0435 \u0443 \u043c\u0435\u043d\u0430\u045f\u043c\u0435\u043d\u0442\u0443, \u0435\u043a\u043e\u043d\u043e\u043c\u0438\u0458\u0438, \u043f\u0440\u0430\u0432\u0443, \u0431\u0435\u0437\u0431\u0435\u0434\u043d\u043e\u0441\u0442\u0438, \u0441\u043f\u043e\u0440\u0442\u0443 \u0438 \u0443\u043c\u0435\u0442\u043d\u043e\u0441\u0442\u0438.<\/li><li>\u0421\u043f\u043e\u0440\u0442 \u0443 \u043a\u0430\u043d\u045f\u0430\u043c\u0430 \u0431\u0438\u043f\u043e\u043b\u0430\u0440\u043d\u043e\u0433 \u0438 \u043c\u0443\u043b\u0442\u0438\u043f\u043e\u043b\u0430\u0440\u043d\u043e\u0433 \u043a\u043e\u043d\u0446\u0435\u043f\u0442\u0430 \u0433\u043b\u043e\u0431\u0430\u043b\u043d\u043e\u0433 \u0440\u0430\u0437\u0432\u043e\u0458\u0430.<\/li><\/ul><p>\u041c\u0435\u0452\u0443\u043d\u0430\u0440\u043e\u0434\u043d\u0443 \u043d\u0430\u0443\u0447\u043d\u0443 \u043a\u043e\u043d\u0444\u0435\u0440\u0435\u043d\u0446\u0438\u0458\u0443\u00a0\u201e\u0415\u041a\u041e\u041d\u041e\u041c\u0421\u041a\u0418 \u0418 \u0414\u0420\u0423\u0428\u0422\u0412\u0415\u041d\u0418 \u0420\u0410\u0417\u0412\u041e\u0408 \u0423 \u0411\u0418\u041f\u041e\u041b\u0410\u0420\u041d\u041e\u041c \u0418 \u041c\u0423\u041b\u0422\u0418\u041f\u041e\u041b\u0410\u0420\u041d\u041e\u041c \u041e\u041a\u0420\u0423\u0416\u0415\u040a\u0423 \u2013 \u0411\u0415\u041e\u0413\u0420\u0410\u0414 2025\u201c \u043e\u0440\u0433\u0430\u043d\u0438\u0437\u043e\u0432\u0430\u043e<strong>\u00a0<\/strong>\u0458\u0435 \u043c\u0435\u0452\u0443\u043d\u0430\u0440\u043e\u0434\u043d\u0438 \u041d\u0430\u0443\u0447\u043d\u0438 \u0438 \u041f\u0440\u043e\u0433\u0440\u0430\u043c\u0441\u043a\u0438 \u043e\u0434\u0431\u043e\u0440 \u043e\u0434 95 \u0447\u043b\u0430\u043d\u043e\u0432\u0430 \u0438\u0437 26 \u0437\u0435\u043c\u0430\u0459\u0430 \u0441\u0430 \u0441\u0432\u0438\u0445 \u043a\u043e\u043d\u0442\u0438\u043d\u0435\u043d\u0430\u0442\u0430 \u0441\u0432\u0435\u0442a \u0438 \u041e\u0440\u0433\u0430\u043d\u0438\u0437\u0430\u0446\u0438\u043e\u043d\u0438 \u043e\u0434\u0431\u043e\u0440 \u043e\u0434 23 \u0447\u043b\u0430\u043d\u0430 \u0438\u0437 \u043f\u0435\u0442 \u0437\u0435\u043c\u0430\u0459\u0430 \u0441\u0432\u0435\u0442\u0430.<\/p><p><a href=\"https:\/\/mbuniverzitet.edu.rs\/wp-content\/uploads\/2025\/06\/ESD_sl8.jpg\"><img loading=\"lazy\" decoding=\"async\" class=\"aligncenter size-medium wp-image-18098\" src=\"https:\/\/mbuniverzitet.edu.rs\/wp-content\/uploads\/2025\/06\/ESD_sl8-300x225.jpg\" alt=\"\" width=\"300\" height=\"225\" srcset=\"https:\/\/mbuniverzitet.edu.rs\/wp-content\/uploads\/2025\/06\/ESD_sl8-300x225.jpg 300w, https:\/\/mbuniverzitet.edu.rs\/wp-content\/uploads\/2025\/06\/ESD_sl8-1024x768.jpg 1024w, https:\/\/mbuniverzitet.edu.rs\/wp-content\/uploads\/2025\/06\/ESD_sl8-768x576.jpg 768w, https:\/\/mbuniverzitet.edu.rs\/wp-content\/uploads\/2025\/06\/ESD_sl8-1536x1152.jpg 1536w, https:\/\/mbuniverzitet.edu.rs\/wp-content\/uploads\/2025\/06\/ESD_sl8-16x12.jpg 16w, https:\/\/mbuniverzitet.edu.rs\/wp-content\/uploads\/2025\/06\/ESD_sl8.jpg 2016w\" sizes=\"(max-width: 300px) 100vw, 300px\" \/><\/a><\/p><p>\u041f\u043e\u0440\u0435\u0434 \u041f\u043b\u0435\u043d\u0430\u0440\u043d\u043e\u0433 \u0434\u0435\u043b\u0430 \u043d\u0430 \u043a\u043e\u043d\u0444\u0435\u0440\u0435\u043d\u0446\u0438\u0458\u0438 \u0458\u0435 \u043e\u0440\u0433\u0430\u043d\u0438\u0437\u043e\u0432\u0430\u043d \u0440\u0430\u0434 \u0443 \u0442\u0440\u0438 \u0441\u0435\u043a\u0446\u0438\u0458\u0435: \u0415\u043a\u043e\u043d\u043e\u043c\u0438\u0458\u0430 \u0438 \u043c\u0435\u043d\u0430\u045f\u043c\u0435\u043d\u0442, \u041f\u0440\u0430\u0432\u043e \u0438 \u0431\u0435\u0437\u0431\u0435\u0434\u043d\u043e\u0441\u0442 \u0438 \u0418\u043d\u0444\u043e\u0440\u043c\u0430\u0446\u0438\u043e\u043d\u0435 \u0442\u0435\u0445\u043d\u043e\u043b\u043e\u0433\u0438\u0458\u0435.<\/p><p><a href=\"https:\/\/mbuniverzitet.edu.rs\/wp-content\/uploads\/2025\/06\/ESD_sl6.jpg\"><img loading=\"lazy\" decoding=\"async\" class=\"aligncenter size-medium wp-image-18104\" src=\"https:\/\/mbuniverzitet.edu.rs\/wp-content\/uploads\/2025\/06\/ESD_sl6-225x300.jpg\" alt=\"\" width=\"225\" height=\"300\" srcset=\"https:\/\/mbuniverzitet.edu.rs\/wp-content\/uploads\/2025\/06\/ESD_sl6-225x300.jpg 225w, https:\/\/mbuniverzitet.edu.rs\/wp-content\/uploads\/2025\/06\/ESD_sl6-768x1024.jpg 768w, https:\/\/mbuniverzitet.edu.rs\/wp-content\/uploads\/2025\/06\/ESD_sl6-1152x1536.jpg 1152w, https:\/\/mbuniverzitet.edu.rs\/wp-content\/uploads\/2025\/06\/ESD_sl6-9x12.jpg 9w, https:\/\/mbuniverzitet.edu.rs\/wp-content\/uploads\/2025\/06\/ESD_sl6.jpg 1512w\" sizes=\"(max-width: 225px) 100vw, 225px\" \/><\/a><\/p><p>\u0423 \u043f\u0440\u0435\u0434\u0438\u0432\u043d\u043e\u043c \u0430\u043c\u0431\u0438\u0458\u0435\u043d\u0442\u0443 \u0423\u043d\u0438\u0432\u0435\u0440\u0437\u0438\u0442\u0435\u0442\u0430 ,,\u041c\u0411\u201c \u0442\u043e\u043a\u043e\u043c \u043a\u043e\u043d\u0444\u0440\u0435\u043d\u0435\u0446\u0438\u0458\u0435 \u0440\u0430\u0437\u043c\u0435\u045a\u0435\u043d\u0435 \u0441\u0443 \u0438\u043d\u0444\u043e\u0440\u043c\u0430\u0446\u0438\u0458\u0435 \u043d\u0430\u0443\u0447\u043d\u0438\u0445 \u0440\u0430\u0434\u043d\u0438\u043a\u0430 \u043e \u0441\u0432\u043e\u0458\u0438\u043c \u0438\u0441\u0442\u0440\u0430\u0436\u0438\u0432\u0430\u045a\u0438\u043c\u0430, \u0443\u043a\u0430\u0437\u0430\u043d\u043e \u043d\u0430 \u0431\u0443\u0434\u0443\u045b\u0435 \u0440\u0435\u0430\u043b\u0438\u0437\u0430\u0446\u0438\u0458\u0435 \u0431\u0440\u043e\u0458\u043d\u0438\u0445 \u043f\u0440\u043e\u0458\u0435\u043a\u0430\u0442\u0430 \u0438\u0437 \u0438\u0441\u0442\u0438\u0445 \u0443 \u0441\u0432\u043e\u0458\u0438\u043c \u0437\u0435\u043c\u0459\u0430\u043c\u0430 \u0438 \u043d\u0430 \u043f\u0440\u0430\u043a\u0442\u0438\u0447\u043d\u0435 \u0440\u0435\u0430\u043b\u0438\u0437\u0430\u0446\u0438\u0458\u0435 \u043f\u043e \u043f\u0440\u0435\u0434\u043b\u043e\u0437\u0438\u043c\u0430 \u0430\u0443\u0442\u043e\u0440\u0430 \u0438 \u043a\u043e\u0430\u0443\u0442\u043e\u0440\u0430 \u0440\u0430\u0434\u043e\u0432\u0430.<\/p><p><a href=\"https:\/\/mbuniverzitet.edu.rs\/wp-content\/uploads\/2025\/06\/ESD_sl4.jpg\"><img loading=\"lazy\" decoding=\"async\" class=\"aligncenter size-medium wp-image-18102\" src=\"https:\/\/mbuniverzitet.edu.rs\/wp-content\/uploads\/2025\/06\/ESD_sl4-225x300.jpg\" alt=\"\" width=\"225\" height=\"300\" srcset=\"https:\/\/mbuniverzitet.edu.rs\/wp-content\/uploads\/2025\/06\/ESD_sl4-225x300.jpg 225w, https:\/\/mbuniverzitet.edu.rs\/wp-content\/uploads\/2025\/06\/ESD_sl4-768x1024.jpg 768w, https:\/\/mbuniverzitet.edu.rs\/wp-content\/uploads\/2025\/06\/ESD_sl4-1152x1536.jpg 1152w, https:\/\/mbuniverzitet.edu.rs\/wp-content\/uploads\/2025\/06\/ESD_sl4-9x12.jpg 9w, https:\/\/mbuniverzitet.edu.rs\/wp-content\/uploads\/2025\/06\/ESD_sl4.jpg 1200w\" sizes=\"(max-width: 225px) 100vw, 225px\" \/><\/a><\/p><p><a href=\"https:\/\/mbuniverzitet.edu.rs\/wp-content\/uploads\/2025\/06\/ESD_sl5.jpg\"><img loading=\"lazy\" decoding=\"async\" class=\"aligncenter size-medium wp-image-18103\" src=\"https:\/\/mbuniverzitet.edu.rs\/wp-content\/uploads\/2025\/06\/ESD_sl5-225x300.jpg\" alt=\"\" width=\"225\" height=\"300\" srcset=\"https:\/\/mbuniverzitet.edu.rs\/wp-content\/uploads\/2025\/06\/ESD_sl5-225x300.jpg 225w, https:\/\/mbuniverzitet.edu.rs\/wp-content\/uploads\/2025\/06\/ESD_sl5-768x1024.jpg 768w, https:\/\/mbuniverzitet.edu.rs\/wp-content\/uploads\/2025\/06\/ESD_sl5-1152x1536.jpg 1152w, https:\/\/mbuniverzitet.edu.rs\/wp-content\/uploads\/2025\/06\/ESD_sl5-9x12.jpg 9w, https:\/\/mbuniverzitet.edu.rs\/wp-content\/uploads\/2025\/06\/ESD_sl5.jpg 1200w\" sizes=\"(max-width: 225px) 100vw, 225px\" \/><\/a><\/p><p>\u0423\u0432\u043e\u0434\u043d\u043e \u0438\u0437\u043b\u0430\u0433\u0430\u045a\u0435 \u0458\u0435 \u0438\u043c\u0430\u043e \u043f\u0440\u043e\u0444\u0435\u0441\u043e\u0440 \u0434\u0440 \u041c\u0430\u0440\u0438\u043e \u041a\u043e\u043d\u0435\u0446\u043a\u0438 \u0441\u0430 \u0424\u0430\u043a\u0443\u043b\u0442\u0435\u0442\u0430 \u043e\u0440\u0433\u0430\u043d\u0438\u0437\u0430\u0446\u0438\u0458\u0435 \u0438 \u0438\u043d\u0444\u043e\u0440\u043c\u0430\u0442\u0438\u043a\u0435, \u0421\u0432\u0435\u0443\u0447\u0438\u043b\u0438\u0448\u0442\u0430 \u0443 \u0417\u0430\u0433\u0440\u0435\u0431\u0443, \u0438\u0437 \u0425\u0440\u0432\u0430\u0442\u0441\u043a\u0435 \u043a\u043e\u0458\u0438 \u0458\u0435 \u0438\u0437 \u043d\u0430\u0443\u0447\u043d\u043e\u0433 \u0443\u0433\u043b\u0430 \u043f\u0440\u0438\u0431\u043b\u0438\u0436\u0438\u043e \u0441\u043b\u043e\u0436\u0435\u043d\u0443 \u043f\u0440\u043e\u0431\u043b\u0435\u043c\u0430\u0442\u0438\u043a\u0443 \u0438\u043d\u043e\u0432\u0430\u0446\u0438\u0458\u0430 \u0437\u0430 \u043e\u0434\u0440\u0436\u0438\u0432\u0443 \u0431\u0443\u0434\u0443\u045b\u043d\u043e\u0441\u0442, \u043f\u0440\u0435\u0434\u0441\u0442\u0430\u0432\u0438\u043e \u0443\u043b\u043e\u0433\u0443 \u0432\u0438\u0440\u0442\u0443\u0435\u043b\u043d\u0435 \u0441\u0442\u0432\u0430\u0440\u043d\u043e\u0441\u0442\u0438 \u0438 \u0432\u0435\u0448\u0442\u0430\u0447\u043a\u0435 \u0438\u043d\u0442\u0435\u043b\u0438\u0433\u0435\u043d\u0446\u0438\u0458\u0435 \u0443 \u043e\u0431\u0440\u0430\u0437\u043e\u0432\u0430\u045a\u0443, \u043f\u043e\u0441\u043b\u043e\u0432\u0430\u045a\u0443 \u0438 \u043f\u0440\u0435\u0434\u0443\u0437\u0435\u0442\u043d\u0438\u0448\u0442\u0432\u0443.<\/p><p>\u041d\u0430 \u043a\u043e\u043d\u0444\u0435\u0440\u0435\u043d\u0446\u0438\u0458\u0438 \u043f\u043e\u0441\u0435\u0431\u0430\u043d \u0434\u043e\u043f\u0440\u0438\u043d\u043e\u0441 \u0441\u0443 \u0434\u0430\u043b\u0438 \u0433\u043e\u0441\u0442\u0438 \u0438\u0437 \u0413\u0440\u0447\u043a\u0435 \u0438 \u0438\u0437 \u0431\u0440\u043e\u0458\u043d\u0438\u0445 \u0437\u0435\u043c\u0430\u0459\u0430 \u0438\u0437 \u043e\u043a\u0440\u0443\u0436\u0435\u045a\u0430.<\/p><p>\u0410\u043f\u0441\u0442\u0440\u0430\u043a\u0442 \u0438 \u0440\u0430\u0434\u043e\u0432\u0438 \u0441\u0435 \u043f\u0443\u0431\u043b\u0438\u043a\u0443\u0458\u0443 \u043e\u0434\u0432\u043e\u0458\u0435\u043d\u043e \u0443:<\/p><ol><li>Procedings\u00a0 abstract,\u00a0\u043d\u0430 \u0415\u043d\u0433\u043b\u0435\u0441\u043a\u043e\u043c \u0458\u0435\u0437\u0438\u043a\u0443.<\/li><li>Procedings paper,\u00a0\u043d\u0430 \u0415\u043d\u0433\u043b\u0435\u0441\u043a\u043e\u043c \u0458\u0435\u0437\u0438\u043a\u0443.<\/li><\/ol><p>\u0417\u0431\u043e\u0440\u043d\u0438\u043a \u0440\u0430\u0434\u043e\u0432\u0430<strong>\u00a0<\/strong>\u0458\u0435\u00a0 indexed in EconLit (American Economic Association) and CPCI (Web of Science by Thomson Reuters &#8211; Conference Proceedings Citation Index) M14 Srbija<strong>.<\/strong><\/p><p><style id=\"bwg-style-4\">    #bwg_container1_4 #bwg_container2_4 .bwg-container-4.bwg-standard-thumbnails {      width: 1254px;              justify-content: center;        margin:0 auto !important;              background-color: rgba(255, 255, 255, 0.00);            padding-left: 4px;      padding-top: 4px;      max-width: 100%;            }        #bwg_container1_4 #bwg_container2_4 .bwg-container-4.bwg-standard-thumbnails .bwg-item {    justify-content: flex-start;      max-width: 250px;          }    #bwg_container1_4 #bwg_container2_4 .bwg-container-4.bwg-standard-thumbnails .bwg-item a {       margin-right: 4px;       margin-bottom: 4px;    }    #bwg_container1_4 #bwg_container2_4 .bwg-container-4.bwg-standard-thumbnails .bwg-item0 {      padding: 0px;            background-color:rgba(0,0,0, 0.30);      border: 0px none #CCCCCC;      opacity: 1.00;      border-radius: 0;      box-shadow: ;    }    #bwg_container1_4 #bwg_container2_4 .bwg-container-4.bwg-standard-thumbnails .bwg-item1 img {      max-height: none;      max-width: none;      padding: 0 !important;    }         @media only screen and (min-width: 480px) {\t\t#bwg_container1_4 #bwg_container2_4 .bwg-container-4.bwg-standard-thumbnails .bwg-item1 img {\t\t\t-webkit-transition: all .3s; transition: all .3s;\t\t}\t\t#bwg_container1_4 #bwg_container2_4 .bwg-container-4.bwg-standard-thumbnails .bwg-item1 img:hover {\t\t\t-ms-transform: scale(1.08);\t\t\t-webkit-transform: scale(1.08);\t\t\ttransform: scale(1.08);\t\t}\t\t\t\t.bwg-standard-thumbnails .bwg-zoom-effect .bwg-zoom-effect-overlay {\t\t\t\t\t\tbackground-color:rgba(0,0,0, 0.3);\t\t}\t\t.bwg-standard-thumbnails .bwg-zoom-effect:hover img {\t\t\t-ms-transform: scale(1.08);\t\t\t-webkit-transform: scale(1.08);\t\t\ttransform: scale(1.08);\t\t}\t\t      }\t    #bwg_container1_4 #bwg_container2_4 .bwg-container-4.bwg-standard-thumbnails .bwg-item1 {      padding-top: 56%;    }        #bwg_container1_4 #bwg_container2_4 .bwg-container-4.bwg-standard-thumbnails .bwg-title1 {      position: absolute;      top: 0;      z-index: 100;      width: 100%;      height: 100%;      display: flex;      justify-content: center;      align-content: center;      flex-direction: column;      opacity: 0;    }\t      #bwg_container1_4 #bwg_container2_4 .bwg-container-4.bwg-standard-thumbnails .bwg-title2,    #bwg_container1_4 #bwg_container2_4 .bwg-container-4.bwg-standard-thumbnails .bwg-ecommerce2 {      color: #FFFFFF;      font-family: Ubuntu;      font-size: 16px;      font-weight: bold;      padding: 2px;      text-shadow: ;      max-height: 100%;    }    #bwg_container1_4 #bwg_container2_4 .bwg-container-4.bwg-standard-thumbnails .bwg-thumb-description span {    color: #323A45;    font-family: Ubuntu;    font-size: 12px;    max-height: 100%;    word-wrap: break-word;    }    #bwg_container1_4 #bwg_container2_4 .bwg-container-4.bwg-standard-thumbnails .bwg-play-icon2 {      font-size: 32px;    }    #bwg_container1_4 #bwg_container2_4 .bwg-container-4.bwg-standard-thumbnails .bwg-ecommerce2 {      font-size: 19.2px;      color: #323A45;    }    <\/style>    <div id=\"bwg_container1_4\"         class=\"bwg_container bwg_thumbnail bwg_thumbnails \"         data-right-click-protection=\"0\"         data-bwg=\"4\"         data-scroll=\"0\"         data-gallery-type=\"thumbnails\"         data-gallery-view-type=\"thumbnails\"         data-current-url=\"\/arhiva-vesti\/\"         data-lightbox-url=\"https:\/\/mbuniverzitet.edu.rs\/wp-admin\/admin-ajax.php?action=GalleryBox&#038;current_view=4&#038;gallery_id=5&#038;tag=0&#038;theme_id=1&#038;shortcode_id=10&#038;sort_by=order&#038;order_by=asc&#038;current_url=%2Farhiva-vesti%2F\"         data-gallery-id=\"5\"         data-popup-width=\"800\"         data-popup-height=\"500\"         data-is-album=\"gallery\"         data-buttons-position=\"bottom\">      <div id=\"bwg_container2_4\">             <div id=\"ajax_loading_4\" class=\"bwg_loading_div_1\">      <div class=\"bwg_loading_div_2\">        <div class=\"bwg_loading_div_3\">          <div id=\"loading_div_4\" class=\"bwg_spider_ajax_loading\">          <\/div>        <\/div>      <\/div>    <\/div>            <form id=\"gal_front_form_4\"              class=\"bwg-hidden\"              method=\"post\"              action=\"#\"              data-current=\"4\"              data-shortcode-id=\"10\"              data-gallery-type=\"thumbnails\"              data-gallery-id=\"5\"              data-tag=\"0\"              data-album-id=\"0\"              data-theme-id=\"1\"              data-ajax-url=\"https:\/\/mbuniverzitet.edu.rs\/wp-admin\/admin-ajax.php?action=bwg_frontend_data\">          <div id=\"bwg_container3_4\" class=\"bwg-background bwg-background-4\">                <div data-max-count=\"5\"         data-thumbnail-width=\"250\"         data-bwg=\"4\"         data-gallery-id=\"5\"         data-lightbox-url=\"https:\/\/mbuniverzitet.edu.rs\/wp-admin\/admin-ajax.php?action=GalleryBox&amp;current_view=4&amp;gallery_id=5&amp;tag=0&amp;theme_id=1&amp;shortcode_id=10&amp;sort_by=order&amp;order_by=asc&amp;current_url=%2Farhiva-vesti%2F\"         id=\"bwg_thumbnails_4\"         class=\"bwg-container-4 bwg-thumbnails bwg-standard-thumbnails bwg-container bwg-border-box\">            <div class=\"bwg-item\">        <a class=\"bwg-a  bwg_lightbox\"  data-image-id=\"39\" href=\"https:\/\/mbuniverzitet.edu.rs\/wp-content\/uploads\/photo-gallery\/imported_from_media_libray\/ESD25_sekcije_sl3.jpg?bwg=1749200136\" data-elementor-open-lightbox=\"no\">                <div class=\"bwg-item0 \">          <div class=\"bwg-item1 bwg-zoom-effect\">            <div class=\"bwg-item2\">              <img decoding=\"async\" class=\"skip-lazy bwg_standart_thumb_img_4 \"                   data-id=\"39\"                   data-width=\"375.00\"                   data-height=\"500.00\"                   data-src=\"https:\/\/mbuniverzitet.edu.rs\/wp-content\/uploads\/photo-gallery\/imported_from_media_libray\/thumb\/ESD25_sekcije_sl3.jpg?bwg=1749200136\"                   src=\"https:\/\/mbuniverzitet.edu.rs\/wp-content\/uploads\/photo-gallery\/imported_from_media_libray\/thumb\/ESD25_sekcije_sl3.jpg?bwg=1749200136\"                   alt=\"\"                   title=\"\" \/>            <\/div>            <div class=\"bwg-zoom-effect-overlay\">              <div class=\"bwg-title1\"><div class=\"bwg-title2\">&nbsp;<\/div><\/div>                                        <\/div>          <\/div>        <\/div>                        <\/a>              <\/div>            <div class=\"bwg-item\">        <a class=\"bwg-a  bwg_lightbox\"  data-image-id=\"41\" href=\"https:\/\/mbuniverzitet.edu.rs\/wp-content\/uploads\/photo-gallery\/imported_from_media_libray\/ESD25_sekcije_sl16.jpg?bwg=1749200136\" data-elementor-open-lightbox=\"no\">                <div class=\"bwg-item0 \">          <div class=\"bwg-item1 bwg-zoom-effect\">            <div class=\"bwg-item2\">              <img decoding=\"async\" class=\"skip-lazy bwg_standart_thumb_img_4 \"                   data-id=\"41\"                   data-width=\"500.00\"                   data-height=\"375.00\"                   data-src=\"https:\/\/mbuniverzitet.edu.rs\/wp-content\/uploads\/photo-gallery\/imported_from_media_libray\/thumb\/ESD25_sekcije_sl16.jpg?bwg=1749200136\"                   src=\"https:\/\/mbuniverzitet.edu.rs\/wp-content\/uploads\/photo-gallery\/imported_from_media_libray\/thumb\/ESD25_sekcije_sl16.jpg?bwg=1749200136\"                   alt=\"\"                   title=\"\" \/>            <\/div>            <div class=\"bwg-zoom-effect-overlay\">              <div class=\"bwg-title1\"><div class=\"bwg-title2\">&nbsp;<\/div><\/div>                                        <\/div>          <\/div>        <\/div>                        <\/a>              <\/div>            <div class=\"bwg-item\">        <a class=\"bwg-a  bwg_lightbox\"  data-image-id=\"38\" href=\"https:\/\/mbuniverzitet.edu.rs\/wp-content\/uploads\/photo-gallery\/imported_from_media_libray\/ESD25_sekcije_sl5.jpg?bwg=1749200136\" data-elementor-open-lightbox=\"no\">                <div class=\"bwg-item0 \">          <div class=\"bwg-item1 bwg-zoom-effect\">            <div class=\"bwg-item2\">              <img decoding=\"async\" class=\"skip-lazy bwg_standart_thumb_img_4 \"                   data-id=\"38\"                   data-width=\"500.00\"                   data-height=\"375.00\"                   data-src=\"https:\/\/mbuniverzitet.edu.rs\/wp-content\/uploads\/photo-gallery\/imported_from_media_libray\/thumb\/ESD25_sekcije_sl5.jpg?bwg=1749200136\"                   src=\"https:\/\/mbuniverzitet.edu.rs\/wp-content\/uploads\/photo-gallery\/imported_from_media_libray\/thumb\/ESD25_sekcije_sl5.jpg?bwg=1749200136\"                   alt=\"\"                   title=\"\" \/>            <\/div>            <div class=\"bwg-zoom-effect-overlay\">              <div class=\"bwg-title1\"><div class=\"bwg-title2\">&nbsp;<\/div><\/div>                                        <\/div>          <\/div>        <\/div>                        <\/a>              <\/div>            <div class=\"bwg-item\">        <a class=\"bwg-a  bwg_lightbox\"  data-image-id=\"36\" href=\"https:\/\/mbuniverzitet.edu.rs\/wp-content\/uploads\/photo-gallery\/imported_from_media_libray\/ESD25_sekcije_sl15.jpg?bwg=1749200136\" data-elementor-open-lightbox=\"no\">                <div class=\"bwg-item0 \">          <div class=\"bwg-item1 bwg-zoom-effect\">            <div class=\"bwg-item2\">              <img decoding=\"async\" class=\"skip-lazy bwg_standart_thumb_img_4 \"                   data-id=\"36\"                   data-width=\"500.00\"                   data-height=\"375.00\"                   data-src=\"https:\/\/mbuniverzitet.edu.rs\/wp-content\/uploads\/photo-gallery\/imported_from_media_libray\/thumb\/ESD25_sekcije_sl15.jpg?bwg=1749200136\"                   src=\"https:\/\/mbuniverzitet.edu.rs\/wp-content\/uploads\/photo-gallery\/imported_from_media_libray\/thumb\/ESD25_sekcije_sl15.jpg?bwg=1749200136\"                   alt=\"\"                   title=\"\" \/>            <\/div>            <div class=\"bwg-zoom-effect-overlay\">              <div class=\"bwg-title1\"><div class=\"bwg-title2\">&nbsp;<\/div><\/div>                                        <\/div>          <\/div>        <\/div>                        <\/a>              <\/div>            <div class=\"bwg-item\">        <a class=\"bwg-a  bwg_lightbox\"  data-image-id=\"37\" href=\"https:\/\/mbuniverzitet.edu.rs\/wp-content\/uploads\/photo-gallery\/imported_from_media_libray\/ESD25_sekcije_sl11.jpg?bwg=1749200136\" data-elementor-open-lightbox=\"no\">                <div class=\"bwg-item0 \">          <div class=\"bwg-item1 bwg-zoom-effect\">            <div class=\"bwg-item2\">              <img decoding=\"async\" class=\"skip-lazy bwg_standart_thumb_img_4 \"                   data-id=\"37\"                   data-width=\"500.00\"                   data-height=\"375.00\"                   data-src=\"https:\/\/mbuniverzitet.edu.rs\/wp-content\/uploads\/photo-gallery\/imported_from_media_libray\/thumb\/ESD25_sekcije_sl11.jpg?bwg=1749200136\"                   src=\"https:\/\/mbuniverzitet.edu.rs\/wp-content\/uploads\/photo-gallery\/imported_from_media_libray\/thumb\/ESD25_sekcije_sl11.jpg?bwg=1749200136\"                   alt=\"\"                   title=\"\" \/>            <\/div>            <div class=\"bwg-zoom-effect-overlay\">              <div class=\"bwg-title1\"><div class=\"bwg-title2\">&nbsp;<\/div><\/div>                                        <\/div>          <\/div>        <\/div>                        <\/a>              <\/div>            <div class=\"bwg-item\">        <a class=\"bwg-a  bwg_lightbox\"  data-image-id=\"40\" href=\"https:\/\/mbuniverzitet.edu.rs\/wp-content\/uploads\/photo-gallery\/imported_from_media_libray\/ESD25_sekcije_sl1.jpg?bwg=1749200136\" data-elementor-open-lightbox=\"no\">                <div class=\"bwg-item0 \">          <div class=\"bwg-item1 bwg-zoom-effect\">            <div class=\"bwg-item2\">              <img decoding=\"async\" class=\"skip-lazy bwg_standart_thumb_img_4 \"                   data-id=\"40\"                   data-width=\"375.00\"                   data-height=\"500.00\"                   data-src=\"https:\/\/mbuniverzitet.edu.rs\/wp-content\/uploads\/photo-gallery\/imported_from_media_libray\/thumb\/ESD25_sekcije_sl1.jpg?bwg=1749200136\"                   src=\"https:\/\/mbuniverzitet.edu.rs\/wp-content\/uploads\/photo-gallery\/imported_from_media_libray\/thumb\/ESD25_sekcije_sl1.jpg?bwg=1749200136\"                   alt=\"\"                   title=\"\" \/>            <\/div>            <div class=\"bwg-zoom-effect-overlay\">              <div class=\"bwg-title1\"><div class=\"bwg-title2\">&nbsp;<\/div><\/div>                                        <\/div>          <\/div>        <\/div>                        <\/a>              <\/div>          <\/div>    <style>      \/*pagination styles*\/      #bwg_container1_4 #bwg_container2_4 .tablenav-pages_4 {\t\t\t\ttext-align: center;\t\t\t\tfont-size: 12px;\t\t\t\tfont-family: Ubuntu;\t\t\t\tfont-weight: bold;\t\t\t\tcolor: #666666;\t\t\t\tmargin: 6px 0 4px;\t\t\t\tdisplay: block;      }      @media only screen and (max-width : 320px) {      #bwg_container1_4 #bwg_container2_4 .displaying-num_4 {     \t display: none;      }      }      #bwg_container1_4 #bwg_container2_4 .displaying-num_4 {\t\t\t\tfont-size: 12px;\t\t\t\tfont-family: Ubuntu;\t\t\t\tfont-weight: bold;\t\t\t\tcolor: #666666;\t\t\t\tmargin-right: 10px;\t\t\t\tvertical-align: middle;      }      #bwg_container1_4 #bwg_container2_4 .paging-input_4 {\t\t\t\tfont-size: 12px;\t\t\t\tfont-family: Ubuntu;\t\t\t\tfont-weight: bold;\t\t\t\tcolor: #666666;\t\t\t\tvertical-align: middle;      }      #bwg_container1_4 #bwg_container2_4 .tablenav-pages_4 a.disabled,      #bwg_container1_4 #bwg_container2_4 .tablenav-pages_4 a.disabled:hover,      #bwg_container1_4 #bwg_container2_4 .tablenav-pages_4 a.disabled:focus,\t\t\t#bwg_container1_4 #bwg_container2_4 .tablenav-pages_4 input.bwg_current_page {\t\t\t\tcursor: default;\t\t\t\tcolor: rgba(102, 102, 102, 0.5);      }      #bwg_container1_4 #bwg_container2_4 .tablenav-pages_4 a,      #bwg_container1_4 #bwg_container2_4 .tablenav-pages_4 input.bwg_current_page {\t\t\t\tcursor: pointer;\t\t\t\ttext-align: center;\t\t\t\tfont-size: 12px;\t\t\t\tfont-family: Ubuntu;\t\t\t\tfont-weight: bold;\t\t\t\tcolor: #666666;\t\t\t\ttext-decoration: none;\t\t\t\tpadding: 3px 6px;\t\t\t\tmargin: 0;\t\t\t\tborder-radius: 0;\t\t\t\tborder-style: solid;\t\t\t\tborder-width: 1px;\t\t\t\tborder-color: #E3E3E3;\t\t\t\t\t\t\t\tbackground-color: rgba(255, 255, 255, 1.00);\t\t\t\tbox-shadow: 0;\t\t\t\ttransition: all 0.3s ease 0s;-webkit-transition: all 0.3s ease 0s;      }      <\/style>      <span class=\"bwg_nav_cont_4\">              <div class=\"tablenav-pages_4\">                  <\/div>                <input type=\"hidden\" id=\"page_number_4\" name=\"page_number_4\" value=\"1\" \/>      <script type=\"text\/javascript\">        if( jQuery('.bwg_nav_cont_4').length > 1 ) {          jQuery('.bwg_nav_cont_4').first().remove()        }        function spider_page_4(cur, x, y, load_more) {          if (typeof load_more == \"undefined\") {            var load_more = false;          }          if (jQuery(cur).hasClass('disabled')) {            return false;          }          var items_county_4 = 1;          switch (y) {            case 1:              if (x >= items_county_4) {                document.getElementById('page_number_4').value = items_county_4;              }              else {                document.getElementById('page_number_4').value = x + 1;              }              break;            case 2:              document.getElementById('page_number_4').value = items_county_4;              break;            case -1:              if (x == 1) {                document.getElementById('page_number_4').value = 1;              }              else {                document.getElementById('page_number_4').value = x - 1;              }              break;            case -2:              document.getElementById('page_number_4').value = 1;              break;\t\t\t\t\t\tcase 0:              document.getElementById('page_number_4').value = x;              break;            default:              document.getElementById('page_number_4').value = 1;          }          bwg_ajax('gal_front_form_4', '4', 'bwg_thumbnails_4', '0', '', 'gallery', 0, '', '', load_more, '', 1);        }                    jQuery('.first-page-4').on('click', function () {              spider_page_4(this, 1, -2, 'numeric');              return false;            });            jQuery('.prev-page-4').on('click', function () {              spider_page_4(this, 1, -1, 'numeric');              return false;            });            jQuery('.next-page-4').on('click', function () {              spider_page_4(this, 1, 1, 'numeric');              return false;            });            jQuery('.last-page-4').on('click', function () {              spider_page_4(this, 1, 2, 'numeric');              return false;            });        \t\t\t\t\/* Change page on input enter. *\/        function bwg_change_page_4( e, that ) {          if (  e.key == 'Enter' ) {            var to_page = parseInt(jQuery(that).val());            var pages_count = jQuery(that).parents(\".pagination-links\").data(\"pages-count\");            var current_url_param = jQuery(that).attr('data-url-info');            if (to_page > pages_count) {              to_page = 1;            }\t \t\t\t\t\t\t\t\t\t\t\t\tspider_page_4(this, to_page, 0, 'numeric');\t\t\t\t\t\t\treturn false;\t\t\t\t\t\t          }          return true;        }        jQuery('.bwg_load_btn_4').on('click', function () {            spider_page_4(this, 1, 1, true);            return false;        });      <\/script>      <\/span>                <\/div>        <\/form>        <style>          #bwg_container1_4 #bwg_container2_4 #spider_popup_overlay_4 {          background-color: #EEEEEE;          opacity: 0.60;          }          <\/style>        <div id=\"bwg_spider_popup_loading_4\" class=\"bwg_spider_popup_loading\"><\/div>        <div id=\"spider_popup_overlay_4\" class=\"spider_popup_overlay\" onclick=\"spider_destroypopup(1000)\"><\/div>        <input type=\"hidden\" id=\"bwg_random_seed_4\" value=\"1036985814\">                <\/div>    <\/div>    <script>      if (document.readyState === 'complete') {        if( typeof bwg_main_ready == 'function' ) {          if ( jQuery(\"#bwg_container1_4\").height() ) {            bwg_main_ready(jQuery(\"#bwg_container1_4\"));          }        }      } else {        document.addEventListener('DOMContentLoaded', function() {          if( typeof bwg_main_ready == 'function' ) {            if ( jQuery(\"#bwg_container1_4\").height() ) {             bwg_main_ready(jQuery(\"#bwg_container1_4\"));            }          }        });      }    <\/script>    <\/p><p>\u041f\u0440\u0435\u0434\u0441\u0435\u0434\u043d\u0438\u043a \u0421\u0430\u0432\u0435\u0442\u0430 \u0423\u043d\u0438\u0432\u0435\u0440\u0437\u0438\u0442\u0435\u0442\u0430 \u041c\u0411 \u043f\u0440\u043e\u0444\u0435\u0441\u043e\u0440 \u0435\u043c\u0435\u0440\u0438\u0442\u0443\u0441 \u0434\u0440 \u0414\u0443\u0448\u0430\u043d \u0420\u0435\u0433\u043e\u0434\u0438\u045b, \u0434\u0438\u043f\u043b \u0438\u043d\u0436., \u043f\u0440\u043e\u0440\u0435\u043a\u0442\u043e\u0440 \u0437\u0430 \u043d\u0430\u0443\u043a\u0443 \u043d\u0430 \u0423\u043d\u0438\u0432\u0435\u0440\u0437\u0438\u0442\u0435\u0442\u0443 \u201e\u041c\u0411\u201c \u043f\u0440\u043e\u0444\u0435\u0441\u043e\u0440 \u0435\u043c\u0435\u0440\u0438\u0442\u0443\u0441 \u0434\u0440 \u041d\u0435\u0452\u043e \u0414\u0430\u043d\u0438\u043b\u043e\u0432\u0438\u045b \u0438 \u043f\u0440\u043e\u0434\u0435\u043a\u0430\u043d \u0437\u0430 \u043d\u0430\u0443\u043a\u0443 \u043d\u0430 \u041f\u043e\u0441\u043b\u043e\u0432\u043d\u043e\u043c \u0438 \u043f\u0440\u0430\u0432\u043d\u043e\u043c \u0444\u0430\u043a\u0443\u043b\u0442\u0435\u0442\u0443 \u0423\u043d\u0438\u0432\u0435\u0440\u0437\u0438\u0442\u0435\u0442\u0430 \u201e\u041c\u0411\u201c \u043f\u0440\u043e\u0444\u0435\u0441\u043e\u0440 \u0434\u0440 \u041c\u0438\u043b\u043e\u0448 \u0421\u0442\u0430\u043d\u043a\u043e\u0432\u0438\u045b \u0441\u0443 \u0431\u0438\u043b\u0438 \u0442\u043e\u043a\u043e\u043c \u0447\u0438\u0442\u0430\u0432\u043e\u0433 \u0434\u0430\u043d\u0430 \u0434\u043e\u043c\u0430\u045b\u0438\u043d\u0438 \u00a0\u0434\u0435\u043a\u0430\u043d\u0443 \u0424\u0430\u043a\u0443\u043b\u0442\u0435\u0442\u0430 \u0437\u0430 \u0438\u043d\u0444\u043e\u0440\u043c\u0430\u0442\u0438\u043a\u0443 \u0438 \u0442\u0435\u043b\u0435\u043a\u043e\u043c\u0443\u043d\u0438\u043a\u0430\u0446\u0438\u0458\u0435 \u0423\u043d\u0438\u0432\u0435\u0440\u0437\u0438\u0442\u0435\u0442\u0430 \u0443 \u0408\u0430\u045a\u0438\u043d\u0438 \u0438\u0437 \u0413\u0440\u0447\u043a\u0435, \u043f\u0440\u043e\u0444\u0435\u0441\u043e\u0440\u0443 \u0434\u0440 Aleksandrosu Tzallasu \u0438 \u045a\u0435\u0433\u043e\u0432\u0438\u043c \u0441\u0430\u0440\u0430\u0434\u043d\u0438\u0446\u0438\u043c\u0430.<\/p><p><a href=\"https:\/\/mbuniverzitet.edu.rs\/wp-content\/uploads\/2025\/06\/Grci-za-sajt_sl5.jpg\"><img loading=\"lazy\" decoding=\"async\" class=\"aligncenter size-medium wp-image-18089\" src=\"https:\/\/mbuniverzitet.edu.rs\/wp-content\/uploads\/2025\/06\/Grci-za-sajt_sl5-300x225.jpg\" alt=\"\" width=\"300\" height=\"225\" srcset=\"https:\/\/mbuniverzitet.edu.rs\/wp-content\/uploads\/2025\/06\/Grci-za-sajt_sl5-300x225.jpg 300w, https:\/\/mbuniverzitet.edu.rs\/wp-content\/uploads\/2025\/06\/Grci-za-sajt_sl5-1024x768.jpg 1024w, https:\/\/mbuniverzitet.edu.rs\/wp-content\/uploads\/2025\/06\/Grci-za-sajt_sl5-768x576.jpg 768w, https:\/\/mbuniverzitet.edu.rs\/wp-content\/uploads\/2025\/06\/Grci-za-sajt_sl5-1536x1152.jpg 1536w, https:\/\/mbuniverzitet.edu.rs\/wp-content\/uploads\/2025\/06\/Grci-za-sajt_sl5-16x12.jpg 16w, https:\/\/mbuniverzitet.edu.rs\/wp-content\/uploads\/2025\/06\/Grci-za-sajt_sl5.jpg 1600w\" sizes=\"(max-width: 300px) 100vw, 300px\" \/><\/a><\/p><p><a href=\"https:\/\/mbuniverzitet.edu.rs\/wp-content\/uploads\/2025\/06\/Grci-za-sajt_sl1.jpg\"><img loading=\"lazy\" decoding=\"async\" class=\"aligncenter size-medium wp-image-18085\" src=\"https:\/\/mbuniverzitet.edu.rs\/wp-content\/uploads\/2025\/06\/Grci-za-sajt_sl1-225x300.jpg\" alt=\"\" width=\"225\" height=\"300\" srcset=\"https:\/\/mbuniverzitet.edu.rs\/wp-content\/uploads\/2025\/06\/Grci-za-sajt_sl1-225x300.jpg 225w, https:\/\/mbuniverzitet.edu.rs\/wp-content\/uploads\/2025\/06\/Grci-za-sajt_sl1-768x1024.jpg 768w, https:\/\/mbuniverzitet.edu.rs\/wp-content\/uploads\/2025\/06\/Grci-za-sajt_sl1-1152x1536.jpg 1152w, https:\/\/mbuniverzitet.edu.rs\/wp-content\/uploads\/2025\/06\/Grci-za-sajt_sl1-9x12.jpg 9w, https:\/\/mbuniverzitet.edu.rs\/wp-content\/uploads\/2025\/06\/Grci-za-sajt_sl1.jpg 1200w\" sizes=\"(max-width: 225px) 100vw, 225px\" \/><\/a><\/p><p>\u0414\u043e\u0433\u043e\u0432\u043e\u0440\u0435\u043d\u0435 \u0441\u0443 \u043e\u0431\u043b\u0430\u0441\u0442\u0438 \u0431\u0443\u0434\u0443\u045b\u0435 \u0441\u0430\u0440\u0430\u0434\u045a\u0435 \u0423\u043d\u0438\u0432\u0435\u0440\u0437\u0438\u0442\u0435\u0442\u0430 \u041c\u0411 \u0441\u0430 \u0423\u043d\u0438\u0432\u0435\u0440\u0437\u0438\u0442\u0435\u0442\u043e\u043c \u0438\u0437 \u0408\u0430\u045a\u0438\u043d\u0435 \u0438 \u0424\u0430\u043a\u0443\u043b\u0442\u0435\u0442\u043e\u043c \u0437\u0430 \u0438\u043d\u0444\u043e\u0440\u043c\u0430\u0442\u0438\u043a\u0443 \u0438 \u0442\u0435\u043b\u0435\u043a\u043e\u043c\u0443\u043d\u0438\u043a\u0430\u0446\u0438\u0458\u0435 \u0438\u0437 \u0413\u0440\u0447\u043a\u0435.<\/p><p><a href=\"https:\/\/mbuniverzitet.edu.rs\/wp-content\/uploads\/2025\/06\/Grci-za-sajt_sl4.jpg\"><img loading=\"lazy\" decoding=\"async\" class=\"aligncenter size-medium wp-image-18088\" src=\"https:\/\/mbuniverzitet.edu.rs\/wp-content\/uploads\/2025\/06\/Grci-za-sajt_sl4-225x300.jpg\" alt=\"\" width=\"225\" height=\"300\" srcset=\"https:\/\/mbuniverzitet.edu.rs\/wp-content\/uploads\/2025\/06\/Grci-za-sajt_sl4-225x300.jpg 225w, https:\/\/mbuniverzitet.edu.rs\/wp-content\/uploads\/2025\/06\/Grci-za-sajt_sl4-768x1024.jpg 768w, https:\/\/mbuniverzitet.edu.rs\/wp-content\/uploads\/2025\/06\/Grci-za-sajt_sl4-1152x1536.jpg 1152w, https:\/\/mbuniverzitet.edu.rs\/wp-content\/uploads\/2025\/06\/Grci-za-sajt_sl4-9x12.jpg 9w, https:\/\/mbuniverzitet.edu.rs\/wp-content\/uploads\/2025\/06\/Grci-za-sajt_sl4.jpg 1200w\" sizes=\"(max-width: 225px) 100vw, 225px\" \/><\/a><\/p><p>\u0414\u043e\u043a\u0442\u043e\u0440 \u0410\u043b\u0435\u043a\u0441\u0430\u043d\u0434\u0430\u0440 \u041c\u0430\u0442\u0438\u045b, \u0434\u0438\u043f\u043b\u043e\u043c\u0438\u0440\u0430\u043d\u0438 \u043f\u0440\u0430\u0432\u043d\u0438\u043a \u0438 \u0441\u0435\u043a\u0440\u0435\u0442\u0430\u0440 \u0423\u043d\u0438\u0432\u0435\u0440\u0437\u0438\u0442\u0435\u0442\u0430 \u201e\u041c\u0411\u201c \u0458\u0435 \u0441\u0430 \u0441\u0430\u0440\u0430\u0434\u043d\u0438\u0446\u0438\u043c\u0430 \u0431\u0438\u043e \u0434\u043e\u043c\u0430\u045b\u0438\u043d \u043f\u0440\u0435\u0434\u0441\u0435\u0434\u043d\u0438\u043a\u0443 \u043e\u043f\u0448\u0442\u0438\u043d\u0435 \u0410\u0440\u0442\u0430 \u0438\u0437 \u0413\u0440\u0447\u043a\u0435 \u0433\u043e\u0441\u043f\u043e\u0434\u0438\u043d\u0443 Siofakasu Christu Forosi \u0441\u0430 \u0441\u0430\u0440\u0430\u0434\u043d\u0438\u0446\u0438\u043c\u0430. \u0422\u043e\u043a\u043e\u043c \u043f\u043e\u0441\u0435\u0442\u0435 \u043e\u0431\u0438\u0448\u043b\u0438 \u0441\u0443 \u041e\u043f\u0448\u0442\u0438\u043d\u0443 \u0420\u0430\u043a\u043e\u0432\u0438\u0446\u0430, \u0431\u0440\u043e\u0458\u043d\u0435 \u0443\u0441\u0442\u0430\u043d\u043e\u0432\u0435 \u0443 \u0411\u0435\u043e\u0433\u0440\u0430\u0434\u0443 \u0438 \u043a\u0443\u043b\u0442\u0443\u0440\u043d\u043e \u0443\u043c\u0435\u0442\u043d\u0438\u0447\u043a\u0435 \u0441\u043f\u043e\u043c\u0435\u043d\u0438\u043a\u0435.<\/p><p>\u0414\u043e\u0433\u043e\u0432\u043e\u0440\u0435\u043d\u0438 \u0441\u0443 \u0431\u0440\u043e\u0458\u043d\u0438 \u043e\u0431\u043b\u0438\u0446\u0438 \u0441\u0430\u0440\u0430\u0434\u045a\u0435 \u0441\u0430 \u043e\u043f\u0448\u0442\u0438\u043d\u043e\u043c \u0410\u0440\u0442\u0430.<\/p><p><a href=\"https:\/\/mbuniverzitet.edu.rs\/wp-content\/uploads\/2025\/06\/Grci-za-sajt_sl6.jpg\"><img loading=\"lazy\" decoding=\"async\" class=\"aligncenter size-medium wp-image-18084\" src=\"https:\/\/mbuniverzitet.edu.rs\/wp-content\/uploads\/2025\/06\/Grci-za-sajt_sl6-225x300.jpg\" alt=\"\" width=\"225\" height=\"300\" srcset=\"https:\/\/mbuniverzitet.edu.rs\/wp-content\/uploads\/2025\/06\/Grci-za-sajt_sl6-225x300.jpg 225w, https:\/\/mbuniverzitet.edu.rs\/wp-content\/uploads\/2025\/06\/Grci-za-sajt_sl6-768x1024.jpg 768w, https:\/\/mbuniverzitet.edu.rs\/wp-content\/uploads\/2025\/06\/Grci-za-sajt_sl6-1152x1536.jpg 1152w, https:\/\/mbuniverzitet.edu.rs\/wp-content\/uploads\/2025\/06\/Grci-za-sajt_sl6-9x12.jpg 9w, https:\/\/mbuniverzitet.edu.rs\/wp-content\/uploads\/2025\/06\/Grci-za-sajt_sl6.jpg 1200w\" sizes=\"(max-width: 225px) 100vw, 225px\" \/><\/a><\/p><p>\u0412\u043b\u0430\u0441\u043d\u0438\u0446\u0438 \u0423\u043d\u0438\u0432\u0435\u0440\u0437\u0438\u0442\u0435\u0442\u0430 ,,\u041c\u0411\u201c \u043f\u0440\u043e\u0444\u0435\u0441\u043e\u0440 \u0434\u0440 \u041c\u0438\u043b\u0438\u0458\u0430\u00a0\u0411\u043e\u0433\u0430\u0432\u0430\u0446 \u00a0\u0438 \u043f\u0440\u043e\u0444\u0435\u0441\u043e\u0440\u043a\u0430 \u0434\u0440 \u0416\u0438\u0432\u0430\u043d\u043a\u0430 \u041c\u0438\u043b\u0430\u0434\u0438\u043d\u043e\u0432\u0438\u045b \u0411\u043e\u0433\u0430\u0432\u0430\u0446 \u0441\u0443 \u0431\u0438\u043b\u0438 \u043e\u0434\u043b\u0438\u0447\u043d\u0438 \u0434\u043e\u043c\u0430\u045b\u0438\u043d\u0438 \u0441\u0432\u0438\u043c \u043f\u0440\u0438\u0441\u0443\u0442\u043d\u0438\u043c \u0443\u0447\u0435\u0441\u043d\u0438\u0446\u0438\u043c\u0430 \u043a\u043e\u043d\u0444\u0435\u0440\u0435\u043d\u0446\u0438\u0458\u0435 \u0438 \u0434\u0440\u0430\u0433\u0438\u043c \u043f\u0440\u0438\u0458\u0430\u0442\u0435\u0459\u0438\u043c\u0430 \u0438\u0437 \u0413\u0440\u0447\u043a\u0435 \u0438 \u0434\u0440\u0443\u0433\u0438\u0445 \u0437\u0435\u043c\u0430\u0459\u0430.\u00a0\u041f\u043e\u0441\u043b\u0435 \u0440\u0430\u0434\u0430 \u043a\u043e\u043d\u0444\u0435\u0440\u0435\u043d\u0446\u0438\u0458\u0435 \u043e\u0434 16.00 \u0447\u0430\u0441\u043e\u0432\u0430 \u0432\u043b\u0430\u0441\u043d\u0438\u0446\u0438 \u0441\u0443 \u0443 \u0441\u0432\u0435\u0447\u0430\u043d\u043e\u0458 \u0430\u0442\u043c\u043e\u0441\u0444\u0435\u0440\u0438 \u043f\u0440\u0438\u0440\u0435\u0434\u0438\u043b\u0438 \u043f\u0440\u0435\u0434\u0438\u0432\u0430\u043d \u0440\u0443\u0447\u0430\u043a \u0437\u0430 \u0441\u0432\u0435 \u0443\u0447\u0435\u0441\u043d\u0438\u043a\u0435 \u0443 \u0440\u0435\u0441\u0442\u043e\u0440\u0430\u043d\u0443 \u0426\u0430\u0440\u0435\u0432\u0430 \u045b\u0443\u043f\u0440\u0438\u0458\u0430.<\/p><p>\u0423\u043d\u0438\u0432\u0435\u0440\u0437\u0438\u0442\u0435\u0442 ,,\u041c\u0411\u201c \u0441\u0435 \u0438 \u043e\u0432\u043e\u0433 \u043f\u0443\u0442\u0430 \u043f\u043e\u043a\u0430\u0437\u0430\u043e \u043a\u0430\u043e \u0441\u0432\u0435\u0442\u0430\u043e \u043f\u0440\u0438\u043c\u0435\u0440 \u0432\u0440\u0445\u0443\u043d\u0441\u043a\u0435 \u043e\u0440\u0433\u0430\u043d\u0438\u0437\u0430\u0446\u0438\u0458\u0435 \u0438 \u00a0\u0440\u0435\u0430\u043b\u0438\u0437\u0430\u0446\u0438\u0458\u0435 \u0441\u0430\u043c\u043e \u0458\u0435\u0434\u043d\u0435 \u043e\u0434 \u0431\u0440\u043e\u0458\u043d\u0438\u0445 \u043f\u043e\u0441\u043b\u043e\u0432\u043d\u0438\u0445 \u0430\u043a\u0442\u0438\u0432\u043d\u043e\u0441\u0442\u0438.<\/p><p>\u041f\u0440\u0438\u043b\u043e\u0433:<\/p><ol><li><a href=\"https:\/\/mbuniverzitet.edu.rs\/wp-content\/uploads\/2025\/05\/Program_esdBelgradeMB_KV_2025.pdf\" target=\"_blank\" rel=\"noopener\">\u041f\u0440\u043e\u0433\u0440\u0430\u043c \u043a\u043e\u043d\u0444\u0435\u0440\u0435\u043d\u0446\u0438\u0458\u0435<\/a><\/li><li><a href=\"https:\/\/www.esd-conference.com\/conference\/127\">https:\/\/www.esd-conference.com\/conference\/127<\/a><\/li><\/ol><p>\u0421\u0430\u0432\u0435\u0442 \u0438 \u043c\u0435\u043d\u0430\u045f\u043c\u0435\u043d\u0442 \u0423\u043d\u0438\u0432\u0435\u0440\u0437\u0438\u0442\u0435\u0442\u0430 \u201e\u041c\u0411\u201c<\/p><p>\u0423 \u0411\u0435\u043e\u0433\u0440\u0430\u0434\u0443, 30.05.2025. \u0433\u043e\u0434\u0438\u043d\u0435<\/p><\/div>\n\t\t\t\t\t<\/div><\/div>\t\t\t\t<\/div>\n\t\t\t\t<\/div>\n\t\t\t\t<div class=\"elementor-element elementor-element-0c290ec exad-sticky-section-no exad-glass-effect-no elementor-widget elementor-widget-eael-adv-accordion\" data-id=\"0c290ec\" data-element_type=\"widget\" data-e-type=\"widget\" data-widget_type=\"eael-adv-accordion.default\">\n\t\t\t\t<div class=\"elementor-widget-container\">\n\t\t\t\t\t            <div class=\"eael-adv-accordion\" id=\"eael-adv-accordion-0c290ec\" data-scroll-on-click=\"no\" data-scroll-speed=\"300\" data-accordion-id=\"0c290ec\" data-accordion-type=\"accordion\" data-toogle-speed=\"300\">\n            <div class=\"eael-accordion-list\">\n\t\t\t\t\t<div id=\"dana-30-i-31052025-godine-na-univerzitetu-mb-e-se-realizovati-meunarodna-nauna-konferencija-esdbme-beograd-2025-generalna-tema-konferencije-je-ekonomski-i-drutveni-razvoj-u-bipolarnom-i-multipolarnom-okruenju-vidi-vie-na-linku-a-hrefhttpswwwesd-conferencecomconference127esd-conference-belgrade-2025a\" class=\"elementor-tab-title eael-accordion-header\" tabindex=\"0\" data-tab=\"1\" aria-controls=\"elementor-tab-content-1271\"><span class=\"eael-accordion-tab-title\">Dana 30 i 31.05.2025. godine na Univerzitetu \u201eMB\u201c \u0107e se realizovati Me\u0111unarodna nau\u010dna konferencija ESDBME - BEOGRAD 2025. Generalna tema konferencije je ,,EKONOMSKI I DRU\u0160TVENI RAZVOJ U BIPOLARNOM I MULTIPOLARNOM OKRU\u017dENJU\u201c. Vidi Vi\u0161e na linku: <a href=\"https:\/\/www.esd-conference.com\/conference\/127\">ESD Conference_Belgrade 2025<\/a><\/span><\/div><div id=\"elementor-tab-content-1271\" class=\"eael-accordion-content clearfix\" data-tab=\"1\" aria-labelledby=\"dana-30-i-31052025-godine-na-univerzitetu-mb-e-se-realizovati-meunarodna-nauna-konferencija-esdbme-beograd-2025-generalna-tema-konferencije-je-ekonomski-i-drutveni-razvoj-u-bipolarnom-i-multipolarnom-okruenju-vidi-vie-na-linku-a-hrefhttpswwwesd-conferencecomconference127esd-conference-belgrade-2025a\"><p><strong>Doma\u0107in konferencije je Univerzitet ,,MB\u201c Beograd.<\/strong><\/p><p><strong>Vreme realizacije:\u00a0<\/strong>30.05.2025. godine sa po\u010detkom u 10.00.<\/p><p><strong>Mesto realizacije:\u00a0<\/strong>Teodora Drajzera 27, 11.000 Beograd.<\/p><p><strong>Vreme prijavljivanja autora i koautora za Me\u0111unarodnu nau\u010dnu konferenciju<\/strong>: 30.05.2025. godine od 9.00 do 10.00 \u010dasova.<\/p><p><strong>Obaveze autora\/koautora koji izla\u017eu radove:<\/strong>\u00a0Pripremljeno izlaganje u vremenu od 10 minuta uz pripremljenu prezentaciju rada.<\/p><p><strong>Rad \u0107e se odvijati po Programu realizacije datom u prilogu:<\/strong><\/p><ol><li>Dobrodo\u0161lica i Uvodna izlaganja: 10.00-10.30.<\/li><li><strong>Rad po sekcijama:<\/strong>\u00a010.30-15.10. \u010dasova sa Kafe pauzom od 12.30.-13.00.<\/li><\/ol><p>&#8211;\u00a0\u00a0\u00a0\u00a0\u00a0\u00a0\u00a0\u00a0\u00a0<strong>\u00a0Ekonomija i menad\u017ement<\/strong><\/p><p><strong>&#8211;\u00a0\u00a0\u00a0\u00a0\u00a0\u00a0\u00a0\u00a0\u00a0\u00a0Pravo i bezbednost<\/strong><\/p><p><strong>&#8211;\u00a0\u00a0\u00a0\u00a0\u00a0\u00a0\u00a0\u00a0\u00a0\u00a0Informacione tehnologije<\/strong><\/p><p>Ru\u010dak za sve u\u010desnike od 15.00 do 17.00 u restoranu Hipodrom.<\/p><p><strong>Napomena:<\/strong> Ulica Teodora Drajzera se renovira pa nije dostupan prilaz automobilima do zgrade Univerziteta ,,MB\u201c. Preporu\u010duje se u\u010desnicima da do\u0111u gradskim prevozom ili da automobile parkiraju u okolnim ulicama.<\/p><p><strong>Dobrodo\u0161li na Me\u0111unarodnu nau\u010dnu konferencijau ESDBME &#8211; BEOGRAD 2025.\u00a0<\/strong><\/p><p><strong>Savet i Menad\u017ement Univerziteta ,,MB\u201c.<\/strong><\/p><p><strong>Prilog:\u00a0<\/strong><a href=\"https:\/\/mbuniverzitet.edu.rs\/wp-content\/uploads\/2025\/05\/Program_esdBelgradeMB_KV_2025.pdf\" target=\"_blank\" rel=\"noopener\">Program realizacije Me\u0111unarodne nau\u010dne konferencije ESDBME &#8211; BEOGRAD 2025.<\/a><\/p><p><strong>Link:<\/strong>\u00a0<a href=\"https:\/\/www.esd-conference.com\/conference\/127\" target=\"_blank\" rel=\"noopener\">https:\/\/www.esd-conference.com\/conference\/127<\/a><\/p><\/div>\n\t\t\t\t\t<\/div><\/div>\t\t\t\t<\/div>\n\t\t\t\t<\/div>\n\t\t\t\t<div class=\"elementor-element elementor-element-affeb24 exad-sticky-section-no exad-glass-effect-no elementor-widget elementor-widget-eael-adv-accordion\" data-id=\"affeb24\" data-element_type=\"widget\" data-e-type=\"widget\" data-widget_type=\"eael-adv-accordion.default\">\n\t\t\t\t<div class=\"elementor-widget-container\">\n\t\t\t\t\t            <div class=\"eael-adv-accordion\" id=\"eael-adv-accordion-affeb24\" data-scroll-on-click=\"no\" data-scroll-speed=\"300\" data-accordion-id=\"affeb24\" data-accordion-type=\"accordion\" data-toogle-speed=\"300\">\n            <div class=\"eael-accordion-list\">\n\t\t\t\t\t<div id=\"dana-15052025-godine-u-1800-u-kui-kralja-petra-i-na-senjaku-realizovana-je-promocija-monografije-docenta-dr-slobodana-petrovia-sa-poslovnog-i-pravnog-fakulteta-univerziteta-mb-pod-nazivom-aktuelni-ustavi-republika-bive-sfrj-analizirani-kroz-prizmu-politikih-sistema-vidi-vie\" class=\"elementor-tab-title eael-accordion-header\" tabindex=\"0\" data-tab=\"1\" aria-controls=\"elementor-tab-content-1841\"><span class=\"eael-accordion-tab-title\">Dana 15.05.2025. godine u 18.00 u Ku\u0107i kralja Petra I na Senjaku realizovana je promocija monografije docenta dr Slobodana Petrovi\u0107a sa  Poslovnog i pravnog fakulteta Univerziteta MB pod nazivom ,,Aktuelni ustavi republika biv\u0161e SFRJ analizirani kroz prizmu politi\u010dkih sistema\". (Vidi vi\u0161e)<\/span><\/div><div id=\"elementor-tab-content-1841\" class=\"eael-accordion-content clearfix\" data-tab=\"1\" aria-labelledby=\"dana-15052025-godine-u-1800-u-kui-kralja-petra-i-na-senjaku-realizovana-je-promocija-monografije-docenta-dr-slobodana-petrovia-sa-poslovnog-i-pravnog-fakulteta-univerziteta-mb-pod-nazivom-aktuelni-ustavi-republika-bive-sfrj-analizirani-kroz-prizmu-politikih-sistema-vidi-vie\"><p>U predivnom ambijentu Ku\u0107e kralja Petra I na promociji su govorili recenzenti monografije:<\/p><ol><li>prof dr \u017divanka Miladinovi\u0107 Bogavac, prorektor Univerziteta MB<\/li><li>prof dr Andrija Blanu\u0161a sa Fakulteta dru\u0161tvenih nauka u Beogradu,<\/li><li>dr Bogdan Stojanovi\u0107, nau\u010dni saradnik\u00a0Instituta za Me\u0111unarodnu politiku i privredu.<\/li><\/ol><p><a href=\"https:\/\/mbuniverzitet.edu.rs\/wp-content\/uploads\/2025\/05\/Slob_promocija_sl9.jpg\"><img loading=\"lazy\" decoding=\"async\" class=\"aligncenter wp-image-18013 size-medium\" src=\"https:\/\/mbuniverzitet.edu.rs\/wp-content\/uploads\/2025\/05\/Slob_promocija_sl9-300x200.jpg\" alt=\"\" width=\"300\" height=\"200\" srcset=\"https:\/\/mbuniverzitet.edu.rs\/wp-content\/uploads\/2025\/05\/Slob_promocija_sl9-300x200.jpg 300w, https:\/\/mbuniverzitet.edu.rs\/wp-content\/uploads\/2025\/05\/Slob_promocija_sl9-768x512.jpg 768w, https:\/\/mbuniverzitet.edu.rs\/wp-content\/uploads\/2025\/05\/Slob_promocija_sl9-18x12.jpg 18w, https:\/\/mbuniverzitet.edu.rs\/wp-content\/uploads\/2025\/05\/Slob_promocija_sl9.jpg 800w\" sizes=\"(max-width: 300px) 100vw, 300px\" \/><\/a><\/p><p><a href=\"https:\/\/mbuniverzitet.edu.rs\/wp-content\/uploads\/2025\/05\/Slob_promocija_sl16.jpg\"><img loading=\"lazy\" decoding=\"async\" class=\"aligncenter size-medium wp-image-18004\" src=\"https:\/\/mbuniverzitet.edu.rs\/wp-content\/uploads\/2025\/05\/Slob_promocija_sl16-225x300.jpg\" alt=\"\" width=\"225\" height=\"300\" srcset=\"https:\/\/mbuniverzitet.edu.rs\/wp-content\/uploads\/2025\/05\/Slob_promocija_sl16-225x300.jpg 225w, https:\/\/mbuniverzitet.edu.rs\/wp-content\/uploads\/2025\/05\/Slob_promocija_sl16-768x1024.jpg 768w, https:\/\/mbuniverzitet.edu.rs\/wp-content\/uploads\/2025\/05\/Slob_promocija_sl16-9x12.jpg 9w, https:\/\/mbuniverzitet.edu.rs\/wp-content\/uploads\/2025\/05\/Slob_promocija_sl16.jpg 800w\" sizes=\"(max-width: 225px) 100vw, 225px\" \/><\/a><\/p><p><a href=\"https:\/\/mbuniverzitet.edu.rs\/wp-content\/uploads\/2025\/05\/Slob_promocija_sl8.jpg\"><img loading=\"lazy\" decoding=\"async\" class=\"aligncenter size-medium wp-image-18012\" src=\"https:\/\/mbuniverzitet.edu.rs\/wp-content\/uploads\/2025\/05\/Slob_promocija_sl8-200x300.jpg\" alt=\"\" width=\"200\" height=\"300\" srcset=\"https:\/\/mbuniverzitet.edu.rs\/wp-content\/uploads\/2025\/05\/Slob_promocija_sl8-200x300.jpg 200w, https:\/\/mbuniverzitet.edu.rs\/wp-content\/uploads\/2025\/05\/Slob_promocija_sl8-8x12.jpg 8w, https:\/\/mbuniverzitet.edu.rs\/wp-content\/uploads\/2025\/05\/Slob_promocija_sl8.jpg 533w\" sizes=\"(max-width: 200px) 100vw, 200px\" \/><\/a><\/p><p>\u00a0<\/p><p>Pored autora monografije docenta dr Slobodana Petrovi\u0107a na promociji je govorio mentor pri izradi doktorske disertacije\u00a0 prof dr Ratko Ljubojevi\u0107\u00a0 koji je svojom diskusijom dao poseban doprinos prezentaciji monografije.<\/p><p><a href=\"https:\/\/mbuniverzitet.edu.rs\/wp-content\/uploads\/2025\/05\/Slob_promocija_sl7.jpg\"><img loading=\"lazy\" decoding=\"async\" class=\"aligncenter size-medium wp-image-18011\" src=\"https:\/\/mbuniverzitet.edu.rs\/wp-content\/uploads\/2025\/05\/Slob_promocija_sl7-200x300.jpg\" alt=\"\" width=\"200\" height=\"300\" srcset=\"https:\/\/mbuniverzitet.edu.rs\/wp-content\/uploads\/2025\/05\/Slob_promocija_sl7-200x300.jpg 200w, https:\/\/mbuniverzitet.edu.rs\/wp-content\/uploads\/2025\/05\/Slob_promocija_sl7-8x12.jpg 8w, https:\/\/mbuniverzitet.edu.rs\/wp-content\/uploads\/2025\/05\/Slob_promocija_sl7.jpg 533w\" sizes=\"(max-width: 200px) 100vw, 200px\" \/><\/a><\/p><p>\u00a0<\/p><p>Svojim muzi\u010dkim sposobnostima\u00a0sve\u010danost su uveli\u010dali\u00a0 Scalini acoustic bend i harfistkinja Sofija Sibinovi\u0107.<\/p><p><a href=\"https:\/\/mbuniverzitet.edu.rs\/wp-content\/uploads\/2025\/05\/Slob_promocija_sl11.jpg\"><img loading=\"lazy\" decoding=\"async\" class=\"aligncenter size-medium wp-image-18015\" src=\"https:\/\/mbuniverzitet.edu.rs\/wp-content\/uploads\/2025\/05\/Slob_promocija_sl11-300x200.jpg\" alt=\"\" width=\"300\" height=\"200\" srcset=\"https:\/\/mbuniverzitet.edu.rs\/wp-content\/uploads\/2025\/05\/Slob_promocija_sl11-300x200.jpg 300w, https:\/\/mbuniverzitet.edu.rs\/wp-content\/uploads\/2025\/05\/Slob_promocija_sl11-768x512.jpg 768w, https:\/\/mbuniverzitet.edu.rs\/wp-content\/uploads\/2025\/05\/Slob_promocija_sl11-18x12.jpg 18w, https:\/\/mbuniverzitet.edu.rs\/wp-content\/uploads\/2025\/05\/Slob_promocija_sl11.jpg 800w\" sizes=\"(max-width: 300px) 100vw, 300px\" \/><\/a><\/p><p><a href=\"https:\/\/mbuniverzitet.edu.rs\/wp-content\/uploads\/2025\/05\/Slob_promocija_sl14.jpg\"><img loading=\"lazy\" decoding=\"async\" class=\"aligncenter size-medium wp-image-18018\" src=\"https:\/\/mbuniverzitet.edu.rs\/wp-content\/uploads\/2025\/05\/Slob_promocija_sl14-225x300.jpg\" alt=\"\" width=\"225\" height=\"300\" srcset=\"https:\/\/mbuniverzitet.edu.rs\/wp-content\/uploads\/2025\/05\/Slob_promocija_sl14-225x300.jpg 225w, https:\/\/mbuniverzitet.edu.rs\/wp-content\/uploads\/2025\/05\/Slob_promocija_sl14-768x1024.jpg 768w, https:\/\/mbuniverzitet.edu.rs\/wp-content\/uploads\/2025\/05\/Slob_promocija_sl14-9x12.jpg 9w, https:\/\/mbuniverzitet.edu.rs\/wp-content\/uploads\/2025\/05\/Slob_promocija_sl14.jpg 800w\" sizes=\"(max-width: 225px) 100vw, 225px\" \/><\/a><\/p><p>Moderator na promociji monografije je bila Msc Milica Zori\u0107.<\/p><p><a href=\"https:\/\/mbuniverzitet.edu.rs\/wp-content\/uploads\/2025\/05\/Slob_promocija_sl13.jpg\"><img loading=\"lazy\" decoding=\"async\" class=\"aligncenter size-medium wp-image-18017\" src=\"https:\/\/mbuniverzitet.edu.rs\/wp-content\/uploads\/2025\/05\/Slob_promocija_sl13-300x200.jpg\" alt=\"\" width=\"300\" height=\"200\" srcset=\"https:\/\/mbuniverzitet.edu.rs\/wp-content\/uploads\/2025\/05\/Slob_promocija_sl13-300x200.jpg 300w, https:\/\/mbuniverzitet.edu.rs\/wp-content\/uploads\/2025\/05\/Slob_promocija_sl13-768x512.jpg 768w, https:\/\/mbuniverzitet.edu.rs\/wp-content\/uploads\/2025\/05\/Slob_promocija_sl13-18x12.jpg 18w, https:\/\/mbuniverzitet.edu.rs\/wp-content\/uploads\/2025\/05\/Slob_promocija_sl13.jpg 800w\" sizes=\"(max-width: 300px) 100vw, 300px\" \/><\/a><\/p><p><a href=\"https:\/\/mbuniverzitet.edu.rs\/wp-content\/uploads\/2025\/05\/Slob_promocija_sl1.jpg\"><img loading=\"lazy\" decoding=\"async\" class=\"aligncenter size-medium wp-image-18005\" src=\"https:\/\/mbuniverzitet.edu.rs\/wp-content\/uploads\/2025\/05\/Slob_promocija_sl1-300x200.jpg\" alt=\"\" width=\"300\" height=\"200\" srcset=\"https:\/\/mbuniverzitet.edu.rs\/wp-content\/uploads\/2025\/05\/Slob_promocija_sl1-300x200.jpg 300w, https:\/\/mbuniverzitet.edu.rs\/wp-content\/uploads\/2025\/05\/Slob_promocija_sl1-768x513.jpg 768w, https:\/\/mbuniverzitet.edu.rs\/wp-content\/uploads\/2025\/05\/Slob_promocija_sl1-18x12.jpg 18w, https:\/\/mbuniverzitet.edu.rs\/wp-content\/uploads\/2025\/05\/Slob_promocija_sl1.jpg 800w\" sizes=\"(max-width: 300px) 100vw, 300px\" \/><\/a><\/p><p>Istra\u017eivanja sprovedena za potrebe ove monografije osmi\u0161ljena su tako da zadovolje potrebe studenata svih nivoa studija kao dopunska literatura.<\/p><p><a href=\"https:\/\/mbuniverzitet.edu.rs\/wp-content\/uploads\/2025\/05\/Slob_promocija_sl4.jpg\"><img loading=\"lazy\" decoding=\"async\" class=\"aligncenter size-medium wp-image-18008\" src=\"https:\/\/mbuniverzitet.edu.rs\/wp-content\/uploads\/2025\/05\/Slob_promocija_sl4-200x300.jpg\" alt=\"\" width=\"200\" height=\"300\" srcset=\"https:\/\/mbuniverzitet.edu.rs\/wp-content\/uploads\/2025\/05\/Slob_promocija_sl4-200x300.jpg 200w, https:\/\/mbuniverzitet.edu.rs\/wp-content\/uploads\/2025\/05\/Slob_promocija_sl4-8x12.jpg 8w, https:\/\/mbuniverzitet.edu.rs\/wp-content\/uploads\/2025\/05\/Slob_promocija_sl4.jpg 533w\" sizes=\"(max-width: 200px) 100vw, 200px\" \/><\/a><\/p><p><a href=\"https:\/\/mbuniverzitet.edu.rs\/wp-content\/uploads\/2025\/05\/Slob_promocija_sl2.jpg\"><img loading=\"lazy\" decoding=\"async\" class=\"aligncenter size-medium wp-image-18006\" src=\"https:\/\/mbuniverzitet.edu.rs\/wp-content\/uploads\/2025\/05\/Slob_promocija_sl2-300x200.jpg\" alt=\"\" width=\"300\" height=\"200\" srcset=\"https:\/\/mbuniverzitet.edu.rs\/wp-content\/uploads\/2025\/05\/Slob_promocija_sl2-300x200.jpg 300w, https:\/\/mbuniverzitet.edu.rs\/wp-content\/uploads\/2025\/05\/Slob_promocija_sl2-768x512.jpg 768w, https:\/\/mbuniverzitet.edu.rs\/wp-content\/uploads\/2025\/05\/Slob_promocija_sl2-18x12.jpg 18w, https:\/\/mbuniverzitet.edu.rs\/wp-content\/uploads\/2025\/05\/Slob_promocija_sl2.jpg 800w\" sizes=\"(max-width: 300px) 100vw, 300px\" \/><\/a><\/p><p>Na sinhronizovan i koncizan na\u010din, ova monografija pru\u017ea najbitnije informacije o aktuelnom ustavnom i politi\u010dkom ure\u0111enju biv\u0161ih jugoslovenskih dr\u017eava, uz sa\u017eet istorijski pregled okolnosti koje su dovele do stvaranja \u0161est novih, samostalnih dr\u017eava.<\/p><p><a href=\"https:\/\/mbuniverzitet.edu.rs\/wp-content\/uploads\/2025\/05\/Slob_promocija_sl3.jpg\"><img loading=\"lazy\" decoding=\"async\" class=\"aligncenter size-medium wp-image-18007\" src=\"https:\/\/mbuniverzitet.edu.rs\/wp-content\/uploads\/2025\/05\/Slob_promocija_sl3-200x300.jpg\" alt=\"\" width=\"200\" height=\"300\" srcset=\"https:\/\/mbuniverzitet.edu.rs\/wp-content\/uploads\/2025\/05\/Slob_promocija_sl3-200x300.jpg 200w, https:\/\/mbuniverzitet.edu.rs\/wp-content\/uploads\/2025\/05\/Slob_promocija_sl3-8x12.jpg 8w, https:\/\/mbuniverzitet.edu.rs\/wp-content\/uploads\/2025\/05\/Slob_promocija_sl3.jpg 533w\" sizes=\"(max-width: 200px) 100vw, 200px\" \/><\/a><\/p><p><a href=\"https:\/\/mbuniverzitet.edu.rs\/wp-content\/uploads\/2025\/05\/Slob_promocija_sl10.jpg\"><img loading=\"lazy\" decoding=\"async\" class=\"aligncenter size-medium wp-image-18014\" src=\"https:\/\/mbuniverzitet.edu.rs\/wp-content\/uploads\/2025\/05\/Slob_promocija_sl10-300x200.jpg\" alt=\"\" width=\"300\" height=\"200\" srcset=\"https:\/\/mbuniverzitet.edu.rs\/wp-content\/uploads\/2025\/05\/Slob_promocija_sl10-300x200.jpg 300w, https:\/\/mbuniverzitet.edu.rs\/wp-content\/uploads\/2025\/05\/Slob_promocija_sl10-768x512.jpg 768w, https:\/\/mbuniverzitet.edu.rs\/wp-content\/uploads\/2025\/05\/Slob_promocija_sl10-18x12.jpg 18w, https:\/\/mbuniverzitet.edu.rs\/wp-content\/uploads\/2025\/05\/Slob_promocija_sl10.jpg 800w\" sizes=\"(max-width: 300px) 100vw, 300px\" \/><\/a><\/p><p>Zahvaljuju\u0107i tome, ova monografija mo\u017ee biti korisna studentima i istra\u017eiva\u010dima u svim dr\u017eavama na prostoru biv\u0161e SFRJ.<\/p><p><a href=\"https:\/\/mbuniverzitet.edu.rs\/wp-content\/uploads\/2025\/05\/Slob_promocija_sl6.jpg\"><img loading=\"lazy\" decoding=\"async\" class=\"aligncenter size-medium wp-image-18010\" src=\"https:\/\/mbuniverzitet.edu.rs\/wp-content\/uploads\/2025\/05\/Slob_promocija_sl6-300x200.jpg\" alt=\"\" width=\"300\" height=\"200\" srcset=\"https:\/\/mbuniverzitet.edu.rs\/wp-content\/uploads\/2025\/05\/Slob_promocija_sl6-300x200.jpg 300w, https:\/\/mbuniverzitet.edu.rs\/wp-content\/uploads\/2025\/05\/Slob_promocija_sl6-768x512.jpg 768w, https:\/\/mbuniverzitet.edu.rs\/wp-content\/uploads\/2025\/05\/Slob_promocija_sl6-18x12.jpg 18w, https:\/\/mbuniverzitet.edu.rs\/wp-content\/uploads\/2025\/05\/Slob_promocija_sl6.jpg 800w\" sizes=\"(max-width: 300px) 100vw, 300px\" \/><\/a><\/p><p>\u00a0<\/p><p>Docent dr Slobodan Petrovi\u0107 se pokazao i kao odli\u010dan doma\u0107in prirediv\u0161i predivan koktel za sve prisutne goste na promociji monografije.<\/p><\/div>\n\t\t\t\t\t<\/div><\/div>\t\t\t\t<\/div>\n\t\t\t\t<\/div>\n\t\t\t\t<div class=\"elementor-element elementor-element-26d366d exad-sticky-section-no exad-glass-effect-no elementor-widget elementor-widget-eael-adv-accordion\" data-id=\"26d366d\" data-element_type=\"widget\" data-e-type=\"widget\" data-widget_type=\"eael-adv-accordion.default\">\n\t\t\t\t<div class=\"elementor-widget-container\">\n\t\t\t\t\t            <div class=\"eael-adv-accordion\" id=\"eael-adv-accordion-26d366d\" data-scroll-on-click=\"no\" data-scroll-speed=\"300\" data-accordion-id=\"26d366d\" data-accordion-type=\"accordion\" data-toogle-speed=\"300\">\n            <div class=\"eael-accordion-list\">\n\t\t\t\t\t<div id=\"meunarodna-saradnja-univerziteta-mb-vidi-vie\" class=\"elementor-tab-title eael-accordion-header\" tabindex=\"0\" data-tab=\"1\" aria-controls=\"elementor-tab-content-4071\"><span class=\"eael-accordion-tab-title\">Me\u0111unarodna saradnja Univerziteta MB. (Vidi vi\u0161e)<\/span><\/div><div id=\"elementor-tab-content-4071\" class=\"eael-accordion-content clearfix\" data-tab=\"1\" aria-labelledby=\"meunarodna-saradnja-univerziteta-mb-vidi-vie\"><p>Delegacija MB Univerziteta je u vremenu od 28.04 do 30.04.2025. godine bila u slu\u017ebenoj poseti gradu Arta u Gr\u010dkoj.<\/p><p><a href=\"https:\/\/mbuniverzitet.edu.rs\/wp-content\/uploads\/2025\/05\/Arta_sl4.jpg\"><img loading=\"lazy\" decoding=\"async\" class=\"aligncenter size-medium wp-image-17949\" src=\"https:\/\/mbuniverzitet.edu.rs\/wp-content\/uploads\/2025\/05\/Arta_sl4-300x225.jpg\" alt=\"\" width=\"300\" height=\"225\" srcset=\"https:\/\/mbuniverzitet.edu.rs\/wp-content\/uploads\/2025\/05\/Arta_sl4-300x225.jpg 300w, https:\/\/mbuniverzitet.edu.rs\/wp-content\/uploads\/2025\/05\/Arta_sl4-768x576.jpg 768w, https:\/\/mbuniverzitet.edu.rs\/wp-content\/uploads\/2025\/05\/Arta_sl4-16x12.jpg 16w, https:\/\/mbuniverzitet.edu.rs\/wp-content\/uploads\/2025\/05\/Arta_sl4.jpg 800w\" sizes=\"(max-width: 300px) 100vw, 300px\" \/><\/a><\/p><p><a href=\"https:\/\/mbuniverzitet.edu.rs\/wp-content\/uploads\/2025\/05\/Arta_sl7.jpg\"><img loading=\"lazy\" decoding=\"async\" class=\"aligncenter size-medium wp-image-17945\" src=\"https:\/\/mbuniverzitet.edu.rs\/wp-content\/uploads\/2025\/05\/Arta_sl7-300x225.jpg\" alt=\"\" width=\"300\" height=\"225\" srcset=\"https:\/\/mbuniverzitet.edu.rs\/wp-content\/uploads\/2025\/05\/Arta_sl7-300x225.jpg 300w, https:\/\/mbuniverzitet.edu.rs\/wp-content\/uploads\/2025\/05\/Arta_sl7-768x576.jpg 768w, https:\/\/mbuniverzitet.edu.rs\/wp-content\/uploads\/2025\/05\/Arta_sl7-16x12.jpg 16w, https:\/\/mbuniverzitet.edu.rs\/wp-content\/uploads\/2025\/05\/Arta_sl7.jpg 800w\" sizes=\"(max-width: 300px) 100vw, 300px\" \/><\/a><\/p><p>Poziv \u00a0Univerzitetu MB je uputio gradona\u010delnik grada Arte i Fakultet informacionih tehnologija Univerziteta Janjina.<\/p><p>Delegacija Univerziteta ,,MB\u201c je bila u sastavu:<\/p><p>prof. dr \u017divanka Miladinovi\u0107 Bogavac &#8211; prorektor za nastavu i studentska pitanja);<br \/>2.prof. dr Dragana Lazi\u0107 &#8211; prodekan za nastavu Poslovnog i pravnog fakulteta;<br \/>3.\u00a0\u00a0prof. dr Goran Babi\u0107 &#8211; prodekan za odnose sa privredom Poslovnog i pravnog fakulteta;<br \/>4.\u00a0Msc Aleksandar Mati\u0107 &#8211; sekretar Univerziteta ,,MB\u201c i<br \/>5.\u00a0\u00a0Msc Rada Pavlovi\u0107 &#8211; \u0161ef kabineta rektora.<\/p><p><a href=\"https:\/\/mbuniverzitet.edu.rs\/wp-content\/uploads\/2025\/05\/Arta_sl5.jpg\"><img loading=\"lazy\" decoding=\"async\" class=\"aligncenter size-medium wp-image-17950\" src=\"https:\/\/mbuniverzitet.edu.rs\/wp-content\/uploads\/2025\/05\/Arta_sl5-300x225.jpg\" alt=\"\" width=\"300\" height=\"225\" srcset=\"https:\/\/mbuniverzitet.edu.rs\/wp-content\/uploads\/2025\/05\/Arta_sl5-300x225.jpg 300w, https:\/\/mbuniverzitet.edu.rs\/wp-content\/uploads\/2025\/05\/Arta_sl5-768x576.jpg 768w, https:\/\/mbuniverzitet.edu.rs\/wp-content\/uploads\/2025\/05\/Arta_sl5-16x12.jpg 16w, https:\/\/mbuniverzitet.edu.rs\/wp-content\/uploads\/2025\/05\/Arta_sl5.jpg 800w\" sizes=\"(max-width: 300px) 100vw, 300px\" \/><\/a><\/p><p><a href=\"https:\/\/mbuniverzitet.edu.rs\/wp-content\/uploads\/2025\/05\/Arta_sl3.jpg\"><img loading=\"lazy\" decoding=\"async\" class=\"aligncenter size-medium wp-image-17948\" src=\"https:\/\/mbuniverzitet.edu.rs\/wp-content\/uploads\/2025\/05\/Arta_sl3-300x225.jpg\" alt=\"\" width=\"300\" height=\"225\" srcset=\"https:\/\/mbuniverzitet.edu.rs\/wp-content\/uploads\/2025\/05\/Arta_sl3-300x225.jpg 300w, https:\/\/mbuniverzitet.edu.rs\/wp-content\/uploads\/2025\/05\/Arta_sl3-768x576.jpg 768w, https:\/\/mbuniverzitet.edu.rs\/wp-content\/uploads\/2025\/05\/Arta_sl3-16x12.jpg 16w, https:\/\/mbuniverzitet.edu.rs\/wp-content\/uploads\/2025\/05\/Arta_sl3.jpg 800w\" sizes=\"(max-width: 300px) 100vw, 300px\" \/><\/a><\/p><p>Tokom posete odr\u017eani su brojni sastanci na Fakultetu informacionih tehnologija. Dogovoreni su budu\u0107i oblici budu\u0107e saradnje: te\u017ei\u0161no po pitanju nastavnog procesa, mobilnosti i razmene studenata i profesora, nau\u010dnoistra\u017eiva\u010dkom radu i organizaciji zajedni\u010dkih konferencija.<\/p><p><a href=\"https:\/\/mbuniverzitet.edu.rs\/wp-content\/uploads\/2025\/05\/Arta_sl1.jpg\"><img loading=\"lazy\" decoding=\"async\" class=\"aligncenter size-medium wp-image-17946\" src=\"https:\/\/mbuniverzitet.edu.rs\/wp-content\/uploads\/2025\/05\/Arta_sl1-300x225.jpg\" alt=\"\" width=\"300\" height=\"225\" srcset=\"https:\/\/mbuniverzitet.edu.rs\/wp-content\/uploads\/2025\/05\/Arta_sl1-300x225.jpg 300w, https:\/\/mbuniverzitet.edu.rs\/wp-content\/uploads\/2025\/05\/Arta_sl1-768x576.jpg 768w, https:\/\/mbuniverzitet.edu.rs\/wp-content\/uploads\/2025\/05\/Arta_sl1-16x12.jpg 16w, https:\/\/mbuniverzitet.edu.rs\/wp-content\/uploads\/2025\/05\/Arta_sl1.jpg 800w\" sizes=\"(max-width: 300px) 100vw, 300px\" \/><\/a><\/p><p><a href=\"https:\/\/mbuniverzitet.edu.rs\/wp-content\/uploads\/2025\/05\/Arta_sl2.jpg\"><img loading=\"lazy\" decoding=\"async\" class=\"aligncenter size-medium wp-image-17947\" src=\"https:\/\/mbuniverzitet.edu.rs\/wp-content\/uploads\/2025\/05\/Arta_sl2-300x143.jpg\" alt=\"\" width=\"300\" height=\"143\" srcset=\"https:\/\/mbuniverzitet.edu.rs\/wp-content\/uploads\/2025\/05\/Arta_sl2-300x143.jpg 300w, https:\/\/mbuniverzitet.edu.rs\/wp-content\/uploads\/2025\/05\/Arta_sl2-768x366.jpg 768w, https:\/\/mbuniverzitet.edu.rs\/wp-content\/uploads\/2025\/05\/Arta_sl2-18x9.jpg 18w, https:\/\/mbuniverzitet.edu.rs\/wp-content\/uploads\/2025\/05\/Arta_sl2.jpg 800w\" sizes=\"(max-width: 300px) 100vw, 300px\" \/><\/a><\/p><p>Sa gradskom op\u0161tinom Arta potpisan je ugovor o saradnji nakon \u010dega su predstavnici MB Univerziteta dali intervjue brojnim lokalnim medijima.\u00a0<\/p><p><a href=\"https:\/\/mbuniverzitet.edu.rs\/wp-content\/uploads\/2025\/05\/Arta_sl6.jpg\"><img loading=\"lazy\" decoding=\"async\" class=\"aligncenter size-medium wp-image-17951\" src=\"https:\/\/mbuniverzitet.edu.rs\/wp-content\/uploads\/2025\/05\/Arta_sl6-300x170.jpg\" alt=\"\" width=\"300\" height=\"170\" srcset=\"https:\/\/mbuniverzitet.edu.rs\/wp-content\/uploads\/2025\/05\/Arta_sl6-300x170.jpg 300w, https:\/\/mbuniverzitet.edu.rs\/wp-content\/uploads\/2025\/05\/Arta_sl6-768x436.jpg 768w, https:\/\/mbuniverzitet.edu.rs\/wp-content\/uploads\/2025\/05\/Arta_sl6-18x10.jpg 18w, https:\/\/mbuniverzitet.edu.rs\/wp-content\/uploads\/2025\/05\/Arta_sl6.jpg 800w\" sizes=\"(max-width: 300px) 100vw, 300px\" \/><\/a><\/p><\/div>\n\t\t\t\t\t<\/div><\/div>\t\t\t\t<\/div>\n\t\t\t\t<\/div>\n\t\t\t\t<div class=\"elementor-element elementor-element-bee5641 exad-sticky-section-no exad-glass-effect-no elementor-widget elementor-widget-eael-adv-accordion\" data-id=\"bee5641\" data-element_type=\"widget\" data-e-type=\"widget\" data-widget_type=\"eael-adv-accordion.default\">\n\t\t\t\t<div class=\"elementor-widget-container\">\n\t\t\t\t\t            <div class=\"eael-adv-accordion\" id=\"eael-adv-accordion-bee5641\" data-scroll-on-click=\"no\" data-scroll-speed=\"300\" data-accordion-id=\"bee5641\" data-accordion-type=\"accordion\" data-toogle-speed=\"300\">\n            <div class=\"eael-accordion-list\">\n\t\t\t\t\t<div id=\"obavetenje-za-studente-i-stalno-zaposlene-o-neradnim-danima-povodom-prvomajskih-praznika-u-2025godini-vidi-vie\" class=\"elementor-tab-title eael-accordion-header\" tabindex=\"0\" data-tab=\"1\" aria-controls=\"elementor-tab-content-2001\"><span class=\"eael-accordion-tab-title\">OBAVE\u0160TENJE ZA STUDENTE I STALNO ZAPOSLENE O NERADNIM DANIMA POVODOM PRVOMAJSKIH PRAZNIKA U 2025.godini. (Vidi vi\u0161e)<\/span><\/div><div id=\"elementor-tab-content-2001\" class=\"eael-accordion-content clearfix\" data-tab=\"1\" aria-labelledby=\"obavetenje-za-studente-i-stalno-zaposlene-o-neradnim-danima-povodom-prvomajskih-praznika-u-2025godini-vidi-vie\"><div>Povodom Me\u0111unarodnog praznika rada, na Univerzitetu &#8222;MB&#8220; se ne\u0107e odr\u017eavati nastava i konsultacije od srede, 30. aprila do ponedeljka, 5. maja 2025. godine.<\/div>\n<div><br>\n\nPoslednji radni i nastavni dan pre praznika je sreda 30. april, a prvi nastavni dan nakon praznika je ponedeljak, 5. maj 2025. godine.\n\n<\/div>\n<div><br>Svim stalno zaposlenim, studentima i prijateljima Univerziteta MB \u017eelimo sre\u0107ne PRVOMAJSKE PRAZNIKE.<\/div><br>\nSavet i menad\u017ement Univerziteta MB.<\/div>\n\t\t\t\t\t<\/div><\/div>\t\t\t\t<\/div>\n\t\t\t\t<\/div>\n\t\t\t\t<div class=\"elementor-element elementor-element-6df4350 exad-sticky-section-no exad-glass-effect-no elementor-widget elementor-widget-eael-adv-accordion\" data-id=\"6df4350\" data-element_type=\"widget\" data-e-type=\"widget\" data-widget_type=\"eael-adv-accordion.default\">\n\t\t\t\t<div class=\"elementor-widget-container\">\n\t\t\t\t\t            <div class=\"eael-adv-accordion\" id=\"eael-adv-accordion-6df4350\" data-scroll-on-click=\"no\" data-scroll-speed=\"300\" data-accordion-id=\"6df4350\" data-accordion-type=\"accordion\" data-toogle-speed=\"300\">\n            <div class=\"eael-accordion-list\">\n\t\t\t\t\t<div id=\"na-osnovu-zakona-o-visokom-obrazovanju-i-statuta-na-univerzitetu-mb-poslovni-i-pravni-fakultet-realizovana-je-prema-ustaljenoj-akademskoj-proceduri-javna-odbrana-doktorske-disertacije-kandidata-master-dragan-branislav-cvetkovi-vidi-vie\" class=\"elementor-tab-title eael-accordion-header\" tabindex=\"0\" data-tab=\"1\" aria-controls=\"elementor-tab-content-1151\"><span class=\"eael-accordion-tab-title\">Na osnovu Zakona o Visokom obrazovanju i Statuta na Univerzitetu ,,MB\u201c Poslovni i pravni fakultet realizovana je prema ustaljenoj akademskoj proceduri javna odbrana doktorske disertacije kandidata master Dragan (Branislav) Cvetkovi\u0107. (Vidi vi\u0161e)<\/span><\/div><div id=\"elementor-tab-content-1151\" class=\"eael-accordion-content clearfix\" data-tab=\"1\" aria-labelledby=\"na-osnovu-zakona-o-visokom-obrazovanju-i-statuta-na-univerzitetu-mb-poslovni-i-pravni-fakultet-realizovana-je-prema-ustaljenoj-akademskoj-proceduri-javna-odbrana-doktorske-disertacije-kandidata-master-dragan-branislav-cvetkovi-vidi-vie\"><p>Dana 03.04.2025.godine realizovana je javna odbrana doktorske disertacije na\u00a0<strong>temu \u201eSudska kontrola re\u0161enja Ministarstva unutra\u0161njih poslova donetih u disciplinskom postupku\u201c<\/strong>\u00a0pred Komisija za ocenu doktorske disertacije u satavu:<\/p><ol><li>Red. profesor dr Predrag Dimitrijevi\u0107, predsednik<\/li><li>Red. profesor dr \u017divanka Miladinovi\u0107 Bogavac, komentor<\/li><li>Prof. emeritus dr Mirko Kuli\u0107, komentor<\/li><li>Prof. emeritus dr Ne\u0111o Danilovi\u0107, \u010dlan<\/li><li>Vanredni profesor dr Marija Kosti\u0107, \u010dlan<\/li><\/ol><p><a href=\"https:\/\/mbuniverzitet.edu.rs\/wp-content\/uploads\/2025\/04\/Disertacija-sl.2.jpg\"><img loading=\"lazy\" decoding=\"async\" class=\"aligncenter size-medium wp-image-17884\" src=\"https:\/\/mbuniverzitet.edu.rs\/wp-content\/uploads\/2025\/04\/Disertacija-sl.2-300x225.jpg\" alt=\"\" width=\"300\" height=\"225\" srcset=\"https:\/\/mbuniverzitet.edu.rs\/wp-content\/uploads\/2025\/04\/Disertacija-sl.2-300x225.jpg 300w, https:\/\/mbuniverzitet.edu.rs\/wp-content\/uploads\/2025\/04\/Disertacija-sl.2-768x576.jpg 768w, https:\/\/mbuniverzitet.edu.rs\/wp-content\/uploads\/2025\/04\/Disertacija-sl.2-16x12.jpg 16w, https:\/\/mbuniverzitet.edu.rs\/wp-content\/uploads\/2025\/04\/Disertacija-sl.2.jpg 800w\" sizes=\"(max-width: 300px) 100vw, 300px\" \/><\/a><\/p><p>Odbrana doktorske disertacije je realizovana po standardnoj proceduri na Univerzitetu,,MB\u201c.<\/p><p><a href=\"https:\/\/mbuniverzitet.edu.rs\/wp-content\/uploads\/2025\/04\/Disertacija-sl.1.jpg\"><img loading=\"lazy\" decoding=\"async\" class=\"aligncenter size-medium wp-image-17879\" src=\"https:\/\/mbuniverzitet.edu.rs\/wp-content\/uploads\/2025\/04\/Disertacija-sl.1-300x225.jpg\" alt=\"\" width=\"300\" height=\"225\" srcset=\"https:\/\/mbuniverzitet.edu.rs\/wp-content\/uploads\/2025\/04\/Disertacija-sl.1-300x225.jpg 300w, https:\/\/mbuniverzitet.edu.rs\/wp-content\/uploads\/2025\/04\/Disertacija-sl.1-768x576.jpg 768w, https:\/\/mbuniverzitet.edu.rs\/wp-content\/uploads\/2025\/04\/Disertacija-sl.1-16x12.jpg 16w, https:\/\/mbuniverzitet.edu.rs\/wp-content\/uploads\/2025\/04\/Disertacija-sl.1.jpg 800w\" sizes=\"(max-width: 300px) 100vw, 300px\" \/><\/a><\/p><p>Kandidat je prezentovao sadr\u017eaj i doprinose rada i uspe\u0161no odgovorio na sva postavljena pitanja Komisije.<\/p><p>Komisija je jednoglasno pozitivno ocenila pisani i usmenu deo odbrane doktorske disertacije.<\/p><p><strong>Komisija za ocenu doktorske disertacije kandidata Dragana Cvetkovi\u0107a, posle detaljnog prou\u010davanja rukopisa disertacije,\u00a0 konstatovala je:<\/strong><\/p><p><a href=\"https:\/\/mbuniverzitet.edu.rs\/wp-content\/uploads\/2025\/04\/Disertacija-sl.6.jpg\"><img loading=\"lazy\" decoding=\"async\" class=\"aligncenter size-medium wp-image-17880\" src=\"https:\/\/mbuniverzitet.edu.rs\/wp-content\/uploads\/2025\/04\/Disertacija-sl.6-300x225.jpg\" alt=\"\" width=\"300\" height=\"225\" srcset=\"https:\/\/mbuniverzitet.edu.rs\/wp-content\/uploads\/2025\/04\/Disertacija-sl.6-300x225.jpg 300w, https:\/\/mbuniverzitet.edu.rs\/wp-content\/uploads\/2025\/04\/Disertacija-sl.6-768x576.jpg 768w, https:\/\/mbuniverzitet.edu.rs\/wp-content\/uploads\/2025\/04\/Disertacija-sl.6-16x12.jpg 16w, https:\/\/mbuniverzitet.edu.rs\/wp-content\/uploads\/2025\/04\/Disertacija-sl.6.jpg 800w\" sizes=\"(max-width: 300px) 100vw, 300px\" \/><\/a><\/p><p>Tema doktorske disertacije je veoma zna\u010dajna za razvoj upravnopravnih nauka, kao i za objektivno sagledavanje i re\u0161avanje aktuelnih problema vezanih za disciplinski postupak i postupak sudske za\u0161tite, a samim tim i za nastavak produbljenih nau\u010dnih istra\u017eivanja pojedinih segmentarnih \u010dinilaca ove slo\u017eene teme.<\/p><p><a href=\"https:\/\/mbuniverzitet.edu.rs\/wp-content\/uploads\/2025\/04\/Disertacija-sl.5.jpg\"><img loading=\"lazy\" decoding=\"async\" class=\"aligncenter size-medium wp-image-17881\" src=\"https:\/\/mbuniverzitet.edu.rs\/wp-content\/uploads\/2025\/04\/Disertacija-sl.5-225x300.jpg\" alt=\"\" width=\"225\" height=\"300\" srcset=\"https:\/\/mbuniverzitet.edu.rs\/wp-content\/uploads\/2025\/04\/Disertacija-sl.5-225x300.jpg 225w, https:\/\/mbuniverzitet.edu.rs\/wp-content\/uploads\/2025\/04\/Disertacija-sl.5-9x12.jpg 9w, https:\/\/mbuniverzitet.edu.rs\/wp-content\/uploads\/2025\/04\/Disertacija-sl.5.jpg 600w\" sizes=\"(max-width: 225px) 100vw, 225px\" \/><\/a><\/p><p>Doktorska disertacija je ura\u0111ena u skladu sa odlukom Nastavnonau\u010dnog ve\u0107a Poslovnog i pravnog fakulteta o odobravanju izrade disertacije.\u00a0<\/p><p>Kandidat je temu obradio na 279 strana teksta, pri \u010demu 240 strana \u010dine izlaganja o predmetu istra\u017eivanja.<\/p><p><a href=\"https:\/\/mbuniverzitet.edu.rs\/wp-content\/uploads\/2025\/04\/Disertacija-sl.3.jpg\"><img loading=\"lazy\" decoding=\"async\" class=\"aligncenter size-medium wp-image-17883\" src=\"https:\/\/mbuniverzitet.edu.rs\/wp-content\/uploads\/2025\/04\/Disertacija-sl.3-300x225.jpg\" alt=\"\" width=\"300\" height=\"225\" srcset=\"https:\/\/mbuniverzitet.edu.rs\/wp-content\/uploads\/2025\/04\/Disertacija-sl.3-300x225.jpg 300w, https:\/\/mbuniverzitet.edu.rs\/wp-content\/uploads\/2025\/04\/Disertacija-sl.3-768x576.jpg 768w, https:\/\/mbuniverzitet.edu.rs\/wp-content\/uploads\/2025\/04\/Disertacija-sl.3-16x12.jpg 16w, https:\/\/mbuniverzitet.edu.rs\/wp-content\/uploads\/2025\/04\/Disertacija-sl.3.jpg 800w\" sizes=\"(max-width: 300px) 100vw, 300px\" \/><\/a><\/p><p>Doktorska disertacija predstavlja originalno i samostalno nau\u010dno delo kandidata Dragana Cvetkovi\u0107a i sadr\u017ei nau\u010dne doprinose navedene u Izve\u0161taju Komisije o oceni disertacije.<\/p><p><a href=\"https:\/\/mbuniverzitet.edu.rs\/wp-content\/uploads\/2025\/04\/Disertacija-sl.4.jpg\"><img loading=\"lazy\" decoding=\"async\" class=\"aligncenter size-medium wp-image-17882\" src=\"https:\/\/mbuniverzitet.edu.rs\/wp-content\/uploads\/2025\/04\/Disertacija-sl.4-300x225.jpg\" alt=\"\" width=\"300\" height=\"225\" srcset=\"https:\/\/mbuniverzitet.edu.rs\/wp-content\/uploads\/2025\/04\/Disertacija-sl.4-300x225.jpg 300w, https:\/\/mbuniverzitet.edu.rs\/wp-content\/uploads\/2025\/04\/Disertacija-sl.4-768x576.jpg 768w, https:\/\/mbuniverzitet.edu.rs\/wp-content\/uploads\/2025\/04\/Disertacija-sl.4-16x12.jpg 16w, https:\/\/mbuniverzitet.edu.rs\/wp-content\/uploads\/2025\/04\/Disertacija-sl.4.jpg 800w\" sizes=\"(max-width: 300px) 100vw, 300px\" \/><\/a><\/p><p>Nau\u010dni doprinos doktorske disertacije je veoma znatan i proizilazi iz:<\/p><ol><li>Zbog \u010dinjenice da ova i srodne teme u nas nisu posebno nau\u010dno obra\u0111ivane, nau\u010dna deskripcija, klasifikacija, otkri\u0107e sli\u010dnosti i razli\u010ditosti normativnog ure\u0111enja i primene odredaba o disciplinskom postupku u Srbiji i zemljama u njenom okru\u017eenju, kao\u00a0 i nau\u010dno obja\u0161njenje identifikovanih sli\u010dnosti i razli\u010ditosti predstavljaju popunu evidentne praznine u upravnopravnoj teoriji.<\/li><li>Tema doktorske disertacije je aktuelna i bi\u0107e aktuelna sve dok postoji odnos poslodavca i zaposlenog. Teorijska razrada predmeta doktorske disertacije zahtevala je pro\u017eimanje bitnih teorijskih stavova i iskustava aktuelne prakse i njihovo smisleno i argumentovano iskazivanje kao saznajne, nau\u010dno i prakti\u010dno primenljive celine.<\/li><li>Tema doktorske disertacije je sistematski nau\u010dno obra\u0111ena na osnovu valjano odabrane literature, neposrednih istra\u017eivanja kandidata i njegovog bogatog nau\u010dno-istra\u017eiva\u010dkog i prakti\u010dnog iskustva. Disertacija obiluje novim nau\u010dno argumentovanim stavovima, definicijama i klasifikacijama, kao i opisima i nau\u010dnim obja\u0161njenjima odre\u0111enih segmentarnih \u010dinilaca predmeta istra\u017eivanja. Obrada teme doktorske disertacije odgovara svim va\u017ee\u0107im kriterijumima nau\u010dnosti.<\/li><li>Doktorska disertacija kandidata MA Dragana Cvetkovi\u0107a, kao i svaki nau\u010dni rad koji nije nau\u010dno eksploatisana i obra\u0111ivan, ima i odre\u0111ene slabosti koje se odnose na \u0161irinu elaboracije Upravnog suda i analizu sudske prakse koji ne spadaju u direktan predmet istra\u017eivanja u doktorskoj disertaciji.\u00a0<\/li><li>Disertacija je pisana korektnim jezikom nauke, jedinstvenim i jasnim stilom uz o\u010dekivane te\u0161ko\u0107e koje su neizbe\u017eno vezane za nau\u010dne radove i za mla\u0111e istra\u017eiva\u010de koji tek ulaze u proces ozbiljnijih nau\u010dnih istra\u017eivanja.<\/li><li>Odabrana literatura i izvori nau\u010dne gra\u0111e su primereni potrebama disertacije, kako po kvalitetu sadr\u017eaja, tako i po obimu.\u00a0<\/li><\/ol><\/div>\n\t\t\t\t\t<\/div><\/div>\t\t\t\t<\/div>\n\t\t\t\t<\/div>\n\t\t\t\t\t<\/div>\n\t\t<\/div>\n\t\t\t\t\t<\/div>\n\t\t<\/section>\n\t\t\t\t<section class=\"elementor-section elementor-top-section elementor-element elementor-element-a6bf1c2 elementor-section-boxed elementor-section-height-default elementor-section-height-default exad-glass-effect-no exad-sticky-section-no\" data-id=\"a6bf1c2\" data-element_type=\"section\" data-e-type=\"section\">\n\t\t\t\t\t\t<div class=\"elementor-container elementor-column-gap-default\">\n\t\t\t\t\t<div class=\"elementor-column elementor-col-100 elementor-top-column elementor-element elementor-element-be8bb29 exad-glass-effect-no exad-sticky-section-no\" data-id=\"be8bb29\" data-element_type=\"column\" data-e-type=\"column\">\n\t\t\t<div class=\"elementor-widget-wrap elementor-element-populated\">\n\t\t\t\t\t\t<div class=\"elementor-element elementor-element-49eca61 exad-sticky-section-no exad-glass-effect-no elementor-widget elementor-widget-eael-adv-accordion\" data-id=\"49eca61\" data-element_type=\"widget\" data-e-type=\"widget\" data-widget_type=\"eael-adv-accordion.default\">\n\t\t\t\t<div class=\"elementor-widget-container\">\n\t\t\t\t\t            <div class=\"eael-adv-accordion\" id=\"eael-adv-accordion-49eca61\" data-scroll-on-click=\"no\" data-scroll-speed=\"300\" data-accordion-id=\"49eca61\" data-accordion-type=\"accordion\" data-toogle-speed=\"300\">\n            <div class=\"eael-accordion-list\">\n\t\t\t\t\t<div id=\"obavetenje-o-neradnim-danima-za-vreme-vaskrsa-vidi-vie\" class=\"elementor-tab-title eael-accordion-header\" tabindex=\"0\" data-tab=\"1\" aria-controls=\"elementor-tab-content-7751\"><span class=\"eael-accordion-tab-title\">Obave\u0161tenje o neradnim danima za vreme Vaskrsa. (Vidi vi\u0161e)<\/span><\/div><div id=\"elementor-tab-content-7751\" class=\"eael-accordion-content clearfix\" data-tab=\"1\" aria-labelledby=\"obavetenje-o-neradnim-danima-za-vreme-vaskrsa-vidi-vie\"><p>Obave\u0161tavaju se studenti i svi stalno zaposleni da se na osnovu godi\u0161njeg kalendara rada na Univerzitetu ,,MB\u201c a povodom Vaskrsa ne\u0107e odr\u017eavati nastava i konsultacije u petak 18. i u ponedeljak 21.04.2025. godine.<\/p><p>Savet i menad\u017ement Univerziteta ,,MB\u201c.<\/p><\/div>\n\t\t\t\t\t<\/div><\/div>\t\t\t\t<\/div>\n\t\t\t\t<\/div>\n\t\t\t\t<div class=\"elementor-element elementor-element-56cd40c exad-sticky-section-no exad-glass-effect-no elementor-widget elementor-widget-eael-adv-accordion\" data-id=\"56cd40c\" data-element_type=\"widget\" data-e-type=\"widget\" data-widget_type=\"eael-adv-accordion.default\">\n\t\t\t\t<div class=\"elementor-widget-container\">\n\t\t\t\t\t            <div class=\"eael-adv-accordion\" id=\"eael-adv-accordion-56cd40c\" data-scroll-on-click=\"no\" data-scroll-speed=\"300\" data-accordion-id=\"56cd40c\" data-accordion-type=\"accordion\" data-toogle-speed=\"300\">\n            <div class=\"eael-accordion-list\">\n\t\t\t\t\t<div id=\"univerzitet-mb-na-meunarodnom-sajmu-obrazovanja-balkan-edu-expo-u-sarajevu-vidi-vie\" class=\"elementor-tab-title eael-accordion-header\" tabindex=\"0\" data-tab=\"1\" aria-controls=\"elementor-tab-content-9101\"><span class=\"eael-accordion-tab-title\">Univerzitet MB na Me\u0111unarodnom sajmu obrazovanja Balkan Edu Expo u Sarajevu. (Vidi vi\u0161e)<\/span><\/div><div id=\"elementor-tab-content-9101\" class=\"eael-accordion-content clearfix\" data-tab=\"1\" aria-labelledby=\"univerzitet-mb-na-meunarodnom-sajmu-obrazovanja-balkan-edu-expo-u-sarajevu-vidi-vie\"><p>Univerzitet MB je dana 03.04. 2025. godine u\u010destvovao u dvorani \u201cGoran \u010cengi\u0107\u201d u Sarajevu na Balkan Edu Expo &#8211; Me\u0111unarodnom sajmu obrazovanja, praksi i poslova koji povezuje srednjo\u0161kolce, studente i mlade sa obrazovnim i karijernim mogu\u0107nostima na Balkanu i u Evropi.<\/p><p><a href=\"https:\/\/mbuniverzitet.edu.rs\/wp-content\/uploads\/2025\/04\/Sajam-Sarajevo-sl8.jpg\"><img loading=\"lazy\" decoding=\"async\" class=\"aligncenter size-medium wp-image-17846\" src=\"https:\/\/mbuniverzitet.edu.rs\/wp-content\/uploads\/2025\/04\/Sajam-Sarajevo-sl8-169x300.jpg\" alt=\"\" width=\"169\" height=\"300\" srcset=\"https:\/\/mbuniverzitet.edu.rs\/wp-content\/uploads\/2025\/04\/Sajam-Sarajevo-sl8-169x300.jpg 169w, https:\/\/mbuniverzitet.edu.rs\/wp-content\/uploads\/2025\/04\/Sajam-Sarajevo-sl8-576x1024.jpg 576w, https:\/\/mbuniverzitet.edu.rs\/wp-content\/uploads\/2025\/04\/Sajam-Sarajevo-sl8-7x12.jpg 7w, https:\/\/mbuniverzitet.edu.rs\/wp-content\/uploads\/2025\/04\/Sajam-Sarajevo-sl8.jpg 750w\" sizes=\"(max-width: 169px) 100vw, 169px\" \/><\/a><\/p><p><a href=\"https:\/\/mbuniverzitet.edu.rs\/wp-content\/uploads\/2025\/04\/Sajam-Sarajevo-sl6.jpg\"><img loading=\"lazy\" decoding=\"async\" class=\"aligncenter size-medium wp-image-17844\" src=\"https:\/\/mbuniverzitet.edu.rs\/wp-content\/uploads\/2025\/04\/Sajam-Sarajevo-sl6-225x300.jpg\" alt=\"\" width=\"225\" height=\"300\" srcset=\"https:\/\/mbuniverzitet.edu.rs\/wp-content\/uploads\/2025\/04\/Sajam-Sarajevo-sl6-225x300.jpg 225w, https:\/\/mbuniverzitet.edu.rs\/wp-content\/uploads\/2025\/04\/Sajam-Sarajevo-sl6-768x1024.jpg 768w, https:\/\/mbuniverzitet.edu.rs\/wp-content\/uploads\/2025\/04\/Sajam-Sarajevo-sl6-9x12.jpg 9w, https:\/\/mbuniverzitet.edu.rs\/wp-content\/uploads\/2025\/04\/Sajam-Sarajevo-sl6.jpg 800w\" sizes=\"(max-width: 225px) 100vw, 225px\" \/><\/a><\/p><p>Na sajmu su\u00a0 u\u010destvovale kompanije, organizacije, univerziteti i fakulteti iz BIH, Hrvatske, Slovenije, Poljske i Srbije.<\/p><p><a href=\"https:\/\/mbuniverzitet.edu.rs\/wp-content\/uploads\/2025\/04\/Sajam-Sarajevo-sl7.jpg\"><img loading=\"lazy\" decoding=\"async\" class=\"aligncenter size-medium wp-image-17845\" src=\"https:\/\/mbuniverzitet.edu.rs\/wp-content\/uploads\/2025\/04\/Sajam-Sarajevo-sl7-225x300.jpg\" alt=\"\" width=\"225\" height=\"300\" srcset=\"https:\/\/mbuniverzitet.edu.rs\/wp-content\/uploads\/2025\/04\/Sajam-Sarajevo-sl7-225x300.jpg 225w, https:\/\/mbuniverzitet.edu.rs\/wp-content\/uploads\/2025\/04\/Sajam-Sarajevo-sl7-768x1024.jpg 768w, https:\/\/mbuniverzitet.edu.rs\/wp-content\/uploads\/2025\/04\/Sajam-Sarajevo-sl7-9x12.jpg 9w, https:\/\/mbuniverzitet.edu.rs\/wp-content\/uploads\/2025\/04\/Sajam-Sarajevo-sl7.jpg 800w\" sizes=\"(max-width: 225px) 100vw, 225px\" \/><\/a><\/p><p><a href=\"https:\/\/mbuniverzitet.edu.rs\/wp-content\/uploads\/2025\/04\/Sajam-Sarajevo-sl1.jpg\"><img loading=\"lazy\" decoding=\"async\" class=\"aligncenter size-medium wp-image-17839\" src=\"https:\/\/mbuniverzitet.edu.rs\/wp-content\/uploads\/2025\/04\/Sajam-Sarajevo-sl1-225x300.jpg\" alt=\"\" width=\"225\" height=\"300\" srcset=\"https:\/\/mbuniverzitet.edu.rs\/wp-content\/uploads\/2025\/04\/Sajam-Sarajevo-sl1-225x300.jpg 225w, https:\/\/mbuniverzitet.edu.rs\/wp-content\/uploads\/2025\/04\/Sajam-Sarajevo-sl1-768x1024.jpg 768w, https:\/\/mbuniverzitet.edu.rs\/wp-content\/uploads\/2025\/04\/Sajam-Sarajevo-sl1-9x12.jpg 9w, https:\/\/mbuniverzitet.edu.rs\/wp-content\/uploads\/2025\/04\/Sajam-Sarajevo-sl1.jpg 800w\" sizes=\"(max-width: 225px) 100vw, 225px\" \/><\/a><\/p><p>Univerzitet \u201cMB\u201d je imao \u010dast da bude jedini predstavnik iz Srbije.<\/p><p><a href=\"https:\/\/mbuniverzitet.edu.rs\/wp-content\/uploads\/2025\/04\/Sajam-Sarajevo-sl2.jpg\"><img loading=\"lazy\" decoding=\"async\" class=\"aligncenter size-medium wp-image-17840\" src=\"https:\/\/mbuniverzitet.edu.rs\/wp-content\/uploads\/2025\/04\/Sajam-Sarajevo-sl2-225x300.jpg\" alt=\"\" width=\"225\" height=\"300\" srcset=\"https:\/\/mbuniverzitet.edu.rs\/wp-content\/uploads\/2025\/04\/Sajam-Sarajevo-sl2-225x300.jpg 225w, https:\/\/mbuniverzitet.edu.rs\/wp-content\/uploads\/2025\/04\/Sajam-Sarajevo-sl2-768x1024.jpg 768w, https:\/\/mbuniverzitet.edu.rs\/wp-content\/uploads\/2025\/04\/Sajam-Sarajevo-sl2-9x12.jpg 9w, https:\/\/mbuniverzitet.edu.rs\/wp-content\/uploads\/2025\/04\/Sajam-Sarajevo-sl2.jpg 800w\" sizes=\"(max-width: 225px) 100vw, 225px\" \/><\/a><\/p><p><a href=\"https:\/\/mbuniverzitet.edu.rs\/wp-content\/uploads\/2025\/04\/Sajam-Sarajevo-sl-9.jpg\"><img loading=\"lazy\" decoding=\"async\" class=\"aligncenter size-medium wp-image-17838\" src=\"https:\/\/mbuniverzitet.edu.rs\/wp-content\/uploads\/2025\/04\/Sajam-Sarajevo-sl-9-300x225.jpg\" alt=\"\" width=\"300\" height=\"225\" srcset=\"https:\/\/mbuniverzitet.edu.rs\/wp-content\/uploads\/2025\/04\/Sajam-Sarajevo-sl-9-300x225.jpg 300w, https:\/\/mbuniverzitet.edu.rs\/wp-content\/uploads\/2025\/04\/Sajam-Sarajevo-sl-9-768x576.jpg 768w, https:\/\/mbuniverzitet.edu.rs\/wp-content\/uploads\/2025\/04\/Sajam-Sarajevo-sl-9-16x12.jpg 16w, https:\/\/mbuniverzitet.edu.rs\/wp-content\/uploads\/2025\/04\/Sajam-Sarajevo-sl-9.jpg 800w\" sizes=\"(max-width: 300px) 100vw, 300px\" \/><\/a><\/p><p>Univerzitet MB je na sajmu pru\u017eio svim zainteresovanim\u00a0 odli\u010dnu priliku da uz direktan kontakt steknu osnovne informacije o studijskim programima, na\u010dinu studiranja, nastavnom kadru, materijalnoj bazi nastave i nastavno obrazovnoj literaturi.<\/p><p><a href=\"https:\/\/mbuniverzitet.edu.rs\/wp-content\/uploads\/2025\/04\/Sajam-Sarajevo-sl5.jpg\"><img loading=\"lazy\" decoding=\"async\" class=\"aligncenter size-medium wp-image-17843\" src=\"https:\/\/mbuniverzitet.edu.rs\/wp-content\/uploads\/2025\/04\/Sajam-Sarajevo-sl5-225x300.jpg\" alt=\"\" width=\"225\" height=\"300\" srcset=\"https:\/\/mbuniverzitet.edu.rs\/wp-content\/uploads\/2025\/04\/Sajam-Sarajevo-sl5-225x300.jpg 225w, https:\/\/mbuniverzitet.edu.rs\/wp-content\/uploads\/2025\/04\/Sajam-Sarajevo-sl5-768x1024.jpg 768w, https:\/\/mbuniverzitet.edu.rs\/wp-content\/uploads\/2025\/04\/Sajam-Sarajevo-sl5-9x12.jpg 9w, https:\/\/mbuniverzitet.edu.rs\/wp-content\/uploads\/2025\/04\/Sajam-Sarajevo-sl5.jpg 800w\" sizes=\"(max-width: 225px) 100vw, 225px\" \/><\/a><\/p><p>Ulaz je bio besplatan, \u0161to je ovaj doga\u0111aj \u010dinilo dostupnim za sve mlade koji planiraju svoj slede\u0107i korak ka uspehu.<\/p><\/div>\n\t\t\t\t\t<\/div><\/div>\t\t\t\t<\/div>\n\t\t\t\t<\/div>\n\t\t\t\t<div class=\"elementor-element elementor-element-f120793 exad-sticky-section-no exad-glass-effect-no elementor-widget elementor-widget-eael-adv-accordion\" data-id=\"f120793\" data-element_type=\"widget\" data-e-type=\"widget\" data-widget_type=\"eael-adv-accordion.default\">\n\t\t\t\t<div class=\"elementor-widget-container\">\n\t\t\t\t\t            <div class=\"eael-adv-accordion\" id=\"eael-adv-accordion-f120793\" data-scroll-on-click=\"no\" data-scroll-speed=\"300\" data-accordion-id=\"f120793\" data-accordion-type=\"accordion\" data-toogle-speed=\"300\">\n            <div class=\"eael-accordion-list\">\n\t\t\t\t\t<div id=\"docent-dr-mladen-kecman-sa-univerziteta-mb-poslovni-i-pravni-fakultet-na-evropskom-prvenstvu-starog-kontinenta-u-bratislavi-srbija-sa-osam-rvaa-vidi-vie\" class=\"elementor-tab-title eael-accordion-header\" tabindex=\"0\" data-tab=\"1\" aria-controls=\"elementor-tab-content-2521\"><span class=\"eael-accordion-tab-title\">Docent dr Mladen Kecman sa Univerziteta MB, Poslovni i pravni fakultet na Evropskom prvenstvu starog kontinenta u Bratislavi Srbija sa osam rva\u010da. (Vidi vi\u0161e)<\/span><\/div><div id=\"elementor-tab-content-2521\" class=\"eael-accordion-content clearfix\" data-tab=\"1\" aria-labelledby=\"docent-dr-mladen-kecman-sa-univerziteta-mb-poslovni-i-pravni-fakultet-na-evropskom-prvenstvu-starog-kontinenta-u-bratislavi-srbija-sa-osam-rvaa-vidi-vie\"><p>Ispred delegacije Rva\u010dkog saveza Srbije i Univerziteta MB na Konferenciji povodom organizacije Evropskog prvenstva rva\u010da u Slova\u010dkoj uzeo je u\u010de\u0161\u0107e docent dr Mladen Kecman.<\/p><p><a href=\"https:\/\/mbuniverzitet.edu.rs\/wp-content\/uploads\/2025\/04\/Konf_Sl-3.jpg\"><img loading=\"lazy\" decoding=\"async\" class=\"aligncenter size-medium wp-image-17827\" src=\"https:\/\/mbuniverzitet.edu.rs\/wp-content\/uploads\/2025\/04\/Konf_Sl-3-225x300.jpg\" alt=\"\" width=\"225\" height=\"300\" srcset=\"https:\/\/mbuniverzitet.edu.rs\/wp-content\/uploads\/2025\/04\/Konf_Sl-3-225x300.jpg 225w, https:\/\/mbuniverzitet.edu.rs\/wp-content\/uploads\/2025\/04\/Konf_Sl-3-768x1024.jpg 768w, https:\/\/mbuniverzitet.edu.rs\/wp-content\/uploads\/2025\/04\/Konf_Sl-3-1152x1536.jpg 1152w, https:\/\/mbuniverzitet.edu.rs\/wp-content\/uploads\/2025\/04\/Konf_Sl-3-9x12.jpg 9w, https:\/\/mbuniverzitet.edu.rs\/wp-content\/uploads\/2025\/04\/Konf_Sl-3.jpg 1200w\" sizes=\"(max-width: 225px) 100vw, 225px\" \/><\/a><\/p><p><a href=\"https:\/\/mbuniverzitet.edu.rs\/wp-content\/uploads\/2025\/04\/Konf_Sl-6.jpg\"><img loading=\"lazy\" decoding=\"async\" class=\"aligncenter size-medium wp-image-17831\" src=\"https:\/\/mbuniverzitet.edu.rs\/wp-content\/uploads\/2025\/04\/Konf_Sl-6-225x300.jpg\" alt=\"\" width=\"225\" height=\"300\" srcset=\"https:\/\/mbuniverzitet.edu.rs\/wp-content\/uploads\/2025\/04\/Konf_Sl-6-225x300.jpg 225w, https:\/\/mbuniverzitet.edu.rs\/wp-content\/uploads\/2025\/04\/Konf_Sl-6-768x1024.jpg 768w, https:\/\/mbuniverzitet.edu.rs\/wp-content\/uploads\/2025\/04\/Konf_Sl-6-1152x1536.jpg 1152w, https:\/\/mbuniverzitet.edu.rs\/wp-content\/uploads\/2025\/04\/Konf_Sl-6-9x12.jpg 9w, https:\/\/mbuniverzitet.edu.rs\/wp-content\/uploads\/2025\/04\/Konf_Sl-6.jpg 1200w\" sizes=\"(max-width: 225px) 100vw, 225px\" \/><\/a><\/p><p>Docent dr Mladen Kecman realizuje nastavu na SP OAS Menad\u017ement u sportu. Konferencija \u0107e pratiti sportski tok takmi\u010denja rva\u010da od 7. do 13. aprila u Bratislavi. \u00a0<\/p><p><a href=\"https:\/\/mbuniverzitet.edu.rs\/wp-content\/uploads\/2025\/04\/Rvanje-sl1.png\"><img loading=\"lazy\" decoding=\"async\" class=\"aligncenter size-medium wp-image-17832\" src=\"https:\/\/mbuniverzitet.edu.rs\/wp-content\/uploads\/2025\/04\/Rvanje-sl1-300x267.png\" alt=\"\" width=\"300\" height=\"267\" srcset=\"https:\/\/mbuniverzitet.edu.rs\/wp-content\/uploads\/2025\/04\/Rvanje-sl1-300x267.png 300w, https:\/\/mbuniverzitet.edu.rs\/wp-content\/uploads\/2025\/04\/Rvanje-sl1-13x12.png 13w, https:\/\/mbuniverzitet.edu.rs\/wp-content\/uploads\/2025\/04\/Rvanje-sl1.png 318w\" sizes=\"(max-width: 300px) 100vw, 300px\" \/><\/a><\/p><p>Na kontinentalnom \u0161ampionatu Srbiju \u0107e predstavljati petorica rva\u010da u gr\u010dko-rimskom stilu: Georgi Tibilov, Sebastijan Na\u0111, Ali Arsalan, Aleksa Ili\u0107 i Aleksandar Komarov, kao i trojica u slobodnom stilu: Azamat Tuskaev, Viktor Vojinovi\u0107 i Hetik Cabolov.<\/p><p><a href=\"https:\/\/mbuniverzitet.edu.rs\/wp-content\/uploads\/2025\/04\/Konf_Sl-4.jpg\"><img loading=\"lazy\" decoding=\"async\" class=\"aligncenter size-medium wp-image-17828\" src=\"https:\/\/mbuniverzitet.edu.rs\/wp-content\/uploads\/2025\/04\/Konf_Sl-4-139x300.jpg\" alt=\"\" width=\"139\" height=\"300\" srcset=\"https:\/\/mbuniverzitet.edu.rs\/wp-content\/uploads\/2025\/04\/Konf_Sl-4-139x300.jpg 139w, https:\/\/mbuniverzitet.edu.rs\/wp-content\/uploads\/2025\/04\/Konf_Sl-4-474x1024.jpg 474w, https:\/\/mbuniverzitet.edu.rs\/wp-content\/uploads\/2025\/04\/Konf_Sl-4-710x1536.jpg 710w, https:\/\/mbuniverzitet.edu.rs\/wp-content\/uploads\/2025\/04\/Konf_Sl-4-6x12.jpg 6w, https:\/\/mbuniverzitet.edu.rs\/wp-content\/uploads\/2025\/04\/Konf_Sl-4.jpg 740w\" sizes=\"(max-width: 139px) 100vw, 139px\" \/><\/a><\/p><p><a href=\"https:\/\/mbuniverzitet.edu.rs\/wp-content\/uploads\/2025\/04\/Konf_Sl-5.jpg\"><img loading=\"lazy\" decoding=\"async\" class=\"aligncenter size-medium wp-image-17830\" src=\"https:\/\/mbuniverzitet.edu.rs\/wp-content\/uploads\/2025\/04\/Konf_Sl-5-300x225.jpg\" alt=\"\" width=\"300\" height=\"225\" srcset=\"https:\/\/mbuniverzitet.edu.rs\/wp-content\/uploads\/2025\/04\/Konf_Sl-5-300x225.jpg 300w, https:\/\/mbuniverzitet.edu.rs\/wp-content\/uploads\/2025\/04\/Konf_Sl-5-1024x768.jpg 1024w, https:\/\/mbuniverzitet.edu.rs\/wp-content\/uploads\/2025\/04\/Konf_Sl-5-768x576.jpg 768w, https:\/\/mbuniverzitet.edu.rs\/wp-content\/uploads\/2025\/04\/Konf_Sl-5-1536x1152.jpg 1536w, https:\/\/mbuniverzitet.edu.rs\/wp-content\/uploads\/2025\/04\/Konf_Sl-5-16x12.jpg 16w, https:\/\/mbuniverzitet.edu.rs\/wp-content\/uploads\/2025\/04\/Konf_Sl-5.jpg 1600w\" sizes=\"(max-width: 300px) 100vw, 300px\" \/><\/a><\/p><p>Rva\u010dka reprezentacija\u00a0vredno se pripremala 16 dana sa 120 rva\u010da iz 18 zemalja za predstoje\u0107e Evropsko prvenstvo koje se od 7. do 13. aprila odr\u017eava u Slova\u010dkoj. Prethodne dve nedelje rva\u010di su boravili u Pore\u010du.<\/p><p><a href=\"https:\/\/mbuniverzitet.edu.rs\/wp-content\/uploads\/2025\/04\/Konf_Sl-2.jpg\"><img loading=\"lazy\" decoding=\"async\" class=\"aligncenter size-medium wp-image-17826\" src=\"https:\/\/mbuniverzitet.edu.rs\/wp-content\/uploads\/2025\/04\/Konf_Sl-2-300x139.jpg\" alt=\"\" width=\"300\" height=\"139\" srcset=\"https:\/\/mbuniverzitet.edu.rs\/wp-content\/uploads\/2025\/04\/Konf_Sl-2-300x139.jpg 300w, https:\/\/mbuniverzitet.edu.rs\/wp-content\/uploads\/2025\/04\/Konf_Sl-2-1024x474.jpg 1024w, https:\/\/mbuniverzitet.edu.rs\/wp-content\/uploads\/2025\/04\/Konf_Sl-2-768x355.jpg 768w, https:\/\/mbuniverzitet.edu.rs\/wp-content\/uploads\/2025\/04\/Konf_Sl-2-1536x710.jpg 1536w, https:\/\/mbuniverzitet.edu.rs\/wp-content\/uploads\/2025\/04\/Konf_Sl-2-18x8.jpg 18w, https:\/\/mbuniverzitet.edu.rs\/wp-content\/uploads\/2025\/04\/Konf_Sl-2.jpg 1600w\" sizes=\"(max-width: 300px) 100vw, 300px\" \/><\/a><\/p><p><a href=\"https:\/\/mbuniverzitet.edu.rs\/wp-content\/uploads\/2025\/04\/Konf_Sl-1.jpg\"><img loading=\"lazy\" decoding=\"async\" class=\"aligncenter size-medium wp-image-17829\" src=\"https:\/\/mbuniverzitet.edu.rs\/wp-content\/uploads\/2025\/04\/Konf_Sl-1-139x300.jpg\" alt=\"\" width=\"139\" height=\"300\" srcset=\"https:\/\/mbuniverzitet.edu.rs\/wp-content\/uploads\/2025\/04\/Konf_Sl-1-139x300.jpg 139w, https:\/\/mbuniverzitet.edu.rs\/wp-content\/uploads\/2025\/04\/Konf_Sl-1-474x1024.jpg 474w, https:\/\/mbuniverzitet.edu.rs\/wp-content\/uploads\/2025\/04\/Konf_Sl-1-710x1536.jpg 710w, https:\/\/mbuniverzitet.edu.rs\/wp-content\/uploads\/2025\/04\/Konf_Sl-1-6x12.jpg 6w, https:\/\/mbuniverzitet.edu.rs\/wp-content\/uploads\/2025\/04\/Konf_Sl-1.jpg 740w\" sizes=\"(max-width: 139px) 100vw, 139px\" \/><\/a><\/p><p>Osnovne informacije sa programa takmi\u010denja su date na:<\/p><p><a href=\"https:\/\/cdn.uww.org\/2025-02\/infos_04_bratislava.pdf\">https:\/\/cdn.uww.org\/2025-02\/infos_04_bratislava.pdf<\/a><\/p><p><a href=\"https:\/\/en.wikipedia.org\/wiki\/2025_European_Wrestling_Championships#References\">https:\/\/en.wikipedia.org\/wiki\/2025_European_Wrestling_Championships#References<\/a><\/p><p><a href=\"https:\/\/www.b92.net\/sport\/borilacki-sportovi\/boks\/114385\/evropsko-prvenstvo-u-rvanju-2025-srbija-sa-osam-takmicara\/vest\">https:\/\/www.b92.net\/sport\/borilacki-sportovi\/boks\/114385\/evropsko-prvenstvo-u-rvanju-2025-srbija-sa-osam-takmicara\/vest<\/a><\/p><\/div>\n\t\t\t\t\t<\/div><\/div>\t\t\t\t<\/div>\n\t\t\t\t<\/div>\n\t\t\t\t<div class=\"elementor-element elementor-element-4974f9e exad-sticky-section-no exad-glass-effect-no elementor-widget elementor-widget-eael-adv-accordion\" data-id=\"4974f9e\" data-element_type=\"widget\" data-e-type=\"widget\" data-widget_type=\"eael-adv-accordion.default\">\n\t\t\t\t<div class=\"elementor-widget-container\">\n\t\t\t\t\t            <div class=\"eael-adv-accordion\" id=\"eael-adv-accordion-4974f9e\" data-scroll-on-click=\"no\" data-scroll-speed=\"300\" data-accordion-id=\"4974f9e\" data-accordion-type=\"accordion\" data-toogle-speed=\"300\">\n            <div class=\"eael-accordion-list\">\n\t\t\t\t\t<div id=\"novi-redovni-profesori-na-univerzitetu-mb-vidi-vie\" class=\"elementor-tab-title eael-accordion-header\" tabindex=\"0\" data-tab=\"1\" aria-controls=\"elementor-tab-content-7701\"><span class=\"eael-accordion-tab-title\">Novi redovni profesori na Univerzitetu ,,MB\u201c. (Vidi vi\u0161e)<\/span><\/div><div id=\"elementor-tab-content-7701\" class=\"eael-accordion-content clearfix\" data-tab=\"1\" aria-labelledby=\"novi-redovni-profesori-na-univerzitetu-mb-vidi-vie\"><p>Dana 27.02.2025. godine na sednici Senata Univerziteta ,,MB\u201c a na predlog Nau\u010dno nastavnog ve\u0107a Poslovnog i pravnog fakulteta jednoglasnom odlukom prisutnih \u010dlanova u izborno zvanje redovni profesor su izabrani dosada\u0161nji vanredni profesori:<\/p><p>&#8211; dr \u017divanka Miladinovi\u0107 Bogavac &#8211; u zvanje\u00a0 redovnog profesora\u00a0 za u\u017eu nau\u010dnu oblast: \u201cKrivi\u010dnopravna\u201c.<br \/>&#8211; dr Aleksandar Damnjanovi\u0107\u00a0 &#8211; u zvanje\u00a0 redovnog profesora\u00a0 za u\u017eu nau\u010dnu oblast: \u201cMenad\u017ement i organizacija\u201c.\u00a0\u00a0\u00a0\u00a0\u00a0<br \/>&#8211; dr Kristijan Risti\u0107\u00a0 &#8211; u zvanje\u00a0 redovni profesor\u00a0 za u\u017eu nau\u010dnu oblast: \u201cKvantitativne metode, ra\u010dunovodstvo i finansije\u201c.<\/p><p>Kolektiv Univerziteta ,,MB\u201c upu\u0107uje iskrene \u010destitke i najlep\u0161e \u017eelje da nastave sa uspe\u0161nim pedago\u0161kim i nau\u010dnoistra\u017eiva\u010dkim radom kojim \u0107e \u00a0konstantno unapre\u0111ivati vlastita znanja i pedago\u0161ku praksu na Univerzitetu ,,MB\u201c.<\/p><\/div>\n\t\t\t\t\t<\/div><\/div>\t\t\t\t<\/div>\n\t\t\t\t<\/div>\n\t\t\t\t<div class=\"elementor-element elementor-element-e077978 exad-sticky-section-no exad-glass-effect-no elementor-widget elementor-widget-eael-adv-accordion\" data-id=\"e077978\" data-element_type=\"widget\" data-e-type=\"widget\" data-widget_type=\"eael-adv-accordion.default\">\n\t\t\t\t<div class=\"elementor-widget-container\">\n\t\t\t\t\t            <div class=\"eael-adv-accordion\" id=\"eael-adv-accordion-e077978\" data-scroll-on-click=\"no\" data-scroll-speed=\"300\" data-accordion-id=\"e077978\" data-accordion-type=\"accordion\" data-toogle-speed=\"300\">\n            <div class=\"eael-accordion-list\">\n\t\t\t\t\t<div id=\"univerzitet-mb-potpisao-sporazum-o-saradnji-sa-kancelarijom-za-borbu-protiv-droga-vlade-republike-srbije-vidi-vie\" class=\"elementor-tab-title eael-accordion-header\" tabindex=\"0\" data-tab=\"1\" aria-controls=\"elementor-tab-content-2351\"><span class=\"eael-accordion-tab-title\">Univerzitet MB potpisao sporazum o saradnji sa  Kancelarijom za borbu protiv droga Vlade Republike Srbije. (Vidi vi\u0161e)<\/span><\/div><div id=\"elementor-tab-content-2351\" class=\"eael-accordion-content clearfix\" data-tab=\"1\" aria-labelledby=\"univerzitet-mb-potpisao-sporazum-o-saradnji-sa-kancelarijom-za-borbu-protiv-droga-vlade-republike-srbije-vidi-vie\"><p>Dana 24.03.2025. godine u sve\u010danoj sali Univerziteta &#8222;MB&#8220;, potpisan je sporazum o poslovnoj saradnji izmedju Univerziteta &#8222;MB&#8220; i Kancelarije za borbu protiv droga.<\/p><p><a href=\"https:\/\/mbuniverzitet.edu.rs\/wp-content\/uploads\/2025\/03\/Sporazum_sl5.jpg\"><img loading=\"lazy\" decoding=\"async\" class=\"aligncenter wp-image-17799 size-medium\" src=\"https:\/\/mbuniverzitet.edu.rs\/wp-content\/uploads\/2025\/03\/Sporazum_sl5-300x225.jpg\" alt=\"\" width=\"300\" height=\"225\" srcset=\"https:\/\/mbuniverzitet.edu.rs\/wp-content\/uploads\/2025\/03\/Sporazum_sl5-300x225.jpg 300w, https:\/\/mbuniverzitet.edu.rs\/wp-content\/uploads\/2025\/03\/Sporazum_sl5-768x576.jpg 768w, https:\/\/mbuniverzitet.edu.rs\/wp-content\/uploads\/2025\/03\/Sporazum_sl5-16x12.jpg 16w, https:\/\/mbuniverzitet.edu.rs\/wp-content\/uploads\/2025\/03\/Sporazum_sl5.jpg 800w\" sizes=\"(max-width: 300px) 100vw, 300px\" \/><\/a><\/p><p>Tokom razgovora dogovoreni klju\u010dni pravci saradnje vezani za realizaciji budu\u0107ih projekata, nastavnog procesa, u\u010de\u0161\u0107a na nau\u010dno nastavnim konferencijama i posebnim oblicima nastave studenata sa studijskih programa pravo i menad\u017ement u bezbednosti.<\/p><p><a href=\"https:\/\/mbuniverzitet.edu.rs\/wp-content\/uploads\/2025\/03\/Sporazum_sl2.jpg\"><img loading=\"lazy\" decoding=\"async\" class=\"aligncenter size-medium wp-image-17796\" src=\"https:\/\/mbuniverzitet.edu.rs\/wp-content\/uploads\/2025\/03\/Sporazum_sl2-300x225.jpg\" alt=\"\" width=\"300\" height=\"225\" srcset=\"https:\/\/mbuniverzitet.edu.rs\/wp-content\/uploads\/2025\/03\/Sporazum_sl2-300x225.jpg 300w, https:\/\/mbuniverzitet.edu.rs\/wp-content\/uploads\/2025\/03\/Sporazum_sl2-768x576.jpg 768w, https:\/\/mbuniverzitet.edu.rs\/wp-content\/uploads\/2025\/03\/Sporazum_sl2-16x12.jpg 16w, https:\/\/mbuniverzitet.edu.rs\/wp-content\/uploads\/2025\/03\/Sporazum_sl2.jpg 800w\" sizes=\"(max-width: 300px) 100vw, 300px\" \/><\/a><\/p><p>Ispred Kancelarije za borbu protiv droga prisustvovali su dr Milan Peki\u0107, direktor, sa saradnicima, Jovanom Vojnovi\u0107em i Nedom Makevi\u0107, kao i predstavnici Slu\u017ebe za upravljanje kadrovima Vlade Republike Srbije dr Danilo Ron\u010devi\u0107, direktor i dr Dejan Kosti\u0107, pomo\u0107nik direktora.<\/p><p><a href=\"https:\/\/mbuniverzitet.edu.rs\/wp-content\/uploads\/2025\/03\/Sporazum_sl4.jpg\"><img loading=\"lazy\" decoding=\"async\" class=\"aligncenter size-medium wp-image-17798\" src=\"https:\/\/mbuniverzitet.edu.rs\/wp-content\/uploads\/2025\/03\/Sporazum_sl4-300x225.jpg\" alt=\"\" width=\"300\" height=\"225\" srcset=\"https:\/\/mbuniverzitet.edu.rs\/wp-content\/uploads\/2025\/03\/Sporazum_sl4-300x225.jpg 300w, https:\/\/mbuniverzitet.edu.rs\/wp-content\/uploads\/2025\/03\/Sporazum_sl4-768x576.jpg 768w, https:\/\/mbuniverzitet.edu.rs\/wp-content\/uploads\/2025\/03\/Sporazum_sl4-16x12.jpg 16w, https:\/\/mbuniverzitet.edu.rs\/wp-content\/uploads\/2025\/03\/Sporazum_sl4.jpg 800w\" sizes=\"(max-width: 300px) 100vw, 300px\" \/><\/a><\/p><p>Ispred vlasnika Univerziteta MB prisustvovala je prorektorka za nastavu redovni profesor dr \u017divanka Miladinovi\u0107 Bogavac, predsednik Saveta Univerziteta ,,MB,, profesor emeritus dr Du\u0161an Regodi\u0107,dipl. in\u017e, prof.dr Goran Babi\u0107 i doc.dr Martin Matija\u0161evi\u0107., i dr Aleksandar Mati\u0107, sekretar Univerziteta ,,MB,,.<\/p><p><a href=\"https:\/\/mbuniverzitet.edu.rs\/wp-content\/uploads\/2025\/03\/Sporazum_sl1.jpg\"><img loading=\"lazy\" decoding=\"async\" class=\"aligncenter size-medium wp-image-17795\" src=\"https:\/\/mbuniverzitet.edu.rs\/wp-content\/uploads\/2025\/03\/Sporazum_sl1-300x225.jpg\" alt=\"\" width=\"300\" height=\"225\" srcset=\"https:\/\/mbuniverzitet.edu.rs\/wp-content\/uploads\/2025\/03\/Sporazum_sl1-300x225.jpg 300w, https:\/\/mbuniverzitet.edu.rs\/wp-content\/uploads\/2025\/03\/Sporazum_sl1-768x576.jpg 768w, https:\/\/mbuniverzitet.edu.rs\/wp-content\/uploads\/2025\/03\/Sporazum_sl1-16x12.jpg 16w, https:\/\/mbuniverzitet.edu.rs\/wp-content\/uploads\/2025\/03\/Sporazum_sl1.jpg 800w\" sizes=\"(max-width: 300px) 100vw, 300px\" \/><\/a><\/p><p>Direktor dr Milan Peki\u0107 je upoznao predstavnike Univerziteta ,,MB&#8220; o poslovnim aktivnostima Kancelarije za borbu protiv droge Vlade Republike Srbije.<\/p><p><a href=\"https:\/\/mbuniverzitet.edu.rs\/wp-content\/uploads\/2025\/03\/Sporazum_sl3.jpg\"><img loading=\"lazy\" decoding=\"async\" class=\"aligncenter size-medium wp-image-17797\" src=\"https:\/\/mbuniverzitet.edu.rs\/wp-content\/uploads\/2025\/03\/Sporazum_sl3-300x225.jpg\" alt=\"\" width=\"300\" height=\"225\" srcset=\"https:\/\/mbuniverzitet.edu.rs\/wp-content\/uploads\/2025\/03\/Sporazum_sl3-300x225.jpg 300w, https:\/\/mbuniverzitet.edu.rs\/wp-content\/uploads\/2025\/03\/Sporazum_sl3-768x576.jpg 768w, https:\/\/mbuniverzitet.edu.rs\/wp-content\/uploads\/2025\/03\/Sporazum_sl3-16x12.jpg 16w, https:\/\/mbuniverzitet.edu.rs\/wp-content\/uploads\/2025\/03\/Sporazum_sl3.jpg 800w\" sizes=\"(max-width: 300px) 100vw, 300px\" \/><\/a><\/p><p>Predsednik Saveta Univerziteta ,,MB&#8220; profesor emeritus dr Du\u0161an Regodi\u0107, dipl in\u017e. je upoznao goste sa organizacionom strukturom, studijskim programima, poslovnim aktivnostima i Startegiji razvoja Univerziteta ,,MB&#8220; za naredni petogodi\u0161nji plan.<\/p><\/div>\n\t\t\t\t\t<\/div><\/div>\t\t\t\t<\/div>\n\t\t\t\t<\/div>\n\t\t\t\t<div class=\"elementor-element elementor-element-2ce904c exad-sticky-section-no exad-glass-effect-no elementor-widget elementor-widget-eael-adv-accordion\" data-id=\"2ce904c\" data-element_type=\"widget\" data-e-type=\"widget\" data-widget_type=\"eael-adv-accordion.default\">\n\t\t\t\t<div class=\"elementor-widget-container\">\n\t\t\t\t\t            <div class=\"eael-adv-accordion\" id=\"eael-adv-accordion-2ce904c\" data-scroll-on-click=\"no\" data-scroll-speed=\"300\" data-accordion-id=\"2ce904c\" data-accordion-type=\"accordion\" data-toogle-speed=\"300\">\n            <div class=\"eael-accordion-list\">\n\t\t\t\t\t<div id=\"dana-08032025-godine-u-vremenu-od-1000-do-1600-asova-organizovan-je-edu-fair-u-hotelu-hilton-vidi-vie\" class=\"elementor-tab-title eael-accordion-header\" tabindex=\"0\" data-tab=\"1\" aria-controls=\"elementor-tab-content-4701\"><span class=\"eael-accordion-tab-title\">Dana 08.03.2025. godine u vremenu od 10.00 do 16.00 \u010dasova organizovan je EDU fair u Hotelu Hilton. (Vidi vi\u0161e)<\/span><\/div><div id=\"elementor-tab-content-4701\" class=\"eael-accordion-content clearfix\" data-tab=\"1\" aria-labelledby=\"dana-08032025-godine-u-vremenu-od-1000-do-1600-asova-organizovan-je-edu-fair-u-hotelu-hilton-vidi-vie\"><p style=\"font-weight: 400\">Dana 08.03.2025. godine u vremenu od 10.00 do 16.00 \u010dasova organizovan je EDU fair u Hotelu Hilton, Kralja Milana 35, Beograd u sali Car Du\u0161an.<\/p><p><a href=\"https:\/\/mbuniverzitet.edu.rs\/wp-content\/uploads\/2025\/03\/Sajam-sl2.jpg\"><img loading=\"lazy\" decoding=\"async\" class=\"aligncenter size-medium wp-image-17693\" src=\"https:\/\/mbuniverzitet.edu.rs\/wp-content\/uploads\/2025\/03\/Sajam-sl2-225x300.jpg\" alt=\"\" width=\"225\" height=\"300\" srcset=\"https:\/\/mbuniverzitet.edu.rs\/wp-content\/uploads\/2025\/03\/Sajam-sl2-225x300.jpg 225w, https:\/\/mbuniverzitet.edu.rs\/wp-content\/uploads\/2025\/03\/Sajam-sl2-768x1024.jpg 768w, https:\/\/mbuniverzitet.edu.rs\/wp-content\/uploads\/2025\/03\/Sajam-sl2-9x12.jpg 9w, https:\/\/mbuniverzitet.edu.rs\/wp-content\/uploads\/2025\/03\/Sajam-sl2.jpg 800w\" sizes=\"(max-width: 225px) 100vw, 225px\" \/><\/a><\/p><p style=\"font-weight: 400\">Na sajmu su prikazani svi studijski programi koji se realizuju na Poslovnom i pravnom fakultetu i Akademiji klasi\u010dnog slikarstva Univerziteta MB.<\/p><p><a href=\"https:\/\/mbuniverzitet.edu.rs\/wp-content\/uploads\/2025\/03\/Sajam-sl5.jpg\"><img loading=\"lazy\" decoding=\"async\" class=\"aligncenter size-medium wp-image-17692\" src=\"https:\/\/mbuniverzitet.edu.rs\/wp-content\/uploads\/2025\/03\/Sajam-sl5-300x225.jpg\" alt=\"\" width=\"300\" height=\"225\" srcset=\"https:\/\/mbuniverzitet.edu.rs\/wp-content\/uploads\/2025\/03\/Sajam-sl5-300x225.jpg 300w, https:\/\/mbuniverzitet.edu.rs\/wp-content\/uploads\/2025\/03\/Sajam-sl5-768x576.jpg 768w, https:\/\/mbuniverzitet.edu.rs\/wp-content\/uploads\/2025\/03\/Sajam-sl5-16x12.jpg 16w, https:\/\/mbuniverzitet.edu.rs\/wp-content\/uploads\/2025\/03\/Sajam-sl5.jpg 800w\" sizes=\"(max-width: 300px) 100vw, 300px\" \/><\/a><\/p><p style=\"font-weight: 400\">\u0160tand Univerziteta MB je bio izuzetno pose\u0107en.<\/p><p style=\"font-weight: 400\">Savet Univerziteta MB<\/p><\/div>\n\t\t\t\t\t<\/div><\/div>\t\t\t\t<\/div>\n\t\t\t\t<\/div>\n\t\t\t\t\t<\/div>\n\t\t<\/div>\n\t\t\t\t\t<\/div>\n\t\t<\/section>\n\t\t\t\t<section class=\"elementor-section elementor-top-section elementor-element elementor-element-de7224d elementor-section-boxed elementor-section-height-default elementor-section-height-default exad-glass-effect-no exad-sticky-section-no\" data-id=\"de7224d\" data-element_type=\"section\" data-e-type=\"section\">\n\t\t\t\t\t\t<div class=\"elementor-container elementor-column-gap-default\">\n\t\t\t\t\t<div class=\"elementor-column elementor-col-100 elementor-top-column elementor-element elementor-element-d9c02c0 exad-glass-effect-no exad-sticky-section-no\" data-id=\"d9c02c0\" data-element_type=\"column\" data-e-type=\"column\">\n\t\t\t<div class=\"elementor-widget-wrap elementor-element-populated\">\n\t\t\t\t\t\t<div class=\"elementor-element elementor-element-e549e78 exad-sticky-section-no exad-glass-effect-no elementor-widget elementor-widget-eael-adv-accordion\" data-id=\"e549e78\" data-element_type=\"widget\" data-e-type=\"widget\" data-widget_type=\"eael-adv-accordion.default\">\n\t\t\t\t<div class=\"elementor-widget-container\">\n\t\t\t\t\t            <div class=\"eael-adv-accordion\" id=\"eael-adv-accordion-e549e78\" data-scroll-on-click=\"no\" data-scroll-speed=\"300\" data-accordion-id=\"e549e78\" data-accordion-type=\"accordion\" data-toogle-speed=\"300\">\n            <div class=\"eael-accordion-list\">\n\t\t\t\t\t<div id=\"nova-organizaciona-celina-pridruena-univerzitetu-mb-vidi-vie\" class=\"elementor-tab-title eael-accordion-header\" tabindex=\"0\" data-tab=\"1\" aria-controls=\"elementor-tab-content-2401\"><span class=\"eael-accordion-tab-title\">Nova organizaciona celina pridru\u017eena Univerzitetu MB. (Vidi vi\u0161e)<\/span><\/div><div id=\"elementor-tab-content-2401\" class=\"eael-accordion-content clearfix\" data-tab=\"1\" aria-labelledby=\"nova-organizaciona-celina-pridruena-univerzitetu-mb-vidi-vie\"><p>Vlasnik Univerziteta MB prof dr Milija Bogavac je kupio Fakultet za pravo, menad\u017ement i bezbednost ,,Konstantin Veliki,, iz Ni\u0161a. Fakultet realizuje studijske programe iz oblasti Prava, Menad\u017ementa u bezbednosti i Menad\u017ementa u saobra\u0107aju na Osnovnim i Master akademskim studijama. Navedeni fakultet je privatna visoko\u0161kolska ustanova u svojstvu pravnog lica.<\/p><p>Javni uvid u sajt Fakulteta za pravo, menad\u017ement i bezbednost ,,Konstantin Veliki,, iz Ni\u0161a.<\/p><p><a href=\"https:\/\/konstantinveliki.edu.rs\/\">https:\/\/konstantinveliki.edu.rs\/<\/a><\/p><p>Studijski programi:<\/p><p><a href=\"https:\/\/konstantinveliki.edu.rs\/studijski-program\/\">https:\/\/konstantinveliki.edu.rs\/studijski-program\/<\/a><\/p><p>Kontakt:<\/p><p><a href=\"https:\/\/konstantinveliki.edu.rs\/kontakt\/\">https:\/\/konstantinveliki.edu.rs\/kontakt\/<\/a><\/p><p>Vidi vi\u0161e o fakultetu:<\/p><p>Dana 01 i 03.03.2025. godine menad\u017ement Univerziteta MB u sastavu:<\/p><p>Profesor emeritus dr Du\u0161an Regodi\u0107, dipl in\u017e, predsednik Saveta Univerziteta MB.<br \/>Profesor dr \u017divanka Miladinovi\u0107 &#8211; Bogavac, prorektor za nastavu na Univerzitetu MB.<br \/>MSc Aleksandar Mati\u0107. dipl. pravnik, sekretar Univerziteta MB.<br \/>Prof. dr Goran Babi\u0107, direktor Osnovne \u0161kole MB<\/p><p>je primio profesore dekana fakulteta prof. dr Gruju Konstadinovi\u0107a, prodekana za nastavu prof. dr Vladana Vu\u0107i\u0107a, profesore i studente Fakulteta za pravo, menad\u017ement i bezbednost ,,Konstantin Veliki,, iz Ni\u0161a na lokaciji u Teodora Drajzera 27 i Zetska 2-4 Ni\u0161.<\/p><p><a href=\"https:\/\/mbuniverzitet.edu.rs\/wp-content\/uploads\/2025\/03\/Primopredaja_sl1.jpg\"><img loading=\"lazy\" decoding=\"async\" class=\"aligncenter size-medium wp-image-17652\" src=\"https:\/\/mbuniverzitet.edu.rs\/wp-content\/uploads\/2025\/03\/Primopredaja_sl1-300x226.jpg\" alt=\"\" width=\"300\" height=\"226\" srcset=\"https:\/\/mbuniverzitet.edu.rs\/wp-content\/uploads\/2025\/03\/Primopredaja_sl1-300x226.jpg 300w, https:\/\/mbuniverzitet.edu.rs\/wp-content\/uploads\/2025\/03\/Primopredaja_sl1-768x578.jpg 768w, https:\/\/mbuniverzitet.edu.rs\/wp-content\/uploads\/2025\/03\/Primopredaja_sl1-16x12.jpg 16w, https:\/\/mbuniverzitet.edu.rs\/wp-content\/uploads\/2025\/03\/Primopredaja_sl1.jpg 800w\" sizes=\"(max-width: 300px) 100vw, 300px\" \/><\/a><\/p><p><a href=\"https:\/\/mbuniverzitet.edu.rs\/wp-content\/uploads\/2025\/03\/Primopredaja_sl4.jpg\"><img loading=\"lazy\" decoding=\"async\" class=\"aligncenter size-medium wp-image-17650\" src=\"https:\/\/mbuniverzitet.edu.rs\/wp-content\/uploads\/2025\/03\/Primopredaja_sl4-300x226.jpg\" alt=\"\" width=\"300\" height=\"226\" srcset=\"https:\/\/mbuniverzitet.edu.rs\/wp-content\/uploads\/2025\/03\/Primopredaja_sl4-300x226.jpg 300w, https:\/\/mbuniverzitet.edu.rs\/wp-content\/uploads\/2025\/03\/Primopredaja_sl4-768x578.jpg 768w, https:\/\/mbuniverzitet.edu.rs\/wp-content\/uploads\/2025\/03\/Primopredaja_sl4-16x12.jpg 16w, https:\/\/mbuniverzitet.edu.rs\/wp-content\/uploads\/2025\/03\/Primopredaja_sl4.jpg 800w\" sizes=\"(max-width: 300px) 100vw, 300px\" \/><\/a><\/p><p>Cilj sastanka je bio informisanje stalnog sastava fakulteta i studenata o organizacionim promenama, nastavku studija studenata, obavezama i pravima studenata i stalno zaposlenih, primopredaji svih resursa izme\u0111u starog i novog vlasnika i realizaciji svih poslovnih procesa u narednom periodu.<\/p><p><a href=\"https:\/\/mbuniverzitet.edu.rs\/wp-content\/uploads\/2025\/03\/Primopredaja_sl2.jpg\"><img loading=\"lazy\" decoding=\"async\" class=\"aligncenter size-medium wp-image-17648\" src=\"https:\/\/mbuniverzitet.edu.rs\/wp-content\/uploads\/2025\/03\/Primopredaja_sl2-300x226.jpg\" alt=\"\" width=\"300\" height=\"226\" srcset=\"https:\/\/mbuniverzitet.edu.rs\/wp-content\/uploads\/2025\/03\/Primopredaja_sl2-300x226.jpg 300w, https:\/\/mbuniverzitet.edu.rs\/wp-content\/uploads\/2025\/03\/Primopredaja_sl2-768x578.jpg 768w, https:\/\/mbuniverzitet.edu.rs\/wp-content\/uploads\/2025\/03\/Primopredaja_sl2-16x12.jpg 16w, https:\/\/mbuniverzitet.edu.rs\/wp-content\/uploads\/2025\/03\/Primopredaja_sl2.jpg 800w\" sizes=\"(max-width: 300px) 100vw, 300px\" \/><\/a><\/p><p><a href=\"https:\/\/mbuniverzitet.edu.rs\/wp-content\/uploads\/2025\/03\/Primopredaja_sl5.jpg\"><img loading=\"lazy\" decoding=\"async\" class=\"aligncenter size-medium wp-image-17651\" src=\"https:\/\/mbuniverzitet.edu.rs\/wp-content\/uploads\/2025\/03\/Primopredaja_sl5-226x300.jpg\" alt=\"\" width=\"226\" height=\"300\" srcset=\"https:\/\/mbuniverzitet.edu.rs\/wp-content\/uploads\/2025\/03\/Primopredaja_sl5-226x300.jpg 226w, https:\/\/mbuniverzitet.edu.rs\/wp-content\/uploads\/2025\/03\/Primopredaja_sl5-771x1024.jpg 771w, https:\/\/mbuniverzitet.edu.rs\/wp-content\/uploads\/2025\/03\/Primopredaja_sl5-768x1020.jpg 768w, https:\/\/mbuniverzitet.edu.rs\/wp-content\/uploads\/2025\/03\/Primopredaja_sl5-9x12.jpg 9w, https:\/\/mbuniverzitet.edu.rs\/wp-content\/uploads\/2025\/03\/Primopredaja_sl5.jpg 800w\" sizes=\"(max-width: 226px) 100vw, 226px\" \/><\/a><\/p><p>Menad\u017ement Univerziteta MB je dao te\u017ei\u0161ne zadatke fakultetu vezane za realizaciju svih poslovnih procesa i izradio Plan primopredaje sa dinamikom i Akcionim planom za primopredaju do 30.06.2025. godine.<\/p><p>Nastavni proces u letnjem semestru \u0161kolske 2024\/2025. godine \u0107e se realizovati u skladu sa Zakonom o Visokom obrazovanju, Statutom fakulteta i Univerziteta MB na postoje\u0107im lokacijama u Ni\u0161u (Zetska 2-4) i Beogradu u Teodora Drajzera 27.<\/p><p>Studenti \u0107e ostvarivati sva svoja prava u skladu sa Zakonom o Visokom obrazovanju i Statutom fakulteta i Univerziteta MB. Sve nejasno\u0107e re\u0161avati putem studentske slu\u017ebe:<\/p><p>Ni\u0161, Zetska 2-4<\/p><p><a href=\"https:\/\/konstantinveliki.edu.rs\/kontakt\/\">https:\/\/konstantinveliki.edu.rs\/kontakt\/<\/a><\/p><p>Beoograd, Teodora Drajzera 27:<\/p><p><a href=\"https:\/\/mbuniverzitet.edu.rs\/kontakt\/\">https:\/\/mbuniverzitet.edu.rs\/kontakt<\/a><\/p><p><b>Savet Univerziteta MB<\/b><\/p><\/div>\n\t\t\t\t\t<\/div><\/div>\t\t\t\t<\/div>\n\t\t\t\t<\/div>\n\t\t\t\t<div class=\"elementor-element elementor-element-e3989e6 exad-sticky-section-no exad-glass-effect-no elementor-widget elementor-widget-eael-adv-accordion\" data-id=\"e3989e6\" data-element_type=\"widget\" data-e-type=\"widget\" data-widget_type=\"eael-adv-accordion.default\">\n\t\t\t\t<div class=\"elementor-widget-container\">\n\t\t\t\t\t            <div class=\"eael-adv-accordion\" id=\"eael-adv-accordion-e3989e6\" data-scroll-on-click=\"no\" data-scroll-speed=\"300\" data-accordion-id=\"e3989e6\" data-accordion-type=\"accordion\" data-toogle-speed=\"300\">\n            <div class=\"eael-accordion-list\">\n\t\t\t\t\t<div id=\"obavetavaju-se-studenti-nastavnici-saradnici-i-stalno-zaposleno-administrativno-osoblje-da-nastava-u-letnjem-semestru-akademske-20242025-godine-na-poslovnom-i-pravnom-fakultetu-i-akademiji-klasinog-slikarstva-univerziteta-mb-poinje-po-kalendaru-aktivnosti-18022025-godine-a-zavrava-31052024-godine-sedmica-za-nadoknadu-nastave-je-od-0206-do-07062025-godine-rasporedi-asova-su-postavljeni-na-oglasnu-tablu-univerziteta-mb-i-sajt-fakulteta-vidi-vie\" class=\"elementor-tab-title eael-accordion-header\" tabindex=\"0\" data-tab=\"1\" aria-controls=\"elementor-tab-content-2381\"><span class=\"eael-accordion-tab-title\">Obave\u0161tavaju se studenti, nastavnici, saradnici i stalno zaposleno administrativno osoblje da nastava u letnjem semestru akademske 2024\/2025. godine na Poslovnom i pravnom fakultetu i Akademiji klasi\u010dnog slikarstva Univerziteta MB po\u010dinje po kalendaru aktivnosti 18.02.2025. godine a zavr\u0161ava 31.05.2024. godine. Sedmica za nadoknadu nastave je od 02.06 do 07.06.2025. godine. Rasporedi \u010dasova su postavljeni na oglasnu tablu Univerziteta MB i sajt fakulteta. (Vidi vi\u0161e)<\/span><\/div><div id=\"elementor-tab-content-2381\" class=\"eael-accordion-content clearfix\" data-tab=\"1\" aria-labelledby=\"obavetavaju-se-studenti-nastavnici-saradnici-i-stalno-zaposleno-administrativno-osoblje-da-nastava-u-letnjem-semestru-akademske-20242025-godine-na-poslovnom-i-pravnom-fakultetu-i-akademiji-klasinog-slikarstva-univerziteta-mb-poinje-po-kalendaru-aktivnosti-18022025-godine-a-zavrava-31052024-godine-sedmica-za-nadoknadu-nastave-je-od-0206-do-07062025-godine-rasporedi-asova-su-postavljeni-na-oglasnu-tablu-univerziteta-mb-i-sajt-fakulteta-vidi-vie\"><p>Prilog: <a href=\"https:\/\/mbuniverzitet.edu.rs\/wp-content\/uploads\/2025\/02\/1-UMB-Radni-kalendar-2024_2025.pdf\" target=\"_blank\" rel=\"noopener\">Kalendar godi\u0161njih aktivnosti<\/a><\/p><p>Savet Univerziteta MB<\/p><\/div>\n\t\t\t\t\t<\/div><\/div>\t\t\t\t<\/div>\n\t\t\t\t<\/div>\n\t\t\t\t<div class=\"elementor-element elementor-element-5b93815 exad-sticky-section-no exad-glass-effect-no elementor-widget elementor-widget-eael-adv-accordion\" data-id=\"5b93815\" data-element_type=\"widget\" data-e-type=\"widget\" data-widget_type=\"eael-adv-accordion.default\">\n\t\t\t\t<div class=\"elementor-widget-container\">\n\t\t\t\t\t            <div class=\"eael-adv-accordion\" id=\"eael-adv-accordion-5b93815\" data-scroll-on-click=\"no\" data-scroll-speed=\"300\" data-accordion-id=\"5b93815\" data-accordion-type=\"accordion\" data-toogle-speed=\"300\">\n            <div class=\"eael-accordion-list\">\n\t\t\t\t\t<div id=\"dan-dravnosti-srbije-sretenje-neradni-dani-povodom-dana-dravnosti-republike-srbije-15022025-godine-sretenja-po-godinjem-kalendaru-aktivnosti-ponedeljak-17-februar-2025-godine-je-neradni-dan-na-univerzitetu-mb-u-beogradu-u-ponedeljak-se-nee-realizovati-nastava-ispiti-i-konsultacije-niti-e-raditi-studentske-slube-vidi-vie\" class=\"elementor-tab-title eael-accordion-header\" tabindex=\"0\" data-tab=\"1\" aria-controls=\"elementor-tab-content-9601\"><span class=\"eael-accordion-tab-title\">DAN DR\u017dAVNOSTI SRBIJE - SRETENJE - NERADNI DANI - Povodom Dana dr\u017eavnosti Republike Srbije, 15.02.2025. godine Sretenja \u2013 po godi\u0161njem kalendaru aktivnosti ponedeljak 17. februar 2025. godine je  neradni dan na Univerzitetu MB u Beogradu. U ponedeljak se ne\u0107e realizovati nastava, ispiti i konsultacije, niti \u0107e raditi Studentske slu\u017ebe. (Vidi vi\u0161e)<\/span><\/div><div id=\"elementor-tab-content-9601\" class=\"eael-accordion-content clearfix\" data-tab=\"1\" aria-labelledby=\"dan-dravnosti-srbije-sretenje-neradni-dani-povodom-dana-dravnosti-republike-srbije-15022025-godine-sretenja-po-godinjem-kalendaru-aktivnosti-ponedeljak-17-februar-2025-godine-je-neradni-dan-na-univerzitetu-mb-u-beogradu-u-ponedeljak-se-nee-realizovati-nastava-ispiti-i-konsultacije-niti-e-raditi-studentske-slube-vidi-vie\"><p>Dan 15. februar je jedan od najbitnijih dana u politi\u010dkom, kulturnom i istorijskom kalendaru Srbije.<strong>\u00a0Dan dr\u017eavnosti Srbije \u2014 Sretenje<\/strong>\u00a0je dr\u017eavni praznik Srbije koji se proslavlja 15. i 16. februara, a ustanovljen u spomen na dan kada je na zboru u Ora\u0161cu 1804. godine dignut Prvi srpski ustanak, kao dan se\u0107anja na po\u010detak Srpske revolucije, i tako\u0111e se proslavlja kao Dan ustavnosti Srbije u spomen na dan kada je u Kragujevcu 1835. godine izdat i zakletvom potvr\u0111en prvi Ustav Knja\u017eevstva Srbije \u2014 Sretenjski ustav.\u00a0 Ovaj datum je najbitniji datum u politi\u010dkom, kulturnom i istorijskom kalendaru Srbije. Dan dr\u017eavnosti Srbije se slavio do nastanka Kraljevine Srba, Hrvata i Slovenaca, nakon \u010dega je ukinut, da bi u Srbiji ponovo po\u010deo da se slavi od 2002. godine.<\/p><p>Prvi radni dan nakon Dana dr\u017eavnosti je ponedeljak, 18. februar 2024. godine kada\u00a0na Univerzitetu MB u Beogradu otpo\u010dinje letnji semestar \u0161kolske 2024\/2025. godine i radi se uobi\u010dajenim radnim vremenom.<\/p><p>Savet Univerziteta MB<\/p><\/div>\n\t\t\t\t\t<\/div><\/div>\t\t\t\t<\/div>\n\t\t\t\t<\/div>\n\t\t\t\t<div class=\"elementor-element elementor-element-e502569 exad-sticky-section-no exad-glass-effect-no elementor-widget elementor-widget-eael-adv-accordion\" data-id=\"e502569\" data-element_type=\"widget\" data-e-type=\"widget\" data-widget_type=\"eael-adv-accordion.default\">\n\t\t\t\t<div class=\"elementor-widget-container\">\n\t\t\t\t\t            <div class=\"eael-adv-accordion\" id=\"eael-adv-accordion-e502569\" data-scroll-on-click=\"no\" data-scroll-speed=\"300\" data-accordion-id=\"e502569\" data-accordion-type=\"accordion\" data-toogle-speed=\"300\">\n            <div class=\"eael-accordion-list\">\n\t\t\t\t\t<div id=\"dana-27012025-godine-u-mladenovcu-kralja-petra-i-broj-372-u-1000-asova-na-univerzitetu-mb-poslovni-i-pravni-pravni-fakultet-organizovana-je-sveana-dodela-diploma-povodom-zavretka-kolovanja-osnovnih-i-master-akademskih-studija-studenata-na-studijskim-programima-poslovni-menadment-pravo-ekonomija-menadment-u-bezbednosti-i-informacione-tehnologije-vidi-vie\" class=\"elementor-tab-title eael-accordion-header\" tabindex=\"0\" data-tab=\"1\" aria-controls=\"elementor-tab-content-2401\"><span class=\"eael-accordion-tab-title\">Dana 27.01.2025. godine u Mladenovcu, Kralja Petra I, broj 372 u 10:00 \u010dasova na Univerzitetu MB, Poslovni i pravni pravni fakultet, organizovana je sve\u010dana dodela diploma povodom zavr\u0161etka \u0161kolovanja Osnovnih i Master akademskih studija studenata na studijskim programima Poslovni menad\u017ement, Pravo, Ekonomija, Menad\u017ement u bezbednosti i Informacione tehnologije. (Vidi vi\u0161e)<\/span><\/div><div id=\"elementor-tab-content-2401\" class=\"eael-accordion-content clearfix\" data-tab=\"1\" aria-labelledby=\"dana-27012025-godine-u-mladenovcu-kralja-petra-i-broj-372-u-1000-asova-na-univerzitetu-mb-poslovni-i-pravni-pravni-fakultet-organizovana-je-sveana-dodela-diploma-povodom-zavretka-kolovanja-osnovnih-i-master-akademskih-studija-studenata-na-studijskim-programima-poslovni-menadment-pravo-ekonomija-menadment-u-bezbednosti-i-informacione-tehnologije-vidi-vie\"><p>U predivnom ambijentu prostora Univerziteta MB odr\u017eano je 23. sve\u010dano uru\u010denje diploma, sednica kolektiva, ru\u010dak i dru\u017eenje kolektiva. Na sve\u010danosti je vlasnik Univerziteta ,,MB,, profesor dr Milija Bogavac u nadahnutom govoru pozdravio sve prisutne, informisao o istorijskom razvoju Poslovnog i pravnog fakulteta i Univerziteta MB, planovima u 2025. godini \u00a0i izlo\u017eio strate\u0161ke pravce razvoja Univerziteta MB.\u00a0<\/p><p><a href=\"https:\/\/mbuniverzitet.edu.rs\/wp-content\/uploads\/2025\/01\/Dodela-diploma-januar25-sl2.jpg\"><img loading=\"lazy\" decoding=\"async\" class=\"aligncenter size-medium wp-image-17547\" src=\"https:\/\/mbuniverzitet.edu.rs\/wp-content\/uploads\/2025\/01\/Dodela-diploma-januar25-sl2-200x300.jpg\" alt=\"\" width=\"200\" height=\"300\" srcset=\"https:\/\/mbuniverzitet.edu.rs\/wp-content\/uploads\/2025\/01\/Dodela-diploma-januar25-sl2-200x300.jpg 200w, https:\/\/mbuniverzitet.edu.rs\/wp-content\/uploads\/2025\/01\/Dodela-diploma-januar25-sl2-683x1024.jpg 683w, https:\/\/mbuniverzitet.edu.rs\/wp-content\/uploads\/2025\/01\/Dodela-diploma-januar25-sl2-768x1152.jpg 768w, https:\/\/mbuniverzitet.edu.rs\/wp-content\/uploads\/2025\/01\/Dodela-diploma-januar25-sl2-1024x1536.jpg 1024w, https:\/\/mbuniverzitet.edu.rs\/wp-content\/uploads\/2025\/01\/Dodela-diploma-januar25-sl2-8x12.jpg 8w, https:\/\/mbuniverzitet.edu.rs\/wp-content\/uploads\/2025\/01\/Dodela-diploma-januar25-sl2.jpg 1200w\" sizes=\"(max-width: 200px) 100vw, 200px\" \/><\/a><\/p><p><a href=\"https:\/\/mbuniverzitet.edu.rs\/wp-content\/uploads\/2025\/01\/Dodela-diploma-januar25-sl6.jpg\"><img loading=\"lazy\" decoding=\"async\" class=\"aligncenter size-medium wp-image-17551\" src=\"https:\/\/mbuniverzitet.edu.rs\/wp-content\/uploads\/2025\/01\/Dodela-diploma-januar25-sl6-200x300.jpg\" alt=\"\" width=\"200\" height=\"300\" srcset=\"https:\/\/mbuniverzitet.edu.rs\/wp-content\/uploads\/2025\/01\/Dodela-diploma-januar25-sl6-200x300.jpg 200w, https:\/\/mbuniverzitet.edu.rs\/wp-content\/uploads\/2025\/01\/Dodela-diploma-januar25-sl6-683x1024.jpg 683w, https:\/\/mbuniverzitet.edu.rs\/wp-content\/uploads\/2025\/01\/Dodela-diploma-januar25-sl6-768x1152.jpg 768w, https:\/\/mbuniverzitet.edu.rs\/wp-content\/uploads\/2025\/01\/Dodela-diploma-januar25-sl6-8x12.jpg 8w, https:\/\/mbuniverzitet.edu.rs\/wp-content\/uploads\/2025\/01\/Dodela-diploma-januar25-sl6.jpg 800w\" sizes=\"(max-width: 200px) 100vw, 200px\" \/><\/a><\/p><p><a href=\"https:\/\/mbuniverzitet.edu.rs\/wp-content\/uploads\/2025\/01\/Dodela-diploma-januar25-sl7.jpg\"><img loading=\"lazy\" decoding=\"async\" class=\"aligncenter size-medium wp-image-17552\" src=\"https:\/\/mbuniverzitet.edu.rs\/wp-content\/uploads\/2025\/01\/Dodela-diploma-januar25-sl7-200x300.jpg\" alt=\"\" width=\"200\" height=\"300\" srcset=\"https:\/\/mbuniverzitet.edu.rs\/wp-content\/uploads\/2025\/01\/Dodela-diploma-januar25-sl7-200x300.jpg 200w, https:\/\/mbuniverzitet.edu.rs\/wp-content\/uploads\/2025\/01\/Dodela-diploma-januar25-sl7-683x1024.jpg 683w, https:\/\/mbuniverzitet.edu.rs\/wp-content\/uploads\/2025\/01\/Dodela-diploma-januar25-sl7-768x1152.jpg 768w, https:\/\/mbuniverzitet.edu.rs\/wp-content\/uploads\/2025\/01\/Dodela-diploma-januar25-sl7-8x12.jpg 8w, https:\/\/mbuniverzitet.edu.rs\/wp-content\/uploads\/2025\/01\/Dodela-diploma-januar25-sl7.jpg 800w\" sizes=\"(max-width: 200px) 100vw, 200px\" \/><\/a><\/p><p>Prisutne je pozdravio\u00a0i rektor Univerziteta prof dr Zoran Bingulac. Pored prisutnih profesora, saradnika u nastavi, administracije, studenata, roditelja i brojne rodbine studenata sve\u010danosti i sve\u010danom ru\u010dku su prisustvovali predstavnici drugih univerziteta iz Republike Srbije, Bosne i Hercegovine i Crne Gore, prijatelji i poslovni partneri Univerziteta MB i predstavnici medija.<\/p><p><a href=\"https:\/\/mbuniverzitet.edu.rs\/wp-content\/uploads\/2025\/01\/Dodela-diploma-januar25-sl4.jpg\"><img loading=\"lazy\" decoding=\"async\" class=\"aligncenter size-medium wp-image-17549\" src=\"https:\/\/mbuniverzitet.edu.rs\/wp-content\/uploads\/2025\/01\/Dodela-diploma-januar25-sl4-200x300.jpg\" alt=\"\" width=\"200\" height=\"300\" srcset=\"https:\/\/mbuniverzitet.edu.rs\/wp-content\/uploads\/2025\/01\/Dodela-diploma-januar25-sl4-200x300.jpg 200w, https:\/\/mbuniverzitet.edu.rs\/wp-content\/uploads\/2025\/01\/Dodela-diploma-januar25-sl4-683x1024.jpg 683w, https:\/\/mbuniverzitet.edu.rs\/wp-content\/uploads\/2025\/01\/Dodela-diploma-januar25-sl4-768x1152.jpg 768w, https:\/\/mbuniverzitet.edu.rs\/wp-content\/uploads\/2025\/01\/Dodela-diploma-januar25-sl4-8x12.jpg 8w, https:\/\/mbuniverzitet.edu.rs\/wp-content\/uploads\/2025\/01\/Dodela-diploma-januar25-sl4.jpg 800w\" sizes=\"(max-width: 200px) 100vw, 200px\" \/><\/a><\/p><p><a href=\"https:\/\/mbuniverzitet.edu.rs\/wp-content\/uploads\/2025\/01\/Dodela-diploma-januar25-sl3.jpg\"><img loading=\"lazy\" decoding=\"async\" class=\"aligncenter size-medium wp-image-17548\" src=\"https:\/\/mbuniverzitet.edu.rs\/wp-content\/uploads\/2025\/01\/Dodela-diploma-januar25-sl3-200x300.jpg\" alt=\"\" width=\"200\" height=\"300\" srcset=\"https:\/\/mbuniverzitet.edu.rs\/wp-content\/uploads\/2025\/01\/Dodela-diploma-januar25-sl3-200x300.jpg 200w, https:\/\/mbuniverzitet.edu.rs\/wp-content\/uploads\/2025\/01\/Dodela-diploma-januar25-sl3-683x1024.jpg 683w, https:\/\/mbuniverzitet.edu.rs\/wp-content\/uploads\/2025\/01\/Dodela-diploma-januar25-sl3-768x1152.jpg 768w, https:\/\/mbuniverzitet.edu.rs\/wp-content\/uploads\/2025\/01\/Dodela-diploma-januar25-sl3-8x12.jpg 8w, https:\/\/mbuniverzitet.edu.rs\/wp-content\/uploads\/2025\/01\/Dodela-diploma-januar25-sl3.jpg 800w\" sizes=\"(max-width: 200px) 100vw, 200px\" \/><\/a><\/p><p><a href=\"https:\/\/mbuniverzitet.edu.rs\/wp-content\/uploads\/2025\/01\/Dodela-diploma-januar25-sl5.jpg\"><img loading=\"lazy\" decoding=\"async\" class=\"aligncenter size-medium wp-image-17550\" src=\"https:\/\/mbuniverzitet.edu.rs\/wp-content\/uploads\/2025\/01\/Dodela-diploma-januar25-sl5-200x300.jpg\" alt=\"\" width=\"200\" height=\"300\" srcset=\"https:\/\/mbuniverzitet.edu.rs\/wp-content\/uploads\/2025\/01\/Dodela-diploma-januar25-sl5-200x300.jpg 200w, https:\/\/mbuniverzitet.edu.rs\/wp-content\/uploads\/2025\/01\/Dodela-diploma-januar25-sl5-683x1024.jpg 683w, https:\/\/mbuniverzitet.edu.rs\/wp-content\/uploads\/2025\/01\/Dodela-diploma-januar25-sl5-768x1152.jpg 768w, https:\/\/mbuniverzitet.edu.rs\/wp-content\/uploads\/2025\/01\/Dodela-diploma-januar25-sl5-8x12.jpg 8w, https:\/\/mbuniverzitet.edu.rs\/wp-content\/uploads\/2025\/01\/Dodela-diploma-januar25-sl5.jpg 800w\" sizes=\"(max-width: 200px) 100vw, 200px\" \/><\/a><\/p><p>Posle dodele diploma na Poslovnom i pravnom fakultetu Univerziteta MB, vlasnici Univerziteta MB prof. dr Milija Bogavac i prof. dr \u017divanka Miladinovi\u0107-Bogavac su organizovali sve\u010dani ru\u010dak za studente, njihove roditelje, stalno zaposlene i brojne goste u restoranu Veranda u Mladenovcu. Uz predivno dru\u017eenje i kvalitetnu muziku estradnih umetnika vlasnici su se kao i nebrojeno puta do sada pokazali odli\u010dnim doma\u0107inima, velikog srca i ose\u0107aja za ljude oko sebe, spremnih da uvek i rado do\u010dekaju i ugoste svoju rodbinu, stalno zaposlene, studente i brojne dobronamerne prijatelje. Restoran Veranda je pokazao za\u0161to spada u jedan u najpresti\u017enijih ugostiteljskih objekata u Mladenovcu.<\/p><p><a href=\"https:\/\/mbuniverzitet.edu.rs\/wp-content\/uploads\/2025\/01\/Dodela-diploma-januar25-sl8.jpg\"><img loading=\"lazy\" decoding=\"async\" class=\"aligncenter size-medium wp-image-17553\" src=\"https:\/\/mbuniverzitet.edu.rs\/wp-content\/uploads\/2025\/01\/Dodela-diploma-januar25-sl8-225x300.jpg\" alt=\"\" width=\"225\" height=\"300\" srcset=\"https:\/\/mbuniverzitet.edu.rs\/wp-content\/uploads\/2025\/01\/Dodela-diploma-januar25-sl8-225x300.jpg 225w, https:\/\/mbuniverzitet.edu.rs\/wp-content\/uploads\/2025\/01\/Dodela-diploma-januar25-sl8-768x1024.jpg 768w, https:\/\/mbuniverzitet.edu.rs\/wp-content\/uploads\/2025\/01\/Dodela-diploma-januar25-sl8-9x12.jpg 9w, https:\/\/mbuniverzitet.edu.rs\/wp-content\/uploads\/2025\/01\/Dodela-diploma-januar25-sl8.jpg 800w\" sizes=\"(max-width: 225px) 100vw, 225px\" \/><\/a><\/p><p><a href=\"https:\/\/mbuniverzitet.edu.rs\/wp-content\/uploads\/2025\/01\/Dodela-diploma-januar25-sl9.jpg\"><img loading=\"lazy\" decoding=\"async\" class=\"aligncenter size-medium wp-image-17545\" src=\"https:\/\/mbuniverzitet.edu.rs\/wp-content\/uploads\/2025\/01\/Dodela-diploma-januar25-sl9-300x225.jpg\" alt=\"\" width=\"300\" height=\"225\" srcset=\"https:\/\/mbuniverzitet.edu.rs\/wp-content\/uploads\/2025\/01\/Dodela-diploma-januar25-sl9-300x225.jpg 300w, https:\/\/mbuniverzitet.edu.rs\/wp-content\/uploads\/2025\/01\/Dodela-diploma-januar25-sl9-768x576.jpg 768w, https:\/\/mbuniverzitet.edu.rs\/wp-content\/uploads\/2025\/01\/Dodela-diploma-januar25-sl9-16x12.jpg 16w, https:\/\/mbuniverzitet.edu.rs\/wp-content\/uploads\/2025\/01\/Dodela-diploma-januar25-sl9.jpg 800w\" sizes=\"(max-width: 300px) 100vw, 300px\" \/><\/a><\/p><\/div>\n\t\t\t\t\t<\/div><\/div>\t\t\t\t<\/div>\n\t\t\t\t<\/div>\n\t\t\t\t<div class=\"elementor-element elementor-element-22fd3fc exad-sticky-section-no exad-glass-effect-no elementor-widget elementor-widget-eael-adv-accordion\" data-id=\"22fd3fc\" data-element_type=\"widget\" data-e-type=\"widget\" data-widget_type=\"eael-adv-accordion.default\">\n\t\t\t\t<div class=\"elementor-widget-container\">\n\t\t\t\t\t            <div class=\"eael-adv-accordion\" id=\"eael-adv-accordion-22fd3fc\" data-scroll-on-click=\"no\" data-scroll-speed=\"300\" data-accordion-id=\"22fd3fc\" data-accordion-type=\"accordion\" data-toogle-speed=\"300\">\n            <div class=\"eael-accordion-list\">\n\t\t\t\t\t<div id=\"informacija-o-dodeli-diploma-na-univerzitetu-mb-poslovni-i-pravni-pravni-fakultet-vidi-vie\" class=\"elementor-tab-title eael-accordion-header\" tabindex=\"0\" data-tab=\"1\" aria-controls=\"elementor-tab-content-3661\"><span class=\"eael-accordion-tab-title\">Informacija o dodeli diploma na Univerzitetu MB, Poslovni i pravni pravni fakultet (Vidi vi\u0161e)<\/span><\/div><div id=\"elementor-tab-content-3661\" class=\"eael-accordion-content clearfix\" data-tab=\"1\" aria-labelledby=\"informacija-o-dodeli-diploma-na-univerzitetu-mb-poslovni-i-pravni-pravni-fakultet-vidi-vie\"><p>Povodom zavr\u0161etka \u0161kolovanja Osnovnih i Master akademskih studija studenata na studijskim programima Poslovni menad\u017ement, Pravo, Ekonomija, Informacione tehnologije, Menad\u017ement u bezbednosti dana 27.01.2025. godine u Mladenovcu, Kralja Petra I, broj 372 u 10:00 \u010dasova bi\u0107e organizovana sve\u010dana dodela diploma. Pozivaju se svi studenti koji su na spisku za dodelu diploma da do\u0111u i preuzmu diplome a stalno zaposleni, roditelji, prijatelji i predstavnici medija da svojim prisustvom uveli\u010daju sve\u010danu dodelu diploma.<\/p><p>Savet i menad\u017ement Univerziteta MB<\/p><\/div>\n\t\t\t\t\t<\/div><\/div>\t\t\t\t<\/div>\n\t\t\t\t<\/div>\n\t\t\t\t<div class=\"elementor-element elementor-element-3731e8c exad-sticky-section-no exad-glass-effect-no elementor-widget elementor-widget-eael-adv-accordion\" data-id=\"3731e8c\" data-element_type=\"widget\" data-e-type=\"widget\" data-widget_type=\"eael-adv-accordion.default\">\n\t\t\t\t<div class=\"elementor-widget-container\">\n\t\t\t\t\t            <div class=\"eael-adv-accordion\" id=\"eael-adv-accordion-3731e8c\" data-scroll-on-click=\"no\" data-scroll-speed=\"300\" data-accordion-id=\"3731e8c\" data-accordion-type=\"accordion\" data-toogle-speed=\"300\">\n            <div class=\"eael-accordion-list\">\n\t\t\t\t\t<div id=\"praznino-odsustvo-i-realizacija-nastave-od-30122024-godine-do-14012025-godine-vidi-vie\" class=\"elementor-tab-title eael-accordion-header\" tabindex=\"0\" data-tab=\"1\" aria-controls=\"elementor-tab-content-5781\"><span class=\"eael-accordion-tab-title\">Prazni\u010dno odsustvo i realizacija nastave od 30.12.2024. godine do 14.01.2025. godine. (Vidi vi\u0161e)<\/span><\/div><div id=\"elementor-tab-content-5781\" class=\"eael-accordion-content clearfix\" data-tab=\"1\" aria-labelledby=\"praznino-odsustvo-i-realizacija-nastave-od-30122024-godine-do-14012025-godine-vidi-vie\"><p style=\"font-weight: 400\">Na osnovu Kalendara aktivnosti za akademsku 2024\/2025. godinu obave\u0161tavaju se studenti, nastavnici, saradnici u nastavi i stalno zaposleni na Univerzitetu MB da je Senat Univerziteta na predlog NNV PPF, NUV AKS Univerziteta i vlasnika doneo slede\u0107u odluku:<\/p><ol style=\"font-weight: 400\"><li><strong>Nastavu u zimskom semestru realizovati do petka 27.12.2024. godine.<\/strong><\/li><li>Prazni\u010dno odsustvo i odmor stalno zaposlenih i studenata po Kalendaru aktivnosti na Univerzitetu MB je od 30.12.2024. godine do 14.01.2025. godine.\u00a0\u00a0<\/li><li>Nadoknadu nastave\u00a0<strong>realizovati po potrebi\u00a0<\/strong>od\u00a0 srede 15.01.2025. godine do srede 22.01.2025. godine (planira prodekan za nastavu na predlog nastavnika i studenata). Nastavnici \u0107e individualno i PO POTREBI planirati nadoknadu izgubljene nastave (na PPF i AKS Univerziteta MB), realizaciju II kolokvijuma (popravku istog) i odbranu seminarskih radova. Iste evidentirati u Knjige evidencije nastave.<\/li><li>Januarski ispitni rok planirati po Kalendaru aktivnosti od 23.01.2025. godine do 15.02.2025. godine.<\/li><li><strong>Letnji semestar akademske 2024\/2025. godine otpo\u010deti po Kalendaru aktivnosti u ponedeljak 17.02.2025. godine.<\/strong><\/li><\/ol><p style=\"font-weight: 400\"><em>\u00a0\u00a0\u00a0\u00a0<\/em><\/p><p style=\"font-weight: 400\"><em>\u00a0Savet Univerziteta, Menad\u017ement Univerziteta MB<\/em><\/p><\/div>\n\t\t\t\t\t<\/div><\/div>\t\t\t\t<\/div>\n\t\t\t\t<\/div>\n\t\t\t\t\t<\/div>\n\t\t<\/div>\n\t\t\t\t\t<\/div>\n\t\t<\/section>\n\t\t\t\t<section class=\"elementor-section elementor-top-section elementor-element elementor-element-e19d598 elementor-section-boxed elementor-section-height-default elementor-section-height-default exad-glass-effect-no exad-sticky-section-no\" data-id=\"e19d598\" data-element_type=\"section\" data-e-type=\"section\">\n\t\t\t\t\t\t<div class=\"elementor-container elementor-column-gap-default\">\n\t\t\t\t\t<div class=\"elementor-column elementor-col-100 elementor-top-column elementor-element elementor-element-a1a9d5b exad-glass-effect-no exad-sticky-section-no\" data-id=\"a1a9d5b\" data-element_type=\"column\" data-e-type=\"column\">\n\t\t\t<div class=\"elementor-widget-wrap elementor-element-populated\">\n\t\t\t\t\t\t<div class=\"elementor-element elementor-element-b2cd7d5 exad-sticky-section-no exad-glass-effect-no elementor-widget elementor-widget-eael-adv-accordion\" data-id=\"b2cd7d5\" data-element_type=\"widget\" data-e-type=\"widget\" data-widget_type=\"eael-adv-accordion.default\">\n\t\t\t\t<div class=\"elementor-widget-container\">\n\t\t\t\t\t            <div class=\"eael-adv-accordion\" id=\"eael-adv-accordion-b2cd7d5\" data-scroll-on-click=\"no\" data-scroll-speed=\"300\" data-accordion-id=\"b2cd7d5\" data-accordion-type=\"accordion\" data-toogle-speed=\"300\">\n            <div class=\"eael-accordion-list\">\n\t\t\t\t\t<div id=\"na-tv-ars-medija-je-gostovao-predsednik-saveta-univerziteta-mb-profesor-dr-duan-regodi-vidi-vie\" class=\"elementor-tab-title eael-accordion-header\" tabindex=\"0\" data-tab=\"1\" aria-controls=\"elementor-tab-content-1871\"><span class=\"eael-accordion-tab-title\">Na TV  ARS Medija je gostovao predsednik Saveta Univerziteta ,,MB\" profesor dr Du\u0161an Regodi\u0107. (Vidi vi\u0161e)<\/span><\/div><div id=\"elementor-tab-content-1871\" class=\"eael-accordion-content clearfix\" data-tab=\"1\" aria-labelledby=\"na-tv-ars-medija-je-gostovao-predsednik-saveta-univerziteta-mb-profesor-dr-duan-regodi-vidi-vie\"><div>Profesor Regodi\u0107 je obavio intervju na temu sada\u0161njeg trenutka i budu\u0107eg strategijskog razvoja Univerziteta MB. Intervju sa novinarom MSc \u017deljkom Savi\u0107em mo\u017eete videti na linku ispod.<\/div><div><a href=\"https:\/\/arsmedija.rs\/intervju-sa-predsednikom-saveta-univerziteta-mb-profesorom-emeritusom-dr-dusanom-regodicem-dipl-inz\/\" target=\"_blank\" rel=\"noopener\">https:\/\/arsmedija.rs\/intervju-sa-predsednikom-saveta-univerziteta-mb-profesorom-emeritusom-dr-dusanom-regodicem-dipl-inz\/<\/a><\/div><div>\u00a0<\/div><div><a href=\"https:\/\/arsmedija.rs\/intervju-sa-predsednikom-saveta-univerziteta-mb-profesorom-emeritusom-dr-dusanom-regodicem-dipl-inz\/\" target=\"_blank\" rel=\"noopener\"><img loading=\"lazy\" decoding=\"async\" class=\"aligncenter wp-image-17520 size-full\" src=\"https:\/\/mbuniverzitet.edu.rs\/wp-content\/uploads\/2025\/01\/Intervju_Sl1.jpg\" alt=\"\" width=\"282\" height=\"177\" srcset=\"https:\/\/mbuniverzitet.edu.rs\/wp-content\/uploads\/2025\/01\/Intervju_Sl1.jpg 282w, https:\/\/mbuniverzitet.edu.rs\/wp-content\/uploads\/2025\/01\/Intervju_Sl1-18x12.jpg 18w\" sizes=\"(max-width: 282px) 100vw, 282px\" \/><\/a><\/div><div>\u00a0<\/div><\/div>\n\t\t\t\t\t<\/div><\/div>\t\t\t\t<\/div>\n\t\t\t\t<\/div>\n\t\t\t\t<div class=\"elementor-element elementor-element-9fe3c7e exad-sticky-section-no exad-glass-effect-no elementor-widget elementor-widget-eael-adv-accordion\" data-id=\"9fe3c7e\" data-element_type=\"widget\" data-e-type=\"widget\" data-widget_type=\"eael-adv-accordion.default\">\n\t\t\t\t<div class=\"elementor-widget-container\">\n\t\t\t\t\t            <div class=\"eael-adv-accordion\" id=\"eael-adv-accordion-9fe3c7e\" data-scroll-on-click=\"no\" data-scroll-speed=\"300\" data-accordion-id=\"9fe3c7e\" data-accordion-type=\"accordion\" data-toogle-speed=\"300\">\n            <div class=\"eael-accordion-list\">\n\t\t\t\t\t<div id=\"prijem-dece-stalno-zaposlenih-i-podela-paketia-povodom-novogodinjih-praznika-vidi-vie\" class=\"elementor-tab-title eael-accordion-header\" tabindex=\"0\" data-tab=\"1\" aria-controls=\"elementor-tab-content-1671\"><span class=\"eael-accordion-tab-title\">Prijem dece stalno zaposlenih i podela paketi\u0107a povodom Novogodi\u0161njih praznika. (Vidi vi\u0161e)<\/span><\/div><div id=\"elementor-tab-content-1671\" class=\"eael-accordion-content clearfix\" data-tab=\"1\" aria-labelledby=\"prijem-dece-stalno-zaposlenih-i-podela-paketia-povodom-novogodinjih-praznika-vidi-vie\"><p>Dana 26.12.2024. godine u 10.00 \u010dasova kao i svih prethodnih godina, vlasnici Univerziteta MB\u00a0 su organizovali\u00a0 sve\u010danu dodelu Novogodi\u0161njih paketi\u0107a za decu stalno zaposlenih.<\/p><p><a href=\"https:\/\/mbuniverzitet.edu.rs\/wp-content\/uploads\/2024\/12\/NG-24-25-sl1.jpg\"><img loading=\"lazy\" decoding=\"async\" class=\"aligncenter size-medium wp-image-17503\" src=\"https:\/\/mbuniverzitet.edu.rs\/wp-content\/uploads\/2024\/12\/NG-24-25-sl1-200x300.jpg\" alt=\"\" width=\"200\" height=\"300\" srcset=\"https:\/\/mbuniverzitet.edu.rs\/wp-content\/uploads\/2024\/12\/NG-24-25-sl1-200x300.jpg 200w, https:\/\/mbuniverzitet.edu.rs\/wp-content\/uploads\/2024\/12\/NG-24-25-sl1-683x1024.jpg 683w, https:\/\/mbuniverzitet.edu.rs\/wp-content\/uploads\/2024\/12\/NG-24-25-sl1-768x1152.jpg 768w, https:\/\/mbuniverzitet.edu.rs\/wp-content\/uploads\/2024\/12\/NG-24-25-sl1-8x12.jpg 8w, https:\/\/mbuniverzitet.edu.rs\/wp-content\/uploads\/2024\/12\/NG-24-25-sl1.jpg 800w\" sizes=\"(max-width: 200px) 100vw, 200px\" \/><\/a><\/p><p><a href=\"https:\/\/mbuniverzitet.edu.rs\/wp-content\/uploads\/2024\/12\/NG-24-25-sl3.jpg\"><img loading=\"lazy\" decoding=\"async\" class=\"aligncenter size-medium wp-image-17502\" src=\"https:\/\/mbuniverzitet.edu.rs\/wp-content\/uploads\/2024\/12\/NG-24-25-sl3-200x300.jpg\" alt=\"\" width=\"200\" height=\"300\" srcset=\"https:\/\/mbuniverzitet.edu.rs\/wp-content\/uploads\/2024\/12\/NG-24-25-sl3-200x300.jpg 200w, https:\/\/mbuniverzitet.edu.rs\/wp-content\/uploads\/2024\/12\/NG-24-25-sl3-683x1024.jpg 683w, https:\/\/mbuniverzitet.edu.rs\/wp-content\/uploads\/2024\/12\/NG-24-25-sl3-768x1152.jpg 768w, https:\/\/mbuniverzitet.edu.rs\/wp-content\/uploads\/2024\/12\/NG-24-25-sl3-8x12.jpg 8w, https:\/\/mbuniverzitet.edu.rs\/wp-content\/uploads\/2024\/12\/NG-24-25-sl3.jpg 800w\" sizes=\"(max-width: 200px) 100vw, 200px\" \/><\/a><\/p><p><a href=\"https:\/\/mbuniverzitet.edu.rs\/wp-content\/uploads\/2024\/12\/NG-deda-mraz-24-25.jpg\"><img loading=\"lazy\" decoding=\"async\" class=\"aligncenter size-medium wp-image-17491\" src=\"https:\/\/mbuniverzitet.edu.rs\/wp-content\/uploads\/2024\/12\/NG-deda-mraz-24-25-139x300.jpg\" alt=\"\" width=\"139\" height=\"300\" srcset=\"https:\/\/mbuniverzitet.edu.rs\/wp-content\/uploads\/2024\/12\/NG-deda-mraz-24-25-139x300.jpg 139w, https:\/\/mbuniverzitet.edu.rs\/wp-content\/uploads\/2024\/12\/NG-deda-mraz-24-25-473x1024.jpg 473w, https:\/\/mbuniverzitet.edu.rs\/wp-content\/uploads\/2024\/12\/NG-deda-mraz-24-25-709x1536.jpg 709w, https:\/\/mbuniverzitet.edu.rs\/wp-content\/uploads\/2024\/12\/NG-deda-mraz-24-25-6x12.jpg 6w, https:\/\/mbuniverzitet.edu.rs\/wp-content\/uploads\/2024\/12\/NG-deda-mraz-24-25.jpg 739w\" sizes=\"(max-width: 139px) 100vw, 139px\" \/><\/a><\/p><p>Sve\u010danost za na\u0161e najmla\u0111e je organizovana u ulici Teodora Drajzera 27\u00a0 u Beogradu. U zimskom ambijentu oko objekta, dekorisanom prostoru u zgradi Univerziteta MB, Deda mraz je podelio paketi\u0107e.<\/p><p><a href=\"https:\/\/mbuniverzitet.edu.rs\/wp-content\/uploads\/2024\/12\/NG-24-25-sl2.jpg\"><img loading=\"lazy\" decoding=\"async\" class=\"aligncenter size-medium wp-image-17504\" src=\"https:\/\/mbuniverzitet.edu.rs\/wp-content\/uploads\/2024\/12\/NG-24-25-sl2-200x300.jpg\" alt=\"\" width=\"200\" height=\"300\" srcset=\"https:\/\/mbuniverzitet.edu.rs\/wp-content\/uploads\/2024\/12\/NG-24-25-sl2-200x300.jpg 200w, https:\/\/mbuniverzitet.edu.rs\/wp-content\/uploads\/2024\/12\/NG-24-25-sl2-683x1024.jpg 683w, https:\/\/mbuniverzitet.edu.rs\/wp-content\/uploads\/2024\/12\/NG-24-25-sl2-768x1152.jpg 768w, https:\/\/mbuniverzitet.edu.rs\/wp-content\/uploads\/2024\/12\/NG-24-25-sl2-8x12.jpg 8w, https:\/\/mbuniverzitet.edu.rs\/wp-content\/uploads\/2024\/12\/NG-24-25-sl2.jpg 800w\" sizes=\"(max-width: 200px) 100vw, 200px\" \/><\/a><\/p><p>Vlasnici Univerziteta su kao i svake godine priredili bogat \u00a0kulturno umetni\u010dki program i zakusku za prisutne.<\/p><p><div style=\"width: 1200px;\" class=\"wp-video\"><video class=\"wp-video-shortcode\" id=\"video-7582-3\" width=\"1200\" height=\"675\" preload=\"metadata\" controls=\"controls\"><source type=\"video\/mp4\" src=\"https:\/\/mbuniverzitet.edu.rs\/wp-content\/uploads\/2024\/12\/NG-deda-mraz-24-25.mp4?_=3\" \/><a href=\"https:\/\/mbuniverzitet.edu.rs\/wp-content\/uploads\/2024\/12\/NG-deda-mraz-24-25.mp4\">https:\/\/mbuniverzitet.edu.rs\/wp-content\/uploads\/2024\/12\/NG-deda-mraz-24-25.mp4<\/a><\/video><\/div><\/p><p>Sre\u0107no!<\/p><p>Savet, vlasnici \u00a0i menad\u017ement Univerziteta MB<\/p><\/div>\n\t\t\t\t\t<\/div><\/div>\t\t\t\t<\/div>\n\t\t\t\t<\/div>\n\t\t\t\t<div class=\"elementor-element elementor-element-81cf4ab exad-sticky-section-no exad-glass-effect-no elementor-widget elementor-widget-eael-adv-accordion\" data-id=\"81cf4ab\" data-element_type=\"widget\" data-e-type=\"widget\" data-widget_type=\"eael-adv-accordion.default\">\n\t\t\t\t<div class=\"elementor-widget-container\">\n\t\t\t\t\t            <div class=\"eael-adv-accordion\" id=\"eael-adv-accordion-81cf4ab\" data-scroll-on-click=\"no\" data-scroll-speed=\"300\" data-accordion-id=\"81cf4ab\" data-accordion-type=\"accordion\" data-toogle-speed=\"300\">\n            <div class=\"eael-accordion-list\">\n\t\t\t\t\t<div id=\"svim-studentima-stalno-zaposlenim-i-poslovnim-partnerima-univerziteta-mb-iskrene-estitke-povodom-predstojeih-novogodinjih-i-boinih-praznika\" class=\"elementor-tab-title eael-accordion-header\" tabindex=\"0\" data-tab=\"1\" aria-controls=\"elementor-tab-content-1361\"><span class=\"eael-accordion-tab-title\">Svim studentima, stalno zaposlenim i poslovnim partnerima Univerziteta MB, iskrene \u010destitke povodom predstoje\u0107ih Novogodi\u0161njih i Bo\u017ei\u0107nih praznika.<\/span><\/div><div id=\"elementor-tab-content-1361\" class=\"eael-accordion-content clearfix\" data-tab=\"1\" aria-labelledby=\"svim-studentima-stalno-zaposlenim-i-poslovnim-partnerima-univerziteta-mb-iskrene-estitke-povodom-predstojeih-novogodinjih-i-boinih-praznika\"><p><span style=\"font-size: large\"><b>Neka 2025. godina donese obilje zdravlja, sre\u0107e i poslovnih uspeha, a da zajedno nastavimo graditi mostove znanja, saradnje i inovacija.<\/b><\/span><\/p><p><span style=\"font-size: large\"><b>Hvala Vam \u0161to ste deo na\u0161e zajednice i \u0161to doprinosite rastu i razvoju obrazovanja i nauke.<\/b><\/span><\/p><p><span style=\"font-size: large\"><b>Sre\u0107ni praznici i sve najbolje!<\/b><\/span><\/p><p><a href=\"https:\/\/mbuniverzitet.edu.rs\/wp-content\/uploads\/2024\/12\/NG-cestitka-24-25.jpg\"><img loading=\"lazy\" decoding=\"async\" class=\"aligncenter wp-image-17479 size-medium\" src=\"https:\/\/mbuniverzitet.edu.rs\/wp-content\/uploads\/2024\/12\/NG-cestitka-24-25-300x300.jpg\" alt=\"\" width=\"300\" height=\"300\" srcset=\"https:\/\/mbuniverzitet.edu.rs\/wp-content\/uploads\/2024\/12\/NG-cestitka-24-25-300x300.jpg 300w, https:\/\/mbuniverzitet.edu.rs\/wp-content\/uploads\/2024\/12\/NG-cestitka-24-25-150x150.jpg 150w, https:\/\/mbuniverzitet.edu.rs\/wp-content\/uploads\/2024\/12\/NG-cestitka-24-25-768x768.jpg 768w, https:\/\/mbuniverzitet.edu.rs\/wp-content\/uploads\/2024\/12\/NG-cestitka-24-25-12x12.jpg 12w, https:\/\/mbuniverzitet.edu.rs\/wp-content\/uploads\/2024\/12\/NG-cestitka-24-25.jpg 1024w\" sizes=\"(max-width: 300px) 100vw, 300px\" \/><\/a><\/p><p><i><b>Savet, Vlasnici i Menad\u017ement Univerziteta MB<\/b><\/i><\/p><\/div>\n\t\t\t\t\t<\/div><\/div>\t\t\t\t<\/div>\n\t\t\t\t<\/div>\n\t\t\t\t<div class=\"elementor-element elementor-element-ae11be2 exad-sticky-section-no exad-glass-effect-no elementor-widget elementor-widget-eael-adv-accordion\" data-id=\"ae11be2\" data-element_type=\"widget\" data-e-type=\"widget\" data-widget_type=\"eael-adv-accordion.default\">\n\t\t\t\t<div class=\"elementor-widget-container\">\n\t\t\t\t\t            <div class=\"eael-adv-accordion\" id=\"eael-adv-accordion-ae11be2\" data-scroll-on-click=\"no\" data-scroll-speed=\"300\" data-accordion-id=\"ae11be2\" data-accordion-type=\"accordion\" data-toogle-speed=\"300\">\n            <div class=\"eael-accordion-list\">\n\t\t\t\t\t<div id=\"radovi-studenata-studijskih-programa-oas-i-mas-klasino-slikarstvo-prikazani-na-godinjoj-izlobi-radova-studenata-vidi-vie\" class=\"elementor-tab-title eael-accordion-header\" tabindex=\"0\" data-tab=\"1\" aria-controls=\"elementor-tab-content-1821\"><span class=\"eael-accordion-tab-title\">Radovi studenata studijskih programa OAS I MAS Klasi\u010dno slikarstvo prikazani na Godi\u0161njoj izlo\u017ebi radova studenata. (Vidi vi\u0161e)<\/span><\/div><div id=\"elementor-tab-content-1821\" class=\"eael-accordion-content clearfix\" data-tab=\"1\" aria-labelledby=\"radovi-studenata-studijskih-programa-oas-i-mas-klasino-slikarstvo-prikazani-na-godinjoj-izlobi-radova-studenata-vidi-vie\"><p style=\"font-weight: 400\"><a href=\"https:\/\/mbuniverzitet.edu.rs\/wp-content\/uploads\/2024\/12\/Katalog-Godisnja-izlozba-studenata-AKS-2024.pdf\" target=\"_blank\" rel=\"noopener\">Katalog &#8211; godi\u0161nja izlo\u017eba studenata AKS -2024<\/a><\/p><p style=\"font-weight: 400\">\u00a0<\/p><\/div>\n\t\t\t\t\t<\/div><\/div>\t\t\t\t<\/div>\n\t\t\t\t<\/div>\n\t\t\t\t\t<\/div>\n\t\t<\/div>\n\t\t\t\t\t<\/div>\n\t\t<\/section>\n\t\t\t\t<section class=\"elementor-section elementor-top-section elementor-element elementor-element-e346164 elementor-section-boxed elementor-section-height-default elementor-section-height-default exad-glass-effect-no exad-sticky-section-no\" data-id=\"e346164\" data-element_type=\"section\" data-e-type=\"section\">\n\t\t\t\t\t\t<div class=\"elementor-container elementor-column-gap-default\">\n\t\t\t\t\t<div class=\"elementor-column elementor-col-100 elementor-top-column elementor-element elementor-element-4b843d7 exad-glass-effect-no exad-sticky-section-no\" data-id=\"4b843d7\" data-element_type=\"column\" data-e-type=\"column\">\n\t\t\t<div class=\"elementor-widget-wrap elementor-element-populated\">\n\t\t\t\t\t\t<div class=\"elementor-element elementor-element-5e998f9 exad-sticky-section-no exad-glass-effect-no elementor-widget elementor-widget-eael-adv-accordion\" data-id=\"5e998f9\" data-element_type=\"widget\" data-e-type=\"widget\" data-widget_type=\"eael-adv-accordion.default\">\n\t\t\t\t<div class=\"elementor-widget-container\">\n\t\t\t\t\t            <div class=\"eael-adv-accordion\" id=\"eael-adv-accordion-5e998f9\" data-scroll-on-click=\"no\" data-scroll-speed=\"300\" data-accordion-id=\"5e998f9\" data-accordion-type=\"accordion\" data-toogle-speed=\"300\">\n            <div class=\"eael-accordion-list\">\n\t\t\t\t\t<div id=\"dana-11122024-godine-na-univerzitetu-mb-poslovni-i-pravni-fakultet-odrae-se-javna-tribina-na-temu-moja-ivotna-odluka-vidi-vie\" class=\"elementor-tab-title eael-accordion-header\" tabindex=\"0\" data-tab=\"1\" aria-controls=\"elementor-tab-content-9911\"><span class=\"eael-accordion-tab-title\">Dana 11.12.2024. godine na Univerzitetu MB, Poslovni i pravni fakultet  odr\u017ea\u0107e se javna tribina na temu Moja \u017divotna odluka. (Vidi vi\u0161e)<\/span><\/div><div id=\"elementor-tab-content-9911\" class=\"eael-accordion-content clearfix\" data-tab=\"1\" aria-labelledby=\"dana-11122024-godine-na-univerzitetu-mb-poslovni-i-pravni-fakultet-odrae-se-javna-tribina-na-temu-moja-ivotna-odluka-vidi-vie\"><p style=\"font-weight: 400\">Tribina \u0107e se odr\u017eati na Univerzitetu MB, poslovni i pravni fakultet, Teodora Drajzera 27, \u00a0Amfiteatar broj 4 sa po\u010detkom u 16.00.<\/p><p style=\"font-weight: 400\">Svi profesori i studenti studijskog programa OAS, MAS i DAS Pravo su obavezni da prisustvuju navedenoj tribini. Po\u017eeljno je prisustvo i svih zainteresovanih studenata i profesora sa drugih studisjkih programa.<\/p><p style=\"font-weight: 400\"><strong>Moderator na tribini \u0107e biti sudija okru\u017enog suda Ivanovi\u0107 Sne\u017eana.<\/strong><\/p><p style=\"font-weight: 400\"><strong>Panelisti na tribini su:<\/strong><\/p><ol><li style=\"font-weight: 400\">Be\u0161evi\u0107 Gaji\u0107 Branka-re\u017eiser filma<\/li><li style=\"font-weight: 400\">Bukva Sanja-sudija drugog osnovnog suda<\/li><li style=\"font-weight: 400\">Adamovi\u0107 Vesna-sudija apelaciojalnog prekr\u0161ajnog suda<\/li><li style=\"font-weight: 400\">Milanovi\u0107 Biljana-osnovno javno tu\u017eila\u0161tva<\/li><li style=\"font-weight: 400\">Predstavnik MUP-a Republike Srbija<\/li><li style=\"font-weight: 400\">Miladinovi\u0107 Bogavac \u017divanka-Poslovni i pravni fakultet<\/li><li style=\"font-weight: 400\">Stojanovi\u0107 Vesna-sigurna ku\u0107a.<\/li><\/ol><p style=\"font-weight: 400\">Savet Univerziteta MB<\/p><p style=\"font-weight: 400\"><span style=\"text-decoration: underline\"><a href=\"https:\/\/mbuniverzitet.edu.rs\/wp-content\/uploads\/2024\/12\/Tribina-Zivanka.jpg\" target=\"_blank\" rel=\"noopener\"><strong>Vidi informaciju.<\/strong><\/a><\/span><\/p><\/div>\n\t\t\t\t\t<\/div><\/div>\t\t\t\t<\/div>\n\t\t\t\t<\/div>\n\t\t\t\t\t<\/div>\n\t\t<\/div>\n\t\t\t\t\t<\/div>\n\t\t<\/section>\n\t\t\t\t<section class=\"elementor-section elementor-top-section elementor-element elementor-element-93ec3ae elementor-section-boxed elementor-section-height-default elementor-section-height-default exad-glass-effect-no exad-sticky-section-no\" data-id=\"93ec3ae\" data-element_type=\"section\" data-e-type=\"section\">\n\t\t\t\t\t\t<div class=\"elementor-container elementor-column-gap-default\">\n\t\t\t\t\t<div class=\"elementor-column elementor-col-100 elementor-top-column elementor-element elementor-element-446fb7c exad-glass-effect-no exad-sticky-section-no\" data-id=\"446fb7c\" data-element_type=\"column\" data-e-type=\"column\">\n\t\t\t<div class=\"elementor-widget-wrap elementor-element-populated\">\n\t\t\t\t\t\t<div class=\"elementor-element elementor-element-e401b5c exad-sticky-section-no exad-glass-effect-no elementor-widget elementor-widget-eael-adv-accordion\" data-id=\"e401b5c\" data-element_type=\"widget\" data-e-type=\"widget\" data-widget_type=\"eael-adv-accordion.default\">\n\t\t\t\t<div class=\"elementor-widget-container\">\n\t\t\t\t\t            <div class=\"eael-adv-accordion\" id=\"eael-adv-accordion-e401b5c\" data-scroll-on-click=\"no\" data-scroll-speed=\"300\" data-accordion-id=\"e401b5c\" data-accordion-type=\"accordion\" data-toogle-speed=\"300\">\n            <div class=\"eael-accordion-list\">\n\t\t\t\t\t<div id=\"promocija-novih-knjiga-profesora-univerziteta-mb-vidi-vie\" class=\"elementor-tab-title eael-accordion-header\" tabindex=\"0\" data-tab=\"1\" aria-controls=\"elementor-tab-content-2391\"><span class=\"eael-accordion-tab-title\">Promocija novih knjiga profesora Univerziteta MB. (Vidi vi\u0161e)<\/span><\/div><div id=\"elementor-tab-content-2391\" class=\"eael-accordion-content clearfix\" data-tab=\"1\" aria-labelledby=\"promocija-novih-knjiga-profesora-univerziteta-mb-vidi-vie\"><p>U sredu, 04. decembra 2024. godine, u maloj sali Zadu\u017ebine Ilije Kolarca, Studentski trg br. 5, u Beogradu, u izdanju Zadu\u017ebine Andrejevi\u0107, odr\u017eana je promocija novih knjiga profesora Univerziteta MB, i to:<\/p><p>monografija prof. dr \u017divanke Miladinovi\u0107 Bogavac, \u201eZloupotreba medijskih sloboda (Abuse of media freedoms)\u201c;<\/p><p><a href=\"https:\/\/mbuniverzitet.edu.rs\/wp-content\/uploads\/2024\/12\/prof.-Zivanka-monografija.png\"><img loading=\"lazy\" decoding=\"async\" class=\"aligncenter size-medium wp-image-17384\" src=\"https:\/\/mbuniverzitet.edu.rs\/wp-content\/uploads\/2024\/12\/prof.-Zivanka-monografija-300x225.png\" alt=\"\" width=\"300\" height=\"225\" srcset=\"https:\/\/mbuniverzitet.edu.rs\/wp-content\/uploads\/2024\/12\/prof.-Zivanka-monografija-300x225.png 300w, https:\/\/mbuniverzitet.edu.rs\/wp-content\/uploads\/2024\/12\/prof.-Zivanka-monografija-16x12.png 16w, https:\/\/mbuniverzitet.edu.rs\/wp-content\/uploads\/2024\/12\/prof.-Zivanka-monografija.png 480w\" sizes=\"(max-width: 300px) 100vw, 300px\" \/><\/a><\/p><p>\u00a0<\/p><p><span>monografija prof. dr Ne\u0111\u0430 Danilovi\u0107a iz Srbije, prf. dr Aleksandra Halmia iz Hrvatske\u00a0 i prof. dr D\u017eevada Termiza iz BiH, \u201eEvaluacijska istra\u017eivanja u dru\u0161tvenim naukama\u201c, koju je sufinansiralo Ministarstvo za nauku Republike Srbije<\/span>,<\/p><p><a href=\"https:\/\/mbuniverzitet.edu.rs\/wp-content\/uploads\/2024\/12\/prof.-Nedjo-monografija.png\"><img loading=\"lazy\" decoding=\"async\" class=\"aligncenter size-medium wp-image-17383\" src=\"https:\/\/mbuniverzitet.edu.rs\/wp-content\/uploads\/2024\/12\/prof.-Nedjo-monografija-300x225.png\" alt=\"\" width=\"300\" height=\"225\" srcset=\"https:\/\/mbuniverzitet.edu.rs\/wp-content\/uploads\/2024\/12\/prof.-Nedjo-monografija-300x225.png 300w, https:\/\/mbuniverzitet.edu.rs\/wp-content\/uploads\/2024\/12\/prof.-Nedjo-monografija-16x12.png 16w, https:\/\/mbuniverzitet.edu.rs\/wp-content\/uploads\/2024\/12\/prof.-Nedjo-monografija.png 480w\" sizes=\"(max-width: 300px) 100vw, 300px\" \/><\/a><\/p><p>\u00a0<\/p><p><span>i monografija doc. dr Zoran\u010da Vasilkova, \u201eUnutra\u0161nji poslovi i bezbednost u pravu Evropske unije nakon Lisabonskog ugovora\u201c<\/span>.<\/p><p><a href=\"https:\/\/mbuniverzitet.edu.rs\/wp-content\/uploads\/2024\/12\/prof.-Zoranco-monografija.png\"><img loading=\"lazy\" decoding=\"async\" class=\"aligncenter size-medium wp-image-17370\" src=\"https:\/\/mbuniverzitet.edu.rs\/wp-content\/uploads\/2024\/12\/prof.-Zoranco-monografija-300x226.png\" alt=\"\" width=\"300\" height=\"226\" srcset=\"https:\/\/mbuniverzitet.edu.rs\/wp-content\/uploads\/2024\/12\/prof.-Zoranco-monografija-300x226.png 300w, https:\/\/mbuniverzitet.edu.rs\/wp-content\/uploads\/2024\/12\/prof.-Zoranco-monografija-16x12.png 16w, https:\/\/mbuniverzitet.edu.rs\/wp-content\/uploads\/2024\/12\/prof.-Zoranco-monografija.png 415w\" sizes=\"(max-width: 300px) 100vw, 300px\" \/><\/a><\/p><\/div>\n\t\t\t\t\t<\/div><\/div>\t\t\t\t<\/div>\n\t\t\t\t<\/div>\n\t\t\t\t\t<\/div>\n\t\t<\/div>\n\t\t\t\t\t<\/div>\n\t\t<\/section>\n\t\t\t\t<section class=\"elementor-section elementor-top-section elementor-element elementor-element-88f3052 elementor-section-boxed elementor-section-height-default elementor-section-height-default exad-glass-effect-no exad-sticky-section-no\" data-id=\"88f3052\" data-element_type=\"section\" data-e-type=\"section\">\n\t\t\t\t\t\t<div class=\"elementor-container elementor-column-gap-default\">\n\t\t\t\t\t<div class=\"elementor-column elementor-col-100 elementor-top-column elementor-element elementor-element-a311f7f exad-glass-effect-no exad-sticky-section-no\" data-id=\"a311f7f\" data-element_type=\"column\" data-e-type=\"column\">\n\t\t\t<div class=\"elementor-widget-wrap elementor-element-populated\">\n\t\t\t\t\t\t<div class=\"elementor-element elementor-element-a4eccfb exad-sticky-section-no exad-glass-effect-no elementor-widget elementor-widget-eael-adv-accordion\" data-id=\"a4eccfb\" data-element_type=\"widget\" data-e-type=\"widget\" data-widget_type=\"eael-adv-accordion.default\">\n\t\t\t\t<div class=\"elementor-widget-container\">\n\t\t\t\t\t            <div class=\"eael-adv-accordion\" id=\"eael-adv-accordion-a4eccfb\" data-scroll-on-click=\"no\" data-scroll-speed=\"300\" data-accordion-id=\"a4eccfb\" data-accordion-type=\"accordion\" data-toogle-speed=\"300\">\n            <div class=\"eael-accordion-list\">\n\t\t\t\t\t<div id=\"na-univerzitetu-mb-poslovni-i-pravni-fakultet-dana-02122024-godine-realizovana-je-javna-odbrana-doktorske-disertacije-kandidata-msc-dejana-dodia-vidi-vie\" class=\"elementor-tab-title eael-accordion-header\" tabindex=\"0\" data-tab=\"1\" aria-controls=\"elementor-tab-content-1721\"><span class=\"eael-accordion-tab-title\">Na Univerzitetu MB, Poslovni i pravni fakultet dana 02.12.2024. godine realizovana je javna odbrana doktorske disertacije kandidata MSc Dejana Dodi\u0107a. (Vidi vi\u0161e)<\/span><\/div><div id=\"elementor-tab-content-1721\" class=\"eael-accordion-content clearfix\" data-tab=\"1\" aria-labelledby=\"na-univerzitetu-mb-poslovni-i-pravni-fakultet-dana-02122024-godine-realizovana-je-javna-odbrana-doktorske-disertacije-kandidata-msc-dejana-dodia-vidi-vie\"><p style=\"font-weight: 400\">Odbrani su prisustvovali brojni gosti, profesori iz obrazovnog prostora Republike Srbije, prijatelji i \u010dlanovi porodice Disertacija je realizovana na SP DAS Napredne informacione tehnologije na temu:<br \/><strong>,,GPT-2 PARADIGMA: TRANSFERNO U\u010cENJE I ADAPTACIJA PYTORCH I TRANSFORMERS ARHITEKTURA NA PUTU KA VI\u0160EJEZI\u010cKOM SVETU,,<\/strong><\/p><p><a href=\"https:\/\/mbuniverzitet.edu.rs\/wp-content\/uploads\/2024\/12\/Obrana-dr-Dodic-sl1.jpg\"><img loading=\"lazy\" decoding=\"async\" class=\"aligncenter wp-image-17351 size-medium\" src=\"https:\/\/mbuniverzitet.edu.rs\/wp-content\/uploads\/2024\/12\/Obrana-dr-Dodic-sl1-225x300.jpg\" alt=\"\" width=\"225\" height=\"300\" srcset=\"https:\/\/mbuniverzitet.edu.rs\/wp-content\/uploads\/2024\/12\/Obrana-dr-Dodic-sl1-225x300.jpg 225w, https:\/\/mbuniverzitet.edu.rs\/wp-content\/uploads\/2024\/12\/Obrana-dr-Dodic-sl1-768x1024.jpg 768w, https:\/\/mbuniverzitet.edu.rs\/wp-content\/uploads\/2024\/12\/Obrana-dr-Dodic-sl1-1152x1536.jpg 1152w, https:\/\/mbuniverzitet.edu.rs\/wp-content\/uploads\/2024\/12\/Obrana-dr-Dodic-sl1-9x12.jpg 9w, https:\/\/mbuniverzitet.edu.rs\/wp-content\/uploads\/2024\/12\/Obrana-dr-Dodic-sl1.jpg 1350w\" sizes=\"(max-width: 225px) 100vw, 225px\" \/><\/a><\/p><p><a href=\"https:\/\/mbuniverzitet.edu.rs\/wp-content\/uploads\/2024\/12\/Obrana-dr-Dodic-sl2.jpg\"><img loading=\"lazy\" decoding=\"async\" class=\"aligncenter size-medium wp-image-17352\" src=\"https:\/\/mbuniverzitet.edu.rs\/wp-content\/uploads\/2024\/12\/Obrana-dr-Dodic-sl2-225x300.jpg\" alt=\"\" width=\"225\" height=\"300\" srcset=\"https:\/\/mbuniverzitet.edu.rs\/wp-content\/uploads\/2024\/12\/Obrana-dr-Dodic-sl2-225x300.jpg 225w, https:\/\/mbuniverzitet.edu.rs\/wp-content\/uploads\/2024\/12\/Obrana-dr-Dodic-sl2-768x1024.jpg 768w, https:\/\/mbuniverzitet.edu.rs\/wp-content\/uploads\/2024\/12\/Obrana-dr-Dodic-sl2-1152x1536.jpg 1152w, https:\/\/mbuniverzitet.edu.rs\/wp-content\/uploads\/2024\/12\/Obrana-dr-Dodic-sl2-9x12.jpg 9w, https:\/\/mbuniverzitet.edu.rs\/wp-content\/uploads\/2024\/12\/Obrana-dr-Dodic-sl2.jpg 1200w\" sizes=\"(max-width: 225px) 100vw, 225px\" \/><\/a><\/p><p style=\"font-weight: 400\">Pred komisijom:<\/p><ol><li style=\"font-weight: 400\">Redovni profesor dr Du\u0161an Regodi\u0107, dipl. in\u017e. &#8211; Mentor kandidatu<\/li><li style=\"font-weight: 400\">Redovni profesor dr Ne\u0111o Danilovi\u0107, &#8211; Predsednik komisije<\/li><li style=\"font-weight: 400\">Vanredni profesor dr Damir Jerkovi\u0107, dipl. in\u017e., &#8211; \u010clan komisije<\/li><\/ol><p><a href=\"https:\/\/mbuniverzitet.edu.rs\/wp-content\/uploads\/2024\/12\/Obrana-dr-Dodic-sl6.jpg\"><img loading=\"lazy\" decoding=\"async\" class=\"aligncenter size-medium wp-image-17356\" src=\"https:\/\/mbuniverzitet.edu.rs\/wp-content\/uploads\/2024\/12\/Obrana-dr-Dodic-sl6-225x300.jpg\" alt=\"\" width=\"225\" height=\"300\" srcset=\"https:\/\/mbuniverzitet.edu.rs\/wp-content\/uploads\/2024\/12\/Obrana-dr-Dodic-sl6-225x300.jpg 225w, https:\/\/mbuniverzitet.edu.rs\/wp-content\/uploads\/2024\/12\/Obrana-dr-Dodic-sl6-768x1024.jpg 768w, https:\/\/mbuniverzitet.edu.rs\/wp-content\/uploads\/2024\/12\/Obrana-dr-Dodic-sl6-1152x1536.jpg 1152w, https:\/\/mbuniverzitet.edu.rs\/wp-content\/uploads\/2024\/12\/Obrana-dr-Dodic-sl6-9x12.jpg 9w, https:\/\/mbuniverzitet.edu.rs\/wp-content\/uploads\/2024\/12\/Obrana-dr-Dodic-sl6.jpg 1200w\" sizes=\"(max-width: 225px) 100vw, 225px\" \/><\/a><\/p><p><a href=\"https:\/\/mbuniverzitet.edu.rs\/wp-content\/uploads\/2024\/12\/Obrana-dr-Dodic-sl5.jpg\"><img loading=\"lazy\" decoding=\"async\" class=\"aligncenter size-medium wp-image-17355\" src=\"https:\/\/mbuniverzitet.edu.rs\/wp-content\/uploads\/2024\/12\/Obrana-dr-Dodic-sl5-300x225.jpg\" alt=\"\" width=\"300\" height=\"225\" srcset=\"https:\/\/mbuniverzitet.edu.rs\/wp-content\/uploads\/2024\/12\/Obrana-dr-Dodic-sl5-300x225.jpg 300w, https:\/\/mbuniverzitet.edu.rs\/wp-content\/uploads\/2024\/12\/Obrana-dr-Dodic-sl5-1024x768.jpg 1024w, https:\/\/mbuniverzitet.edu.rs\/wp-content\/uploads\/2024\/12\/Obrana-dr-Dodic-sl5-768x576.jpg 768w, https:\/\/mbuniverzitet.edu.rs\/wp-content\/uploads\/2024\/12\/Obrana-dr-Dodic-sl5-1536x1152.jpg 1536w, https:\/\/mbuniverzitet.edu.rs\/wp-content\/uploads\/2024\/12\/Obrana-dr-Dodic-sl5-16x12.jpg 16w, https:\/\/mbuniverzitet.edu.rs\/wp-content\/uploads\/2024\/12\/Obrana-dr-Dodic-sl5.jpg 1600w\" sizes=\"(max-width: 300px) 100vw, 300px\" \/><\/a><\/p><p style=\"font-weight: 400\">Kandidat je na vrlo uverljiv na\u010din izneo ciljeve, hipoteze, sadr\u017eaj i doprinose vi\u0161egodi\u0161njeg rada na samoj disertaciji. Uz primenu ve\u0161ta\u010dke inteligencije i ma\u0161inskog u\u010denja kandidat je razvio vlastito programsko re\u0161enje za re\u0161avanje postavljenog problema i cilja istra\u017eivanja.<\/p><p><div style=\"width: 568px;\" class=\"wp-video\"><video class=\"wp-video-shortcode\" id=\"video-7582-4\" width=\"568\" height=\"320\" preload=\"metadata\" controls=\"controls\"><source type=\"video\/mp4\" src=\"https:\/\/mbuniverzitet.edu.rs\/wp-content\/uploads\/2024\/12\/Odbrana-dr-Dodic-v1.mp4?_=4\" \/><a href=\"https:\/\/mbuniverzitet.edu.rs\/wp-content\/uploads\/2024\/12\/Odbrana-dr-Dodic-v1.mp4\">https:\/\/mbuniverzitet.edu.rs\/wp-content\/uploads\/2024\/12\/Odbrana-dr-Dodic-v1.mp4<\/a><\/video><\/div><\/p><p style=\"font-weight: 400\">Nau\u010dni doprinos doktorske disertacije je u izradi\u00a0<strong>novog modela ili okvira<\/strong>\u00a0koji integri\u0161e dosada\u0161nja saznanja i predvi\u0111anja, postavljaju\u0107i novu paradigmu za tuma\u010denje i primenu vi\u0161ejezi\u010dkih jezi\u010dkih modela u praksi.<\/p><p style=\"font-weight: 400\">Komisija je pokazala svoje zadovoljstvo i pozitivno ocenila pisani deo disertacije i usmenu javnu odbranu. Komisija je donela Odluku da predlo\u017ei Senatu Univerziteta MB o dodeli diplome doktora nauka\u00a0 iz oblasti Informacionih tehnologija.<\/p><p><div style=\"width: 568px;\" class=\"wp-video\"><video class=\"wp-video-shortcode\" id=\"video-7582-5\" width=\"568\" height=\"320\" preload=\"metadata\" controls=\"controls\"><source type=\"video\/mp4\" src=\"https:\/\/mbuniverzitet.edu.rs\/wp-content\/uploads\/2024\/12\/Odbrana-dr-Dodic-v2.mp4?_=5\" \/><a href=\"https:\/\/mbuniverzitet.edu.rs\/wp-content\/uploads\/2024\/12\/Odbrana-dr-Dodic-v2.mp4\">https:\/\/mbuniverzitet.edu.rs\/wp-content\/uploads\/2024\/12\/Odbrana-dr-Dodic-v2.mp4<\/a><\/video><\/div><\/p><p><a href=\"https:\/\/mbuniverzitet.edu.rs\/wp-content\/uploads\/2024\/12\/Obrana-dr-Dodic-sl7.jpg\"><img loading=\"lazy\" decoding=\"async\" class=\"aligncenter size-medium wp-image-17357\" src=\"https:\/\/mbuniverzitet.edu.rs\/wp-content\/uploads\/2024\/12\/Obrana-dr-Dodic-sl7-300x300.jpg\" alt=\"\" width=\"300\" height=\"300\" srcset=\"https:\/\/mbuniverzitet.edu.rs\/wp-content\/uploads\/2024\/12\/Obrana-dr-Dodic-sl7-300x300.jpg 300w, https:\/\/mbuniverzitet.edu.rs\/wp-content\/uploads\/2024\/12\/Obrana-dr-Dodic-sl7-1024x1024.jpg 1024w, https:\/\/mbuniverzitet.edu.rs\/wp-content\/uploads\/2024\/12\/Obrana-dr-Dodic-sl7-150x150.jpg 150w, https:\/\/mbuniverzitet.edu.rs\/wp-content\/uploads\/2024\/12\/Obrana-dr-Dodic-sl7-768x768.jpg 768w, https:\/\/mbuniverzitet.edu.rs\/wp-content\/uploads\/2024\/12\/Obrana-dr-Dodic-sl7-1536x1536.jpg 1536w, https:\/\/mbuniverzitet.edu.rs\/wp-content\/uploads\/2024\/12\/Obrana-dr-Dodic-sl7-12x12.jpg 12w, https:\/\/mbuniverzitet.edu.rs\/wp-content\/uploads\/2024\/12\/Obrana-dr-Dodic-sl7.jpg 1600w\" sizes=\"(max-width: 300px) 100vw, 300px\" \/><\/a><\/p><p style=\"font-weight: 400\">Menad\u017ement Univerziteta MB<\/p><\/div>\n\t\t\t\t\t<\/div><\/div>\t\t\t\t<\/div>\n\t\t\t\t<\/div>\n\t\t\t\t\t<\/div>\n\t\t<\/div>\n\t\t\t\t\t<\/div>\n\t\t<\/section>\n\t\t\t\t<section class=\"elementor-section elementor-top-section elementor-element elementor-element-8db6949 elementor-section-boxed elementor-section-height-default elementor-section-height-default exad-glass-effect-no exad-sticky-section-no\" data-id=\"8db6949\" data-element_type=\"section\" data-e-type=\"section\">\n\t\t\t\t\t\t<div class=\"elementor-container elementor-column-gap-default\">\n\t\t\t\t\t<div class=\"elementor-column elementor-col-100 elementor-top-column elementor-element elementor-element-4b9b005 exad-glass-effect-no exad-sticky-section-no\" data-id=\"4b9b005\" data-element_type=\"column\" data-e-type=\"column\">\n\t\t\t<div class=\"elementor-widget-wrap elementor-element-populated\">\n\t\t\t\t\t\t<div class=\"elementor-element elementor-element-2896bf9 exad-sticky-section-no exad-glass-effect-no elementor-widget elementor-widget-eael-adv-accordion\" data-id=\"2896bf9\" data-element_type=\"widget\" data-e-type=\"widget\" data-widget_type=\"eael-adv-accordion.default\">\n\t\t\t\t<div class=\"elementor-widget-container\">\n\t\t\t\t\t            <div class=\"eael-adv-accordion\" id=\"eael-adv-accordion-2896bf9\" data-scroll-on-click=\"no\" data-scroll-speed=\"300\" data-accordion-id=\"2896bf9\" data-accordion-type=\"accordion\" data-toogle-speed=\"300\">\n            <div class=\"eael-accordion-list\">\n\t\t\t\t\t<div id=\"obavetenje-o-odbrani-doktorske-disertacije-kandidata-msc-dodi-dejana-vidi-vie\" class=\"elementor-tab-title eael-accordion-header\" tabindex=\"0\" data-tab=\"1\" aria-controls=\"elementor-tab-content-4251\"><span class=\"eael-accordion-tab-title\">Obave\u0161tenje o odbrani doktorske disertacije kandidata MSc Dodi\u0107 Dejana (Vidi vi\u0161e)<\/span><\/div><div id=\"elementor-tab-content-4251\" class=\"eael-accordion-content clearfix\" data-tab=\"1\" aria-labelledby=\"obavetenje-o-odbrani-doktorske-disertacije-kandidata-msc-dodi-dejana-vidi-vie\"><p style=\"font-weight: 400\">Dana \u00a002.12.2024. godine u 12.\u010dasova na Univerzitetu MB, Poslovni i pravni fakultet \u0107e se obaviti javna odbrana doktorske disertacije kandidata MSc Dodi\u0107 Dejana na temu:<\/p><p style=\"font-weight: 400\"><strong>GPT-2 PARADIGMA: TRANSFERNO U\u010cENJE I ADAPTACIJA PYTORCH I TRANSFORMERS ARHITEKTURA NA PUTU KA VI\u0160EJEZI\u010cKOM SVETU<\/strong><\/p><p style=\"font-weight: 400\"><strong>GPT-2 PARADIGM: TRANSFER LEARNING AND ADAPTATION OF PYTORCH AND TRANSFORMERS ARCHITECTURES TOWARDS A MULTILINGUAL WORLD.<\/strong><\/p><p style=\"font-weight: 400\">Pred komisijom:<\/p><ol><li style=\"font-weight: 400\">Redovni profesor dr Du\u0161an Regodi\u0107, dipl in\u017e. &#8211; Mentor kandidatu<\/li><li style=\"font-weight: 400\">Redovni profesor dr Ne\u0111o Danilovi\u0107 &#8211; Predsednik komisije za odbranu disertacije<\/li><li style=\"font-weight: 400\">Vanredni profesor dr Damir Jerkovi\u0107, dipl in\u017e. &#8211; \u010clan komisije.<\/li><\/ol><p style=\"font-weight: 400\">\u00a0<\/p><p style=\"font-weight: 400\">Mesto odbrane: Zgrada Univerziteta MB, Amfiteatar broj 4, Teodora Drajzera 27.<\/p><p style=\"font-weight: 400\">Pozivaju se svi zainteresovani da prisustvuju odbrani doktorske disertacije.\u00a0<\/p><\/div>\n\t\t\t\t\t<\/div><\/div>\t\t\t\t<\/div>\n\t\t\t\t<\/div>\n\t\t\t\t<div class=\"elementor-element elementor-element-f43128d exad-sticky-section-no exad-glass-effect-no elementor-widget elementor-widget-eael-adv-accordion\" data-id=\"f43128d\" data-element_type=\"widget\" data-e-type=\"widget\" data-widget_type=\"eael-adv-accordion.default\">\n\t\t\t\t<div class=\"elementor-widget-container\">\n\t\t\t\t\t            <div class=\"eael-adv-accordion\" id=\"eael-adv-accordion-f43128d\" data-scroll-on-click=\"no\" data-scroll-speed=\"300\" data-accordion-id=\"f43128d\" data-accordion-type=\"accordion\" data-toogle-speed=\"300\">\n            <div class=\"eael-accordion-list\">\n\t\t\t\t\t<div id=\"obavetenje-o-danu-primirja-11112024-godine-vidi-vie\" class=\"elementor-tab-title eael-accordion-header\" tabindex=\"0\" data-tab=\"1\" aria-controls=\"elementor-tab-content-2561\"><span class=\"eael-accordion-tab-title\">Obave\u0161tenje o Danu primirja  11.11.2024. godine. (Vidi vi\u0161e)<\/span><\/div><div id=\"elementor-tab-content-2561\" class=\"eael-accordion-content clearfix\" data-tab=\"1\" aria-labelledby=\"obavetenje-o-danu-primirja-11112024-godine-vidi-vie\"><p>Prema akademskom kalendaru za akademsku 2024\/2025. godinu u ponedeljak 11. novembra 2024. godine je neradni dan. Tog dana se u Republici Srbiji obele\u017eava Dan primirja. Tog dana je kapitulirala Nema\u010dka u Prvom svetskom ratu.<\/p><p>Prema Zakonu o dr\u017eavnim i drugim praznicima dr\u017eavni praznik Dan primirja u Prvom svetskom ratu praznuje se neradno 11. novembra, \u0161to ove godine pada u ponedeljak.<\/p><p>Dan primirja obele\u017eava se i u zemljama \u010dija je sudbina 11.11.1918. godine u 11 sati bila na stolu specijalnog vagona mar\u0161ala Ferdinanda Fo\u0161a u gradu Kompjenju u Francuskoj, kada su sile Antante potpisale primirje sa Nema\u010dkom i time okon\u010dale Prvi svetski rat.\u00a0<\/p><p>Versajskim mirom, potpisanim 28. juna 1919. godine i zvani\u010dno je okon\u010dan jedan od najkrvavijih ratova u svetskoj istoriji. Kao Centralne sile borile su se Nema\u010dka i Austrougarska, a na drugoj strani, sile Antante \u2013 Rusija, Francuska i Velika Britanija.<\/p><p>Sva predavanja, ve\u017ebe i konsultacije predvi\u0111ene rasporedom za ponedeljak se ne\u0107e realizovati.<\/p><p><strong>Savet Univerziteta ,,MB\u201c<\/strong><\/p><p><a href=\"https:\/\/mbuniverzitet.edu.rs\/wp-content\/uploads\/2024\/11\/UMB-Radni-kalendar-2024_2025.pdf\" target=\"_blank\" rel=\"noopener\"><strong>Prilog:\u00a0<\/strong>Radni kalendar 2024\/2025.<\/a><\/p><\/div>\n\t\t\t\t\t<\/div><\/div>\t\t\t\t<\/div>\n\t\t\t\t<\/div>\n\t\t\t\t<div class=\"elementor-element elementor-element-58a2833 exad-sticky-section-no exad-glass-effect-no elementor-widget elementor-widget-eael-adv-accordion\" data-id=\"58a2833\" data-element_type=\"widget\" data-e-type=\"widget\" data-widget_type=\"eael-adv-accordion.default\">\n\t\t\t\t<div class=\"elementor-widget-container\">\n\t\t\t\t\t            <div class=\"eael-adv-accordion\" id=\"eael-adv-accordion-58a2833\" data-scroll-on-click=\"no\" data-scroll-speed=\"300\" data-accordion-id=\"58a2833\" data-accordion-type=\"accordion\" data-toogle-speed=\"300\">\n            <div class=\"eael-accordion-list\">\n\t\t\t\t\t<div id=\"obavetavamo-da-je-na-dananjoj-sednici-nacionalnog-tela-za-akreditaciju-i-obezbeenje-kvaliteta-u-visokom-obrazovanju-nat-na-predlog-recenzentske-komisije-po-prvi-put-akreditovan-studijski-program-osnovnih-akademskih-studija-oas-menadment-u-sportu-mus-studijski-program-traje-4-godine-vrednovan-je-sa-240-espb-posle-zavretka-studija-studenti-dobijaju-zvanje-diplomirani-menader-u-sportu-konkurs-za-upis-u-1-godinu-studija-u-202425-godini-je-otvoren-i-traje-vidi-vie\" class=\"elementor-tab-title eael-accordion-header\" tabindex=\"0\" data-tab=\"1\" aria-controls=\"elementor-tab-content-9291\"><span class=\"eael-accordion-tab-title\">Obave\u0161tavamo da je na dana\u0161njoj sednici Nacionalnog tela za akreditaciju i obezbe\u0111enje kvaliteta u visokom obrazovanju (NAT) na predlog recenzentske komisije po prvi put akreditovan studijski program Osnovnih akademskih studija (OAS) Menad\u017ement u sportu (MUS). Studijski program traje 4 godine, vrednovan je sa 240 ESPB. Posle zavr\u0161etka studija studenti dobijaju zvanje ,,Diplomirani menad\u017eer u sportu\". Konkurs za upis u 1. godinu studija u 2024\/25. godini je otvoren i traje. (Vidi vi\u0161e)<\/span><\/div><div id=\"elementor-tab-content-9291\" class=\"eael-accordion-content clearfix\" data-tab=\"1\" aria-labelledby=\"obavetavamo-da-je-na-dananjoj-sednici-nacionalnog-tela-za-akreditaciju-i-obezbeenje-kvaliteta-u-visokom-obrazovanju-nat-na-predlog-recenzentske-komisije-po-prvi-put-akreditovan-studijski-program-osnovnih-akademskih-studija-oas-menadment-u-sportu-mus-studijski-program-traje-4-godine-vrednovan-je-sa-240-espb-posle-zavretka-studija-studenti-dobijaju-zvanje-diplomirani-menader-u-sportu-konkurs-za-upis-u-1-godinu-studija-u-202425-godini-je-otvoren-i-traje-vidi-vie\"><p><a href=\"https:\/\/mbuniverzitet.edu.rs\/wp-content\/uploads\/2024\/11\/MUS-prilog.pdf\" target=\"_blank\" rel=\"noopener\">Menad\u017ement u sportu &#8211; prilog<\/a><\/p><p><a href=\"https:\/\/mbuniverzitet.edu.rs\/menadzment-u-sportu-od-skolske-2024-2025-godine\/\" target=\"_blank\" rel=\"noopener\">Menad\u017ement u sportu od \u0161kolske 2024\/2025. godine &#8211; Univerzitet MB<\/a><\/p><p><a href=\"https:\/\/mbuniverzitet.edu.rs\/wp-content\/uploads\/2024\/05\/PPF_Konkurs-za-upis_2024-2025.pdf\" target=\"_blank\" rel=\"noopener\">Konkurs za upis studenata na prvu godinu studija u 2024\/2025. godini.<\/a><\/p><\/div>\n\t\t\t\t\t<\/div><\/div>\t\t\t\t<\/div>\n\t\t\t\t<\/div>\n\t\t\t\t<div class=\"elementor-element elementor-element-ff09619 exad-sticky-section-no exad-glass-effect-no elementor-widget elementor-widget-eael-adv-accordion\" data-id=\"ff09619\" data-element_type=\"widget\" data-e-type=\"widget\" data-widget_type=\"eael-adv-accordion.default\">\n\t\t\t\t<div class=\"elementor-widget-container\">\n\t\t\t\t\t            <div class=\"eael-adv-accordion\" id=\"eael-adv-accordion-ff09619\" data-scroll-on-click=\"no\" data-scroll-speed=\"300\" data-accordion-id=\"ff09619\" data-accordion-type=\"accordion\" data-toogle-speed=\"300\">\n            <div class=\"eael-accordion-list\">\n\t\t\t\t\t<div id=\"obeleen-dan-univerziteta-mb-i-krsna-slava-porodice-bogavac-sveti-luka-vidi-vie\" class=\"elementor-tab-title eael-accordion-header\" tabindex=\"0\" data-tab=\"1\" aria-controls=\"elementor-tab-content-2671\"><span class=\"eael-accordion-tab-title\">Obele\u017een Dan Univerziteta ,,MB\u201c i krsna slava porodice Bogavac ,,Sveti Luka,,. (Vidi vi\u0161e)<\/span><\/div><div id=\"elementor-tab-content-2671\" class=\"eael-accordion-content clearfix\" data-tab=\"1\" aria-labelledby=\"obeleen-dan-univerziteta-mb-i-krsna-slava-porodice-bogavac-sveti-luka-vidi-vie\"><p>Dana 31.10.2024. godine u ulici Kralja Petra Prvog u Mladenovcu obele\u017een je dan i \u010detvrta godi\u0161njica od osnivanja Univerziteta &#8222;MB\u201c. Odr\u017ean je sastanak kolektiva, prezentirani rezultati rada iz prethodne akademske godine i izlo\u017eeni projektovani zadaci iz godi\u0161njeg plana rada za akademsku 2024\/2025. godinu.<\/p><p><a href=\"https:\/\/mbuniverzitet.edu.rs\/wp-content\/uploads\/2024\/11\/Sv-Luka-sl7.jpg\"><img loading=\"lazy\" decoding=\"async\" class=\"aligncenter size-medium wp-image-17202\" src=\"https:\/\/mbuniverzitet.edu.rs\/wp-content\/uploads\/2024\/11\/Sv-Luka-sl7-225x300.jpg\" alt=\"\" width=\"225\" height=\"300\" srcset=\"https:\/\/mbuniverzitet.edu.rs\/wp-content\/uploads\/2024\/11\/Sv-Luka-sl7-225x300.jpg 225w, https:\/\/mbuniverzitet.edu.rs\/wp-content\/uploads\/2024\/11\/Sv-Luka-sl7-768x1024.jpg 768w, https:\/\/mbuniverzitet.edu.rs\/wp-content\/uploads\/2024\/11\/Sv-Luka-sl7-1152x1536.jpg 1152w, https:\/\/mbuniverzitet.edu.rs\/wp-content\/uploads\/2024\/11\/Sv-Luka-sl7-9x12.jpg 9w, https:\/\/mbuniverzitet.edu.rs\/wp-content\/uploads\/2024\/11\/Sv-Luka-sl7.jpg 1200w\" sizes=\"(max-width: 225px) 100vw, 225px\" \/><\/a><\/p><p><a href=\"https:\/\/mbuniverzitet.edu.rs\/wp-content\/uploads\/2024\/11\/Sv-Luka-sl5.jpg\"><img loading=\"lazy\" decoding=\"async\" class=\"aligncenter wp-image-17203 size-medium\" src=\"https:\/\/mbuniverzitet.edu.rs\/wp-content\/uploads\/2024\/11\/Sv-Luka-sl5-300x169.jpg\" alt=\"\" width=\"300\" height=\"169\" srcset=\"https:\/\/mbuniverzitet.edu.rs\/wp-content\/uploads\/2024\/11\/Sv-Luka-sl5-300x169.jpg 300w, https:\/\/mbuniverzitet.edu.rs\/wp-content\/uploads\/2024\/11\/Sv-Luka-sl5-1024x578.jpg 1024w, https:\/\/mbuniverzitet.edu.rs\/wp-content\/uploads\/2024\/11\/Sv-Luka-sl5-768x433.jpg 768w, https:\/\/mbuniverzitet.edu.rs\/wp-content\/uploads\/2024\/11\/Sv-Luka-sl5-18x10.jpg 18w, https:\/\/mbuniverzitet.edu.rs\/wp-content\/uploads\/2024\/11\/Sv-Luka-sl5.jpg 1239w\" sizes=\"(max-width: 300px) 100vw, 300px\" \/><\/a><\/p><p><a href=\"https:\/\/mbuniverzitet.edu.rs\/wp-content\/uploads\/2024\/11\/Sv-Luka-sl6.jpg\"><img loading=\"lazy\" decoding=\"async\" class=\"aligncenter size-medium wp-image-17204\" src=\"https:\/\/mbuniverzitet.edu.rs\/wp-content\/uploads\/2024\/11\/Sv-Luka-sl6-157x300.jpg\" alt=\"\" width=\"157\" height=\"300\" srcset=\"https:\/\/mbuniverzitet.edu.rs\/wp-content\/uploads\/2024\/11\/Sv-Luka-sl6-157x300.jpg 157w, https:\/\/mbuniverzitet.edu.rs\/wp-content\/uploads\/2024\/11\/Sv-Luka-sl6-534x1024.jpg 534w, https:\/\/mbuniverzitet.edu.rs\/wp-content\/uploads\/2024\/11\/Sv-Luka-sl6-768x1472.jpg 768w, https:\/\/mbuniverzitet.edu.rs\/wp-content\/uploads\/2024\/11\/Sv-Luka-sl6-801x1536.jpg 801w, https:\/\/mbuniverzitet.edu.rs\/wp-content\/uploads\/2024\/11\/Sv-Luka-sl6-6x12.jpg 6w, https:\/\/mbuniverzitet.edu.rs\/wp-content\/uploads\/2024\/11\/Sv-Luka-sl6.jpg 866w\" sizes=\"(max-width: 157px) 100vw, 157px\" \/><\/a><\/p><p>\u00a0<\/p><p><a href=\"https:\/\/mbuniverzitet.edu.rs\/wp-content\/uploads\/2024\/11\/Slava-sl1.jpg\"><img loading=\"lazy\" decoding=\"async\" class=\"aligncenter size-medium wp-image-17196\" src=\"https:\/\/mbuniverzitet.edu.rs\/wp-content\/uploads\/2024\/11\/Slava-sl1-225x300.jpg\" alt=\"\" width=\"225\" height=\"300\" srcset=\"https:\/\/mbuniverzitet.edu.rs\/wp-content\/uploads\/2024\/11\/Slava-sl1-225x300.jpg 225w, https:\/\/mbuniverzitet.edu.rs\/wp-content\/uploads\/2024\/11\/Slava-sl1-768x1024.jpg 768w, https:\/\/mbuniverzitet.edu.rs\/wp-content\/uploads\/2024\/11\/Slava-sl1-1152x1536.jpg 1152w, https:\/\/mbuniverzitet.edu.rs\/wp-content\/uploads\/2024\/11\/Slava-sl1-9x12.jpg 9w, https:\/\/mbuniverzitet.edu.rs\/wp-content\/uploads\/2024\/11\/Slava-sl1.jpg 1200w\" sizes=\"(max-width: 225px) 100vw, 225px\" \/><\/a><\/p><p><a href=\"https:\/\/mbuniverzitet.edu.rs\/wp-content\/uploads\/2024\/11\/Slava-sl4.jpg\"><img loading=\"lazy\" decoding=\"async\" class=\"aligncenter size-medium wp-image-17195\" src=\"https:\/\/mbuniverzitet.edu.rs\/wp-content\/uploads\/2024\/11\/Slava-sl4-225x300.jpg\" alt=\"\" width=\"225\" height=\"300\" srcset=\"https:\/\/mbuniverzitet.edu.rs\/wp-content\/uploads\/2024\/11\/Slava-sl4-225x300.jpg 225w, https:\/\/mbuniverzitet.edu.rs\/wp-content\/uploads\/2024\/11\/Slava-sl4-768x1024.jpg 768w, https:\/\/mbuniverzitet.edu.rs\/wp-content\/uploads\/2024\/11\/Slava-sl4-1152x1536.jpg 1152w, https:\/\/mbuniverzitet.edu.rs\/wp-content\/uploads\/2024\/11\/Slava-sl4-9x12.jpg 9w, https:\/\/mbuniverzitet.edu.rs\/wp-content\/uploads\/2024\/11\/Slava-sl4.jpg 1200w\" sizes=\"(max-width: 225px) 100vw, 225px\" \/><\/a><\/p><p>Tokom sve\u010danosti u 10.00 \u010dasova u crkvi u Mladenovcu osve\u0161tan je kola\u010d\u00a0i ujedno obele\u017eena porodi\u010dna krsna slava vlasnika Univerziteta &#8222;MB&#8220; i porodice Bogavac ,,Sveti Luka,,. To je bila jo\u0161\u00a0jedna prilika za predivno dru\u017eenje.<\/p><p><a href=\"https:\/\/mbuniverzitet.edu.rs\/wp-content\/uploads\/2024\/11\/Slava-sl2.jpg\"><img loading=\"lazy\" decoding=\"async\" class=\"aligncenter size-medium wp-image-17193\" src=\"https:\/\/mbuniverzitet.edu.rs\/wp-content\/uploads\/2024\/11\/Slava-sl2-225x300.jpg\" alt=\"\" width=\"225\" height=\"300\" srcset=\"https:\/\/mbuniverzitet.edu.rs\/wp-content\/uploads\/2024\/11\/Slava-sl2-225x300.jpg 225w, https:\/\/mbuniverzitet.edu.rs\/wp-content\/uploads\/2024\/11\/Slava-sl2-768x1024.jpg 768w, https:\/\/mbuniverzitet.edu.rs\/wp-content\/uploads\/2024\/11\/Slava-sl2-1152x1536.jpg 1152w, https:\/\/mbuniverzitet.edu.rs\/wp-content\/uploads\/2024\/11\/Slava-sl2-9x12.jpg 9w, https:\/\/mbuniverzitet.edu.rs\/wp-content\/uploads\/2024\/11\/Slava-sl2.jpg 1200w\" sizes=\"(max-width: 225px) 100vw, 225px\" \/><\/a><\/p><p><a href=\"https:\/\/mbuniverzitet.edu.rs\/wp-content\/uploads\/2024\/11\/Slava-sl3.jpg\"><img loading=\"lazy\" decoding=\"async\" class=\"aligncenter size-medium wp-image-17194\" src=\"https:\/\/mbuniverzitet.edu.rs\/wp-content\/uploads\/2024\/11\/Slava-sl3-225x300.jpg\" alt=\"\" width=\"225\" height=\"300\" srcset=\"https:\/\/mbuniverzitet.edu.rs\/wp-content\/uploads\/2024\/11\/Slava-sl3-225x300.jpg 225w, https:\/\/mbuniverzitet.edu.rs\/wp-content\/uploads\/2024\/11\/Slava-sl3-768x1024.jpg 768w, https:\/\/mbuniverzitet.edu.rs\/wp-content\/uploads\/2024\/11\/Slava-sl3-1152x1536.jpg 1152w, https:\/\/mbuniverzitet.edu.rs\/wp-content\/uploads\/2024\/11\/Slava-sl3-9x12.jpg 9w, https:\/\/mbuniverzitet.edu.rs\/wp-content\/uploads\/2024\/11\/Slava-sl3.jpg 1200w\" sizes=\"(max-width: 225px) 100vw, 225px\" \/><\/a><\/p><p>Univerzitet &#8222;MB&#8220; danas poseduje 17 akreditovanih studijskih programa na osnovnim, master i doktorskim akademskim studijama. Studije se realizuju na Poslovnom i pravnom fakultetu i Akademiji klasi\u010dnog slikarstva.<\/p><p>Uz porodicu Bogavac je bila brojna rodbina, stalno zaposleni, prijatelji i simpatizeri Univerziteta &#8222;MB&#8220;. Restoran Veranda je i ovog puta potvrdio epitet lidera u regionu po pitanju pripreme dobre hrane. Sve\u010danost su ponovo ukrasili a dru\u017eenje u\u010dinili lep\u0161im najbolji estradni umetnici iz na\u0161e zemlje.<\/p><p>Porodica Bogavac se kao i nebrojeno puta do sada pokazala odli\u010dnim doma\u0107inom, velikog srca i ose\u0107aja za ljude oko sebe, spremnih da uvek i rado do\u010dekaju i ugoste svoju rodbinu, stalno zaposlene i brojne dobronamerne prijatelje.<\/p><p>Stalno zaposleni na Univerzitetu ,,MB&#8220; se pridru\u017euju iskrenim\u00a0\u010destitkama porodici Bogavac povodom obele\u017eavanja Dana Univerziteta &#8222;MB&#8220; i porodi\u010dne krsne slave.<\/p><p>Savet Univerziteta MB<\/p><\/div>\n\t\t\t\t\t<\/div><\/div>\t\t\t\t<\/div>\n\t\t\t\t<\/div>\n\t\t\t\t<div class=\"elementor-element elementor-element-68a1324 exad-sticky-section-no exad-glass-effect-no elementor-widget elementor-widget-eael-adv-accordion\" data-id=\"68a1324\" data-element_type=\"widget\" data-e-type=\"widget\" data-widget_type=\"eael-adv-accordion.default\">\n\t\t\t\t<div class=\"elementor-widget-container\">\n\t\t\t\t\t            <div class=\"eael-adv-accordion\" id=\"eael-adv-accordion-68a1324\" data-scroll-on-click=\"no\" data-scroll-speed=\"300\" data-accordion-id=\"68a1324\" data-accordion-type=\"accordion\" data-toogle-speed=\"300\">\n            <div class=\"eael-accordion-list\">\n\t\t\t\t\t<div id=\"obavetenje-o-odbrani-doktorske-disertacije-kandidata-msr-miljana-iia-vidi-vie\" class=\"elementor-tab-title eael-accordion-header\" tabindex=\"0\" data-tab=\"1\" aria-controls=\"elementor-tab-content-1091\"><span class=\"eael-accordion-tab-title\">Obave\u0161tenje o odbrani doktorske disertacije kandidata  MSr Miljana \u017di\u017ei\u0107a. (Vidi vi\u0161e)<\/span><\/div><div id=\"elementor-tab-content-1091\" class=\"eael-accordion-content clearfix\" data-tab=\"1\" aria-labelledby=\"obavetenje-o-odbrani-doktorske-disertacije-kandidata-msr-miljana-iia-vidi-vie\"><p>Dana 28. oktobra 2024. godine na Poslovnom i pravnom fakultetu Univerziteta MB odbranjena je doktorska disertacija kandidata MSr Miljana \u017di\u017ei\u0107a iz nau\u010dne oblasti pravnih nauka, u\u017ee nau\u010dne oblasti Javnopravne i teorijskopravne, na temu: \u201eSavremeni pravni poredak Republike Srbije \u2013 izazovi i perspektive\u201c.<\/p><p><a href=\"https:\/\/mbuniverzitet.edu.rs\/wp-content\/uploads\/2024\/11\/odbrana-Miljan-Zizic-sl1.jpg\"><img loading=\"lazy\" decoding=\"async\" class=\"aligncenter wp-image-17182 size-medium\" src=\"https:\/\/mbuniverzitet.edu.rs\/wp-content\/uploads\/2024\/11\/odbrana-Miljan-Zizic-sl1-300x139.jpg\" alt=\"\" width=\"300\" height=\"139\" srcset=\"https:\/\/mbuniverzitet.edu.rs\/wp-content\/uploads\/2024\/11\/odbrana-Miljan-Zizic-sl1-300x139.jpg 300w, https:\/\/mbuniverzitet.edu.rs\/wp-content\/uploads\/2024\/11\/odbrana-Miljan-Zizic-sl1-1024x473.jpg 1024w, https:\/\/mbuniverzitet.edu.rs\/wp-content\/uploads\/2024\/11\/odbrana-Miljan-Zizic-sl1-768x355.jpg 768w, https:\/\/mbuniverzitet.edu.rs\/wp-content\/uploads\/2024\/11\/odbrana-Miljan-Zizic-sl1-1536x709.jpg 1536w, https:\/\/mbuniverzitet.edu.rs\/wp-content\/uploads\/2024\/11\/odbrana-Miljan-Zizic-sl1-18x8.jpg 18w, https:\/\/mbuniverzitet.edu.rs\/wp-content\/uploads\/2024\/11\/odbrana-Miljan-Zizic-sl1.jpg 1600w\" sizes=\"(max-width: 300px) 100vw, 300px\" \/><\/a><\/p><p><a href=\"https:\/\/mbuniverzitet.edu.rs\/wp-content\/uploads\/2024\/11\/odbrana-Miljan-Zizic-sl4.jpg\"><img loading=\"lazy\" decoding=\"async\" class=\"aligncenter size-medium wp-image-17185\" src=\"https:\/\/mbuniverzitet.edu.rs\/wp-content\/uploads\/2024\/11\/odbrana-Miljan-Zizic-sl4-300x139.jpg\" alt=\"\" width=\"300\" height=\"139\" srcset=\"https:\/\/mbuniverzitet.edu.rs\/wp-content\/uploads\/2024\/11\/odbrana-Miljan-Zizic-sl4-300x139.jpg 300w, https:\/\/mbuniverzitet.edu.rs\/wp-content\/uploads\/2024\/11\/odbrana-Miljan-Zizic-sl4-1024x473.jpg 1024w, https:\/\/mbuniverzitet.edu.rs\/wp-content\/uploads\/2024\/11\/odbrana-Miljan-Zizic-sl4-768x355.jpg 768w, https:\/\/mbuniverzitet.edu.rs\/wp-content\/uploads\/2024\/11\/odbrana-Miljan-Zizic-sl4-1536x709.jpg 1536w, https:\/\/mbuniverzitet.edu.rs\/wp-content\/uploads\/2024\/11\/odbrana-Miljan-Zizic-sl4-18x8.jpg 18w, https:\/\/mbuniverzitet.edu.rs\/wp-content\/uploads\/2024\/11\/odbrana-Miljan-Zizic-sl4.jpg 1600w\" sizes=\"(max-width: 300px) 100vw, 300px\" \/><\/a><\/p><p><a href=\"https:\/\/mbuniverzitet.edu.rs\/wp-content\/uploads\/2024\/11\/odbrana-Miljan-Zizic-sl5.jpg\"><img loading=\"lazy\" decoding=\"async\" class=\"aligncenter size-medium wp-image-17186\" src=\"https:\/\/mbuniverzitet.edu.rs\/wp-content\/uploads\/2024\/11\/odbrana-Miljan-Zizic-sl5-300x139.jpg\" alt=\"\" width=\"300\" height=\"139\" srcset=\"https:\/\/mbuniverzitet.edu.rs\/wp-content\/uploads\/2024\/11\/odbrana-Miljan-Zizic-sl5-300x139.jpg 300w, https:\/\/mbuniverzitet.edu.rs\/wp-content\/uploads\/2024\/11\/odbrana-Miljan-Zizic-sl5-1024x473.jpg 1024w, https:\/\/mbuniverzitet.edu.rs\/wp-content\/uploads\/2024\/11\/odbrana-Miljan-Zizic-sl5-768x355.jpg 768w, https:\/\/mbuniverzitet.edu.rs\/wp-content\/uploads\/2024\/11\/odbrana-Miljan-Zizic-sl5-1536x709.jpg 1536w, https:\/\/mbuniverzitet.edu.rs\/wp-content\/uploads\/2024\/11\/odbrana-Miljan-Zizic-sl5-18x8.jpg 18w, https:\/\/mbuniverzitet.edu.rs\/wp-content\/uploads\/2024\/11\/odbrana-Miljan-Zizic-sl5.jpg 1600w\" sizes=\"(max-width: 300px) 100vw, 300px\" \/><\/a><\/p><p>Doktorska disertacija je odbranjena pred Komisijom u sastavu:<br \/>1. Prof. dr \u017divanka Miladinovi\u0107 Bogavac, predsednik komisije.<br \/>2. Prof. dr Ne\u0111o Danilovi\u0107, \u010dlan komisije, i<br \/>3. Prof. dr Sr\u0111an \u0110or\u0111evi\u0107, mentor kandidata.<\/p><p><a href=\"https:\/\/mbuniverzitet.edu.rs\/wp-content\/uploads\/2024\/11\/odbrana-Miljan-Zizic-sl3.jpg\"><img loading=\"lazy\" decoding=\"async\" class=\"aligncenter size-medium wp-image-17184\" src=\"https:\/\/mbuniverzitet.edu.rs\/wp-content\/uploads\/2024\/11\/odbrana-Miljan-Zizic-sl3-300x139.jpg\" alt=\"\" width=\"300\" height=\"139\" srcset=\"https:\/\/mbuniverzitet.edu.rs\/wp-content\/uploads\/2024\/11\/odbrana-Miljan-Zizic-sl3-300x139.jpg 300w, https:\/\/mbuniverzitet.edu.rs\/wp-content\/uploads\/2024\/11\/odbrana-Miljan-Zizic-sl3-1024x473.jpg 1024w, https:\/\/mbuniverzitet.edu.rs\/wp-content\/uploads\/2024\/11\/odbrana-Miljan-Zizic-sl3-768x355.jpg 768w, https:\/\/mbuniverzitet.edu.rs\/wp-content\/uploads\/2024\/11\/odbrana-Miljan-Zizic-sl3-1536x709.jpg 1536w, https:\/\/mbuniverzitet.edu.rs\/wp-content\/uploads\/2024\/11\/odbrana-Miljan-Zizic-sl3-18x8.jpg 18w, https:\/\/mbuniverzitet.edu.rs\/wp-content\/uploads\/2024\/11\/odbrana-Miljan-Zizic-sl3.jpg 1600w\" sizes=\"(max-width: 300px) 100vw, 300px\" \/><\/a><\/p><p><a href=\"https:\/\/mbuniverzitet.edu.rs\/wp-content\/uploads\/2024\/11\/odbrana-Miljan-Zizic-sl2.jpg\"><img loading=\"lazy\" decoding=\"async\" class=\"aligncenter size-medium wp-image-17183\" src=\"https:\/\/mbuniverzitet.edu.rs\/wp-content\/uploads\/2024\/11\/odbrana-Miljan-Zizic-sl2-300x139.jpg\" alt=\"\" width=\"300\" height=\"139\" srcset=\"https:\/\/mbuniverzitet.edu.rs\/wp-content\/uploads\/2024\/11\/odbrana-Miljan-Zizic-sl2-300x139.jpg 300w, https:\/\/mbuniverzitet.edu.rs\/wp-content\/uploads\/2024\/11\/odbrana-Miljan-Zizic-sl2-1024x473.jpg 1024w, https:\/\/mbuniverzitet.edu.rs\/wp-content\/uploads\/2024\/11\/odbrana-Miljan-Zizic-sl2-768x355.jpg 768w, https:\/\/mbuniverzitet.edu.rs\/wp-content\/uploads\/2024\/11\/odbrana-Miljan-Zizic-sl2-1536x709.jpg 1536w, https:\/\/mbuniverzitet.edu.rs\/wp-content\/uploads\/2024\/11\/odbrana-Miljan-Zizic-sl2-18x8.jpg 18w, https:\/\/mbuniverzitet.edu.rs\/wp-content\/uploads\/2024\/11\/odbrana-Miljan-Zizic-sl2.jpg 1600w\" sizes=\"(max-width: 300px) 100vw, 300px\" \/><\/a><\/p><p><a href=\"https:\/\/mbuniverzitet.edu.rs\/wp-content\/uploads\/2024\/11\/odbrana-Miljan-Zizic-sl6.jpg\"><img loading=\"lazy\" decoding=\"async\" class=\"aligncenter size-medium wp-image-17181\" src=\"https:\/\/mbuniverzitet.edu.rs\/wp-content\/uploads\/2024\/11\/odbrana-Miljan-Zizic-sl6-300x139.jpg\" alt=\"\" width=\"300\" height=\"139\" srcset=\"https:\/\/mbuniverzitet.edu.rs\/wp-content\/uploads\/2024\/11\/odbrana-Miljan-Zizic-sl6-300x139.jpg 300w, https:\/\/mbuniverzitet.edu.rs\/wp-content\/uploads\/2024\/11\/odbrana-Miljan-Zizic-sl6-1024x473.jpg 1024w, https:\/\/mbuniverzitet.edu.rs\/wp-content\/uploads\/2024\/11\/odbrana-Miljan-Zizic-sl6-768x355.jpg 768w, https:\/\/mbuniverzitet.edu.rs\/wp-content\/uploads\/2024\/11\/odbrana-Miljan-Zizic-sl6-1536x709.jpg 1536w, https:\/\/mbuniverzitet.edu.rs\/wp-content\/uploads\/2024\/11\/odbrana-Miljan-Zizic-sl6-18x8.jpg 18w, https:\/\/mbuniverzitet.edu.rs\/wp-content\/uploads\/2024\/11\/odbrana-Miljan-Zizic-sl6.jpg 1600w\" sizes=\"(max-width: 300px) 100vw, 300px\" \/><\/a><\/p><p>Menad\u017ement Univerziteta MB<\/p><\/div>\n\t\t\t\t\t<\/div><\/div>\t\t\t\t<\/div>\n\t\t\t\t<\/div>\n\t\t\t\t<div class=\"elementor-element elementor-element-73bb45a exad-sticky-section-no exad-glass-effect-no elementor-widget elementor-widget-eael-adv-accordion\" data-id=\"73bb45a\" data-element_type=\"widget\" data-e-type=\"widget\" data-widget_type=\"eael-adv-accordion.default\">\n\t\t\t\t<div class=\"elementor-widget-container\">\n\t\t\t\t\t            <div class=\"eael-adv-accordion\" id=\"eael-adv-accordion-73bb45a\" data-scroll-on-click=\"no\" data-scroll-speed=\"300\" data-accordion-id=\"73bb45a\" data-accordion-type=\"accordion\" data-toogle-speed=\"300\">\n            <div class=\"eael-accordion-list\">\n\t\t\t\t\t<div id=\"obavetenje-o-odbrani-doktorske-disertacije-kandidata-mr-emira-smaijlovia-vidi-vie\" class=\"elementor-tab-title eael-accordion-header\" tabindex=\"0\" data-tab=\"1\" aria-controls=\"elementor-tab-content-1211\"><span class=\"eael-accordion-tab-title\">Obave\u0161tenje o odbrani doktorske disertacije kandidata mr Emira Smaijlovi\u0107a. (Vidi vi\u0161e)<\/span><\/div><div id=\"elementor-tab-content-1211\" class=\"eael-accordion-content clearfix\" data-tab=\"1\" aria-labelledby=\"obavetenje-o-odbrani-doktorske-disertacije-kandidata-mr-emira-smaijlovia-vidi-vie\"><div>Dana 26. septembra 2024. godine na Poslovnom i pravnom fakultetu Univerziteta MB odbranjena je doktorska disertacija kandidata mr Emira Smajilovi\u0107a iz nau\u010dne oblasti Menad\u017ement i biznis, na temu: \u201ePoslovanje savremenih organizacija \u2013 Studija slu\u010daja: Spoljno trgovinsko poslovanje naoru\u017eanjem i vojnom opremom\u201c.<\/div><div>\u00a0<\/div><div><a href=\"https:\/\/mbuniverzitet.edu.rs\/wp-content\/uploads\/2024\/10\/odbrana-Emir-Smailagic-sl1.jpg\"><img loading=\"lazy\" decoding=\"async\" class=\"aligncenter size-medium wp-image-17170\" src=\"https:\/\/mbuniverzitet.edu.rs\/wp-content\/uploads\/2024\/10\/odbrana-Emir-Smailagic-sl1-300x225.jpg\" alt=\"\" width=\"300\" height=\"225\" srcset=\"https:\/\/mbuniverzitet.edu.rs\/wp-content\/uploads\/2024\/10\/odbrana-Emir-Smailagic-sl1-300x225.jpg 300w, https:\/\/mbuniverzitet.edu.rs\/wp-content\/uploads\/2024\/10\/odbrana-Emir-Smailagic-sl1-1024x768.jpg 1024w, https:\/\/mbuniverzitet.edu.rs\/wp-content\/uploads\/2024\/10\/odbrana-Emir-Smailagic-sl1-768x576.jpg 768w, https:\/\/mbuniverzitet.edu.rs\/wp-content\/uploads\/2024\/10\/odbrana-Emir-Smailagic-sl1-1536x1152.jpg 1536w, https:\/\/mbuniverzitet.edu.rs\/wp-content\/uploads\/2024\/10\/odbrana-Emir-Smailagic-sl1-16x12.jpg 16w, https:\/\/mbuniverzitet.edu.rs\/wp-content\/uploads\/2024\/10\/odbrana-Emir-Smailagic-sl1.jpg 1600w\" sizes=\"(max-width: 300px) 100vw, 300px\" \/><\/a><\/div><div>\u00a0<\/div><div><a href=\"https:\/\/mbuniverzitet.edu.rs\/wp-content\/uploads\/2024\/10\/odbrana-Emir-Smailagic-sl2.jpg\"><img loading=\"lazy\" decoding=\"async\" class=\"aligncenter size-medium wp-image-17169\" src=\"https:\/\/mbuniverzitet.edu.rs\/wp-content\/uploads\/2024\/10\/odbrana-Emir-Smailagic-sl2-225x300.jpg\" alt=\"\" width=\"225\" height=\"300\" srcset=\"https:\/\/mbuniverzitet.edu.rs\/wp-content\/uploads\/2024\/10\/odbrana-Emir-Smailagic-sl2-225x300.jpg 225w, https:\/\/mbuniverzitet.edu.rs\/wp-content\/uploads\/2024\/10\/odbrana-Emir-Smailagic-sl2-768x1024.jpg 768w, https:\/\/mbuniverzitet.edu.rs\/wp-content\/uploads\/2024\/10\/odbrana-Emir-Smailagic-sl2-1152x1536.jpg 1152w, https:\/\/mbuniverzitet.edu.rs\/wp-content\/uploads\/2024\/10\/odbrana-Emir-Smailagic-sl2-9x12.jpg 9w, https:\/\/mbuniverzitet.edu.rs\/wp-content\/uploads\/2024\/10\/odbrana-Emir-Smailagic-sl2.jpg 1200w\" sizes=\"(max-width: 225px) 100vw, 225px\" \/><\/a><\/div><div>\u00a0<\/div><div>Doktorska disertacija je odbranjena pred Komisijom u sastavu:<br \/>1. Redovni prof. dr Du\u0161an Regodi\u0107, predsednik komisije.<br \/>2. Redovni prof. dr Vlado Radi\u0107, \u010dlan komisije, i<br \/>3. Redovni prof. dr Ne\u0111o Danilovi\u0107, mentor kandidata.<br \/><br \/><\/div><div>Menad\u017ement Univerziteta MB<\/div><\/div>\n\t\t\t\t\t<\/div><\/div>\t\t\t\t<\/div>\n\t\t\t\t<\/div>\n\t\t\t\t<div class=\"elementor-element elementor-element-2a7d698 exad-sticky-section-no exad-glass-effect-no elementor-widget elementor-widget-eael-adv-accordion\" data-id=\"2a7d698\" data-element_type=\"widget\" data-e-type=\"widget\" data-widget_type=\"eael-adv-accordion.default\">\n\t\t\t\t<div class=\"elementor-widget-container\">\n\t\t\t\t\t            <div class=\"eael-adv-accordion\" id=\"eael-adv-accordion-2a7d698\" data-scroll-on-click=\"no\" data-scroll-speed=\"300\" data-accordion-id=\"2a7d698\" data-accordion-type=\"accordion\" data-toogle-speed=\"300\">\n            <div class=\"eael-accordion-list\">\n\t\t\t\t\t<div id=\"univerzitet-mb-i-osnovna-kola-mb-uzeli-uea-na-53-sajmu-visokog-obrazovanja-i-nastavnih-sredstava-otvoren-je-tand-koji-primereno-prezentuje-na-sistem-obrazovanja-na-tandu-su-svakodnevno-prisutni-stalno-zaposleni-iz-organizacionog-odbora-profesori-uitelji-i-menadment-univerziteta-mb-i-osnovne-kole-mb-vidi-vie\" class=\"elementor-tab-title eael-accordion-header\" tabindex=\"0\" data-tab=\"1\" aria-controls=\"elementor-tab-content-4451\"><span class=\"eael-accordion-tab-title\">Univerzitet ,,MB\u201c i Osnovna \u0161kola ,,MB\u201c uzeli u\u010de\u0161\u0107a na 53. Sajmu Visokog obrazovanja i nastavnih sredstava. Otvoren je \u0161tand koji primereno prezentuje na\u0161 sistem obrazovanja. Na \u0161tandu su svakodnevno prisutni stalno zaposleni iz organizacionog odbora, profesori, u\u010ditelji i menad\u017ement Univerziteta ,,MB\u201c i Osnovne \u0161kole ,,MB\u201c.  (Vidi Vi\u0161e)<\/span><\/div><div id=\"elementor-tab-content-4451\" class=\"eael-accordion-content clearfix\" data-tab=\"1\" aria-labelledby=\"univerzitet-mb-i-osnovna-kola-mb-uzeli-uea-na-53-sajmu-visokog-obrazovanja-i-nastavnih-sredstava-otvoren-je-tand-koji-primereno-prezentuje-na-sistem-obrazovanja-na-tandu-su-svakodnevno-prisutni-stalno-zaposleni-iz-organizacionog-odbora-profesori-uitelji-i-menadment-univerziteta-mb-i-osnovne-kole-mb-vidi-vie\"><p style=\"font-weight: 400\">Univerzitet ,,MB\u201c i Osnovna \u0161kola ,,MB\u201c uzeli su u\u010de\u0161\u0107a na 53. Sajmu Visokog obrazovanja i nastavnih sredstava. Sajam se organizuje u vremenu od od 19.10.2024. (otvaranje u 18.00 \u010dasova) do 27.10.2024. godine (termin zatvaranja).<\/p><p><style id=\"bwg-style-5\">    #bwg_container1_5 #bwg_container2_5 .bwg-container-5.bwg-standard-thumbnails {      width: 1254px;              justify-content: center;        margin:0 auto !important;              background-color: rgba(255, 255, 255, 0.00);            padding-left: 4px;      padding-top: 4px;      max-width: 100%;            }        #bwg_container1_5 #bwg_container2_5 .bwg-container-5.bwg-standard-thumbnails .bwg-item {    justify-content: flex-start;      max-width: 250px;          }    #bwg_container1_5 #bwg_container2_5 .bwg-container-5.bwg-standard-thumbnails .bwg-item a {       margin-right: 4px;       margin-bottom: 4px;    }    #bwg_container1_5 #bwg_container2_5 .bwg-container-5.bwg-standard-thumbnails .bwg-item0 {      padding: 0px;            background-color:rgba(0,0,0, 0.30);      border: 0px none #CCCCCC;      opacity: 1.00;      border-radius: 0;      box-shadow: ;    }    #bwg_container1_5 #bwg_container2_5 .bwg-container-5.bwg-standard-thumbnails .bwg-item1 img {      max-height: none;      max-width: none;      padding: 0 !important;    }         @media only screen and (min-width: 480px) {\t\t#bwg_container1_5 #bwg_container2_5 .bwg-container-5.bwg-standard-thumbnails .bwg-item1 img {\t\t\t-webkit-transition: all .3s; transition: all .3s;\t\t}\t\t#bwg_container1_5 #bwg_container2_5 .bwg-container-5.bwg-standard-thumbnails .bwg-item1 img:hover {\t\t\t-ms-transform: scale(1.08);\t\t\t-webkit-transform: scale(1.08);\t\t\ttransform: scale(1.08);\t\t}\t\t\t\t.bwg-standard-thumbnails .bwg-zoom-effect .bwg-zoom-effect-overlay {\t\t\t\t\t\tbackground-color:rgba(0,0,0, 0.3);\t\t}\t\t.bwg-standard-thumbnails .bwg-zoom-effect:hover img {\t\t\t-ms-transform: scale(1.08);\t\t\t-webkit-transform: scale(1.08);\t\t\ttransform: scale(1.08);\t\t}\t\t      }\t    #bwg_container1_5 #bwg_container2_5 .bwg-container-5.bwg-standard-thumbnails .bwg-item1 {      padding-top: 56%;    }        #bwg_container1_5 #bwg_container2_5 .bwg-container-5.bwg-standard-thumbnails .bwg-title1 {      position: absolute;      top: 0;      z-index: 100;      width: 100%;      height: 100%;      display: flex;      justify-content: center;      align-content: center;      flex-direction: column;      opacity: 0;    }\t      #bwg_container1_5 #bwg_container2_5 .bwg-container-5.bwg-standard-thumbnails .bwg-title2,    #bwg_container1_5 #bwg_container2_5 .bwg-container-5.bwg-standard-thumbnails .bwg-ecommerce2 {      color: #FFFFFF;      font-family: Ubuntu;      font-size: 16px;      font-weight: bold;      padding: 2px;      text-shadow: ;      max-height: 100%;    }    #bwg_container1_5 #bwg_container2_5 .bwg-container-5.bwg-standard-thumbnails .bwg-thumb-description span {    color: #323A45;    font-family: Ubuntu;    font-size: 12px;    max-height: 100%;    word-wrap: break-word;    }    #bwg_container1_5 #bwg_container2_5 .bwg-container-5.bwg-standard-thumbnails .bwg-play-icon2 {      font-size: 32px;    }    #bwg_container1_5 #bwg_container2_5 .bwg-container-5.bwg-standard-thumbnails .bwg-ecommerce2 {      font-size: 19.2px;      color: #323A45;    }    <\/style>    <div id=\"bwg_container1_5\"         class=\"bwg_container bwg_thumbnail bwg_thumbnails \"         data-right-click-protection=\"0\"         data-bwg=\"5\"         data-scroll=\"0\"         data-gallery-type=\"thumbnails\"         data-gallery-view-type=\"thumbnails\"         data-current-url=\"\/arhiva-vesti\/\"         data-lightbox-url=\"https:\/\/mbuniverzitet.edu.rs\/wp-admin\/admin-ajax.php?action=GalleryBox&#038;current_view=5&#038;gallery_id=4&#038;tag=0&#038;theme_id=1&#038;shortcode_id=8&#038;sort_by=order&#038;order_by=asc&#038;current_url=%2Farhiva-vesti%2F\"         data-gallery-id=\"4\"         data-popup-width=\"800\"         data-popup-height=\"500\"         data-is-album=\"gallery\"         data-buttons-position=\"bottom\">      <div id=\"bwg_container2_5\">             <div id=\"ajax_loading_5\" class=\"bwg_loading_div_1\">      <div class=\"bwg_loading_div_2\">        <div class=\"bwg_loading_div_3\">          <div id=\"loading_div_5\" class=\"bwg_spider_ajax_loading\">          <\/div>        <\/div>      <\/div>    <\/div>            <form id=\"gal_front_form_5\"              class=\"bwg-hidden\"              method=\"post\"              action=\"#\"              data-current=\"5\"              data-shortcode-id=\"8\"              data-gallery-type=\"thumbnails\"              data-gallery-id=\"4\"              data-tag=\"0\"              data-album-id=\"0\"              data-theme-id=\"1\"              data-ajax-url=\"https:\/\/mbuniverzitet.edu.rs\/wp-admin\/admin-ajax.php?action=bwg_frontend_data\">          <div id=\"bwg_container3_5\" class=\"bwg-background bwg-background-5\">                <div data-max-count=\"5\"         data-thumbnail-width=\"250\"         data-bwg=\"5\"         data-gallery-id=\"4\"         data-lightbox-url=\"https:\/\/mbuniverzitet.edu.rs\/wp-admin\/admin-ajax.php?action=GalleryBox&amp;current_view=5&amp;gallery_id=4&amp;tag=0&amp;theme_id=1&amp;shortcode_id=8&amp;sort_by=order&amp;order_by=asc&amp;current_url=%2Farhiva-vesti%2F\"         id=\"bwg_thumbnails_5\"         class=\"bwg-container-5 bwg-thumbnails bwg-standard-thumbnails bwg-container bwg-border-box\">            <div class=\"bwg-item\">        <a class=\"bwg-a  bwg_lightbox\"  data-image-id=\"34\" href=\"https:\/\/mbuniverzitet.edu.rs\/wp-content\/uploads\/photo-gallery\/imported_from_media_libray\/Sajam-sl10.jpg?bwg=1730099133\" data-elementor-open-lightbox=\"no\">                <div class=\"bwg-item0 \">          <div class=\"bwg-item1 bwg-zoom-effect\">            <div class=\"bwg-item2\">              <img decoding=\"async\" class=\"skip-lazy bwg_standart_thumb_img_5 \"                   data-id=\"34\"                   data-width=\"375.00\"                   data-height=\"500.00\"                   data-src=\"https:\/\/mbuniverzitet.edu.rs\/wp-content\/uploads\/photo-gallery\/imported_from_media_libray\/thumb\/Sajam-sl10.jpg?bwg=1730099133\"                   src=\"https:\/\/mbuniverzitet.edu.rs\/wp-content\/uploads\/photo-gallery\/imported_from_media_libray\/thumb\/Sajam-sl10.jpg?bwg=1730099133\"                   alt=\"Sajam sl10\"                   title=\"Sajam sl10\" \/>            <\/div>            <div class=\"bwg-zoom-effect-overlay\">              <div class=\"bwg-title1\"><div class=\"bwg-title2\">Sajam sl10<\/div><\/div>                                        <\/div>          <\/div>        <\/div>                        <\/a>              <\/div>            <div class=\"bwg-item\">        <a class=\"bwg-a  bwg_lightbox\"  data-image-id=\"33\" href=\"https:\/\/mbuniverzitet.edu.rs\/wp-content\/uploads\/photo-gallery\/imported_from_media_libray\/Sajam-sl11.jpg?bwg=1730099133\" data-elementor-open-lightbox=\"no\">                <div class=\"bwg-item0 \">          <div class=\"bwg-item1 bwg-zoom-effect\">            <div class=\"bwg-item2\">              <img decoding=\"async\" class=\"skip-lazy bwg_standart_thumb_img_5 \"                   data-id=\"33\"                   data-width=\"500.00\"                   data-height=\"375.00\"                   data-src=\"https:\/\/mbuniverzitet.edu.rs\/wp-content\/uploads\/photo-gallery\/imported_from_media_libray\/thumb\/Sajam-sl11.jpg?bwg=1730099133\"                   src=\"https:\/\/mbuniverzitet.edu.rs\/wp-content\/uploads\/photo-gallery\/imported_from_media_libray\/thumb\/Sajam-sl11.jpg?bwg=1730099133\"                   alt=\"Sajam sl11\"                   title=\"Sajam sl11\" \/>            <\/div>            <div class=\"bwg-zoom-effect-overlay\">              <div class=\"bwg-title1\"><div class=\"bwg-title2\">Sajam sl11<\/div><\/div>                                        <\/div>          <\/div>        <\/div>                        <\/a>              <\/div>            <div class=\"bwg-item\">        <a class=\"bwg-a  bwg_lightbox\"  data-image-id=\"32\" href=\"https:\/\/mbuniverzitet.edu.rs\/wp-content\/uploads\/photo-gallery\/imported_from_media_libray\/Sajam-sl12.jpg?bwg=1730099133\" data-elementor-open-lightbox=\"no\">                <div class=\"bwg-item0 \">          <div class=\"bwg-item1 bwg-zoom-effect\">            <div class=\"bwg-item2\">              <img decoding=\"async\" class=\"skip-lazy bwg_standart_thumb_img_5 \"                   data-id=\"32\"                   data-width=\"375.00\"                   data-height=\"500.00\"                   data-src=\"https:\/\/mbuniverzitet.edu.rs\/wp-content\/uploads\/photo-gallery\/imported_from_media_libray\/thumb\/Sajam-sl12.jpg?bwg=1730099133\"                   src=\"https:\/\/mbuniverzitet.edu.rs\/wp-content\/uploads\/photo-gallery\/imported_from_media_libray\/thumb\/Sajam-sl12.jpg?bwg=1730099133\"                   alt=\"Sajam sl12\"                   title=\"Sajam sl12\" \/>            <\/div>            <div class=\"bwg-zoom-effect-overlay\">              <div class=\"bwg-title1\"><div class=\"bwg-title2\">Sajam sl12<\/div><\/div>                                        <\/div>          <\/div>        <\/div>                        <\/a>              <\/div>            <div class=\"bwg-item\">        <a class=\"bwg-a  bwg_lightbox\"  data-image-id=\"31\" href=\"https:\/\/mbuniverzitet.edu.rs\/wp-content\/uploads\/photo-gallery\/imported_from_media_libray\/Sajam-sl13.jpg?bwg=1730099133\" data-elementor-open-lightbox=\"no\">                <div class=\"bwg-item0 \">          <div class=\"bwg-item1 bwg-zoom-effect\">            <div class=\"bwg-item2\">              <img decoding=\"async\" class=\"skip-lazy bwg_standart_thumb_img_5 \"                   data-id=\"31\"                   data-width=\"375.00\"                   data-height=\"500.00\"                   data-src=\"https:\/\/mbuniverzitet.edu.rs\/wp-content\/uploads\/photo-gallery\/imported_from_media_libray\/thumb\/Sajam-sl13.jpg?bwg=1730099133\"                   src=\"https:\/\/mbuniverzitet.edu.rs\/wp-content\/uploads\/photo-gallery\/imported_from_media_libray\/thumb\/Sajam-sl13.jpg?bwg=1730099133\"                   alt=\"Sajam sl13\"                   title=\"Sajam sl13\" \/>            <\/div>            <div class=\"bwg-zoom-effect-overlay\">              <div class=\"bwg-title1\"><div class=\"bwg-title2\">Sajam sl13<\/div><\/div>                                        <\/div>          <\/div>        <\/div>                        <\/a>              <\/div>            <div class=\"bwg-item\">        <a class=\"bwg-a  bwg_lightbox\"  data-image-id=\"35\" href=\"https:\/\/mbuniverzitet.edu.rs\/wp-content\/uploads\/photo-gallery\/imported_from_media_libray\/Sajam-sl14.jpg?bwg=1730099133\" data-elementor-open-lightbox=\"no\">                <div class=\"bwg-item0 \">          <div class=\"bwg-item1 bwg-zoom-effect\">            <div class=\"bwg-item2\">              <img decoding=\"async\" class=\"skip-lazy bwg_standart_thumb_img_5 \"                   data-id=\"35\"                   data-width=\"375.00\"                   data-height=\"500.00\"                   data-src=\"https:\/\/mbuniverzitet.edu.rs\/wp-content\/uploads\/photo-gallery\/imported_from_media_libray\/thumb\/Sajam-sl14.jpg?bwg=1730099133\"                   src=\"https:\/\/mbuniverzitet.edu.rs\/wp-content\/uploads\/photo-gallery\/imported_from_media_libray\/thumb\/Sajam-sl14.jpg?bwg=1730099133\"                   alt=\"Sajam sl14\"                   title=\"Sajam sl14\" \/>            <\/div>            <div class=\"bwg-zoom-effect-overlay\">              <div class=\"bwg-title1\"><div class=\"bwg-title2\">Sajam sl14<\/div><\/div>                                        <\/div>          <\/div>        <\/div>                        <\/a>              <\/div>          <\/div>    <style>      \/*pagination styles*\/      #bwg_container1_5 #bwg_container2_5 .tablenav-pages_5 {\t\t\t\ttext-align: center;\t\t\t\tfont-size: 12px;\t\t\t\tfont-family: Ubuntu;\t\t\t\tfont-weight: bold;\t\t\t\tcolor: #666666;\t\t\t\tmargin: 6px 0 4px;\t\t\t\tdisplay: block;      }      @media only screen and (max-width : 320px) {      #bwg_container1_5 #bwg_container2_5 .displaying-num_5 {     \t display: none;      }      }      #bwg_container1_5 #bwg_container2_5 .displaying-num_5 {\t\t\t\tfont-size: 12px;\t\t\t\tfont-family: Ubuntu;\t\t\t\tfont-weight: bold;\t\t\t\tcolor: #666666;\t\t\t\tmargin-right: 10px;\t\t\t\tvertical-align: middle;      }      #bwg_container1_5 #bwg_container2_5 .paging-input_5 {\t\t\t\tfont-size: 12px;\t\t\t\tfont-family: Ubuntu;\t\t\t\tfont-weight: bold;\t\t\t\tcolor: #666666;\t\t\t\tvertical-align: middle;      }      #bwg_container1_5 #bwg_container2_5 .tablenav-pages_5 a.disabled,      #bwg_container1_5 #bwg_container2_5 .tablenav-pages_5 a.disabled:hover,      #bwg_container1_5 #bwg_container2_5 .tablenav-pages_5 a.disabled:focus,\t\t\t#bwg_container1_5 #bwg_container2_5 .tablenav-pages_5 input.bwg_current_page {\t\t\t\tcursor: default;\t\t\t\tcolor: rgba(102, 102, 102, 0.5);      }      #bwg_container1_5 #bwg_container2_5 .tablenav-pages_5 a,      #bwg_container1_5 #bwg_container2_5 .tablenav-pages_5 input.bwg_current_page {\t\t\t\tcursor: pointer;\t\t\t\ttext-align: center;\t\t\t\tfont-size: 12px;\t\t\t\tfont-family: Ubuntu;\t\t\t\tfont-weight: bold;\t\t\t\tcolor: #666666;\t\t\t\ttext-decoration: none;\t\t\t\tpadding: 3px 6px;\t\t\t\tmargin: 0;\t\t\t\tborder-radius: 0;\t\t\t\tborder-style: solid;\t\t\t\tborder-width: 1px;\t\t\t\tborder-color: #E3E3E3;\t\t\t\t\t\t\t\tbackground-color: rgba(255, 255, 255, 1.00);\t\t\t\tbox-shadow: 0;\t\t\t\ttransition: all 0.3s ease 0s;-webkit-transition: all 0.3s ease 0s;      }      <\/style>      <span class=\"bwg_nav_cont_5\">              <div class=\"tablenav-pages_5\">                  <\/div>                <input type=\"hidden\" id=\"page_number_5\" name=\"page_number_5\" value=\"1\" \/>      <script type=\"text\/javascript\">        if( jQuery('.bwg_nav_cont_5').length > 1 ) {          jQuery('.bwg_nav_cont_5').first().remove()        }        function spider_page_5(cur, x, y, load_more) {          if (typeof load_more == \"undefined\") {            var load_more = false;          }          if (jQuery(cur).hasClass('disabled')) {            return false;          }          var items_county_5 = 1;          switch (y) {            case 1:              if (x >= items_county_5) {                document.getElementById('page_number_5').value = items_county_5;              }              else {                document.getElementById('page_number_5').value = x + 1;              }              break;            case 2:              document.getElementById('page_number_5').value = items_county_5;              break;            case -1:              if (x == 1) {                document.getElementById('page_number_5').value = 1;              }              else {                document.getElementById('page_number_5').value = x - 1;              }              break;            case -2:              document.getElementById('page_number_5').value = 1;              break;\t\t\t\t\t\tcase 0:              document.getElementById('page_number_5').value = x;              break;            default:              document.getElementById('page_number_5').value = 1;          }          bwg_ajax('gal_front_form_5', '5', 'bwg_thumbnails_5', '0', '', 'gallery', 0, '', '', load_more, '', 1);        }                    jQuery('.first-page-5').on('click', function () {              spider_page_5(this, 1, -2, 'numeric');              return false;            });            jQuery('.prev-page-5').on('click', function () {              spider_page_5(this, 1, -1, 'numeric');              return false;            });            jQuery('.next-page-5').on('click', function () {              spider_page_5(this, 1, 1, 'numeric');              return false;            });            jQuery('.last-page-5').on('click', function () {              spider_page_5(this, 1, 2, 'numeric');              return false;            });        \t\t\t\t\/* Change page on input enter. *\/        function bwg_change_page_5( e, that ) {          if (  e.key == 'Enter' ) {            var to_page = parseInt(jQuery(that).val());            var pages_count = jQuery(that).parents(\".pagination-links\").data(\"pages-count\");            var current_url_param = jQuery(that).attr('data-url-info');            if (to_page > pages_count) {              to_page = 1;            }\t \t\t\t\t\t\t\t\t\t\t\t\tspider_page_5(this, to_page, 0, 'numeric');\t\t\t\t\t\t\treturn false;\t\t\t\t\t\t          }          return true;        }        jQuery('.bwg_load_btn_5').on('click', function () {            spider_page_5(this, 1, 1, true);            return false;        });      <\/script>      <\/span>                <\/div>        <\/form>        <style>          #bwg_container1_5 #bwg_container2_5 #spider_popup_overlay_5 {          background-color: #EEEEEE;          opacity: 0.60;          }          <\/style>        <div id=\"bwg_spider_popup_loading_5\" class=\"bwg_spider_popup_loading\"><\/div>        <div id=\"spider_popup_overlay_5\" class=\"spider_popup_overlay\" onclick=\"spider_destroypopup(1000)\"><\/div>        <input type=\"hidden\" id=\"bwg_random_seed_5\" value=\"36415253\">                <\/div>    <\/div>    <script>      if (document.readyState === 'complete') {        if( typeof bwg_main_ready == 'function' ) {          if ( jQuery(\"#bwg_container1_5\").height() ) {            bwg_main_ready(jQuery(\"#bwg_container1_5\"));          }        }      } else {        document.addEventListener('DOMContentLoaded', function() {          if( typeof bwg_main_ready == 'function' ) {            if ( jQuery(\"#bwg_container1_5\").height() ) {             bwg_main_ready(jQuery(\"#bwg_container1_5\"));            }          }        });      }    <\/script>    <\/p><p><a href=\"https:\/\/mbuniverzitet.edu.rs\/wp-content\/uploads\/2024\/10\/Sajam-sl1.jpg\"><img loading=\"lazy\" decoding=\"async\" class=\"aligncenter wp-image-17102 size-medium\" src=\"https:\/\/mbuniverzitet.edu.rs\/wp-content\/uploads\/2024\/10\/Sajam-sl1-225x300.jpg\" alt=\"\" width=\"225\" height=\"300\" srcset=\"https:\/\/mbuniverzitet.edu.rs\/wp-content\/uploads\/2024\/10\/Sajam-sl1-225x300.jpg 225w, https:\/\/mbuniverzitet.edu.rs\/wp-content\/uploads\/2024\/10\/Sajam-sl1-768x1024.jpg 768w, https:\/\/mbuniverzitet.edu.rs\/wp-content\/uploads\/2024\/10\/Sajam-sl1-1152x1536.jpg 1152w, https:\/\/mbuniverzitet.edu.rs\/wp-content\/uploads\/2024\/10\/Sajam-sl1-9x12.jpg 9w, https:\/\/mbuniverzitet.edu.rs\/wp-content\/uploads\/2024\/10\/Sajam-sl1.jpg 1200w\" sizes=\"(max-width: 225px) 100vw, 225px\" \/><\/a><\/p><p><a href=\"https:\/\/mbuniverzitet.edu.rs\/wp-content\/uploads\/2024\/10\/Sajam-sl9.jpg\"><img loading=\"lazy\" decoding=\"async\" class=\"aligncenter size-medium wp-image-17100\" src=\"https:\/\/mbuniverzitet.edu.rs\/wp-content\/uploads\/2024\/10\/Sajam-sl9-225x300.jpg\" alt=\"\" width=\"225\" height=\"300\" srcset=\"https:\/\/mbuniverzitet.edu.rs\/wp-content\/uploads\/2024\/10\/Sajam-sl9-225x300.jpg 225w, https:\/\/mbuniverzitet.edu.rs\/wp-content\/uploads\/2024\/10\/Sajam-sl9-768x1024.jpg 768w, https:\/\/mbuniverzitet.edu.rs\/wp-content\/uploads\/2024\/10\/Sajam-sl9-1152x1536.jpg 1152w, https:\/\/mbuniverzitet.edu.rs\/wp-content\/uploads\/2024\/10\/Sajam-sl9-9x12.jpg 9w, https:\/\/mbuniverzitet.edu.rs\/wp-content\/uploads\/2024\/10\/Sajam-sl9.jpg 1200w\" sizes=\"(max-width: 225px) 100vw, 225px\" \/><\/a><\/p><p style=\"font-weight: 400\">Slogan 53. Sajma je \u201eObrazovana Srbija, uspe\u0161na Srbija\u201c. Pored promovisanja u\u010denja kao do\u017eivotnog procesa i ukazivanja na zna\u010daj \u0161kolovanja i usavr\u0161avanja, izlaga\u010dki program obuhvata sve \u0161to je potrebno za opremanje i rad vaspitno-obrazovanih ustanova \u2013 od pred\u0161kolskih do institucija visokog obrazovanja.<\/p><p><a href=\"https:\/\/mbuniverzitet.edu.rs\/wp-content\/uploads\/2024\/10\/Sajam-sl3.jpg\"><img loading=\"lazy\" decoding=\"async\" class=\"aligncenter size-medium wp-image-17104\" src=\"https:\/\/mbuniverzitet.edu.rs\/wp-content\/uploads\/2024\/10\/Sajam-sl3-225x300.jpg\" alt=\"\" width=\"225\" height=\"300\" srcset=\"https:\/\/mbuniverzitet.edu.rs\/wp-content\/uploads\/2024\/10\/Sajam-sl3-225x300.jpg 225w, https:\/\/mbuniverzitet.edu.rs\/wp-content\/uploads\/2024\/10\/Sajam-sl3-768x1024.jpg 768w, https:\/\/mbuniverzitet.edu.rs\/wp-content\/uploads\/2024\/10\/Sajam-sl3-1152x1536.jpg 1152w, https:\/\/mbuniverzitet.edu.rs\/wp-content\/uploads\/2024\/10\/Sajam-sl3-9x12.jpg 9w, https:\/\/mbuniverzitet.edu.rs\/wp-content\/uploads\/2024\/10\/Sajam-sl3.jpg 1200w\" sizes=\"(max-width: 225px) 100vw, 225px\" \/><\/a><\/p><p><a href=\"https:\/\/mbuniverzitet.edu.rs\/wp-content\/uploads\/2024\/10\/Sajam-sl2.jpg\"><img loading=\"lazy\" decoding=\"async\" class=\"aligncenter size-medium wp-image-17103\" src=\"https:\/\/mbuniverzitet.edu.rs\/wp-content\/uploads\/2024\/10\/Sajam-sl2-142x300.jpg\" alt=\"\" width=\"142\" height=\"300\" srcset=\"https:\/\/mbuniverzitet.edu.rs\/wp-content\/uploads\/2024\/10\/Sajam-sl2-142x300.jpg 142w, https:\/\/mbuniverzitet.edu.rs\/wp-content\/uploads\/2024\/10\/Sajam-sl2-484x1024.jpg 484w, https:\/\/mbuniverzitet.edu.rs\/wp-content\/uploads\/2024\/10\/Sajam-sl2-726x1536.jpg 726w, https:\/\/mbuniverzitet.edu.rs\/wp-content\/uploads\/2024\/10\/Sajam-sl2-6x12.jpg 6w, https:\/\/mbuniverzitet.edu.rs\/wp-content\/uploads\/2024\/10\/Sajam-sl2.jpg 756w\" sizes=\"(max-width: 142px) 100vw, 142px\" \/><\/a><\/p><p style=\"font-weight: 400\"><strong>Cilj potpune realizacije Projekta u\u010de\u0161\u0107a Univerziteta ,,MB\u201c, Poslovni i pravni fakultet i Akademija klasi\u010dnog slikarstva i Osnovne \u0161kole je:<\/strong><\/p><ul style=\"font-weight: 400\"><li>Prezentacija i promovisanje mogu\u0107nosti i pove\u0107anje vidljivosti Univerziteta ,,MB\u201c\u00a0\u00a0i Osnovne \u0161kole ,,MB\u201c\u00a0\u00a0u Obrazovnom sistemu Republike Srbije i na globalnom planu;<\/li><li>Promocija nastavno obrazovne literature i autora;<\/li><li>Ja\u010danje veze izme\u0111u izdava\u010da, autora i \u010ditalaca;<\/li><li>Promocija Kataloga studijskih programa na Univerzitetu\u00a0,,MB\u201c\u00a0\u00a0i Osnovnoj \u0161koli\u00a0,,MB\u201c;<\/li><li>Promocija mogu\u0107nosti i likovnog stvarala\u0161tva studenata i profesora Akademije klasi\u010dnog slikarstva Univerziteta\u00a0,,MB\u201c.\u00a0\u00a0<\/li><li>Promocija mogu\u0107nosti, na\u010dina rada\u00a0 i studijskog programa Osnovne \u0161kole ,,MB\u201c.<\/li><\/ul><p><a href=\"https:\/\/mbuniverzitet.edu.rs\/wp-content\/uploads\/2024\/10\/Sajam-sl5.jpg\"><img loading=\"lazy\" decoding=\"async\" class=\"aligncenter size-medium wp-image-17106\" src=\"https:\/\/mbuniverzitet.edu.rs\/wp-content\/uploads\/2024\/10\/Sajam-sl5-225x300.jpg\" alt=\"\" width=\"225\" height=\"300\" srcset=\"https:\/\/mbuniverzitet.edu.rs\/wp-content\/uploads\/2024\/10\/Sajam-sl5-225x300.jpg 225w, https:\/\/mbuniverzitet.edu.rs\/wp-content\/uploads\/2024\/10\/Sajam-sl5-768x1024.jpg 768w, https:\/\/mbuniverzitet.edu.rs\/wp-content\/uploads\/2024\/10\/Sajam-sl5-1152x1536.jpg 1152w, https:\/\/mbuniverzitet.edu.rs\/wp-content\/uploads\/2024\/10\/Sajam-sl5-9x12.jpg 9w, https:\/\/mbuniverzitet.edu.rs\/wp-content\/uploads\/2024\/10\/Sajam-sl5.jpg 1200w\" sizes=\"(max-width: 225px) 100vw, 225px\" \/><\/a><\/p><p><a href=\"https:\/\/mbuniverzitet.edu.rs\/wp-content\/uploads\/2024\/10\/Sajam-sl8.jpg\"><img loading=\"lazy\" decoding=\"async\" class=\"aligncenter size-medium wp-image-17099\" src=\"https:\/\/mbuniverzitet.edu.rs\/wp-content\/uploads\/2024\/10\/Sajam-sl8-225x300.jpg\" alt=\"\" width=\"225\" height=\"300\" srcset=\"https:\/\/mbuniverzitet.edu.rs\/wp-content\/uploads\/2024\/10\/Sajam-sl8-225x300.jpg 225w, https:\/\/mbuniverzitet.edu.rs\/wp-content\/uploads\/2024\/10\/Sajam-sl8-768x1024.jpg 768w, https:\/\/mbuniverzitet.edu.rs\/wp-content\/uploads\/2024\/10\/Sajam-sl8-1152x1536.jpg 1152w, https:\/\/mbuniverzitet.edu.rs\/wp-content\/uploads\/2024\/10\/Sajam-sl8-9x12.jpg 9w, https:\/\/mbuniverzitet.edu.rs\/wp-content\/uploads\/2024\/10\/Sajam-sl8.jpg 1200w\" sizes=\"(max-width: 225px) 100vw, 225px\" \/><\/a><\/p><p><div style=\"width: 1024px;\" class=\"wp-video\"><video class=\"wp-video-shortcode\" id=\"video-7582-6\" width=\"1024\" height=\"576\" preload=\"metadata\" controls=\"controls\"><source type=\"video\/mp4\" src=\"https:\/\/mbuniverzitet.edu.rs\/wp-content\/uploads\/2024\/10\/Sajam-2024-film.mp4?_=6\" \/><a href=\"https:\/\/mbuniverzitet.edu.rs\/wp-content\/uploads\/2024\/10\/Sajam-2024-film.mp4\">https:\/\/mbuniverzitet.edu.rs\/wp-content\/uploads\/2024\/10\/Sajam-2024-film.mp4<\/a><\/video><\/div><\/p><p style=\"font-weight: 400\">Pozivaju se svi stalno zaposleni na Univerzitetu ,,MB\u201c i Osnovnoj \u0161koli ,,MB\u201c da do\u0111u na otvaranje sajma i posete na\u0161 \u0161tand u vremenu od 19.10.2024. godine do 27.10.2024. godine.\u00a0<\/p><p><a href=\"https:\/\/mbuniverzitet.edu.rs\/wp-content\/uploads\/2024\/10\/Sajam-sl6.jpg\"><img loading=\"lazy\" decoding=\"async\" class=\"aligncenter size-medium wp-image-17107\" src=\"https:\/\/mbuniverzitet.edu.rs\/wp-content\/uploads\/2024\/10\/Sajam-sl6-225x300.jpg\" alt=\"\" width=\"225\" height=\"300\" srcset=\"https:\/\/mbuniverzitet.edu.rs\/wp-content\/uploads\/2024\/10\/Sajam-sl6-225x300.jpg 225w, https:\/\/mbuniverzitet.edu.rs\/wp-content\/uploads\/2024\/10\/Sajam-sl6-768x1024.jpg 768w, https:\/\/mbuniverzitet.edu.rs\/wp-content\/uploads\/2024\/10\/Sajam-sl6-1152x1536.jpg 1152w, https:\/\/mbuniverzitet.edu.rs\/wp-content\/uploads\/2024\/10\/Sajam-sl6-9x12.jpg 9w, https:\/\/mbuniverzitet.edu.rs\/wp-content\/uploads\/2024\/10\/Sajam-sl6.jpg 1200w\" sizes=\"(max-width: 225px) 100vw, 225px\" \/><\/a><\/p><p><a href=\"https:\/\/mbuniverzitet.edu.rs\/wp-content\/uploads\/2024\/10\/Sajam-sl7.jpg\"><img loading=\"lazy\" decoding=\"async\" class=\"aligncenter size-medium wp-image-17108\" src=\"https:\/\/mbuniverzitet.edu.rs\/wp-content\/uploads\/2024\/10\/Sajam-sl7-225x300.jpg\" alt=\"\" width=\"225\" height=\"300\" srcset=\"https:\/\/mbuniverzitet.edu.rs\/wp-content\/uploads\/2024\/10\/Sajam-sl7-225x300.jpg 225w, https:\/\/mbuniverzitet.edu.rs\/wp-content\/uploads\/2024\/10\/Sajam-sl7-768x1024.jpg 768w, https:\/\/mbuniverzitet.edu.rs\/wp-content\/uploads\/2024\/10\/Sajam-sl7-1152x1536.jpg 1152w, https:\/\/mbuniverzitet.edu.rs\/wp-content\/uploads\/2024\/10\/Sajam-sl7-9x12.jpg 9w, https:\/\/mbuniverzitet.edu.rs\/wp-content\/uploads\/2024\/10\/Sajam-sl7.jpg 1200w\" sizes=\"(max-width: 225px) 100vw, 225px\" \/><\/a><\/p><\/div>\n\t\t\t\t\t<\/div><\/div>\t\t\t\t<\/div>\n\t\t\t\t<\/div>\n\t\t\t\t<div class=\"elementor-element elementor-element-90bb6df exad-sticky-section-no exad-glass-effect-no elementor-widget elementor-widget-eael-adv-accordion\" data-id=\"90bb6df\" data-element_type=\"widget\" data-e-type=\"widget\" data-widget_type=\"eael-adv-accordion.default\">\n\t\t\t\t<div class=\"elementor-widget-container\">\n\t\t\t\t\t            <div class=\"eael-adv-accordion\" id=\"eael-adv-accordion-90bb6df\" data-scroll-on-click=\"no\" data-scroll-speed=\"300\" data-accordion-id=\"90bb6df\" data-accordion-type=\"accordion\" data-toogle-speed=\"300\">\n            <div class=\"eael-accordion-list\">\n\t\t\t\t\t<div id=\"na-sednici-saveta-univerziteta-mb-doneena-je-odluka-da-se-realizuje-meunarodna-esd-konferencija-u-2025-godini-usvojena-je-generalna-tema-konferencije-pod-nazivom-ekonomski-i-drutveni-razvoj-u-bipolarnom-i-multipolarnom-okruenju-vidi-vie\" class=\"elementor-tab-title eael-accordion-header\" tabindex=\"0\" data-tab=\"1\" aria-controls=\"elementor-tab-content-1511\"><span class=\"eael-accordion-tab-title\">Na sednici Saveta Univerziteta MB done\u0161ena je Odluka da se realizuje Me\u0111unarodna ESD konferencija u 2025. godini. Usvojena je generalna tema konferencije pod nazivom  ,,EKONOMSKI I DRU\u0160TVENI RAZVOJ U BIPOLARNOM I MULTIPOLARNOM OKRU\u017dENJU\u201c. (Vidi vi\u0161e)<\/span><\/div><div id=\"elementor-tab-content-1511\" class=\"eael-accordion-content clearfix\" data-tab=\"1\" aria-labelledby=\"na-sednici-saveta-univerziteta-mb-doneena-je-odluka-da-se-realizuje-meunarodna-esd-konferencija-u-2025-godini-usvojena-je-generalna-tema-konferencije-pod-nazivom-ekonomski-i-drutveni-razvoj-u-bipolarnom-i-multipolarnom-okruenju-vidi-vie\"><p style=\"font-weight: 400\">Vreme realizacije: 30-31.05.2025. godine<\/p><p style=\"font-weight: 400\">Mesto realizacije: Teodora Drajzera 27, 11000 Beograd.<\/p><p style=\"font-weight: 400\"><strong>Tematske celine ESD Konferencije:\u00a0 <\/strong><a href=\"https:\/\/esd-conference.com\/conference\/127\" target=\"_blank\" rel=\"noopener\">https:\/\/esd-conference.com\/conference\/127<\/a><\/p><ol style=\"font-weight: 400\"><li>Kuda ide savremeni svet: u prosperitetni ekonomski, socijalni, kulturni i sveukupni razvoj ili u katastrofu neslu\u0107enih razmera?<\/li><li>Izazovi ekonomskog razvoja savremenih dr\u017eava u bipolarnom i multi polarnom okru\u017eenju.<\/li><li>Posledice bipolarnog i multi polarnog koncepta razvoja sveta na savremene dr\u017eave i dru\u0161tva.<\/li><li>Izazovi menad\u017ementa i biznisa u bipolarnom i multi polarnom okru\u017eenju.<\/li><li>Upravljanje krizama na lokalnom, regionalnom, nacionalnom i globalnom nivou.<\/li><li>Razli\u010dita politi\u010dko-pravna polazi\u0161ta u poimanju i tuma\u010denju genocida.<\/li><li>Izazovi razvoja pravnih sistema u savremenim dr\u017eavama u uslovima ne po\u0161tovanja me\u0111unarodnog prava.<\/li><li>Me\u0111unarodno pravo: aktuelno stanje, izazovi i perspektive.<\/li><li>Savremeni bezbednosni izazovi u bipolarnom i multi polarnom konceptu razvoja sveta.<\/li><li>Globalne i regionalne mogu\u0107nosti u re\u0161avanju aktuelnih i budu\u0107ih sukoba: studija slu\u010daja \u2013 Ukrajina, bliski Istok i Zapadni Balkan.<\/li><li>Mogu\u0107nosti razvoja i implementacije novih tehnologija i inovacija u funkciji razvoja savremenih dr\u017eava.<\/li><li>IKT u podr\u0161ci poslovanju privrednih organizacija i efikasnijem upravljanju\u00a0 dr\u017eavnih delatnosti.<\/li><li>Pozitivna iskustva i opasnosti u primeni ve\u0161ta\u010dke inteligencije u upravljanju i biznisu, ekonomiji, pravu, bezbednosti, sportu i umetnosti.<\/li><li>Sport u raljama bipolarnog i multi polarnog koncepta razvoja sveta.<\/li><li>Klasi\u010dno slikarstvo: stanje i perspektive<\/li><\/ol><p style=\"font-weight: 400\"><strong>\u00a0<\/strong><\/p><p style=\"font-weight: 400\"><strong>Editors:\u00a0<\/strong>Milija Bogavac, \u017divanka Miladinovi\u0107 Bogavac, Domagoj Cingula.<\/p><p style=\"font-weight: 400\"><strong>Programski odbor konferencije ispred Univerziteta MB:<\/strong><\/p><p style=\"font-weight: 400\">Prof. dr Du\u0161an Regodi\u0107, prof. dr Zoran Bingulac, prof. dr \u017divanka Miladinovi\u0107 Bogavac, prof. dr Ne\u0111o Danilovi\u0107, prof. dr Marija Kosti\u0107, prof. dr Aleksandar Pe\u0161i\u0107, prof. dr Milo\u0161 Stankovi\u0107, prof. dr Dragana Lazi\u0107 i doc Nenad Stankovi\u0107.<\/p><p style=\"font-weight: 400\"><strong>Organizacioni odbor konferencije ispred Univerziteta MB:<\/strong><\/p><p style=\"font-weight: 400\">Prof. dr Milija Bogavac, prof. dr Du\u0161an Regodi\u0107, prof. dr Zoran Bingulac, prof. dr \u017divanka Miladinovi\u0107 Bogavac, prof, dr Ne\u0111o Danilovi\u0107, prof. dr Milo\u0161 Stankovi\u0107, docent \u00a0Nenad Stankovi\u0107, prof. dr Sne\u017eana Maksimovi\u0107, MS Marina Dabeti\u0107, i Msc Aleksandar Mati\u0107.<\/p><p style=\"font-weight: 400\"><strong>Recenzentski odbor ispred Univerziteta MB:<\/strong><\/p><p style=\"font-weight: 400\">Prof. dr Du\u0161an Regodi\u0107, prof. dr Ne\u0111o Danilovi\u0107, prof. dr Boris Krivokapi\u0107, prof. dr Dragan Manojlovi\u0107, prof. dr Milo\u0161 Stankovi\u0107, prof. dr Aleksandar Damjanovi\u0107, prof. dr Vesna Milanovi\u0107, prof dr Aleksandar Markovi\u0107, prof dr Vileta \u0160iljak, prof. dr Sne\u017eana Maksimovi\u0107, prof. dr Dragana Lazi\u0107, docent dr Milan Markovi\u0107, doc. dr Ivana Dragutinovi\u0107 Sokolovski i doc Nenad Stankovi\u0107.<\/p><p style=\"font-weight: 400\"><em>Savet Univerziteta ,,MB\u201c<\/em><\/p><p style=\"font-weight: 400\"><em>10.10.2024. godine, Beograd<\/em><\/p><\/div>\n\t\t\t\t\t<\/div><\/div>\t\t\t\t<\/div>\n\t\t\t\t<\/div>\n\t\t\t\t<div class=\"elementor-element elementor-element-382a9c4 exad-sticky-section-no exad-glass-effect-no elementor-widget elementor-widget-eael-adv-accordion\" data-id=\"382a9c4\" data-element_type=\"widget\" data-e-type=\"widget\" data-widget_type=\"eael-adv-accordion.default\">\n\t\t\t\t<div class=\"elementor-widget-container\">\n\t\t\t\t\t            <div class=\"eael-adv-accordion\" id=\"eael-adv-accordion-382a9c4\" data-scroll-on-click=\"no\" data-scroll-speed=\"300\" data-accordion-id=\"382a9c4\" data-accordion-type=\"accordion\" data-toogle-speed=\"300\">\n            <div class=\"eael-accordion-list\">\n\t\t\t\t\t<div id=\"obavetavamo-studente-i-sve-zaposlene-da-je-u-procesu-realizacije-prve-akreditacije-sp-oas-menadment-u-sportu-realizovana-poseta-recenzentske-komisije-nat-a-ministarstva-prosvete-i-nauke-vidi-vie\" class=\"elementor-tab-title eael-accordion-header\" tabindex=\"0\" data-tab=\"1\" aria-controls=\"elementor-tab-content-5881\"><span class=\"eael-accordion-tab-title\">Obave\u0161tavamo studente i sve zaposlene da je u procesu realizacije prve akreditacije SP OAS Menad\u017ement u sportu realizovana poseta recenzentske komisije  NAT-a Ministarstva prosvete i nauke. (Vidi vi\u0161e)<\/span><\/div><div id=\"elementor-tab-content-5881\" class=\"eael-accordion-content clearfix\" data-tab=\"1\" aria-labelledby=\"obavetavamo-studente-i-sve-zaposlene-da-je-u-procesu-realizacije-prve-akreditacije-sp-oas-menadment-u-sportu-realizovana-poseta-recenzentske-komisije-nat-a-ministarstva-prosvete-i-nauke-vidi-vie\"><p>Dana 09.10.2024. godine realizovana je poseta recenzentske komisije \u00a0NAT-a Univerzitetu &#8222;MB&#8220; Beograd &#8211; Poslovnom i pravnom fakultetu Beograd \u2013 Mladenovac.<\/p><p>Komisija je posle uvida u dostavljen akreditacioni materijal izlo\u017eila ukupni pozitivan stav i ocenu o: standardima i savremenosti i me\u0111unarodnoj usagla\u0161enosti sadr\u017eaja SP OAS Menad\u017ement u sportu, infrastukturi i svim materijalnim resursima koji su u funkciji realizacije nastavnog procesa, nastavnom kadru, nastavno obrazovnoj literaturi, me\u0111unarodnoj usagla\u0161enosti sadr\u017eaja i ciljeva studijskog programa, posebno istakla jasno nagla\u0161ene kompetencije diplomiranih menad\u017eera u sportu. Komisija je istakla odli\u010dno uspostavljenu upisnu politiku, na\u010din realizacije nastavnog procesa i sistem vrednovanja studentskog rada, rad studentskog parlamenta, saradnju sa privredom, alumni organizaciju i usagla\u0161enost diplome i dodatka diplome sa standardima NAT-a i Zakona o visokom obrazovanju u Republici Srbiji. Definisane standarde i softverska re\u0161enja kontrole kvaliteta svih poslovnih procesa na Univerzitetu ,,MB\u201c.<\/p><p><a href=\"https:\/\/mbuniverzitet.edu.rs\/wp-content\/uploads\/2024\/10\/MUS-Akreditacija-Sl2.jpg\"><img loading=\"lazy\" decoding=\"async\" class=\"aligncenter wp-image-17047 size-medium\" src=\"https:\/\/mbuniverzitet.edu.rs\/wp-content\/uploads\/2024\/10\/MUS-Akreditacija-Sl2-300x200.jpg\" alt=\"\" width=\"300\" height=\"200\" srcset=\"https:\/\/mbuniverzitet.edu.rs\/wp-content\/uploads\/2024\/10\/MUS-Akreditacija-Sl2-300x200.jpg 300w, https:\/\/mbuniverzitet.edu.rs\/wp-content\/uploads\/2024\/10\/MUS-Akreditacija-Sl2-768x512.jpg 768w, https:\/\/mbuniverzitet.edu.rs\/wp-content\/uploads\/2024\/10\/MUS-Akreditacija-Sl2-18x12.jpg 18w, https:\/\/mbuniverzitet.edu.rs\/wp-content\/uploads\/2024\/10\/MUS-Akreditacija-Sl2.jpg 1000w\" sizes=\"(max-width: 300px) 100vw, 300px\" \/><\/a><\/p><p>Izabrani kompetentan radni tim koji je radio kompletan materijal za akreditaciju \u00a0SP OAS Menad\u017ement u sportu je prihvatio Komisiju ispred Univerziteta ,,MB\u201c Poslovni i pravni fakultet. Sastav radnog tima:<\/p><p>\u00a0<\/p><p>Redovni prof dr Du\u0161an Regodi\u0107, dipl. in\u017e., Predsednik Saveta Univerziteta ,,MB\u201c i noslac izrade kompletnog radnog materijala za akreditaciju.<\/p><p>Vanredni profesor dr \u017divanka Miladinovi\u0107-Bogavac \u2013 Predstavnik vlasnika i prorektor za nastavu na Univerzitetu ,,MB\u201c<\/p><p>Vanredni profesor dr Marija Kosti\u0107 &#8211; prorektor za kvalitet i me\u0111unarodnu saradnju na Univerzitetu ,,MB\u201c<\/p><p>Redovni profesor dr Violeta \u0160iljak,<\/p><p>Docent dr Boris Glava\u010d<\/p><p>Docent dr Ivan Zari\u0107<\/p><p>Docent dr Milan Markovi\u0107<\/p><p>Vanredni profesor dr Goran Babi\u0107 -direktor O\u0160 ,,MB\u201c i predstavnik Alumni udru\u017eenja na Univerzitetu ,,MB\u201c<\/p><p>Msc Aleksandar Mati\u0107 &#8211; Sekretar Univerziteta ,,MB\u201c<\/p><p>Msc Dragan Stankovi\u0107 &#8211; sistem in\u017eenjer za informati\u010dku podr\u0161ku radu na Univerzitetu ,,MB\u201c<\/p><p>Mia Stani\u0161i\u0107 -student master studija Informacionih tehnologija i student prorektor na Univerzitetu ,,MB\u201c<\/p><p>Jovan \u0110uki\u0107, student Informacionih tehnologija PPF i predstavnik studenata na Univerzitetu ,,MB\u201c<\/p><p>Msc Gojko Vlaisavljevi\u0107, predstavnik privrede iz Po\u0161tanske \u0161tedionice.<\/p><p><a href=\"https:\/\/mbuniverzitet.edu.rs\/wp-content\/uploads\/2024\/10\/MUS-Akreditacija-Sl1.jpg\"><img loading=\"lazy\" decoding=\"async\" class=\"aligncenter wp-image-17048 size-medium\" src=\"https:\/\/mbuniverzitet.edu.rs\/wp-content\/uploads\/2024\/10\/MUS-Akreditacija-Sl1-300x200.jpg\" alt=\"\" width=\"300\" height=\"200\" srcset=\"https:\/\/mbuniverzitet.edu.rs\/wp-content\/uploads\/2024\/10\/MUS-Akreditacija-Sl1-300x200.jpg 300w, https:\/\/mbuniverzitet.edu.rs\/wp-content\/uploads\/2024\/10\/MUS-Akreditacija-Sl1-768x512.jpg 768w, https:\/\/mbuniverzitet.edu.rs\/wp-content\/uploads\/2024\/10\/MUS-Akreditacija-Sl1-18x12.jpg 18w, https:\/\/mbuniverzitet.edu.rs\/wp-content\/uploads\/2024\/10\/MUS-Akreditacija-Sl1.jpg 1000w\" sizes=\"(max-width: 300px) 100vw, 300px\" \/><\/a><\/p><p><strong>Menad\u017ement\u00a0\u00a0Univerziteta ,,MB\u201c<\/strong><\/p><\/div>\n\t\t\t\t\t<\/div><\/div>\t\t\t\t<\/div>\n\t\t\t\t<\/div>\n\t\t\t\t<div class=\"elementor-element elementor-element-a9ba97d exad-sticky-section-no exad-glass-effect-no elementor-widget elementor-widget-eael-adv-accordion\" data-id=\"a9ba97d\" data-element_type=\"widget\" data-e-type=\"widget\" data-widget_type=\"eael-adv-accordion.default\">\n\t\t\t\t<div class=\"elementor-widget-container\">\n\t\t\t\t\t            <div class=\"eael-adv-accordion\" id=\"eael-adv-accordion-a9ba97d\" data-scroll-on-click=\"no\" data-scroll-speed=\"300\" data-accordion-id=\"a9ba97d\" data-accordion-type=\"accordion\" data-toogle-speed=\"300\">\n            <div class=\"eael-accordion-list\">\n\t\t\t\t\t<div id=\"na-univerzitetu-mb-na-poslovnom-i-pravnom-fakultetu-i-akademiji-klasinog-slikarstva-je-akreditovano-17-studijskih-programa-na-oas-mas-i-das-sadraj-studijskih-programa-i-osnovne-informacije-o-institucijama-su-dati-u-novom-katalogu-vidi-vie\" class=\"elementor-tab-title eael-accordion-header\" tabindex=\"0\" data-tab=\"1\" aria-controls=\"elementor-tab-content-1771\"><span class=\"eael-accordion-tab-title\">Na Univerzitetu ,,MB\" na Poslovnom i pravnom fakultetu i Akademiji klasi\u010dnog slikarstva  je akreditovano 17 studijskih programa na OAS, MAS i DAS. Sadr\u017eaj studijskih programa i   osnovne informacije  o institucijama su dati u novom Katalogu.  (Vidi vi\u0161e)<\/span><\/div><div id=\"elementor-tab-content-1771\" class=\"eael-accordion-content clearfix\" data-tab=\"1\" aria-labelledby=\"na-univerzitetu-mb-na-poslovnom-i-pravnom-fakultetu-i-akademiji-klasinog-slikarstva-je-akreditovano-17-studijskih-programa-na-oas-mas-i-das-sadraj-studijskih-programa-i-osnovne-informacije-o-institucijama-su-dati-u-novom-katalogu-vidi-vie\"><p style=\"font-weight: 400\"><a href=\"https:\/\/mbuniverzitet.edu.rs\/wp-content\/uploads\/2024\/10\/Katalog-Univerziteta-MB-2024.pdf\" target=\"_blank\" rel=\"noopener\">Katalog osnovnih, master i doktorskih akademskih studija akreditovanih na Univerzitetu &#8222;MB&#8220;<\/a><\/p><\/div>\n\t\t\t\t\t<\/div><\/div>\t\t\t\t<\/div>\n\t\t\t\t<\/div>\n\t\t\t\t<div class=\"elementor-element elementor-element-823c998 exad-sticky-section-no exad-glass-effect-no elementor-widget elementor-widget-eael-adv-accordion\" data-id=\"823c998\" data-element_type=\"widget\" data-e-type=\"widget\" data-widget_type=\"eael-adv-accordion.default\">\n\t\t\t\t<div class=\"elementor-widget-container\">\n\t\t\t\t\t            <div class=\"eael-adv-accordion\" id=\"eael-adv-accordion-823c998\" data-scroll-on-click=\"no\" data-scroll-speed=\"300\" data-accordion-id=\"823c998\" data-accordion-type=\"accordion\" data-toogle-speed=\"300\">\n            <div class=\"eael-accordion-list\">\n\t\t\t\t\t<div id=\"dana-30092024-godine-obavljen-je-prijem-studenata-prve-godine-osnovnih-akademskih-studija-i-realizovan-prvi-nastavni-as-sa-studentima-studijskih-programa-pravo-ekonomija-poslovni-menadment-informacione-tehnologije-menadment-u-bezbednosti-i-klasinog-slikarstva-vidi-vie\" class=\"elementor-tab-title eael-accordion-header\" tabindex=\"0\" data-tab=\"1\" aria-controls=\"elementor-tab-content-1361\"><span class=\"eael-accordion-tab-title\">Dana 30.09.2024. godine obavljen je prijem studenata prve godine osnovnih akademskih studija i realizovan prvi nastavni \u010das sa studentima studijskih programa: Pravo, Ekonomija, Poslovni menad\u017ement, Informacione tehnologije, Menad\u017ement u bezbednosti i Klasi\u010dnog slikarstva (Vidi vi\u0161e)<\/span><\/div><div id=\"elementor-tab-content-1361\" class=\"eael-accordion-content clearfix\" data-tab=\"1\" aria-labelledby=\"dana-30092024-godine-obavljen-je-prijem-studenata-prve-godine-osnovnih-akademskih-studija-i-realizovan-prvi-nastavni-as-sa-studentima-studijskih-programa-pravo-ekonomija-poslovni-menadment-informacione-tehnologije-menadment-u-bezbednosti-i-klasinog-slikarstva-vidi-vie\"><p style=\"font-weight: 400\">Prijem su organizovali i realizovali:<\/p><ul style=\"font-weight: 400\"><li>Prorektor za nastavu na Univerzitetu MB (ujedno predstavnik vlasnika) \u00a0prof. dr \u017divanka Miladinovi\u0107-Bogavac,<\/li><li>Predsednik Saveta Univerziteta MB\u00a0 redovni profesor dr Du\u0161an Regodi\u0107, dipl.in\u017e,<\/li><li>Prorektor za nauku prof. dr Ne\u0111o Danilovi\u0107,<\/li><li>Prorektor za me\u0111unardonu saradnju i kvalitet prof dr Marija Kosti\u0107,<\/li><li>Prodekan za nastavu na Poslovnom i pravnom fakultetu Univerziteta MB dr Dragana \u0110uri\u0107,<\/li><li>Docent umetnosti \u00a0Nenad Stankovi\u0107.<\/li><\/ul><p><a href=\"https:\/\/mbuniverzitet.edu.rs\/wp-content\/uploads\/2024\/10\/Prijem-brucosa-2024-sl1.jpg\"><img loading=\"lazy\" decoding=\"async\" class=\"aligncenter size-medium wp-image-17014\" src=\"https:\/\/mbuniverzitet.edu.rs\/wp-content\/uploads\/2024\/10\/Prijem-brucosa-2024-sl1-225x300.jpg\" alt=\"\" width=\"225\" height=\"300\" srcset=\"https:\/\/mbuniverzitet.edu.rs\/wp-content\/uploads\/2024\/10\/Prijem-brucosa-2024-sl1-225x300.jpg 225w, https:\/\/mbuniverzitet.edu.rs\/wp-content\/uploads\/2024\/10\/Prijem-brucosa-2024-sl1-768x1024.jpg 768w, https:\/\/mbuniverzitet.edu.rs\/wp-content\/uploads\/2024\/10\/Prijem-brucosa-2024-sl1-9x12.jpg 9w, https:\/\/mbuniverzitet.edu.rs\/wp-content\/uploads\/2024\/10\/Prijem-brucosa-2024-sl1.jpg 1000w\" sizes=\"(max-width: 225px) 100vw, 225px\" \/><\/a><\/p><p><a href=\"https:\/\/mbuniverzitet.edu.rs\/wp-content\/uploads\/2024\/10\/Prijem-brucosa-2024-sl2.jpg\"><img loading=\"lazy\" decoding=\"async\" class=\"aligncenter size-medium wp-image-17015\" src=\"https:\/\/mbuniverzitet.edu.rs\/wp-content\/uploads\/2024\/10\/Prijem-brucosa-2024-sl2-300x225.jpg\" alt=\"\" width=\"300\" height=\"225\" srcset=\"https:\/\/mbuniverzitet.edu.rs\/wp-content\/uploads\/2024\/10\/Prijem-brucosa-2024-sl2-300x225.jpg 300w, https:\/\/mbuniverzitet.edu.rs\/wp-content\/uploads\/2024\/10\/Prijem-brucosa-2024-sl2-1024x768.jpg 1024w, https:\/\/mbuniverzitet.edu.rs\/wp-content\/uploads\/2024\/10\/Prijem-brucosa-2024-sl2-768x576.jpg 768w, https:\/\/mbuniverzitet.edu.rs\/wp-content\/uploads\/2024\/10\/Prijem-brucosa-2024-sl2-16x12.jpg 16w, https:\/\/mbuniverzitet.edu.rs\/wp-content\/uploads\/2024\/10\/Prijem-brucosa-2024-sl2.jpg 1333w\" sizes=\"(max-width: 300px) 100vw, 300px\" \/><\/a><\/p><p style=\"font-weight: 400\">U predivnom ambijentu u uvodnom delu studente je pozdravila i po\u017eelela dobrodoi\u0161licu na Univerzitet ,,MB\u201c prorektor za nastavu i predstavnik vlasnika prof dr \u017divanka Miladinovi\u0107-Bogavac. Studente je pozdravi predsednika Saveta Univerziteta ,,MB\u201c i po\u017eeleo dobrodoi\u0161licu. Profesor Regodi\u0107 je odr\u017eao uvodni \u010das. Kroz izlaganje studenti su dobili osnovne informacije o: Univerzitetu MB, Poslovnom i pravnom fakultetu, Akademiji klasi\u010dnog slikarstva, na\u010dinu studiranja, Bolonjskom procesu, studenstkom \u017eivotu, materijalnoj bazi nastave, nastavnoj i obrazovnoj literuri, Studentskom Parlamentu, Alumni organizaciji studenata, studentskom kodeksu, javnosti u radu, studentskom sme\u0161taju, brojnim izazovima i na\u010dinu \u017eivota u Beogradu.<\/p><p><a href=\"https:\/\/mbuniverzitet.edu.rs\/wp-content\/uploads\/2024\/10\/Prijem-brucosa-2024-sl3.jpg\"><img loading=\"lazy\" decoding=\"async\" class=\"aligncenter size-medium wp-image-17016\" src=\"https:\/\/mbuniverzitet.edu.rs\/wp-content\/uploads\/2024\/10\/Prijem-brucosa-2024-sl3-225x300.jpg\" alt=\"\" width=\"225\" height=\"300\" srcset=\"https:\/\/mbuniverzitet.edu.rs\/wp-content\/uploads\/2024\/10\/Prijem-brucosa-2024-sl3-225x300.jpg 225w, https:\/\/mbuniverzitet.edu.rs\/wp-content\/uploads\/2024\/10\/Prijem-brucosa-2024-sl3-768x1024.jpg 768w, https:\/\/mbuniverzitet.edu.rs\/wp-content\/uploads\/2024\/10\/Prijem-brucosa-2024-sl3-9x12.jpg 9w, https:\/\/mbuniverzitet.edu.rs\/wp-content\/uploads\/2024\/10\/Prijem-brucosa-2024-sl3.jpg 1000w\" sizes=\"(max-width: 225px) 100vw, 225px\" \/><\/a><\/p><p><a href=\"https:\/\/mbuniverzitet.edu.rs\/wp-content\/uploads\/2024\/10\/Prijem-brucosa-2024-sl4.jpg\"><img loading=\"lazy\" decoding=\"async\" class=\"aligncenter size-medium wp-image-17017\" src=\"https:\/\/mbuniverzitet.edu.rs\/wp-content\/uploads\/2024\/10\/Prijem-brucosa-2024-sl4-225x300.jpg\" alt=\"\" width=\"225\" height=\"300\" srcset=\"https:\/\/mbuniverzitet.edu.rs\/wp-content\/uploads\/2024\/10\/Prijem-brucosa-2024-sl4-225x300.jpg 225w, https:\/\/mbuniverzitet.edu.rs\/wp-content\/uploads\/2024\/10\/Prijem-brucosa-2024-sl4-768x1024.jpg 768w, https:\/\/mbuniverzitet.edu.rs\/wp-content\/uploads\/2024\/10\/Prijem-brucosa-2024-sl4-9x12.jpg 9w, https:\/\/mbuniverzitet.edu.rs\/wp-content\/uploads\/2024\/10\/Prijem-brucosa-2024-sl4.jpg 1000w\" sizes=\"(max-width: 225px) 100vw, 225px\" \/><\/a><\/p><p style=\"font-weight: 400\">Posle organizovanog prijema sa zainteresovanim studentima su dodatno odvojeno obavili razgovor i prisutni profesori Poslovnog i pravnog fakulteta i Akademije kalsi\u010dnog slikarstva i odgovorili na sva pitanja vezana za na\u010din studiranja i rad na fakultetu i akademiji.<\/p><p style=\"font-weight: 400\"><a href=\"https:\/\/mbuniverzitet.edu.rs\/wp-content\/uploads\/2024\/10\/Prijem-brucosa-2024-sl5.jpg\"><img loading=\"lazy\" decoding=\"async\" class=\"aligncenter size-medium wp-image-17018\" src=\"https:\/\/mbuniverzitet.edu.rs\/wp-content\/uploads\/2024\/10\/Prijem-brucosa-2024-sl5-225x300.jpg\" alt=\"\" width=\"225\" height=\"300\" srcset=\"https:\/\/mbuniverzitet.edu.rs\/wp-content\/uploads\/2024\/10\/Prijem-brucosa-2024-sl5-225x300.jpg 225w, https:\/\/mbuniverzitet.edu.rs\/wp-content\/uploads\/2024\/10\/Prijem-brucosa-2024-sl5-768x1024.jpg 768w, https:\/\/mbuniverzitet.edu.rs\/wp-content\/uploads\/2024\/10\/Prijem-brucosa-2024-sl5-9x12.jpg 9w, https:\/\/mbuniverzitet.edu.rs\/wp-content\/uploads\/2024\/10\/Prijem-brucosa-2024-sl5.jpg 1000w\" sizes=\"(max-width: 225px) 100vw, 225px\" \/><\/a><\/p><p><a href=\"https:\/\/mbuniverzitet.edu.rs\/wp-content\/uploads\/2024\/10\/Prijem-brucosa-2024-sl7.jpg\"><img loading=\"lazy\" decoding=\"async\" class=\"aligncenter size-medium wp-image-17020\" src=\"https:\/\/mbuniverzitet.edu.rs\/wp-content\/uploads\/2024\/10\/Prijem-brucosa-2024-sl7-300x225.jpg\" alt=\"\" width=\"300\" height=\"225\" srcset=\"https:\/\/mbuniverzitet.edu.rs\/wp-content\/uploads\/2024\/10\/Prijem-brucosa-2024-sl7-300x225.jpg 300w, https:\/\/mbuniverzitet.edu.rs\/wp-content\/uploads\/2024\/10\/Prijem-brucosa-2024-sl7-768x576.jpg 768w, https:\/\/mbuniverzitet.edu.rs\/wp-content\/uploads\/2024\/10\/Prijem-brucosa-2024-sl7-16x12.jpg 16w, https:\/\/mbuniverzitet.edu.rs\/wp-content\/uploads\/2024\/10\/Prijem-brucosa-2024-sl7.jpg 1000w\" sizes=\"(max-width: 300px) 100vw, 300px\" \/><\/a><\/p><p style=\"font-weight: 400\">Predsednik Saveta Univerziteta MB je u ime vlasnika uputio pismo dobrodo\u0161lice studentima prve godine svih studijskih programa.\u00a0<a href=\"https:\/\/mbuniverzitet.edu.rs\/wp-content\/uploads\/2024\/10\/Prijem-brucosa-2024-dobrodoslica-predsednika-Saveta-Univerziteta-MB.pdf\" target=\"_blank\" rel=\"noopener\">(<strong>Vidi vi\u0161e)<\/strong><\/a><\/p><\/div>\n\t\t\t\t\t<\/div><\/div>\t\t\t\t<\/div>\n\t\t\t\t<\/div>\n\t\t\t\t<div class=\"elementor-element elementor-element-c261cdd exad-sticky-section-no exad-glass-effect-no elementor-widget elementor-widget-eael-adv-accordion\" data-id=\"c261cdd\" data-element_type=\"widget\" data-e-type=\"widget\" data-widget_type=\"eael-adv-accordion.default\">\n\t\t\t\t<div class=\"elementor-widget-container\">\n\t\t\t\t\t            <div class=\"eael-adv-accordion\" id=\"eael-adv-accordion-c261cdd\" data-scroll-on-click=\"no\" data-scroll-speed=\"300\" data-accordion-id=\"c261cdd\" data-accordion-type=\"accordion\" data-toogle-speed=\"300\">\n            <div class=\"eael-accordion-list\">\n\t\t\t\t\t<div id=\"obavetenje-o-mogunosti-slanja-radova-na-meunarodne-naune-konferencije-vidi-vie\" class=\"elementor-tab-title eael-accordion-header\" tabindex=\"0\" data-tab=\"1\" aria-controls=\"elementor-tab-content-2031\"><span class=\"eael-accordion-tab-title\">Obave\u0161tenje o mogu\u0107nosti slanja radova na Me\u0111unarodne nau\u010dne konferencije (Vidi vi\u0161e)<\/span><\/div><div id=\"elementor-tab-content-2031\" class=\"eael-accordion-content clearfix\" data-tab=\"1\" aria-labelledby=\"obavetenje-o-mogunosti-slanja-radova-na-meunarodne-naune-konferencije-vidi-vie\"><div>Obave\u0161tavaju se svi profesori i saradnici u nastavnom procesu da su u mogu\u0107nosti da po\u0161alju svoje radove\u00a0na slede\u0107e\u00a0International Scientific Conference on Economic and Social Development:<\/div><div>1. Denver (USA)<\/div><div>\u00a02.\u00a0Maribor 2024<\/div><div>3. Uzhgorod 2024<\/div><div>4.\u00a0Lisbon 2024<\/div><div>5.\u00a0Zagreb 2024<\/div><div><u><b>Videti vi\u0161e:\u00a0<\/b><\/u>\u00a0\u00a0<a href=\"https:\/\/www.esd-conference.com\/conferences\" target=\"_blank\" rel=\"noopener\">https:\/\/www.esd-conference.com\/conferences<\/a><\/div><div>\u00a0<\/div><div>Menad\u017ement Univerziteta MB<\/div><\/div>\n\t\t\t\t\t<\/div><\/div>\t\t\t\t<\/div>\n\t\t\t\t<\/div>\n\t\t\t\t<div class=\"elementor-element elementor-element-6bcc83a exad-sticky-section-no exad-glass-effect-no elementor-widget elementor-widget-eael-adv-accordion\" data-id=\"6bcc83a\" data-element_type=\"widget\" data-e-type=\"widget\" data-widget_type=\"eael-adv-accordion.default\">\n\t\t\t\t<div class=\"elementor-widget-container\">\n\t\t\t\t\t            <div class=\"eael-adv-accordion\" id=\"eael-adv-accordion-6bcc83a\" data-scroll-on-click=\"no\" data-scroll-speed=\"300\" data-accordion-id=\"6bcc83a\" data-accordion-type=\"accordion\" data-toogle-speed=\"300\">\n            <div class=\"eael-accordion-list\">\n\t\t\t\t\t<div id=\"sveani-prijem-studenata-prve-godine-brucoa-na-univerzitetu-mb-vidi-vie\" class=\"elementor-tab-title eael-accordion-header\" tabindex=\"0\" data-tab=\"1\" aria-controls=\"elementor-tab-content-1131\"><span class=\"eael-accordion-tab-title\">Sve\u010dani prijem studenata prve godine (bruco\u0161a) na Univerzitetu MB (Vidi vi\u0161e).<\/span><\/div><div id=\"elementor-tab-content-1131\" class=\"eael-accordion-content clearfix\" data-tab=\"1\" aria-labelledby=\"sveani-prijem-studenata-prve-godine-brucoa-na-univerzitetu-mb-vidi-vie\"><p style=\"font-weight: 400\">Obave\u0161tavamo Vas da \u0107e se prijem studenata prve godine studija u \u0161kolskoj 2024\/2025. godini realizovati dana\u00a0 30.09.2024. godine u 12.00 u prostorijama PPF i AKS u ulici Teodora Drajzera 27 po slede\u0107em:<\/p><ol><li style=\"font-weight: 400\">A) Studenti prava, ekonomije i bezbednosti u Amfiteatru 1. Za prijem su odgovorni:\u00a0 dr \u017divanka Miladinovi\u0107-Bogavac,\u00a0prof. dr Ne\u0111o Danilovi\u0107 i prof dr Marija Kosti\u0107.<\/li><li style=\"font-weight: 400\">B) Studenti Informacionih tehnologija, poslovnog menad\u017ementa, mend\u017ementa u sportu i klasi\u010dnog slikarstva u Amfiteatru 2. Za prijem su odgovorni: prof. dr Du\u0161an Regodi\u0107, prof. dr Dragana \u0110uri\u0107 i docent Nenad Stankovi\u0107.<\/li><\/ol><p style=\"font-weight: 400\">Tokom prijema studenti \u0107e biti informisani o: procesu studiranja na studijskim programima, studentskom \u017eivotu na Univerzitetu MB, sme\u0161taju i prevozu u Beogradu.<\/p><\/div>\n\t\t\t\t\t<\/div><\/div>\t\t\t\t<\/div>\n\t\t\t\t<\/div>\n\t\t\t\t<div class=\"elementor-element elementor-element-a62652e exad-sticky-section-no exad-glass-effect-no elementor-widget elementor-widget-eael-adv-accordion\" data-id=\"a62652e\" data-element_type=\"widget\" data-e-type=\"widget\" data-widget_type=\"eael-adv-accordion.default\">\n\t\t\t\t<div class=\"elementor-widget-container\">\n\t\t\t\t\t            <div class=\"eael-adv-accordion\" id=\"eael-adv-accordion-a62652e\" data-scroll-on-click=\"no\" data-scroll-speed=\"300\" data-accordion-id=\"a62652e\" data-accordion-type=\"accordion\" data-toogle-speed=\"300\">\n            <div class=\"eael-accordion-list\">\n\t\t\t\t\t<div id=\"informacija-o-poetku-nastavnog-procesa-na-univerzitetu-mbbrvidi-vie\" class=\"elementor-tab-title eael-accordion-header\" tabindex=\"0\" data-tab=\"1\" aria-controls=\"elementor-tab-content-1741\"><span class=\"eael-accordion-tab-title\">Informacija o po\u010detku nastavnog procesa na Univerzitetu MB<br>(Vidi vi\u0161e)<\/span><\/div><div id=\"elementor-tab-content-1741\" class=\"eael-accordion-content clearfix\" data-tab=\"1\" aria-labelledby=\"informacija-o-poetku-nastavnog-procesa-na-univerzitetu-mbbrvidi-vie\"><p style=\"font-weight: 400\">Nastava u akademskoj 2024\/2025. godini na Poslovnom i pravnom fakultetu (PPF) i Akademiji klasi\u010dnog slikarstva (AKS) Univerzitet MB po\u010dinje u skladu sa godi\u0161njim Planom realizacije nastavnog procesa:<\/p><p>a) Zimski semestar od 30.09.2024. godine do 12.01.2025. godine. Rezervno vreme za nadoknade 13.01.2025. godine do 19.01.2025. godine.<\/p><p>b) Letnji semestar od 18.02.2025. godine do 01.06.2025. godine. Rezervno vreme za nadoknadu nastave je od 02.06.2025. godine do 08.06.2025. godine.<\/p><p>c) Pre po\u010detka nastavnog procesa dekani PPF i AKS \u0107e odr\u017eati sednice Nastavno-nau\u010dnog ve\u0107a (NNV) i Nastavno-umetni\u010dkog ve\u0107a (NUV), pripremiti sve neophodne saglasnosti o anga\u017eovanju i Odluke o izboru nastavnika i saradnika.<\/p><p style=\"font-weight: 400\"><a href=\"https:\/\/mbuniverzitet.edu.rs\/wp-content\/uploads\/2024\/09\/UMB-Radni-kalendar-2024_2025.pdf\" target=\"_blank\" rel=\"noopener\">Kalendar godi\u0161njih aktivnosti u akademskoj 2024\/2025. godini<\/a><\/p><p style=\"font-weight: 400\"><a href=\"https:\/\/mbuniverzitet.edu.rs\/wp-content\/uploads\/2024\/09\/\u041e\u0434\u043b\u0443\u043a\u0430-\u0421\u0430\u0432\u0435\u0442\u0430-\u0423\u043d\u0438\u0432\u0435\u0440\u0437\u0438\u0442\u0435\u0442\u0430-\u041c\u0411-\u041d\u0430\u0441\u0442\u0430\u0432\u043d\u0438-\u043f\u0440\u043e\u0446\u0435\u0441-\u0443-2024-2025.\u0433\u043e\u0434\u0438\u043d\u0438.docx.pdf\" target=\"_blank\" rel=\"noopener\">Odluka Saveta Univerziteta MB o akademskoj 2024\/2025. godini<\/a><\/p><p><b>Savet Univerziteta MB<\/b><\/p><\/div>\n\t\t\t\t\t<\/div><\/div>\t\t\t\t<\/div>\n\t\t\t\t<\/div>\n\t\t\t\t<div class=\"elementor-element elementor-element-144bdeb exad-sticky-section-no exad-glass-effect-no elementor-widget elementor-widget-eael-adv-accordion\" data-id=\"144bdeb\" data-element_type=\"widget\" data-e-type=\"widget\" data-widget_type=\"eael-adv-accordion.default\">\n\t\t\t\t<div class=\"elementor-widget-container\">\n\t\t\t\t\t            <div class=\"eael-adv-accordion\" id=\"eael-adv-accordion-144bdeb\" data-scroll-on-click=\"no\" data-scroll-speed=\"300\" data-accordion-id=\"144bdeb\" data-accordion-type=\"accordion\" data-toogle-speed=\"300\">\n            <div class=\"eael-accordion-list\">\n\t\t\t\t\t<div id=\"-20242025-\" class=\"elementor-tab-title eael-accordion-header\" tabindex=\"0\" data-tab=\"1\" aria-controls=\"elementor-tab-content-2121\"><span class=\"eael-accordion-tab-title\">\u0427\u0435\u0441\u0442\u0438\u0442\u043a\u0430 \u0443\u0447\u0435\u043d\u0438\u0446\u0438\u043c\u0430 \u043f\u0440\u0432\u043e\u0433 \u0440\u0430\u0437\u0440\u0435\u0434\u0430 \u041e\u0441\u043d\u043e\u0432\u043d\u0435 \u0448\u043a\u043e\u043b\u0435 ,,\u041c\u0411\u201c \u043f\u043e\u0432\u043e\u0434\u043e\u043c \u0443\u0441\u043f\u0435\u0448\u043d\u043e\u0433 \u043f\u043e\u043b\u0430\u0441\u043a\u0430 \u0443 \u0448\u043a\u043e\u043b\u0443 \u0443 \u0448\u043a\u043e\u043b\u0441\u043a\u043e\u0458 2024\/2025. \u0433\u043e\u0434\u0438\u043d\u0438.<\/span><\/div><div id=\"elementor-tab-content-2121\" class=\"eael-accordion-content clearfix\" data-tab=\"1\" aria-labelledby=\"-20242025-\"><p><a href=\"https:\/\/mbuniverzitet.edu.rs\/wp-content\/uploads\/2024\/08\/cestitka-prvacima-sl1.png\"><img loading=\"lazy\" decoding=\"async\" class=\"aligncenter size-medium wp-image-16832\" src=\"https:\/\/mbuniverzitet.edu.rs\/wp-content\/uploads\/2024\/08\/cestitka-prvacima-sl1-220x300.png\" alt=\"\" width=\"220\" height=\"300\" srcset=\"https:\/\/mbuniverzitet.edu.rs\/wp-content\/uploads\/2024\/08\/cestitka-prvacima-sl1-220x300.png 220w, https:\/\/mbuniverzitet.edu.rs\/wp-content\/uploads\/2024\/08\/cestitka-prvacima-sl1-9x12.png 9w, https:\/\/mbuniverzitet.edu.rs\/wp-content\/uploads\/2024\/08\/cestitka-prvacima-sl1.png 375w\" sizes=\"(max-width: 220px) 100vw, 220px\" \/><\/a><\/p><p>\u201e\u0414\u0440\u0430\u0433\u0438\u00a0\u00a0\u043f\u0440\u0432\u0430\u0446\u0438, \u0447\u0435\u0441\u0442\u0438\u0442\u0430\u043c\u043e \u0412\u0430\u043c \u0443\u0441\u043f\u0435\u0448\u0430\u043d \u043f\u043e\u043b\u0430\u0437\u0430\u043a \u0443 \u041e\u0441\u043d\u043e\u0432\u043d\u0443 \u0448\u043a\u043e\u043b\u0443 ,,\u041c\u0411\u201c.<\/p><p>\u0416\u0435\u043b\u0438\u043c\u043e \u0412\u0430\u043c \u043f\u0443\u043d\u043e \u0443\u0441\u043f\u0435\u0445\u0430 \u043d\u0430 \u043f\u0443\u0442\u0443 \u043e\u0431\u0440\u0430\u0437\u043e\u0432\u0430\u045a\u0430, \u043d\u0430 \u043a\u043e\u0458\u0438 \u0441\u0442\u0435 \u0434\u0430\u043d\u0430\u0441 \u0437\u0430\u043a\u043e\u0440\u0430\u0447\u0438\u043b\u0438. \u0414\u0430 \u0431\u0443\u0434\u0435\u0442\u0435 \u043c\u0430\u0440\u0459\u0438\u0432\u0438 \u0443\u0447\u0435\u043d\u0438\u0446\u0438, \u0434\u043e\u0431\u0440\u0438 \u0434\u0440\u0443\u0433\u0430\u0440\u0438 \u0438 \u0434\u0430 \u0438\u0437\u0440\u0430\u0441\u0442\u0435\u0442\u0435 \u0443 \u0434\u043e\u0431\u0440\u0435, \u043e\u0441\u043f\u043e\u0441\u043e\u0431\u0459\u0435\u043d\u0435 \u0438 \u043f\u043e\u0448\u0442\u0435\u043d\u0435 \u0459\u0443\u0434\u0435, \u043d\u0430 \u043a\u043e\u0458\u0435 \u045b\u0435\u043c\u043e \u0441\u0432\u0438 \u0431\u0438\u0442\u0438 \u043f\u043e\u043d\u043e\u0441\u043d\u0438.<\/p><p><a href=\"https:\/\/mbuniverzitet.edu.rs\/wp-content\/uploads\/2024\/08\/cestitka-prvacima-sl2.png\"><img loading=\"lazy\" decoding=\"async\" class=\"aligncenter size-full wp-image-16833\" src=\"https:\/\/mbuniverzitet.edu.rs\/wp-content\/uploads\/2024\/08\/cestitka-prvacima-sl2.png\" alt=\"\" width=\"246\" height=\"242\" srcset=\"https:\/\/mbuniverzitet.edu.rs\/wp-content\/uploads\/2024\/08\/cestitka-prvacima-sl2.png 246w, https:\/\/mbuniverzitet.edu.rs\/wp-content\/uploads\/2024\/08\/cestitka-prvacima-sl2-12x12.png 12w\" sizes=\"(max-width: 246px) 100vw, 246px\" \/><\/a><\/p><p>\u0417\u043d\u0430\u043c\u043e \u0434\u0430 \u0436\u0435\u043b\u0438\u0442\u0435 \u0434\u0430 \u0443\u0447\u0438\u0442\u0435, \u0441\u0442\u0438\u0447\u0435\u0442\u0435 \u0437\u043d\u0430\u045a\u0430 \u0438 \u0434\u0430 \u0431\u0443\u0434\u0435\u0442\u0435 \u043e\u0434\u043b\u0438\u0447\u043d\u0438 \u0443\u0447\u043d\u0438\u0446\u0438. \u0418\u0437\u043d\u0430\u0434 \u0441\u0432\u0435\u0433\u0430 \u0436\u0435\u043b\u0438\u043c\u043e \u0434\u0430 \u0431\u0443\u0434\u0435\u0442\u0435 \u043b\u0435\u043f\u043e \u0432\u0430\u0441\u043f\u0438\u0442\u0430\u043d\u0438 \u0438 \u043f\u0440\u0438\u0441\u0442\u043e\u0458\u043d\u0438 \u0443 \u043e\u0434\u043d\u043e\u0441\u0443 \u043d\u0430 \u0412\u0430\u0448\u0435 \u0434\u0440\u0443\u0433\u0430\u0440\u0435 \u0438 \u0443\u0447\u0438\u0442\u0435\u0459\u0438\u0446\u0443.\u00a0\u00a0<\/p><p>\u0414\u0440\u0430\u0433\u0438 \u0443\u0447\u0435\u043d\u0438\u0446\u0438 \u0437\u0430 \u0412\u0430\u0441 \u043f\u043e\u0447\u0438\u045a\u0435 \u043d\u043e\u0432\u043e \u0434\u043e\u0431\u0430 \u0443 \u0436\u0438\u0432\u043e\u0442\u0443 \u0437\u0430\u0442\u043e \u0412\u0430\u043c \u0436\u0435\u043b\u0438\u043c\u043e \u0434\u0430 \u043e\u043d\u043e \u0431\u0443\u0434\u0435 \u0448\u0442\u043e \u043b\u0435\u043f\u0448\u0435, \u0434\u0430 \u0442\u043e\u043a\u043e\u043c \u045a\u0435\u0433\u0430 \u0441\u0442\u0435\u043a\u043d\u0435\u0442\u0435 \u0441\u0430\u043c\u043e \u043f\u043e\u0437\u0438\u0442\u0438\u0432\u043d\u0430 \u0438\u0441\u043a\u0443\u0441\u0442\u0432\u0430, \u0434\u0440\u0430\u0433\u043e\u0446\u0435\u043d\u043e \u0437\u043d\u0430\u045a\u0435 \u0438 \u0434\u043e\u0436\u0438\u0432\u043e\u0442\u043d\u0430 \u043f\u0440\u0438\u0458\u0430\u0442\u0435\u0459\u0441\u0442\u0432\u0430.<\/p><p>\u0427\u0443\u0432\u0430\u0458\u0442\u0435 \u0441\u0432\u043e\u0458\u0435 \u043d\u043e\u0432\u0435 \u0448\u043a\u043e\u043b\u0441\u043a\u0435 \u0434\u0440\u0443\u0433\u0430\u0440\u0435 \u0438 \u0441\u0435\u0431\u0435. \u0411\u0443\u0434\u0438\u0442\u0435 \u0432\u0435\u0441\u0435\u043b\u0438 \u0438 \u0440\u0430\u0437\u0434\u0440\u0430\u0433\u0430\u043d\u0438, \u0438\u0433\u0440\u0430\u0458\u0442\u0435 \u0441\u0435 \u0448\u0442\u043e \u0432\u0438\u0448\u0435 \u0438 \u0443\u0436\u0438\u0432\u0430\u0458\u0442\u0435, \u0443\u0441\u0432\u0430\u0458\u0430\u0458\u0442\u0435 \u043d\u043e\u0432\u0430 \u0437\u043d\u0430\u045a\u0430, \u0431\u0443\u0434\u0438\u0442\u0435 \u0440\u0430\u0434\u043e\u0437\u043d\u0430\u043b\u0438 \u0438 \u0437\u043d\u0430\u0442\u0438\u0436\u0435\u0459\u043d\u0438, \u0431\u0443\u0434\u0438\u0442\u0435 \u043f\u043e\u0441\u0432\u0435\u045b\u0435\u043d\u0438\u00a0\u0458\u0435\u0440 \u0443\u0447\u0435\u045a\u0435 \u0458\u0435 \u0434\u0443\u0433\u043e, \u0443\u0437\u0431\u0443\u0434\u0459\u0438\u0432\u043e \u0438 \u0437\u0430\u043d\u0438\u043c\u0459\u0438\u0432\u043e \u043f\u0443\u0442\u043e\u0432\u0430\u045a\u0435.<\/p><p>\u0414\u0440\u0430\u0433\u0438 \u043d\u0430\u0448\u0438 \u0452\u0430\u0446\u0438 \u043f\u0440\u0432\u0430\u0446\u0438, \u0434\u043e\u0431\u0440\u043e \u0434\u043e\u0448\u043b\u0438 \u0443 \u0441\u0432\u0435\u0442 \u0437\u043d\u0430\u045a\u0430, \u043a\u0440\u0435\u0430\u0442\u0438\u0432\u043d\u043e\u0441\u0442\u0438 \u0438 \u0434\u0440\u0443\u0436\u0435\u045a\u0430. \u0416\u0435\u043b\u0438\u043c\u043e \u0412\u0430\u043c \u0441\u0440\u0435\u045b\u0430\u043d \u043f\u043e\u0447\u0435\u0442\u0430\u043a \u043d\u043e\u0432\u0435 \u0448\u043a\u043e\u043b\u0441\u043a\u0435 \u0433\u043e\u0434\u0438\u043d\u0435, \u0434\u0430 \u0412\u0430\u0441 \u043a\u0440\u043e\u0437 \u0431\u0443\u0434\u0443\u045b\u0435 \u0448\u043a\u043e\u043b\u043e\u0432\u0430\u045a\u0435 \u043f\u0440\u0430\u0442\u0435 \u0443\u0441\u043f\u0435\u0445, \u0441\u0432\u0430\u043a\u043e \u0434\u043e\u0431\u0440\u043e \u0438 \u0441\u0440\u0435\u045b\u0430.<\/p><p>\u041a\u0430\u0434 \u0441\u0430\u0432\u043b\u0430\u0434\u0430\u0442\u0435 \u0441\u0432\u0430 \u0441\u043b\u043e\u0432\u0430, \u0438 \u0448\u0442\u0430\u043c\u043f\u0430\u043d\u0430 \u0438 \u043f\u0438\u0441\u0430\u043d\u0430, \u043d\u0430\u043f\u0438\u0448\u0438\u0442\u0435 \u0441\u0432\u0438\u043c\u0430 \u043d\u0430\u043c\u0430 \u043a\u043e\u0458\u0438 \u0412\u0430\u0441 \u043f\u0440\u0435\u0432\u0438\u0448\u0435 \u0432\u043e\u043b\u0435 \u043f\u043e\u043d\u0435\u043a\u043e \u043f\u0438\u0441\u043c\u043e.\u201d<\/p><p>\u041a\u043e\u043b\u0435\u043a\u0442\u0438\u0432 \u041e\u0441\u043d\u043e\u0432\u043d\u0435 \u0448\u043a\u043e\u043b\u0435 ,,\u041c\u0411\u201c<\/p><p><a href=\"https:\/\/mbuniverzitet.edu.rs\/wp-content\/uploads\/2024\/08\/cestitka-prvacima-sl3.png\"><img loading=\"lazy\" decoding=\"async\" class=\"aligncenter size-medium wp-image-16831\" src=\"https:\/\/mbuniverzitet.edu.rs\/wp-content\/uploads\/2024\/08\/cestitka-prvacima-sl3-239x300.png\" alt=\"\" width=\"239\" height=\"300\" srcset=\"https:\/\/mbuniverzitet.edu.rs\/wp-content\/uploads\/2024\/08\/cestitka-prvacima-sl3-239x300.png 239w, https:\/\/mbuniverzitet.edu.rs\/wp-content\/uploads\/2024\/08\/cestitka-prvacima-sl3-10x12.png 10w, https:\/\/mbuniverzitet.edu.rs\/wp-content\/uploads\/2024\/08\/cestitka-prvacima-sl3.png 359w\" sizes=\"(max-width: 239px) 100vw, 239px\" \/><\/a><\/p><\/div>\n\t\t\t\t\t<\/div><\/div>\t\t\t\t<\/div>\n\t\t\t\t<\/div>\n\t\t\t\t<div class=\"elementor-element elementor-element-f7f1e39 exad-sticky-section-no exad-glass-effect-no elementor-widget elementor-widget-eael-adv-accordion\" data-id=\"f7f1e39\" data-element_type=\"widget\" data-e-type=\"widget\" data-widget_type=\"eael-adv-accordion.default\">\n\t\t\t\t<div class=\"elementor-widget-container\">\n\t\t\t\t\t            <div class=\"eael-adv-accordion\" id=\"eael-adv-accordion-f7f1e39\" data-scroll-on-click=\"no\" data-scroll-speed=\"300\" data-accordion-id=\"f7f1e39\" data-accordion-type=\"accordion\" data-toogle-speed=\"300\">\n            <div class=\"eael-accordion-list\">\n\t\t\t\t\t<div id=\"-\" class=\"elementor-tab-title eael-accordion-header\" tabindex=\"0\" data-tab=\"1\" aria-controls=\"elementor-tab-content-2591\"><span class=\"eael-accordion-tab-title\">\u041e\u0431\u0430\u0432\u0435\u0448\u0442\u0435\u045a\u0435 \u043e \u043f\u043e\u0447\u0435\u0442\u043a\u0443 \u0448\u043a\u043e\u043b\u0441\u043a\u0435 \u0433\u043e\u0434\u0438\u043d\u0435 \u0443 \u041e\u0441\u043d\u043e\u0432\u043d\u043e\u0458 \u0448\u043a\u043e\u043b\u0438 ,,\u041c\u0411\u201c \u0438 \u0441\u0432\u0435\u0447\u0430\u043d\u043e\u043c \u043f\u0440\u0438\u0458\u0435\u043c\u0443 \u043f\u0440\u0432\u0430\u043a\u0430<\/span><\/div><div id=\"elementor-tab-content-2591\" class=\"eael-accordion-content clearfix\" data-tab=\"1\" aria-labelledby=\"-\"><p>\u0428\u043a\u043e\u043b\u0441\u043a\u0430 2024\/25. \u0433\u043e\u0434\u0438\u043d\u0430 \u043f\u043e\u0447\u0438\u045a\u0435 \u0443 \u043f\u043e\u043d\u0435\u0434\u0435\u0459\u0430\u043a 02.09. 2024. \u0433\u043e\u0434\u0438\u043d\u0435 \u043f\u043e \u0441\u043b\u0435\u0434\u0435\u045b\u0435\u043c \u0440\u0430\u0441\u043f\u043e\u0440\u0435\u0434\u0443:<br \/><strong>\u041d\u0430\u0441\u0442\u0430\u0432\u0430 \u0441\u0435 \u0440\u0435\u0430\u043b\u0438\u0437\u0443\u0458\u0435 \u0443<\/strong> <strong>\u043f<\/strong><strong>\u0440\u0432\u043e\u0458<\/strong><strong> \u0441\u043c\u0435\u043d<\/strong><strong>\u0438<\/strong>\u00a0<strong>\u043f\u0440\u0435 \u043f\u043e\u0434\u043d\u0435<\/strong><strong>\u0432\u043d\u043e \u0432\u0440\u0435\u043c\u0435<\/strong>.<\/p><p>\u0420\u0441\u043f\u043e\u0440\u0435\u0434 \u0447\u0430\u0441\u043e\u0432\u0430 \u0437\u0430 \u0440\u0435\u0430\u043b\u0438\u0437\u0430\u0446\u0438\u0458\u0443 \u043d\u0430\u0441\u0442\u0430\u0432\u0435 \u0441\u0435 \u043d\u0430\u043b\u0430\u0437\u0438 \u0443 \u0448\u043a\u043e\u043b\u0441\u043a\u043e\u0458 \u0437\u0433\u0440\u0430\u0434\u0438 \u043d\u0430 \u043e\u0433\u043b\u0430\u0441\u043d\u043e\u0458 \u043f\u043b\u043e\u0447\u0438.<br \/><br \/><\/p><p><strong>\u0421\u0432\u0435\u0447\u0430\u043d\u0438 \u043f\u0440\u0438\u0458\u0435\u043c \u043f\u0440\u0432\u0430\u043a\u0430<\/strong>\u00a0\u045b\u0435 \u0441\u0435 \u043e\u0434\u0440\u0436\u0430\u0442\u0438 \u0443 \u043f\u043e\u043d\u0435\u0434\u0435\u0459\u0430\u043a <strong>02. 09. 2024. \u0433\u043e\u0434\u0438\u043d\u0435 \u0443\u00a0<\/strong><strong>08<\/strong><strong>:30 \u0447<\/strong><strong>\u0430\u0441\u043e\u0432\u0430 \u043d\u0430 \u0430\u0434\u0440\u0435\u0441\u0438 \u0422\u0435\u043e\u0434\u043e\u0440\u0430 \u0414\u0440\u0430\u0458\u0437\u0435\u0440\u0430 27., \u00a0\u041e\u043f\u0448\u0442\u0438\u043d\u0430 \u0421\u0430\u0432\u0441\u043a\u0438 \u0432\u0435\u043d\u0430\u0446, 11000 \u0411\u0435\u043e\u0433\u0440\u0430\u0434.<\/strong><\/p><p><strong>\u0416\u0435\u043b\u0438\u043c\u043e \u0441\u0432\u0438\u043c\u0430 <\/strong><strong>\u0441<\/strong><strong>\u0440\u0435\u045b\u0430\u043d \u043f\u043e\u0447\u0435\u0442\u0430\u043a <\/strong><strong>\u0438 <\/strong><strong>\u00a0<\/strong><strong>\u0443\u0441\u043f\u0435\u0448\u043d\u0443 \u043d\u043e\u0432\u0443 \u0448\u043a\u043e\u043b\u0441\u043a\u0443<\/strong> <strong>2024\/25. \u0433\u043e\u0434\u0438\u043d<\/strong><strong>\u0443<\/strong><strong>!<\/strong><\/p><p><strong>\u041a\u043e\u043b\u0435\u043a\u0442\u0438\u0432 <\/strong><strong>\u041e\u0441\u043d\u043e\u0432\u043d\u0435 \u0448\u043a\u043e\u043b\u0435 ,,\u041c\u0411\u201c.<\/strong><\/p><\/div>\n\t\t\t\t\t<\/div><\/div>\t\t\t\t<\/div>\n\t\t\t\t<\/div>\n\t\t\t\t<div class=\"elementor-element elementor-element-3353c0e exad-sticky-section-no exad-glass-effect-no elementor-widget elementor-widget-eael-adv-accordion\" data-id=\"3353c0e\" data-element_type=\"widget\" data-e-type=\"widget\" data-widget_type=\"eael-adv-accordion.default\">\n\t\t\t\t<div class=\"elementor-widget-container\">\n\t\t\t\t\t            <div class=\"eael-adv-accordion\" id=\"eael-adv-accordion-3353c0e\" data-scroll-on-click=\"no\" data-scroll-speed=\"300\" data-accordion-id=\"3353c0e\" data-accordion-type=\"accordion\" data-toogle-speed=\"300\">\n            <div class=\"eael-accordion-list\">\n\t\t\t\t\t<div id=\"-\" class=\"elementor-tab-title eael-accordion-header\" tabindex=\"0\" data-tab=\"1\" aria-controls=\"elementor-tab-content-5381\"><span class=\"eael-accordion-tab-title\">\u041e\u0431\u0430\u0432\u0435\u0448\u0442\u0435\u045a\u0435 \u043e \u0434\u043e\u0431\u0438\u0458\u0430\u045a\u0443 \u0420\u0435\u0448\u0435\u045a\u0430 \u043e \u0432\u0435\u0440\u0438\u0444\u0438\u043a\u0430\u0446\u0438\u0458\u0438 \u043f\u0440\u0438\u0432\u0430\u0442\u043d\u0435 \u041e\u0441\u043d\u043e\u0432\u043d\u0435 \u0448\u043a\u043e\u043b\u0435 ,,\u041c\u0411\u201c \u0438 \u043f\u043e\u0447\u0435\u0442\u043a\u0443 \u0440\u0430\u0434\u0430.<\/span><\/div><div id=\"elementor-tab-content-5381\" class=\"eael-accordion-content clearfix\" data-tab=\"1\" aria-labelledby=\"-\"><p>\u041d\u0430 \u043e\u0441\u043d\u043e\u0432\u0443 \u043f\u0440\u0435\u0434\u043b\u043e\u0433\u0430 \u041e\u0441\u043d\u0438\u0432\u0430\u0447\u0430 \u043f\u043e\u0440\u043e\u0434\u0438\u0446\u0435 \u0411\u043e\u0433\u0430\u0432\u0430\u0446, \u043e\u0441\u043d\u043e\u0432\u0430\u043d\u0430 \u0458\u0435 \u041e\u0441\u043d\u043e\u0432\u043d\u0430 \u0448\u043a\u043e\u043b\u0430 ,,\u041c\u0411\u201c.<\/p><p>\u0420\u0435\u0448\u0435\u045a\u0435 \u043d\u0430\u0434\u043b\u0435\u0436\u043d\u043e\u0433 \u041c\u0438\u043d\u0438\u0441\u0442\u0430\u0440\u0441\u0442\u0432\u0430 \u043f\u0440\u043e\u0441\u0432\u0435\u0442\u0435 \u0431\u0440\u043e\u0458 022-05-126\/2024-07\/1 od 26.08.2024. \u0433\u043e\u0434\u0438\u043d\u0435 o \u0432\u0435\u0440\u0438\u0444\u0438\u043a\u0430\u0446\u0438\u0458\u0438 \u043f\u0440\u0438\u0432\u0430\u0442\u043d\u0435 \u041e\u0441\u043d\u043e\u0432\u043d\u0435 \u0448\u043a\u043e\u043b\u0435 ,,\u041c\u0411\u201c \u0437\u0430 \u043e\u0431\u0430\u0432\u0459\u0430\u045ae \u0434\u0435\u043b\u0430\u0442\u043d\u043e\u0441\u0442\u0438 \u043e\u0441\u043d\u043e\u0432\u043d\u043e\u0433 \u043e\u0431\u0440\u0430\u0437\u043e\u0432\u0430\u045a\u0430\u00a0 \u0438 \u0432\u0430\u0441\u043f\u0438\u0442\u0430\u045a\u0430 \u0441\u0430 \u0441\u0435\u0434\u0438\u0448\u0442\u0435\u043c \u0443\u0441\u0442\u0430\u043d\u043e\u0432\u0435 \u0443 \u0423\u043b\u0438\u0446\u0438 \u0422\u0435\u043e\u0434\u043e\u0440\u0430 \u0414\u0440\u0430\u0458\u0437\u0435\u0440\u0430 27,11.000 \u0411\u0435\u043e\u0433\u0440\u0430\u0434.<\/p><p>\u0428\u043a\u043e\u043b\u0441\u043a\u0430 2024\/25. \u0433\u043e\u0434\u0438\u043d\u0430 \u0443 \u041e\u0441\u043d\u043e\u0432\u043d\u043e\u0458 \u0448\u043a\u043e\u043b\u0438 ,,\u041c\u0411\u201c \u043f\u043e\u0447\u0438\u045a\u0435 \u0443 \u043f\u043e\u043d\u0435\u0434\u0435\u0459\u0430\u043a 02.09. 2024. \u0433\u043e\u0434\u0438\u043d\u0435 \u0443 08.30.\u0447\u0430\u0441\u043e\u0432\u0430.<\/p><p>\u0416\u0435\u043b\u0438\u043c\u043e \u0441\u0432\u0438\u043c \u0447\u043b\u0430\u043d\u043e\u0432\u0438\u043c\u0430 \u043a\u043e\u043b\u0435\u043a\u0442\u0438\u0432\u0430 \u041e\u0441\u043d\u043e\u0432\u043d\u0435 \u0448\u043a\u043e\u043b\u0435 ,,\u041c\u0411\u201c \u0443\u0441\u043f\u0435\u0448\u0430\u043d \u0431\u0443\u0434\u0443\u045b\u0438 \u0432\u0430\u0441\u043f\u0438\u0442\u043d\u043e \u043e\u0431\u0440\u0430\u0437\u043e\u0432\u043d\u0438 \u0440\u0430\u0434.<\/p><p>\u0416\u0435\u043b\u0438\u043c\u043e\u00a0\u0443\u0447\u0435\u043d\u0438\u0446\u0438\u043c\u0430 \u043f\u0440\u0432\u043e\u0433 \u0440\u0430\u0437\u0440\u0435\u0434\u0430 \u0441\u0440\u0435\u045b\u0430\u043d\u00a0\u043f\u043e\u0447\u0435\u0442\u0430\u043a \u043d\u043e\u0432\u0435 \u0448\u043a\u043e\u043b\u0441\u043a\u0435\u00a02024\/25\u00a0\u0433\u043e\u0434\u0438\u043d\u0435\u00a0\u0438\u00a0\u0434\u0430 \u0412\u0430\u0441 \u043a\u0440\u043e\u0437 \u0431\u0443\u0434\u0443\u045b\u0435\u00a0 \u0448\u043a\u043e\u043b\u043e\u0432\u0430\u045a\u0435 \u043f\u0440\u0430\u0442\u0435 \u0443\u0441\u043f\u0435\u0445, \u0441\u0432\u0430\u043a\u043e \u0434\u043e\u0431\u0440\u043e \u0438 \u0441\u0440\u0435\u045b\u0430.<\/p><p><a href=\"https:\/\/mbuniverzitet.edu.rs\/wp-content\/uploads\/2024\/08\/OS-MB-pocetak.jpg\"><img loading=\"lazy\" decoding=\"async\" class=\"aligncenter size-medium wp-image-16827\" src=\"https:\/\/mbuniverzitet.edu.rs\/wp-content\/uploads\/2024\/08\/OS-MB-pocetak-300x226.jpg\" alt=\"\" width=\"300\" height=\"226\" srcset=\"https:\/\/mbuniverzitet.edu.rs\/wp-content\/uploads\/2024\/08\/OS-MB-pocetak-300x226.jpg 300w, https:\/\/mbuniverzitet.edu.rs\/wp-content\/uploads\/2024\/08\/OS-MB-pocetak-16x12.jpg 16w, https:\/\/mbuniverzitet.edu.rs\/wp-content\/uploads\/2024\/08\/OS-MB-pocetak.jpg 382w\" sizes=\"(max-width: 300px) 100vw, 300px\" \/><\/a><\/p><p>\u041e\u0441\u043d\u0438\u0432\u0430\u0447\u0438 \u0438 \u041a\u043e\u043b\u0435\u043a\u0442\u0438\u0432 \u0448\u043a\u043e\u043b\u0435 \u041e\u0441\u043d\u043e\u0432\u043d\u0435 \u0448\u043a\u043e\u043b\u0435 ,,\u041c\u0411\u201c<\/p><p><strong>\u00a0<\/strong><\/p><p><u>\u0412\u0438\u0434\u0438 \u0412\u0438\u0448\u0435:<\/u><\/p><p><u>\u041f\u0440\u0438\u043b\u043e\u0433 \u0420\u0435\u0448\u0435\u045a\u0435 \u041c\u0438\u043d\u0438\u0441\u0442\u0430\u0440\u0441\u0442\u0432\u0430 \u043f\u0440\u043e\u0441\u0432\u0435\u0442\u0435 \u043e \u0432\u0435\u0440\u0438\u0444\u0438\u043a\u0430\u0446\u0438\u0458\u0438 \u041e\u0428 \u041c\u0411.<\/u><\/p><\/div>\n\t\t\t\t\t<\/div><\/div>\t\t\t\t<\/div>\n\t\t\t\t<\/div>\n\t\t\t\t<div class=\"elementor-element elementor-element-9607e55 exad-sticky-section-no exad-glass-effect-no elementor-widget elementor-widget-eael-adv-accordion\" data-id=\"9607e55\" data-element_type=\"widget\" data-e-type=\"widget\" data-widget_type=\"eael-adv-accordion.default\">\n\t\t\t\t<div class=\"elementor-widget-container\">\n\t\t\t\t\t            <div class=\"eael-adv-accordion\" id=\"eael-adv-accordion-9607e55\" data-scroll-on-click=\"no\" data-scroll-speed=\"300\" data-accordion-id=\"9607e55\" data-accordion-type=\"accordion\" data-toogle-speed=\"300\">\n            <div class=\"eael-accordion-list\">\n\t\t\t\t\t<div id=\"nastavnik-studijskog-programa-informacione-tehnologije-na-univerzitetu-mb-poslovni-i-pravni-fakultet-docent-dr-vuk-vujovi-je-uspeno-zavrio-program-i-postao-dobitnik-prestine-diplome-harvard-business-school-sa-velikim-ponosom-univerzitet-mb-istie-da-je-nastavnik-docent-dr-vuk-vujovi-dobio-diplomu-harvard-business-school-i-zavrio-program-ai-essentials-for-business-vidi-vie\" class=\"elementor-tab-title eael-accordion-header\" tabindex=\"0\" data-tab=\"1\" aria-controls=\"elementor-tab-content-1571\"><span class=\"eael-accordion-tab-title\">Nastavnik  studijskog programa Informacione tehnologije na Univerzitetu ,,MB\", Poslovni i pravni fakultet docent dr Vuk Vujovi\u0107 je uspe\u0161no zavr\u0161io program i postao dobitnik presti\u017ene diplome Harvard Business School.  Sa velikim ponosom Univerzitet ,,MB\u201c isti\u010de da je nastavnik docent dr Vuk Vujovi\u0107 dobio diplomu Harvard Business School i zavr\u0161io program AI essentials for business. Vidi vi\u0161e.<\/span><\/div><div id=\"elementor-tab-content-1571\" class=\"eael-accordion-content clearfix\" data-tab=\"1\" aria-labelledby=\"nastavnik-studijskog-programa-informacione-tehnologije-na-univerzitetu-mb-poslovni-i-pravni-fakultet-docent-dr-vuk-vujovi-je-uspeno-zavrio-program-i-postao-dobitnik-prestine-diplome-harvard-business-school-sa-velikim-ponosom-univerzitet-mb-istie-da-je-nastavnik-docent-dr-vuk-vujovi-dobio-diplomu-harvard-business-school-i-zavrio-program-ai-essentials-for-business-vidi-vie\"><p>Sa velikim ponosom Univerzitet ,,MB\u201c isti\u010de da je nastavnik docent dr Vuk Vujovi\u0107 posle uspe\u0161no zavr\u0161enog programa <strong>AI essentials for business <\/strong>dobio diplomu Harvard Business School.<\/p><p><a href=\"https:\/\/mbuniverzitet.edu.rs\/wp-content\/uploads\/2024\/08\/Vuk-Vujovic_diploma-Harvard.jpg\"><img loading=\"lazy\" decoding=\"async\" class=\"aligncenter wp-image-16823 size-medium\" src=\"https:\/\/mbuniverzitet.edu.rs\/wp-content\/uploads\/2024\/08\/Vuk-Vujovic_diploma-Harvard-224x300.jpg\" alt=\"\" width=\"224\" height=\"300\" srcset=\"https:\/\/mbuniverzitet.edu.rs\/wp-content\/uploads\/2024\/08\/Vuk-Vujovic_diploma-Harvard-224x300.jpg 224w, https:\/\/mbuniverzitet.edu.rs\/wp-content\/uploads\/2024\/08\/Vuk-Vujovic_diploma-Harvard-9x12.jpg 9w, https:\/\/mbuniverzitet.edu.rs\/wp-content\/uploads\/2024\/08\/Vuk-Vujovic_diploma-Harvard.jpg 544w\" sizes=\"(max-width: 224px) 100vw, 224px\" \/><\/a><\/p><p>Ova diploma dodeljuje se stru\u010dnjacima koji su pokazali izuzetnu ekspertizu i posve\u0107enost u oblasti Tehni\u010dkih nauka-Informacione tehnologije \u00a0i njihovoj primeni u poslovnom svetu.\u00a0Zvanje potvr\u0111uje Vukovu duboku posve\u0107enost vlastitom usavr\u0161avanju, stru\u010dnost u klju\u010dnim aspektima Informacionih tehnologija, uklju\u010duju\u0107i njihov uticaj na poslovne procese, razvoj novih proizvoda i inovacije.<\/p><p>Kolektiv Univerziteta ,,MB\u201c \u010destita na\u0161em docentu dr Vuku Vujovi\u0107u na uspe\u0161no zavr\u0161enom programu <strong>AI essentials for business<\/strong>. Nadamo se da \u0107e njegova posve\u0107enost usavr\u0161avanju i nau\u0107no-istra\u017eiva\u010dkom radu biti od izuzetne koristi za kvalitetan budu\u0107i rad na OAS, MAS i DAS na Univerzitetu ,,MB\u201c.<\/p><p>Diploma je odraz posve\u0107enosti vlastitom usavr\u0161avanju. Kolektiv Univerziteta ,,MB\u201c o\u010dekuje\u00a0 da docent dr Vuk Vujovi\u0107 kroz budu\u0107i nastavni rad sa studentima i \u00a0istra\u017eiva\u010dki rad na Univerzitetu ,,MB\u201c uspe\u0161no primeni i unapredi ste\u010dena znanja.<\/p><p><br \/>Menad\u017ement Univerziteta MB.<\/p><p>\u00a0<\/p><\/div>\n\t\t\t\t\t<\/div><\/div>\t\t\t\t<\/div>\n\t\t\t\t<\/div>\n\t\t\t\t<div class=\"elementor-element elementor-element-51c8a55 exad-sticky-section-no exad-glass-effect-no elementor-widget elementor-widget-eael-adv-accordion\" data-id=\"51c8a55\" data-element_type=\"widget\" data-e-type=\"widget\" data-widget_type=\"eael-adv-accordion.default\">\n\t\t\t\t<div class=\"elementor-widget-container\">\n\t\t\t\t\t            <div class=\"eael-adv-accordion\" id=\"eael-adv-accordion-51c8a55\" data-scroll-on-click=\"no\" data-scroll-speed=\"300\" data-accordion-id=\"51c8a55\" data-accordion-type=\"accordion\" data-toogle-speed=\"300\">\n            <div class=\"eael-accordion-list\">\n\t\t\t\t\t<div id=\"drugi-upisni-rok-na-prvu-godinu-studija-20242025-prijem-dokumenata-za-upis-studenata-u-drugom-upisnom-roku-na-poslovni-i-pravni-fakultet-i-akademiju-klasinog-slikarstva-univerziteta-mb-poinje-u-ponedeljak-19-avgusta-2024-godine-polaganje-prijemnog-ispita-u-drugom-upisnom-roku-e-se-realizovati-12092024godine-u-1000-asova-na-lokaciji-teodora-drajzera-27-u-beogradu-vidi-vie\" class=\"elementor-tab-title eael-accordion-header\" tabindex=\"0\" data-tab=\"1\" aria-controls=\"elementor-tab-content-8571\"><span class=\"eael-accordion-tab-title\">DRUGI UPISNI ROK NA PRVU GODINU STUDIJA 2024\/2025. Prijem dokumenata za upis studenata u DRUGOM upisnom roku na Poslovni i pravni fakultet i Akademiju klasi\u010dnog slikarstva Univerziteta ,,MB\u201c po\u010dinje u ponedeljak 19. avgusta 2024. godine. Polaganje prijemnog ispita u drugom upisnom roku \u0107e se realizovati 12.09.2024.godine u 10.00. \u010dasova na lokaciji Teodora Drajzera 27 u Beogradu. Vidi vi\u0161e.<\/span><\/div><div id=\"elementor-tab-content-8571\" class=\"eael-accordion-content clearfix\" data-tab=\"1\" aria-labelledby=\"drugi-upisni-rok-na-prvu-godinu-studija-20242025-prijem-dokumenata-za-upis-studenata-u-drugom-upisnom-roku-na-poslovni-i-pravni-fakultet-i-akademiju-klasinog-slikarstva-univerziteta-mb-poinje-u-ponedeljak-19-avgusta-2024-godine-polaganje-prijemnog-ispita-u-drugom-upisnom-roku-e-se-realizovati-12092024godine-u-1000-asova-na-lokaciji-teodora-drajzera-27-u-beogradu-vidi-vie\"><p><strong>Sve informacije se mogu dobiti u studentskom servisu na telefon<\/strong><\/p><p>+381 (11) 3391 641, +381 (11) 823 24 27<\/p><p>\u00a0ili mejlom na\u00a0\u00a0<a href=\"mailto:info@mbuniverzitet.edu.rs\">info@mbuniverzitet.edu.rs<\/a><\/p><p><strong>Za on-lajn prijavu i vi\u0161e informacija posetite:<\/strong><\/p><p>1. <a href=\"https:\/\/mbuniverzitet.edu.rs\/upis\/\">https:\/\/mbuniverzitet.edu.rs\/upis\/<\/a><\/p><p>2. <a href=\"https:\/\/mbuniverzitet.edu.rs\/wp-content\/uploads\/2024\/05\/PPF_Konkurs-za-upis_2024-2025.pdf\">https:\/\/mbuniverzitet.edu.rs\/wp-content\/uploads\/2024\/05\/PPF_Konkurs-za-upis_2024-2025.pdf<\/a><\/p><p>3. <a href=\"https:\/\/aks.mbuniverzitet.edu.rs\/upis\/\">https:\/\/aks.mbuniverzitet.edu.rs\/upis\/<\/a><\/p><p><strong>Sve informacije o studijskim programima se nalaze na:<\/strong><\/p><p><a href=\"https:\/\/mbuniverzitet.edu.rs\/osnovne-akademske-studije\/\">Osnovne akademske studije \u2013 Univerzitet MB (mbuniverzitet.edu.rs)<\/a><\/p><p>Kandidati mogu izvr\u0161iti predaju dokumenata za upis na prvu godinu studija na\u00a0fakultetima Univerziteta ,,MB\u201c:<\/p><p>&#8211; u Beogradu, Teodora Drajzera 27, radnim danima od 10-16 \u010dasova -Studentska slu\u017eba u prizemlju.<\/p><p><strong>Za upis je potrebno dostaviti:<\/strong><\/p><p>&#8211; Original diplomu i svedo\u010danstva sva 4 razreda srednje \u0161kole (na uvid) i fotokopiju navedenih dokumenata (ne mora biti overena kopija). Ukoliko dokumenta srednje \u0161kole nisu na srpskom, hrvatskom, crnogorskom ili bosanskom jeziku potrebna je i kopija njihovih prevoda.<\/p><p>&#8211; Kandidat koji je zavr\u0161io srednju \u0161kolu van teritorije Republike Srbije (izuzetak Republika Srpska) ili je zavr\u0161io stranu \u0161kolu\/program u Republici Srbiji u obavezi je da nostrifikuje diplomu srednje \u0161kole u Agenciji za kvalifikacije. Prilikom upisa potrebno je dostaviti Odluku o priznavanju prethodno ste\u010dene strane \u0161kolske isprave iz Agencije za kvalifikacije, kao i fotokopiju originalne dokumentacije i njenih prevoda.<\/p><p>&#8211; Ukoliko Odluka o priznavanju prethodno ste\u010dene strane \u0161kolske isprave jo\u0161 uvek nije ura\u0111ena potrebno je dostaviti potvrdu Agencije za kvalifikacije o zapo\u010detom postupku i fotokopiju originalne dokumentacije i njenih prevoda.<\/p><p>&#8211; Dve fotografije za indeks dimenzija 3,5 x 4,5 cm;<\/p><p>&#8211; Li\u010dnu kartu ili fotokopiju li\u010dne karte bez \u010dipa. Strani dr\u017eavljani dostavljaju kopiju paso\u0161a (strana sa fotografijom i li\u010dnim podacima).<\/p><p>&#8211; Kandidati kojima je potrebna viza prila\u017eu i kopiju strane paso\u0161a sa boravi\u0161nom dozvolom (vizom), kao i kopiju prijave boravka koja se dobija u policiji. Za kandidate iz zemalja kojima nije potrebna viza kopira se strana paso\u0161a gde se vidi datum ulaska u Srbiju, a ukoliko se iz Crne Gore \/ BIH u Srbiju u\u0161lo sa li\u010dnom kartom mo\u017ee se naknadno dostaviti kopija prijave boravka koja se dobija u policiji;<\/p><p>&#8211; Kandidati iz drugih zemalja koji upisuju studije na srpskom jeziku \u2013 potvrda da vladaju srpskim jezikom \u2013 nivo C1 \u2013 ukoliko srednja \u0161kola nije zavr\u0161ena na srpskom, hrvatskom, crnogorskom ili bosanskom jeziku \u2013 mo\u017ee se doneti naknadno, najkasnije do upisa naredne \u0161kolske godine;<\/p><p>&#8211; Dokaz o uplati \u0161kolarine (minimalno 10%) ili potpisani predugovor o studiranju;<\/p><p>&#8211; Dokaz o uplati upisnog materijala i osiguranja;<\/p><p>&#8211; Za kandidate strane dr\u017eavljane \u2013 potvrda o upla\u0107enom zdravstvenom osiguranju u R. Srbiji.<\/p><p><strong>Uplata \u0161kolarine, osiguranja i upisnog materijala regulisati po uputstvu i rokovima iz studentske slu\u017ebe.<\/strong><\/p><\/div>\n\t\t\t\t\t<\/div><\/div>\t\t\t\t<\/div>\n\t\t\t\t<\/div>\n\t\t\t\t<div class=\"elementor-element elementor-element-45780b4 exad-sticky-section-no exad-glass-effect-no elementor-widget elementor-widget-eael-adv-accordion\" data-id=\"45780b4\" data-element_type=\"widget\" data-e-type=\"widget\" data-widget_type=\"eael-adv-accordion.default\">\n\t\t\t\t<div class=\"elementor-widget-container\">\n\t\t\t\t\t            <div class=\"eael-adv-accordion\" id=\"eael-adv-accordion-45780b4\" data-scroll-on-click=\"no\" data-scroll-speed=\"300\" data-accordion-id=\"45780b4\" data-accordion-type=\"accordion\" data-toogle-speed=\"300\">\n            <div class=\"eael-accordion-list\">\n\t\t\t\t\t<div id=\"letnje-radno-vreme-na-univerzitetu-mb-vidi-vie\" class=\"elementor-tab-title eael-accordion-header\" tabindex=\"0\" data-tab=\"1\" aria-controls=\"elementor-tab-content-7281\"><span class=\"eael-accordion-tab-title\">LETNJE RADNO VREME NA UNIVERZITETU ,,MB\u201c (Vidi vi\u0161e)<\/span><\/div><div id=\"elementor-tab-content-7281\" class=\"eael-accordion-content clearfix\" data-tab=\"1\" aria-labelledby=\"letnje-radno-vreme-na-univerzitetu-mb-vidi-vie\"><p>U periodu od ponedeljka 22. jula 2024. godine do ponedeljka 26. avgusta 2024. godine na Univerzitetu ,,MB\u201c se radi prema letnjem radnom vremenu.<\/p><p>U navedenom periodu \u0107e se realizovati kolektivni godi\u0161nji odmor stalno zaposlenih.<\/p><p><strong>Radno vreme slu\u017ebi za UPIS kandidata za I godinu osnovnih akademskih studija u II upisnom roku bi\u0107e radnim danom od 8 do 16 \u010dasova od 19.08.2024.godine na lokacijama:<\/strong><\/p><p>1. Teodora Drajzera br. 27, 11040 Beograd, Srbija<\/p><p>+381 11 3391-641<\/p><p><a href=\"mailto:info@ppf.edu.rs\">info@ppf.edu.rs<\/a><\/p><p>2. Kralja Petra I br. 372, 11400 Mladenovac, Srbija<\/p><p>+381 11 823 2427<\/p><p><a href=\"mailto:info@ppf.edu.rs\">info@ppf.edu.rs<\/a><\/p><p>Sve dodatne informacije u vezi upisa kandidati mogu dobiti putem mejla <a href=\"mailto:info@ppf.edu.rs\">info@ppf.edu.rs<\/a> \u00a0ili pozivom na brojeve: (11) 3391 641, (11) 823 24 27.<\/p><\/div>\n\t\t\t\t\t<\/div><\/div>\t\t\t\t<\/div>\n\t\t\t\t<\/div>\n\t\t\t\t<div class=\"elementor-element elementor-element-9a1bc65 exad-sticky-section-no exad-glass-effect-no elementor-widget elementor-widget-eael-adv-accordion\" data-id=\"9a1bc65\" data-element_type=\"widget\" data-e-type=\"widget\" data-widget_type=\"eael-adv-accordion.default\">\n\t\t\t\t<div class=\"elementor-widget-container\">\n\t\t\t\t\t            <div class=\"eael-adv-accordion\" id=\"eael-adv-accordion-9a1bc65\" data-scroll-on-click=\"no\" data-scroll-speed=\"300\" data-accordion-id=\"9a1bc65\" data-accordion-type=\"accordion\" data-toogle-speed=\"300\">\n            <div class=\"eael-accordion-list\">\n\t\t\t\t\t<div id=\"vidi-vie\" class=\"elementor-tab-title eael-accordion-header\" tabindex=\"0\" data-tab=\"2\" aria-controls=\"elementor-tab-content-1612\"><span class=\"eael-accordion-tab-title\">Vidi vi\u0161e<\/span><\/div><div id=\"elementor-tab-content-1612\" class=\"eael-accordion-content clearfix\" data-tab=\"2\" aria-labelledby=\"vidi-vie\"><p>Sve informacije se mogu dobiti u studentskom servisu na telefon<\/p><p>+381 (11) 3391 641, +381 (11) 823 24 27<\/p><p>\u00a0ili mejlom na\u00a0\u00a0<a href=\"mailto:info@mbuniverzitet.edu.rs\">info@mbuniverzitet.edu.rs<\/a><\/p><p>Za on-lajn prijavu i vi\u0161e informacija posetite:<\/p><p>1.<a href=\"https:\/\/mbuniverzitet.edu.rs\/upis\/\" target=\"_blank\" rel=\"noopener\">https:\/\/mbuniverzitet.edu.rs\/upis\/<\/a><\/p><p>2.<a href=\"https:\/\/mbuniverzitet.edu.rs\/wp-content\/uploads\/2024\/05\/PPF_Konkurs-za-upis_2024-2025.pdf\" target=\"_blank\" rel=\"noopener\">https:\/\/mbuniverzitet.edu.rs\/wp-content\/uploads\/2024\/05\/PPF_Konkurs-za-upis_2024-2025.pdf<\/a><\/p><p>3.<a href=\"https:\/\/aks.mbuniverzitet.edu.rs\/upis\/\" target=\"_blank\" rel=\"noopener\">https:\/\/aks.mbuniverzitet.edu.rs\/upis\/<\/a><\/p><p>Sve infornacije o studijskim programima se nalaze na:<\/p><p><a href=\"https:\/\/mbuniverzitet.edu.rs\/osnovne-akademske-studije\/\">Osnovne akademske studije &#8211; Univerzitet MB (mbuniverzitet.edu.rs)<\/a><\/p><p>Kandidati mogu izvr\u0161iti predaju dokumenata za upis na prvu godinu studija na\u00a0fakultetima Univerziteta ,,MB\u201c:<\/p><p>-u Beogradu, Teodora Drajzera 27, radnim danima od 10-16 \u010dasova -Studentska slu\u017eba u prizemlju.<\/p><p>Za upis je potrebno dostaviti:<\/p><p>&#8211;\u00a0Original diplomu i svedo\u010danstva sva 4 razreda srednje \u0161kole (na uvid) i fotokopiju navedenih dokumenata (ne mora biti overena kopija). Ukoliko dokumenta srednje \u0161kole nisu na srpskom, hrvatskom, crnogorskom ili bosanskom jeziku potrebna je i kopija njihovih prevoda.<\/p><p>&#8211;\u00a0Kandidat koji je zavr\u0161io srednju \u0161kolu van teritorije Republike Srbije (izuzetak Republika Srpska) ili je zavr\u0161io stranu \u0161kolu\/program u Republici Srbiji u obavezi je da nostrifikuje diplomu srednje \u0161kole u Agenciji za kvalifikacije. Prilikom upisa potrebno je dostaviti Odluku o priznavanju prethodno ste\u010dene strane \u0161kolske isprave iz Agencije za kvalifikacije, kao i fotokopiju originalne dokumentacije i njenih prevoda.<\/p><p>&#8211;\u00a0Ukoliko Odluka o priznavanju prethodno ste\u010dene strane \u0161kolske isprave jo\u0161 uvek nije ura\u0111ena potrebno je dostaviti potvrdu Agencije za kvalifikacije o zapo\u010detom postupku i fotokopiju originalne dokumentacije i njenih prevoda.<\/p><p>&#8211;\u00a0\u00a0Dve fotografije za indeks dimenzija 3,5 x 4,5 cm;<\/p><p>&#8211;\u00a0Li\u010dnu kartu ili fotokopiju li\u010dne karte bez \u010dipa. Strani dr\u017eavljani dostavljaju kopiju paso\u0161a (strana sa fotografijom i li\u010dnim podacima).<\/p><p>&#8211;\u00a0Kandidati kojima je potrebna viza prila\u017eu i kopiju strane paso\u0161a sa boravi\u0161nom dozvolom (vizom), kao i kopiju prijave boravka koja se dobija u policiji. Za kandidate iz zemalja kojima nije potrebna viza kopira se strana paso\u0161a gde se vidi datum ulaska u Srbiju, a ukoliko se iz Crne Gore \/ BIH u Srbiju u\u0161lo sa li\u010dnom kartom mo\u017ee se naknadno dostaviti kopija prijave boravka koja se dobija u policiji;<\/p><p>&#8211;\u00a0Kandidati iz drugih zemalja koji upisuju studije na srpskom jeziku &#8211; potvrda da vladaju srpskim jezikom &#8211; nivo C1 \u2013 ukoliko srednja \u0161kola nije zavr\u0161ena na srpskom, hrvatskom, crnogorskom ili bosanskom jeziku \u2013 mo\u017ee se doneti naknadno, najkasnije do upisa naredne \u0161kolske godine;<\/p><p>&#8211;\u00a0Dokaz o uplati \u0161kolarine (minimalno 10%) ili potpisani predugovor o studiranju;<\/p><p>&#8211;\u00a0Dokaz o uplati upisnog materijala i osiguranja;<\/p><p>&#8211;\u00a0Za kandidate strane dr\u017eavljane &#8211; potvrda o upla\u0107enom zdravstvenom osiguranju u R. Srbiji.<\/p><p><strong>Uplata \u0161kolarine, osiguranja i upisnog materijala regulisati po uputstvu i rokovima iz studentske slu\u017ebe.<\/strong><\/p><\/div>\n\t\t\t\t\t<\/div><\/div>\t\t\t\t<\/div>\n\t\t\t\t<\/div>\n\t\t\t\t<div class=\"elementor-element elementor-element-111c28c exad-sticky-section-no exad-glass-effect-no elementor-widget elementor-widget-eael-adv-accordion\" data-id=\"111c28c\" data-element_type=\"widget\" data-e-type=\"widget\" data-widget_type=\"eael-adv-accordion.default\">\n\t\t\t\t<div class=\"elementor-widget-container\">\n\t\t\t\t\t            <div class=\"eael-adv-accordion\" id=\"eael-adv-accordion-111c28c\" data-scroll-on-click=\"no\" data-scroll-speed=\"300\" data-accordion-id=\"111c28c\" data-accordion-type=\"accordion\" data-toogle-speed=\"300\">\n            <div class=\"eael-accordion-list\">\n\t\t\t\t\t<div id=\"-10-11072024-31082024-5-\" class=\"elementor-tab-title eael-accordion-header\" tabindex=\"0\" data-tab=\"1\" aria-controls=\"elementor-tab-content-1791\"><span class=\"eael-accordion-tab-title\">\u0418\u0437\u043b\u043e\u0436\u0431\u0430 \u0440\u0430\u0434\u043e\u0432\u0430 \u0441\u0442\u0443\u0434\u0435\u043d\u0430\u0442\u0430 \u0410\u043a\u0430\u0434\u0435\u043c\u0438\u0458\u0435 \u043a\u043b\u0430\u0441\u0438\u0447\u043d\u043e\u0433 \u0441\u043b\u0438\u043a\u0430\u0440\u0441\u0442\u0432\u0430 \u0438 \u043e\u0441\u0442\u0430\u043b\u0438\u0445 \u0443\u043c\u0435\u0442\u043d\u0438\u0447\u043a\u0438\u0445 \u0444\u0430\u043a\u0443\u043b\u0442\u0435\u0442\u0430 \u0438\u0437 \u0421\u0440\u0431\u0438\u0458\u0435  \u043f\u043e\u0434 \u043d\u0430\u0437\u0438\u0432\u043e\u043c \u201e\u0417\u0430\u043f\u0430\u043c\u0442\u0438\u0442\u0435 \u045a\u0438\u0445\u043e\u0432\u0430 \u0438\u043c\u0435\u043d\u0430\u201c \u045b\u0435 \u0431\u0438\u0442\u0438 \u043e\u0440\u0433\u0430\u043d\u0438\u0437\u043e\u0432\u0430\u043d\u0430 \u0423 \u0413\u0430\u043b\u0435\u0440\u0438\u0458\u0438 \u0420\u0422\u0421, \u0422\u0430\u043a\u043e\u0432\u0441\u043a\u0430 10 \u043e\u0434 11.07.2024-31.08.2024.\u0433\u043e\u0434\u0438\u043d\u0435. \u0421\u0442\u0443\u0434\u0435\u043d\u0442\u0438 \u0410\u041a\u0421 \u0423\u043d\u0438\u0432\u0435\u0440\u0437\u0438\u0442\u0435\u0442\u0430 \u041c\u0411 \u0441\u0443 \u043f\u0440\u0438\u0458\u0430\u0432\u0438\u043b\u0438 5 \u0440\u0430\u0434\u043e\u0432\u0430. \u0418\u0437\u0431\u043e\u0440 \u0440\u0430\u0434\u043e\u0432\u0430 \u0441\u0442\u0443\u0434\u0435\u043d\u0430\u0442\u0430 \u0443 \u0413\u0430\u043b\u0435\u0440\u0438\u0458\u0438 \u0420\u0422\u0421 \u043f\u043e\u0432\u0435\u0440\u0435\u043d \u0458\u0435 \u0443\u043f\u0440\u0430\u0432\u0430\u043c\u0430 \u0444\u0430\u043a\u0443\u043b\u0442\u0435\u0442\u0430 \u0438 \u0432\u0438\u0441\u043e\u043a\u0438\u0445 \u0443\u043c\u0435\u0442\u043d\u0438\u0447\u043a\u0438\u0445 \u0448\u043a\u043e\u043b\u0430. \u0412\u0438\u0434\u0438 \u0432\u0438\u0448\u0435.<\/span><\/div><div id=\"elementor-tab-content-1791\" class=\"eael-accordion-content clearfix\" data-tab=\"1\" aria-labelledby=\"-10-11072024-31082024-5-\"><p style=\"font-weight: 400\">\u0421\u0432\u0435\u0447\u0430\u043d\u043e\u0441\u0442 \u043f\u043e\u0432\u043e\u0434\u043e\u043c \u043e\u0442\u0432\u0430\u0440\u0430\u045a\u0430 \u0438\u0437\u043b\u043e\u0436\u0431\u0435 \u0440\u0430\u0434\u043e\u0432\u0430 \u0441\u0442\u0443\u0434\u0435\u043d\u0430\u0442\u0430 \u0443\u043c\u0435\u0442\u043d\u0438\u0447\u043a\u0438\u0445 \u0444\u0430\u043a\u0443\u043b\u0442\u0435\u0442\u0430 \u0443 \u0421\u0440\u0431\u0438\u0458\u0438 \u0443 \u0413\u0430\u043b\u0435\u0440\u0438\u0458\u0438 \u0420\u0422\u0421 \u043e\u0434\u0440\u0436\u0430\u045b\u0435 \u0441\u0435 \u0443 \u0447\u0435\u0442\u0432\u0440\u0442\u0430\u043a, 11. \u0458\u0443\u043b\u0430 2024. \u0443 19 \u0447\u0430\u0441\u043e\u0432\u0430 \u0443 \u0422\u0430\u043a\u043e\u0432\u0441\u043a\u043e\u0458 10.<\/p><p style=\"font-weight: 400\">\u0418\u0437\u043b\u043e\u0436\u0431\u0443 \u0434\u0435\u043b\u0430 \u043a\u043e\u0458\u0430 \u043d\u043e\u0441\u0438 \u043d\u0430\u0437\u0438\u0432 \u201e\u0417\u0430\u043f\u0430\u043c\u0442\u0438\u0442\u0435 \u045a\u0438\u0445\u043e\u0432\u0430 \u0438\u043c\u0435\u043d\u0430\u201c \u043e\u0442\u0432\u043e\u0440\u0438\u045b\u0435 \u043c\u0438\u043d\u0438\u0441\u0442\u0430\u0440\u043a\u0430 \u043f\u0440\u043e\u0441\u0432\u0435\u0442\u0435 \u043f\u0440\u043e\u0444. \u0434\u0440 \u0421\u043b\u0430\u0432\u0438\u0446\u0430 \u0402\u0443\u043a\u0438\u045b \u0414\u0435\u0458\u0430\u043d\u043e\u0432\u0438\u045b, \u0434\u043e\u043a \u045b\u0435 \u0443\u0432\u043e\u0434\u043d\u0443 \u0440\u0435\u0447 \u043d\u0430 \u043e\u0442\u0432\u0430\u0440\u0430\u045a\u0443 \u0434\u0430\u0442\u0438 \u043f\u0440\u0435\u0434\u0441\u0435\u0434\u043d\u0438\u043a \u0421\u0430\u0432\u0435\u0442\u0430 \u0437\u0430 \u043b\u0438\u043a\u043e\u0432\u043d\u043e \u0441\u0442\u0432\u0430\u0440\u0430\u043b\u0430\u0448\u0442\u0432\u043e \u0438 \u0447\u043b\u0430\u043d \u0423\u043f\u0440\u0430\u0432\u043d\u043e\u0433 \u043e\u0434\u0431\u043e\u0440\u0430 \u0420\u0422\u0421-\u0430 \u043f\u0440\u043e\u0444. \u0434\u0440 \u041c\u0438\u043b\u0438\u0432\u043e\u0458\u0435 \u041f\u0430\u0432\u043b\u043e\u0432\u0438\u045b. \u0423 \u043c\u0443\u0437\u0438\u0447\u043a\u043e\u043c \u0434\u0435\u043b\u0443 \u043f\u0440\u043e\u0433\u0440\u0430\u043c\u0430 \u043d\u0430\u0441\u0442\u0443\u043f\u0438\u045b\u0435 \u043f\u0440\u043e\u0444. \u0434\u0440 \u0423\u0440\u043e\u0448 \u0414\u043e\u0458\u0447\u0438\u043d\u043e\u0432\u0438\u045b, \u0433\u0438\u0442\u0430\u0440\u0438\u0441\u0442\u0430, \u043c\u0443\u0437\u0438\u043a\u043e\u043b\u043e\u0433, \u043a\u043e\u043c\u043f\u043e\u0437\u0438\u0442\u043e\u0440 \u0438 \u043f\u0435\u0434\u0430\u0433\u043e\u0433.<\/p><p style=\"font-weight: 400\">\u201e\u0420\u0430\u0434\u0438\u043e-\u0442\u0435\u043b\u0435\u0432\u0438\u0437\u0438\u0458\u0430 \u0421\u0440\u0431\u0438\u0458\u0435, \u0458\u0430\u0432\u043d\u0430 \u0443\u0441\u0442\u0430\u043d\u043e\u0432\u0430 \u043a\u043e\u0458\u0430 \u0443 \u043a\u0443\u043b\u0442\u0443\u0440\u0438 \u0434\u0435\u043b\u0443\u0458\u0435 \u0431\u0430\u0440 \u043d\u0430 \u0442\u0440\u0438 \u043d\u0430\u0447\u0438\u043d\u0430 \u2013 \u0438\u043d\u0444\u043e\u0440\u043c\u0438\u0448\u0435, \u0432\u0440\u0435\u0434\u043d\u0443\u0458\u0435 \u0438 \u0441\u0430\u043c\u0430 \u0441\u0442\u0432\u0430\u0440\u0430 \u043a\u0443\u043b\u0442\u0443\u0440\u0443 \u2013 \u0438\u043c\u0430\u00a0\u0438\u00a0\u043e\u0431\u0430\u0432\u0435\u0437\u0443 \u0434\u0430 \u0441\u043d\u0430\u0436\u043d\u0438\u0458\u0435, \u043a\u0440\u043e\u0437 \u043f\u0440\u043e\u0433\u0440\u0430\u043c\u0435, \u0433\u0430\u043b\u0435\u0440\u0438\u0458\u0443, \u043a\u043e\u043b\u043e\u043d\u0438\u0458\u0435, \u0438\u0437\u0434\u0430\u0432\u0430\u0447\u043a\u0443 \u0434\u0435\u043b\u0430\u0442\u043d\u043e\u0441\u0442 \u0438 \u043d\u0430 \u0434\u0440\u0443\u0433\u0435 \u043d\u0430\u0447\u0438\u043d\u0435,\u00a0\u043f\u043e\u0434\u0440\u0436\u0438\u00a0\u043c\u043b\u0430\u0434\u0435 \u0438 \u0434\u0430\u0440\u043e\u0432\u0438\u0442\u0435 \u0459\u0443\u0434\u0435.\u00a0\u0421\u0442\u0443\u0434\u0435\u043d\u0442\u0438\u00a0\u0432\u0435\u0440\u0443\u0458\u0443 \u0443 \u0441\u0432\u043e\u0458\u0443 \u043a\u0440\u0435\u0430\u0442\u0438\u0432\u043d\u0443 \u043d\u043e\u0441\u0438\u0432\u043e\u0441\u0442, \u0430 \u043c\u0438 \u0442\u0440\u0435\u0431\u0430 \u0434\u0430 \u0432\u0435\u0440\u0443\u0458\u0435\u043c\u043e \u0443 \u045a\u0438\u0445.<\/p><p style=\"font-weight: 400\">\u0421\u0430\u0432\u0435\u0442 \u0437\u0430 \u043b\u0438\u043a\u043e\u0432\u043d\u043e \u0441\u0442\u0432\u0430\u0440\u0430\u043b\u0430\u0448\u0442\u0432\u043e\u00a0\u0420\u0422\u0421, \u0438\u043c\u0430 \u0437\u0430\u0434\u0430\u0442\u0430\u043a \u0434\u0430 \u043f\u043e\u0458\u0430\u0447\u0430 \u0438\u043d\u0430\u0447\u0435 \u043d\u0435\u0441\u043f\u043e\u0440\u043d\u0443 \u0432\u0435\u043b\u0438\u043a\u0443 \u043a\u0443\u043b\u0442\u0443\u0440\u043d\u0443 \u043c\u0438\u0441\u0438\u0458\u0443 \u0458\u0430\u0432\u043d\u043e\u0433 \u043c\u0435\u0434\u0438\u0458\u0441\u043a\u043e\u0433 \u0441\u0435\u0440\u0432\u0438\u0441\u0430 \u0420\u0422\u0421, \u043b\u0430\u043a\u043e \u0441\u0435 \u0441\u043b\u043e\u0436\u0438\u043e \u0441 \u043f\u0440\u0435\u0434\u043b\u043e\u0433\u043e\u043c \u0434\u0430\u00a0\u0434\u0432\u0430\u00a0\u043c\u0435\u0441\u0435\u0446\u0430\u00a0\u043f\u043e\u0432\u043b\u0430\u0448\u045b\u0435\u043d\u0438\u00a0\u0433\u0430\u043b\u0435\u0440\u0438\u0458\u0441\u043a\u0438\u00a0\u043f\u0440\u043e\u0441\u0442\u043e\u0440 \u0443\u0441\u0442\u0443\u043f\u0438 \u0441\u0442\u0432\u0430\u0440\u0430\u043b\u0430\u0448\u0442\u0432\u0443 \u043c\u043b\u0430\u0434\u0438\u0445 \u043b\u0438\u043a\u043e\u0432\u043d\u0438\u0445 \u0443\u043c\u0435\u0442\u043d\u0438\u043a\u0430 \u043a\u043e\u0458\u0438 \u0437\u0430\u0432\u0440\u0448\u0430\u0432\u0430\u0458\u0443 \u0441\u0432\u043e\u0458\u0435 \u043e\u0431\u0440\u0430\u0437\u043e\u0432\u0430\u045a\u0435 \u043d\u0430 \u0432\u0438\u0441\u043e\u043a\u043e\u0448\u043a\u043e\u043b\u0441\u043a\u0438\u043c \u0443\u0441\u0442\u0430\u043d\u043e\u0432\u0430\u043c\u0430 \u0443 \u0420\u0435\u043f\u0443\u0431\u043b\u0438\u0446\u0438 \u0421\u0440\u0431\u0438\u0458\u0438. \u0423\u043f\u0440\u0430\u0432\u043d\u0438 \u043e\u0434\u0431\u043e\u0440 \u0438 \u043c\u0435\u043d\u0430\u045f\u043c\u0435\u043d\u0442<\/p><p style=\"font-weight: 400\">\u0423 \u0422\u0430\u043a\u043e\u0432\u0441\u043a\u043e\u0458 10 \u0441\u0432\u0430\u043a\u043e\u0433 \u0434\u0430\u043d\u0430 \u0441\u0432\u0435 \u0434\u043e 31. \u0430\u0432\u0433\u0443\u0441\u0442\u0430 2024. \u043f\u043e\u0441\u0435\u0442\u0438\u043e\u0446\u0438 \u045b\u0435 \u043c\u043e\u045b\u0438 \u0434\u0430 \u043f\u043e\u0433\u043b\u0435\u0434\u0430\u0458\u0443 \u043f\u043e\u0441\u0442\u0430\u0432\u043a\u0443 \u043e\u0434\u00a060\u00a0\u0434\u0435\u043b\u0430 \u0443 \u0440\u0430\u0437\u043b\u0438\u0447\u0438\u0442\u0438\u043c \u0442\u0435\u0445\u043d\u0438\u043a\u0430\u043c\u0430 \u043a\u043e\u0458\u0430 \u043f\u043e\u0442\u043f\u0438\u0441\u0443\u0458\u0443\u00a0\u0447\u0430\u043a 66\u00a0\u0441\u0442\u0443\u0434\u0435\u043d\u0430\u0442\u0430 \u0438\u0437 \u0411\u0435\u043e\u0433\u0440\u0430\u0434\u0430, \u041d\u043e\u0432\u043e\u0433 \u0441\u0430\u0434\u0430, \u041d\u0438\u0448\u0430, \u041a\u0440\u0430\u0433\u0443\u0458\u0435\u0432\u0446\u0430, \u041a\u043e\u0441\u043e\u0432\u0441\u043a\u0435 \u041c\u0438\u0442\u0440\u043e\u0432\u0438\u0446\u0435 \u0438 \u041d\u043e\u0432\u043e\u0433 \u041f\u0430\u0437\u0430\u0440\u0430.<\/p><p style=\"font-weight: 400\">\u0423 <a href=\"https:\/\/mbuniverzitet.edu.rs\/wp-content\/uploads\/2024\/07\/zapamtite-njihova-imena-POZIV.jpg\" target=\"_blank\" rel=\"noopener\">\u043f\u0440\u0438\u043b\u043e\u0433\u0443<\/a> \u0458\u0435 \u043f\u043e\u0437\u0438\u0432\u043d\u0438\u0446\u0430 \u0437\u0430 \u043e\u0442\u0432\u0430\u0440\u0430\u045a\u0435 \u0438\u0437\u043b\u043e\u0436\u0431\u0435.<\/p><p style=\"font-weight: 400\">\u0414\u043e\u0431\u0440\u043e \u0434\u043e\u0448\u043b\u0438!<\/p><p style=\"font-weight: 400\">\u041c\u0435\u043d\u0430\u045f\u043c\u0435\u043d\u0442 \u0423\u043d\u0438\u0432\u0435\u0440\u0437\u0438\u0442\u0435\u0442\u0430 ,,\u041c\u0411\u201c<\/p><\/div>\n\t\t\t\t\t<\/div><\/div>\t\t\t\t<\/div>\n\t\t\t\t<\/div>\n\t\t\t\t<div class=\"elementor-element elementor-element-01717bf exad-sticky-section-no exad-glass-effect-no elementor-widget elementor-widget-eael-adv-accordion\" data-id=\"01717bf\" data-element_type=\"widget\" data-e-type=\"widget\" data-widget_type=\"eael-adv-accordion.default\">\n\t\t\t\t<div class=\"elementor-widget-container\">\n\t\t\t\t\t            <div class=\"eael-adv-accordion\" id=\"eael-adv-accordion-01717bf\" data-scroll-on-click=\"no\" data-scroll-speed=\"300\" data-accordion-id=\"01717bf\" data-accordion-type=\"accordion\" data-toogle-speed=\"300\">\n            <div class=\"eael-accordion-list\">\n\t\t\t\t\t<div id=\"dana-28062024-godine-u-mladenovcu-kralja-petra-i-broj-372-u-1000-asova-na-univerzitetu-mb-poslovni-i-pravni-pravni-fakultet-organizovana-je-sveana-dodela-diploma-povodom-zavretka-kolovanja-osnovnih-i-master-akademskih-studija-studenata-na-studijskim-programima-poslovni-menadment-pravo-ekonomija-i-informacione-tehnologije-i-menadment-u-bezbednosti-vidi-vie\" class=\"elementor-tab-title eael-accordion-header\" tabindex=\"0\" data-tab=\"1\" aria-controls=\"elementor-tab-content-1511\"><span class=\"eael-accordion-tab-title\">Dana 28.06.2024. godine u Mladenovcu, Kralja Petra I, broj 372 u 10:00 \u010dasova na Univerzitetu MB Poslovni i pravni pravni fakultet, organizovana je sve\u010dana dodela diploma povodom zavr\u0161etka \u0161kolovanja Osnovnih i Master akademskih studija studenata na studijskim programima Poslovni menad\u017ement, Pravo, Ekonomija i Informacione tehnologije i Menad\u017ement u bezbednosti. (Vidi vi\u0161e)<\/span><\/div><div id=\"elementor-tab-content-1511\" class=\"eael-accordion-content clearfix\" data-tab=\"1\" aria-labelledby=\"dana-28062024-godine-u-mladenovcu-kralja-petra-i-broj-372-u-1000-asova-na-univerzitetu-mb-poslovni-i-pravni-pravni-fakultet-organizovana-je-sveana-dodela-diploma-povodom-zavretka-kolovanja-osnovnih-i-master-akademskih-studija-studenata-na-studijskim-programima-poslovni-menadment-pravo-ekonomija-i-informacione-tehnologije-i-menadment-u-bezbednosti-vidi-vie\"><p>U predivnom prirodnom ambijentu prostora Univerziteta MB odr\u017eano je 22. sve\u010dano uru\u010denje diploma, sednica kolektiva, ru\u010dak i dru\u017eenje kolektiva. Pored prisutnih profesora, saradnika u nastavi, administracije, studenata, roditelja i brojne rodbine studenata sve\u010danosti i sve\u010danom ru\u010dku su prisustvovali predstavnici drugih univerziteta iz Republike Srbije i Crne Gore, prijatelji i poslovni partneri Univerziteta MB i predstavnici medija.<\/p><p><a href=\"https:\/\/mbuniverzitet.edu.rs\/wp-content\/uploads\/2024\/07\/1.jpg\"><img loading=\"lazy\" decoding=\"async\" class=\"aligncenter size-medium wp-image-16727\" src=\"https:\/\/mbuniverzitet.edu.rs\/wp-content\/uploads\/2024\/07\/1-300x169.jpg\" alt=\"\" width=\"300\" height=\"169\" srcset=\"https:\/\/mbuniverzitet.edu.rs\/wp-content\/uploads\/2024\/07\/1-300x169.jpg 300w, https:\/\/mbuniverzitet.edu.rs\/wp-content\/uploads\/2024\/07\/1-768x431.jpg 768w, https:\/\/mbuniverzitet.edu.rs\/wp-content\/uploads\/2024\/07\/1-18x10.jpg 18w, https:\/\/mbuniverzitet.edu.rs\/wp-content\/uploads\/2024\/07\/1.jpg 801w\" sizes=\"(max-width: 300px) 100vw, 300px\" \/><\/a><a href=\"https:\/\/mbuniverzitet.edu.rs\/wp-content\/uploads\/2024\/07\/2.jpg\"><img loading=\"lazy\" decoding=\"async\" class=\"aligncenter size-medium wp-image-16728\" src=\"https:\/\/mbuniverzitet.edu.rs\/wp-content\/uploads\/2024\/07\/2-300x169.jpg\" alt=\"\" width=\"300\" height=\"169\" srcset=\"https:\/\/mbuniverzitet.edu.rs\/wp-content\/uploads\/2024\/07\/2-300x169.jpg 300w, https:\/\/mbuniverzitet.edu.rs\/wp-content\/uploads\/2024\/07\/2-768x432.jpg 768w, https:\/\/mbuniverzitet.edu.rs\/wp-content\/uploads\/2024\/07\/2-18x10.jpg 18w, https:\/\/mbuniverzitet.edu.rs\/wp-content\/uploads\/2024\/07\/2.jpg 807w\" sizes=\"(max-width: 300px) 100vw, 300px\" \/><\/a><\/p><p>Vlasnici Univerziteta MB prof. dr Milija Bogavac i prof. dr \u017divanka Miladinovi\u0107-Bogavac su se kao i nebrojeno puta do sada pokazala odli\u010dnim doma\u0107inima, velikog srca i ose\u0107aja za ljude oko sebe, spremnih da uvek i rado do\u010dekaju i ugoste svoju rodbinu, stalno zaposlene, studente i brojne dobronamerne prijatelje.<\/p><p><a href=\"https:\/\/mbuniverzitet.edu.rs\/wp-content\/uploads\/2024\/07\/3.jpg\"><img loading=\"lazy\" decoding=\"async\" class=\"aligncenter size-medium wp-image-16729\" src=\"https:\/\/mbuniverzitet.edu.rs\/wp-content\/uploads\/2024\/07\/3-300x208.jpg\" alt=\"\" width=\"300\" height=\"208\" srcset=\"https:\/\/mbuniverzitet.edu.rs\/wp-content\/uploads\/2024\/07\/3-300x208.jpg 300w, https:\/\/mbuniverzitet.edu.rs\/wp-content\/uploads\/2024\/07\/3-18x12.jpg 18w, https:\/\/mbuniverzitet.edu.rs\/wp-content\/uploads\/2024\/07\/3.jpg 637w\" sizes=\"(max-width: 300px) 100vw, 300px\" \/><\/a><\/p><p><a href=\"https:\/\/mbuniverzitet.edu.rs\/wp-content\/uploads\/2024\/07\/4.jpg\"><img loading=\"lazy\" decoding=\"async\" class=\"aligncenter size-medium wp-image-16730\" src=\"https:\/\/mbuniverzitet.edu.rs\/wp-content\/uploads\/2024\/07\/4-300x169.jpg\" alt=\"\" width=\"300\" height=\"169\" srcset=\"https:\/\/mbuniverzitet.edu.rs\/wp-content\/uploads\/2024\/07\/4-300x169.jpg 300w, https:\/\/mbuniverzitet.edu.rs\/wp-content\/uploads\/2024\/07\/4-768x432.jpg 768w, https:\/\/mbuniverzitet.edu.rs\/wp-content\/uploads\/2024\/07\/4-18x10.jpg 18w, https:\/\/mbuniverzitet.edu.rs\/wp-content\/uploads\/2024\/07\/4.jpg 785w\" sizes=\"(max-width: 300px) 100vw, 300px\" \/><\/a><\/p><p>Restoran Veranda je i ovog puta potvrdio epitet lidera u regionu po pitanju pripreme dobre i raznovrsne hrane. Sve\u010danost su ponovo ukrasili a dru\u017eenje u\u010dinili bogatijim orkestar Dejana Petrovi\u0107a i najbolji estradni umetnici iz na\u0161e zemlje Nedeljko Bilki\u0107, Halid Muslimovi\u0107, Sre\u0107ko \u0160u\u0161i\u0107, Ivan Milinkovi\u0107 i drugi. \u00a0<\/p><p><a href=\"https:\/\/mbuniverzitet.edu.rs\/wp-content\/uploads\/2024\/07\/5.jpg\"><img loading=\"lazy\" decoding=\"async\" class=\"aligncenter size-medium wp-image-16726\" src=\"https:\/\/mbuniverzitet.edu.rs\/wp-content\/uploads\/2024\/07\/5-300x181.jpg\" alt=\"\" width=\"300\" height=\"181\" srcset=\"https:\/\/mbuniverzitet.edu.rs\/wp-content\/uploads\/2024\/07\/5-300x181.jpg 300w, https:\/\/mbuniverzitet.edu.rs\/wp-content\/uploads\/2024\/07\/5-768x463.jpg 768w, https:\/\/mbuniverzitet.edu.rs\/wp-content\/uploads\/2024\/07\/5-18x12.jpg 18w, https:\/\/mbuniverzitet.edu.rs\/wp-content\/uploads\/2024\/07\/5.jpg 788w\" sizes=\"(max-width: 300px) 100vw, 300px\" \/><\/a><\/p><p>Menad\u017ement\u00a0 i stalno zaposleni na Univerzitetu MB se pridru\u017euju iskrenim \u010destitkama diplomiranim studentima sa \u017eeljom da svojim znanjima budu konkurentni na tr\u017ei\u0161tu znanja u zemlji i svetu, da budu odli\u010dni dipomirani pravnici, in\u017eenjeri, ekonomisti i menad\u017eeri, dostojno prezentuju Univerzitet MB tokom radnog veka, formiraju porodice i budu korisni \u010dlanovi na\u0161eg dru\u0161tva.<\/p><p><br \/>Menad\u017ement Univerziteta MB<\/p><\/div>\n\t\t\t\t\t<\/div><\/div>\t\t\t\t<\/div>\n\t\t\t\t<\/div>\n\t\t\t\t<div class=\"elementor-element elementor-element-c10365f exad-sticky-section-no exad-glass-effect-no elementor-widget elementor-widget-eael-adv-accordion\" data-id=\"c10365f\" data-element_type=\"widget\" data-e-type=\"widget\" data-widget_type=\"eael-adv-accordion.default\">\n\t\t\t\t<div class=\"elementor-widget-container\">\n\t\t\t\t\t            <div class=\"eael-adv-accordion\" id=\"eael-adv-accordion-c10365f\" data-scroll-on-click=\"no\" data-scroll-speed=\"300\" data-accordion-id=\"c10365f\" data-accordion-type=\"accordion\" data-toogle-speed=\"300\">\n            <div class=\"eael-accordion-list\">\n\t\t\t\t\t<div id=\"dana-07062024-godine-u-1200-asova-otvorena-je-godinja-izloba-radova-studenata-klasinog-slikarstva-vidi-vie\" class=\"elementor-tab-title eael-accordion-header\" tabindex=\"0\" data-tab=\"1\" aria-controls=\"elementor-tab-content-2021\"><span class=\"eael-accordion-tab-title\">Dana 07.06.2024. godine u 12.00 \u010dasova otvorena je GODI\u0160NJA IZLO\u017dBA RADOVA STUDENATA KLASI\u010cNOG SLIKARSTVA. (Vidi vi\u0161e)<\/span><\/div><div id=\"elementor-tab-content-2021\" class=\"eael-accordion-content clearfix\" data-tab=\"1\" aria-labelledby=\"dana-07062024-godine-u-1200-asova-otvorena-je-godinja-izloba-radova-studenata-klasinog-slikarstva-vidi-vie\"><p>Izlo\u017ebu je otvorio predsednik Saveta Univerziteta ,,MB\u201c prof. dr Du\u0161an Regodi\u0107. Na otvaranju je prigodno govorila i docent likovne umetnosti dr Ivana Sokolovski-Dragutinovi\u0107.<\/p><p><a href=\"https:\/\/mbuniverzitet.edu.rs\/wp-content\/uploads\/2024\/06\/Izlozba_sl1.jpg\"><img loading=\"lazy\" decoding=\"async\" class=\"aligncenter wp-image-16473 size-medium\" src=\"https:\/\/mbuniverzitet.edu.rs\/wp-content\/uploads\/2024\/06\/Izlozba_sl1-300x225.jpg\" alt=\"\" width=\"300\" height=\"225\" srcset=\"https:\/\/mbuniverzitet.edu.rs\/wp-content\/uploads\/2024\/06\/Izlozba_sl1-300x225.jpg 300w, https:\/\/mbuniverzitet.edu.rs\/wp-content\/uploads\/2024\/06\/Izlozba_sl1-16x12.jpg 16w, https:\/\/mbuniverzitet.edu.rs\/wp-content\/uploads\/2024\/06\/Izlozba_sl1.jpg 680w\" sizes=\"(max-width: 300px) 100vw, 300px\" \/><\/a><\/p><p>Izlo\u017eba se tradicionalno organizuje svake godine i predstavlja selekciju najuspe\u0161nijih studentskih radova za \u0161kolsku 2023\/2024. godinu iz predmeta: Crtanje, Slikanje, Ve\u010dernji akt, Plasti\u010dna anatomija, Grafika, Slikarska tehnologija, Zidno slikarstvo i Restauracija i konzervacija.<\/p><p>Izlo\u017eba je otvorena od 07.06. do 21.06.2024. godine. Postavka radova studenata je u prostorijama Akademije klasi\u010dnog slikarstva, Teodora Drajzera 27A, Beograd.<\/p><p><a href=\"https:\/\/mbuniverzitet.edu.rs\/wp-content\/uploads\/2024\/06\/Izlozba_sl2.jpg\"><img loading=\"lazy\" decoding=\"async\" class=\"aligncenter size-medium wp-image-16472\" src=\"https:\/\/mbuniverzitet.edu.rs\/wp-content\/uploads\/2024\/06\/Izlozba_sl2-300x225.jpg\" alt=\"\" width=\"300\" height=\"225\" srcset=\"https:\/\/mbuniverzitet.edu.rs\/wp-content\/uploads\/2024\/06\/Izlozba_sl2-300x225.jpg 300w, https:\/\/mbuniverzitet.edu.rs\/wp-content\/uploads\/2024\/06\/Izlozba_sl2-16x12.jpg 16w, https:\/\/mbuniverzitet.edu.rs\/wp-content\/uploads\/2024\/06\/Izlozba_sl2.jpg 680w\" sizes=\"(max-width: 300px) 100vw, 300px\" \/><\/a><\/p><p>U\u010desnici izlo\u017ebe su studenti: Polina Karnavskaja, Ana Pani\u0107, Tamara Simi\u0107- Dra\u017ei\u0107, Mihaela Majorski i Slavica Dotli\u0107.<\/p><p>Pozivaju se svi zainteresovani da posete izlo\u017ebu do 21.06.2024. godine.<\/p><\/div>\n\t\t\t\t\t<\/div><\/div>\t\t\t\t<\/div>\n\t\t\t\t<\/div>\n\t\t\t\t<div class=\"elementor-element elementor-element-4bf2021 exad-sticky-section-no exad-glass-effect-no elementor-widget elementor-widget-eael-adv-accordion\" data-id=\"4bf2021\" data-element_type=\"widget\" data-e-type=\"widget\" data-widget_type=\"eael-adv-accordion.default\">\n\t\t\t\t<div class=\"elementor-widget-container\">\n\t\t\t\t\t            <div class=\"eael-adv-accordion\" id=\"eael-adv-accordion-4bf2021\" data-scroll-on-click=\"no\" data-scroll-speed=\"300\" data-accordion-id=\"4bf2021\" data-accordion-type=\"accordion\" data-toogle-speed=\"300\">\n            <div class=\"eael-accordion-list\">\n\t\t\t\t\t<div id=\"obavetavaju-se-studenti-stalno-zaposleni-i-zainteresovani-prijatelji-univerziteta-mb-akademija-klasinog-slikarstva-da-e-se-organizovati-godinja-izloba-radova-studenata-klasinog-slikarstva-vreme-realizacije-izlobe-je-od-0706-do-21062024-godine-mesto-realizacije-izlobe-su-prostorije-akademije-klasinog-slikarstva-teodora-drajzera-27a-beograd-vidi-vie\" class=\"elementor-tab-title eael-accordion-header\" tabindex=\"0\" data-tab=\"1\" aria-controls=\"elementor-tab-content-7961\"><span class=\"eael-accordion-tab-title\">Obave\u0161tavaju se studenti, stalno zaposleni i zainteresovani prijatelji Univerziteta MB, Akademija klasi\u010dnog slikarstva, da \u0107e se organizovati GODI\u0160NJA IZLO\u017dBA RADOVA STUDENATA KLASI\u010cNOG SLIKARSTVA. Vreme realizacije izlo\u017ebe je od 07.06. do 21.06.2024. godine. Mesto realizacije izlo\u017ebe su prostorije Akademije klasi\u010dnog slikarstva, Teodora Drajzera 27A, Beograd. (Vidi vi\u0161e)<\/span><\/div><div id=\"elementor-tab-content-7961\" class=\"eael-accordion-content clearfix\" data-tab=\"1\" aria-labelledby=\"obavetavaju-se-studenti-stalno-zaposleni-i-zainteresovani-prijatelji-univerziteta-mb-akademija-klasinog-slikarstva-da-e-se-organizovati-godinja-izloba-radova-studenata-klasinog-slikarstva-vreme-realizacije-izlobe-je-od-0706-do-21062024-godine-mesto-realizacije-izlobe-su-prostorije-akademije-klasinog-slikarstva-teodora-drajzera-27a-beograd-vidi-vie\"><div>Izlo\u017eba se tradicionalno organizuje svake godine i predstavlja selekciju najuspe\u0161nijih radova za \u0161kolsku 2023\/2024. godinu iz predmeta: Crtanje, Slikanje, Ve\u010dernji akt, Plasti\u010dna anatomija, Grafika, Slikarska tehnologija, Zidno slikarstvo i Restauracija i konzervacija.<\/div><div>\u00a0<\/div><div>U\u010desnici izlo\u017ebe su studenti: Polina Karnavskaja, Ana Pani\u0107, Tamara Simi\u0107 Dra\u017ei\u0107, Mihaela Majorski, Slavica Dotli\u0107, Dragana Piro\u0161ki i Jakov Ne\u0161i\u0107.\u00a0<\/div><div>\u00a0<\/div><div>Pozivaju se svi zainteresovani da prisustvuju sve\u010danom otvaranju izlo\u017ebe dana 07.06.2024. godine u 12:00\u00a0 u prostoru\u00a0 Akademije klasi\u010dnog slikarstva, Teodora Drajzera 27A, Beograd.\u00a0<\/div><\/div>\n\t\t\t\t\t<\/div><\/div>\t\t\t\t<\/div>\n\t\t\t\t<\/div>\n\t\t\t\t<div class=\"elementor-element elementor-element-a15c89a exad-sticky-section-no exad-glass-effect-no elementor-widget elementor-widget-eael-adv-accordion\" data-id=\"a15c89a\" data-element_type=\"widget\" data-e-type=\"widget\" data-widget_type=\"eael-adv-accordion.default\">\n\t\t\t\t<div class=\"elementor-widget-container\">\n\t\t\t\t\t            <div class=\"eael-adv-accordion\" id=\"eael-adv-accordion-a15c89a\" data-scroll-on-click=\"no\" data-scroll-speed=\"300\" data-accordion-id=\"a15c89a\" data-accordion-type=\"accordion\" data-toogle-speed=\"300\">\n            <div class=\"eael-accordion-list\">\n\t\t\t\t\t<div id=\"dana-21052024-godine-potpisan-je-ugovor-izmeu-univerziteta-mb-i-ebsco-baze-o-uvrtavanju-asopisa-univerziteta-mb-u-najveu-svetsku-bazu-naunih-podataka-ebsco-univerzitetski-asopis-e-na-taj-nain-biti-globalno-vidljiviji-i-dostupniji-svim-zainteresovanim-licima-na-globalnom-nivou-vidi-vie\" class=\"elementor-tab-title eael-accordion-header\" tabindex=\"0\" data-tab=\"1\" aria-controls=\"elementor-tab-content-1691\"><span class=\"eael-accordion-tab-title\">Dana 21.05.2024. godine potpisan je Ugovor izme\u0111u Univerziteta ,,MB\" i  EBSCO baze o uvr\u0161tavanju  \u010dasopisa Univerziteta MB u najve\u0107u svetsku bazu nau\u010dnih podataka EBSCO. Univerzitetski \u010dasopis \u0107e na taj na\u010din biti globalno vidljiviji i dostupniji svim zainteresovanim licima na globalnom nivou. (Vidi vi\u0161e)<\/span><\/div><div id=\"elementor-tab-content-1691\" class=\"eael-accordion-content clearfix\" data-tab=\"1\" aria-labelledby=\"dana-21052024-godine-potpisan-je-ugovor-izmeu-univerziteta-mb-i-ebsco-baze-o-uvrtavanju-asopisa-univerziteta-mb-u-najveu-svetsku-bazu-naunih-podataka-ebsco-univerzitetski-asopis-e-na-taj-nain-biti-globalno-vidljiviji-i-dostupniji-svim-zainteresovanim-licima-na-globalnom-nivou-vidi-vie\"><p style=\"font-weight: 400\">\u201eEBSCO\u201c je akronim za Elton B. Stephens Compani.\u00a0EBSCO Information Services, ima sedi\u0161te u Ipsvi\u010du, Masa\u010dusets. Predstavlja deonica EBSCO Industries Inc., privatne kompanije sa sedi\u0161tem u Birmingemu, Alabama. EBSCO pru\u017ea proizvode i usluge bibliotekama mnogih vrsta \u0161irom sveta. Njegovi proizvodi uklju\u010duju EBSCONET, kompletan sistem za upravljanje e-resursima, i EBSCOhost, koji pru\u017ea uslugu onlajn istra\u017eivanja zasnovanu na naknadama sa 375 baza podataka punog teksta, kolekcijom od preko 600.000 e-knjiga, indeksima predmeta, medicinskim referencama i niz istorijskih digitalnih arhiva. U 2010. godini, EBSCO je institucijama predstavio svoju EBSCO Discoveri Service (EDS), koja omoguc\u0301ava pretragu portfelja \u010dasopisa i \u010dasopisa.<\/p><p style=\"font-weight: 400\"><strong>Istorija<\/strong><\/p><p style=\"font-weight: 400\">EBSCO Information Services je odeljenje EBSCO Industries Inc., kompanije koju je 1944. osnovao Elton Brajson Stivens stariji sa sedi\u0161tem u Birmingemu, Alabama. EBSCO Industries ima godi\u0161nju prodaju od oko 3 milijarde dolara. To je jedna od najvec\u0301ih privatnih kompanija u Alabami i jedna od 200 najboljih u Sjedinjenim Dr\u017eavama, na osnovu prihoda i broja zaposlenih.<\/p><p style=\"font-weight: 400\">\u00a0EBSCO Information Services je nastao 1984. godine kao \u0161tampana publikacija pod nazivom Popular Magazine\u00a0Reviev, koja sadr\u017ei sa\u017eetke \u010dlanaka iz vi\u0161e od 300 \u010dasopisa. 1987. kompaniju je kupio EBSCO Industries i njeno ime je\u00a0promenjeno\u00a0u EBSCO Publishing. Zapo\u0161ljavao je oko 750 ljudi do 2007. godine. Godine 2003. kupio je\u00a0Vhitston\u00a0Publishing, drugog provajdera baze podataka. 2010. EBSCO je kupio NetLibrari, a 2011. preuzeo je kompaniju H. V. Vilson. EBSCO Publishing se spojio sa EBSCO Information Services 1. jula 2013. godine, pri \u010demu je objedinjeno preduzec\u0301e poslovalo kao EBSCO Information Services. 2015. EBSCO je kupio IBP (Iankee\u00a0Book Peddler) bibliote\u010dke usluge od Baker &amp; Tailor-a, a kasnije ga je preimenovao u GOBI\u00a0Librari\u00a0Solutions. Od 2017. predsednik je Tim Kolins.<\/p><p><a href=\"https:\/\/mbuniverzitet.edu.rs\/wp-content\/uploads\/2024\/05\/Univerzitet-MB_EBSCO_ugovor_21.05.2024.pdf\" target=\"_blank\" rel=\"noopener\"><u>Link Ugovora<\/u><\/a><\/p><\/div>\n\t\t\t\t\t<\/div><\/div>\t\t\t\t<\/div>\n\t\t\t\t<\/div>\n\t\t\t\t<div class=\"elementor-element elementor-element-72b47e1 exad-sticky-section-no exad-glass-effect-no elementor-widget elementor-widget-eael-adv-accordion\" data-id=\"72b47e1\" data-element_type=\"widget\" data-e-type=\"widget\" data-widget_type=\"eael-adv-accordion.default\">\n\t\t\t\t<div class=\"elementor-widget-container\">\n\t\t\t\t\t            <div class=\"eael-adv-accordion\" id=\"eael-adv-accordion-72b47e1\" data-scroll-on-click=\"no\" data-scroll-speed=\"300\" data-accordion-id=\"72b47e1\" data-accordion-type=\"accordion\" data-toogle-speed=\"300\">\n            <div class=\"eael-accordion-list\">\n\t\t\t\t\t<div id=\"dana-17052024-godine-na-univerzitetu-mb-poslovni-i-pravni-fakultet-u-predivnom-ambijentu-i-uz-besprekornu-organizaciju-odrana-je-sedma-po-redu-meunarodna-nauna-konferencija-menadment-i-pravo-2024-konferenciji-je-prisustvovala-vlasnica-univerziteta-mb-prof-dr-ivanka-miladinovi-bogavac-profesori-iz-zemlje-i-inostranstva-predstavnici-privrede-medija-i-brojni-prijatelji-univerziteta-vidi-vie\" class=\"elementor-tab-title eael-accordion-header\" tabindex=\"0\" data-tab=\"1\" aria-controls=\"elementor-tab-content-1201\"><span class=\"eael-accordion-tab-title\">Dana 17.05.2024. godine na Univerzitetu ,,MB\u201c Poslovni i pravni fakultet  u predivnom ambijentu i uz besprekornu organizaciju odr\u017eana je sedma po redu Me\u0111unarodna nau\u010dna konferencija Menad\u017ement i pravo 2024. Konferenciji je prisustvovala vlasnica Univerziteta ,,MB\u201c prof dr \u017divanka Miladinovi\u0107-Bogavac, profesori iz zemlje i inostranstva, predstavnici privrede, medija i brojni prijatelji univerziteta. (Vidi Vi\u0161e)<\/span><\/div><div id=\"elementor-tab-content-1201\" class=\"eael-accordion-content clearfix\" data-tab=\"1\" aria-labelledby=\"dana-17052024-godine-na-univerzitetu-mb-poslovni-i-pravni-fakultet-u-predivnom-ambijentu-i-uz-besprekornu-organizaciju-odrana-je-sedma-po-redu-meunarodna-nauna-konferencija-menadment-i-pravo-2024-konferenciji-je-prisustvovala-vlasnica-univerziteta-mb-prof-dr-ivanka-miladinovi-bogavac-profesori-iz-zemlje-i-inostranstva-predstavnici-privrede-medija-i-brojni-prijatelji-univerziteta-vidi-vie\"><p style=\"font-weight: 400\">Tema Me\u0111unarodne nau\u010dne konferencije \u201e<strong>Menad\u017ement i pravo 2024<\/strong>\u201c je bila<strong>: Savremeni izazovi u menad\u017ementu, privredi, pravu, bezbednosti i informacionom dru\u0161tvu\u201c.\u00a0<\/strong>Konferencija je realizovana\u00a0 u tri paralelne sekcije:<\/p><ol><li style=\"font-weight: 400\">Menad\u017ement,<\/li><li style=\"font-weight: 400\">Pravo i bezbednost,<\/li><li style=\"font-weight: 400\">Informacione tehnologije.<\/li><\/ol><p><a href=\"https:\/\/mbuniverzitet.edu.rs\/wp-content\/uploads\/2024\/05\/MELSIS24_sl5.jpg\"><img loading=\"lazy\" decoding=\"async\" class=\"aligncenter size-medium wp-image-16248\" src=\"https:\/\/mbuniverzitet.edu.rs\/wp-content\/uploads\/2024\/05\/MELSIS24_sl5-225x300.jpg\" alt=\"\" width=\"225\" height=\"300\" srcset=\"https:\/\/mbuniverzitet.edu.rs\/wp-content\/uploads\/2024\/05\/MELSIS24_sl5-225x300.jpg 225w, https:\/\/mbuniverzitet.edu.rs\/wp-content\/uploads\/2024\/05\/MELSIS24_sl5-768x1024.jpg 768w, https:\/\/mbuniverzitet.edu.rs\/wp-content\/uploads\/2024\/05\/MELSIS24_sl5-1152x1536.jpg 1152w, https:\/\/mbuniverzitet.edu.rs\/wp-content\/uploads\/2024\/05\/MELSIS24_sl5-9x12.jpg 9w, https:\/\/mbuniverzitet.edu.rs\/wp-content\/uploads\/2024\/05\/MELSIS24_sl5.jpg 1200w\" sizes=\"(max-width: 225px) 100vw, 225px\" \/><\/a><\/p><p><a href=\"https:\/\/mbuniverzitet.edu.rs\/wp-content\/uploads\/2024\/05\/MELSIS24_sl1.jpg\"><img loading=\"lazy\" decoding=\"async\" class=\"aligncenter size-medium wp-image-16244\" src=\"https:\/\/mbuniverzitet.edu.rs\/wp-content\/uploads\/2024\/05\/MELSIS24_sl1-135x300.jpg\" alt=\"\" width=\"135\" height=\"300\" srcset=\"https:\/\/mbuniverzitet.edu.rs\/wp-content\/uploads\/2024\/05\/MELSIS24_sl1-135x300.jpg 135w, https:\/\/mbuniverzitet.edu.rs\/wp-content\/uploads\/2024\/05\/MELSIS24_sl1-461x1024.jpg 461w, https:\/\/mbuniverzitet.edu.rs\/wp-content\/uploads\/2024\/05\/MELSIS24_sl1-692x1536.jpg 692w, https:\/\/mbuniverzitet.edu.rs\/wp-content\/uploads\/2024\/05\/MELSIS24_sl1-5x12.jpg 5w, https:\/\/mbuniverzitet.edu.rs\/wp-content\/uploads\/2024\/05\/MELSIS24_sl1.jpg 721w\" sizes=\"(max-width: 135px) 100vw, 135px\" \/><\/a><\/p><p style=\"font-weight: 400\">Na konferenciji je bilo izlo\u017eeno 55 nau\u010dnih radova po sekcijama. Na konferenciji je uzelo u\u010de\u0161\u010de 97 autora i koautora radova.\u00a0\u00a0Konferenciju je otvorio predsednik Organizacionog odbora i Predsednik Saveta Univerziteta ,,MB\u201c redovni profesor dr Du\u0161an Regodi\u0107, dipl. in\u017e. Profesor Regodi\u0107 je pored osnovnih informacija o Univerzitetu ,,MB\u201c posebno naglasio da u svetu koji se neprestano menja, uloga menad\u017ementa, prava, bezbednosti \u00a0i informacionih tehnologija postaje sve kompleksnija. Sa izazovima kao \u0161to su globalizacija, tehnolo\u0161ki napredak i odr\u017eivost, menad\u017eeri, pravnici i in\u017eenjeri \u00a0danas moraju imati u vidu slo\u017een spektar pitanja koja zahtevaju inovativne pristupe i strategije. Pored \u017eelje da se upoznaju, lepo dru\u017ee, razmene svoja nau\u010dna znanja i ugodno ose\u0107aju na Univerzitetu ,,MB\u201c profesor Regodi\u0107 je pozvao sve u\u010desnike MNS da poka\u017eemo i ovog puta odgovornost kao akademski radnici i profesionalci. Da u budu\u0107nosti na nivou zemlje i regiona razvijemo multidisciplinarni pristup u nauci kako bismo se suo\u010dili sa ovim izazovima. Posebno je nagla\u0161ena potreba da radimo zajedno, delimo znanja i najbolje prakse, i kreiramo inovativna re\u0161enja koja \u0107e doprineti boljem i pravednijem svetu.<\/p><p><a href=\"https:\/\/mbuniverzitet.edu.rs\/wp-content\/uploads\/2024\/05\/MELSIS24_sl2.jpg\"><img loading=\"lazy\" decoding=\"async\" class=\"aligncenter size-medium wp-image-16245\" src=\"https:\/\/mbuniverzitet.edu.rs\/wp-content\/uploads\/2024\/05\/MELSIS24_sl2-225x300.jpg\" alt=\"\" width=\"225\" height=\"300\" srcset=\"https:\/\/mbuniverzitet.edu.rs\/wp-content\/uploads\/2024\/05\/MELSIS24_sl2-225x300.jpg 225w, https:\/\/mbuniverzitet.edu.rs\/wp-content\/uploads\/2024\/05\/MELSIS24_sl2-768x1024.jpg 768w, https:\/\/mbuniverzitet.edu.rs\/wp-content\/uploads\/2024\/05\/MELSIS24_sl2-1152x1536.jpg 1152w, https:\/\/mbuniverzitet.edu.rs\/wp-content\/uploads\/2024\/05\/MELSIS24_sl2-9x12.jpg 9w, https:\/\/mbuniverzitet.edu.rs\/wp-content\/uploads\/2024\/05\/MELSIS24_sl2.jpg 1200w\" sizes=\"(max-width: 225px) 100vw, 225px\" \/><\/a><\/p><p><a href=\"https:\/\/mbuniverzitet.edu.rs\/wp-content\/uploads\/2024\/05\/MELSIS24_sl3.jpg\"><img loading=\"lazy\" decoding=\"async\" class=\"aligncenter size-medium wp-image-16246\" src=\"https:\/\/mbuniverzitet.edu.rs\/wp-content\/uploads\/2024\/05\/MELSIS24_sl3-225x300.jpg\" alt=\"\" width=\"225\" height=\"300\" srcset=\"https:\/\/mbuniverzitet.edu.rs\/wp-content\/uploads\/2024\/05\/MELSIS24_sl3-225x300.jpg 225w, https:\/\/mbuniverzitet.edu.rs\/wp-content\/uploads\/2024\/05\/MELSIS24_sl3-768x1024.jpg 768w, https:\/\/mbuniverzitet.edu.rs\/wp-content\/uploads\/2024\/05\/MELSIS24_sl3-1152x1536.jpg 1152w, https:\/\/mbuniverzitet.edu.rs\/wp-content\/uploads\/2024\/05\/MELSIS24_sl3-9x12.jpg 9w, https:\/\/mbuniverzitet.edu.rs\/wp-content\/uploads\/2024\/05\/MELSIS24_sl3.jpg 1200w\" sizes=\"(max-width: 225px) 100vw, 225px\" \/><\/a><\/p><p style=\"font-weight: 400\">Plenarna predavanja su realizovali:<\/p><ol><li style=\"font-weight: 400\">Emilien Watelet na temu:\u00a0 HOW CAN DRONES INFLUENCE GLOBAL SECURITY?<\/li><li style=\"font-weight: 400\">Boris Krivokapi\u0107 na temu THE ROLE OF STATES IN THE SUPERVISION OF HUMAN RIGHTS.<\/li><\/ol><p style=\"font-weight: 400\">Posle plenarnog izlaganja rad se odvijao po sekcijama. Tokom rada po sekcijama je posebno nagla\u0161eno:<\/p><p style=\"font-weight: 400\">&#8211; Profesija <strong>pravnika<\/strong> stoji na \u010delu promena koje dru\u0161tvo do\u017eivljava u 21. veku. Izazovi s kojima se susre\u0107emo su brojni i raznoliki \u2013 od globalizacije i digitalizacije do pitanja ljudskih prava i o\u010duvanja \u017eivotne sredine. Posebno je nagla\u0161en zna\u010daj uticaja tehnologija na pravo, problem dostupnosti pravde i problem odr\u017eivosti i prava.<\/p><p><a href=\"https:\/\/mbuniverzitet.edu.rs\/wp-content\/uploads\/2024\/05\/MELSIS24_sl8.jpg\"><img loading=\"lazy\" decoding=\"async\" class=\"aligncenter size-medium wp-image-16251\" src=\"https:\/\/mbuniverzitet.edu.rs\/wp-content\/uploads\/2024\/05\/MELSIS24_sl8-225x300.jpg\" alt=\"\" width=\"225\" height=\"300\" srcset=\"https:\/\/mbuniverzitet.edu.rs\/wp-content\/uploads\/2024\/05\/MELSIS24_sl8-225x300.jpg 225w, https:\/\/mbuniverzitet.edu.rs\/wp-content\/uploads\/2024\/05\/MELSIS24_sl8-768x1024.jpg 768w, https:\/\/mbuniverzitet.edu.rs\/wp-content\/uploads\/2024\/05\/MELSIS24_sl8-1152x1536.jpg 1152w, https:\/\/mbuniverzitet.edu.rs\/wp-content\/uploads\/2024\/05\/MELSIS24_sl8-9x12.jpg 9w, https:\/\/mbuniverzitet.edu.rs\/wp-content\/uploads\/2024\/05\/MELSIS24_sl8.jpg 1200w\" sizes=\"(max-width: 225px) 100vw, 225px\" \/><\/a><\/p><p style=\"font-weight: 400\">&#8211; Sa svim navedenim izazovima menad\u017eeri danas moraju uzeti u obzir brojna pitanja koja zahtevaju inovativne pristupe i strategije.<\/p><p><a href=\"https:\/\/mbuniverzitet.edu.rs\/wp-content\/uploads\/2024\/05\/MELSIS24_sl12.jpg\"><img loading=\"lazy\" decoding=\"async\" class=\"aligncenter size-medium wp-image-16242\" src=\"https:\/\/mbuniverzitet.edu.rs\/wp-content\/uploads\/2024\/05\/MELSIS24_sl12-140x300.jpg\" alt=\"\" width=\"140\" height=\"300\" srcset=\"https:\/\/mbuniverzitet.edu.rs\/wp-content\/uploads\/2024\/05\/MELSIS24_sl12-140x300.jpg 140w, https:\/\/mbuniverzitet.edu.rs\/wp-content\/uploads\/2024\/05\/MELSIS24_sl12-478x1024.jpg 478w, https:\/\/mbuniverzitet.edu.rs\/wp-content\/uploads\/2024\/05\/MELSIS24_sl12-717x1536.jpg 717w, https:\/\/mbuniverzitet.edu.rs\/wp-content\/uploads\/2024\/05\/MELSIS24_sl12-6x12.jpg 6w, https:\/\/mbuniverzitet.edu.rs\/wp-content\/uploads\/2024\/05\/MELSIS24_sl12.jpg 747w\" sizes=\"(max-width: 140px) 100vw, 140px\" \/><\/a><\/p><p style=\"font-weight: 400\">U oblasti <strong>menad\u017ementa,<\/strong>\u00a0jedan od klju\u010dnih izazova je kako uspe\u0161no voditi organizacije u eri globalizacije i tehnolo\u0161kih promena. Menad\u017eeri na svim nivoima a posebno lideri moraju razvijati sposobnosti za upravljanje raznolikim timovima i usvajati inovativne pristupe kako bi uspe\u0161no rukovodili organizacijama i ostali konkurentni.<\/p><p><a href=\"https:\/\/mbuniverzitet.edu.rs\/wp-content\/uploads\/2024\/05\/MELSIS24_sl4.jpg\"><img loading=\"lazy\" decoding=\"async\" class=\"aligncenter size-medium wp-image-16247\" src=\"https:\/\/mbuniverzitet.edu.rs\/wp-content\/uploads\/2024\/05\/MELSIS24_sl4-225x300.jpg\" alt=\"\" width=\"225\" height=\"300\" srcset=\"https:\/\/mbuniverzitet.edu.rs\/wp-content\/uploads\/2024\/05\/MELSIS24_sl4-225x300.jpg 225w, https:\/\/mbuniverzitet.edu.rs\/wp-content\/uploads\/2024\/05\/MELSIS24_sl4-768x1024.jpg 768w, https:\/\/mbuniverzitet.edu.rs\/wp-content\/uploads\/2024\/05\/MELSIS24_sl4-1152x1536.jpg 1152w, https:\/\/mbuniverzitet.edu.rs\/wp-content\/uploads\/2024\/05\/MELSIS24_sl4-9x12.jpg 9w, https:\/\/mbuniverzitet.edu.rs\/wp-content\/uploads\/2024\/05\/MELSIS24_sl4.jpg 1200w\" sizes=\"(max-width: 225px) 100vw, 225px\" \/><\/a><\/p><p style=\"font-weight: 400\">&#8211;\u00a0 \u00a0<strong>Bezbednost<\/strong>\u00a0je tako\u0111e pod sve ve\u0107im pritiskom. U svetu gde su informacije sve dostupnije, pitanja privatnosti i za\u0161tite podataka postaju klju\u010dna. Stru\u010dnjaci za bezbednost moraju razviti sofisticirane metode za\u0161tite kako bi se osiguralo da pojedinci i na\u0161a dru\u0161tva ostaju sigurna.<\/p><p><a href=\"https:\/\/mbuniverzitet.edu.rs\/wp-content\/uploads\/2024\/05\/MELSIS24_sl6.jpg\"><img loading=\"lazy\" decoding=\"async\" class=\"aligncenter size-medium wp-image-16249\" src=\"https:\/\/mbuniverzitet.edu.rs\/wp-content\/uploads\/2024\/05\/MELSIS24_sl6-225x300.jpg\" alt=\"\" width=\"225\" height=\"300\" srcset=\"https:\/\/mbuniverzitet.edu.rs\/wp-content\/uploads\/2024\/05\/MELSIS24_sl6-225x300.jpg 225w, https:\/\/mbuniverzitet.edu.rs\/wp-content\/uploads\/2024\/05\/MELSIS24_sl6-768x1024.jpg 768w, https:\/\/mbuniverzitet.edu.rs\/wp-content\/uploads\/2024\/05\/MELSIS24_sl6-1152x1536.jpg 1152w, https:\/\/mbuniverzitet.edu.rs\/wp-content\/uploads\/2024\/05\/MELSIS24_sl6-9x12.jpg 9w, https:\/\/mbuniverzitet.edu.rs\/wp-content\/uploads\/2024\/05\/MELSIS24_sl6.jpg 1200w\" sizes=\"(max-width: 225px) 100vw, 225px\" \/><\/a><\/p><p style=\"font-weight: 400\">&#8211; Na kraju, <strong>informaciono dru\u0161tvo<\/strong>\u00a0nudi neograni\u010dene mogu\u0107nosti, ubrzava tokove informacija i materijala, pojednostavljuje sve poslovne procese ali i nudi brojne izazove. Digitalna pismenost, pristup informacijama i eti\u010dka pitanja u vezi sa AI i automatizacijom su samo neki od problema s kojima se moramo suo\u010diti.<\/p><p><a href=\"https:\/\/mbuniverzitet.edu.rs\/wp-content\/uploads\/2024\/05\/MELSIS24_IT-sekcija.jpg\"><img loading=\"lazy\" decoding=\"async\" class=\"aligncenter wp-image-16243 size-medium\" src=\"https:\/\/mbuniverzitet.edu.rs\/wp-content\/uploads\/2024\/05\/MELSIS24_IT-sekcija-300x169.jpg\" alt=\"\" width=\"300\" height=\"169\" srcset=\"https:\/\/mbuniverzitet.edu.rs\/wp-content\/uploads\/2024\/05\/MELSIS24_IT-sekcija-300x169.jpg 300w, https:\/\/mbuniverzitet.edu.rs\/wp-content\/uploads\/2024\/05\/MELSIS24_IT-sekcija-1024x576.jpg 1024w, https:\/\/mbuniverzitet.edu.rs\/wp-content\/uploads\/2024\/05\/MELSIS24_IT-sekcija-768x432.jpg 768w, https:\/\/mbuniverzitet.edu.rs\/wp-content\/uploads\/2024\/05\/MELSIS24_IT-sekcija-1536x864.jpg 1536w, https:\/\/mbuniverzitet.edu.rs\/wp-content\/uploads\/2024\/05\/MELSIS24_IT-sekcija-18x10.jpg 18w, https:\/\/mbuniverzitet.edu.rs\/wp-content\/uploads\/2024\/05\/MELSIS24_IT-sekcija.jpg 1600w\" sizes=\"(max-width: 300px) 100vw, 300px\" \/><\/a><\/p><p>Rad sekcije za Informacione tehnologije<\/p><p>\u00a0<\/p><p><a href=\"https:\/\/mbuniverzitet.edu.rs\/wp-content\/uploads\/2024\/05\/MELSIS24_sl9.jpg\"><img loading=\"lazy\" decoding=\"async\" class=\"aligncenter size-medium wp-image-16252\" src=\"https:\/\/mbuniverzitet.edu.rs\/wp-content\/uploads\/2024\/05\/MELSIS24_sl9-225x300.jpg\" alt=\"\" width=\"225\" height=\"300\" srcset=\"https:\/\/mbuniverzitet.edu.rs\/wp-content\/uploads\/2024\/05\/MELSIS24_sl9-225x300.jpg 225w, https:\/\/mbuniverzitet.edu.rs\/wp-content\/uploads\/2024\/05\/MELSIS24_sl9-768x1024.jpg 768w, https:\/\/mbuniverzitet.edu.rs\/wp-content\/uploads\/2024\/05\/MELSIS24_sl9-1152x1536.jpg 1152w, https:\/\/mbuniverzitet.edu.rs\/wp-content\/uploads\/2024\/05\/MELSIS24_sl9-9x12.jpg 9w, https:\/\/mbuniverzitet.edu.rs\/wp-content\/uploads\/2024\/05\/MELSIS24_sl9.jpg 1200w\" sizes=\"(max-width: 225px) 100vw, 225px\" \/><\/a><\/p><p style=\"font-weight: 400\">Posle zavr\u0161enog nau\u010dnog skupa kao i u svim sve\u010danim prilikama vlasnici Univerziteta ,,MB\u201c prof. dr Milija Bogavac i prof. dr \u017divanka Miladinovi\u0107-Bogavac priredili su zajedni\u010dki ru\u010dak za sve u\u010desnike i goste 7. MNS ,,Menad\u017ement i pravo 2024\u201c. Ru\u010dak je organizovan u hotelu Slavija.<\/p><p><a href=\"https:\/\/mbuniverzitet.edu.rs\/wp-content\/uploads\/2024\/05\/Z-AGENDA-MELSIS-2024.pdf\" target=\"_blank\" rel=\"noopener\">Vidi Agendu Konferencije<\/a><\/p><p><a href=\"https:\/\/mbuniverzitet.edu.rs\/wp-content\/uploads\/2024\/05\/Z-BOOK-OF-ABSTRACTS-MELSIS-2024.pdf\" target=\"_blank\" rel=\"noopener\">Zbornik apstrakata<\/a><\/p><\/div>\n\t\t\t\t\t<\/div><\/div>\t\t\t\t<\/div>\n\t\t\t\t<\/div>\n\t\t\t\t<div class=\"elementor-element elementor-element-be7714e exad-sticky-section-no exad-glass-effect-no elementor-widget elementor-widget-eael-adv-accordion\" data-id=\"be7714e\" data-element_type=\"widget\" data-e-type=\"widget\" data-widget_type=\"eael-adv-accordion.default\">\n\t\t\t\t<div class=\"elementor-widget-container\">\n\t\t\t\t\t            <div class=\"eael-adv-accordion\" id=\"eael-adv-accordion-be7714e\" data-scroll-on-click=\"no\" data-scroll-speed=\"300\" data-accordion-id=\"be7714e\" data-accordion-type=\"accordion\" data-toogle-speed=\"300\">\n            <div class=\"eael-accordion-list\">\n\t\t\t\t\t<div id=\"na-poslovnom-i-pravnom-fakultetu-univerziteta-mb-bie-odrana-sedma-po-redu-meunarodna-nauna-konferencija-menadment-i-pravo-2024-vreme-realizacije-17052024-godine-sa-poetkom-u-1000-asova-mesto-realizacije-zgrada-univerziteta-mb-amfiteatar-4-teodora-drajzera-27-vidi-vie\" class=\"elementor-tab-title eael-accordion-header\" tabindex=\"0\" data-tab=\"1\" aria-controls=\"elementor-tab-content-1991\"><span class=\"eael-accordion-tab-title\">Na Poslovnom i pravnom fakultetu Univerziteta ,,MB\u201c bi\u0107e odr\u017eana sedma po redu Me\u0111unarodna nau\u010dna konferencija Menad\u017ement i pravo 2024. Vreme realizacije:  17.05.2024. godine sa po\u010detkom u 10:00 \u010dasova. Mesto realizacije: Zgrada Univerziteta MB, amfiteatar 4, Teodora Drajzera 27.  (Vidi Vi\u0161e)<\/span><\/div><div id=\"elementor-tab-content-1991\" class=\"eael-accordion-content clearfix\" data-tab=\"1\" aria-labelledby=\"na-poslovnom-i-pravnom-fakultetu-univerziteta-mb-bie-odrana-sedma-po-redu-meunarodna-nauna-konferencija-menadment-i-pravo-2024-vreme-realizacije-17052024-godine-sa-poetkom-u-1000-asova-mesto-realizacije-zgrada-univerziteta-mb-amfiteatar-4-teodora-drajzera-27-vidi-vie\"><p>Tema Me\u0111unarodne konferencije \u201eMenad\u017ement i pravo 2024\u201c je:\u00a0Savremeni izazovi u menad\u017ementu, privredi, pravu, bezbednosti i informacionom dru\u0161tvu\u201c .<\/p><p>The 7th\u00a0International Scientific Conference,\u00a0Management and law\u00a02024:\u00a0\u201cModern\u00a0Challenges\u00a0in\u00a0Management,\u00a0Economy,\u00a0Law,\u00a0Security and Information Society\u201d.<\/p><p>Po\u010detak konferencije je u 10.00. Registracija u\u010desnika je od 9.00 do 10.00 \u010dasova. Posle zvani\u010dnog otvaranja Me\u0111unarodne konferencije bi\u0107e odr\u017eana plenarna predavanja uz prisustvo svih u\u010desnika.<\/p><p>Konferencije c\u0301e se realizovati u tri paralelne sekcije:<\/p><p>Menad\u017ement,<br \/>Pravo i<br \/>Informacione tehnologije.<\/p><p>Na konferenciji \u0107e biti izlo\u017eeno 55 nau\u010dnih radova po sekcijama. Pozivaju se svi autori i koautori da izlo\u017ee svoje radove a zaintersovani da prisustvuju 7. Me\u0111unarodnoj konferenciji Menad\u017ement i pravo 2024.<\/p><p><a href=\"https:\/\/mbuniverzitet.edu.rs\/wp-content\/uploads\/2024\/05\/Z-AGENDA-MELSIS-2024.pdf\" target=\"_blank\" rel=\"noopener\">Vidi Agendu konferencije<\/a><\/p><\/div>\n\t\t\t\t\t<\/div><\/div>\t\t\t\t<\/div>\n\t\t\t\t<\/div>\n\t\t\t\t<div class=\"elementor-element elementor-element-3448c58 exad-sticky-section-no exad-glass-effect-no elementor-widget elementor-widget-eael-adv-accordion\" data-id=\"3448c58\" data-element_type=\"widget\" data-e-type=\"widget\" data-widget_type=\"eael-adv-accordion.default\">\n\t\t\t\t<div class=\"elementor-widget-container\">\n\t\t\t\t\t            <div class=\"eael-adv-accordion\" id=\"eael-adv-accordion-3448c58\" data-scroll-on-click=\"no\" data-scroll-speed=\"300\" data-accordion-id=\"3448c58\" data-accordion-type=\"accordion\" data-toogle-speed=\"300\">\n            <div class=\"eael-accordion-list\">\n\t\t\t\t\t<div id=\"dana-25042024-godine-u-1900-sati-u-biblioteci-grada-beograda-realizovano-je-predstavljanje-knjige-sistem-nacionalne-bezbednosti-vidi-vie\" class=\"elementor-tab-title eael-accordion-header\" tabindex=\"0\" data-tab=\"1\" aria-controls=\"elementor-tab-content-5481\"><span class=\"eael-accordion-tab-title\">Dana 25.04.2024. godine u 19:00 sati  u Biblioteci grada Beograda realizovano je predstavljanje knjige SISTEM NACIONALNE BEZBEDNOSTI. (Vidi vi\u0161e)<\/span><\/div><div id=\"elementor-tab-content-5481\" class=\"eael-accordion-content clearfix\" data-tab=\"1\" aria-labelledby=\"dana-25042024-godine-u-1900-sati-u-biblioteci-grada-beograda-realizovano-je-predstavljanje-knjige-sistem-nacionalne-bezbednosti-vidi-vie\"><p>Autori knjige su:<\/p><p>&#8211; Prof. dr \u017divanka Miladinovi\u0107-Bogavac<br \/>&#8211; Doc. dr Martin Matija\u0161evi\u0107<br \/>&#8211; Doc. dr \u017deljko Lazi\u0107<\/p><p><a href=\"https:\/\/mbuniverzitet.edu.rs\/wp-content\/uploads\/2024\/04\/sl1.jpg\"><img loading=\"lazy\" decoding=\"async\" class=\"aligncenter size-medium wp-image-16104\" src=\"https:\/\/mbuniverzitet.edu.rs\/wp-content\/uploads\/2024\/04\/sl1-225x300.jpg\" alt=\"\" width=\"225\" height=\"300\" srcset=\"https:\/\/mbuniverzitet.edu.rs\/wp-content\/uploads\/2024\/04\/sl1-225x300.jpg 225w, https:\/\/mbuniverzitet.edu.rs\/wp-content\/uploads\/2024\/04\/sl1-768x1024.jpg 768w, https:\/\/mbuniverzitet.edu.rs\/wp-content\/uploads\/2024\/04\/sl1-9x12.jpg 9w, https:\/\/mbuniverzitet.edu.rs\/wp-content\/uploads\/2024\/04\/sl1.jpg 800w\" sizes=\"(max-width: 225px) 100vw, 225px\" \/><\/a><\/p><p>Pred prepunom salom Biblioteke grada Beograda, posle nadahnutog izlaganja svakog od autora o knjizi su govorili:<\/p><p><a href=\"https:\/\/mbuniverzitet.edu.rs\/wp-content\/uploads\/2024\/04\/sl3.jpg\"><img loading=\"lazy\" decoding=\"async\" class=\"aligncenter size-medium wp-image-16106\" src=\"https:\/\/mbuniverzitet.edu.rs\/wp-content\/uploads\/2024\/04\/sl3-300x135.jpg\" alt=\"\" width=\"300\" height=\"135\" srcset=\"https:\/\/mbuniverzitet.edu.rs\/wp-content\/uploads\/2024\/04\/sl3-300x135.jpg 300w, https:\/\/mbuniverzitet.edu.rs\/wp-content\/uploads\/2024\/04\/sl3-1024x462.jpg 1024w, https:\/\/mbuniverzitet.edu.rs\/wp-content\/uploads\/2024\/04\/sl3-768x346.jpg 768w, https:\/\/mbuniverzitet.edu.rs\/wp-content\/uploads\/2024\/04\/sl3-18x8.jpg 18w, https:\/\/mbuniverzitet.edu.rs\/wp-content\/uploads\/2024\/04\/sl3.jpg 1200w\" sizes=\"(max-width: 300px) 100vw, 300px\" \/><\/a><\/p><p>&#8211; Prof. dr Dragan Simeunovi\u0107\u00a0 &#8211; penzionisani profesor sa Fakulteta politi\u010dkih nauka,<br \/>&#8211; Petar Cvetkovi\u0107 &#8211; penzionisani general -potpukovnik, biv\u0161i direktor BIA,<br \/>&#8211; Prof. dr Sr\u0111an Mila\u0161inovi\u0107, Kriminalisti\u010dko-policijski univerzitet.<\/p><p><a href=\"https:\/\/mbuniverzitet.edu.rs\/wp-content\/uploads\/2024\/04\/sl2.jpg\"><img loading=\"lazy\" decoding=\"async\" class=\"aligncenter size-medium wp-image-16105\" src=\"https:\/\/mbuniverzitet.edu.rs\/wp-content\/uploads\/2024\/04\/sl2-300x135.jpg\" alt=\"\" width=\"300\" height=\"135\" srcset=\"https:\/\/mbuniverzitet.edu.rs\/wp-content\/uploads\/2024\/04\/sl2-300x135.jpg 300w, https:\/\/mbuniverzitet.edu.rs\/wp-content\/uploads\/2024\/04\/sl2-1024x462.jpg 1024w, https:\/\/mbuniverzitet.edu.rs\/wp-content\/uploads\/2024\/04\/sl2-768x346.jpg 768w, https:\/\/mbuniverzitet.edu.rs\/wp-content\/uploads\/2024\/04\/sl2-18x8.jpg 18w, https:\/\/mbuniverzitet.edu.rs\/wp-content\/uploads\/2024\/04\/sl2.jpg 1200w\" sizes=\"(max-width: 300px) 100vw, 300px\" \/><\/a><\/p><p>Istaknut je doprinos knjige za oblast analize funkcionisanja sistema bezbednosti. Posebno je istaknut zna\u010daj poglavlja iz Ljudskih prava, Kontrole sistema bezbednosti, Bezbednosnog obave\u0161tavanja, Obave\u0161tajnih aktivnosti i nadzora, Pojma diskriminacije i Uporedni prikaz subjekata nacionalne bezbednosti.<\/p><p><div style=\"width: 640px;\" class=\"wp-video\"><video class=\"wp-video-shortcode\" id=\"video-7582-7\" width=\"640\" height=\"360\" preload=\"metadata\" controls=\"controls\"><source type=\"video\/mp4\" src=\"https:\/\/mbuniverzitet.edu.rs\/wp-content\/uploads\/2024\/04\/video1.mp4?_=7\" \/><a href=\"https:\/\/mbuniverzitet.edu.rs\/wp-content\/uploads\/2024\/04\/video1.mp4\">https:\/\/mbuniverzitet.edu.rs\/wp-content\/uploads\/2024\/04\/video1.mp4<\/a><\/video><\/div><\/p><p>Knjiga ima odli\u010dnu primenu u vaspitnoobrazovnom procesu na studijskom programu menad\u017ement u bezbednosti na Univerzitetu MB i edukaciji sada\u0161njih i budu\u0107ih slu\u017ebenika iz oblasti bezbednosti.<\/p><p><a href=\"https:\/\/mbuniverzitet.edu.rs\/wp-content\/uploads\/2024\/04\/sl5.jpg\"><img loading=\"lazy\" decoding=\"async\" class=\"aligncenter size-medium wp-image-16108\" src=\"https:\/\/mbuniverzitet.edu.rs\/wp-content\/uploads\/2024\/04\/sl5-153x300.jpg\" alt=\"\" width=\"153\" height=\"300\" srcset=\"https:\/\/mbuniverzitet.edu.rs\/wp-content\/uploads\/2024\/04\/sl5-153x300.jpg 153w, https:\/\/mbuniverzitet.edu.rs\/wp-content\/uploads\/2024\/04\/sl5-523x1024.jpg 523w, https:\/\/mbuniverzitet.edu.rs\/wp-content\/uploads\/2024\/04\/sl5-6x12.jpg 6w, https:\/\/mbuniverzitet.edu.rs\/wp-content\/uploads\/2024\/04\/sl5.jpg 613w\" sizes=\"(max-width: 153px) 100vw, 153px\" \/><\/a><\/p><p>Posle predstavljanja knjige u organizaciji autora knjige prire\u0111en je koktel za prisutne goste i zvanice.<\/p><p><a href=\"https:\/\/mbuniverzitet.edu.rs\/wp-content\/uploads\/2024\/04\/sl4.jpg\"><img loading=\"lazy\" decoding=\"async\" class=\"aligncenter size-medium wp-image-16107\" src=\"https:\/\/mbuniverzitet.edu.rs\/wp-content\/uploads\/2024\/04\/sl4-135x300.jpg\" alt=\"\" width=\"135\" height=\"300\" srcset=\"https:\/\/mbuniverzitet.edu.rs\/wp-content\/uploads\/2024\/04\/sl4-135x300.jpg 135w, https:\/\/mbuniverzitet.edu.rs\/wp-content\/uploads\/2024\/04\/sl4-462x1024.jpg 462w, https:\/\/mbuniverzitet.edu.rs\/wp-content\/uploads\/2024\/04\/sl4-5x12.jpg 5w, https:\/\/mbuniverzitet.edu.rs\/wp-content\/uploads\/2024\/04\/sl4.jpg 541w\" sizes=\"(max-width: 135px) 100vw, 135px\" \/><\/a><\/p><p>Menad\u017ement Univerziteta MB<\/p><p style=\"font-weight: 400\">\u00a0<\/p><\/div>\n\t\t\t\t\t<\/div><\/div>\t\t\t\t<\/div>\n\t\t\t\t<\/div>\n\t\t\t\t<div class=\"elementor-element elementor-element-5ab94a1 exad-sticky-section-no exad-glass-effect-no elementor-widget elementor-widget-eael-adv-accordion\" data-id=\"5ab94a1\" data-element_type=\"widget\" data-e-type=\"widget\" data-widget_type=\"eael-adv-accordion.default\">\n\t\t\t\t<div class=\"elementor-widget-container\">\n\t\t\t\t\t            <div class=\"eael-adv-accordion\" id=\"eael-adv-accordion-5ab94a1\" data-scroll-on-click=\"no\" data-scroll-speed=\"300\" data-accordion-id=\"5ab94a1\" data-accordion-type=\"accordion\" data-toogle-speed=\"300\">\n            <div class=\"eael-accordion-list\">\n\t\t\t\t\t<div id=\"dana-18042024godine-na-inicijativu-novoimenovanog-ambasadora-republike-srbije-u-iraku-prof-dr-branislava-eelja-formirano-je-poslovno-udruenje-konzorcijum-od-16-uglednih-firmi-instituta-i-univerziteta-iz-srbije-za-saradnju-sa-republikom-irak-u-narednom-periodu-meu-16-uglednih-privrednih-korporacija-instituta-i-univerziteta-je-i-univerzitet-mb-to-predstavlja-znaajno-priznanje-za-vie-decenijski-kvalitetan-rad-nae-visokokolske-ustanove-u-oblasti-obrazovanja-nauke-i-umetnosti-na-kraju-konstitutivnog-sastanka-poslovnog-udruenja-potpisan-je-sporazum-o-saradnji-i-zajednikom-nastupu-na-irakom-tritu-ispred-univerziteta-mb-sporazum-je-potpisao-vlasnik-i-osniva-univerziteta-prof-dr-milija-bogavac-vidi-vie\" class=\"elementor-tab-title eael-accordion-header\" tabindex=\"0\" data-tab=\"1\" aria-controls=\"elementor-tab-content-9511\"><span class=\"eael-accordion-tab-title\">Dana 18.04.2024.godine na inicijativu novoimenovanog ambasadora Republike Srbije u Iraku, prof. dr Branislava \u017de\u017eelja formirano je Poslovno udru\u017eenje (konzorcijum) od 16 uglednih firmi, instituta i univerziteta iz Srbije za saradnju sa Republikom Irak u narednom periodu. Me\u0111u 16 uglednih privrednih korporacija, instituta i univerziteta je i Univerzitet MB, \u0161to predstavlja zna\u010dajno priznanje za vi\u0161e decenijski kvalitetan rad na\u0161e visoko\u0161kolske ustanove u oblasti obrazovanja, nauke i umetnosti.  Na kraju konstitutivnog sastanka Poslovnog Udru\u017eenja potpisan je Sporazum o saradnji i zajedni\u010dkom nastupu na Ira\u010dkom tr\u017ei\u0161tu. Ispred Univerziteta MB, Sporazum je potpisao vlasnik i osniva\u010d Univerziteta, prof. dr Milija Bogavac. (Vidi vi\u0161e)<\/span><\/div><div id=\"elementor-tab-content-9511\" class=\"eael-accordion-content clearfix\" data-tab=\"1\" aria-labelledby=\"dana-18042024godine-na-inicijativu-novoimenovanog-ambasadora-republike-srbije-u-iraku-prof-dr-branislava-eelja-formirano-je-poslovno-udruenje-konzorcijum-od-16-uglednih-firmi-instituta-i-univerziteta-iz-srbije-za-saradnju-sa-republikom-irak-u-narednom-periodu-meu-16-uglednih-privrednih-korporacija-instituta-i-univerziteta-je-i-univerzitet-mb-to-predstavlja-znaajno-priznanje-za-vie-decenijski-kvalitetan-rad-nae-visokokolske-ustanove-u-oblasti-obrazovanja-nauke-i-umetnosti-na-kraju-konstitutivnog-sastanka-poslovnog-udruenja-potpisan-je-sporazum-o-saradnji-i-zajednikom-nastupu-na-irakom-tritu-ispred-univerziteta-mb-sporazum-je-potpisao-vlasnik-i-osniva-univerziteta-prof-dr-milija-bogavac-vidi-vie\"><p>Na inicijativu novoimenovanog ambasadora Republike Srbije u Iraku, prof. dr Branislava \u017de\u017eelja\u00a0 formirano je Poslovno udru\u017eenje (konzorcijum) od 16 uglednih\u00a0 firmi, instituta i univerziteta iz Srbije za saradnju sa Republikom Irak u narednom periodu. Me\u0111u 16 uglednih privrednih korporacija, instituta i univerziteta je i Univerzitet MB, \u0161to predstavlja zna\u010dajno priznanje za vi\u0161e decenijski kvalitetan rad na\u0161e visoko\u0161kolske ustanove u oblasti obrazovanja, nauke i umetnosti.<\/p><p>Na poziv novoimenovanog ambasadora prof. dr Branislava \u017de\u017eelja, u kompaniji \u201eEnergoprojekt\u201c odr\u017ean je prvi inicijalni sastanak Poslovnog udru\u017eenja, 18. aprila 2024. godine. Ispred Univerziteta, inicijalnom sastanku konzorcijuma prisustvovali su vlasnik i osniva\u010d Univerziteta MB, prof. dr Milija Bogavac, zamenik rektora i prorektor za nastavu, prof. dr \u017divanka Miladinovi\u0107 Bogavac i prorektor za nauku, NIR i razvoj, prof. dr Ne\u0111o Danilovi\u0107.<\/p><p><a href=\"https:\/\/mbuniverzitet.edu.rs\/wp-content\/uploads\/2024\/04\/Sednica_Irak_Slika-1.jpg\"><img loading=\"lazy\" decoding=\"async\" class=\"aligncenter wp-image-16053 size-medium\" src=\"https:\/\/mbuniverzitet.edu.rs\/wp-content\/uploads\/2024\/04\/Sednica_Irak_Slika-1-300x225.jpg\" alt=\"\" width=\"300\" height=\"225\" srcset=\"https:\/\/mbuniverzitet.edu.rs\/wp-content\/uploads\/2024\/04\/Sednica_Irak_Slika-1-300x225.jpg 300w, https:\/\/mbuniverzitet.edu.rs\/wp-content\/uploads\/2024\/04\/Sednica_Irak_Slika-1-1024x768.jpg 1024w, https:\/\/mbuniverzitet.edu.rs\/wp-content\/uploads\/2024\/04\/Sednica_Irak_Slika-1-768x576.jpg 768w, https:\/\/mbuniverzitet.edu.rs\/wp-content\/uploads\/2024\/04\/Sednica_Irak_Slika-1-16x12.jpg 16w, https:\/\/mbuniverzitet.edu.rs\/wp-content\/uploads\/2024\/04\/Sednica_Irak_Slika-1.jpg 1200w\" sizes=\"(max-width: 300px) 100vw, 300px\" \/><\/a><\/p><p>Na konstitutivnom sastanku Poslovnog udru\u017eenja, pred njihovim ekselencijama, ambasadorom Republike Srbije u Iraku i ambasadorkom Republike Iraka u Srbiji, ovla\u0161\u0107eni predstavnici kompanija, instituta i univerziteta iz Srbije prezentovali su mogu\u0107nosti i resurse svjoih privrednih subjekata, obrazovnih i nau\u010dnih ustanova u zajedni\u010dkom i koordiniranom nastupu na Ira\u010dkom tr\u017ei\u0161tu.<\/p><p>\u010clanovima konzorcijuma, raspolo\u017eive mogu\u0107nosti i modalitete saradnje Univerziteta MB sa Irakom u oblasti obrazovanja, nau\u010dnoistra\u017eiva\u010dkog i umetni\u010dkog rada prezentovao je prof. dr Ne\u0111o Danilovi\u0107, prorektor za nauku, NIR i razvoj.<\/p><p>Na kraju konstitutivnog sastanka Poslovnog Udru\u017eenja potpisan je Sporazum o saradnji i zajedni\u010dkom nastupu na Ira\u010dkom tr\u017ei\u0161tu. Ispred Univerziteta MB, Sporazum je potpisao vlasnik i osniva\u010d Univerziteta, prof. dr Milija Bogavac.<\/p><p>U Beogradu, 18.04.2024. godine<\/p><\/div>\n\t\t\t\t\t<\/div><\/div>\t\t\t\t<\/div>\n\t\t\t\t<\/div>\n\t\t\t\t<div class=\"elementor-element elementor-element-45ec9cf exad-sticky-section-no exad-glass-effect-no elementor-widget elementor-widget-eael-adv-accordion\" data-id=\"45ec9cf\" data-element_type=\"widget\" data-e-type=\"widget\" data-widget_type=\"eael-adv-accordion.default\">\n\t\t\t\t<div class=\"elementor-widget-container\">\n\t\t\t\t\t            <div class=\"eael-adv-accordion\" id=\"eael-adv-accordion-45ec9cf\" data-scroll-on-click=\"no\" data-scroll-speed=\"300\" data-accordion-id=\"45ec9cf\" data-accordion-type=\"accordion\" data-toogle-speed=\"300\">\n            <div class=\"eael-accordion-list\">\n\t\t\t\t\t<div id=\"povodom-1-maja-i-vaskrsa-na-univerzitetu-mb-se-nee-odravati-nastava-i-konsultacije-od-ponedeljka-29-aprila-do-utorka-07-maja-2024-godine-vidi-vie\" class=\"elementor-tab-title eael-accordion-header\" tabindex=\"0\" data-tab=\"1\" aria-controls=\"elementor-tab-content-7331\"><span class=\"eael-accordion-tab-title\">Povodom 1. Maja i Vaskrsa na Univerzitetu \u201cMB\u201d se ne\u0107e odr\u017eavati nastava i konsultacije od ponedeljka 29. aprila do utorka, 07. maja 2024. godine. (Vidi vi\u0161e)<\/span><\/div><div id=\"elementor-tab-content-7331\" class=\"eael-accordion-content clearfix\" data-tab=\"1\" aria-labelledby=\"povodom-1-maja-i-vaskrsa-na-univerzitetu-mb-se-nee-odravati-nastava-i-konsultacije-od-ponedeljka-29-aprila-do-utorka-07-maja-2024-godine-vidi-vie\"><p>Poslednji radni i nastavni dan pre praznika je petak, 26. april, a prvi nastavni dan nakon praznika je utorak, 7. maj 2024. godine.<\/p><p>Svim stalno zaposlenim, studentima i prijateljima Univerziteta \u201cMB\u201d sre\u0107ni PRVOMAJSKI I VASKR\u0160NJI PRAZNICI.<\/p><p>Menad\u017ement Univerziteta &#8222;MB&#8220;<\/p><\/div>\n\t\t\t\t\t<\/div><\/div>\t\t\t\t<\/div>\n\t\t\t\t<\/div>\n\t\t\t\t<div class=\"elementor-element elementor-element-0c98d5a exad-sticky-section-no exad-glass-effect-no elementor-widget elementor-widget-eael-adv-accordion\" data-id=\"0c98d5a\" data-element_type=\"widget\" data-e-type=\"widget\" data-widget_type=\"eael-adv-accordion.default\">\n\t\t\t\t<div class=\"elementor-widget-container\">\n\t\t\t\t\t            <div class=\"eael-adv-accordion\" id=\"eael-adv-accordion-0c98d5a\" data-scroll-on-click=\"no\" data-scroll-speed=\"300\" data-accordion-id=\"0c98d5a\" data-accordion-type=\"accordion\" data-toogle-speed=\"300\">\n            <div class=\"eael-accordion-list\">\n\t\t\t\t\t<div id=\"dana-28032024godine-u-1200-univerzitet-mb-e-obeleiti-25-godina-od-agresije-nato-na-srj-pozivaju-se-svi-nastavnici-saradnici-i-studenti-prvog-drugog-i-treeg-ciklusa-studija-da-u-amfiteatru-br-3-prisustvuju-obeleavanju-seanja-25-godina-od-agresije-nato-na-srj-vidi-vie\" class=\"elementor-tab-title eael-accordion-header\" tabindex=\"0\" data-tab=\"1\" aria-controls=\"elementor-tab-content-1321\"><span class=\"eael-accordion-tab-title\">Dana 28.03.2024.godine u 12.00 Univerzitet ,,MB\" \u0107e obele\u017eiti 25. godina od agresije NATO na SRJ. Pozivaju se svi nastavnici, saradnici i studenti prvog, drugog i tre\u0107eg ciklusa studija da u amfiteatru br. 3 prisustvuju obele\u017eavanju se\u0107anja \u201e25 godina od agresije NATO na SRJ\u201c. (Vidi vi\u0161e)<\/span><\/div><div id=\"elementor-tab-content-1321\" class=\"eael-accordion-content clearfix\" data-tab=\"1\" aria-labelledby=\"dana-28032024godine-u-1200-univerzitet-mb-e-obeleiti-25-godina-od-agresije-nato-na-srj-pozivaju-se-svi-nastavnici-saradnici-i-studenti-prvog-drugog-i-treeg-ciklusa-studija-da-u-amfiteatru-br-3-prisustvuju-obeleavanju-seanja-25-godina-od-agresije-nato-na-srj-vidi-vie\"><p><a href=\"https:\/\/mbuniverzitet.edu.rs\/wp-content\/uploads\/2024\/03\/Pozivnica-za-predavanje-Nato-agresija-na-SRJ.jpg\"><img loading=\"lazy\" decoding=\"async\" class=\"aligncenter size-medium wp-image-15987\" src=\"https:\/\/mbuniverzitet.edu.rs\/wp-content\/uploads\/2024\/03\/Pozivnica-za-predavanje-Nato-agresija-na-SRJ-270x300.jpg\" alt=\"\" width=\"270\" height=\"300\" srcset=\"https:\/\/mbuniverzitet.edu.rs\/wp-content\/uploads\/2024\/03\/Pozivnica-za-predavanje-Nato-agresija-na-SRJ-270x300.jpg 270w, https:\/\/mbuniverzitet.edu.rs\/wp-content\/uploads\/2024\/03\/Pozivnica-za-predavanje-Nato-agresija-na-SRJ-11x12.jpg 11w, https:\/\/mbuniverzitet.edu.rs\/wp-content\/uploads\/2024\/03\/Pozivnica-za-predavanje-Nato-agresija-na-SRJ.jpg 721w\" sizes=\"(max-width: 270px) 100vw, 270px\" \/><\/a><\/p><p><a href=\"https:\/\/mbuniverzitet.edu.rs\/wp-content\/uploads\/2024\/03\/Plakat-Nato-agresija.jpg\"><img loading=\"lazy\" decoding=\"async\" class=\"aligncenter size-medium wp-image-15988\" src=\"https:\/\/mbuniverzitet.edu.rs\/wp-content\/uploads\/2024\/03\/Plakat-Nato-agresija-227x300.jpg\" alt=\"\" width=\"227\" height=\"300\" srcset=\"https:\/\/mbuniverzitet.edu.rs\/wp-content\/uploads\/2024\/03\/Plakat-Nato-agresija-227x300.jpg 227w, https:\/\/mbuniverzitet.edu.rs\/wp-content\/uploads\/2024\/03\/Plakat-Nato-agresija-776x1024.jpg 776w, https:\/\/mbuniverzitet.edu.rs\/wp-content\/uploads\/2024\/03\/Plakat-Nato-agresija-768x1013.jpg 768w, https:\/\/mbuniverzitet.edu.rs\/wp-content\/uploads\/2024\/03\/Plakat-Nato-agresija-9x12.jpg 9w, https:\/\/mbuniverzitet.edu.rs\/wp-content\/uploads\/2024\/03\/Plakat-Nato-agresija.jpg 800w\" sizes=\"(max-width: 227px) 100vw, 227px\" \/><\/a><\/p><p>Menad\u017ement Univerziteta<\/p><\/div>\n\t\t\t\t\t<\/div><\/div>\t\t\t\t<\/div>\n\t\t\t\t<\/div>\n\t\t\t\t<div class=\"elementor-element elementor-element-6cbf30c exad-sticky-section-no exad-glass-effect-no elementor-widget elementor-widget-eael-adv-accordion\" data-id=\"6cbf30c\" data-element_type=\"widget\" data-e-type=\"widget\" data-widget_type=\"eael-adv-accordion.default\">\n\t\t\t\t<div class=\"elementor-widget-container\">\n\t\t\t\t\t            <div class=\"eael-adv-accordion\" id=\"eael-adv-accordion-6cbf30c\" data-scroll-on-click=\"no\" data-scroll-speed=\"300\" data-accordion-id=\"6cbf30c\" data-accordion-type=\"accordion\" data-toogle-speed=\"300\">\n            <div class=\"eael-accordion-list\">\n\t\t\t\t\t<div id=\"poseta-recenzentske-komisije-nacionalnog-tela-za-akreditaciju-i-obezbeenje-kvaliteta-u-visokom-obrazovanju-nat-pri-ponovnoj-akreditaciji-sp-oas-informacione-tehnologije-vidi-vie\" class=\"elementor-tab-title eael-accordion-header\" tabindex=\"0\" data-tab=\"1\" aria-controls=\"elementor-tab-content-1141\"><span class=\"eael-accordion-tab-title\">Poseta Recenzentske komisije Nacionalnog tela za akreditaciju i obezbe\u0111enje kvaliteta u visokom obrazovanju (NAT)  pri ponovnoj akreditaciji SP OAS Informacione tehnologije. (Vidi vi\u0161e)<\/span><\/div><div id=\"elementor-tab-content-1141\" class=\"eael-accordion-content clearfix\" data-tab=\"1\" aria-labelledby=\"poseta-recenzentske-komisije-nacionalnog-tela-za-akreditaciju-i-obezbeenje-kvaliteta-u-visokom-obrazovanju-nat-pri-ponovnoj-akreditaciji-sp-oas-informacione-tehnologije-vidi-vie\"><p>Dana 08.13.2024. godine Recenzentska komisija Nacionalnog akreditacionog tela za akreditaciju i obezbe\u0111enje kvaliteta u Visokom obrazovanju u sastavu:<\/p><ol><li>redovni profesor dr Vladimir Mladenovi\u0107, predsednik komisije, nastavnik<\/li><li>vanredni profesor dr Marina Marjanovi\u0107, nastavnik<\/li><li>vanredni profesor dr Dragana Radosavljevi\u0107, nastavnik<\/li><li>Leonardo Denda, stru\u010dnjak iz prakse<\/li><li>Biljana To\u0161i\u0107, student<\/li><li>Nikola \u017divkovi\u0107, sekretar.<\/li><\/ol><p>je posle pregleda radnog materijala obavila razgovor sa predstavnicima Univerziteta \u201cMB\u201d Beograd, Poslovni i pravni fakultet. Prema pravilima NAT-a, ve\u0107ina \u010dlanova se u razgovore uklju\u010dila putem video konferencijske platforme ZOOM.<\/p><p><a href=\"https:\/\/mbuniverzitet.edu.rs\/wp-content\/uploads\/2024\/03\/ReAkreditacija_IT_mart2024_slika2.jpg\"><img loading=\"lazy\" decoding=\"async\" class=\"aligncenter size-medium wp-image-15842\" src=\"https:\/\/mbuniverzitet.edu.rs\/wp-content\/uploads\/2024\/03\/ReAkreditacija_IT_mart2024_slika2-171x300.jpg\" alt=\"\" width=\"171\" height=\"300\" srcset=\"https:\/\/mbuniverzitet.edu.rs\/wp-content\/uploads\/2024\/03\/ReAkreditacija_IT_mart2024_slika2-171x300.jpg 171w, https:\/\/mbuniverzitet.edu.rs\/wp-content\/uploads\/2024\/03\/ReAkreditacija_IT_mart2024_slika2-582x1024.jpg 582w, https:\/\/mbuniverzitet.edu.rs\/wp-content\/uploads\/2024\/03\/ReAkreditacija_IT_mart2024_slika2-768x1350.jpg 768w, https:\/\/mbuniverzitet.edu.rs\/wp-content\/uploads\/2024\/03\/ReAkreditacija_IT_mart2024_slika2-874x1536.jpg 874w, https:\/\/mbuniverzitet.edu.rs\/wp-content\/uploads\/2024\/03\/ReAkreditacija_IT_mart2024_slika2-7x12.jpg 7w, https:\/\/mbuniverzitet.edu.rs\/wp-content\/uploads\/2024\/03\/ReAkreditacija_IT_mart2024_slika2.jpg 910w\" sizes=\"(max-width: 171px) 100vw, 171px\" \/><\/a><\/p><p><b>Radni tim Univerziteta MB, Poslovni i pravni fakultet je bio u sastavu:<\/b><\/p><ol><li>prof. dr Du\u0161an Regodi\u0107, Predsednik Saveta Univerziteta MB<\/li><li>prof. dr \u017divanka\u00a0 Miladinovi\u0107-Bogavac, prorektor za nastavu na Univerzitetu MB<\/li><li>prof. dr Ne\u0111o Danilovi\u0107, prorektor za nauku NID i razvoj na UMB<\/li><li>prof. dr Marija Kosti\u0107, prorektor za kvalitet i me\u0111unarodnu saradnju na UMB<\/li><li>prof. dr Dragana Lazi\u0107, prodekan za nastavu na Univerzitet u MB, Poslovni i pravni fakultet,<\/li><li>prof dr Sne\u017eana Maksimovi\u0107. prodekan za nauku na Univerzitet u MB, Poslovni i pravni fakultet<\/li><li>docent dr Vuk Vujovi\u0107, nastavnik na studijskom programu Informacione tehnologije.<\/li><li>Docent dr bata Vasi\u0107, nastavnik na studijskom programu Informacione tehnologije.<\/li><li>Dijana Cvijetinovi\u0107 \u2013 predsednik studentskog parlamenta na PPF UMB<\/li><li>Mia Stani\u0161i\u0107, student prorektor na Univerzitetu MB<\/li><li>Msc Gojko Vlaisavljevi\u0107, predstavnik privrede iz Po\u0161tanske \u0161tedionice<\/li><li>Docent dr Goran Babi\u0107 \u2013 predstavnik Alumni udru\u017eenja na UMB<\/li><li>Msc Dragan Stankovi\u0107 \u2013 Informati\u010dka podr\u0161ka radu UMB.<\/li><li>Msc Aleksandar Mati\u0107 \u2013 Sekretar Univerziteta MB<\/li><\/ol><p><a href=\"https:\/\/mbuniverzitet.edu.rs\/wp-content\/uploads\/2024\/03\/ReAkreditacija_IT_mart2024_slika3.jpg\"><img loading=\"lazy\" decoding=\"async\" class=\"aligncenter size-medium wp-image-15840\" src=\"https:\/\/mbuniverzitet.edu.rs\/wp-content\/uploads\/2024\/03\/ReAkreditacija_IT_mart2024_slika3-300x225.jpg\" alt=\"\" width=\"300\" height=\"225\" srcset=\"https:\/\/mbuniverzitet.edu.rs\/wp-content\/uploads\/2024\/03\/ReAkreditacija_IT_mart2024_slika3-300x225.jpg 300w, https:\/\/mbuniverzitet.edu.rs\/wp-content\/uploads\/2024\/03\/ReAkreditacija_IT_mart2024_slika3-1024x768.jpg 1024w, https:\/\/mbuniverzitet.edu.rs\/wp-content\/uploads\/2024\/03\/ReAkreditacija_IT_mart2024_slika3-768x576.jpg 768w, https:\/\/mbuniverzitet.edu.rs\/wp-content\/uploads\/2024\/03\/ReAkreditacija_IT_mart2024_slika3-1536x1152.jpg 1536w, https:\/\/mbuniverzitet.edu.rs\/wp-content\/uploads\/2024\/03\/ReAkreditacija_IT_mart2024_slika3-16x12.jpg 16w, https:\/\/mbuniverzitet.edu.rs\/wp-content\/uploads\/2024\/03\/ReAkreditacija_IT_mart2024_slika3.jpg 1600w\" sizes=\"(max-width: 300px) 100vw, 300px\" \/><\/a><\/p><p>Razgovor je protekao u radnoj i srda\u010dnoj atmosferi uz isticanje posebnih potreba Republike Srbije za razvojem i usavr\u0161avanjem studijskog programa iz oblasti elektrotehni\u010dko i ra\u010dunarsko in\u017eenjerstvo &#8211; Informacionih tehnologija.<\/p><p>Recenzentska komisija naglasila je zna\u010daj kvaliteta, savremenost i me\u0111unarodnu usagla\u0161enost studijskog programa OAS Informacione tehnologije u odnosu na postavljene kriterijume: Celovitost i sveobuhvatnost studijskog programa i mogu\u0107nosti sticanja najnovijih stru\u010dnih saznanja; usagla\u0161enost programa sa drugim programima na Univerzitetu MB, Poslovni i pravni fakultet i uskla\u0111enost programa sa najmanje tri akreditovana programa inostrane visoko\u0161kolske ustanove, od kojih su najmanje dva iz visoko\u0161kolskih ustanova evropskog obrazovnog prostora.<\/p><p>Radni tim Univerziteta MB je izlo\u017eio Studiju izvodljivosti navedenog studijskog programa i strate\u0161ke ciljeve budu\u0107eg razvoja Univerziteta MB, Poslovni pravni fakultet.<\/p><p><a href=\"https:\/\/mbuniverzitet.edu.rs\/wp-content\/uploads\/2024\/03\/ReAkreditacija_IT_mart2024_slika1.jpg\"><img loading=\"lazy\" decoding=\"async\" class=\"aligncenter size-medium wp-image-15841\" src=\"https:\/\/mbuniverzitet.edu.rs\/wp-content\/uploads\/2024\/03\/ReAkreditacija_IT_mart2024_slika1-300x225.jpg\" alt=\"\" width=\"300\" height=\"225\" srcset=\"https:\/\/mbuniverzitet.edu.rs\/wp-content\/uploads\/2024\/03\/ReAkreditacija_IT_mart2024_slika1-300x225.jpg 300w, https:\/\/mbuniverzitet.edu.rs\/wp-content\/uploads\/2024\/03\/ReAkreditacija_IT_mart2024_slika1-1024x768.jpg 1024w, https:\/\/mbuniverzitet.edu.rs\/wp-content\/uploads\/2024\/03\/ReAkreditacija_IT_mart2024_slika1-768x576.jpg 768w, https:\/\/mbuniverzitet.edu.rs\/wp-content\/uploads\/2024\/03\/ReAkreditacija_IT_mart2024_slika1-1536x1152.jpg 1536w, https:\/\/mbuniverzitet.edu.rs\/wp-content\/uploads\/2024\/03\/ReAkreditacija_IT_mart2024_slika1-16x12.jpg 16w, https:\/\/mbuniverzitet.edu.rs\/wp-content\/uploads\/2024\/03\/ReAkreditacija_IT_mart2024_slika1.jpg 1600w\" sizes=\"(max-width: 300px) 100vw, 300px\" \/><\/a><\/p><p>\u010clanovi radnog tima posebno su odgovorili predstavnicima Recenzentske komisije na sva postavljena pitanja po svim standardima akreditacionog materijala.<\/p><\/div>\n\t\t\t\t\t<\/div><\/div>\t\t\t\t<\/div>\n\t\t\t\t<\/div>\n\t\t\t\t<div class=\"elementor-element elementor-element-9438801 exad-sticky-section-no exad-glass-effect-no elementor-widget elementor-widget-eael-adv-accordion\" data-id=\"9438801\" data-element_type=\"widget\" data-e-type=\"widget\" data-widget_type=\"eael-adv-accordion.default\">\n\t\t\t\t<div class=\"elementor-widget-container\">\n\t\t\t\t\t            <div class=\"eael-adv-accordion\" id=\"eael-adv-accordion-9438801\" data-scroll-on-click=\"no\" data-scroll-speed=\"300\" data-accordion-id=\"9438801\" data-accordion-type=\"accordion\" data-toogle-speed=\"300\">\n            <div class=\"eael-accordion-list\">\n\t\t\t\t\t<div id=\"na-univerzitetu-mb-obeleleen-8-mart-meunarodni-dan-ena-vidi-vie\" class=\"elementor-tab-title eael-accordion-header\" tabindex=\"0\" data-tab=\"1\" aria-controls=\"elementor-tab-content-1551\"><span class=\"eael-accordion-tab-title\">Na Univerzitetu MB obelele\u017een 8. Mart Me\u0111unarodni dan \u017eena. (Vidi vi\u0161e)<\/span><\/div><div id=\"elementor-tab-content-1551\" class=\"eael-accordion-content clearfix\" data-tab=\"1\" aria-labelledby=\"na-univerzitetu-mb-obeleleen-8-mart-meunarodni-dan-ena-vidi-vie\"><p>Dana 08.03.2024. godine na Univerzitetu MB je obele\u017een Me\u0111unarodni dan \u017eena. Me\u0111unarodni dan \u017eena, je posve\u0107en \u017eenama i slavi se svake godine 8. marta. Vlasnici Univerziteta MB, prof. dr Milija Bogavac i profesorka dr \u017divanka Miladinovi\u0107-Bogavac su i ovog puta pokazali veliku brigu i empatiju prema zaposlenima. Ovog puta su na prijemu povodom Me\u0111unarodnog dana \u017eena \u00a0bile predstavnice lep\u0161eg pola. Uz koktel koleginicama su vlasnici Univerziteta MB uru\u010dili poklon paket i ru\u017eu u znak pa\u017enje i zahvalnosti za veliku posve\u0107enost kolektivu i poslovnom procesu na Univerzitetu MB.<\/p><p><a href=\"https:\/\/mbuniverzitet.edu.rs\/wp-content\/uploads\/2024\/03\/8mart_1.jpg\"><img loading=\"lazy\" decoding=\"async\" class=\"aligncenter size-medium wp-image-15827\" src=\"https:\/\/mbuniverzitet.edu.rs\/wp-content\/uploads\/2024\/03\/8mart_1-300x225.jpg\" alt=\"\" width=\"300\" height=\"225\" srcset=\"https:\/\/mbuniverzitet.edu.rs\/wp-content\/uploads\/2024\/03\/8mart_1-300x225.jpg 300w, https:\/\/mbuniverzitet.edu.rs\/wp-content\/uploads\/2024\/03\/8mart_1-1024x768.jpg 1024w, https:\/\/mbuniverzitet.edu.rs\/wp-content\/uploads\/2024\/03\/8mart_1-768x576.jpg 768w, https:\/\/mbuniverzitet.edu.rs\/wp-content\/uploads\/2024\/03\/8mart_1-1536x1152.jpg 1536w, https:\/\/mbuniverzitet.edu.rs\/wp-content\/uploads\/2024\/03\/8mart_1-16x12.jpg 16w, https:\/\/mbuniverzitet.edu.rs\/wp-content\/uploads\/2024\/03\/8mart_1.jpg 1600w\" sizes=\"(max-width: 300px) 100vw, 300px\" \/><\/a><\/p><p><br \/>Na sve\u010danosti su pored dama prisustvovali predstavnici Uprave Univerziteta MB. Damama su se obratili Predsednik Saveta, prof dr Du\u0161an Regodi\u0107, \u00a0prorektor za nastavu prof. dr \u017divanka Miladinovi\u0107-Bogavac i prof. dr Ne\u0111o Danilovi\u0107, prorektor za nauku na Univerzitetu MB.<\/p><p><a href=\"https:\/\/mbuniverzitet.edu.rs\/wp-content\/uploads\/2024\/03\/8mart_6.jpg\"><img loading=\"lazy\" decoding=\"async\" class=\"aligncenter size-medium wp-image-15832\" src=\"https:\/\/mbuniverzitet.edu.rs\/wp-content\/uploads\/2024\/03\/8mart_6-300x225.jpg\" alt=\"\" width=\"300\" height=\"225\" srcset=\"https:\/\/mbuniverzitet.edu.rs\/wp-content\/uploads\/2024\/03\/8mart_6-300x225.jpg 300w, https:\/\/mbuniverzitet.edu.rs\/wp-content\/uploads\/2024\/03\/8mart_6-1024x768.jpg 1024w, https:\/\/mbuniverzitet.edu.rs\/wp-content\/uploads\/2024\/03\/8mart_6-768x576.jpg 768w, https:\/\/mbuniverzitet.edu.rs\/wp-content\/uploads\/2024\/03\/8mart_6-1536x1152.jpg 1536w, https:\/\/mbuniverzitet.edu.rs\/wp-content\/uploads\/2024\/03\/8mart_6-16x12.jpg 16w, https:\/\/mbuniverzitet.edu.rs\/wp-content\/uploads\/2024\/03\/8mart_6.jpg 1600w\" sizes=\"(max-width: 300px) 100vw, 300px\" \/><\/a><\/p><p><br \/>U svom obra\u0107anju pred punom salom je posebno nagla\u0161en zna\u010daj \u017eena u dru\u0161tvu u celini. Pored brojnih porodi\u010dnih obaveza u ulozi supruga, majki, sestara na\u0161e dame imaju vrlo odgovorne poslovne obaveze, vrlo \u010desto rukovode\u0107e du\u017enosti u privrednim, dru\u0161tvenim ustanovama, sportskim organizacijama, sistemu bezbednosti, oblasti politike i kulture.\u00a0Danas, polo\u017eaj \u017eena ukazuje da borba za \u017eenska prava i jednake mogu\u0107nosti u svim oblastima javnog i privatnog \u017eivota i dalje traje.<\/p><p><a href=\"https:\/\/mbuniverzitet.edu.rs\/wp-content\/uploads\/2024\/03\/8mart_4.jpg\"><img loading=\"lazy\" decoding=\"async\" class=\"aligncenter size-medium wp-image-15830\" src=\"https:\/\/mbuniverzitet.edu.rs\/wp-content\/uploads\/2024\/03\/8mart_4-300x155.jpg\" alt=\"\" width=\"300\" height=\"155\" srcset=\"https:\/\/mbuniverzitet.edu.rs\/wp-content\/uploads\/2024\/03\/8mart_4-300x155.jpg 300w, https:\/\/mbuniverzitet.edu.rs\/wp-content\/uploads\/2024\/03\/8mart_4-1024x529.jpg 1024w, https:\/\/mbuniverzitet.edu.rs\/wp-content\/uploads\/2024\/03\/8mart_4-768x397.jpg 768w, https:\/\/mbuniverzitet.edu.rs\/wp-content\/uploads\/2024\/03\/8mart_4-18x9.jpg 18w, https:\/\/mbuniverzitet.edu.rs\/wp-content\/uploads\/2024\/03\/8mart_4.jpg 1284w\" sizes=\"(max-width: 300px) 100vw, 300px\" \/><\/a><\/p><p>Posebno je nagla\u0161en nastanak ideje za obele\u017eavanjem Me\u0111unarodnog dana \u017eena \u00a0po\u010detkom 20. veka u doba brze industrijalizacije i ekonomske ekspanzije koja je \u010desto dovodila do protesta zbog lo\u0161ih radnih uslova. \u017dene zaposlene u industriji ode\u0107e i tekstila su javno demonstrirale 8. marta 1857. godine u Njujorku. Tekstilne radnice su demonstrirale zbog lo\u0161ih radnih uslova i niskih plata. Demonstracije je rasterala policija. Te iste \u017eene su osnovale sindikat dva meseca kasnije.<\/p><p><a href=\"https:\/\/mbuniverzitet.edu.rs\/wp-content\/uploads\/2024\/03\/8mart_5.jpg\"><img loading=\"lazy\" decoding=\"async\" class=\"aligncenter size-medium wp-image-15831\" src=\"https:\/\/mbuniverzitet.edu.rs\/wp-content\/uploads\/2024\/03\/8mart_5-300x154.jpg\" alt=\"\" width=\"300\" height=\"154\" srcset=\"https:\/\/mbuniverzitet.edu.rs\/wp-content\/uploads\/2024\/03\/8mart_5-300x154.jpg 300w, https:\/\/mbuniverzitet.edu.rs\/wp-content\/uploads\/2024\/03\/8mart_5-1024x526.jpg 1024w, https:\/\/mbuniverzitet.edu.rs\/wp-content\/uploads\/2024\/03\/8mart_5-768x395.jpg 768w, https:\/\/mbuniverzitet.edu.rs\/wp-content\/uploads\/2024\/03\/8mart_5-18x9.jpg 18w, https:\/\/mbuniverzitet.edu.rs\/wp-content\/uploads\/2024\/03\/8mart_5.jpg 1284w\" sizes=\"(max-width: 300px) 100vw, 300px\" \/><\/a><\/p><p>Dan \u017eena je nastao kao dan borbe za \u017eenska\u00a0ljudska prava, za ekonomsku, politi\u010dku i socijalnu ravnopravnost\u00a0\u017eena\u00a0i\u00a0mu\u0161karaca. Prvi Dan \u017eena je obele\u017een\u00a01909. godine u\u00a0Sjedinjenim Ameri\u010dkim Dr\u017eavama\u00a0deklaracijom koju je donela Socijalisti\u010dka stranka Amerike. Izme\u0111u ostalih va\u017enih istorijskih doga\u0111aja, njime se obele\u017eava i po\u017ear u fabrici tekstila u\u00a0Njujorku\u00a0kada je poginulo preko stotinu \u017eena. Smatra se da su radnice bile zadr\u017eane unutar fabrike kako bi ih se spre\u010dilo da \u0161trajkuju sa drugim radnicima. Tada se obi\u010dno radilo 10 sati dnevno.<\/p><p><a href=\"https:\/\/mbuniverzitet.edu.rs\/wp-content\/uploads\/2024\/03\/8mart_2.jpg\"><img loading=\"lazy\" decoding=\"async\" class=\"aligncenter size-medium wp-image-15828\" src=\"https:\/\/mbuniverzitet.edu.rs\/wp-content\/uploads\/2024\/03\/8mart_2-225x300.jpg\" alt=\"\" width=\"225\" height=\"300\" srcset=\"https:\/\/mbuniverzitet.edu.rs\/wp-content\/uploads\/2024\/03\/8mart_2-225x300.jpg 225w, https:\/\/mbuniverzitet.edu.rs\/wp-content\/uploads\/2024\/03\/8mart_2-768x1024.jpg 768w, https:\/\/mbuniverzitet.edu.rs\/wp-content\/uploads\/2024\/03\/8mart_2-1152x1536.jpg 1152w, https:\/\/mbuniverzitet.edu.rs\/wp-content\/uploads\/2024\/03\/8mart_2-9x12.jpg 9w, https:\/\/mbuniverzitet.edu.rs\/wp-content\/uploads\/2024\/03\/8mart_2.jpg 1200w\" sizes=\"(max-width: 225px) 100vw, 225px\" \/><\/a><\/p><p>Godine\u00a01910. organizovana je prva Me\u0111unarodna konferencija \u017eena, koja je bila odr\u017eana u\u00a0Kopenhagenu\u00a0u organizaciji\u00a0Socijalisti\u010dke Internacionale.[14]\u00a0Inspirisana ameri\u010dkom akcijom povodom ovog pitanja, nema\u010dka levi\u010darka, Luiz Cic, predlo\u017eila je organizovanje Me\u0111unarodnog dana \u017eena. Inicijativu sprovo\u0111enja ideje praznika u delo preuzela je slavna Nema\u010dka\u00a0feministkinja\u00a0i\u00a0levi\u010darka,\u00a0Klara Cetkin, te je predlog prihva\u0107en i ustanovljen je &#8216;Me\u0111unarodni dan \u017eena&#8217;, sa strategijom promovisanja jednakih prava, uklju\u010duju\u0107i i demokratsko pravo glasa za \u017eene.<\/p><p>Slede\u0107e, 1911. godine je Me\u0111unarodni dan \u017eena obele\u017een u\u00a0Austriji,\u00a0Nema\u010dkoj,\u00a0Danskoj\u00a0i\u00a0\u0160vajcarskoj, uz mnoge demonstracije i feministkinje \u0161irom Evrope.<\/p><p>U po\u010detku\u00a0Prvog svetskog rata\u00a0\u017eene \u0161irom\u00a0Evrope\u00a0su odr\u017eale\u00a0antiratne\u00a0demonstracije za mir.<\/p><p>Obele\u017eavanje Me\u0111unarodnog dana \u017eena 1914. godine u Nema\u010dkoj bilo je posve\u0107eno \u017eenskom pravu na glasanje, koje nisu osvojile do 1918. godine. U Londonu je 8. marta 1914. godine odr\u017ean mar\u0161 kao podr\u0161ka \u017eenskom pravu glasa.<\/p><p>Na\u00a0zapadu\u00a0se Me\u0111unarodni dan \u017eena uglavnom prestao obele\u017eavati u prvoj polovini dvadesetog veka, delom i zbog toga \u0161to ga se povezivalo sa jednopartijskim sistemom i\u00a0bolj\u0161evi\u010dkim komunizmom.\u00a0Maj\u010din dan\u00a0se kao\u00a0praznik\u00a0u \u010dast\u00a0majki\u00a0i\u00a0materinstva\u00a0obele\u017eava u tim zemljama svake druge nedelje u maju.<\/p><p>Godine\u00a01975, koja je progla\u0161ena\u00a0Me\u0111unarodnom godinom \u017eene,\u00a0Ujedinjene nacije\u00a0su slu\u017ebeno po\u010dele obele\u017eavati Me\u0111unarodni dan \u017eena.<\/p><p>Dan \u017eena je ostao dr\u017eavni praznik u Rusiji, Belorusiji, Ukrajini, Kazahstanu, Kirgistanu, Moldaviji, Mongoliji, Tad\u017eikistanu i drugim zemljama.<\/p><p>Prva proslava Dana \u017eena u Srbiji je odr\u017eana 1914. godine. Na slu\u017ebenom nivou on je po\u010deo da se obele\u017eava u Socijalisti\u010dkoj Jugoslaviji, posle 1945. godine do dana\u0161njih dana.<\/p><p>\u017denama se danas u mnogim dr\u017eavama uobi\u010dajeno uz \u010destitku daruje cve\u0107e.<\/p><p><a href=\"https:\/\/mbuniverzitet.edu.rs\/wp-content\/uploads\/2024\/03\/8mart_7.jpg\"><img loading=\"lazy\" decoding=\"async\" class=\"aligncenter size-medium wp-image-15826\" src=\"https:\/\/mbuniverzitet.edu.rs\/wp-content\/uploads\/2024\/03\/8mart_7-225x300.jpg\" alt=\"\" width=\"225\" height=\"300\" srcset=\"https:\/\/mbuniverzitet.edu.rs\/wp-content\/uploads\/2024\/03\/8mart_7-225x300.jpg 225w, https:\/\/mbuniverzitet.edu.rs\/wp-content\/uploads\/2024\/03\/8mart_7-768x1024.jpg 768w, https:\/\/mbuniverzitet.edu.rs\/wp-content\/uploads\/2024\/03\/8mart_7-1152x1536.jpg 1152w, https:\/\/mbuniverzitet.edu.rs\/wp-content\/uploads\/2024\/03\/8mart_7-9x12.jpg 9w, https:\/\/mbuniverzitet.edu.rs\/wp-content\/uploads\/2024\/03\/8mart_7.jpg 1200w\" sizes=\"(max-width: 225px) 100vw, 225px\" \/><\/a><\/p><p>Uprava Univerziteta MB<\/p><\/div>\n\t\t\t\t\t<\/div><\/div>\t\t\t\t<\/div>\n\t\t\t\t<\/div>\n\t\t\t\t<div class=\"elementor-element elementor-element-f369b1b exad-sticky-section-no exad-glass-effect-no elementor-widget elementor-widget-eael-adv-accordion\" data-id=\"f369b1b\" data-element_type=\"widget\" data-e-type=\"widget\" data-widget_type=\"eael-adv-accordion.default\">\n\t\t\t\t<div class=\"elementor-widget-container\">\n\t\t\t\t\t            <div class=\"eael-adv-accordion\" id=\"eael-adv-accordion-f369b1b\" data-scroll-on-click=\"no\" data-scroll-speed=\"300\" data-accordion-id=\"f369b1b\" data-accordion-type=\"accordion\" data-toogle-speed=\"300\">\n            <div class=\"eael-accordion-list\">\n\t\t\t\t\t<div id=\"poetak-nastave-letnji-semestar-akademske-20232024-godine\" class=\"elementor-tab-title eael-accordion-header\" tabindex=\"0\" data-tab=\"1\" aria-controls=\"elementor-tab-content-2551\"><span class=\"eael-accordion-tab-title\">Po\u010detak nastave - letnji semestar akademske 2023\/2024. godine<\/span><\/div><div id=\"elementor-tab-content-2551\" class=\"eael-accordion-content clearfix\" data-tab=\"1\" aria-labelledby=\"poetak-nastave-letnji-semestar-akademske-20232024-godine\"><p><span>Nastava<\/span><span>\u00a0<\/span><span>u<\/span><span>\u00a0<\/span><span>letnjem<\/span><span>\u00a0<\/span><span>semestru<\/span><span>\u00a0<\/span><span>akademske<\/span><span>\u00a02023\/2024.\u00a0<\/span><span>godine<\/span><span>\u00a0<\/span><span>na<\/span><span>\u00a0<\/span><span>Poslovnom<\/span><span>\u00a0<\/span><span>i<\/span><span>\u00a0<\/span><span>pravnom<\/span><span>\u00a0<\/span><span>fakultetu<\/span><span>\u00a0<\/span><span>i<\/span><span>\u00a0<\/span><span>Akademiji<\/span><span>\u00a0<\/span><span>klasi<\/span><span>\u010d<\/span><span>nog<\/span><span>\u00a0<\/span><span>slikarstva<\/span><span>\u00a0<\/span><span>Univerziteta MB\u00a0<\/span><span>po<\/span><span>\u010d<\/span><span>inje<\/span><span>\u00a0<\/span><span>po<\/span><span>\u00a0<\/span><span>kalendaru<\/span><span>\u00a0<\/span><span>aktivnosti<\/span><span>\u00a0<\/span><span>19.02.2024.\u00a0<\/span><span>godine<\/span><span>\u00a0<\/span><span>a<\/span><span>\u00a0<\/span><span>zavr<\/span><span>\u0161<\/span><span>ava<\/span><span>\u00a0<\/span><span>27.05.2024.\u00a0<\/span><span>godine<\/span><span>.\u00a0<\/span><span>Sedmica<\/span><span>\u00a0<\/span><span>za<\/span><span>\u00a0<\/span><span>nadoknadu<\/span><span>\u00a0<\/span><span>nastave<\/span><span>\u00a0<\/span><span>je<\/span><span>\u00a0<\/span><span>od<\/span><span>\u00a0<\/span><span>28.05\u00a0<\/span><span>do<\/span><span>\u00a003.06.2024.\u00a0<\/span><span>godine<\/span><span>. <\/span><\/p><p><span>Rasporedi \u010dasova su postavljeni na oglasnu tablu Univerziteta MB.<\/span><\/p><p>Menad\u017ement Univerziteta MB<\/p><\/div>\n\t\t\t\t\t<\/div><\/div>\t\t\t\t<\/div>\n\t\t\t\t<\/div>\n\t\t\t\t<div class=\"elementor-element elementor-element-31328da exad-sticky-section-no exad-glass-effect-no elementor-widget elementor-widget-eael-adv-accordion\" data-id=\"31328da\" data-element_type=\"widget\" data-e-type=\"widget\" data-widget_type=\"eael-adv-accordion.default\">\n\t\t\t\t<div class=\"elementor-widget-container\">\n\t\t\t\t\t            <div class=\"eael-adv-accordion\" id=\"eael-adv-accordion-31328da\" data-scroll-on-click=\"no\" data-scroll-speed=\"300\" data-accordion-id=\"31328da\" data-accordion-type=\"accordion\" data-toogle-speed=\"300\">\n            <div class=\"eael-accordion-list\">\n\t\t\t\t\t<div id=\"dan-dravnosti-srbije-sretenje-neradni-dani-povodom-dana-dravnosti-republike-srbije-sretenja-etvrtak-15-i-petak-16-februar-2024-godine-su-neradni-dani-na-univerzitetu-mb-u-beogradu-u-etvrtak-i-petak-se-nee-realizovati-nastava-ispiti-i-konsultacije-niti-e-raditi-studentske-slube-vidi-vie\" class=\"elementor-tab-title eael-accordion-header\" tabindex=\"0\" data-tab=\"1\" aria-controls=\"elementor-tab-content-5151\"><span class=\"eael-accordion-tab-title\">DAN DR\u017dAVNOSTI SRBIJE - SRETENJE - NERADNI DANI - Povodom Dana dr\u017eavnosti Republike Srbije, Sretenja - \u010detvrtak, 15. i petak, 16. februar 2024. godine su neradni dani na Univerzitetu MB u Beogradu. U \u010detvrtak i petak se ne\u0107e realizovati nastava, ispiti i konsultacije, niti \u0107e raditi Studentske slu\u017ebe. (Vidi vi\u0161e)<\/span><\/div><div id=\"elementor-tab-content-5151\" class=\"eael-accordion-content clearfix\" data-tab=\"1\" aria-labelledby=\"dan-dravnosti-srbije-sretenje-neradni-dani-povodom-dana-dravnosti-republike-srbije-sretenja-etvrtak-15-i-petak-16-februar-2024-godine-su-neradni-dani-na-univerzitetu-mb-u-beogradu-u-etvrtak-i-petak-se-nee-realizovati-nastava-ispiti-i-konsultacije-niti-e-raditi-studentske-slube-vidi-vie\"><p><span>Dan 15. februar je jedan od najbitnijih dana u politi\u010dkom, kulturnom i istorijskom kalendaru Srbije.<b>\u00a0Dan dr\u017eavnosti Srbije \u2014 Sretenje<\/b> je dr\u017eavni praznik Srbije koji se proslavlja 15. i 16. februara, a ustanovljen u spomen na dan kada je na zboru u Ora\u0161cu 1804. godine dignut Prvi srpski ustanak, kao dan se\u0107anja na po\u010detak Srpske revolucije, i tako\u0111e se proslavlja kao Dan ustavnosti Srbije u spomen na dan kada je u Kragujevcu 1835. godine izdat i zakletvom potvr\u0111en prvi Ustav Knja\u017eevstva Srbije \u2014 Sretenjski ustav.\u00a0 Ovaj datum je najbitniji datum u politi\u010dkom, kulturnom i istorijskom kalendaru Srbije. Dan dr\u017eavnosti Srbije se slavio do nastanka Kraljevine Srba, Hrvata i Slovenaca, nakon \u010dega je ukinut, da bi u Srbiji ponovo po\u010deo da se slavi od 2002. godine.<\/span><\/p><p><span>Prvi radni dan nakon Dana dr\u017eavnosti je ponedeljak, 19. februar 2024. godine kada se na Univerzitetu MB u Beogradu radi uobi\u010dajenim radnim vremenom.<\/span><\/p><\/div>\n\t\t\t\t\t<\/div><\/div>\t\t\t\t<\/div>\n\t\t\t\t<\/div>\n\t\t\t\t<div class=\"elementor-element elementor-element-bd39ffd exad-sticky-section-no exad-glass-effect-no elementor-widget elementor-widget-eael-adv-accordion\" data-id=\"bd39ffd\" data-element_type=\"widget\" data-e-type=\"widget\" data-widget_type=\"eael-adv-accordion.default\">\n\t\t\t\t<div class=\"elementor-widget-container\">\n\t\t\t\t\t            <div class=\"eael-adv-accordion\" id=\"eael-adv-accordion-bd39ffd\" data-scroll-on-click=\"no\" data-scroll-speed=\"300\" data-accordion-id=\"bd39ffd\" data-accordion-type=\"accordion\" data-toogle-speed=\"300\">\n            <div class=\"eael-accordion-list\">\n\t\t\t\t\t<div id=\"in-memoriam-dana-29-01-2024-godine-posle-krae-bolesti-preminuo-je-dugogodinji-radnik-poslovnog-i-pravnog-fakulteta-univerziteta-mb-momilo-todorovi-vidi-vie\" class=\"elementor-tab-title eael-accordion-header\" tabindex=\"0\" data-tab=\"1\" aria-controls=\"elementor-tab-content-1981\"><span class=\"eael-accordion-tab-title\">IN MEMORIAM: Dana 29. 01. 2024. godine posle kra\u0107e bolesti preminuo je dugogodi\u0161nji radnik Poslovnog i pravnog fakulteta Univerziteta MB Mom\u010dilo Todorovi\u0107. (Vidi vi\u0161e)<\/span><\/div><div id=\"elementor-tab-content-1981\" class=\"eael-accordion-content clearfix\" data-tab=\"1\" aria-labelledby=\"in-memoriam-dana-29-01-2024-godine-posle-krae-bolesti-preminuo-je-dugogodinji-radnik-poslovnog-i-pravnog-fakulteta-univerziteta-mb-momilo-todorovi-vidi-vie\"><p><a href=\"https:\/\/mbuniverzitet.edu.rs\/wp-content\/uploads\/2024\/02\/IN-MEMORIAM-MOMA-slika.jpg\"><img loading=\"lazy\" decoding=\"async\" class=\"aligncenter size-medium wp-image-15547\" src=\"https:\/\/mbuniverzitet.edu.rs\/wp-content\/uploads\/2024\/02\/IN-MEMORIAM-MOMA-slika-170x300.jpg\" alt=\"\" width=\"170\" height=\"300\" srcset=\"https:\/\/mbuniverzitet.edu.rs\/wp-content\/uploads\/2024\/02\/IN-MEMORIAM-MOMA-slika-170x300.jpg 170w, https:\/\/mbuniverzitet.edu.rs\/wp-content\/uploads\/2024\/02\/IN-MEMORIAM-MOMA-slika-580x1024.jpg 580w, https:\/\/mbuniverzitet.edu.rs\/wp-content\/uploads\/2024\/02\/IN-MEMORIAM-MOMA-slika-7x12.jpg 7w, https:\/\/mbuniverzitet.edu.rs\/wp-content\/uploads\/2024\/02\/IN-MEMORIAM-MOMA-slika.jpg 712w\" sizes=\"(max-width: 170px) 100vw, 170px\" \/><\/a><\/p><p>Mom\u010dilo Todorovi\u0107 \u00a0je ro\u0111en 1958. godine. Tokom dugogodi\u0161njeg rada na Univerzitetu MB, Poslovni i pravni fakultet je obavljao poslove u odelenju za logistiku i podr\u0161ku nastavnom procesu.<\/p><p>U kolektivu je u\u017eivao izuzetan ugled po svojoj skromnosti, profesionalnosti, samostalnosti i spremnosti za timski rad.\u00a0\u00a0<\/p><p>Osta\u0107e upam\u0107en i po svojoj brizi i\u00a0ose\u0107anjima za kolektiv.<\/p><p>Na \u017ealost, posle kra\u0107e i te\u0161ke bolesti na\u0161 Mom\u010dilo je preminuo \u00a029.01.2024. godine u svojoj 66. godini \u017eivota. Sahrana je obavljena na groblju Le\u0161\u0107e 01.02.2024. godine.<\/p><p>Kolektiv Univerziteta MB izra\u017eava sau\u010de\u0161\u0107e porodici Mom\u010dila Todorovi\u0107a, \u0107erci Dejani i majci Nata\u0161i.<\/p><\/div>\n\t\t\t\t\t<\/div><\/div>\t\t\t\t<\/div>\n\t\t\t\t<\/div>\n\t\t\t\t<div class=\"elementor-element elementor-element-bc6de3c exad-sticky-section-no exad-glass-effect-no elementor-widget elementor-widget-eael-adv-accordion\" data-id=\"bc6de3c\" data-element_type=\"widget\" data-e-type=\"widget\" data-widget_type=\"eael-adv-accordion.default\">\n\t\t\t\t<div class=\"elementor-widget-container\">\n\t\t\t\t\t            <div class=\"eael-adv-accordion\" id=\"eael-adv-accordion-bc6de3c\" data-scroll-on-click=\"no\" data-scroll-speed=\"300\" data-accordion-id=\"bc6de3c\" data-accordion-type=\"accordion\" data-toogle-speed=\"300\">\n            <div class=\"eael-accordion-list\">\n\t\t\t\t\t<div id=\"dana-27012024-godine-u-mladenovcu-kralja-petra-i-broj-372-u-1000-asova-na-univerzitetu-mb-poslovni-i-pravni-pravni-fakultet-organizovana-je-sveana-dodela-diploma-povodom-zavretka-kolovanja-osnovnih-i-master-akademskih-studija-studenata-na-studijskim-programima-poslovni-menadment-pravo-ekonomija-i-informacione-tehnologije-vidi-vie\" class=\"elementor-tab-title eael-accordion-header\" tabindex=\"0\" data-tab=\"1\" aria-controls=\"elementor-tab-content-1971\"><span class=\"eael-accordion-tab-title\">Dana 27.01.2024. godine u Mladenovcu, Kralja Petra I, broj 372 u 10:00 \u010dasova na Univerzitetu MB Poslovni i pravni pravni fakultet, organizovana je sve\u010dana dodela diploma povodom zavr\u0161etka \u0161kolovanja Osnovnih i Master akademskih studija studenata na studijskim programima Poslovni menad\u017ement, Pravo, Ekonomija i Informacione tehnologije. (Vidi vi\u0161e)<\/span><\/div><div id=\"elementor-tab-content-1971\" class=\"eael-accordion-content clearfix\" data-tab=\"1\" aria-labelledby=\"dana-27012024-godine-u-mladenovcu-kralja-petra-i-broj-372-u-1000-asova-na-univerzitetu-mb-poslovni-i-pravni-pravni-fakultet-organizovana-je-sveana-dodela-diploma-povodom-zavretka-kolovanja-osnovnih-i-master-akademskih-studija-studenata-na-studijskim-programima-poslovni-menadment-pravo-ekonomija-i-informacione-tehnologije-vidi-vie\"><p>U predivnom ambijentu prostora Univerziteta MB odr\u017eano je 22. sve\u010dano uru\u010denje diploma, sednica kolektiva, ru\u010dak i dru\u017eenje kolektiva. Na sve\u010danosti je vlasnik Univerziteta ,,MB,, profesor dr Milija Bogavac u nadahnutom govoru pozdravio sve prisutne, informisao o istorijskom razvoju Poslovnog i pravnog fakulteta i Univerziteta MB, planovima u 2024. godini \u00a0i izlo\u017eio strate\u0161ke pravce razvoja Univerziteta MB.\u00a0 Prisutne je pozdravio uz nadahnuti govor \u00a0i penzionisani profesor dr Dragan \u0106osi\u0107 \u00a0i rektor Univerziteta prof dr Zoran Bingulac. Pored prisutnih profesora, saradnika u nastavi, administracije, studenata, roditelja i brojne rodbine studenata sve\u010danosti i sve\u010danom ru\u010dku su prisustvovali predstavnici drugih univerziteta iz Republike Srbije, Bosne i Hercegovine i Crne Gore, prijatelji i poslovni partneri Univerziteta MB i predstavnici medija.<\/p><p>\u00a0<\/p><p>Posle dodele diploma na Poslovnom i pravnom fakultetu Univerziteta MB, vlasnici Univerziteta MB prof. dr Milija Bogavac i prof. dr \u017divanka Miladinovi\u0107-Bogavac su organizovali sve\u010dani ru\u010dak za studente, njihove roditelje, stalno zaposlene i brojne goste u restoranu Veranda u Mladenovcu. Uz predivno dru\u017eenje i kvalitetnu muziku estradnih umetnika vlasnici su se kao i nebrojeno puta do sada pokazali odli\u010dnim doma\u0107inima, velikog srca i ose\u0107aja za ljude oko sebe, spremnih da uvek i rado do\u010dekaju i ugoste svoju rodbinu, stalno zaposlene, studente i brojne dobronamerne prijatelje. Restoran Veranda je pokazao za\u0161to spada u jedan u najpresti\u017enijih ugostiteljskih objekata u Mladenovcu.<\/p><\/div>\n\t\t\t\t\t<\/div><\/div>\t\t\t\t<\/div>\n\t\t\t\t<\/div>\n\t\t\t\t<div class=\"elementor-element elementor-element-1b63e6f exad-sticky-section-no exad-glass-effect-no elementor-widget elementor-widget-eael-adv-accordion\" data-id=\"1b63e6f\" data-element_type=\"widget\" data-e-type=\"widget\" data-widget_type=\"eael-adv-accordion.default\">\n\t\t\t\t<div class=\"elementor-widget-container\">\n\t\t\t\t\t            <div class=\"eael-adv-accordion\" id=\"eael-adv-accordion-1b63e6f\" data-scroll-on-click=\"no\" data-scroll-speed=\"300\" data-accordion-id=\"1b63e6f\" data-accordion-type=\"accordion\" data-toogle-speed=\"300\">\n            <div class=\"eael-accordion-list\">\n\t\t\t\t\t<div id=\"novogodinja-estitka-vidi-vie\" class=\"elementor-tab-title eael-accordion-header\" tabindex=\"0\" data-tab=\"1\" aria-controls=\"elementor-tab-content-2871\"><span class=\"eael-accordion-tab-title\">Novogodi\u0161nja \u010destitka (Vidi vi\u0161e)<\/span><\/div><div id=\"elementor-tab-content-2871\" class=\"eael-accordion-content clearfix\" data-tab=\"1\" aria-labelledby=\"novogodinja-estitka-vidi-vie\"><p>Svim studentima, stalno zaposlenim i poslovnim partnerima Univerziteta MB, iskrene\u00a0\u010destitke\u00a0povodom predstoje\u0107ih\u00a0Novogodi\u0161njih\u00a0i Bo\u017ei\u0107nih praznika.<\/p><p><a href=\"https:\/\/mbuniverzitet.edu.rs\/wp-content\/uploads\/2023\/12\/NG-cestitka2023.gif\"><img loading=\"lazy\" decoding=\"async\" class=\"aligncenter size-medium wp-image-15460\" src=\"https:\/\/mbuniverzitet.edu.rs\/wp-content\/uploads\/2023\/12\/NG-cestitka2023-300x257.gif\" alt=\"\" width=\"300\" height=\"257\" srcset=\"https:\/\/mbuniverzitet.edu.rs\/wp-content\/uploads\/2023\/12\/NG-cestitka2023-300x257.gif 300w, https:\/\/mbuniverzitet.edu.rs\/wp-content\/uploads\/2023\/12\/NG-cestitka2023-14x12.gif 14w\" sizes=\"(max-width: 300px) 100vw, 300px\" \/><\/a><\/p><p>Iznad svega Vam \u017eelimo dobro zdravlje, uspeh i sre\u0107u na li\u010dnom i poslovnom planu u Novoj 2024. godini.<\/p><p>\u00a0<\/p><p>Vlasnici, Savet i Menad\u017ement Univerziteta MB<\/p><\/div>\n\t\t\t\t\t<\/div><\/div>\t\t\t\t<\/div>\n\t\t\t\t<\/div>\n\t\t\t\t\t<\/div>\n\t\t<\/div>\n\t\t\t\t\t<\/div>\n\t\t<\/section>\n\t\t\t\t<section class=\"elementor-section elementor-top-section elementor-element elementor-element-d493140 elementor-section-boxed elementor-section-height-default elementor-section-height-default exad-glass-effect-no exad-sticky-section-no\" data-id=\"d493140\" data-element_type=\"section\" data-e-type=\"section\">\n\t\t\t\t\t\t<div class=\"elementor-container elementor-column-gap-default\">\n\t\t\t\t\t<div class=\"elementor-column elementor-col-100 elementor-top-column elementor-element elementor-element-61ac392 exad-glass-effect-no exad-sticky-section-no\" data-id=\"61ac392\" data-element_type=\"column\" data-e-type=\"column\">\n\t\t\t<div class=\"elementor-widget-wrap elementor-element-populated\">\n\t\t\t\t\t\t<div class=\"elementor-element elementor-element-9d2b0a5 exad-sticky-section-no exad-glass-effect-no elementor-widget elementor-widget-eael-adv-accordion\" data-id=\"9d2b0a5\" data-element_type=\"widget\" data-e-type=\"widget\" data-widget_type=\"eael-adv-accordion.default\">\n\t\t\t\t<div class=\"elementor-widget-container\">\n\t\t\t\t\t            <div class=\"eael-adv-accordion\" id=\"eael-adv-accordion-9d2b0a5\" data-scroll-on-click=\"no\" data-scroll-speed=\"300\" data-accordion-id=\"9d2b0a5\" data-accordion-type=\"accordion\" data-toogle-speed=\"300\">\n            <div class=\"eael-accordion-list\">\n\t\t\t\t\t<div id=\"student-informacionih-tehnologija-na-univerzitetu-mb-tadej-risti-za-primer-svojim-kolegama-studentima-i-ponos-univerziteta-mb-dana-29122023-godine-student-prve-godine-informacionih-tehnologija-tadej-risti-primljen-ispred-univerziteta-mb-od-strane-vlasnika-univerziteta-mb-prof-dr-milije-bogavca-i-predsednika-saveta-redovnog-profesora-dr-duana-regodia-povod-za-prijem-studenta-tadeja-ristia-su-estitke-i-odavanje-priznanja-za-odline-rezultate-na-studijskom-programu-infomacione-tehnologije-tokom-zimskog-semestra-kolske-20232024-godine-i-osvojena-bronzana-medalja-na-svetskoj-olimpijadi-iz-fizike-ipho-u-tokiju-u-japanu-u-zvaninoj-konkurenciji-na-takmienju-je-uestvovalo-400-takmiara-iz-83-zemlje-pohvalu-na-evropskoj-olimijadi-iz-fizike-eupho-odranoj-u-nemakoj-za-uenike-srednjih-kola-takmienjima-je-prethodila-srpska-olimpijada-iz-fizike-sfo-i-osvojeno-drugo-mesto-na-dravnom-takmienju-iz-matematike-vidi-vie\" class=\"elementor-tab-title eael-accordion-header\" tabindex=\"0\" data-tab=\"1\" aria-controls=\"elementor-tab-content-1641\"><span class=\"eael-accordion-tab-title\">Student Informacionih tehnologija na Univerzitetu MB Tadej Risti\u0107 za primer  svojim kolegama studentima i ponos Univerziteta MB. Dana 29.12.2023. godine student prve godine Informacionih tehnologija Tadej Risti\u0107 primljen ispred Univerziteta MB od strane vlasnika Univerziteta MB prof. dr Milije Bogavca i predsednika Saveta, redovnog profesora dr Du\u0161ana Regodi\u0107a. Povod za prijem studenta Tadeja Risti\u0107a su \u010destitke i odavanje priznanja za odli\u010dne rezultate na studijskom programu Infomacione tehnologije tokom zimskog semestra \u0161kolske 2023\/2024. godine i osvojena bronzana medalja na Svetskoj olimpijadi iz fizike (IphO) u Tokiju u Japanu (u zvani\u010dnoj konkurenciji na takmi\u010denju je u\u010destvovalo 400 takmi\u010dara iz 83 zemlje), pohvalu na Evropskoj olimijadi iz fizike \/EuPhO)  odr\u017eanoj u Nema\u010dkoj za u\u010denike srednjih \u0161kola. Takmi\u010denjima je prethodila Srpska olimpijada iz fizike (SFO) i osvojeno drugo mesto na dr\u017eavnom takmi\u010denju iz matematike. (Vidi vi\u0161e)<\/span><\/div><div id=\"elementor-tab-content-1641\" class=\"eael-accordion-content clearfix\" data-tab=\"1\" aria-labelledby=\"student-informacionih-tehnologija-na-univerzitetu-mb-tadej-risti-za-primer-svojim-kolegama-studentima-i-ponos-univerziteta-mb-dana-29122023-godine-student-prve-godine-informacionih-tehnologija-tadej-risti-primljen-ispred-univerziteta-mb-od-strane-vlasnika-univerziteta-mb-prof-dr-milije-bogavca-i-predsednika-saveta-redovnog-profesora-dr-duana-regodia-povod-za-prijem-studenta-tadeja-ristia-su-estitke-i-odavanje-priznanja-za-odline-rezultate-na-studijskom-programu-infomacione-tehnologije-tokom-zimskog-semestra-kolske-20232024-godine-i-osvojena-bronzana-medalja-na-svetskoj-olimpijadi-iz-fizike-ipho-u-tokiju-u-japanu-u-zvaninoj-konkurenciji-na-takmienju-je-uestvovalo-400-takmiara-iz-83-zemlje-pohvalu-na-evropskoj-olimijadi-iz-fizike-eupho-odranoj-u-nemakoj-za-uenike-srednjih-kola-takmienjima-je-prethodila-srpska-olimpijada-iz-fizike-sfo-i-osvojeno-drugo-mesto-na-dravnom-takmienju-iz-matematike-vidi-vie\"><p>Navedene nagrade su bile povod za prijem studenta Tadeja Risti\u0107a u Srpsku Akademiju Nauka i Umetnosti (SANU), 28. Decembra 2023. godine, kao i na prijem u Vladu Republike Srbije kod ministarke nauke, tehnolo\u0161kog razvoja i inovacija, Jelene Begovi\u0107, 29.12.2023. godine.<\/p><p><a href=\"https:\/\/mbuniverzitet.edu.rs\/wp-content\/uploads\/2024\/01\/Tadej1.jpg\"><img loading=\"lazy\" decoding=\"async\" class=\"aligncenter size-medium wp-image-15496\" src=\"https:\/\/mbuniverzitet.edu.rs\/wp-content\/uploads\/2024\/01\/Tadej1-233x300.jpg\" alt=\"\" width=\"233\" height=\"300\" srcset=\"https:\/\/mbuniverzitet.edu.rs\/wp-content\/uploads\/2024\/01\/Tadej1-233x300.jpg 233w, https:\/\/mbuniverzitet.edu.rs\/wp-content\/uploads\/2024\/01\/Tadej1-9x12.jpg 9w, https:\/\/mbuniverzitet.edu.rs\/wp-content\/uploads\/2024\/01\/Tadej1.jpg 618w\" sizes=\"(max-width: 233px) 100vw, 233px\" \/><\/a><\/p><p>Srp\u00adska aka\u00adde\u00admi\u00adja na\u00adu\u00adka i umet\u00adno\u00adsti (SA\u00adNU) kao krov\u00adna na\u00adu\u010d\u00adna i umet\u00adni\u010d\u00adka in\u00adsti\u00adtu\u00adci\u00adja u na\u00ad\u0161oj ze\u00admlji bi\u00adla je doma\u0107in naj\u00adu\u00adspe\u00ad\u0161ni\u00adjim sred\u00adnjo\u00ad\u0161kol\u00adci\u00adma, mla\u00addim ta\u00adlen\u00adti\u00adma ko\u00adji su na me\u00ad\u0111u\u00adna\u00adrod\u00adnim tak\u00admi\u00ad\u010de\u00adnji\u00adma osvo\u00adji\u00adli jed\u00adno od pr\u00adva tri me\u00adsta. Na sve\u00ad\u010da\u00adnom no\u00advo\u00adgo\u00addi\u00ad\u0161njem pri\u00adjemu je prisustvovao student Tadej Risti\u0107 na ko\u00adme je pro\u00adgla\u00ad\u0161e\u00adno 92 naj\u00adu\u00adspe\u00ad\u0161ni\u00adja u\u010de\u00adni\u00adka u 2023. godini.<\/p><p><a href=\"https:\/\/mbuniverzitet.edu.rs\/wp-content\/uploads\/2024\/01\/Tadej2.jpg\"><img loading=\"lazy\" decoding=\"async\" class=\"aligncenter size-medium wp-image-15497\" src=\"https:\/\/mbuniverzitet.edu.rs\/wp-content\/uploads\/2024\/01\/Tadej2-300x184.jpg\" alt=\"\" width=\"300\" height=\"184\" srcset=\"https:\/\/mbuniverzitet.edu.rs\/wp-content\/uploads\/2024\/01\/Tadej2-300x184.jpg 300w, https:\/\/mbuniverzitet.edu.rs\/wp-content\/uploads\/2024\/01\/Tadej2-1024x628.jpg 1024w, https:\/\/mbuniverzitet.edu.rs\/wp-content\/uploads\/2024\/01\/Tadej2-768x471.jpg 768w, https:\/\/mbuniverzitet.edu.rs\/wp-content\/uploads\/2024\/01\/Tadej2-18x12.jpg 18w, https:\/\/mbuniverzitet.edu.rs\/wp-content\/uploads\/2024\/01\/Tadej2.jpg 1180w\" sizes=\"(max-width: 300px) 100vw, 300px\" \/><\/a><\/p><p>U\u010denici su od SA\u00adNU dobili nagrade ko\u00adje se sa\u00adsto\u00adje od pri\u00adgod\u00adnih pu\u00adbli\u00adka\u00adci\u00adja aka\u00adde\u00admi\u00adje i va\u00adu\u00ad\u010de\u00adra. Na progla\u0161enju najuspe\u0161nijih u\u010denika prisustvovali su brojni akademici koji su pozdravili budu\u0107i nau\u010dni podmladak na\u0161e zemlje dugim apla\u00adu\u00adzom.<\/p><p>Na\u0161 student Tadej Risti\u0107, biv\u0161i u\u010denik Ra\u010dunarske gimnazije iz Beograda se obratio svim u\u010desnicima skupa u Vladi Republike Srbije.<\/p><p><a href=\"https:\/\/mbuniverzitet.edu.rs\/wp-content\/uploads\/2024\/01\/Tadej3.jpg\"><img loading=\"lazy\" decoding=\"async\" class=\"aligncenter size-medium wp-image-15498\" src=\"https:\/\/mbuniverzitet.edu.rs\/wp-content\/uploads\/2024\/01\/Tadej3-300x200.jpg\" alt=\"\" width=\"300\" height=\"200\" srcset=\"https:\/\/mbuniverzitet.edu.rs\/wp-content\/uploads\/2024\/01\/Tadej3-300x200.jpg 300w, https:\/\/mbuniverzitet.edu.rs\/wp-content\/uploads\/2024\/01\/Tadej3-1024x683.jpg 1024w, https:\/\/mbuniverzitet.edu.rs\/wp-content\/uploads\/2024\/01\/Tadej3-768x512.jpg 768w, https:\/\/mbuniverzitet.edu.rs\/wp-content\/uploads\/2024\/01\/Tadej3-18x12.jpg 18w, https:\/\/mbuniverzitet.edu.rs\/wp-content\/uploads\/2024\/01\/Tadej3.jpg 1157w\" sizes=\"(max-width: 300px) 100vw, 300px\" \/><\/a><\/p><p>Predsednik Saveta Univerziteta MB redovni profesor dr Du\u0161an Regodi\u0107 je u ime svih pripadnika Univerziteta MB \u010destitao studentu Tadeju Risti\u0107u na osvojenim priznanjima dok je bio u\u010denik ra\u010dunarske gimanazije, podstakao ga na predan rad tokom narednih godina i po\u017eeleo mu uspeh na studiajma u narednim godinama. Posebno su razgovarali o ubrzanom studiranju na Univerzitetu MB, pisanju stru\u010dnih radova\u00a0 i uklju\u010denju u nau\u010dni podmladak na studijskom programu Informacione tehnologije na Univerzitetu MB, Poslovni i pravni fakultet.<\/p><p><a href=\"https:\/\/mbuniverzitet.edu.rs\/wp-content\/uploads\/2024\/01\/Tadej4.jpg\"><img loading=\"lazy\" decoding=\"async\" class=\"aligncenter size-medium wp-image-15495\" src=\"https:\/\/mbuniverzitet.edu.rs\/wp-content\/uploads\/2024\/01\/Tadej4-300x245.jpg\" alt=\"\" width=\"300\" height=\"245\" srcset=\"https:\/\/mbuniverzitet.edu.rs\/wp-content\/uploads\/2024\/01\/Tadej4-300x245.jpg 300w, https:\/\/mbuniverzitet.edu.rs\/wp-content\/uploads\/2024\/01\/Tadej4-768x627.jpg 768w, https:\/\/mbuniverzitet.edu.rs\/wp-content\/uploads\/2024\/01\/Tadej4-15x12.jpg 15w, https:\/\/mbuniverzitet.edu.rs\/wp-content\/uploads\/2024\/01\/Tadej4.jpg 871w\" sizes=\"(max-width: 300px) 100vw, 300px\" \/><\/a><\/p><p>Vi\u0161e o ovim de\u0161avanjima videti na linkovima.<\/p><p><a href=\"https:\/\/www.politika.rs\/articles\/details\/591842\">https:\/\/www.politika.rs\/articles\/details\/591842<\/a><\/p><p><a href=\"https:\/\/nitra.gov.rs\/en\/ministarstvo\/vesti\/ministarka-dr-begovic-pruzila-podrsku-mladim-fizicarima-dobitnicima-medalja-na-medunarodnim-olimpijadama-nemojte-da-odustajete-od-nauke\">https:\/\/nitra.gov.rs\/en\/ministarstvo\/vesti\/ministarka-dr-begovic-pruzila-podrsku-mladim-fizicarima-dobitnicima-medalja-na-medunarodnim-olimpijadama-nemojte-da-odustajete-od-nauke<\/a><\/p><p><a href=\"https:\/\/www.tanjug.rs\/video-gallery\/fcfc98fc-15c1-427e-97f0-df4aa92a2c9d?video-uid=94704098-1ef3-4498-b00d-192527c3d315\">https:\/\/www.tanjug.rs\/video-gallery\/fcfc98fc-15c1-427e-97f0-df4aa92a2c9d?video-uid=94704098-1ef3-4498-b00d-192527c3d315<\/a><\/p><p><a href=\"https:\/\/www.tanjug.rs\/video-gallery\/fcfc98fc-15c1-427e-97f0-df4aa92a2c9d?video-uid=94704098\">Begovi\u0107: Na\u0161i mladi fizi\u010dari potvrda da u Srbiji ima talenata &#8211; Tanjug<\/a><\/p><p><a href=\"https:\/\/www.politika.rs\/sr\/clanak\/591879\/Ministarka-Begovic-Nasi-mladi-fizicari-potvrda-da-u-Srbi\">Ministarka Begovi\u0107: Na\u0161i mladi fizi\u010dari potvrda da u Srbiji ima talenata (politika.rs)<\/a><\/p><p><a href=\"https:\/\/www.nis.rs\/en\/news\/pet-medalja-za-ekipu-srbije-na-medjunarodnoj-olimpijadi-iz-fizike\/\">https:\/\/www.nis.rs\/en\/news\/pet-medalja-za-ekipu-srbije-na-medjunarodnoj-olimpijadi-iz-fizike\/<\/a><\/p><p><a href=\"https:\/\/www.nis.rs\/en\/news\/pet-medalja-za-ekipu-srbije-na-medjunarodnoj-olimpijadi-iz-fizike\/\">Five medals for the Serbian team at the International Physics Olympiad &#8211; NIS<\/a><\/p><\/div>\n\t\t\t\t\t<\/div><\/div>\t\t\t\t<\/div>\n\t\t\t\t<\/div>\n\t\t\t\t<div class=\"elementor-element elementor-element-69ec452 exad-sticky-section-no exad-glass-effect-no elementor-widget elementor-widget-eael-adv-accordion\" data-id=\"69ec452\" data-element_type=\"widget\" data-e-type=\"widget\" data-widget_type=\"eael-adv-accordion.default\">\n\t\t\t\t<div class=\"elementor-widget-container\">\n\t\t\t\t\t            <div class=\"eael-adv-accordion\" id=\"eael-adv-accordion-69ec452\" data-scroll-on-click=\"no\" data-scroll-speed=\"300\" data-accordion-id=\"69ec452\" data-accordion-type=\"accordion\" data-toogle-speed=\"300\">\n            <div class=\"eael-accordion-list\">\n\t\t\t\t\t<div id=\"univerzitet-mb-je-dana-28122023-godine-potpisao-sporazum-o-saradnji-sa-slubom-za-upravljanje-kadrovima-vlade-republike-srbije-vidi-vie\" class=\"elementor-tab-title eael-accordion-header\" tabindex=\"0\" data-tab=\"1\" aria-controls=\"elementor-tab-content-1111\"><span class=\"eael-accordion-tab-title\">Univerzitet MB je dana 28.12.2023. godine potpisao Sporazum o saradnji sa Slu\u017ebom za upravljanje kadrovima \u2013 Vlade Republike Srbije. (Vidi vi\u0161e)<\/span><\/div><div id=\"elementor-tab-content-1111\" class=\"eael-accordion-content clearfix\" data-tab=\"1\" aria-labelledby=\"univerzitet-mb-je-dana-28122023-godine-potpisao-sporazum-o-saradnji-sa-slubom-za-upravljanje-kadrovima-vlade-republike-srbije-vidi-vie\"><p><a href=\"https:\/\/mbuniverzitet.edu.rs\/wp-content\/uploads\/2024\/01\/MB-SUK_Slika1.jpg\"><img loading=\"lazy\" decoding=\"async\" class=\"aligncenter size-medium wp-image-15484\" src=\"https:\/\/mbuniverzitet.edu.rs\/wp-content\/uploads\/2024\/01\/MB-SUK_Slika1-300x167.jpg\" alt=\"\" width=\"300\" height=\"167\" srcset=\"https:\/\/mbuniverzitet.edu.rs\/wp-content\/uploads\/2024\/01\/MB-SUK_Slika1-300x167.jpg 300w, https:\/\/mbuniverzitet.edu.rs\/wp-content\/uploads\/2024\/01\/MB-SUK_Slika1-768x427.jpg 768w, https:\/\/mbuniverzitet.edu.rs\/wp-content\/uploads\/2024\/01\/MB-SUK_Slika1-18x10.jpg 18w, https:\/\/mbuniverzitet.edu.rs\/wp-content\/uploads\/2024\/01\/MB-SUK_Slika1.jpg 800w\" sizes=\"(max-width: 300px) 100vw, 300px\" \/><\/a><\/p><p>Potpisivanju sporazuma u prostorijama Slu\u017ebe za upravljanje kadrovima prisustvovali su direktor: prof. dr Danilo Ron\u010devi\u0107 sa pomo\u0107nicima direktora doc. dr\u00a0Dejanom Kosti\u0107em, Nadom Vukovi\u0107 Raki\u0107 i Dunjom Danilovi\u0107.<\/p><p><a href=\"https:\/\/mbuniverzitet.edu.rs\/wp-content\/uploads\/2024\/01\/MB-SUK_Slika2.jpg\"><img loading=\"lazy\" decoding=\"async\" class=\"aligncenter size-medium wp-image-15485\" src=\"https:\/\/mbuniverzitet.edu.rs\/wp-content\/uploads\/2024\/01\/MB-SUK_Slika2-300x224.jpg\" alt=\"\" width=\"300\" height=\"224\" srcset=\"https:\/\/mbuniverzitet.edu.rs\/wp-content\/uploads\/2024\/01\/MB-SUK_Slika2-300x224.jpg 300w, https:\/\/mbuniverzitet.edu.rs\/wp-content\/uploads\/2024\/01\/MB-SUK_Slika2-768x573.jpg 768w, https:\/\/mbuniverzitet.edu.rs\/wp-content\/uploads\/2024\/01\/MB-SUK_Slika2-16x12.jpg 16w, https:\/\/mbuniverzitet.edu.rs\/wp-content\/uploads\/2024\/01\/MB-SUK_Slika2.jpg 800w\" sizes=\"(max-width: 300px) 100vw, 300px\" \/><\/a><\/p><p>Ispred Univerziteta\u00a0MB ugovor je potpisala prorektorka za nastavu prof. dr \u017divanka Miladinovi\u0107 Bogavac, uz prisustvo prof. dr\u00a0Ne\u0111a Danilovi\u0107a,\u00a0 doc. dr Martina Matija\u0161evi\u0107a i sekretara\u00a0Aleksandra Mati\u0107a, MSc..\u00a0<\/p><p><a href=\"https:\/\/mbuniverzitet.edu.rs\/wp-content\/uploads\/2024\/01\/MB-SUK_Slika3.jpg\"><img loading=\"lazy\" decoding=\"async\" class=\"aligncenter size-medium wp-image-15486\" src=\"https:\/\/mbuniverzitet.edu.rs\/wp-content\/uploads\/2024\/01\/MB-SUK_Slika3-300x188.jpg\" alt=\"\" width=\"300\" height=\"188\" srcset=\"https:\/\/mbuniverzitet.edu.rs\/wp-content\/uploads\/2024\/01\/MB-SUK_Slika3-300x188.jpg 300w, https:\/\/mbuniverzitet.edu.rs\/wp-content\/uploads\/2024\/01\/MB-SUK_Slika3-768x481.jpg 768w, https:\/\/mbuniverzitet.edu.rs\/wp-content\/uploads\/2024\/01\/MB-SUK_Slika3-18x12.jpg 18w, https:\/\/mbuniverzitet.edu.rs\/wp-content\/uploads\/2024\/01\/MB-SUK_Slika3.jpg 800w\" sizes=\"(max-width: 300px) 100vw, 300px\" \/><\/a><\/p><\/div>\n\t\t\t\t\t<\/div><\/div>\t\t\t\t<\/div>\n\t\t\t\t<\/div>\n\t\t\t\t<div class=\"elementor-element elementor-element-a73308a exad-sticky-section-no exad-glass-effect-no elementor-widget elementor-widget-eael-adv-accordion\" data-id=\"a73308a\" data-element_type=\"widget\" data-e-type=\"widget\" data-widget_type=\"eael-adv-accordion.default\">\n\t\t\t\t<div class=\"elementor-widget-container\">\n\t\t\t\t\t            <div class=\"eael-adv-accordion\" id=\"eael-adv-accordion-a73308a\" data-scroll-on-click=\"no\" data-scroll-speed=\"300\" data-accordion-id=\"a73308a\" data-accordion-type=\"accordion\" data-toogle-speed=\"300\">\n            <div class=\"eael-accordion-list\">\n\t\t\t\t\t<div id=\"godinja-analiza-rada-na-univerzitetu-mb-i-poslovnom-i-pravnom-fakultetu-vidi-vie\" class=\"elementor-tab-title eael-accordion-header\" tabindex=\"0\" data-tab=\"1\" aria-controls=\"elementor-tab-content-1751\"><span class=\"eael-accordion-tab-title\">Godi\u0161nja analiza rada na Univerzitetu MB i Poslovnom i pravnom fakultetu. (Vidi vi\u0161e)<\/span><\/div><div id=\"elementor-tab-content-1751\" class=\"eael-accordion-content clearfix\" data-tab=\"1\" aria-labelledby=\"godinja-analiza-rada-na-univerzitetu-mb-i-poslovnom-i-pravnom-fakultetu-vidi-vie\"><p>Dana 20.12.2023. godine u 12.00 \u010dasova u Mladenovcu realizovana je godi\u0161nja analiza rada na Poslovnom i pravnom fakultetu Univerziteta MB. Vlasnik Univerziteta MB je izrazio svoje zadovoljstvo sa realizacijom godi\u0161njih planova rada u organizacionim jedinicama i samom Univerzitetu MB.<\/p><p>Posebno je naglasio zna\u010daj kvalitetnog nastavnog i nau\u010dnoistra\u017eiva\u010dkog rada, kvalitetnoj selekciji i prijemu studenata, usavr\u0161avanju nastavnika, razvoju nastavne materijalne baze, izradi nastavno obrazovne literature, radu administarcije\u00a0i\u00a0odli\u010dnim me\u0111uljudskim odnosima.<\/p><p>Vlasnik Univerziteta MB je naglasio zna\u010daj potpune realizacije Strategije razvoja Univerziteta MB za period 2020-2025. godine sa te\u017ei\u0161tem na odli\u010dnom pozicioniranju Univerziteta MB u obrazovnom prostoru Republike Srbije, postupnom, sistemati\u010dnom i odr\u017eivom razvoju u narednom periodu.<\/p><p>Posle godi\u0161nje analize vlasnici Univerziteta MB su bili odli\u010dni doma\u0107ini svim stalno zaposlenim, prijateljima Univerziteta MB i gostima na sve\u010danom ru\u010dku uz predivnu muziku estradnih umetnika. Restoran Veranda je kao i svake godine bio u prilici da poka\u017ee svoje liderske prednosti u pru\u017eanju ugostiteljskih usluga.<\/p><\/div>\n\t\t\t\t\t<\/div><\/div>\t\t\t\t<\/div>\n\t\t\t\t<\/div>\n\t\t\t\t<div class=\"elementor-element elementor-element-83954c9 exad-sticky-section-no exad-glass-effect-no elementor-widget elementor-widget-eael-adv-accordion\" data-id=\"83954c9\" data-element_type=\"widget\" data-e-type=\"widget\" data-widget_type=\"eael-adv-accordion.default\">\n\t\t\t\t<div class=\"elementor-widget-container\">\n\t\t\t\t\t            <div class=\"eael-adv-accordion\" id=\"eael-adv-accordion-83954c9\" data-scroll-on-click=\"no\" data-scroll-speed=\"300\" data-accordion-id=\"83954c9\" data-accordion-type=\"accordion\" data-toogle-speed=\"300\">\n            <div class=\"eael-accordion-list\">\n\t\t\t\t\t<div id=\"akreditacija-novih-studijskih-programa-master-akademskih-studija-menadment-u-bezbednosti-i-master-ekonomije-na-univerzitetu-mb-beograd-poslovni-i-pravni-fakultet-vidi-vie\" class=\"elementor-tab-title eael-accordion-header\" tabindex=\"0\" data-tab=\"1\" aria-controls=\"elementor-tab-content-1371\"><span class=\"eael-accordion-tab-title\">Akreditacija novih studijskih programa Master akademskih studija Menad\u017ement u bezbednosti i Master Ekonomije na Univerzitetu \"MB\" Beograd, Poslovni i pravni fakultet. (Vidi Vi\u0161e)<\/span><\/div><div id=\"elementor-tab-content-1371\" class=\"eael-accordion-content clearfix\" data-tab=\"1\" aria-labelledby=\"akreditacija-novih-studijskih-programa-master-akademskih-studija-menadment-u-bezbednosti-i-master-ekonomije-na-univerzitetu-mb-beograd-poslovni-i-pravni-fakultet-vidi-vie\"><p>Dana 11.12.2023. godine Recenzentska komisija Nacionalnog akreditacionog tela za akreditaciju i obezbe\u0111enje kvaliteta u Visokom obrazovanju u sastavu:<\/p><p>1.\u00a0\u00a0\u00a0\u00a0\u00a0\u00a0\u00a0\u00a0 Miju\u0161kovi\u0107, M. Veljko, nastavnik<\/p><p>2.\u00a0\u00a0\u00a0\u00a0\u00a0\u00a0\u00a0\u00a0 Vladisavljevi\u0107 Radovan, nastavnik<\/p><p>3.\u00a0\u00a0\u00a0\u00a0\u00a0\u00a0\u00a0\u00a0 \u0160kori\u0107, D. Sanja, nastavnik<\/p><p>4.\u00a0\u00a0\u00a0\u00a0\u00a0\u00a0\u00a0\u00a0 Vasiljevi\u0107 Milorad, stru\u010dnjak iz prakse<\/p><p>5.\u00a0\u00a0\u00a0\u00a0\u00a0\u00a0\u00a0\u00a0 Vasi\u0107 Matija, student<\/p><p>je posle pregleda radnog materijala obavila razgovor sa predstavnicima Univerziteta &#8222;MB&#8220; Beograd, Poslovni i pravni fakultet. Prema pravilima NAT-a, ve\u0107ina \u010dlanova se u razgovore uklju\u010dila putem video konferencijske platforme ZOOM.<\/p><p>\u00a0<\/p><p><b>Radni tim Univerziteta MB, Poslovni i pravni fakultet je bio u sastavu:<\/b><\/p><p>1.\u00a0\u00a0\u00a0\u00a0\u00a0\u00a0\u00a0prof. dr Du\u0161an Regodi\u0107, Predsednik Saveta Univerziteta MB<\/p><p>2.\u00a0\u00a0\u00a0\u00a0\u00a0\u00a0\u00a0prof. dr \u017divanka\u00a0 Miladinovi\u0107-Bogavac, prorektor za nastavu na Univerzitetu MB<\/p><p>3.\u00a0 \u00a0 \u00a0 \u00a0prof. dr Ne\u0111o Danilovi\u0107, prorektor za Nauku NID i razvoj na UMB<\/p><p>4.\u00a0 \u00a0 \u00a0 \u00a0prof. dr Marija Kosti\u0107, prorektor za kvalitet i me\u0111unarodnu saradnju na UMB<\/p><p>5.\u00a0 \u00a0 \u00a0prof. dr Dragana Lazi\u0107, prodekan za nastavu na Univerzitet u MB, Poslovni i pravni fakultet,<\/p><p>6.\u00a0\u00a0\u00a0\u00a0\u00a0\u00a0\u00a0Dijana Cvijetinovi\u0107 &#8211; predsednik studentskog parlamenta na PPF UMB<\/p><p>7.\u00a0\u00a0\u00a0\u00a0\u00a0\u00a0\u00a0Mia Stani\u0161i\u0107, student prorektor na Univerzitetu MB<\/p><p>8.\u00a0\u00a0\u00a0\u00a0\u00a0\u00a0\u00a0Msc Gojko Vlaisavljevi\u0107, predstavnik privrede iz Po\u0161tanske \u0161tedionice<\/p><p>9.\u00a0\u00a0\u00a0\u00a0\u00a0\u00a0\u00a0Dr Goran Babi\u0107 &#8211; predstavnik Alumni udru\u017eenja na UMB<\/p><p>10.\u00a0\u00a0\u00a0Msc Dragan Stankovi\u0107 &#8211; Informati\u010dka podr\u0161ka radu UMB.<\/p><p>11.\u00a0\u00a0\u00a0Msc Aleksandar Mati\u0107 &#8211; Sekretar Univerziteta MB<\/p><p>\u00a0<\/p><p>Razgovor je protekao u radnoj i srda\u010dnoj atmosferi uz isticanje potreba Republike Srbije za razvojem novih studijskih programa iz Dru\u0161tveno humanisti\u010dkog polja u oblasti Nauka o bezbednosti\u00a0 i Ekonomije.<\/p><p>\u00a0<\/p><p>Recenzentska komisija naglasila je zna\u010daj kvaliteta, savremenost i me\u0111unarodnu usagla\u0161enost studijskog programa MAS Menad\u017ement u bezbednosti i MAS Ekonomija u odnosu na postavljene kriterijume: Celovitost i sveobuhvatnost studijskog programa i mogu\u0107nosti sticanja najnovijih stru\u010dnih saznanja; usagla\u0161enost programa sa drugim programima na Univerzitetu MB, Poslovni i pravni fakultet i uskla\u0111enost programa sa najmanje tri akreditovana programa inostrane visoko\u0161kolske ustanove, od kojih su najmanje dva iz visoko\u0161kolskih ustanova evropskog obrazovnog prostora.<\/p><p>\u00a0<\/p><p>Radni tim je izlo\u017eio Studiju izvodljivosti navedenog studijskog programa i strate\u0161ke ciljeve budu\u0107eg razvoja Univerziteta MB, Poslovni pravni fakultet.<\/p><p>\u010clanovi radnog tima posebno su odgovorili predstavnicima Recenzentske komisije na sva postavljena pitanja po svim standardima akreditacionog materijala.<\/p><\/div>\n\t\t\t\t\t<\/div><\/div>\t\t\t\t<\/div>\n\t\t\t\t<\/div>\n\t\t\t\t<div class=\"elementor-element elementor-element-e68c378 exad-sticky-section-no exad-glass-effect-no elementor-widget elementor-widget-eael-adv-accordion\" data-id=\"e68c378\" data-element_type=\"widget\" data-e-type=\"widget\" data-widget_type=\"eael-adv-accordion.default\">\n\t\t\t\t<div class=\"elementor-widget-container\">\n\t\t\t\t\t            <div class=\"eael-adv-accordion\" id=\"eael-adv-accordion-e68c378\" data-scroll-on-click=\"no\" data-scroll-speed=\"300\" data-accordion-id=\"e68c378\" data-accordion-type=\"accordion\" data-toogle-speed=\"300\">\n            <div class=\"eael-accordion-list\">\n\t\t\t\t\t<div id=\"praznino-odsustvo-i-realizacija-nastave-od-29122023-godine-do-15012024-godine-vidi-vie\" class=\"elementor-tab-title eael-accordion-header\" tabindex=\"0\" data-tab=\"1\" aria-controls=\"elementor-tab-content-2411\"><span class=\"eael-accordion-tab-title\">Prazni\u010dno odsustvo i realizacija nastave od 29.12.2023. godine do 15.01.2024. godine. (Vidi vi\u0161e)<\/span><\/div><div id=\"elementor-tab-content-2411\" class=\"eael-accordion-content clearfix\" data-tab=\"1\" aria-labelledby=\"praznino-odsustvo-i-realizacija-nastave-od-29122023-godine-do-15012024-godine-vidi-vie\"><p>Na osnovu Kalendara aktivnosti za akademsku 2023\/2024. godinu obave\u0161tavaju se studenti, nastavnici, saradnici u nastavi i stalno zaposleni na Univerzitetu MB da je Senat Univerziteta na predlog NNV PPF, NUV AKS Univerziteta i vlasnika doneo slede\u0107u odluku:<\/p><ol><li>Nastavu u zimskom semestru realizovati do petka 29.12.2023. godine.<\/li><li>Prazni\u010dno odsustvo i odmor stalno zaposlenih i studenata po Kalendaru aktivnosti na Univerzitetu MB je od 29.12.2023. godine do 12.01.2024. godine.\u00a0\u00a0<\/li><li>Nadoknadu nastave realizovati po potrebi od\u00a0 ponedeljka 15.01.2024. godine do subote 20.01.2024. godine (planira prodekan za nastavu na predlog nastavnika i studenata). Nastavnici \u0107e individualno i PO POTREBI planirati nadoknadu izgubljene nastave (na PPF i AKS Univerziteta MB), realizaciju II kolokvijuma (popravku istog) i odbranu seminarskih radova. Iste evidentirati u Knjige evidencije nastave.<\/li><li>Januarski ispitni rok planirati po Kalendaru aktivnosti od 22.01.2024. godine do 14.02.2024. godine.<\/li><li>Letnji semestar akademske 2023\/2024. godine otpo\u010deti po Kalendaru aktivnosti u ponedeljak 19.02.2024. godine.<\/li><\/ol><p><em>Menad\u017ement Univerziteta<\/em><\/p><\/div>\n\t\t\t\t\t<\/div><\/div>\t\t\t\t<\/div>\n\t\t\t\t<\/div>\n\t\t\t\t<div class=\"elementor-element elementor-element-7dcfa23 exad-sticky-section-no exad-glass-effect-no elementor-widget elementor-widget-eael-adv-accordion\" data-id=\"7dcfa23\" data-element_type=\"widget\" data-e-type=\"widget\" data-widget_type=\"eael-adv-accordion.default\">\n\t\t\t\t<div class=\"elementor-widget-container\">\n\t\t\t\t\t            <div class=\"eael-adv-accordion\" id=\"eael-adv-accordion-7dcfa23\" data-scroll-on-click=\"no\" data-scroll-speed=\"300\" data-accordion-id=\"7dcfa23\" data-accordion-type=\"accordion\" data-toogle-speed=\"300\">\n            <div class=\"eael-accordion-list\">\n\t\t\t\t\t<div id=\"tradicionalna-dodela-novogodinjih-paketia-na-univerzitetu-mb-vidi-vie\" class=\"elementor-tab-title eael-accordion-header\" tabindex=\"0\" data-tab=\"1\" aria-controls=\"elementor-tab-content-1311\"><span class=\"eael-accordion-tab-title\">Tradicionalna dodela Novogodi\u0161njih paketi\u0107a na Univerzitetu MB. (VidI vi\u0161e)<\/span><\/div><div id=\"elementor-tab-content-1311\" class=\"eael-accordion-content clearfix\" data-tab=\"1\" aria-labelledby=\"tradicionalna-dodela-novogodinjih-paketia-na-univerzitetu-mb-vidi-vie\"><div>Dana 23.12.2023. godine u 11.00 \u010dasova kao i svih prethodnih godina, vlasnici Univerziteta MB\u00a0 \u0107e organizovati\u00a0 sve\u010danu dodelu Novogodi\u0161njih paketi\u0107a za decu stalno zaposlenih.<\/div><div>\u00a0<\/div><div>\u00a0<\/div><div><a href=\"https:\/\/mbuniverzitet.edu.rs\/wp-content\/uploads\/2023\/12\/NG-Paketici-1.jpg\"><img loading=\"lazy\" decoding=\"async\" class=\"aligncenter size-medium wp-image-15429\" src=\"https:\/\/mbuniverzitet.edu.rs\/wp-content\/uploads\/2023\/12\/NG-Paketici-1-225x300.jpg\" alt=\"\" width=\"225\" height=\"300\" srcset=\"https:\/\/mbuniverzitet.edu.rs\/wp-content\/uploads\/2023\/12\/NG-Paketici-1-225x300.jpg 225w, https:\/\/mbuniverzitet.edu.rs\/wp-content\/uploads\/2023\/12\/NG-Paketici-1-768x1024.jpg 768w, https:\/\/mbuniverzitet.edu.rs\/wp-content\/uploads\/2023\/12\/NG-Paketici-1-9x12.jpg 9w, https:\/\/mbuniverzitet.edu.rs\/wp-content\/uploads\/2023\/12\/NG-Paketici-1.jpg 800w\" sizes=\"(max-width: 225px) 100vw, 225px\" \/><\/a><\/div><div>\u00a0<\/div><div>Sve\u010danost za na\u0161e najmla\u0111e \u0107e se organizovati u ulici Teodora Drajzera 27\u00a0 u Beogradu.<\/div><div>\u00a0<\/div><div>Sre\u0107no!<\/div><div>Menad\u017ement Univerziteta MB<\/div><\/div>\n\t\t\t\t\t<\/div><\/div>\t\t\t\t<\/div>\n\t\t\t\t<\/div>\n\t\t\t\t<div class=\"elementor-element elementor-element-f97364c exad-sticky-section-no exad-glass-effect-no elementor-widget elementor-widget-eael-adv-accordion\" data-id=\"f97364c\" data-element_type=\"widget\" data-e-type=\"widget\" data-widget_type=\"eael-adv-accordion.default\">\n\t\t\t\t<div class=\"elementor-widget-container\">\n\t\t\t\t\t            <div class=\"eael-adv-accordion\" id=\"eael-adv-accordion-f97364c\" data-scroll-on-click=\"no\" data-scroll-speed=\"300\" data-accordion-id=\"f97364c\" data-accordion-type=\"accordion\" data-toogle-speed=\"300\">\n            <div class=\"eael-accordion-list\">\n\t\t\t\t\t<div id=\"dodeljena-zahvalnica-rektora-samarskog-nacionalnog-univerziteta-s-p-koroljov-naem-dugogodinjem-redovnom-profesoru-dr-borisu-krivokapiu-vidi-vie\" class=\"elementor-tab-title eael-accordion-header\" tabindex=\"0\" data-tab=\"1\" aria-controls=\"elementor-tab-content-2611\"><span class=\"eael-accordion-tab-title\">Dodeljena  Zahvalnica rektora Samarskog nacionalnog univerziteta \"S. P. Koroljov\" na\u0161em dugogodi\u0161njem redovnom profesoru dr Borisu Krivokapi\u0107u. (Vidi vi\u0161e)<\/span><\/div><div id=\"elementor-tab-content-2611\" class=\"eael-accordion-content clearfix\" data-tab=\"1\" aria-labelledby=\"dodeljena-zahvalnica-rektora-samarskog-nacionalnog-univerziteta-s-p-koroljov-naem-dugogodinjem-redovnom-profesoru-dr-borisu-krivokapiu-vidi-vie\"><div><div>Povodom navr\u0161etka 65 godina \u017eivota uru\u010dena je\u00a0\u00a0<b>Zahvalnica\u00a0rektora Samarskog nacionalnog univerziteta &#8222;S. P. Koroljov&#8220;<\/b>\u00a0&#8222;za dugododi\u0161nji savestan rad i zasluge u oblasti nauke i obrazovanja (Naredba rektora No. 1031-O od 14. 11. 2023).<\/div><\/div><div>\u00a0<\/div><div><a href=\"https:\/\/mbuniverzitet.edu.rs\/wp-content\/uploads\/2023\/11\/\u041e\u0431\u0449\u0438\u0435-\u043f\u0440\u0438\u043a\u0430\u0437\u044b-\u21161301-\u041e-\u043e\u0442-14.11.2023\u0433.pdf\" target=\"_blank\" rel=\"noopener\">\u041e\u0431\u0449\u0438\u0435 \u043f\u0440\u0438\u043a\u0430\u0437\u044b \u21161301-\u041e \u043e\u0442 14.11.2023\u0433<\/a><\/div><div>\u00a0<\/div><div><div><a href=\"https:\/\/mbuniverzitet.edu.rs\/wp-content\/uploads\/2023\/11\/Zahvalnica-od-rektora-Samarskog-univerziteta-17.-11.-2023.jpg\"><img loading=\"lazy\" decoding=\"async\" class=\"aligncenter size-medium wp-image-15380\" src=\"https:\/\/mbuniverzitet.edu.rs\/wp-content\/uploads\/2023\/11\/Zahvalnica-od-rektora-Samarskog-univerziteta-17.-11.-2023-218x300.jpg\" alt=\"\" width=\"218\" height=\"300\" srcset=\"https:\/\/mbuniverzitet.edu.rs\/wp-content\/uploads\/2023\/11\/Zahvalnica-od-rektora-Samarskog-univerziteta-17.-11.-2023-218x300.jpg 218w, https:\/\/mbuniverzitet.edu.rs\/wp-content\/uploads\/2023\/11\/Zahvalnica-od-rektora-Samarskog-univerziteta-17.-11.-2023-745x1024.jpg 745w, https:\/\/mbuniverzitet.edu.rs\/wp-content\/uploads\/2023\/11\/Zahvalnica-od-rektora-Samarskog-univerziteta-17.-11.-2023-768x1056.jpg 768w, https:\/\/mbuniverzitet.edu.rs\/wp-content\/uploads\/2023\/11\/Zahvalnica-od-rektora-Samarskog-univerziteta-17.-11.-2023-1117x1536.jpg 1117w, https:\/\/mbuniverzitet.edu.rs\/wp-content\/uploads\/2023\/11\/Zahvalnica-od-rektora-Samarskog-univerziteta-17.-11.-2023-9x12.jpg 9w, https:\/\/mbuniverzitet.edu.rs\/wp-content\/uploads\/2023\/11\/Zahvalnica-od-rektora-Samarskog-univerziteta-17.-11.-2023.jpg 1164w\" sizes=\"(max-width: 218px) 100vw, 218px\" \/><\/a><\/div><div>\u00a0<\/div><div>\u010cestitamo profesoru dr Borisu Krivokapi\u0107u na dodeljenoj\u00a0zahvalnici\u00a0i \u017eelimo sretan odlazak u penziju na Univerzitetu MB.\u00a0<\/div><\/div><div class=\"gmail_signature\"><div><div>\u00a0<\/div><div>Predsednik Saveta Univerziteta MB<br \/>prof. dr Du\u0161an Regodi\u0107, dipl in\u017e.<\/div><\/div><\/div><\/div>\n\t\t\t\t\t<\/div><\/div>\t\t\t\t<\/div>\n\t\t\t\t<\/div>\n\t\t\t\t<div class=\"elementor-element elementor-element-92e2da2 exad-sticky-section-no exad-glass-effect-no elementor-widget elementor-widget-eael-adv-accordion\" data-id=\"92e2da2\" data-element_type=\"widget\" data-e-type=\"widget\" data-widget_type=\"eael-adv-accordion.default\">\n\t\t\t\t<div class=\"elementor-widget-container\">\n\t\t\t\t\t            <div class=\"eael-adv-accordion\" id=\"eael-adv-accordion-92e2da2\" data-scroll-on-click=\"no\" data-scroll-speed=\"300\" data-accordion-id=\"92e2da2\" data-accordion-type=\"accordion\" data-toogle-speed=\"300\">\n            <div class=\"eael-accordion-list\">\n\t\t\t\t\t<div id=\"obeleen-dan-univerziteta-mb-i-krsna-slava-porodice-bogavac-sveti-luka-vidi-vie\" class=\"elementor-tab-title eael-accordion-header\" tabindex=\"0\" data-tab=\"1\" aria-controls=\"elementor-tab-content-1541\"><span class=\"eael-accordion-tab-title\">Obele\u017een Dan Univerziteta MB i krsna slava porodice Bogavac ,,Sveti Luka,,. (Vidi vi\u0161e)<\/span><\/div><div id=\"elementor-tab-content-1541\" class=\"eael-accordion-content clearfix\" data-tab=\"1\" aria-labelledby=\"obeleen-dan-univerziteta-mb-i-krsna-slava-porodice-bogavac-sveti-luka-vidi-vie\"><p>Dana 31.10.2023. godine u ulici Kralja Petra Prvog u Mladenovcu obele\u017een je Dan Univerziteta MB i tre\u0107a godi\u0161njica od osnivanja.<\/p><p>\u00a0<\/p><p><a href=\"https:\/\/mbuniverzitet.edu.rs\/wp-content\/uploads\/2023\/11\/Sveti-Luka-2023_1.jpg\"><img loading=\"lazy\" decoding=\"async\" class=\"aligncenter size-medium wp-image-15354\" src=\"https:\/\/mbuniverzitet.edu.rs\/wp-content\/uploads\/2023\/11\/Sveti-Luka-2023_1-300x224.jpg\" alt=\"\" width=\"300\" height=\"224\" srcset=\"https:\/\/mbuniverzitet.edu.rs\/wp-content\/uploads\/2023\/11\/Sveti-Luka-2023_1-300x224.jpg 300w, https:\/\/mbuniverzitet.edu.rs\/wp-content\/uploads\/2023\/11\/Sveti-Luka-2023_1-768x573.jpg 768w, https:\/\/mbuniverzitet.edu.rs\/wp-content\/uploads\/2023\/11\/Sveti-Luka-2023_1-16x12.jpg 16w, https:\/\/mbuniverzitet.edu.rs\/wp-content\/uploads\/2023\/11\/Sveti-Luka-2023_1.jpg 900w\" sizes=\"(max-width: 300px) 100vw, 300px\" \/><\/a><\/p><p>\u00a0<\/p><p>Univerzitet MB danas poseduje 14 akreditovanih studijskih programa na osnovnim, master i doktorskim akademskim studijama. Studije se realizuju na Poslovnom i pravnom fakultetu i Akademiji klasi\u010dnog slikarstva.<\/p><p>\u00a0<\/p><p><a href=\"https:\/\/mbuniverzitet.edu.rs\/wp-content\/uploads\/2023\/11\/Sveti-Luka-2023_3.jpg\"><img loading=\"lazy\" decoding=\"async\" class=\"aligncenter size-medium wp-image-15356\" src=\"https:\/\/mbuniverzitet.edu.rs\/wp-content\/uploads\/2023\/11\/Sveti-Luka-2023_3-169x300.jpg\" alt=\"\" width=\"169\" height=\"300\" srcset=\"https:\/\/mbuniverzitet.edu.rs\/wp-content\/uploads\/2023\/11\/Sveti-Luka-2023_3-169x300.jpg 169w, https:\/\/mbuniverzitet.edu.rs\/wp-content\/uploads\/2023\/11\/Sveti-Luka-2023_3-576x1024.jpg 576w, https:\/\/mbuniverzitet.edu.rs\/wp-content\/uploads\/2023\/11\/Sveti-Luka-2023_3-768x1365.jpg 768w, https:\/\/mbuniverzitet.edu.rs\/wp-content\/uploads\/2023\/11\/Sveti-Luka-2023_3-864x1536.jpg 864w, https:\/\/mbuniverzitet.edu.rs\/wp-content\/uploads\/2023\/11\/Sveti-Luka-2023_3-7x12.jpg 7w, https:\/\/mbuniverzitet.edu.rs\/wp-content\/uploads\/2023\/11\/Sveti-Luka-2023_3.jpg 900w\" sizes=\"(max-width: 169px) 100vw, 169px\" \/><\/a><\/p><p>\u00a0<\/p><p>Tokom sve\u010danosti u crkvi u Mladenovcu osve\u0161tan je kola\u010d\u00a0i ujedno obele\u017eena porodi\u010dna krsna slava vlasnika Univerziteta MB i porodice Bogavac ,,Sveti Luka,,. To je bila jo\u0161\u00a0jedna prilika za predivno dru\u017eenje.<\/p><p>\u00a0<\/p><p><a href=\"https:\/\/mbuniverzitet.edu.rs\/wp-content\/uploads\/2023\/11\/Sveti-Luka-2023_2.jpg\"><img loading=\"lazy\" decoding=\"async\" class=\"aligncenter size-medium wp-image-15355\" src=\"https:\/\/mbuniverzitet.edu.rs\/wp-content\/uploads\/2023\/11\/Sveti-Luka-2023_2-169x300.jpg\" alt=\"\" width=\"169\" height=\"300\" srcset=\"https:\/\/mbuniverzitet.edu.rs\/wp-content\/uploads\/2023\/11\/Sveti-Luka-2023_2-169x300.jpg 169w, https:\/\/mbuniverzitet.edu.rs\/wp-content\/uploads\/2023\/11\/Sveti-Luka-2023_2-576x1024.jpg 576w, https:\/\/mbuniverzitet.edu.rs\/wp-content\/uploads\/2023\/11\/Sveti-Luka-2023_2-768x1365.jpg 768w, https:\/\/mbuniverzitet.edu.rs\/wp-content\/uploads\/2023\/11\/Sveti-Luka-2023_2-864x1536.jpg 864w, https:\/\/mbuniverzitet.edu.rs\/wp-content\/uploads\/2023\/11\/Sveti-Luka-2023_2-7x12.jpg 7w, https:\/\/mbuniverzitet.edu.rs\/wp-content\/uploads\/2023\/11\/Sveti-Luka-2023_2.jpg 900w\" sizes=\"(max-width: 169px) 100vw, 169px\" \/><\/a><\/p><p>\u00a0<\/p><p>Uz porodicu Bogavac je bila brojna rodbina, stalno zaposleni, prijatelji i simpatizeri Univerziteta MB. Restoran Veranda je i ovog puta potvrdio epitet lidera u regionu po pitanju pripreme dobre hrane. Sve\u010danost su ponovo ukrasili a dru\u017eenje u\u010dinili lep\u0161im najbolji estradni umetnici iz na\u0161e zemlje.<\/p><p>\u00a0<\/p><p><a href=\"https:\/\/mbuniverzitet.edu.rs\/wp-content\/uploads\/2023\/11\/Sveti-Luka-2023_4.jpg\"><img loading=\"lazy\" decoding=\"async\" class=\"aligncenter size-medium wp-image-15357\" src=\"https:\/\/mbuniverzitet.edu.rs\/wp-content\/uploads\/2023\/11\/Sveti-Luka-2023_4-300x224.jpg\" alt=\"\" width=\"300\" height=\"224\" srcset=\"https:\/\/mbuniverzitet.edu.rs\/wp-content\/uploads\/2023\/11\/Sveti-Luka-2023_4-300x224.jpg 300w, https:\/\/mbuniverzitet.edu.rs\/wp-content\/uploads\/2023\/11\/Sveti-Luka-2023_4-768x573.jpg 768w, https:\/\/mbuniverzitet.edu.rs\/wp-content\/uploads\/2023\/11\/Sveti-Luka-2023_4-16x12.jpg 16w, https:\/\/mbuniverzitet.edu.rs\/wp-content\/uploads\/2023\/11\/Sveti-Luka-2023_4.jpg 900w\" sizes=\"(max-width: 300px) 100vw, 300px\" \/><\/a><\/p><p>\u00a0<\/p><p>Porodica Bogavac se kao i nebrojeno puta do sada pokazala odli\u010dnim doma\u0107inom, velikog srca i ose\u0107aja za ljude oko sebe, spremnih da uvek i rado do\u010dekaju i ugoste svoju rodbinu, stalno zaposlene i brojne dobronamerne prijatelje.<\/p><p>\u00a0<\/p><p><a href=\"https:\/\/mbuniverzitet.edu.rs\/wp-content\/uploads\/2023\/11\/Sveti-Luka-2023_5.jpg\"><img loading=\"lazy\" decoding=\"async\" class=\"aligncenter size-medium wp-image-15352\" src=\"https:\/\/mbuniverzitet.edu.rs\/wp-content\/uploads\/2023\/11\/Sveti-Luka-2023_5-169x300.jpg\" alt=\"\" width=\"169\" height=\"300\" srcset=\"https:\/\/mbuniverzitet.edu.rs\/wp-content\/uploads\/2023\/11\/Sveti-Luka-2023_5-169x300.jpg 169w, https:\/\/mbuniverzitet.edu.rs\/wp-content\/uploads\/2023\/11\/Sveti-Luka-2023_5-576x1024.jpg 576w, https:\/\/mbuniverzitet.edu.rs\/wp-content\/uploads\/2023\/11\/Sveti-Luka-2023_5-768x1365.jpg 768w, https:\/\/mbuniverzitet.edu.rs\/wp-content\/uploads\/2023\/11\/Sveti-Luka-2023_5-864x1536.jpg 864w, https:\/\/mbuniverzitet.edu.rs\/wp-content\/uploads\/2023\/11\/Sveti-Luka-2023_5-7x12.jpg 7w, https:\/\/mbuniverzitet.edu.rs\/wp-content\/uploads\/2023\/11\/Sveti-Luka-2023_5.jpg 900w\" sizes=\"(max-width: 169px) 100vw, 169px\" \/><\/a><\/p><p>\u00a0<\/p><p>Menad\u017ement\u00a0 i stalno zaposleni na Univerzitetu MB se pridru\u017euju iskrenim\u00a0\u010destitkama porodici Bogavac povodom obele\u017eavanja Dana Univerziteta MB i porodi\u010dne krsne slave.<\/p><p>\u00a0<\/p><p><a href=\"https:\/\/mbuniverzitet.edu.rs\/wp-content\/uploads\/2023\/11\/Sveti-Luka-2023_6.jpg\"><img loading=\"lazy\" decoding=\"async\" class=\"aligncenter size-medium wp-image-15353\" src=\"https:\/\/mbuniverzitet.edu.rs\/wp-content\/uploads\/2023\/11\/Sveti-Luka-2023_6-225x300.jpg\" alt=\"\" width=\"225\" height=\"300\" srcset=\"https:\/\/mbuniverzitet.edu.rs\/wp-content\/uploads\/2023\/11\/Sveti-Luka-2023_6-225x300.jpg 225w, https:\/\/mbuniverzitet.edu.rs\/wp-content\/uploads\/2023\/11\/Sveti-Luka-2023_6-768x1024.jpg 768w, https:\/\/mbuniverzitet.edu.rs\/wp-content\/uploads\/2023\/11\/Sveti-Luka-2023_6-1152x1536.jpg 1152w, https:\/\/mbuniverzitet.edu.rs\/wp-content\/uploads\/2023\/11\/Sveti-Luka-2023_6-9x12.jpg 9w, https:\/\/mbuniverzitet.edu.rs\/wp-content\/uploads\/2023\/11\/Sveti-Luka-2023_6.jpg 1200w\" sizes=\"(max-width: 225px) 100vw, 225px\" \/><\/a><\/p><p>\u00a0<\/p><p>Menad\u017ement Univerziteta MB<\/p><\/div>\n\t\t\t\t\t<\/div><\/div>\t\t\t\t<\/div>\n\t\t\t\t<\/div>\n\t\t\t\t<div class=\"elementor-element elementor-element-e420b31 exad-sticky-section-no exad-glass-effect-no elementor-widget elementor-widget-eael-adv-accordion\" data-id=\"e420b31\" data-element_type=\"widget\" data-e-type=\"widget\" data-widget_type=\"eael-adv-accordion.default\">\n\t\t\t\t<div class=\"elementor-widget-container\">\n\t\t\t\t\t            <div class=\"eael-adv-accordion\" id=\"eael-adv-accordion-e420b31\" data-scroll-on-click=\"no\" data-scroll-speed=\"300\" data-accordion-id=\"e420b31\" data-accordion-type=\"accordion\" data-toogle-speed=\"300\">\n            <div class=\"eael-accordion-list\">\n\t\t\t\t\t<div id=\"promocija-meunarodnog-tematskog-zbornika-fundamentalna-istraivanja-vidi-vie\" class=\"elementor-tab-title eael-accordion-header\" tabindex=\"0\" data-tab=\"1\" aria-controls=\"elementor-tab-content-2391\"><span class=\"eael-accordion-tab-title\">Promocija Me\u0111unarodnog tematskog zbornika \u201eFundamentalna istra\u017eivanja\u201c. (Vidi vi\u0161e)<\/span><\/div><div id=\"elementor-tab-content-2391\" class=\"eael-accordion-content clearfix\" data-tab=\"1\" aria-labelledby=\"promocija-meunarodnog-tematskog-zbornika-fundamentalna-istraivanja-vidi-vie\"><p><span>Univerzitet MB je zajedno sa Institutom za Srpsku kulturu iz Leposavi\u0107a i Me\u0111unarodnom asocijacijom metodologa iz oblasti dru\u0161tvenih nauka bio suorganizator Me\u0111unarodnog nau\u010dnog skupa ,, Fundamentalna istra\u017eivanja<\/span>,,<span>.<\/span><\/p><p>\u00a0<\/p><p><a href=\"https:\/\/mbuniverzitet.edu.rs\/wp-content\/uploads\/2023\/11\/Sajam-knjiga-2023_1.jpg\"><img loading=\"lazy\" decoding=\"async\" class=\"aligncenter size-medium wp-image-15364\" src=\"https:\/\/mbuniverzitet.edu.rs\/wp-content\/uploads\/2023\/11\/Sajam-knjiga-2023_1-225x300.jpg\" alt=\"\" width=\"225\" height=\"300\" srcset=\"https:\/\/mbuniverzitet.edu.rs\/wp-content\/uploads\/2023\/11\/Sajam-knjiga-2023_1-225x300.jpg 225w, https:\/\/mbuniverzitet.edu.rs\/wp-content\/uploads\/2023\/11\/Sajam-knjiga-2023_1-768x1024.jpg 768w, https:\/\/mbuniverzitet.edu.rs\/wp-content\/uploads\/2023\/11\/Sajam-knjiga-2023_1-1152x1536.jpg 1152w, https:\/\/mbuniverzitet.edu.rs\/wp-content\/uploads\/2023\/11\/Sajam-knjiga-2023_1-9x12.jpg 9w, https:\/\/mbuniverzitet.edu.rs\/wp-content\/uploads\/2023\/11\/Sajam-knjiga-2023_1.jpg 1200w\" sizes=\"(max-width: 225px) 100vw, 225px\" \/><\/a><\/p><p>\u00a0<\/p><p><span>Zaposleni na Univerzitetu MB su obi\u0161li sajam knjiga i prisustvovali promociji zbornika ,, Fundamentalna istra\u017eivanja<\/span>,,<span>.<\/span><\/p><p>\u00a0<\/p><p><a href=\"https:\/\/mbuniverzitet.edu.rs\/wp-content\/uploads\/2023\/11\/Sajam-knjiga-2023_2.jpg\"><img loading=\"lazy\" decoding=\"async\" class=\"aligncenter size-medium wp-image-15365\" src=\"https:\/\/mbuniverzitet.edu.rs\/wp-content\/uploads\/2023\/11\/Sajam-knjiga-2023_2-225x300.jpg\" alt=\"\" width=\"225\" height=\"300\" srcset=\"https:\/\/mbuniverzitet.edu.rs\/wp-content\/uploads\/2023\/11\/Sajam-knjiga-2023_2-225x300.jpg 225w, https:\/\/mbuniverzitet.edu.rs\/wp-content\/uploads\/2023\/11\/Sajam-knjiga-2023_2-768x1024.jpg 768w, https:\/\/mbuniverzitet.edu.rs\/wp-content\/uploads\/2023\/11\/Sajam-knjiga-2023_2-1152x1536.jpg 1152w, https:\/\/mbuniverzitet.edu.rs\/wp-content\/uploads\/2023\/11\/Sajam-knjiga-2023_2-9x12.jpg 9w, https:\/\/mbuniverzitet.edu.rs\/wp-content\/uploads\/2023\/11\/Sajam-knjiga-2023_2.jpg 1200w\" sizes=\"(max-width: 225px) 100vw, 225px\" \/><\/a><\/p><p>\u00a0<\/p><p><span>Promocija zbornika je odr\u017eana u utorak, 24. oktobra 2023. godine, u 15:30 \u010dasova na Beogradskom sajmu knjiga, u sali za promocije izdanja Kancelarije za Kosovo i Metohiju i Instituta za srpsku kulturu iz Leposavi\u0107a.<\/span><\/p><p>\u00a0<\/p><p><a href=\"https:\/\/mbuniverzitet.edu.rs\/wp-content\/uploads\/2023\/11\/Sajam-knjiga-2023_3.jpg\"><img loading=\"lazy\" decoding=\"async\" class=\"aligncenter size-medium wp-image-15366\" src=\"https:\/\/mbuniverzitet.edu.rs\/wp-content\/uploads\/2023\/11\/Sajam-knjiga-2023_3-225x300.jpg\" alt=\"\" width=\"225\" height=\"300\" srcset=\"https:\/\/mbuniverzitet.edu.rs\/wp-content\/uploads\/2023\/11\/Sajam-knjiga-2023_3-225x300.jpg 225w, https:\/\/mbuniverzitet.edu.rs\/wp-content\/uploads\/2023\/11\/Sajam-knjiga-2023_3-768x1024.jpg 768w, https:\/\/mbuniverzitet.edu.rs\/wp-content\/uploads\/2023\/11\/Sajam-knjiga-2023_3-1152x1536.jpg 1152w, https:\/\/mbuniverzitet.edu.rs\/wp-content\/uploads\/2023\/11\/Sajam-knjiga-2023_3-9x12.jpg 9w, https:\/\/mbuniverzitet.edu.rs\/wp-content\/uploads\/2023\/11\/Sajam-knjiga-2023_3.jpg 1200w\" sizes=\"(max-width: 225px) 100vw, 225px\" \/><\/a><\/p><p>\u00a0<\/p><p><span>Na promociji zbornika su govorili promoteri prof. dr Dragan Tan\u010di\u0107, prof. dr Ne\u0111o Danilovi\u0107 i profesor Sini\u0161a Zari\u0107.<\/span><\/p><\/div>\n\t\t\t\t\t<\/div><\/div>\t\t\t\t<\/div>\n\t\t\t\t<\/div>\n\t\t\t\t<div class=\"elementor-element elementor-element-5c67385 exad-sticky-section-no exad-glass-effect-no elementor-widget elementor-widget-eael-adv-accordion\" data-id=\"5c67385\" data-element_type=\"widget\" data-e-type=\"widget\" data-widget_type=\"eael-adv-accordion.default\">\n\t\t\t\t<div class=\"elementor-widget-container\">\n\t\t\t\t\t            <div class=\"eael-adv-accordion\" id=\"eael-adv-accordion-5c67385\" data-scroll-on-click=\"no\" data-scroll-speed=\"300\" data-accordion-id=\"5c67385\" data-accordion-type=\"accordion\" data-toogle-speed=\"300\">\n            <div class=\"eael-accordion-list\">\n\t\t\t\t\t<div id=\"dana-02102023-godine-obavljen-je-prijem-studenata-prve-godine-osnovnih-akademskih-studija-i-realizovan-prvi-nastavni-as-sa-studentima-studijskih-programa-pravo-ekonomija-poslovni-menadment-informacione-tehnologije-menadment-u-bezbednosti-i-klasino-slikarstvo-vidi-vie\" class=\"elementor-tab-title eael-accordion-header\" tabindex=\"0\" data-tab=\"1\" aria-controls=\"elementor-tab-content-9681\"><span class=\"eael-accordion-tab-title\">Dana 02.10.2023. godine obavljen je prijem studenata prve godine osnovnih akademskih studija i realizovan prvi nastavni \u010das sa studentima studijskih programa: Pravo, Ekonomija, Poslovni menad\u017ement, Informacione tehnologije, Menad\u017ement u bezbednosti i Klasi\u010dno slikarstvo (Vidi vi\u0161e)<\/span><\/div><div id=\"elementor-tab-content-9681\" class=\"eael-accordion-content clearfix\" data-tab=\"1\" aria-labelledby=\"dana-02102023-godine-obavljen-je-prijem-studenata-prve-godine-osnovnih-akademskih-studija-i-realizovan-prvi-nastavni-as-sa-studentima-studijskih-programa-pravo-ekonomija-poslovni-menadment-informacione-tehnologije-menadment-u-bezbednosti-i-klasino-slikarstvo-vidi-vie\"><div><p>Prijem su realizovali:<\/p><ul><li>Predsednik Saveta Univerziteta MB\u00a0 redovni profesor dr Du\u0161an Regodi\u0107, dipl.in\u017e,<\/li><li>Prorektor za nastavu na Univerzitetu MB (ujedno zamenik rektora) prof. dr \u017divanka Miladinovi\u0107-Bogavac,<\/li><li>Prorektor za nauku prof. dr Ne\u0111o Danilovi\u0107,<\/li><li>Prodekan za nastavu na Poslovnom i pravnom fakultetu Univerziteta MB dr Dragana \u0110uri\u0107,<\/li><li>docent umetnosti dr Ivana Sokolovski.<\/li><\/ul><div><style id=\"bwg-style-6\">    #bwg_container1_6 #bwg_container2_6 .bwg-container-6.bwg-standard-thumbnails {      width: 1254px;              justify-content: center;        margin:0 auto !important;              background-color: rgba(255, 255, 255, 0.00);            padding-left: 4px;      padding-top: 4px;      max-width: 100%;            }        #bwg_container1_6 #bwg_container2_6 .bwg-container-6.bwg-standard-thumbnails .bwg-item {    justify-content: flex-start;      max-width: 250px;          }    #bwg_container1_6 #bwg_container2_6 .bwg-container-6.bwg-standard-thumbnails .bwg-item a {       margin-right: 4px;       margin-bottom: 4px;    }    #bwg_container1_6 #bwg_container2_6 .bwg-container-6.bwg-standard-thumbnails .bwg-item0 {      padding: 0px;            background-color:rgba(0,0,0, 0.30);      border: 5px none #FFFFFF;      opacity: 1.00;      border-radius: 0;      box-shadow: ;    }    #bwg_container1_6 #bwg_container2_6 .bwg-container-6.bwg-standard-thumbnails .bwg-item1 img {      max-height: none;      max-width: none;      padding: 0 !important;    }         @media only screen and (min-width: 480px) {\t\t#bwg_container1_6 #bwg_container2_6 .bwg-container-6.bwg-standard-thumbnails .bwg-item1 img {\t\t\t-webkit-transition: all .3s; transition: all .3s;\t\t}\t\t#bwg_container1_6 #bwg_container2_6 .bwg-container-6.bwg-standard-thumbnails .bwg-item1 img:hover {\t\t\t-ms-transform: scale(1.08);\t\t\t-webkit-transform: scale(1.08);\t\t\ttransform: scale(1.08);\t\t}\t\t\t\t.bwg-standard-thumbnails .bwg-zoom-effect .bwg-zoom-effect-overlay {\t\t\t\t\t\tbackground-color:rgba(0,0,0, 0.3);\t\t}\t\t.bwg-standard-thumbnails .bwg-zoom-effect:hover img {\t\t\t-ms-transform: scale(1.08);\t\t\t-webkit-transform: scale(1.08);\t\t\ttransform: scale(1.08);\t\t}\t\t      }\t    #bwg_container1_6 #bwg_container2_6 .bwg-container-6.bwg-standard-thumbnails .bwg-item1 {      padding-top: 56%;    }        #bwg_container1_6 #bwg_container2_6 .bwg-container-6.bwg-standard-thumbnails .bwg-title1 {      position: absolute;      top: 0;      z-index: 100;      width: 100%;      height: 100%;      display: flex;      justify-content: center;      align-content: center;      flex-direction: column;      opacity: 0;    }\t      #bwg_container1_6 #bwg_container2_6 .bwg-container-6.bwg-standard-thumbnails .bwg-title2,    #bwg_container1_6 #bwg_container2_6 .bwg-container-6.bwg-standard-thumbnails .bwg-ecommerce2 {      color: #FFFFFF;      font-family: Ubuntu;      font-size: 16px;      font-weight: bold;      padding: 5px;      text-shadow: ;      max-height: 100%;    }    #bwg_container1_6 #bwg_container2_6 .bwg-container-6.bwg-standard-thumbnails .bwg-thumb-description span {    color: #323A45;    font-family: Ubuntu;    font-size: 12px;    max-height: 100%;    word-wrap: break-word;    }    #bwg_container1_6 #bwg_container2_6 .bwg-container-6.bwg-standard-thumbnails .bwg-play-icon2 {      font-size: 32px;    }    #bwg_container1_6 #bwg_container2_6 .bwg-container-6.bwg-standard-thumbnails .bwg-ecommerce2 {      font-size: 19.2px;      color: #323A45;    }    <\/style>    <div id=\"bwg_container1_6\"         class=\"bwg_container bwg_thumbnail bwg_thumbnails \"         data-right-click-protection=\"0\"         data-bwg=\"6\"         data-scroll=\"0\"         data-gallery-type=\"thumbnails\"         data-gallery-view-type=\"thumbnails\"         data-current-url=\"\/arhiva-vesti\/\"         data-lightbox-url=\"https:\/\/mbuniverzitet.edu.rs\/wp-admin\/admin-ajax.php?action=GalleryBox&#038;current_view=6&#038;gallery_id=3&#038;tag=0&#038;theme_id=2&#038;shortcode_id=6&#038;sort_by=order&#038;order_by=asc&#038;current_url=%2Farhiva-vesti%2F\"         data-gallery-id=\"3\"         data-popup-width=\"800\"         data-popup-height=\"500\"         data-is-album=\"gallery\"         data-buttons-position=\"bottom\">      <div id=\"bwg_container2_6\">             <div id=\"ajax_loading_6\" class=\"bwg_loading_div_1\">      <div class=\"bwg_loading_div_2\">        <div class=\"bwg_loading_div_3\">          <div id=\"loading_div_6\" class=\"bwg_spider_ajax_loading\">          <\/div>        <\/div>      <\/div>    <\/div>            <form id=\"gal_front_form_6\"              class=\"bwg-hidden\"              method=\"post\"              action=\"#\"              data-current=\"6\"              data-shortcode-id=\"6\"              data-gallery-type=\"thumbnails\"              data-gallery-id=\"3\"              data-tag=\"0\"              data-album-id=\"0\"              data-theme-id=\"2\"              data-ajax-url=\"https:\/\/mbuniverzitet.edu.rs\/wp-admin\/admin-ajax.php?action=bwg_frontend_data\">          <div id=\"bwg_container3_6\" class=\"bwg-background bwg-background-6\">                <div data-max-count=\"5\"         data-thumbnail-width=\"250\"         data-bwg=\"6\"         data-gallery-id=\"3\"         data-lightbox-url=\"https:\/\/mbuniverzitet.edu.rs\/wp-admin\/admin-ajax.php?action=GalleryBox&amp;current_view=6&amp;gallery_id=3&amp;tag=0&amp;theme_id=2&amp;shortcode_id=6&amp;sort_by=order&amp;order_by=asc&amp;current_url=%2Farhiva-vesti%2F\"         id=\"bwg_thumbnails_6\"         class=\"bwg-container-6 bwg-thumbnails bwg-standard-thumbnails bwg-container bwg-border-box\">            <div class=\"bwg-item\">        <a class=\"bwg-a  bwg_lightbox\"  data-image-id=\"25\" href=\"https:\/\/mbuniverzitet.edu.rs\/wp-content\/uploads\/photo-gallery\/imported_from_media_libray\/Slika-5-Brucosi.jpg?bwg=1696326441\" data-elementor-open-lightbox=\"no\">                <div class=\"bwg-item0 \">          <div class=\"bwg-item1 bwg-zoom-effect\">            <div class=\"bwg-item2\">              <img decoding=\"async\" class=\"skip-lazy bwg_standart_thumb_img_6 \"                   data-id=\"25\"                   data-width=\"375.00\"                   data-height=\"500.00\"                   data-src=\"https:\/\/mbuniverzitet.edu.rs\/wp-content\/uploads\/photo-gallery\/imported_from_media_libray\/thumb\/Slika-5-Brucosi.jpg?bwg=1696326441\"                   src=\"https:\/\/mbuniverzitet.edu.rs\/wp-content\/uploads\/photo-gallery\/imported_from_media_libray\/thumb\/Slika-5-Brucosi.jpg?bwg=1696326441\"                   alt=\"Slika-5-Brucosi\"                   title=\"Slika-5-Brucosi\" \/>            <\/div>            <div class=\"bwg-zoom-effect-overlay\">              <div class=\"bwg-title1\"><div class=\"bwg-title2\">Slika-5-Brucosi<\/div><\/div>                                        <\/div>          <\/div>        <\/div>                        <\/a>              <\/div>            <div class=\"bwg-item\">        <a class=\"bwg-a  bwg_lightbox\"  data-image-id=\"26\" href=\"https:\/\/mbuniverzitet.edu.rs\/wp-content\/uploads\/photo-gallery\/imported_from_media_libray\/Slika-4-Brucosi.jpg?bwg=1696326441\" data-elementor-open-lightbox=\"no\">                <div class=\"bwg-item0 \">          <div class=\"bwg-item1 bwg-zoom-effect\">            <div class=\"bwg-item2\">              <img decoding=\"async\" class=\"skip-lazy bwg_standart_thumb_img_6 \"                   data-id=\"26\"                   data-width=\"375.00\"                   data-height=\"500.00\"                   data-src=\"https:\/\/mbuniverzitet.edu.rs\/wp-content\/uploads\/photo-gallery\/imported_from_media_libray\/thumb\/Slika-4-Brucosi.jpg?bwg=1696326441\"                   src=\"https:\/\/mbuniverzitet.edu.rs\/wp-content\/uploads\/photo-gallery\/imported_from_media_libray\/thumb\/Slika-4-Brucosi.jpg?bwg=1696326441\"                   alt=\"Slika-4-Brucosi\"                   title=\"Slika-4-Brucosi\" \/>            <\/div>            <div class=\"bwg-zoom-effect-overlay\">              <div class=\"bwg-title1\"><div class=\"bwg-title2\">Slika-4-Brucosi<\/div><\/div>                                        <\/div>          <\/div>        <\/div>                        <\/a>              <\/div>            <div class=\"bwg-item\">        <a class=\"bwg-a  bwg_lightbox\"  data-image-id=\"27\" href=\"https:\/\/mbuniverzitet.edu.rs\/wp-content\/uploads\/photo-gallery\/imported_from_media_libray\/Slika-3-Brucosi.jpg?bwg=1696326441\" data-elementor-open-lightbox=\"no\">                <div class=\"bwg-item0 \">          <div class=\"bwg-item1 bwg-zoom-effect\">            <div class=\"bwg-item2\">              <img decoding=\"async\" class=\"skip-lazy bwg_standart_thumb_img_6 \"                   data-id=\"27\"                   data-width=\"375.00\"                   data-height=\"500.00\"                   data-src=\"https:\/\/mbuniverzitet.edu.rs\/wp-content\/uploads\/photo-gallery\/imported_from_media_libray\/thumb\/Slika-3-Brucosi.jpg?bwg=1696326441\"                   src=\"https:\/\/mbuniverzitet.edu.rs\/wp-content\/uploads\/photo-gallery\/imported_from_media_libray\/thumb\/Slika-3-Brucosi.jpg?bwg=1696326441\"                   alt=\"Slika-3-Brucosi\"                   title=\"Slika-3-Brucosi\" \/>            <\/div>            <div class=\"bwg-zoom-effect-overlay\">              <div class=\"bwg-title1\"><div class=\"bwg-title2\">Slika-3-Brucosi<\/div><\/div>                                        <\/div>          <\/div>        <\/div>                        <\/a>              <\/div>            <div class=\"bwg-item\">        <a class=\"bwg-a  bwg_lightbox\"  data-image-id=\"28\" href=\"https:\/\/mbuniverzitet.edu.rs\/wp-content\/uploads\/photo-gallery\/imported_from_media_libray\/Slika-2-Brucosi.jpg?bwg=1696326441\" data-elementor-open-lightbox=\"no\">                <div class=\"bwg-item0 \">          <div class=\"bwg-item1 bwg-zoom-effect\">            <div class=\"bwg-item2\">              <img decoding=\"async\" class=\"skip-lazy bwg_standart_thumb_img_6 \"                   data-id=\"28\"                   data-width=\"500.00\"                   data-height=\"375.00\"                   data-src=\"https:\/\/mbuniverzitet.edu.rs\/wp-content\/uploads\/photo-gallery\/imported_from_media_libray\/thumb\/Slika-2-Brucosi.jpg?bwg=1696326441\"                   src=\"https:\/\/mbuniverzitet.edu.rs\/wp-content\/uploads\/photo-gallery\/imported_from_media_libray\/thumb\/Slika-2-Brucosi.jpg?bwg=1696326441\"                   alt=\"Slika-2-Brucosi\"                   title=\"Slika-2-Brucosi\" \/>            <\/div>            <div class=\"bwg-zoom-effect-overlay\">              <div class=\"bwg-title1\"><div class=\"bwg-title2\">Slika-2-Brucosi<\/div><\/div>                                        <\/div>          <\/div>        <\/div>                        <\/a>              <\/div>            <div class=\"bwg-item\">        <a class=\"bwg-a  bwg_lightbox\"  data-image-id=\"29\" href=\"https:\/\/mbuniverzitet.edu.rs\/wp-content\/uploads\/photo-gallery\/imported_from_media_libray\/Slika-1-Brucosi.jpg?bwg=1696326441\" data-elementor-open-lightbox=\"no\">                <div class=\"bwg-item0 \">          <div class=\"bwg-item1 bwg-zoom-effect\">            <div class=\"bwg-item2\">              <img decoding=\"async\" class=\"skip-lazy bwg_standart_thumb_img_6 \"                   data-id=\"29\"                   data-width=\"500.00\"                   data-height=\"335.00\"                   data-src=\"https:\/\/mbuniverzitet.edu.rs\/wp-content\/uploads\/photo-gallery\/imported_from_media_libray\/thumb\/Slika-1-Brucosi.jpg?bwg=1696326441\"                   src=\"https:\/\/mbuniverzitet.edu.rs\/wp-content\/uploads\/photo-gallery\/imported_from_media_libray\/thumb\/Slika-1-Brucosi.jpg?bwg=1696326441\"                   alt=\"Slika-1-Brucosi\"                   title=\"Slika-1-Brucosi\" \/>            <\/div>            <div class=\"bwg-zoom-effect-overlay\">              <div class=\"bwg-title1\"><div class=\"bwg-title2\">Slika-1-Brucosi<\/div><\/div>                                        <\/div>          <\/div>        <\/div>                        <\/a>              <\/div>            <div class=\"bwg-item\">        <a class=\"bwg-a  bwg_lightbox\"  data-image-id=\"30\" href=\"https:\/\/mbuniverzitet.edu.rs\/wp-content\/uploads\/photo-gallery\/imported_from_media_libray\/Slika-6-Brucosi.jpg?bwg=1696326441\" data-elementor-open-lightbox=\"no\">                <div class=\"bwg-item0 \">          <div class=\"bwg-item1 bwg-zoom-effect\">            <div class=\"bwg-item2\">              <img decoding=\"async\" class=\"skip-lazy bwg_standart_thumb_img_6 \"                   data-id=\"30\"                   data-width=\"375.00\"                   data-height=\"500.00\"                   data-src=\"https:\/\/mbuniverzitet.edu.rs\/wp-content\/uploads\/photo-gallery\/imported_from_media_libray\/thumb\/Slika-6-Brucosi.jpg?bwg=1696326441\"                   src=\"https:\/\/mbuniverzitet.edu.rs\/wp-content\/uploads\/photo-gallery\/imported_from_media_libray\/thumb\/Slika-6-Brucosi.jpg?bwg=1696326441\"                   alt=\"Slika-6-Brucosi\"                   title=\"Slika-6-Brucosi\" \/>            <\/div>            <div class=\"bwg-zoom-effect-overlay\">              <div class=\"bwg-title1\"><div class=\"bwg-title2\">Slika-6-Brucosi<\/div><\/div>                                        <\/div>          <\/div>        <\/div>                        <\/a>              <\/div>          <\/div>    <style>      \/*pagination styles*\/      #bwg_container1_6 #bwg_container2_6 .tablenav-pages_6 {\t\t\t\ttext-align: center;\t\t\t\tfont-size: 12px;\t\t\t\tfont-family: Ubuntu;\t\t\t\tfont-weight: bold;\t\t\t\tcolor: #666666;\t\t\t\tmargin: 6px 0 4px;\t\t\t\tdisplay: block;      }      @media only screen and (max-width : 320px) {      #bwg_container1_6 #bwg_container2_6 .displaying-num_6 {     \t display: none;      }      }      #bwg_container1_6 #bwg_container2_6 .displaying-num_6 {\t\t\t\tfont-size: 12px;\t\t\t\tfont-family: Ubuntu;\t\t\t\tfont-weight: bold;\t\t\t\tcolor: #666666;\t\t\t\tmargin-right: 10px;\t\t\t\tvertical-align: middle;      }      #bwg_container1_6 #bwg_container2_6 .paging-input_6 {\t\t\t\tfont-size: 12px;\t\t\t\tfont-family: Ubuntu;\t\t\t\tfont-weight: bold;\t\t\t\tcolor: #666666;\t\t\t\tvertical-align: middle;      }      #bwg_container1_6 #bwg_container2_6 .tablenav-pages_6 a.disabled,      #bwg_container1_6 #bwg_container2_6 .tablenav-pages_6 a.disabled:hover,      #bwg_container1_6 #bwg_container2_6 .tablenav-pages_6 a.disabled:focus,\t\t\t#bwg_container1_6 #bwg_container2_6 .tablenav-pages_6 input.bwg_current_page {\t\t\t\tcursor: default;\t\t\t\tcolor: rgba(102, 102, 102, 0.5);      }      #bwg_container1_6 #bwg_container2_6 .tablenav-pages_6 a,      #bwg_container1_6 #bwg_container2_6 .tablenav-pages_6 input.bwg_current_page {\t\t\t\tcursor: pointer;\t\t\t\ttext-align: center;\t\t\t\tfont-size: 12px;\t\t\t\tfont-family: Ubuntu;\t\t\t\tfont-weight: bold;\t\t\t\tcolor: #666666;\t\t\t\ttext-decoration: none;\t\t\t\tpadding: 3px 6px;\t\t\t\tmargin: 0;\t\t\t\tborder-radius: 0;\t\t\t\tborder-style: none;\t\t\t\tborder-width: 1px;\t\t\t\tborder-color: #E3E3E3;\t\t\t\t\t\t\t\tbackground-color: rgba(252, 252, 252, 1.00);\t\t\t\tbox-shadow: 0;\t\t\t\ttransition: all 0.3s ease 0s;-webkit-transition: all 0.3s ease 0s;      }      <\/style>      <span class=\"bwg_nav_cont_6\">              <div class=\"tablenav-pages_6\">                  <\/div>                <input type=\"hidden\" id=\"page_number_6\" name=\"page_number_6\" value=\"1\" \/>      <script type=\"text\/javascript\">        if( jQuery('.bwg_nav_cont_6').length > 1 ) {          jQuery('.bwg_nav_cont_6').first().remove()        }        function spider_page_6(cur, x, y, load_more) {          if (typeof load_more == \"undefined\") {            var load_more = false;          }          if (jQuery(cur).hasClass('disabled')) {            return false;          }          var items_county_6 = 1;          switch (y) {            case 1:              if (x >= items_county_6) {                document.getElementById('page_number_6').value = items_county_6;              }              else {                document.getElementById('page_number_6').value = x + 1;              }              break;            case 2:              document.getElementById('page_number_6').value = items_county_6;              break;            case -1:              if (x == 1) {                document.getElementById('page_number_6').value = 1;              }              else {                document.getElementById('page_number_6').value = x - 1;              }              break;            case -2:              document.getElementById('page_number_6').value = 1;              break;\t\t\t\t\t\tcase 0:              document.getElementById('page_number_6').value = x;              break;            default:              document.getElementById('page_number_6').value = 1;          }          bwg_ajax('gal_front_form_6', '6', 'bwg_thumbnails_6', '0', '', 'gallery', 0, '', '', load_more, '', 1);        }                    jQuery('.first-page-6').on('click', function () {              spider_page_6(this, 1, -2, 'numeric');              return false;            });            jQuery('.prev-page-6').on('click', function () {              spider_page_6(this, 1, -1, 'numeric');              return false;            });            jQuery('.next-page-6').on('click', function () {              spider_page_6(this, 1, 1, 'numeric');              return false;            });            jQuery('.last-page-6').on('click', function () {              spider_page_6(this, 1, 2, 'numeric');              return false;            });        \t\t\t\t\/* Change page on input enter. *\/        function bwg_change_page_6( e, that ) {          if (  e.key == 'Enter' ) {            var to_page = parseInt(jQuery(that).val());            var pages_count = jQuery(that).parents(\".pagination-links\").data(\"pages-count\");            var current_url_param = jQuery(that).attr('data-url-info');            if (to_page > pages_count) {              to_page = 1;            }\t \t\t\t\t\t\t\t\t\t\t\t\tspider_page_6(this, to_page, 0, 'numeric');\t\t\t\t\t\t\treturn false;\t\t\t\t\t\t          }          return true;        }        jQuery('.bwg_load_btn_6').on('click', function () {            spider_page_6(this, 1, 1, true);            return false;        });      <\/script>      <\/span>                <\/div>        <\/form>        <style>          #bwg_container1_6 #bwg_container2_6 #spider_popup_overlay_6 {          background-color: #000000;          opacity: 0.70;          }          <\/style>        <div id=\"bwg_spider_popup_loading_6\" class=\"bwg_spider_popup_loading\"><\/div>        <div id=\"spider_popup_overlay_6\" class=\"spider_popup_overlay\" onclick=\"spider_destroypopup(1000)\"><\/div>        <input type=\"hidden\" id=\"bwg_random_seed_6\" value=\"79685988\">                <\/div>    <\/div>    <script>      if (document.readyState === 'complete') {        if( typeof bwg_main_ready == 'function' ) {          if ( jQuery(\"#bwg_container1_6\").height() ) {            bwg_main_ready(jQuery(\"#bwg_container1_6\"));          }        }      } else {        document.addEventListener('DOMContentLoaded', function() {          if( typeof bwg_main_ready == 'function' ) {            if ( jQuery(\"#bwg_container1_6\").height() ) {             bwg_main_ready(jQuery(\"#bwg_container1_6\"));            }          }        });      }    <\/script>    <\/div><\/div><div>\u00a0<\/div><div><p><div style=\"width: 568px;\" class=\"wp-video\"><video class=\"wp-video-shortcode\" id=\"video-7582-8\" width=\"568\" height=\"320\" preload=\"metadata\" controls=\"controls\"><source type=\"video\/mp4\" src=\"https:\/\/mbuniverzitet.edu.rs\/wp-content\/uploads\/2023\/10\/V2_Brusosi.mp4?_=8\" \/><a href=\"https:\/\/mbuniverzitet.edu.rs\/wp-content\/uploads\/2023\/10\/V2_Brusosi.mp4\">https:\/\/mbuniverzitet.edu.rs\/wp-content\/uploads\/2023\/10\/V2_Brusosi.mp4<\/a><\/video><\/div><\/p><\/div><div>\u00a0<\/div><div><div>U predivnom ambijentu profesor dr Du\u0161an Regodi\u0107 je odr\u017eao uvodni \u010das pred prepunim amfiteatrom sa studentima. Kroz izlaganje studenti su dobili osnovne informacije o: Univerzitetu MB, Poslovnom i pravnom fakultetu, na\u010dinu studiranja, Bolonjskom procesu, studenstkom \u017eivotu, materijalnoj bazi nastave, nastavnoj i obrazovnoj literuri, Studentskom Parlamentu, Alumni organizaciji studenata, studentskom kodeksu, javnosti u radu, studentskom sme\u0161taju, brojnim izazovima i na\u010dinu \u017eivota u Beogradu.<\/div><\/div><div>\u00a0<\/div><div><p><div style=\"width: 568px;\" class=\"wp-video\"><video class=\"wp-video-shortcode\" id=\"video-7582-9\" width=\"568\" height=\"320\" preload=\"metadata\" controls=\"controls\"><source type=\"video\/mp4\" src=\"https:\/\/mbuniverzitet.edu.rs\/wp-content\/uploads\/2023\/10\/V1_Brusosi.mp4?_=9\" \/><a href=\"https:\/\/mbuniverzitet.edu.rs\/wp-content\/uploads\/2023\/10\/V1_Brusosi.mp4\">https:\/\/mbuniverzitet.edu.rs\/wp-content\/uploads\/2023\/10\/V1_Brusosi.mp4<\/a><\/video><\/div><\/p><\/div><div><div>\u00a0<\/div><div>Predsednik Saveta Univerziteta MB je u ime vlasnika uputio pismo dobrodo\u0161lice studentima prve godine svih studijskih programa. <a href=\"https:\/\/mbuniverzitet.edu.rs\/wp-content\/uploads\/2023\/10\/Prijem-brucosa-dobrodoslica-predsednika-Saveta-Univerziteta-MB.pdf\" target=\"_blank\" rel=\"noopener\">(<b>Vidi vi\u0161e)<\/b><\/a><\/div><div class=\"gmail_signature\"><div>\u00a0<\/div><\/div><\/div><\/div>\n\t\t\t\t\t<\/div><\/div>\t\t\t\t<\/div>\n\t\t\t\t<\/div>\n\t\t\t\t<div class=\"elementor-element elementor-element-4b9f7de exad-sticky-section-no exad-glass-effect-no elementor-widget elementor-widget-eael-adv-accordion\" data-id=\"4b9f7de\" data-element_type=\"widget\" data-e-type=\"widget\" data-widget_type=\"eael-adv-accordion.default\">\n\t\t\t\t<div class=\"elementor-widget-container\">\n\t\t\t\t\t            <div class=\"eael-adv-accordion\" id=\"eael-adv-accordion-4b9f7de\" data-scroll-on-click=\"no\" data-scroll-speed=\"300\" data-accordion-id=\"4b9f7de\" data-accordion-type=\"accordion\" data-toogle-speed=\"300\">\n            <div class=\"eael-accordion-list\">\n\t\t\t\t\t<div id=\"poetak-nastave-i-rasporedi-predavanja-na-univerzitetu-mb-u-zimskom-semestru-akademske-20232024-godine-vidi-vie\" class=\"elementor-tab-title eael-accordion-header\" tabindex=\"0\" data-tab=\"1\" aria-controls=\"elementor-tab-content-7921\"><span class=\"eael-accordion-tab-title\">PO\u010cETAK NASTAVE I RASPOREDI PREDAVANJA NA UNIVERZITETU MB U ZIMSKOM SEMESTRU AKADEMSKE 2023\/2024. GODINE (Vidi vi\u0161e)<\/span><\/div><div id=\"elementor-tab-content-7921\" class=\"eael-accordion-content clearfix\" data-tab=\"1\" aria-labelledby=\"poetak-nastave-i-rasporedi-predavanja-na-univerzitetu-mb-u-zimskom-semestru-akademske-20232024-godine-vidi-vie\"><p style=\"font-weight: 400\">Nastava u zimskom semestru akademske 2023\/2024. godine za sve studente osnovnih akademskih studija na fakultetima Univerziteta MB po\u010dinje\u00a0<strong>u ponedeljak 02. oktobra 2023. godine.<\/strong><\/p><p style=\"font-weight: 400\">Rasporede\u00a0predavanja\u00a0za sve godine Osnovnih studija (od I do IV) u zimskom semestru mo\u017eete prona\u0107i na slede\u0107im linkovima:<\/p><ul><li style=\"font-weight: 400\">Studijski program Poslovni menad\u017ement\u00a0 &#8211;<a href=\"https:\/\/mbuniverzitet.edu.rs\/wp-content\/uploads\/2023\/10\/Raspored-predavanja_OAS_Poslovni-menadzment_zimski-semestar-2023-2024.pdf\" target=\"_blank\" rel=\"noopener\"><strong> raspored predavanja<\/strong><\/a><\/li><li style=\"font-weight: 400\">Studijski program Poslovna ekonomija\u00a0 &#8211;<a href=\"https:\/\/mbuniverzitet.edu.rs\/wp-content\/uploads\/2023\/10\/Raspored-predavanja_OAS-Poslovna-ekonomija_zimski-semestar_2023-2024.pdf\" target=\"_blank\" rel=\"noopener\"><strong> raspored predavanja<\/strong><\/a><\/li><li style=\"font-weight: 400\">Studijski program Pravo &#8211; <a href=\"https:\/\/mbuniverzitet.edu.rs\/wp-content\/uploads\/2023\/10\/Raspored-predavanja_Pravo_zimski-semestar_2023-2024.pdf\" target=\"_blank\" rel=\"noopener\"><strong>raspored predavanja<\/strong><\/a><\/li><li style=\"font-weight: 400\">Studijski program Informacione tehnologije i sistemi \u00a0&#8211; <a href=\"https:\/\/mbuniverzitet.edu.rs\/wp-content\/uploads\/2023\/10\/Raspored-predavanja_OAS_IT_zimski-semestar-2023-2024.pdf\" target=\"_blank\" rel=\"noopener\"><strong>raspored predavanja<\/strong><\/a><\/li><li style=\"font-weight: 400\">Studijski program Menad\u017ement u bezbednosti &#8211; <a href=\"https:\/\/mbuniverzitet.edu.rs\/wp-content\/uploads\/2023\/10\/Raspored-predavanja_MUB_zimski-semestar_2023-2024.pdf\" target=\"_blank\" rel=\"noopener\"><strong>raspored predavanja<\/strong><\/a><strong>\u00a0 \u00a0 \u00a0 \u00a0 \u00a0 \u00a0 \u00a0<\/strong><\/li><\/ul><p style=\"font-weight: 400\"><strong>\u00a0<\/strong><\/p><p style=\"font-weight: 400\">Nastava na master studijama: 30.10.2023 &#8211; 26.01.2024. godine<\/p><p style=\"font-weight: 400\">Nastava na doktorskim studijama: 30.10.2023 &#8211; 26.01.2024. godine<\/p><p style=\"font-weight: 400\">Nastava u letnjem semestru za sve studije: 19.02.2024 &#8211; 27.05.2024. godine<\/p><p style=\"font-weight: 400\"><strong>\u00a0<\/strong><\/p><p style=\"font-weight: 400\">26.09.2023, BEOGRAD<\/p><\/div>\n\t\t\t\t\t<\/div><\/div>\t\t\t\t<\/div>\n\t\t\t\t<\/div>\n\t\t\t\t<div class=\"elementor-element elementor-element-331fb64 exad-sticky-section-no exad-glass-effect-no elementor-widget elementor-widget-eael-adv-accordion\" data-id=\"331fb64\" data-element_type=\"widget\" data-e-type=\"widget\" data-widget_type=\"eael-adv-accordion.default\">\n\t\t\t\t<div class=\"elementor-widget-container\">\n\t\t\t\t\t            <div class=\"eael-adv-accordion\" id=\"eael-adv-accordion-331fb64\" data-scroll-on-click=\"no\" data-scroll-speed=\"300\" data-accordion-id=\"331fb64\" data-accordion-type=\"accordion\" data-toogle-speed=\"300\">\n            <div class=\"eael-accordion-list\">\n\t\t\t\t\t<div id=\"sveani-prijem-studenata-prve-godine-brucoa-na-univerzitetu-mb-vidi-vie\" class=\"elementor-tab-title eael-accordion-header\" tabindex=\"0\" data-tab=\"1\" aria-controls=\"elementor-tab-content-5361\"><span class=\"eael-accordion-tab-title\">Sve\u010dani prijem studenata prve godine (bruco\u0161a) na Univerzitetu MB (Vidi vi\u0161e)<\/span><\/div><div id=\"elementor-tab-content-5361\" class=\"eael-accordion-content clearfix\" data-tab=\"1\" aria-labelledby=\"sveani-prijem-studenata-prve-godine-brucoa-na-univerzitetu-mb-vidi-vie\"><div>Obave\u0161tavamo Vas da \u0107e se prijem studenata prve godine studija i realizacija prvog nastavnog \u010dasa realizovati dana\u00a0 02.10.2023. godine u 12.00 u prostorijama PPF i AKS u ulici Teodora Drajzera 27 po slede\u0107em:<\/div><div>\u00a0<\/div><div>A) Studenti prava, ekonomije i bezbednosti u Amfiteatru 1. Za prijem su odgovorni: prof. dr Ne\u0111o Danilovi\u0107 i prof. dr \u017divanka Miladinovi\u0107-Bogavac.<\/div><div>\u00a0<\/div><div>B) Studenti Informacionih tehnologija, poslovnog menad\u017ementa i klasi\u010dnog slikarstva u Amfiteatru 2. Za prijem su odgovorni: prof. dr Du\u0161an Regodi\u0107, prof. dr Dragana \u0110uri\u0107 i docent dr Ivana Sokolovski.<\/div><div>\u00a0<\/div><div>Tokom prijema studenti \u0107e biti informisani o: procesu studiranja na studijskim programima, studentskom \u017eivotu na Univerzitetu MB, sme\u0161taju i prevozu u Beogradu.<\/div><\/div>\n\t\t\t\t\t<\/div><\/div>\t\t\t\t<\/div>\n\t\t\t\t<\/div>\n\t\t\t\t<div class=\"elementor-element elementor-element-f365eb1 exad-sticky-section-no exad-glass-effect-no elementor-widget elementor-widget-eael-adv-accordion\" data-id=\"f365eb1\" data-element_type=\"widget\" data-e-type=\"widget\" data-widget_type=\"eael-adv-accordion.default\">\n\t\t\t\t<div class=\"elementor-widget-container\">\n\t\t\t\t\t            <div class=\"eael-adv-accordion\" id=\"eael-adv-accordion-f365eb1\" data-scroll-on-click=\"no\" data-scroll-speed=\"300\" data-accordion-id=\"f365eb1\" data-accordion-type=\"accordion\" data-toogle-speed=\"300\">\n            <div class=\"eael-accordion-list\">\n\t\t\t\t\t<div id=\"informacija-o-poetku-nastavnog-procesa-na-univerzitetu-mb-vidi-vie\" class=\"elementor-tab-title eael-accordion-header\" tabindex=\"0\" data-tab=\"1\" aria-controls=\"elementor-tab-content-2551\"><span class=\"eael-accordion-tab-title\">Informacija o po\u010detku nastavnog procesa na Univerzitetu MB (Vidi vi\u0161e)<\/span><\/div><div id=\"elementor-tab-content-2551\" class=\"eael-accordion-content clearfix\" data-tab=\"1\" aria-labelledby=\"informacija-o-poetku-nastavnog-procesa-na-univerzitetu-mb-vidi-vie\"><p>Nastava u akademskoj 2023\/2024. godini na Poslovnom i pravnom fakultetu (PPF) i Akademiji klasi\u010dnog slikarstva (AKS) Univerziteta MB po\u010dinje u skladu sa godi\u0161njim Kalendarom nastavnih aktivnosti 02.10.2023. godine, a zavr\u0161ava 27.05.2024. godine.<\/p><p>Rezervno vreme za nadoknadu nastave je od 28.05.2024. godine do 01.06.2024. godine. Pre po\u010detka nastavnog procesa dekani fakulteta \u0107e odr\u017eati sednice NNV i NSV, pripremiti sve neophodne saglasnosti o anga\u017eovanju i Odluke o izboru nastavnika i saradnika.<\/p><p>\u00a0<\/p><p><strong>Vidi vi\u0161e:<\/strong><\/p><p><a href=\"https:\/\/mbuniverzitet.edu.rs\/wp-content\/uploads\/2023\/09\/\u0423\u041d\u0418\u0412\u0415\u0420\u0417\u0418\u0422\u0415\u0422-\u041c\u0411-KALENDAR_AKTIVNOSTI-\u0417\u0410-\u0428\u041a\u041e\u041b\u0421\u041a\u0423-2023-2024.pdf\" target=\"_blank\" rel=\"noopener\">Kalendar godi\u0161njih aktivnosti u akademskoj 2023\/2024. godini<\/a><\/p><p><a href=\"https:\/\/mbuniverzitet.edu.rs\/wp-content\/uploads\/2023\/09\/\u041e\u0434\u043b\u0443\u043a\u0430-\u0421\u0430\u0432\u0435\u0442\u0430-\u0423\u043d\u0438\u0432\u0435\u0440\u0437\u0438\u0442\u0435\u0442\u0430-\u041c\u0411-\u041d\u0430\u0441\u0442\u0430\u0432\u043d\u0438-\u043f\u0440\u043e\u0446\u0435\u0441-\u0443-2023-2024.\u0433\u043e\u0434\u0438\u043d\u0438.pdf\" target=\"_blank\" rel=\"noopener\">Odluka Saveta univerziteta MB u akademskoj 2023\/2024. godini<\/a><\/p><div>\u00a0<\/div><div><b>Savet Univerziteta MB<\/b><\/div><\/div>\n\t\t\t\t\t<\/div><\/div>\t\t\t\t<\/div>\n\t\t\t\t<\/div>\n\t\t\t\t<div class=\"elementor-element elementor-element-56da332 exad-sticky-section-no exad-glass-effect-no elementor-widget elementor-widget-eael-adv-accordion\" data-id=\"56da332\" data-element_type=\"widget\" data-e-type=\"widget\" data-widget_type=\"eael-adv-accordion.default\">\n\t\t\t\t<div class=\"elementor-widget-container\">\n\t\t\t\t\t            <div class=\"eael-adv-accordion\" id=\"eael-adv-accordion-56da332\" data-scroll-on-click=\"no\" data-scroll-speed=\"300\" data-accordion-id=\"56da332\" data-accordion-type=\"accordion\" data-toogle-speed=\"300\">\n            <div class=\"eael-accordion-list\">\n\t\t\t\t\t<div id=\"akreditacija-studijskih-programa-na-osnovnim-i-master-akademskim-studijama-klasino-slikarstvo-na-univerzitetu-mb-akademija-klasinog-slikarstva-vidi-vie\" class=\"elementor-tab-title eael-accordion-header\" tabindex=\"0\" data-tab=\"1\" aria-controls=\"elementor-tab-content-9101\"><span class=\"eael-accordion-tab-title\">Akreditacija studijskih programa na Osnovnim i Master akademskim studijama Klasi\u010dno slikarstvo na Univerzitetu MB, Akademija klasi\u010dnog slikarstva. (Vidi vi\u0161e)<\/span><\/div><div id=\"elementor-tab-content-9101\" class=\"eael-accordion-content clearfix\" data-tab=\"1\" aria-labelledby=\"akreditacija-studijskih-programa-na-osnovnim-i-master-akademskim-studijama-klasino-slikarstvo-na-univerzitetu-mb-akademija-klasinog-slikarstva-vidi-vie\"><div>Dana 25.07.2023. godine odr\u017eana je\u00a0 49. Sednica Komisije za akreditaciju i proveru kvaliteta na kojoj je donesena odluka o ponovnoj akreditaciji:<\/div><div><ol><li>OAS Klasi\u010dno slikarstvo<\/li><li>MAS Klasi\u010dno slikarstvo<\/li><\/ol><\/div><div>Standardi, sadr\u017eaj, samovrednovanje, kvalitet i na\u010din realizacije oba studijska programa su ocenjeni sa odli\u010dnom ocenom.<\/div><div>\u00a0<\/div><div>Sadr\u017eaj, ciljevi i kvalifikacije navedenih studijskih programa se mogu videti na:<\/div><div><a href=\"https:\/\/mbuniverzitet.edu.rs\/klasicno-slikarstvo-3\/\" target=\"_blank\" rel=\"noopener\">https:\/\/mbuniverzitet.edu.rs\/klasicno-slikarstvo-3\/<\/a>\u00a0i\u00a0\u00a0<\/div><div>\u00a0<\/div><div><a href=\"https:\/\/mbuniverzitet.edu.rs\/wp-content\/uploads\/2023\/07\/MAS-KS-Rasspored-predmeta-po-semestrima.pdf\" target=\"_blank\" rel=\"noopener\">https:\/\/mbuniverzitet.edu.rs\/wp-content\/uploads\/2023\/07\/MAS-KS-Rasspored-predmeta-po-semestrima.pdf<\/a>.<\/div><div>Akreditacija je za period od narednih sedam godina. Informacija o akreditaciji se mo\u017ee videti na: <a href=\"https:\/\/www.nat.rs\/2023\/07\/26\/odrzana-49-sednica-kapk\/\" target=\"_blank\" rel=\"noopener\">https:\/\/www.nat.rs\/2023\/07\/26\/odrzana-49-sednica-kapk\/<\/a><\/div><\/div>\n\t\t\t\t\t<\/div><\/div>\t\t\t\t<\/div>\n\t\t\t\t<\/div>\n\t\t\t\t<div class=\"elementor-element elementor-element-b3e8222 exad-sticky-section-no exad-glass-effect-no elementor-widget elementor-widget-eael-adv-accordion\" data-id=\"b3e8222\" data-element_type=\"widget\" data-e-type=\"widget\" data-widget_type=\"eael-adv-accordion.default\">\n\t\t\t\t<div class=\"elementor-widget-container\">\n\t\t\t\t\t            <div class=\"eael-adv-accordion\" id=\"eael-adv-accordion-b3e8222\" data-scroll-on-click=\"no\" data-scroll-speed=\"300\" data-accordion-id=\"b3e8222\" data-accordion-type=\"accordion\" data-toogle-speed=\"300\">\n            <div class=\"eael-accordion-list\">\n\t\t\t\t\t<div id=\"univerzitet-mb-poslovni-i-pravni-fakultet-je-akreditovao-novi-studijski-program-menadment-u-bezbednosti-vidi-vie\" class=\"elementor-tab-title eael-accordion-header\" tabindex=\"0\" data-tab=\"1\" aria-controls=\"elementor-tab-content-1881\"><span class=\"eael-accordion-tab-title\">Univerzitet MB, Poslovni i pravni fakultet je akreditovao novi studijski program Menad\u017ement u bezbednosti. (Vidi vi\u0161e)<\/span><\/div><div id=\"elementor-tab-content-1881\" class=\"eael-accordion-content clearfix\" data-tab=\"1\" aria-labelledby=\"univerzitet-mb-poslovni-i-pravni-fakultet-je-akreditovao-novi-studijski-program-menadment-u-bezbednosti-vidi-vie\"><div>Proces akreditacije i provere kvaliteta novog studijskog programa Menad\u017ement u bezbednosti je pro\u0161ao kroz slede\u0107e faze:\u00a0<\/div><div><ol><li>Izrada Standarda sa svim prilozima u skladu sa Pravilnikom o standardima i postupku za akreditaciju studijskog programa;<\/li><li>Samovrednovanje i izrada izve\u0161taja o samovrednovanju;<\/li><li>Poseta recenzentske komisije Univerzitetu MB;<\/li><li>Izrada izve\u0161taja recenzentske komisije i njegovo usvajanje od strane Komisije za akreditaciju i proveru kvaliteta.<\/li><\/ol><div>Komisija za akreditaciju i proveru kvaliteta je ocenila sa odli\u010dnom ocenom sadr\u017eaj studijskog programa i dostavljene standarde. Nacionalno akreditaciono telo je izdalo uverenje o akreditaciji studijskog programa <b><a href=\"https:\/\/mbuniverzitet.edu.rs\/menadzment-u-bezbednosti-od-skolske-2023-2024-godine\/\" target=\"_blank\" rel=\"noopener\">Menad\u017ement u bezbednosti.<\/a><\/b><\/div><div>Sadr\u017eaj, ciljevi studijskog programa i kvalifikacije koje se dobijaju posle zavr\u0161etka studijskog programa su dati na sajtu Univerziteta MB i Poslovnog pravnog fakulteta &#8211; deo koji se odnosi na studije.<\/div><\/div><div>\u00a0<\/div><div><a href=\"https:\/\/mbuniverzitet.edu.rs\/wp-content\/uploads\/2023\/10\/Akreditacija-OAS-Bezbednost.pdf\" target=\"_blank\" rel=\"noopener\">Uverenje o akreditaciji studijskog programa OAS MENAD\u017dMENT U BEZBEDNOSTI<\/a><\/div><\/div>\n\t\t\t\t\t<\/div><\/div>\t\t\t\t<\/div>\n\t\t\t\t<\/div>\n\t\t\t\t<div class=\"elementor-element elementor-element-ce136c5 exad-sticky-section-no exad-glass-effect-no elementor-widget elementor-widget-eael-adv-accordion\" data-id=\"ce136c5\" data-element_type=\"widget\" data-e-type=\"widget\" data-widget_type=\"eael-adv-accordion.default\">\n\t\t\t\t<div class=\"elementor-widget-container\">\n\t\t\t\t\t            <div class=\"eael-adv-accordion\" id=\"eael-adv-accordion-ce136c5\" data-scroll-on-click=\"no\" data-scroll-speed=\"300\" data-accordion-id=\"ce136c5\" data-accordion-type=\"accordion\" data-toogle-speed=\"300\">\n            <div class=\"eael-accordion-list\">\n\t\t\t\t\t<div id=\"akreditacija-novog-studijskog-programa-osnovnih-akademskih-studija-menadment-u-bezbednosti-na-univerzitetu-mb-poslovni-i-pravni-fakultet-beograd-vidi-vie\" class=\"elementor-tab-title eael-accordion-header\" tabindex=\"0\" data-tab=\"1\" aria-controls=\"elementor-tab-content-2161\"><span class=\"eael-accordion-tab-title\">Akreditacija novog studijskog programa Osnovnih akademskih studija Menad\u017ement u bezbednosti na Univerzitetu MB, Poslovni i pravni fakultet Beograd. (Vidi Vi\u0161e)<\/span><\/div><div id=\"elementor-tab-content-2161\" class=\"eael-accordion-content clearfix\" data-tab=\"1\" aria-labelledby=\"akreditacija-novog-studijskog-programa-osnovnih-akademskih-studija-menadment-u-bezbednosti-na-univerzitetu-mb-poslovni-i-pravni-fakultet-beograd-vidi-vie\"><p>Dana 11.07.2023. godine Recezentska komisija Nacionalnog akreditacionog tela za akreditaciju i obezbe\u0111enje kvaliteta u Visokom obrazovanju u sastavu:<\/p><p>&#8211; Miju\u0161kovi\u0107, M. Veljko, nastavnik<br \/>&#8211; Demko-Rihter, S. Jelena, nastavnik<br \/>&#8211; \u0160kori\u0107, D. Sanja, nastavnik<br \/>&#8211; Vasiljevi\u0107, Milorad, stru\u010dnjak iz prakse<br \/>&#8211; Spasojevi\u0107, Jelena, student<\/p><p>je posle pregleda radnog materijala obavila razgovor sa predstavnicima Univerziteta &#8222;MB&#8220; Beograd, Poslovni i pravni fakultet.<\/p><p>\u00a0<\/p><p><a href=\"https:\/\/mbuniverzitet.edu.rs\/wp-content\/uploads\/2023\/07\/Akreditacija_MUB_3.jpg\"><img loading=\"lazy\" decoding=\"async\" class=\"aligncenter size-medium wp-image-15158\" src=\"https:\/\/mbuniverzitet.edu.rs\/wp-content\/uploads\/2023\/07\/Akreditacija_MUB_3-300x249.jpg\" alt=\"\" width=\"300\" height=\"249\" srcset=\"https:\/\/mbuniverzitet.edu.rs\/wp-content\/uploads\/2023\/07\/Akreditacija_MUB_3-300x249.jpg 300w, https:\/\/mbuniverzitet.edu.rs\/wp-content\/uploads\/2023\/07\/Akreditacija_MUB_3-768x636.jpg 768w, https:\/\/mbuniverzitet.edu.rs\/wp-content\/uploads\/2023\/07\/Akreditacija_MUB_3-14x12.jpg 14w, https:\/\/mbuniverzitet.edu.rs\/wp-content\/uploads\/2023\/07\/Akreditacija_MUB_3.jpg 800w\" sizes=\"(max-width: 300px) 100vw, 300px\" \/><\/a><\/p><p>\u00a0<\/p><p>Prema pravilima NAT-a, ve\u0107ina \u010dlanova se u razgovore uklju\u010dila putem video konferencijske platforme ZOOM.<\/p><p>\u00a0<\/p><p><a href=\"https:\/\/mbuniverzitet.edu.rs\/wp-content\/uploads\/2023\/07\/Akreditacija_MUB_1.jpg\"><img loading=\"lazy\" decoding=\"async\" class=\"aligncenter size-medium wp-image-15156\" src=\"https:\/\/mbuniverzitet.edu.rs\/wp-content\/uploads\/2023\/07\/Akreditacija_MUB_1-300x227.jpg\" alt=\"\" width=\"300\" height=\"227\" srcset=\"https:\/\/mbuniverzitet.edu.rs\/wp-content\/uploads\/2023\/07\/Akreditacija_MUB_1-300x227.jpg 300w, https:\/\/mbuniverzitet.edu.rs\/wp-content\/uploads\/2023\/07\/Akreditacija_MUB_1-768x582.jpg 768w, https:\/\/mbuniverzitet.edu.rs\/wp-content\/uploads\/2023\/07\/Akreditacija_MUB_1-16x12.jpg 16w, https:\/\/mbuniverzitet.edu.rs\/wp-content\/uploads\/2023\/07\/Akreditacija_MUB_1.jpg 800w\" sizes=\"(max-width: 300px) 100vw, 300px\" \/><\/a><\/p><p>\u00a0<\/p><p>Radni tim u Univerziteta MB, Poslovni i pravni fakultet je bio u sastavu:<\/p><p>&#8211; prof. dr Du\u0161an Regodi\u0107, Predsednik Saveta Univerziteta MB;<\/p><p>&#8211; prof. dr \u017divanka\u00a0 Miladinovi\u0107-Bogavac &#8211;\u00a0 prorektor za nastavu na Univerzitetu MB;<\/p><p>&#8211; prof. dr Ne\u0111o Danilovi\u0107 &#8211; prorektor za Nauku NID i razvoj na Univerzitetu MB;<\/p><p>&#8211; prof. dr Marija Kosti\u0107 &#8211;\u00a0 prorektor za kvalitet i me\u0111unarodnu saradnju na Univerzitetu MB;<\/p><p>&#8211; prof. dr Dragana Lazi\u0107 &#8211; prodekan za nastavu na Univerzitetu MB, Poslovni i pravni fakultet;<\/p><p>&#8211; MSc Dijana Cvijetinovi\u0107 &#8211; predsednik studentskog parlameta na Poslovnom i pravnom fakultetu Univerziteta MB;<\/p><p>&#8211; Msc Gojko Vlaisavljevi\u0107 &#8211;\u00a0 predstavnik privrede iz Po\u0161tanske \u0161tedionice;<\/p><p>&#8211; Dr Goran Babi\u0107 &#8211; predstavnik Alumni udru\u017eenja na Univerzitetu MB;<\/p><p>&#8211; Msc Dragan Stankovi\u0107 &#8211; Informati\u010dka podr\u0161ka radu Univerziteta MB;<\/p><p>&#8211; Msc Aleksandar Mati\u0107 &#8211; Sekretar Univerziteta MB.<\/p><p>\u00a0<\/p><p><a href=\"https:\/\/mbuniverzitet.edu.rs\/wp-content\/uploads\/2023\/07\/Akreditacija_MUB_4.jpg\"><img loading=\"lazy\" decoding=\"async\" class=\"aligncenter size-medium wp-image-15159\" src=\"https:\/\/mbuniverzitet.edu.rs\/wp-content\/uploads\/2023\/07\/Akreditacija_MUB_4-300x263.jpg\" alt=\"\" width=\"300\" height=\"263\" srcset=\"https:\/\/mbuniverzitet.edu.rs\/wp-content\/uploads\/2023\/07\/Akreditacija_MUB_4-300x263.jpg 300w, https:\/\/mbuniverzitet.edu.rs\/wp-content\/uploads\/2023\/07\/Akreditacija_MUB_4-768x672.jpg 768w, https:\/\/mbuniverzitet.edu.rs\/wp-content\/uploads\/2023\/07\/Akreditacija_MUB_4-14x12.jpg 14w, https:\/\/mbuniverzitet.edu.rs\/wp-content\/uploads\/2023\/07\/Akreditacija_MUB_4.jpg 800w\" sizes=\"(max-width: 300px) 100vw, 300px\" \/><\/a><\/p><p>\u00a0<\/p><p>Razgovor je protekao u radnoj i srda\u010dnoj atmosfiri uz isticanju potreba Republike Srbije za razvojem novog studijskog programa iz Dru\u0161tveno humanisti\u010dkog polja u oblasti Nauka o bezbednosti.<\/p><p>\u00a0<\/p><p><a href=\"https:\/\/mbuniverzitet.edu.rs\/wp-content\/uploads\/2023\/07\/Akreditacija_MUB_2.jpg\"><img loading=\"lazy\" decoding=\"async\" class=\"aligncenter size-medium wp-image-15157\" src=\"https:\/\/mbuniverzitet.edu.rs\/wp-content\/uploads\/2023\/07\/Akreditacija_MUB_2-226x300.jpg\" alt=\"\" width=\"226\" height=\"300\" srcset=\"https:\/\/mbuniverzitet.edu.rs\/wp-content\/uploads\/2023\/07\/Akreditacija_MUB_2-226x300.jpg 226w, https:\/\/mbuniverzitet.edu.rs\/wp-content\/uploads\/2023\/07\/Akreditacija_MUB_2-771x1024.jpg 771w, https:\/\/mbuniverzitet.edu.rs\/wp-content\/uploads\/2023\/07\/Akreditacija_MUB_2-768x1020.jpg 768w, https:\/\/mbuniverzitet.edu.rs\/wp-content\/uploads\/2023\/07\/Akreditacija_MUB_2-9x12.jpg 9w, https:\/\/mbuniverzitet.edu.rs\/wp-content\/uploads\/2023\/07\/Akreditacija_MUB_2.jpg 800w\" sizes=\"(max-width: 226px) 100vw, 226px\" \/><\/a><\/p><p>\u00a0<\/p><p>Recezentska komisija naglasila zna\u0107aj kvaliteta, savremenost i me\u0111unarodna usagla\u0161enost studijskog programa\u00a0OAS Menad\u017ement u bezbedosti u odnosu na postavljene kriterijume:\u00a0Celovitost i sveobuhvatnost studijskog programa i mogu\u0107nosti sticanja najnovijih stru\u010dnih saznanja; usagla\u0161enost programa sa drugim programima na\u00a0Univerzitetu MB, Poslovni i pravni fakultet i\u00a0uskla\u0111enost programa sa najmanje tri akreditovana programa inostrane visoko\u0161kolske ustanove, od kojih su najmanje dva iz visoko\u0161kolskih ustanova evropskog obrazovnog prostora.<\/p><p>\u00a0<\/p><p><a href=\"https:\/\/mbuniverzitet.edu.rs\/wp-content\/uploads\/2023\/07\/Akreditacija_MUB_6.jpg\"><img loading=\"lazy\" decoding=\"async\" class=\"aligncenter size-medium wp-image-15154\" src=\"https:\/\/mbuniverzitet.edu.rs\/wp-content\/uploads\/2023\/07\/Akreditacija_MUB_6-269x300.jpg\" alt=\"\" width=\"269\" height=\"300\" srcset=\"https:\/\/mbuniverzitet.edu.rs\/wp-content\/uploads\/2023\/07\/Akreditacija_MUB_6-269x300.jpg 269w, https:\/\/mbuniverzitet.edu.rs\/wp-content\/uploads\/2023\/07\/Akreditacija_MUB_6-768x855.jpg 768w, https:\/\/mbuniverzitet.edu.rs\/wp-content\/uploads\/2023\/07\/Akreditacija_MUB_6-11x12.jpg 11w, https:\/\/mbuniverzitet.edu.rs\/wp-content\/uploads\/2023\/07\/Akreditacija_MUB_6.jpg 800w\" sizes=\"(max-width: 269px) 100vw, 269px\" \/><\/a><\/p><p>\u00a0<\/p><p>Radni tim je izlo\u017eio Studiju izvodljivosti navedenog studijskog programa i strate\u0161ke ciljeve budu\u0107eg razvoja Univerziteta MB, Poslovni pravni fakultet.<\/p><p>\u00a0<\/p><p><a href=\"https:\/\/mbuniverzitet.edu.rs\/wp-content\/uploads\/2023\/07\/Akreditacija_MUB_5.jpg\"><img loading=\"lazy\" decoding=\"async\" class=\"aligncenter size-medium wp-image-15153\" src=\"https:\/\/mbuniverzitet.edu.rs\/wp-content\/uploads\/2023\/07\/Akreditacija_MUB_5-226x300.jpg\" alt=\"\" width=\"226\" height=\"300\" srcset=\"https:\/\/mbuniverzitet.edu.rs\/wp-content\/uploads\/2023\/07\/Akreditacija_MUB_5-226x300.jpg 226w, https:\/\/mbuniverzitet.edu.rs\/wp-content\/uploads\/2023\/07\/Akreditacija_MUB_5-771x1024.jpg 771w, https:\/\/mbuniverzitet.edu.rs\/wp-content\/uploads\/2023\/07\/Akreditacija_MUB_5-768x1020.jpg 768w, https:\/\/mbuniverzitet.edu.rs\/wp-content\/uploads\/2023\/07\/Akreditacija_MUB_5-9x12.jpg 9w, https:\/\/mbuniverzitet.edu.rs\/wp-content\/uploads\/2023\/07\/Akreditacija_MUB_5.jpg 800w\" sizes=\"(max-width: 226px) 100vw, 226px\" \/><\/a><\/p><p>\u00a0<\/p><p>Posebno su \u010dlanovi radnog tima odgovorili predstavnicima Recezentske komisije na sva postavljena pitanja po svim standardima akreditacionog materijala.<\/p><\/div>\n\t\t\t\t\t<\/div><\/div>\t\t\t\t<\/div>\n\t\t\t\t<\/div>\n\t\t\t\t<div class=\"elementor-element elementor-element-e7d6573 exad-sticky-section-no exad-glass-effect-no elementor-widget elementor-widget-eael-adv-accordion\" data-id=\"e7d6573\" data-element_type=\"widget\" data-e-type=\"widget\" data-widget_type=\"eael-adv-accordion.default\">\n\t\t\t\t<div class=\"elementor-widget-container\">\n\t\t\t\t\t            <div class=\"eael-adv-accordion\" id=\"eael-adv-accordion-e7d6573\" data-scroll-on-click=\"no\" data-scroll-speed=\"300\" data-accordion-id=\"e7d6573\" data-accordion-type=\"accordion\" data-toogle-speed=\"300\">\n            <div class=\"eael-accordion-list\">\n\t\t\t\t\t<div id=\"dana-28062023-godine-u-mladenovcu-kralja-petra-i-broj-372-u-1000-asova-na-univerzitetu-mb-poslovni-i-pravni-pravni-fakultet-organizovana-je-sveana-dodela-diploma-povodom-zavretka-kolovanja-osnovnih-i-master-akademskih-studija-studenata-na-studijskim-programima-poslovni-menadment-pravo-ekonomija-i-informacione-tehnologije-vidi-vie\" class=\"elementor-tab-title eael-accordion-header\" tabindex=\"0\" data-tab=\"1\" aria-controls=\"elementor-tab-content-2431\"><span class=\"eael-accordion-tab-title\">Dana 28.06.2023. godine u Mladenovcu, Kralja Petra I, broj 372 u 10:00 \u010dasova na Univerzitetu MB Poslovni i pravni pravni fakultet, organizovana je sve\u010dana dodela diploma povodom zavr\u0161etka \u0161kolovanja Osnovnih i Master akademskih studija studenata na studijskim programima Poslovni menad\u017ement, Pravo, Ekonomija i Informacione tehnologije. (Vidi vi\u0161e)<\/span><\/div><div id=\"elementor-tab-content-2431\" class=\"eael-accordion-content clearfix\" data-tab=\"1\" aria-labelledby=\"dana-28062023-godine-u-mladenovcu-kralja-petra-i-broj-372-u-1000-asova-na-univerzitetu-mb-poslovni-i-pravni-pravni-fakultet-organizovana-je-sveana-dodela-diploma-povodom-zavretka-kolovanja-osnovnih-i-master-akademskih-studija-studenata-na-studijskim-programima-poslovni-menadment-pravo-ekonomija-i-informacione-tehnologije-vidi-vie\"><p>U predivnom prirodnom ambijentu prostora Univerziteta MB odr\u017eano je 21. sve\u010dano uru\u010denje diploma, sednica kolektiva, ru\u010dak i dru\u017eenje kolektiva. Pored prisutnih profesora, saradnika u nastavi, administracije, studenata, roditelja i brojne rodbine studenata sve\u010danosti i sve\u010danom ru\u010dku su prisustvovali predstavnici drugih univerziteta iz Republike Srbije i C. Gore, prijatelji i poslovni partneri Univerziteta MB i predstavnici medija.<\/p><p>\u00a0<\/p><p><br \/>Vlasnici Univerziteta MB prof. dr Milija Bogavac i prof. dr \u017divanka Miladinovi\u0107-Bogavac su se kao i nebrojeno puta do sada pokazala odli\u010dnim doma\u0107inima, velikog srca i ose\u0107aja za ljude oko sebe, spremnih da uvek i rado do\u010dekaju i ugoste svoju rodbinu, stalno zaposlene, studente i brojne dobronamerne prijatelje.<\/p><p>\u00a0<\/p><p><br \/>Restoran Veranda je i ovog puta potvrdio epitet lidera u regionu po pitanju pripreme dobre i raznovrsne hrane. Sve\u010danost su ponovo ukrasili a dru\u017eenje u\u010dinili bogatijim najbolji estradni umetnici iz na\u0161e zemlje Nedeljko Bilki\u0107, Bo\u017ea Markovi\u0107, Halid Muslimovi\u0107, Sre\u0107ko \u0160u\u0161i\u0107, Neboj\u0161a Lutovac, Milan Topalovi\u0107, Ivan Milinkovi\u0107, Milomir Miljan Miljani\u0107, Boban Petrovi\u0107 sa orkestrom i drugi. \u00a0<\/p><p>\u00a0<\/p><p><br \/>Menad\u017ement\u00a0 i stalno zaposleni na Univerzitetu MB se pridru\u017euju iskrenim \u010destitkama diplomiranim studentima sa \u017eeljom da svojim znanjima budu konkurentni na tr\u017ei\u0161tu znanja u zemlji i svetu, da budu odli\u010dni dipomirani pravnici, in\u017eenjeri, ekonomisti i menad\u017eeri, dostojno prezentuju Univerzitet MB tokom radnog veka, formiraju porodice i budu korisni \u010dlanovi na\u0161eg dru\u0161tva.<\/p><p>\u00a0<\/p><p><br \/>Menad\u017ement Univerziteta MB<\/p><\/div>\n\t\t\t\t\t<\/div><\/div>\t\t\t\t<\/div>\n\t\t\t\t<\/div>\n\t\t\t\t<div class=\"elementor-element elementor-element-9808236 exad-sticky-section-no exad-glass-effect-no elementor-widget elementor-widget-eael-adv-accordion\" data-id=\"9808236\" data-element_type=\"widget\" data-e-type=\"widget\" data-widget_type=\"eael-adv-accordion.default\">\n\t\t\t\t<div class=\"elementor-widget-container\">\n\t\t\t\t\t            <div class=\"eael-adv-accordion\" id=\"eael-adv-accordion-9808236\" data-scroll-on-click=\"no\" data-scroll-speed=\"300\" data-accordion-id=\"9808236\" data-accordion-type=\"accordion\" data-toogle-speed=\"300\">\n            <div class=\"eael-accordion-list\">\n\t\t\t\t\t<div id=\"dana-14062023-godine-otvorena-je-javna-godinja-izloba-studentskih-radova-studenata-svih-godina-na-univerzitetu-mb-akademija-klasinog-slikarstva-vidi-vie\" class=\"elementor-tab-title eael-accordion-header\" tabindex=\"0\" data-tab=\"1\" aria-controls=\"elementor-tab-content-1591\"><span class=\"eael-accordion-tab-title\">Dana 14.06.2023. godine otvorena je Javna godi\u0161nja  izlo\u017eba studentskih radova studenata svih godina na Univerzitetu MB - Akademija klasi\u010dnog slikarstva. (Vidi vi\u0161e)<\/span><\/div><div id=\"elementor-tab-content-1591\" class=\"eael-accordion-content clearfix\" data-tab=\"1\" aria-labelledby=\"dana-14062023-godine-otvorena-je-javna-godinja-izloba-studentskih-radova-studenata-svih-godina-na-univerzitetu-mb-akademija-klasinog-slikarstva-vidi-vie\"><div>U sklopu realizacije redovne nastave na studijskom programu OAS Klasi\u010dno slikarstvo otvorena je Javna godi\u0161nja izlo\u017eba studentskih radova. Na otvaranju izlo\u017ebe prigodan govor su imali profesor dr Du\u0161an Regodi\u0107, dipl. in\u017e., ispred Univerziteta MB i docenti doktor\u00a0 Ivana Sokolovski i master Milan Ne\u0161i\u0107.<\/div><div>\u00a0<\/div><div>Otvaranju izlo\u017ebe pored svih zaposlenih profesora prisustvovali su i gosti kao i \u010dlanovi porodica na\u0161ih studenata.<\/div><div>\u00a0<\/div><div><style id=\"bwg-style-7\">    #bwg_container1_7 #bwg_container2_7 .bwg-container-7.bwg-standard-thumbnails {      width: 1254px;              justify-content: center;        margin:0 auto !important;              background-color: rgba(255, 255, 255, 0.00);            padding-left: 4px;      padding-top: 4px;      max-width: 100%;            }        #bwg_container1_7 #bwg_container2_7 .bwg-container-7.bwg-standard-thumbnails .bwg-item {    justify-content: flex-start;      max-width: 250px;          }    #bwg_container1_7 #bwg_container2_7 .bwg-container-7.bwg-standard-thumbnails .bwg-item a {       margin-right: 4px;       margin-bottom: 4px;    }    #bwg_container1_7 #bwg_container2_7 .bwg-container-7.bwg-standard-thumbnails .bwg-item0 {      padding: 0px;            background-color:rgba(0,0,0, 0.30);      border: 0px none #CCCCCC;      opacity: 1.00;      border-radius: 0;      box-shadow: ;    }    #bwg_container1_7 #bwg_container2_7 .bwg-container-7.bwg-standard-thumbnails .bwg-item1 img {      max-height: none;      max-width: none;      padding: 0 !important;    }         @media only screen and (min-width: 480px) {\t\t#bwg_container1_7 #bwg_container2_7 .bwg-container-7.bwg-standard-thumbnails .bwg-item1 img {\t\t\t-webkit-transition: all .3s; transition: all .3s;\t\t}\t\t#bwg_container1_7 #bwg_container2_7 .bwg-container-7.bwg-standard-thumbnails .bwg-item1 img:hover {\t\t\t-ms-transform: scale(1.08);\t\t\t-webkit-transform: scale(1.08);\t\t\ttransform: scale(1.08);\t\t}\t\t\t\t.bwg-standard-thumbnails .bwg-zoom-effect .bwg-zoom-effect-overlay {\t\t\t\t\t\tbackground-color:rgba(0,0,0, 0.3);\t\t}\t\t.bwg-standard-thumbnails .bwg-zoom-effect:hover img {\t\t\t-ms-transform: scale(1.08);\t\t\t-webkit-transform: scale(1.08);\t\t\ttransform: scale(1.08);\t\t}\t\t      }\t    #bwg_container1_7 #bwg_container2_7 .bwg-container-7.bwg-standard-thumbnails .bwg-item1 {      padding-top: 56%;    }        #bwg_container1_7 #bwg_container2_7 .bwg-container-7.bwg-standard-thumbnails .bwg-title1 {      position: absolute;      top: 0;      z-index: 100;      width: 100%;      height: 100%;      display: flex;      justify-content: center;      align-content: center;      flex-direction: column;      opacity: 0;    }\t      #bwg_container1_7 #bwg_container2_7 .bwg-container-7.bwg-standard-thumbnails .bwg-title2,    #bwg_container1_7 #bwg_container2_7 .bwg-container-7.bwg-standard-thumbnails .bwg-ecommerce2 {      color: #FFFFFF;      font-family: Ubuntu;      font-size: 16px;      font-weight: bold;      padding: 2px;      text-shadow: ;      max-height: 100%;    }    #bwg_container1_7 #bwg_container2_7 .bwg-container-7.bwg-standard-thumbnails .bwg-thumb-description span {    color: #323A45;    font-family: Ubuntu;    font-size: 12px;    max-height: 100%;    word-wrap: break-word;    }    #bwg_container1_7 #bwg_container2_7 .bwg-container-7.bwg-standard-thumbnails .bwg-play-icon2 {      font-size: 32px;    }    #bwg_container1_7 #bwg_container2_7 .bwg-container-7.bwg-standard-thumbnails .bwg-ecommerce2 {      font-size: 19.2px;      color: #323A45;    }    <\/style>    <div id=\"bwg_container1_7\"         class=\"bwg_container bwg_thumbnail bwg_thumbnails \"         data-right-click-protection=\"0\"         data-bwg=\"7\"         data-scroll=\"0\"         data-gallery-type=\"thumbnails\"         data-gallery-view-type=\"thumbnails\"         data-current-url=\"\/arhiva-vesti\/\"         data-lightbox-url=\"https:\/\/mbuniverzitet.edu.rs\/wp-admin\/admin-ajax.php?action=GalleryBox&#038;current_view=7&#038;gallery_id=2&#038;tag=0&#038;theme_id=1&#038;shortcode_id=4&#038;sort_by=order&#038;order_by=asc&#038;current_url=%2Farhiva-vesti%2F\"         data-gallery-id=\"2\"         data-popup-width=\"800\"         data-popup-height=\"500\"         data-is-album=\"gallery\"         data-buttons-position=\"bottom\">      <div id=\"bwg_container2_7\">             <div id=\"ajax_loading_7\" class=\"bwg_loading_div_1\">      <div class=\"bwg_loading_div_2\">        <div class=\"bwg_loading_div_3\">          <div id=\"loading_div_7\" class=\"bwg_spider_ajax_loading\">          <\/div>        <\/div>      <\/div>    <\/div>            <form id=\"gal_front_form_7\"              class=\"bwg-hidden\"              method=\"post\"              action=\"#\"              data-current=\"7\"              data-shortcode-id=\"4\"              data-gallery-type=\"thumbnails\"              data-gallery-id=\"2\"              data-tag=\"0\"              data-album-id=\"0\"              data-theme-id=\"1\"              data-ajax-url=\"https:\/\/mbuniverzitet.edu.rs\/wp-admin\/admin-ajax.php?action=bwg_frontend_data\">          <div id=\"bwg_container3_7\" class=\"bwg-background bwg-background-7\">                <div data-max-count=\"5\"         data-thumbnail-width=\"250\"         data-bwg=\"7\"         data-gallery-id=\"2\"         data-lightbox-url=\"https:\/\/mbuniverzitet.edu.rs\/wp-admin\/admin-ajax.php?action=GalleryBox&amp;current_view=7&amp;gallery_id=2&amp;tag=0&amp;theme_id=1&amp;shortcode_id=4&amp;sort_by=order&amp;order_by=asc&amp;current_url=%2Farhiva-vesti%2F\"         id=\"bwg_thumbnails_7\"         class=\"bwg-container-7 bwg-thumbnails bwg-standard-thumbnails bwg-container bwg-border-box\">            <div class=\"bwg-item\">        <a class=\"bwg-a  bwg_lightbox\"  data-image-id=\"12\" href=\"https:\/\/mbuniverzitet.edu.rs\/wp-content\/uploads\/photo-gallery\/1.jpg?bwg=1686995857\" data-elementor-open-lightbox=\"no\">                <div class=\"bwg-item0 \">          <div class=\"bwg-item1 bwg-zoom-effect\">            <div class=\"bwg-item2\">              <img decoding=\"async\" class=\"skip-lazy bwg_standart_thumb_img_7 \"                   data-id=\"12\"                   data-width=\"500.00\"                   data-height=\"375.00\"                   data-src=\"https:\/\/mbuniverzitet.edu.rs\/wp-content\/uploads\/photo-gallery\/thumb\/1.jpg?bwg=1686995857\"                   src=\"https:\/\/mbuniverzitet.edu.rs\/wp-content\/uploads\/photo-gallery\/thumb\/1.jpg?bwg=1686995857\"                   alt=\"\"                   title=\"\" \/>            <\/div>            <div class=\"bwg-zoom-effect-overlay\">              <div class=\"bwg-title1\"><div class=\"bwg-title2\">&nbsp;<\/div><\/div>                                        <\/div>          <\/div>        <\/div>                        <\/a>              <\/div>            <div class=\"bwg-item\">        <a class=\"bwg-a  bwg_lightbox\"  data-image-id=\"16\" href=\"https:\/\/mbuniverzitet.edu.rs\/wp-content\/uploads\/photo-gallery\/2.jpg?bwg=1686995857\" data-elementor-open-lightbox=\"no\">                <div class=\"bwg-item0 \">          <div class=\"bwg-item1 bwg-zoom-effect\">            <div class=\"bwg-item2\">              <img decoding=\"async\" class=\"skip-lazy bwg_standart_thumb_img_7 \"                   data-id=\"16\"                   data-width=\"500.00\"                   data-height=\"375.00\"                   data-src=\"https:\/\/mbuniverzitet.edu.rs\/wp-content\/uploads\/photo-gallery\/thumb\/2.jpg?bwg=1686995857\"                   src=\"https:\/\/mbuniverzitet.edu.rs\/wp-content\/uploads\/photo-gallery\/thumb\/2.jpg?bwg=1686995857\"                   alt=\"\"                   title=\"\" \/>            <\/div>            <div class=\"bwg-zoom-effect-overlay\">              <div class=\"bwg-title1\"><div class=\"bwg-title2\">&nbsp;<\/div><\/div>                                        <\/div>          <\/div>        <\/div>                        <\/a>              <\/div>            <div class=\"bwg-item\">        <a class=\"bwg-a  bwg_lightbox\"  data-image-id=\"17\" href=\"https:\/\/mbuniverzitet.edu.rs\/wp-content\/uploads\/photo-gallery\/3.jpg?bwg=1686995857\" data-elementor-open-lightbox=\"no\">                <div class=\"bwg-item0 \">          <div class=\"bwg-item1 bwg-zoom-effect\">            <div class=\"bwg-item2\">              <img decoding=\"async\" class=\"skip-lazy bwg_standart_thumb_img_7 \"                   data-id=\"17\"                   data-width=\"500.00\"                   data-height=\"375.00\"                   data-src=\"https:\/\/mbuniverzitet.edu.rs\/wp-content\/uploads\/photo-gallery\/thumb\/3.jpg?bwg=1686995857\"                   src=\"https:\/\/mbuniverzitet.edu.rs\/wp-content\/uploads\/photo-gallery\/thumb\/3.jpg?bwg=1686995857\"                   alt=\"\"                   title=\"\" \/>            <\/div>            <div class=\"bwg-zoom-effect-overlay\">              <div class=\"bwg-title1\"><div class=\"bwg-title2\">&nbsp;<\/div><\/div>                                        <\/div>          <\/div>        <\/div>                        <\/a>              <\/div>            <div class=\"bwg-item\">        <a class=\"bwg-a  bwg_lightbox\"  data-image-id=\"20\" href=\"https:\/\/mbuniverzitet.edu.rs\/wp-content\/uploads\/photo-gallery\/4.jpg?bwg=1686995857\" data-elementor-open-lightbox=\"no\">                <div class=\"bwg-item0 \">          <div class=\"bwg-item1 bwg-zoom-effect\">            <div class=\"bwg-item2\">              <img decoding=\"async\" class=\"skip-lazy bwg_standart_thumb_img_7 \"                   data-id=\"20\"                   data-width=\"375.00\"                   data-height=\"500.00\"                   data-src=\"https:\/\/mbuniverzitet.edu.rs\/wp-content\/uploads\/photo-gallery\/thumb\/4.jpg?bwg=1686995857\"                   src=\"https:\/\/mbuniverzitet.edu.rs\/wp-content\/uploads\/photo-gallery\/thumb\/4.jpg?bwg=1686995857\"                   alt=\"\"                   title=\"\" \/>            <\/div>            <div class=\"bwg-zoom-effect-overlay\">              <div class=\"bwg-title1\"><div class=\"bwg-title2\">&nbsp;<\/div><\/div>                                        <\/div>          <\/div>        <\/div>                        <\/a>              <\/div>            <div class=\"bwg-item\">        <a class=\"bwg-a  bwg_lightbox\"  data-image-id=\"19\" href=\"https:\/\/mbuniverzitet.edu.rs\/wp-content\/uploads\/photo-gallery\/5.jpg?bwg=1686995857\" data-elementor-open-lightbox=\"no\">                <div class=\"bwg-item0 \">          <div class=\"bwg-item1 bwg-zoom-effect\">            <div class=\"bwg-item2\">              <img decoding=\"async\" class=\"skip-lazy bwg_standart_thumb_img_7 \"                   data-id=\"19\"                   data-width=\"375.00\"                   data-height=\"500.00\"                   data-src=\"https:\/\/mbuniverzitet.edu.rs\/wp-content\/uploads\/photo-gallery\/thumb\/5.jpg?bwg=1686995857\"                   src=\"https:\/\/mbuniverzitet.edu.rs\/wp-content\/uploads\/photo-gallery\/thumb\/5.jpg?bwg=1686995857\"                   alt=\"\"                   title=\"\" \/>            <\/div>            <div class=\"bwg-zoom-effect-overlay\">              <div class=\"bwg-title1\"><div class=\"bwg-title2\">&nbsp;<\/div><\/div>                                        <\/div>          <\/div>        <\/div>                        <\/a>              <\/div>            <div class=\"bwg-item\">        <a class=\"bwg-a  bwg_lightbox\"  data-image-id=\"18\" href=\"https:\/\/mbuniverzitet.edu.rs\/wp-content\/uploads\/photo-gallery\/6.jpg?bwg=1686995857\" data-elementor-open-lightbox=\"no\">                <div class=\"bwg-item0 \">          <div class=\"bwg-item1 bwg-zoom-effect\">            <div class=\"bwg-item2\">              <img decoding=\"async\" class=\"skip-lazy bwg_standart_thumb_img_7 \"                   data-id=\"18\"                   data-width=\"500.00\"                   data-height=\"375.00\"                   data-src=\"https:\/\/mbuniverzitet.edu.rs\/wp-content\/uploads\/photo-gallery\/thumb\/6.jpg?bwg=1686995857\"                   src=\"https:\/\/mbuniverzitet.edu.rs\/wp-content\/uploads\/photo-gallery\/thumb\/6.jpg?bwg=1686995857\"                   alt=\"\"                   title=\"\" \/>            <\/div>            <div class=\"bwg-zoom-effect-overlay\">              <div class=\"bwg-title1\"><div class=\"bwg-title2\">&nbsp;<\/div><\/div>                                        <\/div>          <\/div>        <\/div>                        <\/a>              <\/div>            <div class=\"bwg-item\">        <a class=\"bwg-a  bwg_lightbox\"  data-image-id=\"21\" href=\"https:\/\/mbuniverzitet.edu.rs\/wp-content\/uploads\/photo-gallery\/7.jpg?bwg=1686995857\" data-elementor-open-lightbox=\"no\">                <div class=\"bwg-item0 \">          <div class=\"bwg-item1 bwg-zoom-effect\">            <div class=\"bwg-item2\">              <img decoding=\"async\" class=\"skip-lazy bwg_standart_thumb_img_7 \"                   data-id=\"21\"                   data-width=\"500.00\"                   data-height=\"375.00\"                   data-src=\"https:\/\/mbuniverzitet.edu.rs\/wp-content\/uploads\/photo-gallery\/thumb\/7.jpg?bwg=1686995857\"                   src=\"https:\/\/mbuniverzitet.edu.rs\/wp-content\/uploads\/photo-gallery\/thumb\/7.jpg?bwg=1686995857\"                   alt=\"\"                   title=\"\" \/>            <\/div>            <div class=\"bwg-zoom-effect-overlay\">              <div class=\"bwg-title1\"><div class=\"bwg-title2\">&nbsp;<\/div><\/div>                                        <\/div>          <\/div>        <\/div>                        <\/a>              <\/div>            <div class=\"bwg-item\">        <a class=\"bwg-a  bwg_lightbox\"  data-image-id=\"22\" href=\"https:\/\/mbuniverzitet.edu.rs\/wp-content\/uploads\/photo-gallery\/8.jpg?bwg=1686995857\" data-elementor-open-lightbox=\"no\">                <div class=\"bwg-item0 \">          <div class=\"bwg-item1 bwg-zoom-effect\">            <div class=\"bwg-item2\">              <img decoding=\"async\" class=\"skip-lazy bwg_standart_thumb_img_7 \"                   data-id=\"22\"                   data-width=\"500.00\"                   data-height=\"375.00\"                   data-src=\"https:\/\/mbuniverzitet.edu.rs\/wp-content\/uploads\/photo-gallery\/thumb\/8.jpg?bwg=1686995857\"                   src=\"https:\/\/mbuniverzitet.edu.rs\/wp-content\/uploads\/photo-gallery\/thumb\/8.jpg?bwg=1686995857\"                   alt=\"\"                   title=\"\" \/>            <\/div>            <div class=\"bwg-zoom-effect-overlay\">              <div class=\"bwg-title1\"><div class=\"bwg-title2\">&nbsp;<\/div><\/div>                                        <\/div>          <\/div>        <\/div>                        <\/a>              <\/div>            <div class=\"bwg-item\">        <a class=\"bwg-a  bwg_lightbox\"  data-image-id=\"23\" href=\"https:\/\/mbuniverzitet.edu.rs\/wp-content\/uploads\/photo-gallery\/9.jpg?bwg=1686995857\" data-elementor-open-lightbox=\"no\">                <div class=\"bwg-item0 \">          <div class=\"bwg-item1 bwg-zoom-effect\">            <div class=\"bwg-item2\">              <img decoding=\"async\" class=\"skip-lazy bwg_standart_thumb_img_7 \"                   data-id=\"23\"                   data-width=\"375.00\"                   data-height=\"500.00\"                   data-src=\"https:\/\/mbuniverzitet.edu.rs\/wp-content\/uploads\/photo-gallery\/thumb\/9.jpg?bwg=1686995857\"                   src=\"https:\/\/mbuniverzitet.edu.rs\/wp-content\/uploads\/photo-gallery\/thumb\/9.jpg?bwg=1686995857\"                   alt=\"\"                   title=\"\" \/>            <\/div>            <div class=\"bwg-zoom-effect-overlay\">              <div class=\"bwg-title1\"><div class=\"bwg-title2\">&nbsp;<\/div><\/div>                                        <\/div>          <\/div>        <\/div>                        <\/a>              <\/div>            <div class=\"bwg-item\">        <a class=\"bwg-a  bwg_lightbox\"  data-image-id=\"24\" href=\"https:\/\/mbuniverzitet.edu.rs\/wp-content\/uploads\/photo-gallery\/10.jpg?bwg=1686995857\" data-elementor-open-lightbox=\"no\">                <div class=\"bwg-item0 \">          <div class=\"bwg-item1 bwg-zoom-effect\">            <div class=\"bwg-item2\">              <img decoding=\"async\" class=\"skip-lazy bwg_standart_thumb_img_7 \"                   data-id=\"24\"                   data-width=\"375.00\"                   data-height=\"500.00\"                   data-src=\"https:\/\/mbuniverzitet.edu.rs\/wp-content\/uploads\/photo-gallery\/thumb\/10.jpg?bwg=1686995857\"                   src=\"https:\/\/mbuniverzitet.edu.rs\/wp-content\/uploads\/photo-gallery\/thumb\/10.jpg?bwg=1686995857\"                   alt=\"\"                   title=\"\" \/>            <\/div>            <div class=\"bwg-zoom-effect-overlay\">              <div class=\"bwg-title1\"><div class=\"bwg-title2\">&nbsp;<\/div><\/div>                                        <\/div>          <\/div>        <\/div>                        <\/a>              <\/div>            <div class=\"bwg-item\">        <a class=\"bwg-a  bwg_lightbox\"  data-image-id=\"11\" href=\"https:\/\/mbuniverzitet.edu.rs\/wp-content\/uploads\/photo-gallery\/11.jpg?bwg=1686995857\" data-elementor-open-lightbox=\"no\">                <div class=\"bwg-item0 \">          <div class=\"bwg-item1 bwg-zoom-effect\">            <div class=\"bwg-item2\">              <img decoding=\"async\" class=\"skip-lazy bwg_standart_thumb_img_7 \"                   data-id=\"11\"                   data-width=\"500.00\"                   data-height=\"375.00\"                   data-src=\"https:\/\/mbuniverzitet.edu.rs\/wp-content\/uploads\/photo-gallery\/thumb\/11.jpg?bwg=1686995857\"                   src=\"https:\/\/mbuniverzitet.edu.rs\/wp-content\/uploads\/photo-gallery\/thumb\/11.jpg?bwg=1686995857\"                   alt=\"\"                   title=\"\" \/>            <\/div>            <div class=\"bwg-zoom-effect-overlay\">              <div class=\"bwg-title1\"><div class=\"bwg-title2\">&nbsp;<\/div><\/div>                                        <\/div>          <\/div>        <\/div>                        <\/a>              <\/div>            <div class=\"bwg-item\">        <a class=\"bwg-a  bwg_lightbox\"  data-image-id=\"13\" href=\"https:\/\/mbuniverzitet.edu.rs\/wp-content\/uploads\/photo-gallery\/12.jpg?bwg=1686995857\" data-elementor-open-lightbox=\"no\">                <div class=\"bwg-item0 \">          <div class=\"bwg-item1 bwg-zoom-effect\">            <div class=\"bwg-item2\">              <img decoding=\"async\" class=\"skip-lazy bwg_standart_thumb_img_7 \"                   data-id=\"13\"                   data-width=\"375.00\"                   data-height=\"500.00\"                   data-src=\"https:\/\/mbuniverzitet.edu.rs\/wp-content\/uploads\/photo-gallery\/thumb\/12.jpg?bwg=1686995857\"                   src=\"https:\/\/mbuniverzitet.edu.rs\/wp-content\/uploads\/photo-gallery\/thumb\/12.jpg?bwg=1686995857\"                   alt=\"\"                   title=\"\" \/>            <\/div>            <div class=\"bwg-zoom-effect-overlay\">              <div class=\"bwg-title1\"><div class=\"bwg-title2\">&nbsp;<\/div><\/div>                                        <\/div>          <\/div>        <\/div>                        <\/a>              <\/div>            <div class=\"bwg-item\">        <a class=\"bwg-a  bwg_lightbox\"  data-image-id=\"14\" href=\"https:\/\/mbuniverzitet.edu.rs\/wp-content\/uploads\/photo-gallery\/13.jpg?bwg=1686995857\" data-elementor-open-lightbox=\"no\">                <div class=\"bwg-item0 \">          <div class=\"bwg-item1 bwg-zoom-effect\">            <div class=\"bwg-item2\">              <img decoding=\"async\" class=\"skip-lazy bwg_standart_thumb_img_7 \"                   data-id=\"14\"                   data-width=\"500.00\"                   data-height=\"375.00\"                   data-src=\"https:\/\/mbuniverzitet.edu.rs\/wp-content\/uploads\/photo-gallery\/thumb\/13.jpg?bwg=1686995857\"                   src=\"https:\/\/mbuniverzitet.edu.rs\/wp-content\/uploads\/photo-gallery\/thumb\/13.jpg?bwg=1686995857\"                   alt=\"\"                   title=\"\" \/>            <\/div>            <div class=\"bwg-zoom-effect-overlay\">              <div class=\"bwg-title1\"><div class=\"bwg-title2\">&nbsp;<\/div><\/div>                                        <\/div>          <\/div>        <\/div>                        <\/a>              <\/div>            <div class=\"bwg-item\">        <a class=\"bwg-a  bwg_lightbox\"  data-image-id=\"15\" href=\"https:\/\/mbuniverzitet.edu.rs\/wp-content\/uploads\/photo-gallery\/14.jpg?bwg=1686995857\" data-elementor-open-lightbox=\"no\">                <div class=\"bwg-item0 \">          <div class=\"bwg-item1 bwg-zoom-effect\">            <div class=\"bwg-item2\">              <img decoding=\"async\" class=\"skip-lazy bwg_standart_thumb_img_7 \"                   data-id=\"15\"                   data-width=\"500.00\"                   data-height=\"375.00\"                   data-src=\"https:\/\/mbuniverzitet.edu.rs\/wp-content\/uploads\/photo-gallery\/thumb\/14.jpg?bwg=1686995857\"                   src=\"https:\/\/mbuniverzitet.edu.rs\/wp-content\/uploads\/photo-gallery\/thumb\/14.jpg?bwg=1686995857\"                   alt=\"\"                   title=\"\" \/>            <\/div>            <div class=\"bwg-zoom-effect-overlay\">              <div class=\"bwg-title1\"><div class=\"bwg-title2\">&nbsp;<\/div><\/div>                                        <\/div>          <\/div>        <\/div>                        <\/a>              <\/div>          <\/div>    <style>      \/*pagination styles*\/      #bwg_container1_7 #bwg_container2_7 .tablenav-pages_7 {\t\t\t\ttext-align: center;\t\t\t\tfont-size: 12px;\t\t\t\tfont-family: Ubuntu;\t\t\t\tfont-weight: bold;\t\t\t\tcolor: #666666;\t\t\t\tmargin: 6px 0 4px;\t\t\t\tdisplay: block;      }      @media only screen and (max-width : 320px) {      #bwg_container1_7 #bwg_container2_7 .displaying-num_7 {     \t display: none;      }      }      #bwg_container1_7 #bwg_container2_7 .displaying-num_7 {\t\t\t\tfont-size: 12px;\t\t\t\tfont-family: Ubuntu;\t\t\t\tfont-weight: bold;\t\t\t\tcolor: #666666;\t\t\t\tmargin-right: 10px;\t\t\t\tvertical-align: middle;      }      #bwg_container1_7 #bwg_container2_7 .paging-input_7 {\t\t\t\tfont-size: 12px;\t\t\t\tfont-family: Ubuntu;\t\t\t\tfont-weight: bold;\t\t\t\tcolor: #666666;\t\t\t\tvertical-align: middle;      }      #bwg_container1_7 #bwg_container2_7 .tablenav-pages_7 a.disabled,      #bwg_container1_7 #bwg_container2_7 .tablenav-pages_7 a.disabled:hover,      #bwg_container1_7 #bwg_container2_7 .tablenav-pages_7 a.disabled:focus,\t\t\t#bwg_container1_7 #bwg_container2_7 .tablenav-pages_7 input.bwg_current_page {\t\t\t\tcursor: default;\t\t\t\tcolor: rgba(102, 102, 102, 0.5);      }      #bwg_container1_7 #bwg_container2_7 .tablenav-pages_7 a,      #bwg_container1_7 #bwg_container2_7 .tablenav-pages_7 input.bwg_current_page {\t\t\t\tcursor: pointer;\t\t\t\ttext-align: center;\t\t\t\tfont-size: 12px;\t\t\t\tfont-family: Ubuntu;\t\t\t\tfont-weight: bold;\t\t\t\tcolor: #666666;\t\t\t\ttext-decoration: none;\t\t\t\tpadding: 3px 6px;\t\t\t\tmargin: 0;\t\t\t\tborder-radius: 0;\t\t\t\tborder-style: solid;\t\t\t\tborder-width: 1px;\t\t\t\tborder-color: #E3E3E3;\t\t\t\t\t\t\t\tbackground-color: rgba(255, 255, 255, 1.00);\t\t\t\tbox-shadow: 0;\t\t\t\ttransition: all 0.3s ease 0s;-webkit-transition: all 0.3s ease 0s;      }      <\/style>      <span class=\"bwg_nav_cont_7\">              <div class=\"tablenav-pages_7\">                  <\/div>                <input type=\"hidden\" id=\"page_number_7\" name=\"page_number_7\" value=\"1\" \/>      <script type=\"text\/javascript\">        if( jQuery('.bwg_nav_cont_7').length > 1 ) {          jQuery('.bwg_nav_cont_7').first().remove()        }        function spider_page_7(cur, x, y, load_more) {          if (typeof load_more == \"undefined\") {            var load_more = false;          }          if (jQuery(cur).hasClass('disabled')) {            return false;          }          var items_county_7 = 1;          switch (y) {            case 1:              if (x >= items_county_7) {                document.getElementById('page_number_7').value = items_county_7;              }              else {                document.getElementById('page_number_7').value = x + 1;              }              break;            case 2:              document.getElementById('page_number_7').value = items_county_7;              break;            case -1:              if (x == 1) {                document.getElementById('page_number_7').value = 1;              }              else {                document.getElementById('page_number_7').value = x - 1;              }              break;            case -2:              document.getElementById('page_number_7').value = 1;              break;\t\t\t\t\t\tcase 0:              document.getElementById('page_number_7').value = x;              break;            default:              document.getElementById('page_number_7').value = 1;          }          bwg_ajax('gal_front_form_7', '7', 'bwg_thumbnails_7', '0', '', 'gallery', 0, '', '', load_more, '', 1);        }                    jQuery('.first-page-7').on('click', function () {              spider_page_7(this, 1, -2, 'numeric');              return false;            });            jQuery('.prev-page-7').on('click', function () {              spider_page_7(this, 1, -1, 'numeric');              return false;            });            jQuery('.next-page-7').on('click', function () {              spider_page_7(this, 1, 1, 'numeric');              return false;            });            jQuery('.last-page-7').on('click', function () {              spider_page_7(this, 1, 2, 'numeric');              return false;            });        \t\t\t\t\/* Change page on input enter. *\/        function bwg_change_page_7( e, that ) {          if (  e.key == 'Enter' ) {            var to_page = parseInt(jQuery(that).val());            var pages_count = jQuery(that).parents(\".pagination-links\").data(\"pages-count\");            var current_url_param = jQuery(that).attr('data-url-info');            if (to_page > pages_count) {              to_page = 1;            }\t \t\t\t\t\t\t\t\t\t\t\t\tspider_page_7(this, to_page, 0, 'numeric');\t\t\t\t\t\t\treturn false;\t\t\t\t\t\t          }          return true;        }        jQuery('.bwg_load_btn_7').on('click', function () {            spider_page_7(this, 1, 1, true);            return false;        });      <\/script>      <\/span>                <\/div>        <\/form>        <style>          #bwg_container1_7 #bwg_container2_7 #spider_popup_overlay_7 {          background-color: #EEEEEE;          opacity: 0.60;          }          <\/style>        <div id=\"bwg_spider_popup_loading_7\" class=\"bwg_spider_popup_loading\"><\/div>        <div id=\"spider_popup_overlay_7\" class=\"spider_popup_overlay\" onclick=\"spider_destroypopup(1000)\"><\/div>        <input type=\"hidden\" id=\"bwg_random_seed_7\" value=\"306350171\">                <\/div>    <\/div>    <script>      if (document.readyState === 'complete') {        if( typeof bwg_main_ready == 'function' ) {          if ( jQuery(\"#bwg_container1_7\").height() ) {            bwg_main_ready(jQuery(\"#bwg_container1_7\"));          }        }      } else {        document.addEventListener('DOMContentLoaded', function() {          if( typeof bwg_main_ready == 'function' ) {            if ( jQuery(\"#bwg_container1_7\").height() ) {             bwg_main_ready(jQuery(\"#bwg_container1_7\"));            }          }        });      }    <\/script>    <\/div><div>\u00a0<\/div><div>Izlo\u017ebu radova mogu pogledati svi zaintersovani na lokaciji teodora Drajzera 27 u Beogradu u periodu od 14.06. do 28.06.2023. godine.<\/div><div>\u00a0<\/div><div>Iskrene \u010destitke na\u0161im studentima i profesorima sa AKS na uspe\u0161no organizovanoj\u00a0izlo\u017ebi.<\/div><\/div>\n\t\t\t\t\t<\/div><\/div>\t\t\t\t<\/div>\n\t\t\t\t<\/div>\n\t\t\t\t<div class=\"elementor-element elementor-element-f753c31 exad-sticky-section-no exad-glass-effect-no elementor-widget elementor-widget-eael-adv-accordion\" data-id=\"f753c31\" data-element_type=\"widget\" data-e-type=\"widget\" data-widget_type=\"eael-adv-accordion.default\">\n\t\t\t\t<div class=\"elementor-widget-container\">\n\t\t\t\t\t            <div class=\"eael-adv-accordion\" id=\"eael-adv-accordion-f753c31\" data-scroll-on-click=\"no\" data-scroll-speed=\"300\" data-accordion-id=\"f753c31\" data-accordion-type=\"accordion\" data-toogle-speed=\"300\">\n            <div class=\"eael-accordion-list\">\n\t\t\t\t\t<div id=\"obavetavamo-sve-zaposlene-na-univerzitetu-mb-da-je-na-univerzitet-i-akademija-klaisnog-slikarstva-bogatija-za-jo-jednog-doktora-iz-oblasti-likovne-umetnosti-docent-mr-ore-sokolovski-je-uspeno-odbranio-doktorski-umetniki-projekat-vidi-vie\" class=\"elementor-tab-title eael-accordion-header\" tabindex=\"0\" data-tab=\"1\" aria-controls=\"elementor-tab-content-2591\"><span class=\"eael-accordion-tab-title\">Obave\u0161tavamo sve zaposlene na Univerzitetu MB da je na\u0161 Univerzitet i Akademija klais\u010dnog slikarstva bogatija za jo\u0161 jednog doktora iz oblasti likovne umetnosti. Docent mr \u0110or\u0111e Sokolovski je uspe\u0161no odbranio Doktorski umetni\u010dki projekat. (Vidi vi\u0161e)<\/span><\/div><div id=\"elementor-tab-content-2591\" class=\"eael-accordion-content clearfix\" data-tab=\"1\" aria-labelledby=\"obavetavamo-sve-zaposlene-na-univerzitetu-mb-da-je-na-univerzitet-i-akademija-klaisnog-slikarstva-bogatija-za-jo-jednog-doktora-iz-oblasti-likovne-umetnosti-docent-mr-ore-sokolovski-je-uspeno-odbranio-doktorski-umetniki-projekat-vidi-vie\"><p>Dana 31.05.2023. godine u 10:00 docent mr \u0110or\u0111e Sokolovski je uspe\u0161no odbranio Doktorski umetni\u010dki projekat <strong>,, Ka novoj ikoni, jer prisustvo Bo\u017eije je u svim stvarima,,<\/strong> na Fakultetu likovnih umetnosti Univerziteta\u00a0 umetnosti u Beogradu.<\/p><p>\u00a0<\/p><p><a href=\"https:\/\/mbuniverzitet.edu.rs\/wp-content\/uploads\/2023\/06\/Sokovski_dr_1.jpg\"><img loading=\"lazy\" decoding=\"async\" class=\"aligncenter wp-image-15006 size-medium\" src=\"https:\/\/mbuniverzitet.edu.rs\/wp-content\/uploads\/2023\/06\/Sokovski_dr_1-300x225.jpg\" alt=\"\" width=\"300\" height=\"225\" srcset=\"https:\/\/mbuniverzitet.edu.rs\/wp-content\/uploads\/2023\/06\/Sokovski_dr_1-300x225.jpg 300w, https:\/\/mbuniverzitet.edu.rs\/wp-content\/uploads\/2023\/06\/Sokovski_dr_1-768x576.jpg 768w, https:\/\/mbuniverzitet.edu.rs\/wp-content\/uploads\/2023\/06\/Sokovski_dr_1-16x12.jpg 16w, https:\/\/mbuniverzitet.edu.rs\/wp-content\/uploads\/2023\/06\/Sokovski_dr_1.jpg 800w\" sizes=\"(max-width: 300px) 100vw, 300px\" \/><\/a><\/p><p>\u00a0<\/p><p>Odbrana je realizovana pred komisijom:<\/p><p>prof. dr Sa\u0161a Radoj\u010di\u0107 &#8211; ujedno predsednik komisije,<br \/>prof. dr Leka Mladenovi\u0107 &#8211; \u010dlan,\u00a0<br \/>prof. dr Elizabeta Matorki\u0107 Biseni\u0107 &#8211; \u010dlan,\u00a0<br \/>prof. dr Marko La\u0111u\u0161i\u0107 &#8211; \u010dlan i\u00a0<br \/>prof. dr Milivoj Mi\u0161ko Pavlovi\u0107 &#8211; ujedno mentor.<\/p><p>\u00a0<\/p><p><a href=\"https:\/\/mbuniverzitet.edu.rs\/wp-content\/uploads\/2023\/06\/Sokovski_dr_2.jpg\"><img loading=\"lazy\" decoding=\"async\" class=\"aligncenter size-medium wp-image-15007\" src=\"https:\/\/mbuniverzitet.edu.rs\/wp-content\/uploads\/2023\/06\/Sokovski_dr_2-300x225.jpg\" alt=\"\" width=\"300\" height=\"225\" srcset=\"https:\/\/mbuniverzitet.edu.rs\/wp-content\/uploads\/2023\/06\/Sokovski_dr_2-300x225.jpg 300w, https:\/\/mbuniverzitet.edu.rs\/wp-content\/uploads\/2023\/06\/Sokovski_dr_2-768x576.jpg 768w, https:\/\/mbuniverzitet.edu.rs\/wp-content\/uploads\/2023\/06\/Sokovski_dr_2-16x12.jpg 16w, https:\/\/mbuniverzitet.edu.rs\/wp-content\/uploads\/2023\/06\/Sokovski_dr_2.jpg 800w\" sizes=\"(max-width: 300px) 100vw, 300px\" \/><\/a><\/p><p>\u00a0<\/p><p>Docent na Akademiji klasi\u010dnog slikarstva Univerziteta MB \u0110or\u0111e Sokolovski je slikar nepresu\u0161nog umetni\u010dkog talenta specifi\u010dne poetike, estetike i tematike.<\/p><p>\u00a0<\/p><p><a href=\"https:\/\/mbuniverzitet.edu.rs\/wp-content\/uploads\/2023\/06\/Sokovski_dr_3.jpg\"><img loading=\"lazy\" decoding=\"async\" class=\"aligncenter size-medium wp-image-15005\" src=\"https:\/\/mbuniverzitet.edu.rs\/wp-content\/uploads\/2023\/06\/Sokovski_dr_3-300x225.jpg\" alt=\"\" width=\"300\" height=\"225\" srcset=\"https:\/\/mbuniverzitet.edu.rs\/wp-content\/uploads\/2023\/06\/Sokovski_dr_3-300x225.jpg 300w, https:\/\/mbuniverzitet.edu.rs\/wp-content\/uploads\/2023\/06\/Sokovski_dr_3-768x576.jpg 768w, https:\/\/mbuniverzitet.edu.rs\/wp-content\/uploads\/2023\/06\/Sokovski_dr_3-16x12.jpg 16w, https:\/\/mbuniverzitet.edu.rs\/wp-content\/uploads\/2023\/06\/Sokovski_dr_3.jpg 800w\" sizes=\"(max-width: 300px) 100vw, 300px\" \/><\/a><\/p><p>\u00a0<\/p><p>U sklopu odbrane docent mr \u0110or\u0111e Sokolovski je uspe\u0161no organizovao izlo\u017ebu slika Doktorskog umetni\u010dko istra\u017eiva\u010dkog projekta u vremenu od 08. do 14.03.2023. godine.<\/p><p>\u00a0<\/p><p>Dnevnik na RTS 1 &#8211;\u00a0 <a href=\"https:\/\/youtu.be\/wK8HkRfFlZ4\" target=\"_blank\" rel=\"noopener\">https:\/\/youtu.be\/wK8HkRfFlZ4<\/a>\u00a0<\/p><p>\u00a0<\/p><p>U ime svih zaposlenih na Univerzitetu MB i Akademiji klasi\u010dnog slikarstva \u010destitamo na\u0161em docentu dr \u0110or\u0111u Sokolovskom.<\/p><p>Menad\u017ement Univerziteta MB<\/p><\/div>\n\t\t\t\t\t<\/div><\/div>\t\t\t\t<\/div>\n\t\t\t\t<\/div>\n\t\t\t\t<div class=\"elementor-element elementor-element-d25a137 exad-sticky-section-no exad-glass-effect-no elementor-widget elementor-widget-eael-adv-accordion\" data-id=\"d25a137\" data-element_type=\"widget\" data-e-type=\"widget\" data-widget_type=\"eael-adv-accordion.default\">\n\t\t\t\t<div class=\"elementor-widget-container\">\n\t\t\t\t\t            <div class=\"eael-adv-accordion\" id=\"eael-adv-accordion-d25a137\" data-scroll-on-click=\"no\" data-scroll-speed=\"300\" data-accordion-id=\"d25a137\" data-accordion-type=\"accordion\" data-toogle-speed=\"300\">\n            <div class=\"eael-accordion-list\">\n\t\t\t\t\t<div id=\"dana-18052023-godine-u-vremenu-od-0900-do-1700-na-univerzitetu-mb-poslovni-i-pravi-fakultet-je-realizovana-96-meunarodna-esd-konferencija-2023-international-scientific-conference-on-economic-and-social-development-era-of-global-crises-na-konferenciji-je-izloeno-43-rada-uz-uee-106-autora-i-koautora-vidi-vie\" class=\"elementor-tab-title eael-accordion-header\" tabindex=\"0\" data-tab=\"1\" aria-controls=\"elementor-tab-content-2201\"><span class=\"eael-accordion-tab-title\">Dana  18.05.2023. godine u vremenu od 09.00 do 17.00 na Univerzitetu MB, Poslovni i pravi fakultet  je realizovana 96. Me\u0111unarodna ESD Konferencija 2023 (International Scientific Conference on Economic and Social Development - \"Era of Global Crises\").  Na konferenciji je izlo\u017eeno 43 rada uz u\u010de\u0161\u0107e 106 autora i koautora. (Vidi vi\u0161e)<\/span><\/div><div id=\"elementor-tab-content-2201\" class=\"eael-accordion-content clearfix\" data-tab=\"1\" aria-labelledby=\"dana-18052023-godine-u-vremenu-od-0900-do-1700-na-univerzitetu-mb-poslovni-i-pravi-fakultet-je-realizovana-96-meunarodna-esd-konferencija-2023-international-scientific-conference-on-economic-and-social-development-era-of-global-crises-na-konferenciji-je-izloeno-43-rada-uz-uee-106-autora-i-koautora-vidi-vie\"><p>Konferencija je bila fokusirana na aktuelne globalne izazove i njihove posledice koje ostavljaju na nacionalne ekonomije, poslovni, javni, pravni, bezbednosni, ekolo\u0161ki, tehnolo\u0161ki i druge sektore dru\u0161tva, s te\u017ei\u0161tem na slede\u0107im temama:<\/p><p>Nacionalne ekonomije izme\u0111u liberalizacije i intervencije; IT podr\u0161ka tokom zdravstvenih i ekonomskih previranja; Savremene tendencije u privredi i menad\u017ementu turizma; Ekonomski uticaj na dru\u0161tveni razvoj i demokratiju; Pravni okvir privrednog i dru\u0161tvenog razvoja; Izazovi upravljanja u svetu nakon pandemije; Me\u0111unarodna i lokalna tr\u017ei\u0161ta kapitala; Globalizacija i izazovi savremenog sveta; Savremena privreda i globalizacija; Preduze\u0107e u turbulentnom okru\u017eenju; Obrazovanje i upravljanje znanjem; Ka modernoj ekonomiji blagostanja;\u00a0IKT podr\u0161ka poslovnim aktivnostima; Upravljanje ljudskim kapitalom; Pravno okru\u017eenje poslovanja.\u00a0i Izgradnja otporne organizacije.<\/p><p>\u00a0<\/p><p>Plenarno predavanje su realizovali uva\u017eeni profesori:<\/p><ol><li>Yossi Yagil, Professor of finance, Vise President Western Galilee Academic College, Israel- na temu: Home Bias in a Global Context.<\/li><li>Douglas Rhein, Mahidol University International College, Thailand\u00a0 na temu: The End of the Expatriate.<\/li><\/ol><p><style id=\"bwg-style-8\">    #bwg_container1_8 #bwg_container2_8 .bwg-container-8.bwg-standard-thumbnails {      width: 1254px;              justify-content: center;        margin:0 auto !important;              background-color: rgba(255, 255, 255, 0.00);            padding-left: 4px;      padding-top: 4px;      max-width: 100%;            }        #bwg_container1_8 #bwg_container2_8 .bwg-container-8.bwg-standard-thumbnails .bwg-item {    justify-content: flex-start;      max-width: 250px;          }    #bwg_container1_8 #bwg_container2_8 .bwg-container-8.bwg-standard-thumbnails .bwg-item a {       margin-right: 4px;       margin-bottom: 4px;    }    #bwg_container1_8 #bwg_container2_8 .bwg-container-8.bwg-standard-thumbnails .bwg-item0 {      padding: 0px;            background-color:rgba(0,0,0, 0.30);      border: 5px none #FFFFFF;      opacity: 1.00;      border-radius: 0;      box-shadow: ;    }    #bwg_container1_8 #bwg_container2_8 .bwg-container-8.bwg-standard-thumbnails .bwg-item1 img {      max-height: none;      max-width: none;      padding: 0 !important;    }         @media only screen and (min-width: 480px) {\t\t#bwg_container1_8 #bwg_container2_8 .bwg-container-8.bwg-standard-thumbnails .bwg-item1 img {\t\t\t-webkit-transition: all .3s; transition: all .3s;\t\t}\t\t#bwg_container1_8 #bwg_container2_8 .bwg-container-8.bwg-standard-thumbnails .bwg-item1 img:hover {\t\t\t-ms-transform: scale(1.08);\t\t\t-webkit-transform: scale(1.08);\t\t\ttransform: scale(1.08);\t\t}\t\t\t\t.bwg-standard-thumbnails .bwg-zoom-effect .bwg-zoom-effect-overlay {\t\t\t\t\t\tbackground-color:rgba(0,0,0, 0.3);\t\t}\t\t.bwg-standard-thumbnails .bwg-zoom-effect:hover img {\t\t\t-ms-transform: scale(1.08);\t\t\t-webkit-transform: scale(1.08);\t\t\ttransform: scale(1.08);\t\t}\t\t      }\t    #bwg_container1_8 #bwg_container2_8 .bwg-container-8.bwg-standard-thumbnails .bwg-item1 {      padding-top: 56%;    }        #bwg_container1_8 #bwg_container2_8 .bwg-container-8.bwg-standard-thumbnails .bwg-title1 {      position: absolute;      top: 0;      z-index: 100;      width: 100%;      height: 100%;      display: flex;      justify-content: center;      align-content: center;      flex-direction: column;      opacity: 0;    }\t      #bwg_container1_8 #bwg_container2_8 .bwg-container-8.bwg-standard-thumbnails .bwg-title2,    #bwg_container1_8 #bwg_container2_8 .bwg-container-8.bwg-standard-thumbnails .bwg-ecommerce2 {      color: #FFFFFF;      font-family: Ubuntu;      font-size: 16px;      font-weight: bold;      padding: 5px;      text-shadow: ;      max-height: 100%;    }    #bwg_container1_8 #bwg_container2_8 .bwg-container-8.bwg-standard-thumbnails .bwg-thumb-description span {    color: #323A45;    font-family: Ubuntu;    font-size: 12px;    max-height: 100%;    word-wrap: break-word;    }    #bwg_container1_8 #bwg_container2_8 .bwg-container-8.bwg-standard-thumbnails .bwg-play-icon2 {      font-size: 32px;    }    #bwg_container1_8 #bwg_container2_8 .bwg-container-8.bwg-standard-thumbnails .bwg-ecommerce2 {      font-size: 19.2px;      color: #323A45;    }    <\/style>    <div id=\"bwg_container1_8\"         class=\"bwg_container bwg_thumbnail bwg_thumbnails \"         data-right-click-protection=\"0\"         data-bwg=\"8\"         data-scroll=\"0\"         data-gallery-type=\"thumbnails\"         data-gallery-view-type=\"thumbnails\"         data-current-url=\"\/arhiva-vesti\/\"         data-lightbox-url=\"https:\/\/mbuniverzitet.edu.rs\/wp-admin\/admin-ajax.php?action=GalleryBox&#038;current_view=8&#038;gallery_id=1&#038;tag=0&#038;theme_id=2&#038;shortcode_id=2&#038;sort_by=order&#038;order_by=asc&#038;current_url=%2Farhiva-vesti%2F\"         data-gallery-id=\"1\"         data-popup-width=\"800\"         data-popup-height=\"500\"         data-is-album=\"gallery\"         data-buttons-position=\"bottom\">      <div id=\"bwg_container2_8\">             <div id=\"ajax_loading_8\" class=\"bwg_loading_div_1\">      <div class=\"bwg_loading_div_2\">        <div class=\"bwg_loading_div_3\">          <div id=\"loading_div_8\" class=\"bwg_spider_ajax_loading\">          <\/div>        <\/div>      <\/div>    <\/div>            <form id=\"gal_front_form_8\"              class=\"bwg-hidden\"              method=\"post\"              action=\"#\"              data-current=\"8\"              data-shortcode-id=\"2\"              data-gallery-type=\"thumbnails\"              data-gallery-id=\"1\"              data-tag=\"0\"              data-album-id=\"0\"              data-theme-id=\"2\"              data-ajax-url=\"https:\/\/mbuniverzitet.edu.rs\/wp-admin\/admin-ajax.php?action=bwg_frontend_data\">          <div id=\"bwg_container3_8\" class=\"bwg-background bwg-background-8\">                <div data-max-count=\"5\"         data-thumbnail-width=\"250\"         data-bwg=\"8\"         data-gallery-id=\"1\"         data-lightbox-url=\"https:\/\/mbuniverzitet.edu.rs\/wp-admin\/admin-ajax.php?action=GalleryBox&amp;current_view=8&amp;gallery_id=1&amp;tag=0&amp;theme_id=2&amp;shortcode_id=2&amp;sort_by=order&amp;order_by=asc&amp;current_url=%2Farhiva-vesti%2F\"         id=\"bwg_thumbnails_8\"         class=\"bwg-container-8 bwg-thumbnails bwg-standard-thumbnails bwg-container bwg-border-box\">            <div class=\"bwg-item\">        <a class=\"bwg-a  bwg_lightbox\"  data-image-id=\"8\" href=\"https:\/\/mbuniverzitet.edu.rs\/wp-content\/uploads\/photo-gallery\/Esd23_1.jpg?bwg=1684480762\" data-elementor-open-lightbox=\"no\">                <div class=\"bwg-item0 \">          <div class=\"bwg-item1 bwg-zoom-effect\">            <div class=\"bwg-item2\">              <img decoding=\"async\" class=\"skip-lazy bwg_standart_thumb_img_8 \"                   data-id=\"8\"                   data-width=\"375.00\"                   data-height=\"500.00\"                   data-src=\"https:\/\/mbuniverzitet.edu.rs\/wp-content\/uploads\/photo-gallery\/thumb\/Esd23_1.jpg?bwg=1684480762\"                   src=\"https:\/\/mbuniverzitet.edu.rs\/wp-content\/uploads\/photo-gallery\/thumb\/Esd23_1.jpg?bwg=1684480762\"                   alt=\"\"                   title=\"\" \/>            <\/div>            <div class=\"bwg-zoom-effect-overlay\">              <div class=\"bwg-title1\"><div class=\"bwg-title2\">&nbsp;<\/div><\/div>                                        <\/div>          <\/div>        <\/div>                        <\/a>              <\/div>            <div class=\"bwg-item\">        <a class=\"bwg-a  bwg_lightbox\"  data-image-id=\"9\" href=\"https:\/\/mbuniverzitet.edu.rs\/wp-content\/uploads\/photo-gallery\/Esd23_2.jpg?bwg=1684480762\" data-elementor-open-lightbox=\"no\">                <div class=\"bwg-item0 \">          <div class=\"bwg-item1 bwg-zoom-effect\">            <div class=\"bwg-item2\">              <img decoding=\"async\" class=\"skip-lazy bwg_standart_thumb_img_8 \"                   data-id=\"9\"                   data-width=\"500.00\"                   data-height=\"374.00\"                   data-src=\"https:\/\/mbuniverzitet.edu.rs\/wp-content\/uploads\/photo-gallery\/thumb\/Esd23_2.jpg?bwg=1684480762\"                   src=\"https:\/\/mbuniverzitet.edu.rs\/wp-content\/uploads\/photo-gallery\/thumb\/Esd23_2.jpg?bwg=1684480762\"                   alt=\"\"                   title=\"\" \/>            <\/div>            <div class=\"bwg-zoom-effect-overlay\">              <div class=\"bwg-title1\"><div class=\"bwg-title2\">&nbsp;<\/div><\/div>                                        <\/div>          <\/div>        <\/div>                        <\/a>              <\/div>            <div class=\"bwg-item\">        <a class=\"bwg-a  bwg_lightbox\"  data-image-id=\"7\" href=\"https:\/\/mbuniverzitet.edu.rs\/wp-content\/uploads\/photo-gallery\/Esd23_3.jpg?bwg=1684480762\" data-elementor-open-lightbox=\"no\">                <div class=\"bwg-item0 \">          <div class=\"bwg-item1 bwg-zoom-effect\">            <div class=\"bwg-item2\">              <img decoding=\"async\" class=\"skip-lazy bwg_standart_thumb_img_8 \"                   data-id=\"7\"                   data-width=\"500.00\"                   data-height=\"225.00\"                   data-src=\"https:\/\/mbuniverzitet.edu.rs\/wp-content\/uploads\/photo-gallery\/thumb\/Esd23_3.jpg?bwg=1684480762\"                   src=\"https:\/\/mbuniverzitet.edu.rs\/wp-content\/uploads\/photo-gallery\/thumb\/Esd23_3.jpg?bwg=1684480762\"                   alt=\"\"                   title=\"\" \/>            <\/div>            <div class=\"bwg-zoom-effect-overlay\">              <div class=\"bwg-title1\"><div class=\"bwg-title2\">&nbsp;<\/div><\/div>                                        <\/div>          <\/div>        <\/div>                        <\/a>              <\/div>            <div class=\"bwg-item\">        <a class=\"bwg-a  bwg_lightbox\"  data-image-id=\"10\" href=\"https:\/\/mbuniverzitet.edu.rs\/wp-content\/uploads\/photo-gallery\/Esd23_5.jpg?bwg=1684480762\" data-elementor-open-lightbox=\"no\">                <div class=\"bwg-item0 \">          <div class=\"bwg-item1 bwg-zoom-effect\">            <div class=\"bwg-item2\">              <img decoding=\"async\" class=\"skip-lazy bwg_standart_thumb_img_8 \"                   data-id=\"10\"                   data-width=\"500.00\"                   data-height=\"375.00\"                   data-src=\"https:\/\/mbuniverzitet.edu.rs\/wp-content\/uploads\/photo-gallery\/thumb\/Esd23_5.jpg?bwg=1684480762\"                   src=\"https:\/\/mbuniverzitet.edu.rs\/wp-content\/uploads\/photo-gallery\/thumb\/Esd23_5.jpg?bwg=1684480762\"                   alt=\"\"                   title=\"\" \/>            <\/div>            <div class=\"bwg-zoom-effect-overlay\">              <div class=\"bwg-title1\"><div class=\"bwg-title2\">&nbsp;<\/div><\/div>                                        <\/div>          <\/div>        <\/div>                        <\/a>              <\/div>            <div class=\"bwg-item\">        <a class=\"bwg-a  bwg_lightbox\"  data-image-id=\"1\" href=\"https:\/\/mbuniverzitet.edu.rs\/wp-content\/uploads\/photo-gallery\/Esd23_6_(1).jpg?bwg=1684480762\" data-elementor-open-lightbox=\"no\">                <div class=\"bwg-item0 \">          <div class=\"bwg-item1 bwg-zoom-effect\">            <div class=\"bwg-item2\">              <img decoding=\"async\" class=\"skip-lazy bwg_standart_thumb_img_8 \"                   data-id=\"1\"                   data-width=\"500.00\"                   data-height=\"375.00\"                   data-src=\"https:\/\/mbuniverzitet.edu.rs\/wp-content\/uploads\/photo-gallery\/thumb\/Esd23_6_(1).jpg?bwg=1684480762\"                   src=\"https:\/\/mbuniverzitet.edu.rs\/wp-content\/uploads\/photo-gallery\/thumb\/Esd23_6_(1).jpg?bwg=1684480762\"                   alt=\"\"                   title=\"\" \/>            <\/div>            <div class=\"bwg-zoom-effect-overlay\">              <div class=\"bwg-title1\"><div class=\"bwg-title2\">&nbsp;<\/div><\/div>                                        <\/div>          <\/div>        <\/div>                        <\/a>              <\/div>            <div class=\"bwg-item\">        <a class=\"bwg-a  bwg_lightbox\"  data-image-id=\"4\" href=\"https:\/\/mbuniverzitet.edu.rs\/wp-content\/uploads\/photo-gallery\/Esd23_7.jpg?bwg=1684480762\" data-elementor-open-lightbox=\"no\">                <div class=\"bwg-item0 \">          <div class=\"bwg-item1 bwg-zoom-effect\">            <div class=\"bwg-item2\">              <img decoding=\"async\" class=\"skip-lazy bwg_standart_thumb_img_8 \"                   data-id=\"4\"                   data-width=\"500.00\"                   data-height=\"286.00\"                   data-src=\"https:\/\/mbuniverzitet.edu.rs\/wp-content\/uploads\/photo-gallery\/thumb\/Esd23_7.jpg?bwg=1684480762\"                   src=\"https:\/\/mbuniverzitet.edu.rs\/wp-content\/uploads\/photo-gallery\/thumb\/Esd23_7.jpg?bwg=1684480762\"                   alt=\"\"                   title=\"\" \/>            <\/div>            <div class=\"bwg-zoom-effect-overlay\">              <div class=\"bwg-title1\"><div class=\"bwg-title2\">&nbsp;<\/div><\/div>                                        <\/div>          <\/div>        <\/div>                        <\/a>              <\/div>            <div class=\"bwg-item\">        <a class=\"bwg-a  bwg_lightbox\"  data-image-id=\"2\" href=\"https:\/\/mbuniverzitet.edu.rs\/wp-content\/uploads\/photo-gallery\/Esd23_8.jpg?bwg=1684480762\" data-elementor-open-lightbox=\"no\">                <div class=\"bwg-item0 \">          <div class=\"bwg-item1 bwg-zoom-effect\">            <div class=\"bwg-item2\">              <img decoding=\"async\" class=\"skip-lazy bwg_standart_thumb_img_8 \"                   data-id=\"2\"                   data-width=\"375.00\"                   data-height=\"500.00\"                   data-src=\"https:\/\/mbuniverzitet.edu.rs\/wp-content\/uploads\/photo-gallery\/thumb\/Esd23_8.jpg?bwg=1684480762\"                   src=\"https:\/\/mbuniverzitet.edu.rs\/wp-content\/uploads\/photo-gallery\/thumb\/Esd23_8.jpg?bwg=1684480762\"                   alt=\"\"                   title=\"\" \/>            <\/div>            <div class=\"bwg-zoom-effect-overlay\">              <div class=\"bwg-title1\"><div class=\"bwg-title2\">&nbsp;<\/div><\/div>                                        <\/div>          <\/div>        <\/div>                        <\/a>              <\/div>            <div class=\"bwg-item\">        <a class=\"bwg-a  bwg_lightbox\"  data-image-id=\"5\" href=\"https:\/\/mbuniverzitet.edu.rs\/wp-content\/uploads\/photo-gallery\/Esd23_9.jpg?bwg=1684480762\" data-elementor-open-lightbox=\"no\">                <div class=\"bwg-item0 \">          <div class=\"bwg-item1 bwg-zoom-effect\">            <div class=\"bwg-item2\">              <img decoding=\"async\" class=\"skip-lazy bwg_standart_thumb_img_8 \"                   data-id=\"5\"                   data-width=\"225.00\"                   data-height=\"500.00\"                   data-src=\"https:\/\/mbuniverzitet.edu.rs\/wp-content\/uploads\/photo-gallery\/thumb\/Esd23_9.jpg?bwg=1684480762\"                   src=\"https:\/\/mbuniverzitet.edu.rs\/wp-content\/uploads\/photo-gallery\/thumb\/Esd23_9.jpg?bwg=1684480762\"                   alt=\"\"                   title=\"\" \/>            <\/div>            <div class=\"bwg-zoom-effect-overlay\">              <div class=\"bwg-title1\"><div class=\"bwg-title2\">&nbsp;<\/div><\/div>                                        <\/div>          <\/div>        <\/div>                        <\/a>              <\/div>            <div class=\"bwg-item\">        <a class=\"bwg-a  bwg_lightbox\"  data-image-id=\"3\" href=\"https:\/\/mbuniverzitet.edu.rs\/wp-content\/uploads\/photo-gallery\/Esd23_10.jpg?bwg=1684480762\" data-elementor-open-lightbox=\"no\">                <div class=\"bwg-item0 \">          <div class=\"bwg-item1 bwg-zoom-effect\">            <div class=\"bwg-item2\">              <img decoding=\"async\" class=\"skip-lazy bwg_standart_thumb_img_8 \"                   data-id=\"3\"                   data-width=\"375.00\"                   data-height=\"500.00\"                   data-src=\"https:\/\/mbuniverzitet.edu.rs\/wp-content\/uploads\/photo-gallery\/thumb\/Esd23_10.jpg?bwg=1684480762\"                   src=\"https:\/\/mbuniverzitet.edu.rs\/wp-content\/uploads\/photo-gallery\/thumb\/Esd23_10.jpg?bwg=1684480762\"                   alt=\"\"                   title=\"\" \/>            <\/div>            <div class=\"bwg-zoom-effect-overlay\">              <div class=\"bwg-title1\"><div class=\"bwg-title2\">&nbsp;<\/div><\/div>                                        <\/div>          <\/div>        <\/div>                        <\/a>              <\/div>            <div class=\"bwg-item\">        <a class=\"bwg-a  bwg_lightbox\"  data-image-id=\"6\" href=\"https:\/\/mbuniverzitet.edu.rs\/wp-content\/uploads\/photo-gallery\/Esd23_11.jpg?bwg=1684480762\" data-elementor-open-lightbox=\"no\">                <div class=\"bwg-item0 \">          <div class=\"bwg-item1 bwg-zoom-effect\">            <div class=\"bwg-item2\">              <img decoding=\"async\" class=\"skip-lazy bwg_standart_thumb_img_8 \"                   data-id=\"6\"                   data-width=\"225.00\"                   data-height=\"500.00\"                   data-src=\"https:\/\/mbuniverzitet.edu.rs\/wp-content\/uploads\/photo-gallery\/thumb\/Esd23_11.jpg?bwg=1684480762\"                   src=\"https:\/\/mbuniverzitet.edu.rs\/wp-content\/uploads\/photo-gallery\/thumb\/Esd23_11.jpg?bwg=1684480762\"                   alt=\"\"                   title=\"\" \/>            <\/div>            <div class=\"bwg-zoom-effect-overlay\">              <div class=\"bwg-title1\"><div class=\"bwg-title2\">&nbsp;<\/div><\/div>                                        <\/div>          <\/div>        <\/div>                        <\/a>              <\/div>          <\/div>    <style>      \/*pagination styles*\/      #bwg_container1_8 #bwg_container2_8 .tablenav-pages_8 {\t\t\t\ttext-align: center;\t\t\t\tfont-size: 12px;\t\t\t\tfont-family: Ubuntu;\t\t\t\tfont-weight: bold;\t\t\t\tcolor: #666666;\t\t\t\tmargin: 6px 0 4px;\t\t\t\tdisplay: block;      }      @media only screen and (max-width : 320px) {      #bwg_container1_8 #bwg_container2_8 .displaying-num_8 {     \t display: none;      }      }      #bwg_container1_8 #bwg_container2_8 .displaying-num_8 {\t\t\t\tfont-size: 12px;\t\t\t\tfont-family: Ubuntu;\t\t\t\tfont-weight: bold;\t\t\t\tcolor: #666666;\t\t\t\tmargin-right: 10px;\t\t\t\tvertical-align: middle;      }      #bwg_container1_8 #bwg_container2_8 .paging-input_8 {\t\t\t\tfont-size: 12px;\t\t\t\tfont-family: Ubuntu;\t\t\t\tfont-weight: bold;\t\t\t\tcolor: #666666;\t\t\t\tvertical-align: middle;      }      #bwg_container1_8 #bwg_container2_8 .tablenav-pages_8 a.disabled,      #bwg_container1_8 #bwg_container2_8 .tablenav-pages_8 a.disabled:hover,      #bwg_container1_8 #bwg_container2_8 .tablenav-pages_8 a.disabled:focus,\t\t\t#bwg_container1_8 #bwg_container2_8 .tablenav-pages_8 input.bwg_current_page {\t\t\t\tcursor: default;\t\t\t\tcolor: rgba(102, 102, 102, 0.5);      }      #bwg_container1_8 #bwg_container2_8 .tablenav-pages_8 a,      #bwg_container1_8 #bwg_container2_8 .tablenav-pages_8 input.bwg_current_page {\t\t\t\tcursor: pointer;\t\t\t\ttext-align: center;\t\t\t\tfont-size: 12px;\t\t\t\tfont-family: Ubuntu;\t\t\t\tfont-weight: bold;\t\t\t\tcolor: #666666;\t\t\t\ttext-decoration: none;\t\t\t\tpadding: 3px 6px;\t\t\t\tmargin: 0;\t\t\t\tborder-radius: 0;\t\t\t\tborder-style: none;\t\t\t\tborder-width: 1px;\t\t\t\tborder-color: #E3E3E3;\t\t\t\t\t\t\t\tbackground-color: rgba(252, 252, 252, 1.00);\t\t\t\tbox-shadow: 0;\t\t\t\ttransition: all 0.3s ease 0s;-webkit-transition: all 0.3s ease 0s;      }      <\/style>      <span class=\"bwg_nav_cont_8\">              <div class=\"tablenav-pages_8\">                  <\/div>                <input type=\"hidden\" id=\"page_number_8\" name=\"page_number_8\" value=\"1\" \/>      <script type=\"text\/javascript\">        if( jQuery('.bwg_nav_cont_8').length > 1 ) {          jQuery('.bwg_nav_cont_8').first().remove()        }        function spider_page_8(cur, x, y, load_more) {          if (typeof load_more == \"undefined\") {            var load_more = false;          }          if (jQuery(cur).hasClass('disabled')) {            return false;          }          var items_county_8 = 1;          switch (y) {            case 1:              if (x >= items_county_8) {                document.getElementById('page_number_8').value = items_county_8;              }              else {                document.getElementById('page_number_8').value = x + 1;              }              break;            case 2:              document.getElementById('page_number_8').value = items_county_8;              break;            case -1:              if (x == 1) {                document.getElementById('page_number_8').value = 1;              }              else {                document.getElementById('page_number_8').value = x - 1;              }              break;            case -2:              document.getElementById('page_number_8').value = 1;              break;\t\t\t\t\t\tcase 0:              document.getElementById('page_number_8').value = x;              break;            default:              document.getElementById('page_number_8').value = 1;          }          bwg_ajax('gal_front_form_8', '8', 'bwg_thumbnails_8', '0', '', 'gallery', 0, '', '', load_more, '', 1);        }                    jQuery('.first-page-8').on('click', function () {              spider_page_8(this, 1, -2, 'numeric');              return false;            });            jQuery('.prev-page-8').on('click', function () {              spider_page_8(this, 1, -1, 'numeric');              return false;            });            jQuery('.next-page-8').on('click', function () {              spider_page_8(this, 1, 1, 'numeric');              return false;            });            jQuery('.last-page-8').on('click', function () {              spider_page_8(this, 1, 2, 'numeric');              return false;            });        \t\t\t\t\/* Change page on input enter. *\/        function bwg_change_page_8( e, that ) {          if (  e.key == 'Enter' ) {            var to_page = parseInt(jQuery(that).val());            var pages_count = jQuery(that).parents(\".pagination-links\").data(\"pages-count\");            var current_url_param = jQuery(that).attr('data-url-info');            if (to_page > pages_count) {              to_page = 1;            }\t \t\t\t\t\t\t\t\t\t\t\t\tspider_page_8(this, to_page, 0, 'numeric');\t\t\t\t\t\t\treturn false;\t\t\t\t\t\t          }          return true;        }        jQuery('.bwg_load_btn_8').on('click', function () {            spider_page_8(this, 1, 1, true);            return false;        });      <\/script>      <\/span>                <\/div>        <\/form>        <style>          #bwg_container1_8 #bwg_container2_8 #spider_popup_overlay_8 {          background-color: #000000;          opacity: 0.70;          }          <\/style>        <div id=\"bwg_spider_popup_loading_8\" class=\"bwg_spider_popup_loading\"><\/div>        <div id=\"spider_popup_overlay_8\" class=\"spider_popup_overlay\" onclick=\"spider_destroypopup(1000)\"><\/div>        <input type=\"hidden\" id=\"bwg_random_seed_8\" value=\"27713068\">                <\/div>    <\/div>    <script>      if (document.readyState === 'complete') {        if( typeof bwg_main_ready == 'function' ) {          if ( jQuery(\"#bwg_container1_8\").height() ) {            bwg_main_ready(jQuery(\"#bwg_container1_8\"));          }        }      } else {        document.addEventListener('DOMContentLoaded', function() {          if( typeof bwg_main_ready == 'function' ) {            if ( jQuery(\"#bwg_container1_8\").height() ) {             bwg_main_ready(jQuery(\"#bwg_container1_8\"));            }          }        });      }    <\/script>    <\/p><p>U uvodnom izlaganju su se obratili profesorka dr \u017divanka Miladinovi\u0107-Bogavac u ime vlasnika,\u00a0\u010dlan programskog i organizacionog odbora ESD konferencije profesor dr Igor\u00a0Pihir<strong>\u00a0<\/strong>iz Agencije za razvoj i preduzetni\u0161tvo Vara\u017edin i redovni professor dr Du\u0161an Regodi\u0107, dipl. in\u017e. Ispred programskog i organizacionog odbora Univerziteta MB.\u00a0<\/p><p>\u00a0<\/p><p>Organizatori 96. Me\u0111unarodne ESD konferencije su:<\/p><p>1. Univerzitet MB Poslovni i pravni fakultet, Beograd.<br \/>2. Univerzitet Sever, Fakultet za menad\u017ement, Univerzitet u Var\u0161avi;<br \/>3. Univerzitet Muhamed V u Rabatu; Fakultet prava, ekonomije i dru\u0161tvenih nauka<br \/>4. <a href=\"https:\/\/encgt.ma\/\">ENCGT &#8211; Ecole Nationale de Commerce et de Gestion de Tanger\/ Abdelmalek Essaadi University<\/a><br \/>5. Politehnika Me\u0111imurje u \u010cakovcu.<br \/>6. Agencija za razvoj i preduzetni\u0161tvo Vara\u017edin;<\/p><p>\u00a0<\/p><p>Program konferencije se mo\u017ee videti na linku\u00a0Univerziteta MB:<\/p><p><a href=\"https:\/\/mbuniverzitet.edu.rs\/wp-content\/uploads\/2023\/05\/Program_esdBelgradeMB_2023_fin.pdf\" target=\"_blank\" rel=\"noopener\">Program_esdBelgradeMB_2023 (mbuniverzitet.edu.rs)<\/a>.<\/p><p><br \/>Posle zavr\u0161etka konferencije vlasnik Univerziteta MB je organizovao sve\u010dani ru\u010dak i dru\u017eenje svih u\u010desnika u predivnom ambijentu restorana Fran\u0161, jednog od najeminentnijih restorana u Beogradu.<\/p><p>\u00a0<\/p><\/div>\n\t\t\t\t\t<\/div><\/div>\t\t\t\t<\/div>\n\t\t\t\t<\/div>\n\t\t\t\t<div class=\"elementor-element elementor-element-1950fa7 exad-sticky-section-no exad-glass-effect-no elementor-widget elementor-widget-eael-adv-accordion\" data-id=\"1950fa7\" data-element_type=\"widget\" data-e-type=\"widget\" data-widget_type=\"eael-adv-accordion.default\">\n\t\t\t\t<div class=\"elementor-widget-container\">\n\t\t\t\t\t            <div class=\"eael-adv-accordion\" id=\"eael-adv-accordion-1950fa7\" data-scroll-on-click=\"no\" data-scroll-speed=\"300\" data-accordion-id=\"1950fa7\" data-accordion-type=\"accordion\" data-toogle-speed=\"300\">\n            <div class=\"eael-accordion-list\">\n\t\t\t\t\t<div id=\"poziv-96-meunarodna-esd-konferencija-2023-international-scientific-conference-on-economic-and-social-development-era-of-global-crises-vidi-vie\" class=\"elementor-tab-title eael-accordion-header\" tabindex=\"0\" data-tab=\"1\" aria-controls=\"elementor-tab-content-2651\"><span class=\"eael-accordion-tab-title\">Poziv - 96. Me\u0111unarodna ESD Konferencija 2023 (International Scientific Conference on Economic and Social Development - \"Era of Global Crises\") (Vidi vi\u0161e)<\/span><\/div><div id=\"elementor-tab-content-2651\" class=\"eael-accordion-content clearfix\" data-tab=\"1\" aria-labelledby=\"poziv-96-meunarodna-esd-konferencija-2023-international-scientific-conference-on-economic-and-social-development-era-of-global-crises-vidi-vie\"><p>Dana\u00a0 18.05.2023. godine u vremenu od 09.00 do 17.00 na Univerzitetu MB, Poslovni i pravi fakultet \u00a0\u0107e se realizovati\u00a0<b>96. Me\u0111unarodna ESD Konferencija 2023 (<\/b><b>International Scientific Conference on Economic and Social Development &#8211; &#8222;Era of Global Crises&#8220;<\/b><b>).<\/b><\/p><p><b>Mesto realizacije:<\/b>\u00a0prostor\u00a0Univerziteta MB,\u00a0ulica Teodora Drajzera 27, 11000 Beograd, Srbija.<\/p><p><strong>Organizatori 96. Me\u0111unarodne ESD konferencije su :<\/strong><b><\/b><\/p><ol><li>Univerzitet MB, Poslovni i pravni fakultet, Beograd;<\/li><li>Univerzitet Sever, Fakultet za menad\u017ement, Univerzitet u Var\u0161avi;<\/li><li>Univerzitet Muhamed V u Rabatu; Fakultet prava, ekonomije i dru\u0161tvenih nauka;<\/li><li><a href=\"https:\/\/encgt.ma\/\" target=\"_blank\" rel=\"noopener\">ENCGT &#8211; Ecole Nationale de Commerce et de Gestion de Tanger\/ Abdelmalek Essaadi University;<\/a><\/li><li>Politehnika Me\u0111imurje u \u010cakovcu;<\/li><li>Agencija za razvoj i preduzetni\u0161tvo Vara\u017edin.<\/li><\/ol><p><b><u>Vidi vi\u0161e<\/u><\/b><\/p><p><a href=\"https:\/\/www.esd-conference.com\/conference\/102\" target=\"_blank\" rel=\"noopener\">https:\/\/www.esd-conference.com\/conference\/102<\/a><\/p><p><a href=\"https:\/\/www.esd-conference.com\/\" target=\"_blank\" rel=\"noopener\">https:\/\/www.esd-conference.com\/<\/a><\/p><p><strong>\u00a0<\/strong><\/p><p><strong>Pozivaju se autori ili koautori da obavezno do\u0111u na konferenciju i izlo\u017ee svoje radove.<\/strong><\/p><p>Zbornici sa pro\u0161lih konferencija indeksirani su u CPCI (WoS), EconLit, ABI Inform (by ProQuest), EBSCO and EconBIZ.<\/p><p>Teme konferencije mo\u017eete videti na linku\u00a0Univerziteta MB:<\/p><p><a href=\"https:\/\/mbuniverzitet.edu.rs\/\" target=\"_blank\" rel=\"noopener\">https:\/\/mbuniverzitet.edu.rs\/<\/a><\/p><p><a href=\"https:\/\/esd-conference.com\/conference\/102\" target=\"_blank\" rel=\"noopener\">https:\/\/esd-conference.com\/conference\/102<\/a><\/p><p>Sve novosti vezane za konferenciju mo\u017eete pratiti na web sajtu Univerziteta MB\u00a0<a href=\"https:\/\/mbuniverzitet.edu.rs\/naucni-skupovi\/\" target=\"_blank\" rel=\"noopener\">https:\/\/mbuniverzitet.edu.rs\/naucni-skupovi\/<\/a><\/p><p><strong>U\u010desnici 96. ESD konferencije:<\/strong> 101 autor i koautor.<\/p><p><strong>Broj radova:<\/strong> 41 rad.<\/p><p><strong>Na\u010din realizacije<\/strong>: Uvodno obra\u0107anje organizatora i rad po sekcijama. Izlaganje autora\/koautora mo\u017ee biti na srpskom jeziku u trajanju do 10 minuta. Prezentacije se rade na uzorku Univerziteta MB. Izlaganje svakog u\u010desnika \u0107e biti podr\u017eano projekcijom slike i teksta.\u00a0<\/p><p><strong>Prilog:<\/strong> <a href=\"https:\/\/mbuniverzitet.edu.rs\/wp-content\/uploads\/2023\/05\/Program_esdBelgradeMB_2023_fin.pdf\" target=\"_blank\" rel=\"noopener\">Agenda Me\u0111unarodne nau\u010dne konferencije ESD 2023<\/a><\/p><\/div>\n\t\t\t\t\t<\/div><\/div>\t\t\t\t<\/div>\n\t\t\t\t<\/div>\n\t\t\t\t<div class=\"elementor-element elementor-element-0590cf9 exad-sticky-section-no exad-glass-effect-no elementor-widget elementor-widget-eael-adv-accordion\" data-id=\"0590cf9\" data-element_type=\"widget\" data-e-type=\"widget\" data-widget_type=\"eael-adv-accordion.default\">\n\t\t\t\t<div class=\"elementor-widget-container\">\n\t\t\t\t\t            <div class=\"eael-adv-accordion\" id=\"eael-adv-accordion-0590cf9\" data-scroll-on-click=\"no\" data-scroll-speed=\"300\" data-accordion-id=\"0590cf9\" data-accordion-type=\"accordion\" data-toogle-speed=\"300\">\n            <div class=\"eael-accordion-list\">\n\t\t\t\t\t<div id=\"povodom-meunarodnog-praznika-rada-prvog-maja-na-univerzitetu-mb-se-nee-odravati-nastava-i-konsultacije-01-i-02-maja-2023-godine-vidi-vie\" class=\"elementor-tab-title eael-accordion-header\" tabindex=\"0\" data-tab=\"1\" aria-controls=\"elementor-tab-content-5831\"><span class=\"eael-accordion-tab-title\">Povodom Me\u0111unarodnog praznika rada - Prvog maja, na Univerzitetu \"MB\" se ne\u0107e odr\u017eavati nastava i konsultacije 01. i 02. maja 2023. godine. (Vidi vi\u0161e)<\/span><\/div><div id=\"elementor-tab-content-5831\" class=\"eael-accordion-content clearfix\" data-tab=\"1\" aria-labelledby=\"povodom-meunarodnog-praznika-rada-prvog-maja-na-univerzitetu-mb-se-nee-odravati-nastava-i-konsultacije-01-i-02-maja-2023-godine-vidi-vie\"><p>Poslednji radni i nastavni dan pre praznika je petak, 28. april, a prvi nastavni dan nakon praznika je sreda, 3. maj 2023. godine. Svim stalno zaposlenim, studentima i prijateljima Univerziteta &#8222;MB&#8220; sre\u0107ni PRVOMAJSKI PRAZNICI. Menad\u017ement Univerziteta &#8222;MB&#8220;.<\/p><\/div>\n\t\t\t\t\t<\/div><\/div>\t\t\t\t<\/div>\n\t\t\t\t<\/div>\n\t\t\t\t<div class=\"elementor-element elementor-element-672938f exad-sticky-section-no exad-glass-effect-no elementor-widget elementor-widget-eael-adv-accordion\" data-id=\"672938f\" data-element_type=\"widget\" data-e-type=\"widget\" data-widget_type=\"eael-adv-accordion.default\">\n\t\t\t\t<div class=\"elementor-widget-container\">\n\t\t\t\t\t            <div class=\"eael-adv-accordion\" id=\"eael-adv-accordion-672938f\" data-scroll-on-click=\"no\" data-scroll-speed=\"300\" data-accordion-id=\"672938f\" data-accordion-type=\"accordion\" data-toogle-speed=\"300\">\n            <div class=\"eael-accordion-list\">\n\t\t\t\t\t<div id=\"poseta-recezentske-komisije-za-reakreditaciju-studijskih-programa-oas-i-mas-klasino-slikarstvo-vidi-vie\" class=\"elementor-tab-title eael-accordion-header\" tabindex=\"0\" data-tab=\"1\" aria-controls=\"elementor-tab-content-1081\"><span class=\"eael-accordion-tab-title\">Poseta Recezentske komisije za reakreditaciju studijskih programa OAS i MAS Klasi\u010dno slikarstvo. (Vidi Vi\u0161e)<\/span><\/div><div id=\"elementor-tab-content-1081\" class=\"eael-accordion-content clearfix\" data-tab=\"1\" aria-labelledby=\"poseta-recezentske-komisije-za-reakreditaciju-studijskih-programa-oas-i-mas-klasino-slikarstvo-vidi-vie\"><div>U sklopu redovnog procesa reakreditacije dva studijska programa dana 05.04.2023.godine u poseti Univerzitetu MB, Akademiji klasi\u010dnog slikarstva bila je Recezentska komisija u sastavu:<\/div><div>\u00a0<\/div><div><span style=\"font-size: 16px\">1. Prof. Jadranka Simonovi\u0107, (predsednik recenzentske komisije);<\/span><\/div><div>2. Prof. Goran Despotovski,<\/div><div>3. Prof. Suzana Vu\u010dkovi\u0107,<\/div><div>4. Sonja \u017dugi\u0107, stru\u010dnjak iz prakse,<\/div><div>5. Tijana Popovi\u0107, student,<\/div><div>6. Ana Marjanovi\u0107 (koordinator recenzentske komisije).<\/div><div><div>\u00a0<\/div><div>Komisiju je primio rektor Univerziteta MB sa prorektorima, sekretarom,\u00a0\u00a0dekanom\u00a0i prodekanima Akademije klasi\u010dnog slikartsva, delom profesora, administracije, predsednikom Studentskog parlamenta, predsednikom Alumni asocijacije i predstavnikom privrede.<\/div><div>\u00a0<\/div><div>Recezentska komisija je stekla uvid u prostorne i materijalno tehni\u010dke uslove, nastavno obrazovnu\u00a0literaturu, ljudski resurs, dokumentaciju, zakonitost rada, pravila i propise\u00a0za kvalitetnu\u00a0realizaciju nastavnog procesa.<\/div><\/div><div>\u00a0<\/div><\/div>\n\t\t\t\t\t<\/div><\/div>\t\t\t\t<\/div>\n\t\t\t\t<\/div>\n\t\t\t\t<div class=\"elementor-element elementor-element-34052aa exad-sticky-section-no exad-glass-effect-no elementor-widget elementor-widget-eael-adv-accordion\" data-id=\"34052aa\" data-element_type=\"widget\" data-e-type=\"widget\" data-widget_type=\"eael-adv-accordion.default\">\n\t\t\t\t<div class=\"elementor-widget-container\">\n\t\t\t\t\t            <div class=\"eael-adv-accordion\" id=\"eael-adv-accordion-34052aa\" data-scroll-on-click=\"no\" data-scroll-speed=\"300\" data-accordion-id=\"34052aa\" data-accordion-type=\"accordion\" data-toogle-speed=\"300\">\n            <div class=\"eael-accordion-list\">\n\t\t\t\t\t<div id=\"javna-odbrana-doktorske-disertacije-doktoranda-msr-jugoslava-vukadinovia-vidi-vie\" class=\"elementor-tab-title eael-accordion-header\" tabindex=\"0\" data-tab=\"1\" aria-controls=\"elementor-tab-content-5451\"><span class=\"eael-accordion-tab-title\">Javna odbrana doktorske disertacije doktoranda Msr Jugoslava Vukadinovi\u0107a (Vidi vi\u0161e)<\/span><\/div><div id=\"elementor-tab-content-5451\" class=\"eael-accordion-content clearfix\" data-tab=\"1\" aria-labelledby=\"javna-odbrana-doktorske-disertacije-doktoranda-msr-jugoslava-vukadinovia-vidi-vie\"><p>Dana 03.04.2023. godine u 12.00 \u010dasova na Poslovnom i pravnom fakultetu Univerziteta MB u ulici Teodora Drajzera 27, u amfiteatru broj 4 (poslednji sprat) doktorand Msr Jugoslav Vukadinovi\u0107 \u0107e braniti doktorsku disertaciju pod nazivom\u00a0\u00a0,,<strong>Diplomatske privilegije i imuniteti: pojam, razvoj, aktuelni problemi i perspektive,,<\/strong><strong>\u00a0<\/strong>pred Komisijom:\u00a0<\/p><ol><li>prof dr Rodoljub Etinski &#8211; predsednik komisije<\/li><li>prof dr Ne\u0111o Danilovi\u0107 &#8211; \u010dlan komisije<\/li><li>prof dr Boris Krivokapi\u0107, mentor kandidata i ujedno \u010dlan komisije.<\/li><\/ol><\/div>\n\t\t\t\t\t<\/div><\/div>\t\t\t\t<\/div>\n\t\t\t\t<\/div>\n\t\t\t\t<div class=\"elementor-element elementor-element-d703010 exad-sticky-section-no exad-glass-effect-no elementor-widget elementor-widget-eael-adv-accordion\" data-id=\"d703010\" data-element_type=\"widget\" data-e-type=\"widget\" data-widget_type=\"eael-adv-accordion.default\">\n\t\t\t\t<div class=\"elementor-widget-container\">\n\t\t\t\t\t            <div class=\"eael-adv-accordion\" id=\"eael-adv-accordion-d703010\" data-scroll-on-click=\"no\" data-scroll-speed=\"300\" data-accordion-id=\"d703010\" data-accordion-type=\"accordion\" data-toogle-speed=\"300\">\n            <div class=\"eael-accordion-list\">\n\t\t\t\t\t<div id=\"04042023-godine-dan-studenata-u-republici-srbiji-tim-povodom-rektor-univerziteta-mb-je-primio-studenticu-prorektora-miu-stanii-vidi-vie\" class=\"elementor-tab-title eael-accordion-header\" tabindex=\"0\" data-tab=\"1\" aria-controls=\"elementor-tab-content-2251\"><span class=\"eael-accordion-tab-title\">04.04.2023. godine - dan studenata u Republici Srbiji.  Tim povodom  rektor Univerziteta MB je primio studenticu prorektora Miu Stani\u0161i\u0107. (Vidi vi\u0161e)<\/span><\/div><div id=\"elementor-tab-content-2251\" class=\"eael-accordion-content clearfix\" data-tab=\"1\" aria-labelledby=\"04042023-godine-dan-studenata-u-republici-srbiji-tim-povodom-rektor-univerziteta-mb-je-primio-studenticu-prorektora-miu-stanii-vidi-vie\"><p>Dan studenata obele\u017eava se 4. aprila, u znak se\u0107anja na demonstracije koje su beogradski studenti organizovali 1936. godine zbog narastaju\u0107eg fa\u0161izma u Evropi. Tada je tokom protesta ubijen student prava \u017darko Marinovi\u0107.\u00a0<\/p><p>Prilikom susreta sa studenticom prorektorom prof. dr Du\u0161an Regodi\u0107 je naglasio:,, Studenti svojim znanjem i obrazovanjem predstavljaju deo mlade generacije na\u0161eg dru\u0161tva.\u00a0\u00a0Dr\u017eavi su potrebni mladi ljudi koji \u0107e dati doprinos napretku u razli\u010ditim segmentima na\u0161eg dru\u0161tva. Dan studenata ba\u0161tini sna\u017enu ideju mladih generacija i njihovu jasnu viziju budu\u0107nosti i uloge studenata u dru\u0161tvu. Sticanjem visokog obrazovanja studenti\u00a0 predstavljaju na\u0161u budu\u0107nost.\u00a0\u00a0Studenti\u00a0 svojim znanjima vode ka progresu i napretku na\u0161e dr\u017eave, simboli\u0161e kontinuirane promene i inovativne ideje koje vode ka progresu\u00a0 \u010ditavog dru\u0161tva.\u00a0<\/p><p>Obrazovanje i nauka su na izvoru znanja i bitna osnova za kontinuirani\u00a0 ekonomski i dru\u0161tveni razvoj.\u00a0Strate\u0161ki prioritet Univerziteta MB je kvalitetno obrazovanje na svim nivoima, kao i pove\u0107anje dostupnosti obrazovanja mladim ljudima \u0161irom Republike Srbije. Na\u0161a misija je da svim studentima omogu\u0107imo kvalitetne uslove za studiranje, zbog toga stalno dogra\u0111ujemo prostorne kapacitete, unapre\u0111ujemo materijalnu bazu nastave, izradu nastavno obrazovne literature\u00a0 i investiramo u nove studijske programe&#8220;.<\/p><p>Studentica prorektor Mia Stani\u0161i\u0107 se u ime svih studenata Univerziteta MB zahvalila rektoru na prijemu.<\/p><p>Menad\u017ement Univerziteta MB u ime svih zaposlenih \u010destita studentima 4. april, Dan studenata u Republici Srbiji.<\/p><\/div>\n\t\t\t\t\t<\/div><\/div>\t\t\t\t<\/div>\n\t\t\t\t<\/div>\n\t\t\t\t<div class=\"elementor-element elementor-element-a685a88 exad-sticky-section-no exad-glass-effect-no elementor-widget elementor-widget-eael-adv-accordion\" data-id=\"a685a88\" data-element_type=\"widget\" data-e-type=\"widget\" data-widget_type=\"eael-adv-accordion.default\">\n\t\t\t\t<div class=\"elementor-widget-container\">\n\t\t\t\t\t            <div class=\"eael-adv-accordion\" id=\"eael-adv-accordion-a685a88\" data-scroll-on-click=\"no\" data-scroll-speed=\"300\" data-accordion-id=\"a685a88\" data-accordion-type=\"accordion\" data-toogle-speed=\"300\">\n            <\/div>\t\t\t\t<\/div>\n\t\t\t\t<\/div>\n\t\t\t\t<div class=\"elementor-element elementor-element-5375764 exad-sticky-section-no exad-glass-effect-no elementor-widget elementor-widget-eael-adv-accordion\" data-id=\"5375764\" data-element_type=\"widget\" data-e-type=\"widget\" data-widget_type=\"eael-adv-accordion.default\">\n\t\t\t\t<div class=\"elementor-widget-container\">\n\t\t\t\t\t            <div class=\"eael-adv-accordion\" id=\"eael-adv-accordion-5375764\" data-scroll-on-click=\"no\" data-scroll-speed=\"300\" data-accordion-id=\"5375764\" data-accordion-type=\"accordion\" data-toogle-speed=\"300\">\n            <div class=\"eael-accordion-list\">\n\t\t\t\t\t<div id=\"velika-poseenost-i-medijski-prikaz-izlobe-doktorskog-umetnikog-istraivakog-projekta-docenta-na-akademiji-klasinog-slikarstva-univerziteta-mb-magistra-ora-sokolovskog-na-dnevniku-rts-1-u-1200-na-dan-09032023-godine-vidi-vie\" class=\"elementor-tab-title eael-accordion-header\" tabindex=\"0\" data-tab=\"1\" aria-controls=\"elementor-tab-content-8751\"><span class=\"eael-accordion-tab-title\">Velika pose\u0107enost i medijski prikaz  izlo\u017ebe Doktorskog umetni\u010dkog istra\u017eiva\u010dkog projekta docenta na Akademiji klasi\u010dnog slikarstva Univerziteta MB  magistra \u0110or\u0111a Sokolovskog na Dnevniku RTS 1 u 12:00 na dan 09.03.2023. godine. (Vidi vi\u0161e)<\/span><i aria-hidden=\"true\" class=\"fa-toggle fas fa-angle-right\"><\/i><\/div><div id=\"elementor-tab-content-8751\" class=\"eael-accordion-content clearfix\" data-tab=\"1\" aria-labelledby=\"velika-poseenost-i-medijski-prikaz-izlobe-doktorskog-umetnikog-istraivakog-projekta-docenta-na-akademiji-klasinog-slikarstva-univerziteta-mb-magistra-ora-sokolovskog-na-dnevniku-rts-1-u-1200-na-dan-09032023-godine-vidi-vie\"><p>Docent na Akademiji klasi\u010dnog slikarstva Univerziteta MB \u0110or\u0111e Sokolovski je slikar nepresu\u0161nog umetni\u010dkog talenta specifi\u010dne poetike, estetike i tematike. Izlo\u017eba je koncipirana kao izlo\u017eba slika i kola\u017ea. Tematski predstavlja umetni\u010dku igru autora kroz materiju i duhovno prisustvo onostranog. Kroz umetni\u010dki rad autora predstavljen je dodir duha i materije i o\u017eivljavanje materije, poigravanja sa ritmom i racionalno kori\u0161tenje prostora.<\/p><p>\u00a0<\/p><p>Izlo\u017ebe slika i kola\u017ea Doktorskog umetni\u010dkog istra\u017eiva\u010dkog projekta je nai\u0161la na veliko interesovanje brojnih slikara, studenata i umetni\u010dke publike \u017eeljne kvalitetnih slikarskih radova. Izlo\u017eba je organizovana od 08.03. do 14.03.2023.godine \u00a0u Galeriji na Fakultetu likovnih umetnosti Univerziteta umetnosti u Beogradu je na\u0161la veliki odjek u javnosti.<\/p><p>\u00a0<\/p><p>Pored brojnih posetilaca i ljubitelja slikarskog umetni\u010dkog dela izlo\u017eba je prikazana u Dnevniku na RTS 1:\u00a0<a href=\"https:\/\/youtu.be\/wK8HkRfFlZ4\" target=\"_blank\" rel=\"noopener\">https:\/\/youtu.be\/wK8HkRfFlZ4\u00a0<\/a><\/p><\/div>\n\t\t\t\t\t<\/div><\/div>\t\t\t\t<\/div>\n\t\t\t\t<\/div>\n\t\t\t\t<div class=\"elementor-element elementor-element-173897c exad-sticky-section-no exad-glass-effect-no elementor-widget elementor-widget-eael-adv-accordion\" data-id=\"173897c\" data-element_type=\"widget\" data-e-type=\"widget\" data-widget_type=\"eael-adv-accordion.default\">\n\t\t\t\t<div class=\"elementor-widget-container\">\n\t\t\t\t\t            <div class=\"eael-adv-accordion\" id=\"eael-adv-accordion-173897c\" data-scroll-on-click=\"no\" data-scroll-speed=\"300\" data-accordion-id=\"173897c\" data-accordion-type=\"accordion\" data-toogle-speed=\"300\">\n            <div class=\"eael-accordion-list\">\n\t\t\t\t\t<div id=\"odrana-humanitarno-edukativna-radionica-na-univerzitetu-mb-novi-susret-predstavnika-univerziteta-mb-sa-rtvama-porodinog-nasilja-humanost-vlasnika-univerziteta-ponovo-na-delu-vidi-vie\" class=\"elementor-tab-title eael-accordion-header\" tabindex=\"0\" data-tab=\"1\" aria-controls=\"elementor-tab-content-2431\"><span class=\"eael-accordion-tab-title\">Odr\u017eana humanitarno edukativna radionica na Univerzitetu MB. Novi susret predstavnika Univerziteta MB sa \u017ertvama porodi\u010dnog nasilja. Humanost vlasnika Univerziteta ponovo na delu. (Vidi vi\u0161e)<\/span><i aria-hidden=\"true\" class=\"fa-toggle fas fa-angle-right\"><\/i><\/div><div id=\"elementor-tab-content-2431\" class=\"eael-accordion-content clearfix\" data-tab=\"1\" aria-labelledby=\"odrana-humanitarno-edukativna-radionica-na-univerzitetu-mb-novi-susret-predstavnika-univerziteta-mb-sa-rtvama-porodinog-nasilja-humanost-vlasnika-univerziteta-ponovo-na-delu-vidi-vie\"><p>Dana 4. marta 2023. godine odr\u017eana je \u201cHumanitarno-edukativna radionica\u201d sa decom \u017ertvama porodi\u010dnog nasilja. Organizator akcije je Studentski parlament Poslovnog i pravnog fakulteta Univerziteta MB.<\/p><p>\u00a0<\/p><p><a href=\"https:\/\/mbuniverzitet.edu.rs\/wp-content\/uploads\/2023\/03\/foto-4.jpg\"><img loading=\"lazy\" decoding=\"async\" class=\"aligncenter size-medium wp-image-14174\" src=\"https:\/\/mbuniverzitet.edu.rs\/wp-content\/uploads\/2023\/03\/foto-4-300x300.jpg\" alt=\"\" width=\"300\" height=\"300\" srcset=\"https:\/\/mbuniverzitet.edu.rs\/wp-content\/uploads\/2023\/03\/foto-4-300x300.jpg 300w, https:\/\/mbuniverzitet.edu.rs\/wp-content\/uploads\/2023\/03\/foto-4-1024x1024.jpg 1024w, https:\/\/mbuniverzitet.edu.rs\/wp-content\/uploads\/2023\/03\/foto-4-150x150.jpg 150w, https:\/\/mbuniverzitet.edu.rs\/wp-content\/uploads\/2023\/03\/foto-4-768x768.jpg 768w, https:\/\/mbuniverzitet.edu.rs\/wp-content\/uploads\/2023\/03\/foto-4-12x12.jpg 12w, https:\/\/mbuniverzitet.edu.rs\/wp-content\/uploads\/2023\/03\/foto-4.jpg 1080w\" sizes=\"(max-width: 300px) 100vw, 300px\" \/><\/a><\/p><p>\u00a0<\/p><p>Radionica je organizovana tematski u susret\u00a0 8. Martu \u2013\u00a0 Me\u0111unarodnom prazniku \u017eena. Deca su bila u prilici da kroz svoje umetni\u010dko stvarala\u0161tvo iska\u017eu iskrenu pa\u017enju i zahvalnost\u00a0 svojim najdra\u017eim majkama i bakama.<\/p><p>\u00a0<\/p><p><a href=\"https:\/\/mbuniverzitet.edu.rs\/wp-content\/uploads\/2023\/03\/foto-7.jpg\"><img loading=\"lazy\" decoding=\"async\" class=\"aligncenter size-medium wp-image-14177\" src=\"https:\/\/mbuniverzitet.edu.rs\/wp-content\/uploads\/2023\/03\/foto-7-300x300.jpg\" alt=\"\" width=\"300\" height=\"300\" srcset=\"https:\/\/mbuniverzitet.edu.rs\/wp-content\/uploads\/2023\/03\/foto-7-300x300.jpg 300w, https:\/\/mbuniverzitet.edu.rs\/wp-content\/uploads\/2023\/03\/foto-7-1024x1024.jpg 1024w, https:\/\/mbuniverzitet.edu.rs\/wp-content\/uploads\/2023\/03\/foto-7-150x150.jpg 150w, https:\/\/mbuniverzitet.edu.rs\/wp-content\/uploads\/2023\/03\/foto-7-768x768.jpg 768w, https:\/\/mbuniverzitet.edu.rs\/wp-content\/uploads\/2023\/03\/foto-7-12x12.jpg 12w, https:\/\/mbuniverzitet.edu.rs\/wp-content\/uploads\/2023\/03\/foto-7.jpg 1080w\" sizes=\"(max-width: 300px) 100vw, 300px\" \/><\/a><\/p><p>\u00a0<\/p><p><a href=\"https:\/\/mbuniverzitet.edu.rs\/wp-content\/uploads\/2023\/03\/foto-6.jpg\"><img loading=\"lazy\" decoding=\"async\" class=\"aligncenter size-medium wp-image-14176\" src=\"https:\/\/mbuniverzitet.edu.rs\/wp-content\/uploads\/2023\/03\/foto-6-300x300.jpg\" alt=\"\" width=\"300\" height=\"300\" srcset=\"https:\/\/mbuniverzitet.edu.rs\/wp-content\/uploads\/2023\/03\/foto-6-300x300.jpg 300w, https:\/\/mbuniverzitet.edu.rs\/wp-content\/uploads\/2023\/03\/foto-6-1024x1024.jpg 1024w, https:\/\/mbuniverzitet.edu.rs\/wp-content\/uploads\/2023\/03\/foto-6-150x150.jpg 150w, https:\/\/mbuniverzitet.edu.rs\/wp-content\/uploads\/2023\/03\/foto-6-768x768.jpg 768w, https:\/\/mbuniverzitet.edu.rs\/wp-content\/uploads\/2023\/03\/foto-6-12x12.jpg 12w, https:\/\/mbuniverzitet.edu.rs\/wp-content\/uploads\/2023\/03\/foto-6.jpg 1080w\" sizes=\"(max-width: 300px) 100vw, 300px\" \/><\/a><\/p><div>\u00a0<\/div><div>Radionica je bila izraz\u00a0 ljubavi dece \u017ertava porodi\u010dnog nasilja.<\/div><div>Deca su kroz svoj kreativni rad napravila najrazli\u010ditije dekoracije, narukvice, lan\u010di\u0107e ili priveske za klju\u010deve.<\/div><div>\u00a0<\/div><div><a href=\"https:\/\/mbuniverzitet.edu.rs\/wp-content\/uploads\/2023\/03\/foto-1.jpg\"><img loading=\"lazy\" decoding=\"async\" class=\"aligncenter size-medium wp-image-14172\" src=\"https:\/\/mbuniverzitet.edu.rs\/wp-content\/uploads\/2023\/03\/foto-1-300x300.jpg\" alt=\"\" width=\"300\" height=\"300\" srcset=\"https:\/\/mbuniverzitet.edu.rs\/wp-content\/uploads\/2023\/03\/foto-1-300x300.jpg 300w, https:\/\/mbuniverzitet.edu.rs\/wp-content\/uploads\/2023\/03\/foto-1-1024x1024.jpg 1024w, https:\/\/mbuniverzitet.edu.rs\/wp-content\/uploads\/2023\/03\/foto-1-150x150.jpg 150w, https:\/\/mbuniverzitet.edu.rs\/wp-content\/uploads\/2023\/03\/foto-1-768x768.jpg 768w, https:\/\/mbuniverzitet.edu.rs\/wp-content\/uploads\/2023\/03\/foto-1-12x12.jpg 12w, https:\/\/mbuniverzitet.edu.rs\/wp-content\/uploads\/2023\/03\/foto-1.jpg 1080w\" sizes=\"(max-width: 300px) 100vw, 300px\" \/><\/a><\/div><div>\u00a0<\/div><div>\u00a0<\/div><div>Pokazalo se da je ovakav vid kreativnog izra\u017eavanja deci zabavan, te da deca kroz igru i ma\u0161tu razvijaju motori\u010dke i kreativne sposobnosti. Sa druge strane, na ovaj na\u010din su se deca koja su u\u010destvovala u ovoj radionici osetila ravnopravno u dru\u0161tvu koje ih okru\u017euje.<\/div><div>\u00a0<\/div><div><a href=\"https:\/\/mbuniverzitet.edu.rs\/wp-content\/uploads\/2023\/03\/foto-5.jpg\"><img loading=\"lazy\" decoding=\"async\" class=\"aligncenter size-medium wp-image-14175\" src=\"https:\/\/mbuniverzitet.edu.rs\/wp-content\/uploads\/2023\/03\/foto-5-300x300.jpg\" alt=\"\" width=\"300\" height=\"300\" srcset=\"https:\/\/mbuniverzitet.edu.rs\/wp-content\/uploads\/2023\/03\/foto-5-300x300.jpg 300w, https:\/\/mbuniverzitet.edu.rs\/wp-content\/uploads\/2023\/03\/foto-5-1024x1024.jpg 1024w, https:\/\/mbuniverzitet.edu.rs\/wp-content\/uploads\/2023\/03\/foto-5-150x150.jpg 150w, https:\/\/mbuniverzitet.edu.rs\/wp-content\/uploads\/2023\/03\/foto-5-768x768.jpg 768w, https:\/\/mbuniverzitet.edu.rs\/wp-content\/uploads\/2023\/03\/foto-5-12x12.jpg 12w, https:\/\/mbuniverzitet.edu.rs\/wp-content\/uploads\/2023\/03\/foto-5.jpg 1080w\" sizes=\"(max-width: 300px) 100vw, 300px\" \/><\/a><\/div><div>\u00a0<\/div><div>Vlasnici Univerziteta MB su deci\u00a0priredili slatku zakusku i osve\u017eenje tokom koje su\u00a0razmenili iskustva, re\u010di i \u017eeljene osmehe.<\/div><div>\u00a0<\/div><div><a href=\"https:\/\/mbuniverzitet.edu.rs\/wp-content\/uploads\/2023\/03\/foto-2.jpg\"><img loading=\"lazy\" decoding=\"async\" class=\"aligncenter size-medium wp-image-14173\" src=\"https:\/\/mbuniverzitet.edu.rs\/wp-content\/uploads\/2023\/03\/foto-2-300x300.jpg\" alt=\"\" width=\"300\" height=\"300\" srcset=\"https:\/\/mbuniverzitet.edu.rs\/wp-content\/uploads\/2023\/03\/foto-2-300x300.jpg 300w, https:\/\/mbuniverzitet.edu.rs\/wp-content\/uploads\/2023\/03\/foto-2-1024x1024.jpg 1024w, https:\/\/mbuniverzitet.edu.rs\/wp-content\/uploads\/2023\/03\/foto-2-150x150.jpg 150w, https:\/\/mbuniverzitet.edu.rs\/wp-content\/uploads\/2023\/03\/foto-2-768x768.jpg 768w, https:\/\/mbuniverzitet.edu.rs\/wp-content\/uploads\/2023\/03\/foto-2-12x12.jpg 12w, https:\/\/mbuniverzitet.edu.rs\/wp-content\/uploads\/2023\/03\/foto-2.jpg 1080w\" sizes=\"(max-width: 300px) 100vw, 300px\" \/><\/a><\/div><div>\u00a0<\/div><div><p>Hvala vlasnicima Univerziteta MB koji su pokazali neverovatnu dru\u0161tvenu odgovornost i \u010dija je humanost ponovo polo\u017eila veliki ispit.<\/p><\/div><p>\u00a0<\/p><div><a href=\"https:\/\/mbuniverzitet.edu.rs\/wp-content\/uploads\/2023\/03\/foto-8.jpg\"><img loading=\"lazy\" decoding=\"async\" class=\"aligncenter size-medium wp-image-14171\" src=\"https:\/\/mbuniverzitet.edu.rs\/wp-content\/uploads\/2023\/03\/foto-8-300x300.jpg\" alt=\"\" width=\"300\" height=\"300\" srcset=\"https:\/\/mbuniverzitet.edu.rs\/wp-content\/uploads\/2023\/03\/foto-8-300x300.jpg 300w, https:\/\/mbuniverzitet.edu.rs\/wp-content\/uploads\/2023\/03\/foto-8-1024x1024.jpg 1024w, https:\/\/mbuniverzitet.edu.rs\/wp-content\/uploads\/2023\/03\/foto-8-150x150.jpg 150w, https:\/\/mbuniverzitet.edu.rs\/wp-content\/uploads\/2023\/03\/foto-8-768x768.jpg 768w, https:\/\/mbuniverzitet.edu.rs\/wp-content\/uploads\/2023\/03\/foto-8-12x12.jpg 12w, https:\/\/mbuniverzitet.edu.rs\/wp-content\/uploads\/2023\/03\/foto-8.jpg 1080w\" sizes=\"(max-width: 300px) 100vw, 300px\" \/><\/a><\/div><div>\u00a0<\/div><div>Menad\u017ement Univerziteta MB<\/div><\/div>\n\t\t\t\t\t<\/div><\/div>\t\t\t\t<\/div>\n\t\t\t\t<\/div>\n\t\t\t\t<div class=\"elementor-element elementor-element-e7672d4 exad-sticky-section-no exad-glass-effect-no elementor-widget elementor-widget-eael-adv-accordion\" data-id=\"e7672d4\" data-element_type=\"widget\" data-e-type=\"widget\" data-widget_type=\"eael-adv-accordion.default\">\n\t\t\t\t<div class=\"elementor-widget-container\">\n\t\t\t\t\t            <div class=\"eael-adv-accordion\" id=\"eael-adv-accordion-e7672d4\" data-scroll-on-click=\"no\" data-scroll-speed=\"300\" data-accordion-id=\"e7672d4\" data-accordion-type=\"accordion\" data-toogle-speed=\"300\">\n            <div class=\"eael-accordion-list\">\n\t\t\t\t\t<div id=\"estitka-povodom-8-marta-meunarodnog-dana-ena\" class=\"elementor-tab-title eael-accordion-header\" tabindex=\"0\" data-tab=\"1\" aria-controls=\"elementor-tab-content-2421\"><span class=\"eael-accordion-tab-title\">\u010cestitka povodom 8. Marta - Me\u0111unarodnog dana \u017eena<\/span><i aria-hidden=\"true\" class=\"fa-toggle fas fa-angle-right\"><\/i><\/div><div id=\"elementor-tab-content-2421\" class=\"eael-accordion-content clearfix\" data-tab=\"1\" aria-labelledby=\"estitka-povodom-8-marta-meunarodnog-dana-ena\"><div><a href=\"https:\/\/mbuniverzitet.edu.rs\/wp-content\/uploads\/2022\/03\/Cvece-za-8.Mart_.png\"><img loading=\"lazy\" decoding=\"async\" class=\"aligncenter size-medium wp-image-11085\" src=\"https:\/\/mbuniverzitet.edu.rs\/wp-content\/uploads\/2022\/03\/Cvece-za-8.Mart_-300x261.png\" alt=\"\" width=\"300\" height=\"261\" srcset=\"https:\/\/mbuniverzitet.edu.rs\/wp-content\/uploads\/2022\/03\/Cvece-za-8.Mart_-300x261.png 300w, https:\/\/mbuniverzitet.edu.rs\/wp-content\/uploads\/2022\/03\/Cvece-za-8.Mart_.png 386w\" sizes=\"(max-width: 300px) 100vw, 300px\" \/><\/a><\/div><div>\u00a0<\/div><div>Po\u0161tovane i uva\u017eene koleginice,<\/div><div>primite iskrene \u010destitke povodom 8. Marta, Me\u0111unarodnog dana \u017eena. Posebno Vam \u017eelimo dobro zdravlje, sre\u0107u i uspeh na privatnom i poslovnom planu.<\/div><div>\u00a0<\/div><div>Uprava Univerziteta\u00a0<\/div><\/div>\n\t\t\t\t\t<\/div><\/div>\t\t\t\t<\/div>\n\t\t\t\t<\/div>\n\t\t\t\t<div class=\"elementor-element elementor-element-501a1f4 exad-sticky-section-no exad-glass-effect-no elementor-widget elementor-widget-eael-adv-accordion\" data-id=\"501a1f4\" data-element_type=\"widget\" data-e-type=\"widget\" data-widget_type=\"eael-adv-accordion.default\">\n\t\t\t\t<div class=\"elementor-widget-container\">\n\t\t\t\t\t            <div class=\"eael-adv-accordion\" id=\"eael-adv-accordion-501a1f4\" data-scroll-on-click=\"no\" data-scroll-speed=\"300\" data-accordion-id=\"501a1f4\" data-accordion-type=\"accordion\" data-toogle-speed=\"300\">\n            <div class=\"eael-accordion-list\">\n\t\t\t\t\t<div id=\"drugo-obavetenje-za-meunarodnu-naunu-konferenciju-o-ekonomskom-i-drutvenom-razvoju-era-globalnih-kriza-e-se-odrati-18-19-maja-2023-godine-u-sveanoj-sali-univerziteta-mb-drajzerova-27-u-beogradu-sa-poetkom-u-1000-asova-vidi-vie\" class=\"elementor-tab-title eael-accordion-header\" tabindex=\"0\" data-tab=\"1\" aria-controls=\"elementor-tab-content-8391\"><span class=\"eael-accordion-tab-title\">Drugo obave\u0161tenje za Me\u0111unarodnu nau\u010dnu konferenciju o ekonomskom i dru\u0161tvenom razvoju \u201eERA GLOBALNIH KRIZA\u201c \u0107e se odr\u017eati 18-19. maja 2023. godine u sve\u010danoj sali Univerziteta \u201eMB\u201c, Drajzerova 27, u Beogradu, sa po\u010detkom u 10.00 \u010dasova. (Vidi vi\u0161e)<\/span><i aria-hidden=\"true\" class=\"fa-toggle fas fa-angle-right\"><\/i><\/div><div id=\"elementor-tab-content-8391\" class=\"eael-accordion-content clearfix\" data-tab=\"1\" aria-labelledby=\"drugo-obavetenje-za-meunarodnu-naunu-konferenciju-o-ekonomskom-i-drutvenom-razvoju-era-globalnih-kriza-e-se-odrati-18-19-maja-2023-godine-u-sveanoj-sali-univerziteta-mb-drajzerova-27-u-beogradu-sa-poetkom-u-1000-asova-vidi-vie\"><p><a href=\"https:\/\/mbuniverzitet.edu.rs\/wp-content\/uploads\/2023\/03\/Drugi-poziv-za-esdKonferenciju.pdf\" target=\"_blank\" rel=\"noopener\">Drugi poziv za esdKonferenciju<\/a><\/p><p>\u00a0<\/p><p><a href=\"https:\/\/esd-conference.com\/conference\/102\" target=\"_blank\" rel=\"noopener\">https:\/\/esd-conference.com\/conference\/102<\/a><\/p><\/div>\n\t\t\t\t\t<\/div><\/div>\t\t\t\t<\/div>\n\t\t\t\t<\/div>\n\t\t\t\t<div class=\"elementor-element elementor-element-80f8b26 exad-sticky-section-no exad-glass-effect-no elementor-widget elementor-widget-eael-adv-accordion\" data-id=\"80f8b26\" data-element_type=\"widget\" data-e-type=\"widget\" data-widget_type=\"eael-adv-accordion.default\">\n\t\t\t\t<div class=\"elementor-widget-container\">\n\t\t\t\t\t            <div class=\"eael-adv-accordion\" id=\"eael-adv-accordion-80f8b26\" data-scroll-on-click=\"no\" data-scroll-speed=\"300\" data-accordion-id=\"80f8b26\" data-accordion-type=\"accordion\" data-toogle-speed=\"300\">\n            <div class=\"eael-accordion-list\">\n\t\t\t\t\t<div id=\"uruena-velika-plaketa-univerziteta-mb-sa-poveljom-njegovo-preosvetenstvu-episkopu-umadijskom-gospodinu-jovanu-mladenoviu-vidi-vie\" class=\"elementor-tab-title eael-accordion-header\" tabindex=\"0\" data-tab=\"1\" aria-controls=\"elementor-tab-content-1351\"><span class=\"eael-accordion-tab-title\">Uru\u010dena Velika plaketa Univerziteta MB sa poveljom Njegovo\u043c preosve\u0161tenstvu Episkopu \u0161umadijskom gospodinu Jovanu (Mladenovi\u0107u). (Vidi vi\u0161e)<\/span><i aria-hidden=\"true\" class=\"fa-toggle fas fa-angle-right\"><\/i><\/div><div id=\"elementor-tab-content-1351\" class=\"eael-accordion-content clearfix\" data-tab=\"1\" aria-labelledby=\"uruena-velika-plaketa-univerziteta-mb-sa-poveljom-njegovo-preosvetenstvu-episkopu-umadijskom-gospodinu-jovanu-mladenoviu-vidi-vie\"><p style=\"font-weight: 400\">Dana 17.02.2023. godine na Univerzitetu MB u ulici Teodora Drajzera 27 vlasnik redovni profesor dr Milija Bogavac u prisustvu menad\u017ementa i brojnih uglednih profesora uru\u010dio je Veliku plaketu Univerziteta MB sa poveljom Njegovom preosve\u0161tenstvu Episkopu \u0161umadijskom gospodinu Jovan u (Mladenovi\u0107u) <strong>za doprinos razvoju ugleda\u00a0Srpske pravoslavne crkve, pomirenju naroda na Balkanu\u00a0i predani rad na unapre\u0111enju jedinstva me\u0111u hri\u0161\u0107anima.<\/strong><\/p><p>\u00a0<\/p><p><a href=\"https:\/\/mbuniverzitet.edu.rs\/wp-content\/uploads\/2023\/02\/Plaketa-1.jpg\"><img loading=\"lazy\" decoding=\"async\" class=\"aligncenter size-medium wp-image-14101\" src=\"https:\/\/mbuniverzitet.edu.rs\/wp-content\/uploads\/2023\/02\/Plaketa-1-273x300.jpg\" alt=\"\" width=\"273\" height=\"300\" srcset=\"https:\/\/mbuniverzitet.edu.rs\/wp-content\/uploads\/2023\/02\/Plaketa-1-273x300.jpg 273w, https:\/\/mbuniverzitet.edu.rs\/wp-content\/uploads\/2023\/02\/Plaketa-1-11x12.jpg 11w, https:\/\/mbuniverzitet.edu.rs\/wp-content\/uploads\/2023\/02\/Plaketa-1.jpg 721w\" sizes=\"(max-width: 273px) 100vw, 273px\" \/><\/a><\/p><p>\u00a0<\/p><p><a href=\"https:\/\/mbuniverzitet.edu.rs\/wp-content\/uploads\/2023\/02\/Plaketa-3.jpg\"><img loading=\"lazy\" decoding=\"async\" class=\"aligncenter size-medium wp-image-14103\" src=\"https:\/\/mbuniverzitet.edu.rs\/wp-content\/uploads\/2023\/02\/Plaketa-3-225x300.jpg\" alt=\"\" width=\"225\" height=\"300\" srcset=\"https:\/\/mbuniverzitet.edu.rs\/wp-content\/uploads\/2023\/02\/Plaketa-3-225x300.jpg 225w, https:\/\/mbuniverzitet.edu.rs\/wp-content\/uploads\/2023\/02\/Plaketa-3-768x1024.jpg 768w, https:\/\/mbuniverzitet.edu.rs\/wp-content\/uploads\/2023\/02\/Plaketa-3-1152x1536.jpg 1152w, https:\/\/mbuniverzitet.edu.rs\/wp-content\/uploads\/2023\/02\/Plaketa-3-9x12.jpg 9w, https:\/\/mbuniverzitet.edu.rs\/wp-content\/uploads\/2023\/02\/Plaketa-3.jpg 1200w\" sizes=\"(max-width: 225px) 100vw, 225px\" \/><\/a><\/p><p>\u00a0<\/p><p style=\"font-weight: 400\">Velika plaketa Univerziteta MB sa poveljom je uru\u010dena na osnovu predloga Senata i Odluke Saveta Univerziteta MB a u skladu sa Statutom i Pravilnikom o priznanjima na Univerzitetu MB.<\/p><p>\u00a0<\/p><p><a href=\"https:\/\/mbuniverzitet.edu.rs\/wp-content\/uploads\/2023\/02\/Plaketa-4.jpg\"><img loading=\"lazy\" decoding=\"async\" class=\"aligncenter size-medium wp-image-14104\" src=\"https:\/\/mbuniverzitet.edu.rs\/wp-content\/uploads\/2023\/02\/Plaketa-4-300x225.jpg\" alt=\"\" width=\"300\" height=\"225\" srcset=\"https:\/\/mbuniverzitet.edu.rs\/wp-content\/uploads\/2023\/02\/Plaketa-4-300x225.jpg 300w, https:\/\/mbuniverzitet.edu.rs\/wp-content\/uploads\/2023\/02\/Plaketa-4-1024x768.jpg 1024w, https:\/\/mbuniverzitet.edu.rs\/wp-content\/uploads\/2023\/02\/Plaketa-4-768x576.jpg 768w, https:\/\/mbuniverzitet.edu.rs\/wp-content\/uploads\/2023\/02\/Plaketa-4-1536x1152.jpg 1536w, https:\/\/mbuniverzitet.edu.rs\/wp-content\/uploads\/2023\/02\/Plaketa-4-16x12.jpg 16w, https:\/\/mbuniverzitet.edu.rs\/wp-content\/uploads\/2023\/02\/Plaketa-4.jpg 1600w\" sizes=\"(max-width: 300px) 100vw, 300px\" \/><\/a><\/p><p>\u00a0<\/p><p><a href=\"https:\/\/www.eparhija-sumadijska.org.rs\/episkop\/biografija\">https:\/\/www.eparhija-sumadijska.org.rs\/episkop\/biografija<\/a><\/p><p><a href=\"https:\/\/www.eparhija-sumadijska.org.rs\/episkop\/bibliografija\/item\/7320-bibliografija-episkopa-sumadijskog-gospodina-jovana\">https:\/\/www.eparhija-sumadijska.org.rs\/episkop\/bibliografija\/item\/7320-bibliografija-episkopa-sumadijskog-gospodina-jovana<\/a><\/p><p><a href=\"https:\/\/sr.wikipedia.org\/wiki\/%D0%95%D0%BF%D0%B8%D1%81%D0%BA%D0%BE%D0%BF_%D1%88%D1%83%D0%BC%D0%B0%D0%B4%D0%B8%D1%98%D1%81%D0%BA%D0%B8_%D0%88%D0%BE%D0%B2%D0%B0%D0%BD\">https:\/\/sr.wikipedia.org\/wiki\/\u0415\u043f\u0438\u0441\u043a\u043e\u043f_\u0448\u0443\u043c\u0430\u0434\u0438\u0458\u0441\u043a\u0438_\u0408\u043e\u0432\u0430\u043d<\/a><\/p><p>\u00a0<\/p><\/div>\n\t\t\t\t\t<\/div><\/div>\t\t\t\t<\/div>\n\t\t\t\t<\/div>\n\t\t\t\t<div class=\"elementor-element elementor-element-99e74a9 exad-sticky-section-no exad-glass-effect-no elementor-widget elementor-widget-eael-adv-accordion\" data-id=\"99e74a9\" data-element_type=\"widget\" data-e-type=\"widget\" data-widget_type=\"eael-adv-accordion.default\">\n\t\t\t\t<div class=\"elementor-widget-container\">\n\t\t\t\t\t            <div class=\"eael-adv-accordion\" id=\"eael-adv-accordion-99e74a9\" data-scroll-on-click=\"no\" data-scroll-speed=\"300\" data-accordion-id=\"99e74a9\" data-accordion-type=\"accordion\" data-toogle-speed=\"300\">\n            <div class=\"eael-accordion-list\">\n\t\t\t\t\t<div id=\"uspeno-odbranjena-doktorska-disertacija-vidi-vie\" class=\"elementor-tab-title eael-accordion-header\" tabindex=\"0\" data-tab=\"1\" aria-controls=\"elementor-tab-content-1611\"><span class=\"eael-accordion-tab-title\">Uspe\u0161no odbranjena doktorska disertacija. (Vidi vi\u0161e)<\/span><i aria-hidden=\"true\" class=\"fa-toggle fas fa-angle-right\"><\/i><\/div><div id=\"elementor-tab-content-1611\" class=\"eael-accordion-content clearfix\" data-tab=\"1\" aria-labelledby=\"uspeno-odbranjena-doktorska-disertacija-vidi-vie\"><p style=\"font-weight: 400\">Dana 17.02.2023. godine u 15.00 \u010dasova na Poslovnom i pravnom fakultetu Univerziteta MB u ulici Teodora Drajzera 27, doktorand msr Stefan Damjanovi\u0107 je uspe\u0161no odbranio doktorsku disertaciju po nazivom:\u00a0\u00a0<strong>ULOGA SRPSKE PRAVOSLAVNE CRKVE U ZA\u0160TINI NACIONALNIH INTERESA NA KOSOVU I METOHIJI<\/strong>\u00a0<strong>&#8211; metodolo\u0161ki i politi\u010dkopravni aspekti\u00a0<\/strong>pred Komisijom\u00a0<\/p><ol><li style=\"font-weight: 400\">prof dr Mirko Kuli\u0107 &#8211; predsednik komisije<\/li><li style=\"font-weight: 400\">prof dr \u017divanka Miladinovi\u0107 &#8211; \u010dlan komisije<\/li><li style=\"font-weight: 400\">prof dr Ne\u0111o Danilovi\u0107, mentor kandidata.<\/li><\/ol><p>\u00a0<\/p><p><a href=\"https:\/\/mbuniverzitet.edu.rs\/wp-content\/uploads\/2023\/02\/1.jpg\"><img loading=\"lazy\" decoding=\"async\" class=\"aligncenter size-medium wp-image-14077\" src=\"https:\/\/mbuniverzitet.edu.rs\/wp-content\/uploads\/2023\/02\/1-300x225.jpg\" alt=\"\" width=\"300\" height=\"225\" srcset=\"https:\/\/mbuniverzitet.edu.rs\/wp-content\/uploads\/2023\/02\/1-300x225.jpg 300w, https:\/\/mbuniverzitet.edu.rs\/wp-content\/uploads\/2023\/02\/1-1024x768.jpg 1024w, https:\/\/mbuniverzitet.edu.rs\/wp-content\/uploads\/2023\/02\/1-768x576.jpg 768w, https:\/\/mbuniverzitet.edu.rs\/wp-content\/uploads\/2023\/02\/1-1536x1152.jpg 1536w, https:\/\/mbuniverzitet.edu.rs\/wp-content\/uploads\/2023\/02\/1-16x12.jpg 16w, https:\/\/mbuniverzitet.edu.rs\/wp-content\/uploads\/2023\/02\/1.jpg 1600w\" sizes=\"(max-width: 300px) 100vw, 300px\" \/><\/a><\/p><p>\u00a0<\/p><p>\u00a0<\/p><p><a href=\"https:\/\/mbuniverzitet.edu.rs\/wp-content\/uploads\/2023\/02\/2.jpg\"><img loading=\"lazy\" decoding=\"async\" class=\"aligncenter size-medium wp-image-14078\" src=\"https:\/\/mbuniverzitet.edu.rs\/wp-content\/uploads\/2023\/02\/2-300x225.jpg\" alt=\"\" width=\"300\" height=\"225\" srcset=\"https:\/\/mbuniverzitet.edu.rs\/wp-content\/uploads\/2023\/02\/2-300x225.jpg 300w, https:\/\/mbuniverzitet.edu.rs\/wp-content\/uploads\/2023\/02\/2-1024x768.jpg 1024w, https:\/\/mbuniverzitet.edu.rs\/wp-content\/uploads\/2023\/02\/2-768x576.jpg 768w, https:\/\/mbuniverzitet.edu.rs\/wp-content\/uploads\/2023\/02\/2-1536x1152.jpg 1536w, https:\/\/mbuniverzitet.edu.rs\/wp-content\/uploads\/2023\/02\/2-16x12.jpg 16w, https:\/\/mbuniverzitet.edu.rs\/wp-content\/uploads\/2023\/02\/2.jpg 1600w\" sizes=\"(max-width: 300px) 100vw, 300px\" \/><\/a><\/p><p>\u00a0<\/p><p>\u00a0<\/p><p><div style=\"width: 1024px;\" class=\"wp-video\"><video class=\"wp-video-shortcode\" id=\"video-7582-10\" width=\"1024\" height=\"576\" preload=\"metadata\" controls=\"controls\"><source type=\"video\/mp4\" src=\"https:\/\/mbuniverzitet.edu.rs\/wp-content\/uploads\/2023\/02\/video-1.mp4?_=10\" \/><a href=\"https:\/\/mbuniverzitet.edu.rs\/wp-content\/uploads\/2023\/02\/video-1.mp4\">https:\/\/mbuniverzitet.edu.rs\/wp-content\/uploads\/2023\/02\/video-1.mp4<\/a><\/video><\/div><\/p><p>\u00a0<\/p><p style=\"font-weight: 400\">Disertacija je ura\u0111ena i odbranjena\u00a0u skladu sa va\u017ee\u0107im Zakonom o VO, Statutom i Pravilima doktorskih studija na Univerzitetu MB.<\/p><p>\u00a0<\/p><p><a href=\"https:\/\/mbuniverzitet.edu.rs\/wp-content\/uploads\/2023\/02\/5.jpg\"><img loading=\"lazy\" decoding=\"async\" class=\"aligncenter size-medium wp-image-14080\" src=\"https:\/\/mbuniverzitet.edu.rs\/wp-content\/uploads\/2023\/02\/5-225x300.jpg\" alt=\"\" width=\"225\" height=\"300\" srcset=\"https:\/\/mbuniverzitet.edu.rs\/wp-content\/uploads\/2023\/02\/5-225x300.jpg 225w, https:\/\/mbuniverzitet.edu.rs\/wp-content\/uploads\/2023\/02\/5-768x1024.jpg 768w, https:\/\/mbuniverzitet.edu.rs\/wp-content\/uploads\/2023\/02\/5-1152x1536.jpg 1152w, https:\/\/mbuniverzitet.edu.rs\/wp-content\/uploads\/2023\/02\/5-9x12.jpg 9w, https:\/\/mbuniverzitet.edu.rs\/wp-content\/uploads\/2023\/02\/5.jpg 1200w\" sizes=\"(max-width: 225px) 100vw, 225px\" \/><\/a><\/p><p>\u00a0<\/p><p>\u00a0<\/p><p><a href=\"https:\/\/mbuniverzitet.edu.rs\/wp-content\/uploads\/2023\/02\/7.jpg\"><img loading=\"lazy\" decoding=\"async\" class=\"aligncenter size-medium wp-image-14082\" src=\"https:\/\/mbuniverzitet.edu.rs\/wp-content\/uploads\/2023\/02\/7-300x225.jpg\" alt=\"\" width=\"300\" height=\"225\" srcset=\"https:\/\/mbuniverzitet.edu.rs\/wp-content\/uploads\/2023\/02\/7-300x225.jpg 300w, https:\/\/mbuniverzitet.edu.rs\/wp-content\/uploads\/2023\/02\/7-1024x768.jpg 1024w, https:\/\/mbuniverzitet.edu.rs\/wp-content\/uploads\/2023\/02\/7-768x576.jpg 768w, https:\/\/mbuniverzitet.edu.rs\/wp-content\/uploads\/2023\/02\/7-1536x1152.jpg 1536w, https:\/\/mbuniverzitet.edu.rs\/wp-content\/uploads\/2023\/02\/7-16x12.jpg 16w, https:\/\/mbuniverzitet.edu.rs\/wp-content\/uploads\/2023\/02\/7.jpg 1600w\" sizes=\"(max-width: 300px) 100vw, 300px\" \/><\/a><\/p><p>\u00a0<\/p><p>\u00a0<\/p><p><div style=\"width: 1024px;\" class=\"wp-video\"><video class=\"wp-video-shortcode\" id=\"video-7582-11\" width=\"1024\" height=\"576\" preload=\"metadata\" controls=\"controls\"><source type=\"video\/mp4\" src=\"https:\/\/mbuniverzitet.edu.rs\/wp-content\/uploads\/2023\/02\/video-2.mp4?_=11\" \/><a href=\"https:\/\/mbuniverzitet.edu.rs\/wp-content\/uploads\/2023\/02\/video-2.mp4\">https:\/\/mbuniverzitet.edu.rs\/wp-content\/uploads\/2023\/02\/video-2.mp4<\/a><\/video><\/div><\/p><p>\u00a0<\/p><p style=\"font-weight: 400\">Pored menad\u017ementa Univerziteta i brojnih nau\u010dnih radnika\u00a0 sve\u010danoj odbrani doktorske disertacije su prisustvovali Episkop \u0161umadijski Jovan ugledni profesori Beogradskog univerziteta dr Miljko Risti\u0107, dr Mirko Kerkez i dr Dragan Damnjanovi\u0107.<\/p><p>\u00a0<\/p><p><a href=\"https:\/\/mbuniverzitet.edu.rs\/wp-content\/uploads\/2023\/02\/4.jpg\"><img loading=\"lazy\" decoding=\"async\" class=\"aligncenter size-medium wp-image-14079\" src=\"https:\/\/mbuniverzitet.edu.rs\/wp-content\/uploads\/2023\/02\/4-300x225.jpg\" alt=\"\" width=\"300\" height=\"225\" srcset=\"https:\/\/mbuniverzitet.edu.rs\/wp-content\/uploads\/2023\/02\/4-300x225.jpg 300w, https:\/\/mbuniverzitet.edu.rs\/wp-content\/uploads\/2023\/02\/4-1024x768.jpg 1024w, https:\/\/mbuniverzitet.edu.rs\/wp-content\/uploads\/2023\/02\/4-768x576.jpg 768w, https:\/\/mbuniverzitet.edu.rs\/wp-content\/uploads\/2023\/02\/4-1536x1152.jpg 1536w, https:\/\/mbuniverzitet.edu.rs\/wp-content\/uploads\/2023\/02\/4-16x12.jpg 16w, https:\/\/mbuniverzitet.edu.rs\/wp-content\/uploads\/2023\/02\/4.jpg 1600w\" sizes=\"(max-width: 300px) 100vw, 300px\" \/><\/a><\/p><p>\u00a0<\/p><p>\u00a0<\/p><p><a href=\"https:\/\/mbuniverzitet.edu.rs\/wp-content\/uploads\/2023\/02\/6.jpg\"><img loading=\"lazy\" decoding=\"async\" class=\"aligncenter size-medium wp-image-14081\" src=\"https:\/\/mbuniverzitet.edu.rs\/wp-content\/uploads\/2023\/02\/6-300x225.jpg\" alt=\"\" width=\"300\" height=\"225\" srcset=\"https:\/\/mbuniverzitet.edu.rs\/wp-content\/uploads\/2023\/02\/6-300x225.jpg 300w, https:\/\/mbuniverzitet.edu.rs\/wp-content\/uploads\/2023\/02\/6-1024x768.jpg 1024w, https:\/\/mbuniverzitet.edu.rs\/wp-content\/uploads\/2023\/02\/6-768x576.jpg 768w, https:\/\/mbuniverzitet.edu.rs\/wp-content\/uploads\/2023\/02\/6-1536x1152.jpg 1536w, https:\/\/mbuniverzitet.edu.rs\/wp-content\/uploads\/2023\/02\/6-16x12.jpg 16w, https:\/\/mbuniverzitet.edu.rs\/wp-content\/uploads\/2023\/02\/6.jpg 1600w\" sizes=\"(max-width: 300px) 100vw, 300px\" \/><\/a><\/p><p>\u00a0<\/p><p style=\"font-weight: 400\">Uvid u diseraciju na:<\/p><p style=\"font-weight: 400\"><a href=\"https:\/\/mbuniverzitet.edu.rs\/uvid-javnosti\">https:\/\/mbuniverzitet.edu.rs\/uvid-javnosti<\/a><\/p><p style=\"font-weight: 400\"><a href=\"https:\/\/www.ppf.edu.rs\/%d1%83%d0%b2%d0%b8%d0%b4-%d1%98%d0%b0%d0%b2%d0%bd%d0%be%d1%81%d1%82%d0%b8\/\">https:\/\/www.ppf.edu.rs\/\u0443\u0432\u0438\u0434-\u0458\u0430\u0432\u043d\u043e\u0441\u0442\u0438<\/a><\/p><\/div>\n\t\t\t\t\t<\/div><\/div>\t\t\t\t<\/div>\n\t\t\t\t<\/div>\n\t\t\t\t<div class=\"elementor-element elementor-element-1dccdc0 exad-sticky-section-no exad-glass-effect-no elementor-widget elementor-widget-eael-adv-accordion\" data-id=\"1dccdc0\" data-element_type=\"widget\" data-e-type=\"widget\" data-widget_type=\"eael-adv-accordion.default\">\n\t\t\t\t<div class=\"elementor-widget-container\">\n\t\t\t\t\t            <div class=\"eael-adv-accordion\" id=\"eael-adv-accordion-1dccdc0\" data-scroll-on-click=\"no\" data-scroll-speed=\"300\" data-accordion-id=\"1dccdc0\" data-accordion-type=\"accordion\" data-toogle-speed=\"300\">\n            <div class=\"eael-accordion-list\">\n\t\t\t\t\t<div id=\"izloba-doktorskog-umetnikog-projekta-docenta-magistra-ora-sokolovskog-vidi-vie\" class=\"elementor-tab-title eael-accordion-header\" tabindex=\"0\" data-tab=\"1\" aria-controls=\"elementor-tab-content-3121\"><span class=\"eael-accordion-tab-title\">Izlo\u017eba Doktorskog umetni\u010dkog projekta docenta magistra \u0110or\u0111a Sokolovskog. (Vidi vi\u0161e)<\/span><i aria-hidden=\"true\" class=\"fa-toggle fas fa-angle-right\"><\/i><\/div><div id=\"elementor-tab-content-3121\" class=\"eael-accordion-content clearfix\" data-tab=\"1\" aria-labelledby=\"izloba-doktorskog-umetnikog-projekta-docenta-magistra-ora-sokolovskog-vidi-vie\"><div>Obave\u0161tavamo Vas da je izlo\u017eba Doktorskog umetni\u010dkog projekta docenta na AKS magistra \u0110or\u0111a Sokolovskog organizovana u Galeriji na Fakultetu likovnih umetnosti Univerziteta umetnosti u Beogradu. Vreme izlo\u017ebe je 08.03 do 14.03.2023. godine.<\/div><div>\u00a0<\/div><div><a href=\"https:\/\/mbuniverzitet.edu.rs\/wp-content\/uploads\/2023\/02\/Dorde-Sokolovski.jpg\"><img loading=\"lazy\" decoding=\"async\" class=\"aligncenter size-medium wp-image-14069\" src=\"https:\/\/mbuniverzitet.edu.rs\/wp-content\/uploads\/2023\/02\/Dorde-Sokolovski-207x300.jpg\" alt=\"\" width=\"207\" height=\"300\" srcset=\"https:\/\/mbuniverzitet.edu.rs\/wp-content\/uploads\/2023\/02\/Dorde-Sokolovski-207x300.jpg 207w, https:\/\/mbuniverzitet.edu.rs\/wp-content\/uploads\/2023\/02\/Dorde-Sokolovski-707x1024.jpg 707w, https:\/\/mbuniverzitet.edu.rs\/wp-content\/uploads\/2023\/02\/Dorde-Sokolovski-768x1113.jpg 768w, https:\/\/mbuniverzitet.edu.rs\/wp-content\/uploads\/2023\/02\/Dorde-Sokolovski-1060x1536.jpg 1060w, https:\/\/mbuniverzitet.edu.rs\/wp-content\/uploads\/2023\/02\/Dorde-Sokolovski-8x12.jpg 8w, https:\/\/mbuniverzitet.edu.rs\/wp-content\/uploads\/2023\/02\/Dorde-Sokolovski.jpg 1200w\" sizes=\"(max-width: 207px) 100vw, 207px\" \/><\/a><\/div><div>\u00a0<\/div><div>Pozivaju se svi studenti i profesori da posete navedenu izlo\u017ebu.<\/div><div>\u00a0<\/div><div>Pozivnica je u <a href=\"https:\/\/mbuniverzitet.edu.rs\/wp-content\/uploads\/2023\/02\/Pozivnica_Djordje-Sokolovski.jpg\" target=\"_blank\" rel=\"noopener\">prilogu<\/a>.<\/div><\/div>\n\t\t\t\t\t<\/div><\/div>\t\t\t\t<\/div>\n\t\t\t\t<\/div>\n\t\t\t\t<div class=\"elementor-element elementor-element-fe554af exad-sticky-section-no exad-glass-effect-no elementor-widget elementor-widget-eael-adv-accordion\" data-id=\"fe554af\" data-element_type=\"widget\" data-e-type=\"widget\" data-widget_type=\"eael-adv-accordion.default\">\n\t\t\t\t<div class=\"elementor-widget-container\">\n\t\t\t\t\t            <div class=\"eael-adv-accordion\" id=\"eael-adv-accordion-fe554af\" data-scroll-on-click=\"no\" data-scroll-speed=\"300\" data-accordion-id=\"fe554af\" data-accordion-type=\"accordion\" data-toogle-speed=\"300\">\n            <\/div>\t\t\t\t<\/div>\n\t\t\t\t<\/div>\n\t\t\t\t<div class=\"elementor-element elementor-element-1c09fbf exad-sticky-section-no exad-glass-effect-no elementor-widget elementor-widget-eael-adv-accordion\" data-id=\"1c09fbf\" data-element_type=\"widget\" data-e-type=\"widget\" data-widget_type=\"eael-adv-accordion.default\">\n\t\t\t\t<div class=\"elementor-widget-container\">\n\t\t\t\t\t            <div class=\"eael-adv-accordion\" id=\"eael-adv-accordion-1c09fbf\" data-scroll-on-click=\"no\" data-scroll-speed=\"300\" data-accordion-id=\"1c09fbf\" data-accordion-type=\"accordion\" data-toogle-speed=\"300\">\n            <div class=\"eael-accordion-list\">\n\t\t\t\t\t<div id=\"dan-dravnosti-srbije-sretenje-neradni-dani-povodom-dana-dravnosti-republike-srbije-sretenja-sreda-15-i-etvrtak-16-februar-2023-godine-su-neradni-dani-na-univerzitetu-mb-u-beogradu-u-sredu-i-etvrtak-se-nee-realizovati-nastava-ispiti-i-konsultacije-niti-e-raditi-studentske-slube-vidi-vie\" class=\"elementor-tab-title eael-accordion-header\" tabindex=\"0\" data-tab=\"1\" aria-controls=\"elementor-tab-content-2941\"><span class=\"eael-accordion-tab-title\">DAN DR\u017dAVNOSTI SRBIJE - SRETENJE - NERADNI DANI - Povodom Dana dr\u017eavnosti Republike Srbije, Sretenja - sreda, 15. i \u010detvrtak, 16. februar 2023. godine su neradni dani na Univerzitetu MB u Beogradu. U sredu i \u010detvrtak se ne\u0107e realizovati nastava, ispiti i konsultacije, niti \u0107e raditi Studentske slu\u017ebe. (Vidi vi\u0161e)<\/span><i aria-hidden=\"true\" class=\"fa-toggle fas fa-angle-right\"><\/i><\/div><div id=\"elementor-tab-content-2941\" class=\"eael-accordion-content clearfix\" data-tab=\"1\" aria-labelledby=\"dan-dravnosti-srbije-sretenje-neradni-dani-povodom-dana-dravnosti-republike-srbije-sretenja-sreda-15-i-etvrtak-16-februar-2023-godine-su-neradni-dani-na-univerzitetu-mb-u-beogradu-u-sredu-i-etvrtak-se-nee-realizovati-nastava-ispiti-i-konsultacije-niti-e-raditi-studentske-slube-vidi-vie\"><div><p>Dan 15. februar je jedan od najbitnijih dana u politi\u010dkom, kulturnom i istorijskom kalendaru Srbije. Pored toga \u0161to je Dan dr\u017eavnosti, on je i Dan ustavnosti Srbije, kao i dan se\u0107anja na po\u010detak Prvog srpskog ustanka. 15. februara 1835. Skup\u0161tina u Kragujevcu donela je Sretenjski ustav, prvi ustav Srbije, jedan od najmodernijih, najdemokratskijih i najliberalnijih ustava svog doba.<\/p><p>\u00a0<\/p><p>Dan dr\u017eavnosti Srbije se slavio do nastanka Kraljevine Srba, Hrvata i Slovenaca, nakon \u010dega je ukinut, da bi u Srbiji ponovo po\u010deo da se slavi od 2002. godine.<\/p><p>\u00a0<\/p><p>Prvi radni dan nakon Dana dr\u017eavnosti je petak, 17. februar 2023. godine kada se na Univerzitetu MB u Beogradu radi uobi\u010dajenim radnim vremenom.<\/p><\/div><div><div>\u00a0<\/div><\/div><\/div>\n\t\t\t\t\t<\/div><\/div>\t\t\t\t<\/div>\n\t\t\t\t<\/div>\n\t\t\t\t<div class=\"elementor-element elementor-element-5d76757 exad-sticky-section-no exad-glass-effect-no elementor-widget elementor-widget-eael-adv-accordion\" data-id=\"5d76757\" data-element_type=\"widget\" data-e-type=\"widget\" data-widget_type=\"eael-adv-accordion.default\">\n\t\t\t\t<div class=\"elementor-widget-container\">\n\t\t\t\t\t            <div class=\"eael-adv-accordion\" id=\"eael-adv-accordion-5d76757\" data-scroll-on-click=\"no\" data-scroll-speed=\"300\" data-accordion-id=\"5d76757\" data-accordion-type=\"accordion\" data-toogle-speed=\"300\">\n            <div class=\"eael-accordion-list\">\n\t\t\t\t\t<div id=\"javna-odbrana-doktorske-disertacije-doktoranda-msr-stefana-damjanovia-vidi-vie\" class=\"elementor-tab-title eael-accordion-header\" tabindex=\"0\" data-tab=\"1\" aria-controls=\"elementor-tab-content-9801\"><span class=\"eael-accordion-tab-title\">Javna odbrana doktorske disertacije doktoranda msr Stefana Damjanovi\u0107a. (Vidi vi\u0161e)<\/span><i aria-hidden=\"true\" class=\"fa-toggle fas fa-angle-right\"><\/i><\/div><div id=\"elementor-tab-content-9801\" class=\"eael-accordion-content clearfix\" data-tab=\"1\" aria-labelledby=\"javna-odbrana-doktorske-disertacije-doktoranda-msr-stefana-damjanovia-vidi-vie\"><p>Dana 17.02.2023. godine u 15.00 \u010dasova na Poslovnom i pravnom fakultetu Univerziteta MB u ulici Teodora Drajzera 27, doktorand msr Stefan Damjanovi\u0107 \u0107e braniti doktorsku disertaciju po nazivom:\u00a0 <strong>ULOGA SRPSKE PRAVOSLAVNE CRKVE U ZA\u0160TINI NACIONALNIH INTERESA NA KOSOVU I METOHIJI<\/strong>\u00a0<strong>&#8211; metodolo\u0161ki i politi\u010dkopravni aspekti\u00a0<\/strong>pred Komisijom\u00a0<\/p><ol><li>prof dr Mirko Kuli\u0107 &#8211; predsednik komisije<\/li><li>prof dr \u017divanka Miladinovi\u0107 &#8211; \u010dlan komisije<\/li><li>prof dr Ne\u0111o Danilovi\u0107, mentor kandidata.<\/li><\/ol><p>Uvid u diseraciju na:<\/p><p><a href=\"https:\/\/mbuniverzitet.edu.rs\/uvid-javnosti\" target=\"_blank\" rel=\"noopener\">https:\/\/mbuniverzitet.edu.rs\/uvid-javnosti<\/a><\/p><p><a href=\"https:\/\/www.ppf.edu.rs\/%d1%83%d0%b2%d0%b8%d0%b4-%d1%98%d0%b0%d0%b2%d0%bd%d0%be%d1%81%d1%82%d0%b8\/\" target=\"_blank\" rel=\"noopener\">https:\/\/www.ppf.edu.rs\/\u0443\u0432\u0438\u0434-\u0458\u0430\u0432\u043d\u043e\u0441\u0442\u0438<\/a><\/p><\/div>\n\t\t\t\t\t<\/div><\/div>\t\t\t\t<\/div>\n\t\t\t\t<\/div>\n\t\t\t\t<div class=\"elementor-element elementor-element-eb65835 exad-sticky-section-no exad-glass-effect-no elementor-widget elementor-widget-eael-adv-accordion\" data-id=\"eb65835\" data-element_type=\"widget\" data-e-type=\"widget\" data-widget_type=\"eael-adv-accordion.default\">\n\t\t\t\t<div class=\"elementor-widget-container\">\n\t\t\t\t\t            <div class=\"eael-adv-accordion\" id=\"eael-adv-accordion-eb65835\" data-scroll-on-click=\"no\" data-scroll-speed=\"300\" data-accordion-id=\"eb65835\" data-accordion-type=\"accordion\" data-toogle-speed=\"300\">\n            <div class=\"eael-accordion-list\">\n\t\t\t\t\t<div id=\"novogodinja-estitka-vidi-vie\" class=\"elementor-tab-title eael-accordion-header\" tabindex=\"0\" data-tab=\"1\" aria-controls=\"elementor-tab-content-2461\"><span class=\"eael-accordion-tab-title\">Novogodi\u0161nja \u010destitka (Vidi vi\u0161e)<\/span><i aria-hidden=\"true\" class=\"fa-toggle fas fa-angle-right\"><\/i><\/div><div id=\"elementor-tab-content-2461\" class=\"eael-accordion-content clearfix\" data-tab=\"1\" aria-labelledby=\"novogodinja-estitka-vidi-vie\"><div>Svim studentima, stalno zaposlenim i poslovnim partnerima Univerziteta MB, iskrene\u00a0\u010destitke\u00a0povodom predstoje\u0107ih\u00a0Novogodi\u0161njih\u00a0i Bo\u017ei\u0107nih praznika.<\/div><div>\u00a0<\/div><div><a href=\"https:\/\/mbuniverzitet.edu.rs\/wp-content\/uploads\/slider3\/163ac1c86c1a49_LPJMIEHFQGNOK.gif\"><img loading=\"lazy\" decoding=\"async\" class=\"aligncenter size-medium wp-image-13892\" src=\"https:\/\/mbuniverzitet.edu.rs\/wp-content\/uploads\/slider3\/163ac1c86c1a49_LPJMIEHFQGNOK-300x257.gif\" alt=\"\" width=\"300\" height=\"257\" srcset=\"https:\/\/mbuniverzitet.edu.rs\/wp-content\/uploads\/slider3\/163ac1c86c1a49_LPJMIEHFQGNOK-300x257.gif 300w, https:\/\/mbuniverzitet.edu.rs\/wp-content\/uploads\/slider3\/163ac1c86c1a49_LPJMIEHFQGNOK-14x12.gif 14w\" sizes=\"(max-width: 300px) 100vw, 300px\" \/><\/a><\/div><div>\u00a0<\/div><div>Iznad svega Vam \u017eelimo dobro zdravlje, uspeh i sre\u0107u na li\u010dnom i poslovnom planu u Novoj 2023. godini.<\/div><div>\u00a0<\/div><div>Menad\u017ement Univerziteta MB<\/div><\/div>\n\t\t\t\t\t<\/div><\/div>\t\t\t\t<\/div>\n\t\t\t\t<\/div>\n\t\t\t\t<div class=\"elementor-element elementor-element-32acc30 exad-sticky-section-no exad-glass-effect-no elementor-widget elementor-widget-eael-adv-accordion\" data-id=\"32acc30\" data-element_type=\"widget\" data-e-type=\"widget\" data-widget_type=\"eael-adv-accordion.default\">\n\t\t\t\t<div class=\"elementor-widget-container\">\n\t\t\t\t\t            <div class=\"eael-adv-accordion\" id=\"eael-adv-accordion-32acc30\" data-scroll-on-click=\"no\" data-scroll-speed=\"300\" data-accordion-id=\"32acc30\" data-accordion-type=\"accordion\" data-toogle-speed=\"300\">\n            <div class=\"eael-accordion-list\">\n\t\t\t\t\t<div id=\"humanost-vlasnika-univerziteta-mb-ponovo-na-delu-vidi-vie\" class=\"elementor-tab-title eael-accordion-header\" tabindex=\"0\" data-tab=\"1\" aria-controls=\"elementor-tab-content-5311\"><span class=\"eael-accordion-tab-title\">Humanost vlasnika Univerziteta MB ponovo na delu. (Vidi vi\u0161e)<\/span><i aria-hidden=\"true\" class=\"fa-toggle fas fa-angle-right\"><\/i><\/div><div id=\"elementor-tab-content-5311\" class=\"eael-accordion-content clearfix\" data-tab=\"1\" aria-labelledby=\"humanost-vlasnika-univerziteta-mb-ponovo-na-delu-vidi-vie\"><div>Univerzitet MB na \u010delu sa vlasnikom profesorom dr Milijom Bogavcem se odazvao na molbu rukovodioca\u00a0\u00a0&#8222;Centra za \u017ertve nasilja DAR&#8220; da u\u010destvuje u\u00a0\u00a0humanitarnoj akciji &#8222;Prijateljstvo sve pobe\u0111uje&#8220;.<\/div><div>\u00a0<\/div><div><p><div id='gallery-1' class='gallery galleryid-7582 gallery-columns-3 gallery-size-thumbnail'><figure class='gallery-item'>\n\t\t\t<div class='gallery-icon landscape'>\n\t\t\t\t<a href='https:\/\/mbuniverzitet.edu.rs\/wp-content\/uploads\/2022\/12\/Deca_paketici2.jpg'><img loading=\"lazy\" decoding=\"async\" width=\"150\" height=\"150\" src=\"https:\/\/mbuniverzitet.edu.rs\/wp-content\/uploads\/2022\/12\/Deca_paketici2-150x150.jpg\" class=\"attachment-thumbnail size-thumbnail\" alt=\"\" srcset=\"https:\/\/mbuniverzitet.edu.rs\/wp-content\/uploads\/2022\/12\/Deca_paketici2-150x150.jpg 150w, https:\/\/mbuniverzitet.edu.rs\/wp-content\/uploads\/2022\/12\/Deca_paketici2-300x300.jpg 300w, https:\/\/mbuniverzitet.edu.rs\/wp-content\/uploads\/2022\/12\/Deca_paketici2-1024x1024.jpg 1024w, https:\/\/mbuniverzitet.edu.rs\/wp-content\/uploads\/2022\/12\/Deca_paketici2-768x768.jpg 768w, https:\/\/mbuniverzitet.edu.rs\/wp-content\/uploads\/2022\/12\/Deca_paketici2-12x12.jpg 12w, https:\/\/mbuniverzitet.edu.rs\/wp-content\/uploads\/2022\/12\/Deca_paketici2.jpg 1080w\" sizes=\"(max-width: 150px) 100vw, 150px\" \/><\/a>\n\t\t\t<\/div><\/figure><figure class='gallery-item'>\n\t\t\t<div class='gallery-icon landscape'>\n\t\t\t\t<a href='https:\/\/mbuniverzitet.edu.rs\/wp-content\/uploads\/2022\/12\/Deca_paketici3.jpg'><img loading=\"lazy\" decoding=\"async\" width=\"150\" height=\"150\" src=\"https:\/\/mbuniverzitet.edu.rs\/wp-content\/uploads\/2022\/12\/Deca_paketici3-150x150.jpg\" class=\"attachment-thumbnail size-thumbnail\" alt=\"\" srcset=\"https:\/\/mbuniverzitet.edu.rs\/wp-content\/uploads\/2022\/12\/Deca_paketici3-150x150.jpg 150w, https:\/\/mbuniverzitet.edu.rs\/wp-content\/uploads\/2022\/12\/Deca_paketici3-300x300.jpg 300w, https:\/\/mbuniverzitet.edu.rs\/wp-content\/uploads\/2022\/12\/Deca_paketici3-1024x1024.jpg 1024w, https:\/\/mbuniverzitet.edu.rs\/wp-content\/uploads\/2022\/12\/Deca_paketici3-768x768.jpg 768w, https:\/\/mbuniverzitet.edu.rs\/wp-content\/uploads\/2022\/12\/Deca_paketici3-12x12.jpg 12w, https:\/\/mbuniverzitet.edu.rs\/wp-content\/uploads\/2022\/12\/Deca_paketici3.jpg 1080w\" sizes=\"(max-width: 150px) 100vw, 150px\" \/><\/a>\n\t\t\t<\/div><\/figure><figure class='gallery-item'>\n\t\t\t<div class='gallery-icon landscape'>\n\t\t\t\t<a href='https:\/\/mbuniverzitet.edu.rs\/wp-content\/uploads\/2022\/12\/Deca_paketici4.jpg'><img loading=\"lazy\" decoding=\"async\" width=\"150\" height=\"150\" src=\"https:\/\/mbuniverzitet.edu.rs\/wp-content\/uploads\/2022\/12\/Deca_paketici4-150x150.jpg\" class=\"attachment-thumbnail size-thumbnail\" alt=\"\" srcset=\"https:\/\/mbuniverzitet.edu.rs\/wp-content\/uploads\/2022\/12\/Deca_paketici4-150x150.jpg 150w, https:\/\/mbuniverzitet.edu.rs\/wp-content\/uploads\/2022\/12\/Deca_paketici4-300x300.jpg 300w, https:\/\/mbuniverzitet.edu.rs\/wp-content\/uploads\/2022\/12\/Deca_paketici4-1024x1024.jpg 1024w, https:\/\/mbuniverzitet.edu.rs\/wp-content\/uploads\/2022\/12\/Deca_paketici4-768x768.jpg 768w, https:\/\/mbuniverzitet.edu.rs\/wp-content\/uploads\/2022\/12\/Deca_paketici4-12x12.jpg 12w, https:\/\/mbuniverzitet.edu.rs\/wp-content\/uploads\/2022\/12\/Deca_paketici4.jpg 1080w\" sizes=\"(max-width: 150px) 100vw, 150px\" \/><\/a>\n\t\t\t<\/div><\/figure>\n\t\t<\/div>\n<\/p><\/div><div>\u00a0<\/div><div>U sklopu akcije organizovano je celodnevno dru\u017eenje studenata Univerziteta MB sa decom, odigrana je predstava pod istim nazivom\u00a0&#8222;Prijateljstvo sve pobe\u0111uje&#8220; na Bo\u017eidarcu.\u00a0<\/div><div>\u00a0<\/div><div><p><div id='gallery-2' class='gallery galleryid-7582 gallery-columns-3 gallery-size-thumbnail'><figure class='gallery-item'>\n\t\t\t<div class='gallery-icon landscape'>\n\t\t\t\t<a href='https:\/\/mbuniverzitet.edu.rs\/wp-content\/uploads\/2022\/12\/Deca_paketici5.jpg'><img loading=\"lazy\" decoding=\"async\" width=\"150\" height=\"150\" src=\"https:\/\/mbuniverzitet.edu.rs\/wp-content\/uploads\/2022\/12\/Deca_paketici5-150x150.jpg\" class=\"attachment-thumbnail size-thumbnail\" alt=\"\" srcset=\"https:\/\/mbuniverzitet.edu.rs\/wp-content\/uploads\/2022\/12\/Deca_paketici5-150x150.jpg 150w, https:\/\/mbuniverzitet.edu.rs\/wp-content\/uploads\/2022\/12\/Deca_paketici5-300x300.jpg 300w, https:\/\/mbuniverzitet.edu.rs\/wp-content\/uploads\/2022\/12\/Deca_paketici5-1024x1024.jpg 1024w, https:\/\/mbuniverzitet.edu.rs\/wp-content\/uploads\/2022\/12\/Deca_paketici5-768x768.jpg 768w, https:\/\/mbuniverzitet.edu.rs\/wp-content\/uploads\/2022\/12\/Deca_paketici5-12x12.jpg 12w, https:\/\/mbuniverzitet.edu.rs\/wp-content\/uploads\/2022\/12\/Deca_paketici5.jpg 1080w\" sizes=\"(max-width: 150px) 100vw, 150px\" \/><\/a>\n\t\t\t<\/div><\/figure><figure class='gallery-item'>\n\t\t\t<div class='gallery-icon landscape'>\n\t\t\t\t<a href='https:\/\/mbuniverzitet.edu.rs\/wp-content\/uploads\/2022\/12\/Deca_paketici6.jpg'><img loading=\"lazy\" decoding=\"async\" width=\"150\" height=\"150\" src=\"https:\/\/mbuniverzitet.edu.rs\/wp-content\/uploads\/2022\/12\/Deca_paketici6-150x150.jpg\" class=\"attachment-thumbnail size-thumbnail\" alt=\"\" srcset=\"https:\/\/mbuniverzitet.edu.rs\/wp-content\/uploads\/2022\/12\/Deca_paketici6-150x150.jpg 150w, https:\/\/mbuniverzitet.edu.rs\/wp-content\/uploads\/2022\/12\/Deca_paketici6-300x300.jpg 300w, https:\/\/mbuniverzitet.edu.rs\/wp-content\/uploads\/2022\/12\/Deca_paketici6-1024x1024.jpg 1024w, https:\/\/mbuniverzitet.edu.rs\/wp-content\/uploads\/2022\/12\/Deca_paketici6-768x768.jpg 768w, https:\/\/mbuniverzitet.edu.rs\/wp-content\/uploads\/2022\/12\/Deca_paketici6-12x12.jpg 12w, https:\/\/mbuniverzitet.edu.rs\/wp-content\/uploads\/2022\/12\/Deca_paketici6.jpg 1080w\" sizes=\"(max-width: 150px) 100vw, 150px\" \/><\/a>\n\t\t\t<\/div><\/figure><figure class='gallery-item'>\n\t\t\t<div class='gallery-icon landscape'>\n\t\t\t\t<a href='https:\/\/mbuniverzitet.edu.rs\/wp-content\/uploads\/2022\/12\/Deca_paketici7.jpg'><img loading=\"lazy\" decoding=\"async\" width=\"150\" height=\"150\" src=\"https:\/\/mbuniverzitet.edu.rs\/wp-content\/uploads\/2022\/12\/Deca_paketici7-150x150.jpg\" class=\"attachment-thumbnail size-thumbnail\" alt=\"\" srcset=\"https:\/\/mbuniverzitet.edu.rs\/wp-content\/uploads\/2022\/12\/Deca_paketici7-150x150.jpg 150w, https:\/\/mbuniverzitet.edu.rs\/wp-content\/uploads\/2022\/12\/Deca_paketici7-300x300.jpg 300w, https:\/\/mbuniverzitet.edu.rs\/wp-content\/uploads\/2022\/12\/Deca_paketici7-1024x1024.jpg 1024w, https:\/\/mbuniverzitet.edu.rs\/wp-content\/uploads\/2022\/12\/Deca_paketici7-768x768.jpg 768w, https:\/\/mbuniverzitet.edu.rs\/wp-content\/uploads\/2022\/12\/Deca_paketici7-12x12.jpg 12w, https:\/\/mbuniverzitet.edu.rs\/wp-content\/uploads\/2022\/12\/Deca_paketici7.jpg 1080w\" sizes=\"(max-width: 150px) 100vw, 150px\" \/><\/a>\n\t\t\t<\/div><\/figure>\n\t\t<\/div>\n<\/p><\/div><div>\u00a0<\/div><div>Prorektor za nastavu i studentska pitanja prof. dr \u017divanka Miladinovi\u0107-Bogavac je sa izabranim studentima preko Centra za razvoj karijere Univerziteta MB\u00a0 tokom dru\u017eenja dodelila novogodi\u0161nje paketi\u0107e deci \u0161ti\u0107enicima &#8222;Centra za \u017ertve nasilja DAR&#8220;.<\/div><div>\u00a0<\/div><div><p><div id='gallery-3' class='gallery galleryid-7582 gallery-columns-3 gallery-size-thumbnail'><figure class='gallery-item'>\n\t\t\t<div class='gallery-icon landscape'>\n\t\t\t\t<a href='https:\/\/mbuniverzitet.edu.rs\/wp-content\/uploads\/2022\/12\/Deca_paketici8.jpg'><img loading=\"lazy\" decoding=\"async\" width=\"150\" height=\"150\" src=\"https:\/\/mbuniverzitet.edu.rs\/wp-content\/uploads\/2022\/12\/Deca_paketici8-150x150.jpg\" class=\"attachment-thumbnail size-thumbnail\" alt=\"\" srcset=\"https:\/\/mbuniverzitet.edu.rs\/wp-content\/uploads\/2022\/12\/Deca_paketici8-150x150.jpg 150w, https:\/\/mbuniverzitet.edu.rs\/wp-content\/uploads\/2022\/12\/Deca_paketici8-300x300.jpg 300w, https:\/\/mbuniverzitet.edu.rs\/wp-content\/uploads\/2022\/12\/Deca_paketici8-1024x1024.jpg 1024w, https:\/\/mbuniverzitet.edu.rs\/wp-content\/uploads\/2022\/12\/Deca_paketici8-768x768.jpg 768w, https:\/\/mbuniverzitet.edu.rs\/wp-content\/uploads\/2022\/12\/Deca_paketici8-12x12.jpg 12w, https:\/\/mbuniverzitet.edu.rs\/wp-content\/uploads\/2022\/12\/Deca_paketici8.jpg 1080w\" sizes=\"(max-width: 150px) 100vw, 150px\" \/><\/a>\n\t\t\t<\/div><\/figure><figure class='gallery-item'>\n\t\t\t<div class='gallery-icon landscape'>\n\t\t\t\t<a href='https:\/\/mbuniverzitet.edu.rs\/wp-content\/uploads\/2022\/12\/Deca_paketici9.jpg'><img loading=\"lazy\" decoding=\"async\" width=\"150\" height=\"150\" src=\"https:\/\/mbuniverzitet.edu.rs\/wp-content\/uploads\/2022\/12\/Deca_paketici9-150x150.jpg\" class=\"attachment-thumbnail size-thumbnail\" alt=\"\" srcset=\"https:\/\/mbuniverzitet.edu.rs\/wp-content\/uploads\/2022\/12\/Deca_paketici9-150x150.jpg 150w, https:\/\/mbuniverzitet.edu.rs\/wp-content\/uploads\/2022\/12\/Deca_paketici9-300x300.jpg 300w, https:\/\/mbuniverzitet.edu.rs\/wp-content\/uploads\/2022\/12\/Deca_paketici9-1024x1024.jpg 1024w, https:\/\/mbuniverzitet.edu.rs\/wp-content\/uploads\/2022\/12\/Deca_paketici9-768x768.jpg 768w, https:\/\/mbuniverzitet.edu.rs\/wp-content\/uploads\/2022\/12\/Deca_paketici9-12x12.jpg 12w, https:\/\/mbuniverzitet.edu.rs\/wp-content\/uploads\/2022\/12\/Deca_paketici9.jpg 1080w\" sizes=\"(max-width: 150px) 100vw, 150px\" \/><\/a>\n\t\t\t<\/div><\/figure><figure class='gallery-item'>\n\t\t\t<div class='gallery-icon landscape'>\n\t\t\t\t<a href='https:\/\/mbuniverzitet.edu.rs\/wp-content\/uploads\/2022\/12\/Deca_paketici10.jpg'><img loading=\"lazy\" decoding=\"async\" width=\"150\" height=\"150\" src=\"https:\/\/mbuniverzitet.edu.rs\/wp-content\/uploads\/2022\/12\/Deca_paketici10-150x150.jpg\" class=\"attachment-thumbnail size-thumbnail\" alt=\"\" srcset=\"https:\/\/mbuniverzitet.edu.rs\/wp-content\/uploads\/2022\/12\/Deca_paketici10-150x150.jpg 150w, https:\/\/mbuniverzitet.edu.rs\/wp-content\/uploads\/2022\/12\/Deca_paketici10-300x300.jpg 300w, https:\/\/mbuniverzitet.edu.rs\/wp-content\/uploads\/2022\/12\/Deca_paketici10-1024x1024.jpg 1024w, https:\/\/mbuniverzitet.edu.rs\/wp-content\/uploads\/2022\/12\/Deca_paketici10-768x768.jpg 768w, https:\/\/mbuniverzitet.edu.rs\/wp-content\/uploads\/2022\/12\/Deca_paketici10-12x12.jpg 12w, https:\/\/mbuniverzitet.edu.rs\/wp-content\/uploads\/2022\/12\/Deca_paketici10.jpg 1080w\" sizes=\"(max-width: 150px) 100vw, 150px\" \/><\/a>\n\t\t\t<\/div><\/figure>\n\t\t<\/div>\n<\/p><\/div><div>\u00a0<\/div><div>Prelep i human gest na\u0161e prorektorke profesorke dr \u017divanke Miladinovi\u0107-Bogavac i vlasnika Univerziteta MB kako bi se bar na trenutak ulep\u0161ao svakodnevni \u017eivot dece \u017ertve nasilja.<\/div><div>\u00a0<\/div><div>\u00a0<\/div><div><a href=\"https:\/\/mbuniverzitet.edu.rs\/wp-content\/uploads\/2022\/12\/Deca_paketici1.jpg\"><img loading=\"lazy\" decoding=\"async\" class=\"aligncenter wp-image-13914 size-thumbnail\" src=\"https:\/\/mbuniverzitet.edu.rs\/wp-content\/uploads\/2022\/12\/Deca_paketici1-150x150.jpg\" alt=\"\" width=\"150\" height=\"150\" srcset=\"https:\/\/mbuniverzitet.edu.rs\/wp-content\/uploads\/2022\/12\/Deca_paketici1-150x150.jpg 150w, https:\/\/mbuniverzitet.edu.rs\/wp-content\/uploads\/2022\/12\/Deca_paketici1-300x300.jpg 300w, https:\/\/mbuniverzitet.edu.rs\/wp-content\/uploads\/2022\/12\/Deca_paketici1-1024x1024.jpg 1024w, https:\/\/mbuniverzitet.edu.rs\/wp-content\/uploads\/2022\/12\/Deca_paketici1-768x768.jpg 768w, https:\/\/mbuniverzitet.edu.rs\/wp-content\/uploads\/2022\/12\/Deca_paketici1-12x12.jpg 12w, https:\/\/mbuniverzitet.edu.rs\/wp-content\/uploads\/2022\/12\/Deca_paketici1.jpg 1080w\" sizes=\"(max-width: 150px) 100vw, 150px\" \/><\/a><\/div><div>\u00a0<\/div><div>Menad\u017ement Univerziteta\u00a0MB.<\/div><\/div>\n\t\t\t\t\t<\/div><\/div>\t\t\t\t<\/div>\n\t\t\t\t<\/div>\n\t\t\t\t<div class=\"elementor-element elementor-element-abf55ae exad-sticky-section-no exad-glass-effect-no elementor-widget elementor-widget-eael-adv-accordion\" data-id=\"abf55ae\" data-element_type=\"widget\" data-e-type=\"widget\" data-widget_type=\"eael-adv-accordion.default\">\n\t\t\t\t<div class=\"elementor-widget-container\">\n\t\t\t\t\t            <div class=\"eael-adv-accordion\" id=\"eael-adv-accordion-abf55ae\" data-scroll-on-click=\"no\" data-scroll-speed=\"300\" data-accordion-id=\"abf55ae\" data-accordion-type=\"accordion\" data-toogle-speed=\"300\">\n            <div class=\"eael-accordion-list\">\n\t\t\t\t\t<div id=\"povodom-nove-godine-organizovano-je-prikupljanje-novogodinjih-paketia-studenti-za-decu-kosmeta-vidi-vie\" class=\"elementor-tab-title eael-accordion-header\" tabindex=\"0\" data-tab=\"1\" aria-controls=\"elementor-tab-content-1801\"><span class=\"eael-accordion-tab-title\">Povodom Nove godine organizovano je prikupljanje novogodi\u0161njih paketi\u0107a \"Studenti za decu Kosmeta\". (Vidi vi\u0161e)<\/span><i aria-hidden=\"true\" class=\"fa-toggle fas fa-angle-right\"><\/i><\/div><div id=\"elementor-tab-content-1801\" class=\"eael-accordion-content clearfix\" data-tab=\"1\" aria-labelledby=\"povodom-nove-godine-organizovano-je-prikupljanje-novogodinjih-paketia-studenti-za-decu-kosmeta-vidi-vie\"><div><a href=\"https:\/\/mbuniverzitet.edu.rs\/wp-content\/uploads\/2022\/12\/Studenti-za-decu-Kosmeta1.jpg\"><img loading=\"lazy\" decoding=\"async\" class=\"aligncenter size-medium wp-image-13881\" src=\"https:\/\/mbuniverzitet.edu.rs\/wp-content\/uploads\/2022\/12\/Studenti-za-decu-Kosmeta1-300x300.jpg\" alt=\"\" width=\"300\" height=\"300\" srcset=\"https:\/\/mbuniverzitet.edu.rs\/wp-content\/uploads\/2022\/12\/Studenti-za-decu-Kosmeta1-300x300.jpg 300w, https:\/\/mbuniverzitet.edu.rs\/wp-content\/uploads\/2022\/12\/Studenti-za-decu-Kosmeta1-1024x1024.jpg 1024w, https:\/\/mbuniverzitet.edu.rs\/wp-content\/uploads\/2022\/12\/Studenti-za-decu-Kosmeta1-150x150.jpg 150w, https:\/\/mbuniverzitet.edu.rs\/wp-content\/uploads\/2022\/12\/Studenti-za-decu-Kosmeta1-768x768.jpg 768w, https:\/\/mbuniverzitet.edu.rs\/wp-content\/uploads\/2022\/12\/Studenti-za-decu-Kosmeta1-12x12.jpg 12w, https:\/\/mbuniverzitet.edu.rs\/wp-content\/uploads\/2022\/12\/Studenti-za-decu-Kosmeta1.jpg 1080w\" sizes=\"(max-width: 300px) 100vw, 300px\" \/><\/a><\/div><div>\u00a0<\/div><div>Studentski parlament Poslovnog i pravnog fakulteta Univerziteta MB se uklju\u010dio u humanitarnu akciju &#8222;Studenti za decu Kosmeta&#8220;.<\/div><div>\u00a0<\/div><div><a href=\"https:\/\/mbuniverzitet.edu.rs\/wp-content\/uploads\/2022\/12\/Studenti-za-decu-Kosmeta2.jpg\"><img loading=\"lazy\" decoding=\"async\" class=\"aligncenter size-medium wp-image-13882\" src=\"https:\/\/mbuniverzitet.edu.rs\/wp-content\/uploads\/2022\/12\/Studenti-za-decu-Kosmeta2-300x300.jpg\" alt=\"\" width=\"300\" height=\"300\" srcset=\"https:\/\/mbuniverzitet.edu.rs\/wp-content\/uploads\/2022\/12\/Studenti-za-decu-Kosmeta2-300x300.jpg 300w, https:\/\/mbuniverzitet.edu.rs\/wp-content\/uploads\/2022\/12\/Studenti-za-decu-Kosmeta2-1024x1024.jpg 1024w, https:\/\/mbuniverzitet.edu.rs\/wp-content\/uploads\/2022\/12\/Studenti-za-decu-Kosmeta2-150x150.jpg 150w, https:\/\/mbuniverzitet.edu.rs\/wp-content\/uploads\/2022\/12\/Studenti-za-decu-Kosmeta2-768x768.jpg 768w, https:\/\/mbuniverzitet.edu.rs\/wp-content\/uploads\/2022\/12\/Studenti-za-decu-Kosmeta2-12x12.jpg 12w, https:\/\/mbuniverzitet.edu.rs\/wp-content\/uploads\/2022\/12\/Studenti-za-decu-Kosmeta2.jpg 1080w\" sizes=\"(max-width: 300px) 100vw, 300px\" \/><\/a><\/div><div>\u00a0<\/div><div>Na\u0161i studenti na \u010delu sa studentom prorektorom na Univerzitetu MB sa studijskog programa Informacione tehnologije Miom Stani\u0161i\u0107 su i ovom prilikom pokazali visok stepen empatije, solidarnosti i dru\u0161tvene inkluzivnosti, \u010dime se Univerzitet MB posebno ponosi.<\/div><div>\u00a0<\/div><div><a href=\"https:\/\/mbuniverzitet.edu.rs\/wp-content\/uploads\/2022\/12\/Studenti-za-decu-Kosmeta3.jpg\"><img loading=\"lazy\" decoding=\"async\" class=\"aligncenter size-medium wp-image-13883\" src=\"https:\/\/mbuniverzitet.edu.rs\/wp-content\/uploads\/2022\/12\/Studenti-za-decu-Kosmeta3-300x300.jpg\" alt=\"\" width=\"300\" height=\"300\" srcset=\"https:\/\/mbuniverzitet.edu.rs\/wp-content\/uploads\/2022\/12\/Studenti-za-decu-Kosmeta3-300x300.jpg 300w, https:\/\/mbuniverzitet.edu.rs\/wp-content\/uploads\/2022\/12\/Studenti-za-decu-Kosmeta3-1024x1024.jpg 1024w, https:\/\/mbuniverzitet.edu.rs\/wp-content\/uploads\/2022\/12\/Studenti-za-decu-Kosmeta3-150x150.jpg 150w, https:\/\/mbuniverzitet.edu.rs\/wp-content\/uploads\/2022\/12\/Studenti-za-decu-Kosmeta3-768x768.jpg 768w, https:\/\/mbuniverzitet.edu.rs\/wp-content\/uploads\/2022\/12\/Studenti-za-decu-Kosmeta3-12x12.jpg 12w, https:\/\/mbuniverzitet.edu.rs\/wp-content\/uploads\/2022\/12\/Studenti-za-decu-Kosmeta3.jpg 1080w\" sizes=\"(max-width: 300px) 100vw, 300px\" \/><\/a><\/div><div>\u00a0<\/div><div>U humanitarnoj akciji koja je trajala do 25.12.2022. godine su u\u010destvovali svi \u010dlanovi SKONUS-a sa dr\u017eavnih i privatnih Univerziteta Republike Srbije.<\/div><div>\u00a0<\/div><\/div>\n\t\t\t\t\t<\/div><\/div>\t\t\t\t<\/div>\n\t\t\t\t<\/div>\n\t\t\t\t<div class=\"elementor-element elementor-element-243c032 exad-sticky-section-no exad-glass-effect-no elementor-widget elementor-widget-eael-adv-accordion\" data-id=\"243c032\" data-element_type=\"widget\" data-e-type=\"widget\" data-widget_type=\"eael-adv-accordion.default\">\n\t\t\t\t<div class=\"elementor-widget-container\">\n\t\t\t\t\t            <div class=\"eael-adv-accordion\" id=\"eael-adv-accordion-243c032\" data-scroll-on-click=\"no\" data-scroll-speed=\"300\" data-accordion-id=\"243c032\" data-accordion-type=\"accordion\" data-toogle-speed=\"300\">\n            <div class=\"eael-accordion-list\">\n\t\t\t\t\t<div id=\"dodela-paketia-povodom-novogodinjih-praznika-vidi-vie\" class=\"elementor-tab-title eael-accordion-header\" tabindex=\"0\" data-tab=\"1\" aria-controls=\"elementor-tab-content-3791\"><span class=\"eael-accordion-tab-title\">Dodela paketi\u0107a povodom Novogodi\u0161njih praznika. (Vidi vi\u0161e)<\/span><i aria-hidden=\"true\" class=\"fa-toggle fas fa-angle-right\"><\/i><\/div><div id=\"elementor-tab-content-3791\" class=\"eael-accordion-content clearfix\" data-tab=\"1\" aria-labelledby=\"dodela-paketia-povodom-novogodinjih-praznika-vidi-vie\"><p><a href=\"https:\/\/mbuniverzitet.edu.rs\/wp-content\/uploads\/2022\/12\/NG-Paketici-1.jpg\"><img loading=\"lazy\" decoding=\"async\" class=\"aligncenter size-medium wp-image-13870\" src=\"https:\/\/mbuniverzitet.edu.rs\/wp-content\/uploads\/2022\/12\/NG-Paketici-1-225x300.jpg\" alt=\"\" width=\"225\" height=\"300\" srcset=\"https:\/\/mbuniverzitet.edu.rs\/wp-content\/uploads\/2022\/12\/NG-Paketici-1-225x300.jpg 225w, https:\/\/mbuniverzitet.edu.rs\/wp-content\/uploads\/2022\/12\/NG-Paketici-1-768x1024.jpg 768w, https:\/\/mbuniverzitet.edu.rs\/wp-content\/uploads\/2022\/12\/NG-Paketici-1-9x12.jpg 9w, https:\/\/mbuniverzitet.edu.rs\/wp-content\/uploads\/2022\/12\/NG-Paketici-1.jpg 800w\" sizes=\"(max-width: 225px) 100vw, 225px\" \/><\/a><\/p><p>\u00a0<\/p><p>Dana 25.12.2022. godine na Poslovnom i pravnom fakultetu i Akademiji klasi\u010dnog slikarstva Univerziteta MB dodeljeni su paketi\u0107i za decu stalno zaposlenih.<\/p><p>\u00a0<\/p><p>\u00a0<\/p><p><a href=\"https:\/\/mbuniverzitet.edu.rs\/wp-content\/uploads\/2022\/12\/NG-Paketici-2.jpg\"><img loading=\"lazy\" decoding=\"async\" class=\"aligncenter size-medium wp-image-13871\" src=\"https:\/\/mbuniverzitet.edu.rs\/wp-content\/uploads\/2022\/12\/NG-Paketici-2-300x225.jpg\" alt=\"\" width=\"300\" height=\"225\" srcset=\"https:\/\/mbuniverzitet.edu.rs\/wp-content\/uploads\/2022\/12\/NG-Paketici-2-300x225.jpg 300w, https:\/\/mbuniverzitet.edu.rs\/wp-content\/uploads\/2022\/12\/NG-Paketici-2-768x576.jpg 768w, https:\/\/mbuniverzitet.edu.rs\/wp-content\/uploads\/2022\/12\/NG-Paketici-2-16x12.jpg 16w, https:\/\/mbuniverzitet.edu.rs\/wp-content\/uploads\/2022\/12\/NG-Paketici-2.jpg 800w\" sizes=\"(max-width: 300px) 100vw, 300px\" \/><\/a><\/p><p>\u00a0<\/p><p>Deca stalno zaposlenih su se u prisustvu svojih roditelja i prorektora za nastavu i studentska pitanja profesorke dr \u017divanke Miladinovi\u0107 &#8211; Bogavac dru\u017eila uz izuzetno raspolo\u017eenog Deda Mraza.<\/p><p>\u00a0<\/p><p><a href=\"https:\/\/mbuniverzitet.edu.rs\/wp-content\/uploads\/2022\/12\/NG-Paketici-3.jpg\"><img loading=\"lazy\" decoding=\"async\" class=\"aligncenter size-medium wp-image-13867\" src=\"https:\/\/mbuniverzitet.edu.rs\/wp-content\/uploads\/2022\/12\/NG-Paketici-3-300x169.jpg\" alt=\"\" width=\"300\" height=\"169\" srcset=\"https:\/\/mbuniverzitet.edu.rs\/wp-content\/uploads\/2022\/12\/NG-Paketici-3-300x169.jpg 300w, https:\/\/mbuniverzitet.edu.rs\/wp-content\/uploads\/2022\/12\/NG-Paketici-3-768x433.jpg 768w, https:\/\/mbuniverzitet.edu.rs\/wp-content\/uploads\/2022\/12\/NG-Paketici-3-18x10.jpg 18w, https:\/\/mbuniverzitet.edu.rs\/wp-content\/uploads\/2022\/12\/NG-Paketici-3.jpg 800w\" sizes=\"(max-width: 300px) 100vw, 300px\" \/><\/a><\/p><p>\u00a0<\/p><p>\u00a0<\/p><p>Nisu iz\u043estali muzika, oki\u0107ena jelka, slatki\u0161i i lepa \u017eurka uz zimske \u010darolije i prekrasan ambijent na Univerzitetu MB.<\/p><p>\u00a0<\/p><p><a href=\"https:\/\/mbuniverzitet.edu.rs\/wp-content\/uploads\/2022\/12\/NG-Paketici-4.jpg\"><img loading=\"lazy\" decoding=\"async\" class=\"aligncenter size-medium wp-image-13868\" src=\"https:\/\/mbuniverzitet.edu.rs\/wp-content\/uploads\/2022\/12\/NG-Paketici-4-300x175.jpg\" alt=\"\" width=\"300\" height=\"175\" srcset=\"https:\/\/mbuniverzitet.edu.rs\/wp-content\/uploads\/2022\/12\/NG-Paketici-4-300x175.jpg 300w, https:\/\/mbuniverzitet.edu.rs\/wp-content\/uploads\/2022\/12\/NG-Paketici-4-768x448.jpg 768w, https:\/\/mbuniverzitet.edu.rs\/wp-content\/uploads\/2022\/12\/NG-Paketici-4-18x12.jpg 18w, https:\/\/mbuniverzitet.edu.rs\/wp-content\/uploads\/2022\/12\/NG-Paketici-4.jpg 800w\" sizes=\"(max-width: 300px) 100vw, 300px\" \/><\/a><\/p><\/div>\n\t\t\t\t\t<\/div><\/div>\t\t\t\t<\/div>\n\t\t\t\t<\/div>\n\t\t\t\t<div class=\"elementor-element elementor-element-3f1c664 exad-sticky-section-no exad-glass-effect-no elementor-widget elementor-widget-eael-adv-accordion\" data-id=\"3f1c664\" data-element_type=\"widget\" data-e-type=\"widget\" data-widget_type=\"eael-adv-accordion.default\">\n\t\t\t\t<div class=\"elementor-widget-container\">\n\t\t\t\t\t            <div class=\"eael-adv-accordion\" id=\"eael-adv-accordion-3f1c664\" data-scroll-on-click=\"no\" data-scroll-speed=\"300\" data-accordion-id=\"3f1c664\" data-accordion-type=\"accordion\" data-toogle-speed=\"300\">\n            <div class=\"eael-accordion-list\">\n\t\t\t\t\t<div id=\"poseta-studenata-poslovnog-i-pravnog-fakulteta-univerziteta-mb-narodnoj-skuptini-republike-srbije-vidi-vie\" class=\"elementor-tab-title eael-accordion-header\" tabindex=\"0\" data-tab=\"1\" aria-controls=\"elementor-tab-content-6611\"><span class=\"eael-accordion-tab-title\">Poseta studenata Poslovnog i pravnog fakulteta Univerziteta MB Narodnoj skup\u0161tini Republike Srbije. (Vidi vi\u0161e)<\/span><i aria-hidden=\"true\" class=\"fa-toggle fas fa-angle-right\"><\/i><\/div><div id=\"elementor-tab-content-6611\" class=\"eael-accordion-content clearfix\" data-tab=\"1\" aria-labelledby=\"poseta-studenata-poslovnog-i-pravnog-fakulteta-univerziteta-mb-narodnoj-skuptini-republike-srbije-vidi-vie\"><p>U organizaciji Centra za razvoj karijere Univerziteta MB dana 07.12.2022. godine, studenti Poslovnog i pravnog fakulteta Univerziteta MB posetili su Narodnu skup\u0161tinu Republike Srbije.<\/p><p>\u00a0<\/p><p><a href=\"https:\/\/mbuniverzitet.edu.rs\/wp-content\/uploads\/2022\/12\/skupstina-1.jpg\"><img loading=\"lazy\" decoding=\"async\" class=\"aligncenter size-medium wp-image-13818\" src=\"https:\/\/mbuniverzitet.edu.rs\/wp-content\/uploads\/2022\/12\/skupstina-1-300x300.jpg\" alt=\"\" width=\"300\" height=\"300\" srcset=\"https:\/\/mbuniverzitet.edu.rs\/wp-content\/uploads\/2022\/12\/skupstina-1-300x300.jpg 300w, https:\/\/mbuniverzitet.edu.rs\/wp-content\/uploads\/2022\/12\/skupstina-1-1024x1024.jpg 1024w, https:\/\/mbuniverzitet.edu.rs\/wp-content\/uploads\/2022\/12\/skupstina-1-150x150.jpg 150w, https:\/\/mbuniverzitet.edu.rs\/wp-content\/uploads\/2022\/12\/skupstina-1-768x768.jpg 768w, https:\/\/mbuniverzitet.edu.rs\/wp-content\/uploads\/2022\/12\/skupstina-1-12x12.jpg 12w, https:\/\/mbuniverzitet.edu.rs\/wp-content\/uploads\/2022\/12\/skupstina-1.jpg 1080w\" sizes=\"(max-width: 300px) 100vw, 300px\" \/><\/a><\/p><p>\u00a0<\/p><p>Cilj obilaska je upoznavanje studenata sa radom najvi\u0161eg zakonodavnog tela, u okviru nastavnog predmeta Dr\u017eavno ure\u0111enje.<\/p><p>\u00a0<\/p><p><a href=\"https:\/\/mbuniverzitet.edu.rs\/wp-content\/uploads\/2022\/12\/skupstina-2.jpg\"><img loading=\"lazy\" decoding=\"async\" class=\"aligncenter size-medium wp-image-13819\" src=\"https:\/\/mbuniverzitet.edu.rs\/wp-content\/uploads\/2022\/12\/skupstina-2-300x300.jpg\" alt=\"\" width=\"300\" height=\"300\" srcset=\"https:\/\/mbuniverzitet.edu.rs\/wp-content\/uploads\/2022\/12\/skupstina-2-300x300.jpg 300w, https:\/\/mbuniverzitet.edu.rs\/wp-content\/uploads\/2022\/12\/skupstina-2-1024x1024.jpg 1024w, https:\/\/mbuniverzitet.edu.rs\/wp-content\/uploads\/2022\/12\/skupstina-2-150x150.jpg 150w, https:\/\/mbuniverzitet.edu.rs\/wp-content\/uploads\/2022\/12\/skupstina-2-768x768.jpg 768w, https:\/\/mbuniverzitet.edu.rs\/wp-content\/uploads\/2022\/12\/skupstina-2-12x12.jpg 12w, https:\/\/mbuniverzitet.edu.rs\/wp-content\/uploads\/2022\/12\/skupstina-2.jpg 1080w\" sizes=\"(max-width: 300px) 100vw, 300px\" \/><\/a><\/p><p>\u00a0<\/p><p><strong>Narodna skup\u0161tina Republike Srbije<\/strong> je jednodomno zakonodavno telo. \u010cini je 250 narodnih poslanika koji su izabrani tajnim glasanjem po proporcionalnom izbornom sistemu na \u010detvorogodi\u0161nji mandat.<\/p><p>\u00a0<\/p><p><a href=\"https:\/\/mbuniverzitet.edu.rs\/wp-content\/uploads\/2022\/12\/skupstina-3.jpg\"><img loading=\"lazy\" decoding=\"async\" class=\"aligncenter size-medium wp-image-13820\" src=\"https:\/\/mbuniverzitet.edu.rs\/wp-content\/uploads\/2022\/12\/skupstina-3-300x300.jpg\" alt=\"\" width=\"300\" height=\"300\" srcset=\"https:\/\/mbuniverzitet.edu.rs\/wp-content\/uploads\/2022\/12\/skupstina-3-300x300.jpg 300w, https:\/\/mbuniverzitet.edu.rs\/wp-content\/uploads\/2022\/12\/skupstina-3-1024x1024.jpg 1024w, https:\/\/mbuniverzitet.edu.rs\/wp-content\/uploads\/2022\/12\/skupstina-3-150x150.jpg 150w, https:\/\/mbuniverzitet.edu.rs\/wp-content\/uploads\/2022\/12\/skupstina-3-768x768.jpg 768w, https:\/\/mbuniverzitet.edu.rs\/wp-content\/uploads\/2022\/12\/skupstina-3-12x12.jpg 12w, https:\/\/mbuniverzitet.edu.rs\/wp-content\/uploads\/2022\/12\/skupstina-3.jpg 1080w\" sizes=\"(max-width: 300px) 100vw, 300px\" \/><\/a><\/p><p>\u00a0<\/p><p>Narodna skup\u0161tina vr\u0161i vrhovnu zakonodavnu vlast. Usvaja i menja Ustav, bira Vladu, imenuje i razre\u0161ava sudije Ustavnog suda, predsednika Vrhovnog kasacionog suda, guvernera Narodne banke Srbije i druge dr\u017eavne funkcionere. Sve odluke se donose ve\u0107inom glasova narodnih poslanika, osim za promenu Ustava kada je potrebna dvotre\u0107inska ve\u0107ina.<\/p><p>\u00a0<\/p><p><a href=\"https:\/\/mbuniverzitet.edu.rs\/wp-content\/uploads\/2022\/12\/skupstina-6.jpg\"><img loading=\"lazy\" decoding=\"async\" class=\"aligncenter size-medium wp-image-13821\" src=\"https:\/\/mbuniverzitet.edu.rs\/wp-content\/uploads\/2022\/12\/skupstina-6-300x300.jpg\" alt=\"\" width=\"300\" height=\"300\" srcset=\"https:\/\/mbuniverzitet.edu.rs\/wp-content\/uploads\/2022\/12\/skupstina-6-300x300.jpg 300w, https:\/\/mbuniverzitet.edu.rs\/wp-content\/uploads\/2022\/12\/skupstina-6-1024x1024.jpg 1024w, https:\/\/mbuniverzitet.edu.rs\/wp-content\/uploads\/2022\/12\/skupstina-6-150x150.jpg 150w, https:\/\/mbuniverzitet.edu.rs\/wp-content\/uploads\/2022\/12\/skupstina-6-768x768.jpg 768w, https:\/\/mbuniverzitet.edu.rs\/wp-content\/uploads\/2022\/12\/skupstina-6-12x12.jpg 12w, https:\/\/mbuniverzitet.edu.rs\/wp-content\/uploads\/2022\/12\/skupstina-6.jpg 1080w\" sizes=\"(max-width: 300px) 100vw, 300px\" \/><\/a><\/p><p>\u00a0<\/p><p>Studenti su obi\u0161li Malu salu, salon Kneza Pavla, bibliotetku, a pratili su i deo skup\u0161tinskog zasedanja sa galerije Velike sale Narodne skup\u0161tine.<\/p><p>\u00a0<\/p><p><a href=\"https:\/\/mbuniverzitet.edu.rs\/wp-content\/uploads\/2022\/12\/skupstina-7.jpg\"><img loading=\"lazy\" decoding=\"async\" class=\"aligncenter size-medium wp-image-13816\" src=\"https:\/\/mbuniverzitet.edu.rs\/wp-content\/uploads\/2022\/12\/skupstina-7-300x300.jpg\" alt=\"\" width=\"300\" height=\"300\" srcset=\"https:\/\/mbuniverzitet.edu.rs\/wp-content\/uploads\/2022\/12\/skupstina-7-300x300.jpg 300w, https:\/\/mbuniverzitet.edu.rs\/wp-content\/uploads\/2022\/12\/skupstina-7-1024x1024.jpg 1024w, https:\/\/mbuniverzitet.edu.rs\/wp-content\/uploads\/2022\/12\/skupstina-7-150x150.jpg 150w, https:\/\/mbuniverzitet.edu.rs\/wp-content\/uploads\/2022\/12\/skupstina-7-768x768.jpg 768w, https:\/\/mbuniverzitet.edu.rs\/wp-content\/uploads\/2022\/12\/skupstina-7-12x12.jpg 12w, https:\/\/mbuniverzitet.edu.rs\/wp-content\/uploads\/2022\/12\/skupstina-7.jpg 1080w\" sizes=\"(max-width: 300px) 100vw, 300px\" \/><\/a><\/p><p><a href=\"https:\/\/mbuniverzitet.edu.rs\/wp-content\/uploads\/2022\/12\/skupstina-8.jpg\"><img loading=\"lazy\" decoding=\"async\" class=\"aligncenter size-medium wp-image-13817\" src=\"https:\/\/mbuniverzitet.edu.rs\/wp-content\/uploads\/2022\/12\/skupstina-8-300x300.jpg\" alt=\"\" width=\"300\" height=\"300\" srcset=\"https:\/\/mbuniverzitet.edu.rs\/wp-content\/uploads\/2022\/12\/skupstina-8-300x300.jpg 300w, https:\/\/mbuniverzitet.edu.rs\/wp-content\/uploads\/2022\/12\/skupstina-8-1024x1024.jpg 1024w, https:\/\/mbuniverzitet.edu.rs\/wp-content\/uploads\/2022\/12\/skupstina-8-150x150.jpg 150w, https:\/\/mbuniverzitet.edu.rs\/wp-content\/uploads\/2022\/12\/skupstina-8-768x768.jpg 768w, https:\/\/mbuniverzitet.edu.rs\/wp-content\/uploads\/2022\/12\/skupstina-8-12x12.jpg 12w, https:\/\/mbuniverzitet.edu.rs\/wp-content\/uploads\/2022\/12\/skupstina-8.jpg 1080w\" sizes=\"(max-width: 300px) 100vw, 300px\" \/><\/a><\/p><p>\u00a0<\/p><p>Tokom posete studente je najavio predsednik narodne skup\u0161tine dr Vladimir Orli\u0107. Tokom posete studenti su razgovarali sa narodnim poslanicima koji su iz prve ruke mogli da im uka\u017eu na ulogu i zna\u010daj svog rada u predstavljanju interesa svih gra\u0111ana Republike Srbije.<\/p><p><div style=\"width: 640px;\" class=\"wp-video\"><video class=\"wp-video-shortcode\" id=\"video-7582-12\" width=\"640\" height=\"360\" preload=\"metadata\" controls=\"controls\"><source type=\"video\/mp4\" src=\"https:\/\/mbuniverzitet.edu.rs\/wp-content\/uploads\/2022\/12\/PPF_Skupstina.mp4?_=12\" \/><a href=\"https:\/\/mbuniverzitet.edu.rs\/wp-content\/uploads\/2022\/12\/PPF_Skupstina.mp4\">https:\/\/mbuniverzitet.edu.rs\/wp-content\/uploads\/2022\/12\/PPF_Skupstina.mp4<\/a><\/video><\/div><\/p><\/div>\n\t\t\t\t\t<\/div><\/div>\t\t\t\t<\/div>\n\t\t\t\t<\/div>\n\t\t\t\t<div class=\"elementor-element elementor-element-2e14c66 exad-sticky-section-no exad-glass-effect-no elementor-widget elementor-widget-eael-adv-accordion\" data-id=\"2e14c66\" data-element_type=\"widget\" data-e-type=\"widget\" data-widget_type=\"eael-adv-accordion.default\">\n\t\t\t\t<div class=\"elementor-widget-container\">\n\t\t\t\t\t            <div class=\"eael-adv-accordion\" id=\"eael-adv-accordion-2e14c66\" data-scroll-on-click=\"no\" data-scroll-speed=\"300\" data-accordion-id=\"2e14c66\" data-accordion-type=\"accordion\" data-toogle-speed=\"300\">\n            <div class=\"eael-accordion-list\">\n\t\t\t\t\t<div id=\"svoj-uspean-rad-centar-za-razvoj-karijere-univerziteta-mb-je-nastavio-i-organizovanjem-gostujueg-predavanje-msc-duice-birovljevi-na-temu-pravna-menadment-pria-vidi-vie\" class=\"elementor-tab-title eael-accordion-header\" tabindex=\"0\" data-tab=\"1\" aria-controls=\"elementor-tab-content-4831\"><span class=\"eael-accordion-tab-title\">Svoj uspe\u0161an rad Centar za razvoj karijere Univerziteta MB je nastavio i organizovanjem gostuju\u0107eg predavanje MSc. Du\u0161ice Birovljevi\u0107 na temu \"Prav(n)a menad\u017ement pri\u010da\". (Vidi vi\u0161e)<\/span><i aria-hidden=\"true\" class=\"fa-toggle fas fa-angle-right\"><\/i><\/div><div id=\"elementor-tab-content-4831\" class=\"eael-accordion-content clearfix\" data-tab=\"1\" aria-labelledby=\"svoj-uspean-rad-centar-za-razvoj-karijere-univerziteta-mb-je-nastavio-i-organizovanjem-gostujueg-predavanje-msc-duice-birovljevi-na-temu-pravna-menadment-pria-vidi-vie\"><div>Dana 07.12.2022. godine organizovano je predavanje na temu &#8222;Prav(n)a menad\u017ement pri\u010da&#8220; MSc Du\u0161ice Birovljevi\u0107.\u00a0 \u00a0<\/div><div>\u00a0<\/div><div><a href=\"https:\/\/mbuniverzitet.edu.rs\/wp-content\/uploads\/2022\/12\/Prica.jpg\"><img loading=\"lazy\" decoding=\"async\" class=\"aligncenter size-medium wp-image-13758\" src=\"https:\/\/mbuniverzitet.edu.rs\/wp-content\/uploads\/2022\/12\/Prica-300x300.jpg\" alt=\"\" width=\"300\" height=\"300\" srcset=\"https:\/\/mbuniverzitet.edu.rs\/wp-content\/uploads\/2022\/12\/Prica-300x300.jpg 300w, https:\/\/mbuniverzitet.edu.rs\/wp-content\/uploads\/2022\/12\/Prica-1024x1024.jpg 1024w, https:\/\/mbuniverzitet.edu.rs\/wp-content\/uploads\/2022\/12\/Prica-150x150.jpg 150w, https:\/\/mbuniverzitet.edu.rs\/wp-content\/uploads\/2022\/12\/Prica-768x768.jpg 768w, https:\/\/mbuniverzitet.edu.rs\/wp-content\/uploads\/2022\/12\/Prica-12x12.jpg 12w, https:\/\/mbuniverzitet.edu.rs\/wp-content\/uploads\/2022\/12\/Prica.jpg 1080w\" sizes=\"(max-width: 300px) 100vw, 300px\" \/><\/a><\/div><div>\u00a0<\/div><div>Msc Birovljevi\u0107 je svojim nadahnutim predavanjem studentima\u00a0 prezentovala teorijska znanja i prenela prakti\u010dna iskustva koja je\u00a0 decenijama sticala rade\u0107i u oblasti projekt menad\u017ementa.<\/div><div>\u00a0<\/div><div><a href=\"https:\/\/mbuniverzitet.edu.rs\/wp-content\/uploads\/2022\/12\/Prica-1.jpg\"><img loading=\"lazy\" decoding=\"async\" class=\"aligncenter size-medium wp-image-13759\" src=\"https:\/\/mbuniverzitet.edu.rs\/wp-content\/uploads\/2022\/12\/Prica-1-300x300.jpg\" alt=\"\" width=\"300\" height=\"300\" srcset=\"https:\/\/mbuniverzitet.edu.rs\/wp-content\/uploads\/2022\/12\/Prica-1-300x300.jpg 300w, https:\/\/mbuniverzitet.edu.rs\/wp-content\/uploads\/2022\/12\/Prica-1-1024x1024.jpg 1024w, https:\/\/mbuniverzitet.edu.rs\/wp-content\/uploads\/2022\/12\/Prica-1-150x150.jpg 150w, https:\/\/mbuniverzitet.edu.rs\/wp-content\/uploads\/2022\/12\/Prica-1-768x768.jpg 768w, https:\/\/mbuniverzitet.edu.rs\/wp-content\/uploads\/2022\/12\/Prica-1-12x12.jpg 12w, https:\/\/mbuniverzitet.edu.rs\/wp-content\/uploads\/2022\/12\/Prica-1.jpg 1080w\" sizes=\"(max-width: 300px) 100vw, 300px\" \/><\/a><\/div><div>\u00a0<\/div><div>MSc. Birovljevi\u0107 je ostvarila vi\u0161e od 30 projekata i bavila se ekspertskim radom u oblasti ljudskih resursa\u00a0 u zemlji i inostranstvu.\u00a0<\/div><div>\u00a0<\/div><div><a href=\"https:\/\/mbuniverzitet.edu.rs\/wp-content\/uploads\/2022\/12\/Prica-5.jpg\"><img loading=\"lazy\" decoding=\"async\" class=\"aligncenter size-medium wp-image-13801\" src=\"https:\/\/mbuniverzitet.edu.rs\/wp-content\/uploads\/2022\/12\/Prica-5-300x300.jpg\" alt=\"\" width=\"300\" height=\"300\" srcset=\"https:\/\/mbuniverzitet.edu.rs\/wp-content\/uploads\/2022\/12\/Prica-5-300x300.jpg 300w, https:\/\/mbuniverzitet.edu.rs\/wp-content\/uploads\/2022\/12\/Prica-5-1024x1024.jpg 1024w, https:\/\/mbuniverzitet.edu.rs\/wp-content\/uploads\/2022\/12\/Prica-5-150x150.jpg 150w, https:\/\/mbuniverzitet.edu.rs\/wp-content\/uploads\/2022\/12\/Prica-5-768x768.jpg 768w, https:\/\/mbuniverzitet.edu.rs\/wp-content\/uploads\/2022\/12\/Prica-5-12x12.jpg 12w, https:\/\/mbuniverzitet.edu.rs\/wp-content\/uploads\/2022\/12\/Prica-5.jpg 1080w\" sizes=\"(max-width: 300px) 100vw, 300px\" \/><\/a><\/div><div>\u00a0<\/div><div>Studenti Univerziteta MB pokazali su svojom brojno\u0161\u0107u i interakcijom veliko interesovanje za ovu temu.<\/div><div>\u00a0<\/div><div>\u00a0<\/div><\/div>\n\t\t\t\t\t<\/div><\/div>\t\t\t\t<\/div>\n\t\t\t\t<\/div>\n\t\t\t\t<div class=\"elementor-element elementor-element-1cde921 exad-sticky-section-no exad-glass-effect-no elementor-widget elementor-widget-eael-adv-accordion\" data-id=\"1cde921\" data-element_type=\"widget\" data-e-type=\"widget\" data-widget_type=\"eael-adv-accordion.default\">\n\t\t\t\t<div class=\"elementor-widget-container\">\n\t\t\t\t\t            <div class=\"eael-adv-accordion\" id=\"eael-adv-accordion-1cde921\" data-scroll-on-click=\"no\" data-scroll-speed=\"300\" data-accordion-id=\"1cde921\" data-accordion-type=\"accordion\" data-toogle-speed=\"300\">\n            <div class=\"eael-accordion-list\">\n\t\t\t\t\t<div id=\"in-memoriam-dana-28112022-godine-posle-duge-i-teke-bolesti-preminula-je-dugogodinja-radnica-poslovnog-i-pravnog-fakulteta-univerziteta-mb-na-finansijskim-poslovima-brankica-gunjak-vidi-vie\" class=\"elementor-tab-title eael-accordion-header\" tabindex=\"0\" data-tab=\"1\" aria-controls=\"elementor-tab-content-3021\"><span class=\"eael-accordion-tab-title\">IN MEMORIAM: Dana 28.11.2022. godine posle duge i te\u0161ke bolesti preminula je dugogodi\u0161nja radnica Poslovnog i pravnog fakulteta Univerziteta MB na finansijskim poslovima Brankica Gunjak. (Vidi vi\u0161e)<\/span><i aria-hidden=\"true\" class=\"fa-toggle fas fa-angle-right\"><\/i><\/div><div id=\"elementor-tab-content-3021\" class=\"eael-accordion-content clearfix\" data-tab=\"1\" aria-labelledby=\"in-memoriam-dana-28112022-godine-posle-duge-i-teke-bolesti-preminula-je-dugogodinja-radnica-poslovnog-i-pravnog-fakulteta-univerziteta-mb-na-finansijskim-poslovima-brankica-gunjak-vidi-vie\"><div><a href=\"https:\/\/mbuniverzitet.edu.rs\/wp-content\/uploads\/2022\/12\/Brankica.png\"><img loading=\"lazy\" decoding=\"async\" class=\"aligncenter size-medium wp-image-13741\" src=\"https:\/\/mbuniverzitet.edu.rs\/wp-content\/uploads\/2022\/12\/Brankica-214x300.png\" alt=\"\" width=\"214\" height=\"300\" srcset=\"https:\/\/mbuniverzitet.edu.rs\/wp-content\/uploads\/2022\/12\/Brankica-214x300.png 214w, https:\/\/mbuniverzitet.edu.rs\/wp-content\/uploads\/2022\/12\/Brankica-9x12.png 9w, https:\/\/mbuniverzitet.edu.rs\/wp-content\/uploads\/2022\/12\/Brankica.png 243w\" sizes=\"(max-width: 214px) 100vw, 214px\" \/><\/a><\/div><div>\u00a0<\/div><div>Brankica Gunjak je ro\u0111ena u Sarajevu 15.07.1955. godine. Po profesiji je bila magistar ekonomije. Tokom \u010ditavog svog \u017eivota bavila se finansijskim poslovima.<\/div><div>\u00a0<\/div><div>Saradnju sa vlasnikom Poslovnog i pravnog fakulteta prof. dr Milijom Bogavcom\u00a0 zapo\u010dela je 2012. godine.<\/div><div>\u00a0<\/div><div>U kolektivu je u\u017eivala izuzetan ugled po svojoj skromnosti, profesionalnosti, samostalnosti i spremnosti za timski rad.\u00a0\u00a0<\/div><div>Osta\u0107e upam\u0107ena i po svojoj brizi i\u00a0ose\u0107anjima za kolektiv.<\/div><div>\u00a0<\/div><div>Na \u017ealost, posle du\u017ee i te\u0161ke bolesti na\u0161a Brankica je preminula 28.11.2022. godine u svojoj 67. godini \u017eivota. Sahrana je obavljena u Sarajevu u BiH.<\/div><div>\u00a0<\/div><div>Kolektiv Univerziteta MB izra\u017eava sau\u010de\u0161\u0107e porodici Brankice Gunjak.<\/div><\/div>\n\t\t\t\t\t<\/div><\/div>\t\t\t\t<\/div>\n\t\t\t\t<\/div>\n\t\t\t\t<div class=\"elementor-element elementor-element-f6780f8 exad-sticky-section-no exad-glass-effect-no elementor-widget elementor-widget-eael-adv-accordion\" data-id=\"f6780f8\" data-element_type=\"widget\" data-e-type=\"widget\" data-widget_type=\"eael-adv-accordion.default\">\n\t\t\t\t<div class=\"elementor-widget-container\">\n\t\t\t\t\t            <div class=\"eael-adv-accordion\" id=\"eael-adv-accordion-f6780f8\" data-scroll-on-click=\"no\" data-scroll-speed=\"300\" data-accordion-id=\"f6780f8\" data-accordion-type=\"accordion\" data-toogle-speed=\"300\">\n            <div class=\"eael-accordion-list\">\n\t\t\t\t\t<div id=\"praznino-odsustvo-i-realizacija-nastave-od-26122022-godine-do-23012023-godine-vidi-vie\" class=\"elementor-tab-title eael-accordion-header\" tabindex=\"0\" data-tab=\"1\" aria-controls=\"elementor-tab-content-2581\"><span class=\"eael-accordion-tab-title\">Prazni\u010dno odsustvo i realizacija nastave od 26.12.2022. godine do 23.01.2023. godine. (Vidi vi\u0161e)<\/span><i aria-hidden=\"true\" class=\"fa-toggle fas fa-angle-right\"><\/i><\/div><div id=\"elementor-tab-content-2581\" class=\"eael-accordion-content clearfix\" data-tab=\"1\" aria-labelledby=\"praznino-odsustvo-i-realizacija-nastave-od-26122022-godine-do-23012023-godine-vidi-vie\"><p>Zbog preduzimanja\u00a0mera za\u0161tite studenata i stalno zaposlenih i racionalizacije svih poslovnih aktivnosti \u00a0Senat Univerziteta MB je na predlog NNV PPF i AKS\u00a0Univerziteta i vlasnika\u00a0doneo slede\u0107u odluku:<\/p><p>\u00a0<\/p><ol><li>Nastavu u zimskom semestru za vremenski period od ponedeljka 26.12.2022. godine do petka 30.12.2022. godine realizovati\u00a0<b>elektronskim putem<\/b>\u00a0(predavanja online, prezentacije na sajtu PPF i AKS).\u00a0<\/li><li>Prazni\u010dno odsustvo i odmor stalno zaposlenih i studenata po Kalendaru aktivnosti na Univerzitetu MB je od 30.12.2022. godine do 15.01.2023. godine.\u00a0\u00a0<\/li><li>Nadoknadu nastave realizovati po potrebi od\u00a0 ponedeljka 16.01.2023. godine do petka 21.01.2023. godine. Nastavnici \u0107e individualno i PO POTREBI planirati nadoknadu izgubljene nastave (na PPF i AKS Univerziteta MB), realizaciju II kolokvijuma (popravku istog) i odbranu seminarskih radova. Iste evidentirati u Knjige evidencije nastave.<\/li><li>Januarski ispitni rok planirati po Kalendaru aktivnosti od 23.01.2021. godine do 18.02.2023. godine.<\/li><li>Letnji semestar akademske 2022\/2023. godine otpo\u010deti po kalendaru aktivnosti u ponedeljak 20.02.2023. godine.<\/li><\/ol><p><b>Menad\u017ement Univerziteta<\/b><\/p><\/div>\n\t\t\t\t\t<\/div><\/div>\t\t\t\t<\/div>\n\t\t\t\t<\/div>\n\t\t\t\t<div class=\"elementor-element elementor-element-fd3a6e2 exad-sticky-section-no exad-glass-effect-no elementor-widget elementor-widget-eael-adv-accordion\" data-id=\"fd3a6e2\" data-element_type=\"widget\" data-e-type=\"widget\" data-widget_type=\"eael-adv-accordion.default\">\n\t\t\t\t<div class=\"elementor-widget-container\">\n\t\t\t\t\t            <div class=\"eael-adv-accordion\" id=\"eael-adv-accordion-fd3a6e2\" data-scroll-on-click=\"no\" data-scroll-speed=\"300\" data-accordion-id=\"fd3a6e2\" data-accordion-type=\"accordion\" data-toogle-speed=\"300\">\n            <div class=\"eael-accordion-list\">\n\t\t\t\t\t<div id=\"obeleen-meunarodni-dan-studenata-sveanom-akademijom-studentske-konferencije-univerziteta-srbije-u-rektoratu-univerziteta-u-beogradu-je-obeleen-meunarodni-dan-studenata-student-prorektor-na-univerzitetu-mb-mia-stanii-je-prisustvovala-sveanoj-akademiji-vidi-vie\" class=\"elementor-tab-title eael-accordion-header\" tabindex=\"0\" data-tab=\"1\" aria-controls=\"elementor-tab-content-2651\"><span class=\"eael-accordion-tab-title\">Obele\u017een me\u0111unarodni dan studenata. Sve\u010danom akademijom Studentske konferencije univerziteta Srbije, u Rektoratu Univerziteta u Beogradu je obele\u017een Me\u0111unarodni dan studenata. Student prorektor na Univerzitetu MB Mia Stani\u0161i\u0107 je prisustvovala sve\u010danoj akademiji (Vidi vi\u0161e)<\/span><i aria-hidden=\"true\" class=\"fa-toggle fas fa-angle-right\"><\/i><\/div><div id=\"elementor-tab-content-2651\" class=\"eael-accordion-content clearfix\" data-tab=\"1\" aria-labelledby=\"obeleen-meunarodni-dan-studenata-sveanom-akademijom-studentske-konferencije-univerziteta-srbije-u-rektoratu-univerziteta-u-beogradu-je-obeleen-meunarodni-dan-studenata-student-prorektor-na-univerzitetu-mb-mia-stanii-je-prisustvovala-sveanoj-akademiji-vidi-vie\"><p>Prisutnima su se obratili ministar prosvete Branko Ru\u017ei\u0107, predsednik Narodne skup\u0161tine dr Vladimir Orli\u0107, zamenik predsednika KONUS-a rektor Univerziteta u Kragujevcu prof. dr Nenad Filipovi\u0107 i predsednica SKONUS-a Margareta Smiljani\u0107. Ministar Ru\u017ei\u0107 je \u010destitaju\u0107i me\u0111unarodni dan studenata poru\u010dio da je ovo prilika da se javnosti uka\u017ee na zna\u010daj i ulogu studenata u dru\u0161tvu, ali i u procesu reformi obrazovanja u Srbiji.<\/p><p>\u00a0<\/p><p>SKONUS je na akademiji dodelio zahvalnice za poseban doprinos u radu i nesebi\u010dan doprinos razvoju sistema studentskog organizovanja u Srbiji: Narodnoj skup\u0161tini Republike Srbije, ministru prosvete Branku Ru\u017ei\u0107u, dr\u017eavnoj sekretarki Ministarstva prosvete prof. dr Marijani Duki\u0107 Mijatovi\u0107, dr\u017eavnom sekretaru Ministarstva finansija Sa\u0161i Stevanovi\u0107u, rektoru prof. dr Nenadu Filipovi\u0107u, rektorki prof. dr Zani Doli\u0107anin, sekretaru za obrazovanje i de\u010dju za\u0161titu Grada Beograda Nenadu Radi\u0107u, direktoru Ustanove Studentski centar Beograd Goranu Mini\u0107u, direktoru Fonda za inovacionu delatnost prof.\u00a0dr Ivanu Rakonjcu, novinarki RTS Nataliji Sinanovi\u0107, novinarki Jeleni Komarici, studentskom parlamentu Univerziteta u Crnoj Gori, organizaciji Svetski omladinski talas i organizaciji Komitet za me\u0111unarodnu saradnju studenata medicine.<\/p><p>\u00a0<\/p><p><a href=\"https:\/\/www.novosti.rs\/obrazovanje\/vesti\/1173907\/svecana-akademija-cast-skonus-obelezio-medjunarodni-dan-studenata\" target=\"_blank\" rel=\"noopener\">https:\/\/www.novosti.rs\/obrazovanje\/vesti\/1173907\/svecana-akademija-cast-skonus-obelezio-medjunarodni-dan-studenata<\/a><\/p><\/div>\n\t\t\t\t\t<\/div><\/div>\t\t\t\t<\/div>\n\t\t\t\t<\/div>\n\t\t\t\t<div class=\"elementor-element elementor-element-d55523b exad-sticky-section-no exad-glass-effect-no elementor-widget elementor-widget-eael-adv-accordion\" data-id=\"d55523b\" data-element_type=\"widget\" data-e-type=\"widget\" data-widget_type=\"eael-adv-accordion.default\">\n\t\t\t\t<div class=\"elementor-widget-container\">\n\t\t\t\t\t            <div class=\"eael-adv-accordion\" id=\"eael-adv-accordion-d55523b\" data-scroll-on-click=\"no\" data-scroll-speed=\"300\" data-accordion-id=\"d55523b\" data-accordion-type=\"accordion\" data-toogle-speed=\"300\">\n            <div class=\"eael-accordion-list\">\n\t\t\t\t\t<div id=\"sednica-senata-univerziteta-mb-u-beogradu-vidi-vie\" class=\"elementor-tab-title eael-accordion-header\" tabindex=\"0\" data-tab=\"1\" aria-controls=\"elementor-tab-content-2231\"><span class=\"eael-accordion-tab-title\">SEDNICA SENATA UNIVERZITETA MB U BEOGRADU (Vidi vi\u0161e)<\/span><i aria-hidden=\"true\" class=\"fa-toggle fas fa-angle-right\"><\/i><\/div><div id=\"elementor-tab-content-2231\" class=\"eael-accordion-content clearfix\" data-tab=\"1\" aria-labelledby=\"sednica-senata-univerziteta-mb-u-beogradu-vidi-vie\"><p>Prema Poslovniku o radu, dana 18.11.2022. godine odr\u017eana je deveta sednica Senata Univerziteta MB.<\/p><p>\u00a0<\/p><p>Sednici su prisustvovali svi \u010dlanovi Senata. Verifikovani su novi \u010dlanovi Senata Univerziteta MB.<\/p><p>\u00a0<\/p><p><a href=\"https:\/\/mbuniverzitet.edu.rs\/wp-content\/uploads\/2022\/11\/Sednica-Senata-2.jpg\"><img loading=\"lazy\" decoding=\"async\" class=\"aligncenter size-medium wp-image-13675\" src=\"https:\/\/mbuniverzitet.edu.rs\/wp-content\/uploads\/2022\/11\/Sednica-Senata-2-300x225.jpg\" alt=\"\" width=\"300\" height=\"225\" srcset=\"https:\/\/mbuniverzitet.edu.rs\/wp-content\/uploads\/2022\/11\/Sednica-Senata-2-300x225.jpg 300w, https:\/\/mbuniverzitet.edu.rs\/wp-content\/uploads\/2022\/11\/Sednica-Senata-2-1024x768.jpg 1024w, https:\/\/mbuniverzitet.edu.rs\/wp-content\/uploads\/2022\/11\/Sednica-Senata-2-768x576.jpg 768w, https:\/\/mbuniverzitet.edu.rs\/wp-content\/uploads\/2022\/11\/Sednica-Senata-2-1536x1152.jpg 1536w, https:\/\/mbuniverzitet.edu.rs\/wp-content\/uploads\/2022\/11\/Sednica-Senata-2-16x12.jpg 16w, https:\/\/mbuniverzitet.edu.rs\/wp-content\/uploads\/2022\/11\/Sednica-Senata-2.jpg 1600w\" sizes=\"(max-width: 300px) 100vw, 300px\" \/><\/a><\/p><p>\u00a0<\/p><p>Sednicom je predsedavao rektor Univerziteta MB i ujedno predsednik Senata Univerziteta MB redovni profesor dr Du\u0161an Regodi\u0107, dipl. In\u017e.<\/p><p>\u00a0<\/p><p>Na sednici su usvojeni Godi\u0161nji plan rada, Odluka i Program unutra\u0161njeg samovrednovanja i svi godi\u0161nji planovi rada Univerziteta MB i njegovih centara, analizirane su brojne planske aktivnosti i realizacija zadataka iz 2022. godine.<\/p><p>\u00a0<\/p><p><a href=\"https:\/\/mbuniverzitet.edu.rs\/wp-content\/uploads\/2022\/11\/Sednica-Senata-1.jpg\"><img loading=\"lazy\" decoding=\"async\" class=\"aligncenter size-medium wp-image-13674\" src=\"https:\/\/mbuniverzitet.edu.rs\/wp-content\/uploads\/2022\/11\/Sednica-Senata-1-300x225.jpg\" alt=\"\" width=\"300\" height=\"225\" srcset=\"https:\/\/mbuniverzitet.edu.rs\/wp-content\/uploads\/2022\/11\/Sednica-Senata-1-300x225.jpg 300w, https:\/\/mbuniverzitet.edu.rs\/wp-content\/uploads\/2022\/11\/Sednica-Senata-1-1024x768.jpg 1024w, https:\/\/mbuniverzitet.edu.rs\/wp-content\/uploads\/2022\/11\/Sednica-Senata-1-768x576.jpg 768w, https:\/\/mbuniverzitet.edu.rs\/wp-content\/uploads\/2022\/11\/Sednica-Senata-1-1536x1152.jpg 1536w, https:\/\/mbuniverzitet.edu.rs\/wp-content\/uploads\/2022\/11\/Sednica-Senata-1-16x12.jpg 16w, https:\/\/mbuniverzitet.edu.rs\/wp-content\/uploads\/2022\/11\/Sednica-Senata-1.jpg 1600w\" sizes=\"(max-width: 300px) 100vw, 300px\" \/><\/a><\/p><p>\u00a0<\/p><p>Senat je jednoglasno usvojio i Pravilnik o spre\u010davanju i za\u0161titi od seksualnog uznemiravanja na Univerzitetu MB.<\/p><p>\u00a0<\/p><p>Studentica prorektor Mia Stani\u0161i\u0107 na Univerzitetu MB je detaljno informisala \u010dlanove Senata o aktivnostima SKONUS.<\/p><p>\u00a0<\/p><p><a href=\"https:\/\/mbuniverzitet.edu.rs\/wp-content\/uploads\/2022\/11\/Sednica-Senata-3.jpg\"><img loading=\"lazy\" decoding=\"async\" class=\"aligncenter size-medium wp-image-13673\" src=\"https:\/\/mbuniverzitet.edu.rs\/wp-content\/uploads\/2022\/11\/Sednica-Senata-3-300x225.jpg\" alt=\"\" width=\"300\" height=\"225\" srcset=\"https:\/\/mbuniverzitet.edu.rs\/wp-content\/uploads\/2022\/11\/Sednica-Senata-3-300x225.jpg 300w, https:\/\/mbuniverzitet.edu.rs\/wp-content\/uploads\/2022\/11\/Sednica-Senata-3-1024x768.jpg 1024w, https:\/\/mbuniverzitet.edu.rs\/wp-content\/uploads\/2022\/11\/Sednica-Senata-3-768x576.jpg 768w, https:\/\/mbuniverzitet.edu.rs\/wp-content\/uploads\/2022\/11\/Sednica-Senata-3-1536x1152.jpg 1536w, https:\/\/mbuniverzitet.edu.rs\/wp-content\/uploads\/2022\/11\/Sednica-Senata-3-16x12.jpg 16w, https:\/\/mbuniverzitet.edu.rs\/wp-content\/uploads\/2022\/11\/Sednica-Senata-3.jpg 1600w\" sizes=\"(max-width: 300px) 100vw, 300px\" \/><\/a><\/p><p>\u00a0<\/p><p>Dnevni red se nalazi u <em><a href=\"https:\/\/mbuniverzitet.edu.rs\/wp-content\/uploads\/2022\/11\/2.-Dnevni-red-Sednica-Senata-Univerziteta-MB-Beograd.pdf\" target=\"_blank\" rel=\"noopener\">Javne informacije<span>\/Informator o radu \/Aktuelni informator<\/span>&#8211;<span>Glasnik -Novembar 2022. godine<\/span><\/a><\/em><\/p><\/div>\n\t\t\t\t\t<\/div><\/div>\t\t\t\t<\/div>\n\t\t\t\t<\/div>\n\t\t\t\t<div class=\"elementor-element elementor-element-4d10d8c exad-sticky-section-no exad-glass-effect-no elementor-widget elementor-widget-eael-adv-accordion\" data-id=\"4d10d8c\" data-element_type=\"widget\" data-e-type=\"widget\" data-widget_type=\"eael-adv-accordion.default\">\n\t\t\t\t<div class=\"elementor-widget-container\">\n\t\t\t\t\t            <div class=\"eael-adv-accordion\" id=\"eael-adv-accordion-4d10d8c\" data-scroll-on-click=\"no\" data-scroll-speed=\"300\" data-accordion-id=\"4d10d8c\" data-accordion-type=\"accordion\" data-toogle-speed=\"300\">\n            <div class=\"eael-accordion-list\">\n\t\t\t\t\t<div id=\"dan-primirja-11-novembar-neradni-dan-na-univerzitetu-mb-vidi-vie\" class=\"elementor-tab-title eael-accordion-header\" tabindex=\"0\" data-tab=\"1\" aria-controls=\"elementor-tab-content-8081\"><span class=\"eael-accordion-tab-title\">DAN PRIMIRJA 11. NOVEMBAR - Neradni dan na Univerzitetu MB. (Vidi vi\u0161e)<\/span><i aria-hidden=\"true\" class=\"fa-toggle fas fa-angle-right\"><\/i><\/div><div id=\"elementor-tab-content-8081\" class=\"eael-accordion-content clearfix\" data-tab=\"1\" aria-labelledby=\"dan-primirja-11-novembar-neradni-dan-na-univerzitetu-mb-vidi-vie\"><p>Prema akademskom kalendaru za \u0161kolsku 2022\/2023. godinu petak 11. Novembar 2022. godine je neradni dan. Tog dana se u Republici Srbiji obele\u017eava Dan primirja. Tog dana je kapitulirala Nema\u010dka u Prvom svetskom ratu.<\/p><p>\u00a0<\/p><p>Prema Zakonu o dr\u017eavnim i drugim praznicima\u00a0dr\u017eavni praznik Dan primirja u Prvom svetskom ratu praznuje se neradno 11. Novembra, \u0161to ove godine pada u petak.<\/p><p>\u00a0<\/p><p>Dan primirja obele\u017eava se i u zemljama \u010dija je sudbina 11.11.1918. godine u 11 sati bila na stolu specijalnog vagona mar\u0161ala Ferdinanda Fo\u0161a u gradu Kompjenju u Francuskoj, kada su sile Antante potpisale primirje sa Nema\u010dkom i time okon\u010dale Prvi svetski rat.\u00a0<\/p><p>\u00a0<\/p><p>Versajskim mirom, potpisanim 28. juna 1919. godine i zvani\u010dno je okon\u010dan jedan od najkrvavijih ratova u svetskoj istoriji. Kao Centralne sile borile su se Nema\u010dka i Austrougarska, a na drugoj strani, sile Antante &#8211; Rusija, Francuska i Velika Britanija.<\/p><p>\u00a0<\/p><p>Sva predavanja, ve\u017ebe i konsultacije predvi\u0111ene rasporedom za petak se ne\u0107e realizovati.<\/p><\/div>\n\t\t\t\t\t<\/div><\/div>\t\t\t\t<\/div>\n\t\t\t\t<\/div>\n\t\t\t\t<div class=\"elementor-element elementor-element-31013b5 exad-sticky-section-no exad-glass-effect-no elementor-widget elementor-widget-eael-adv-accordion\" data-id=\"31013b5\" data-element_type=\"widget\" data-e-type=\"widget\" data-widget_type=\"eael-adv-accordion.default\">\n\t\t\t\t<div class=\"elementor-widget-container\">\n\t\t\t\t\t            <div class=\"eael-adv-accordion\" id=\"eael-adv-accordion-31013b5\" data-scroll-on-click=\"no\" data-scroll-speed=\"300\" data-accordion-id=\"31013b5\" data-accordion-type=\"accordion\" data-toogle-speed=\"300\">\n            <div class=\"eael-accordion-list\">\n\t\t\t\t\t<div id=\"predivni-povodi-i-zajedniko-druenje-vlasnika-univerziteta-mb-rodbine-stalno-zaposlenih-i-brojnih-prijatelja-na-univerzitetu-mb-vidi-vie\" class=\"elementor-tab-title eael-accordion-header\" tabindex=\"0\" data-tab=\"1\" aria-controls=\"elementor-tab-content-5131\"><span class=\"eael-accordion-tab-title\">Predivni povodi i zajedni\u010dko dru\u017eenje vlasnika Univerziteta MB, rodbine, stalno zaposlenih  i brojnih prijatelja na Univerzitetu MB. (Vidi vi\u0161e)<\/span><i aria-hidden=\"true\" class=\"fa-toggle fas fa-angle-right\"><\/i><\/div><div id=\"elementor-tab-content-5131\" class=\"eael-accordion-content clearfix\" data-tab=\"1\" aria-labelledby=\"predivni-povodi-i-zajedniko-druenje-vlasnika-univerziteta-mb-rodbine-stalno-zaposlenih-i-brojnih-prijatelja-na-univerzitetu-mb-vidi-vie\"><p>Dana 30.10.2022. godine vlasnik Univerziteta MB profesor dr Milija Bogavac sa suprugom \u017divankom je obele\u017eio kr\u0161tenje svog sina Lava. Veliko i prelepo slavlje sa jo\u0161 lep\u0161im povodom je organizovano u hotelu Crowne Plaza\u00a0 u Beogradu.<\/p><p>\u00a0<\/p><div>Veli\u010danstvenom slavlju\u00a0 je prisustvovalo preko 500 zvanica. Pored\u00a0 \u010dlanova porodice, brojne rodbine, prijatelja porodica Bogavac i \u017divadinovi\u0107, slavlju su prisustvovali\u00a0 i stalno zaposleni na Univerzitetu MB.<\/div><div>\u00a0<\/div><div>Raznovrstan i bogat meni\u00a0 sa preko 40 jela je slu\u017een do kasno u no\u0107.<\/div><div>Goste\u00a0sve\u010danosti je uveseljavalo preko 10 estradnih umetnika sa orkestrom Dejana Petrovi\u0107a.<\/div><div>\u00a0<\/div><div>Prelepo ve\u010de za pam\u0107enje, dru\u017eenje i ja\u010danje kolektiva Univerziteta MB.<\/div><div>\u00a0<\/div><div>Drugog dana 31.10.2022. godine u zgradi Poslovnog i pravnog fakulteta u Mladenovcu, osve\u0161tan je kola\u010d i obele\u017eena krsna slava vlasnika porodice Bogavac Sveti Luka. To je bila jo\u0161 jedna prilika za predivno dru\u017eenje. Uz porodicu Bogavac je bila brojna rodbina, stalno zaposleni, prijatelji i simpatizeri Univerziteta MB. Restoran Veranda je i ovog puta potvrdio epitet lidera u regionu po pitanju pripreme dobre hrane. Sve\u010danost su ponovo ukrasili a dru\u017eenje u\u010dinili bogatijim najbolji estradni umetnici iz na\u0161e zemlje.<\/div><div>\u00a0<\/div><div>Porodica Bogavac se kao i nebrojeno puta do sada pokazala odli\u010dnim doma\u0107inom, velikog srca i ose\u0107aja za ljude oko sebe, spremnih da uvek i rado do\u010dekaju i ugoste svoju rodbinu, stalno zaposlene i brojne dobronamerne prijatelje.<\/div><div>\u00a0<\/div><div>Menad\u017ement\u00a0 i stalno zaposleni na Univerzitetu MB se pridru\u017euju iskrenim \u010destitkama porodici Bogavac povodom kr\u0161tenja sina Lava\u00a0 i obele\u017eavanja porodi\u010dne krsne slave.<\/div><div>\u00a0<\/div><div>Menad\u017ement Univerziteta MB.<\/div><div>\u00a0<\/div><\/div>\n\t\t\t\t\t<\/div><\/div>\t\t\t\t<\/div>\n\t\t\t\t<\/div>\n\t\t\t\t<div class=\"elementor-element elementor-element-3b2d508 exad-sticky-section-no exad-glass-effect-no elementor-widget elementor-widget-eael-adv-accordion\" data-id=\"3b2d508\" data-element_type=\"widget\" data-e-type=\"widget\" data-widget_type=\"eael-adv-accordion.default\">\n\t\t\t\t<div class=\"elementor-widget-container\">\n\t\t\t\t\t            <div class=\"eael-adv-accordion\" id=\"eael-adv-accordion-3b2d508\" data-scroll-on-click=\"no\" data-scroll-speed=\"300\" data-accordion-id=\"3b2d508\" data-accordion-type=\"accordion\" data-toogle-speed=\"300\">\n            <div class=\"eael-accordion-list\">\n\t\t\t\t\t<div id=\"roman-vanrednog-profesora-dr-momila-mome-jokia-dirka-smrti-objavljen-u-beogradu-vidi-vie\" class=\"elementor-tab-title eael-accordion-header\" tabindex=\"0\" data-tab=\"1\" aria-controls=\"elementor-tab-content-6201\"><span class=\"eael-accordion-tab-title\">Roman vanrednog profesora dr. Mom\u010dila Mome Joki\u0107a \u201eDirka smrti\u201c objavljen u Beogradu. (Vidi vi\u0161e)<\/span><i aria-hidden=\"true\" class=\"fa-toggle fas fa-angle-right\"><\/i><\/div><div id=\"elementor-tab-content-6201\" class=\"eael-accordion-content clearfix\" data-tab=\"1\" aria-labelledby=\"roman-vanrednog-profesora-dr-momila-mome-jokia-dirka-smrti-objavljen-u-beogradu-vidi-vie\"><p>Mom\u010dilo Momo Joki\u0107 je vanredni profesor na Univerzitetu MB iz u\u017ee nau\u010dne oblasti Marketing, odnosi s javno\u0161\u0107u i komunikacije. S ponosom isti\u010demo da pored pedago\u0161kog rada na\u0161 profesor ima i drugu veliku ljubav a to je knji\u017eevnost. Malo je poznato da je na\u0161 vanredni profesor dr Mom\u010dilo Momo Joki\u0107 poznati knji\u017eevnik i romanopisac.<\/p><p>Ove godine je objavio trinaestu po redu knjigu, ovoga puta re\u010d je o romanu \u201eDirka smrti\u201c koji je nai\u0161ao na izuzetno povoljne komentare knji\u017eevne kritike i \u010ditala\u010dke publike.<\/p><p>\u00a0<\/p><p><a href=\"https:\/\/mbuniverzitet.edu.rs\/wp-content\/uploads\/2022\/10\/Jokic-2.jpg\"><img loading=\"lazy\" decoding=\"async\" class=\"aligncenter wp-image-12890 size-medium\" src=\"https:\/\/mbuniverzitet.edu.rs\/wp-content\/uploads\/2022\/10\/Jokic-2-173x300.jpg\" alt=\"\" width=\"173\" height=\"300\" srcset=\"https:\/\/mbuniverzitet.edu.rs\/wp-content\/uploads\/2022\/10\/Jokic-2-173x300.jpg 173w, https:\/\/mbuniverzitet.edu.rs\/wp-content\/uploads\/2022\/10\/Jokic-2-591x1024.jpg 591w, https:\/\/mbuniverzitet.edu.rs\/wp-content\/uploads\/2022\/10\/Jokic-2-768x1330.jpg 768w, https:\/\/mbuniverzitet.edu.rs\/wp-content\/uploads\/2022\/10\/Jokic-2-7x12.jpg 7w, https:\/\/mbuniverzitet.edu.rs\/wp-content\/uploads\/2022\/10\/Jokic-2.jpg 800w\" sizes=\"(max-width: 173px) 100vw, 173px\" \/><\/a><\/p><p>\u00a0<\/p><p>Recezent knjige, knji\u017eevnik Veselin Lari Mi\u0161ni\u0107, isti\u010de u uvodniku ovog romana da se \u201eJoki\u0107 upustio u jednu komplikovanu romanesknu pri\u010du koju iznosi sa lako\u0107om i koja zadire u ono \u0161to je li\u010dno pre\u017eivljeno, toliko u svet onostranog, koji nije ezoterija, ali jeste u domenu psiholo\u0161ke fantastike\u201c<\/p><p>Misaoni diskurs, prema njegovim re\u010dima je osnova pripovesti bilo da je ono deo narativa glavnog protagoniste pripovesti, dakle samog autora, bilo da se nalazi u posedu doktora \u017d. u neku ruku dvojnika naratora, kojem pisac mnogo toga stvarnog, ali i neobja\u0161njivog udeva u sadr\u017eaje \u017eivota, koji ne mare za vremena, prostorna i druga ograni\u010denja.<\/p><p>\u00a0<\/p><p><a href=\"https:\/\/mbuniverzitet.edu.rs\/wp-content\/uploads\/2022\/10\/Jokic-1.jpg\"><img loading=\"lazy\" decoding=\"async\" class=\"aligncenter wp-image-12892 size-medium\" src=\"https:\/\/mbuniverzitet.edu.rs\/wp-content\/uploads\/2022\/10\/Jokic-1-173x300.jpg\" alt=\"\" width=\"173\" height=\"300\" srcset=\"https:\/\/mbuniverzitet.edu.rs\/wp-content\/uploads\/2022\/10\/Jokic-1-173x300.jpg 173w, https:\/\/mbuniverzitet.edu.rs\/wp-content\/uploads\/2022\/10\/Jokic-1-7x12.jpg 7w, https:\/\/mbuniverzitet.edu.rs\/wp-content\/uploads\/2022\/10\/Jokic-1.jpg 540w\" sizes=\"(max-width: 173px) 100vw, 173px\" \/><\/a><\/p><p>\u00a0<\/p><p>Kada ulazi u svet kojeg nema u ona skora, ali i daleka pro\u0161la vremena, neretko je pro\u0161lost filovana nekom prigodnom anegdotom koja do\u010darava neko opet minulo vreme, ali i duh vremena koji je ve\u0107 postao istorija.<\/p><p>Ako se udalji i neki vek unazad a to se u ovoj pripovesti \u010desto de\u0161ava, Joki\u0107 se ne trudi da obja\u0161njava sve preskoke i iz vremena u vreme, ove svojevrsne vremeplove, jer, kroz crvoto\u010dine ne putuje on, ve\u0107 doktor \u017d., bilo da je trezan ili pod dejstvom alkohola.<\/p><\/div>\n\t\t\t\t\t<\/div><\/div>\t\t\t\t<\/div>\n\t\t\t\t<\/div>\n\t\t\t\t<div class=\"elementor-element elementor-element-62f834d exad-sticky-section-no exad-glass-effect-no elementor-widget elementor-widget-eael-adv-accordion\" data-id=\"62f834d\" data-element_type=\"widget\" data-e-type=\"widget\" data-widget_type=\"eael-adv-accordion.default\">\n\t\t\t\t<div class=\"elementor-widget-container\">\n\t\t\t\t\t            <div class=\"eael-adv-accordion\" id=\"eael-adv-accordion-62f834d\" data-scroll-on-click=\"no\" data-scroll-speed=\"300\" data-accordion-id=\"62f834d\" data-accordion-type=\"accordion\" data-toogle-speed=\"300\">\n            <div class=\"eael-accordion-list\">\n\t\t\t\t\t<div id=\"dana-1410-2022godine-u-srpskoj-akademiji-nauka-odrana-je-meunarodna-nauna-konferencija-fundamentalna-osnovna-istraivanja-i-njihov-znaaj-za-progres-globalne-zajednice-i-prosperitetni-razvoj-savremenih-drava-vidi-vie\" class=\"elementor-tab-title eael-accordion-header\" tabindex=\"0\" data-tab=\"1\" aria-controls=\"elementor-tab-content-1031\"><span class=\"eael-accordion-tab-title\">Dana 14.10. 2022.godine u Srpskoj akademiji nauka odr\u017eana je Me\u0111unarodna nau\u010dna konferencija \u201eFundamentalna (osnovna) istra\u017eivanja i njihov zna\u010daj za progres globalne zajednice i prosperitetni razvoj savremenih dr\u017eava\u201c. (Vidi vi\u0161e)<\/span><i aria-hidden=\"true\" class=\"fa-toggle fas fa-angle-right\"><\/i><\/div><div id=\"elementor-tab-content-1031\" class=\"eael-accordion-content clearfix\" data-tab=\"1\" aria-labelledby=\"dana-1410-2022godine-u-srpskoj-akademiji-nauka-odrana-je-meunarodna-nauna-konferencija-fundamentalna-osnovna-istraivanja-i-njihov-znaaj-za-progres-globalne-zajednice-i-prosperitetni-razvoj-savremenih-drava-vidi-vie\"><p>Me\u0111unarodno udru\u017eenje metodologa\u00a0dru\u0161tvenih nauka\u00a0u Beogradu u saradnji sa Univerzitetom \u201eMB\u201c u Beogradu i Institutom za srpsku kulturu u Pri\u0161tini-Leposavi\u0107u je organizovao \u010detvrtu me\u0111unarodnu tematsku nau\u010dnu konferenciju pod nazivom:<\/p><p>\u201eFundamentalna (osnovna) istra\u017eivanja i njihov zna\u010daj za progres globalne zajednice i prosperitetni razvoj savremenih dr\u017eava\u201c.<\/p><p>\u00a0<\/p><p><a class=\"customize-unpreviewable\" href=\"https:\/\/mbuniverzitet.edu.rs\/wp-content\/uploads\/2022\/10\/MNK_SANU_slika-1.jpg\"><img loading=\"lazy\" decoding=\"async\" class=\"aligncenter wp-image-12785 size-medium\" src=\"https:\/\/mbuniverzitet.edu.rs\/wp-content\/uploads\/2022\/10\/MNK_SANU_slika-1-300x134.jpg\" alt=\"\" width=\"300\" height=\"134\" srcset=\"https:\/\/mbuniverzitet.edu.rs\/wp-content\/uploads\/2022\/10\/MNK_SANU_slika-1-300x134.jpg 300w, https:\/\/mbuniverzitet.edu.rs\/wp-content\/uploads\/2022\/10\/MNK_SANU_slika-1-1024x459.jpg 1024w, https:\/\/mbuniverzitet.edu.rs\/wp-content\/uploads\/2022\/10\/MNK_SANU_slika-1-768x344.jpg 768w, https:\/\/mbuniverzitet.edu.rs\/wp-content\/uploads\/2022\/10\/MNK_SANU_slika-1-18x8.jpg 18w, https:\/\/mbuniverzitet.edu.rs\/wp-content\/uploads\/2022\/10\/MNK_SANU_slika-1.jpg 1122w\" sizes=\"(max-width: 300px) 100vw, 300px\" \/><\/a><\/p><p>\u00a0<\/p><p>Konferencija je odr\u017eana pod pokroviteljstvom Srpske akademije nauka i umetnosti \u2013 Akademijskog odbora za dru\u0161tvene nauke, 14. oktobra 2022. godine u vremenu od 10.00 do 17.00, u sve\u010danoj sali Srpske akademije nauka i umetnosti, Knez Mihailova 35, 11 000 Beograd.<\/p><p>Na Me\u0111unarodnoj nau\u010dnoj konferenciji Univerzitetu MB je dodeljena Zlatna plaketa ,, prof dr Slavomir Milosavljevi\u0107,, za svesrdnu pomo\u0107 i podr\u0161ku Me\u0111unarodnom udru\u017eenju metodologa dru\u0161tvenih nauka u razvoju i afirmaciji op\u0161te i posebne metodologije dru\u0161tvenih nauka. Plaketa je uru\u010dena vlasniku i predsedniku Univerziteta MB prof dr Miliji Bogavcu.<\/p><p><a class=\"customize-unpreviewable\" href=\"https:\/\/mbuniverzitet.edu.rs\/wp-content\/uploads\/2022\/10\/MNK_SANU_slika-2.jpg\"><img loading=\"lazy\" decoding=\"async\" class=\"aligncenter wp-image-12786 size-medium\" src=\"https:\/\/mbuniverzitet.edu.rs\/wp-content\/uploads\/2022\/10\/MNK_SANU_slika-2-225x300.jpg\" alt=\"\" width=\"225\" height=\"300\" srcset=\"https:\/\/mbuniverzitet.edu.rs\/wp-content\/uploads\/2022\/10\/MNK_SANU_slika-2-225x300.jpg 225w, https:\/\/mbuniverzitet.edu.rs\/wp-content\/uploads\/2022\/10\/MNK_SANU_slika-2-768x1024.jpg 768w, https:\/\/mbuniverzitet.edu.rs\/wp-content\/uploads\/2022\/10\/MNK_SANU_slika-2-1152x1536.jpg 1152w, https:\/\/mbuniverzitet.edu.rs\/wp-content\/uploads\/2022\/10\/MNK_SANU_slika-2-9x12.jpg 9w, https:\/\/mbuniverzitet.edu.rs\/wp-content\/uploads\/2022\/10\/MNK_SANU_slika-2.jpg 1200w\" sizes=\"(max-width: 225px) 100vw, 225px\" \/><\/a><\/p><p>Sve\u010danosti dodele plakete su prisustvovala prorektor za nauku prof dr \u017divanka Miladinovi\u0107-Bogavac i rektor Univerziteta MB.<\/p><p>Na me\u0111unarodnoj nau\u010dnoj konferenciji je izlo\u017eeno preko 56 nau\u010dnih radova. Zapa\u017eena izlaganja su imali rektor Univerziteta MB redovni profesor dr Du\u0161an Regodi\u0107, dipl.in\u017e. prorektor za nauku prof dr Ne\u0111o Danilovi\u0107 i vanredni profesor dr Aleksandar Damnjanovi\u0107.<\/p><p>\u00a0<\/p><p><a class=\"customize-unpreviewable\" href=\"https:\/\/mbuniverzitet.edu.rs\/wp-content\/uploads\/2022\/10\/MNK_SANU_slika-3.jpg\"><img loading=\"lazy\" decoding=\"async\" class=\"aligncenter wp-image-12784 size-medium\" src=\"https:\/\/mbuniverzitet.edu.rs\/wp-content\/uploads\/2022\/10\/MNK_SANU_slika-3-300x199.jpg\" alt=\"\" width=\"300\" height=\"199\" srcset=\"https:\/\/mbuniverzitet.edu.rs\/wp-content\/uploads\/2022\/10\/MNK_SANU_slika-3-300x199.jpg 300w, https:\/\/mbuniverzitet.edu.rs\/wp-content\/uploads\/2022\/10\/MNK_SANU_slika-3-1024x678.jpg 1024w, https:\/\/mbuniverzitet.edu.rs\/wp-content\/uploads\/2022\/10\/MNK_SANU_slika-3-768x508.jpg 768w, https:\/\/mbuniverzitet.edu.rs\/wp-content\/uploads\/2022\/10\/MNK_SANU_slika-3-1536x1017.jpg 1536w, https:\/\/mbuniverzitet.edu.rs\/wp-content\/uploads\/2022\/10\/MNK_SANU_slika-3-18x12.jpg 18w, https:\/\/mbuniverzitet.edu.rs\/wp-content\/uploads\/2022\/10\/MNK_SANU_slika-3.jpg 1600w\" sizes=\"(max-width: 300px) 100vw, 300px\" \/><\/a><\/p><p>\u00a0<\/p><p><a class=\"customize-unpreviewable\" href=\"http:\/\/media.mbuniverzitet.edu.rs\/2022\/10\/Conference-Program-KV-Oktober-14-2022.pdf\" target=\"_blank\" rel=\"noopener\">Program konferencije<\/a><\/p><p>Vidi vi\u0161e na:\u00a0<a class=\"customize-unpreviewable\" href=\"https:\/\/mumdn2022.mbuniverzitet.edu.rs\/\" target=\"_blank\" rel=\"noopener\">https:\/\/mumdn2022.mbuniverzitet.edu.rs\/<\/a><\/p><\/div>\n\t\t\t\t\t<\/div><\/div>\t\t\t\t<\/div>\n\t\t\t\t<\/div>\n\t\t\t\t<div class=\"elementor-element elementor-element-78d6324 exad-sticky-section-no exad-glass-effect-no elementor-widget elementor-widget-eael-adv-accordion\" data-id=\"78d6324\" data-element_type=\"widget\" data-e-type=\"widget\" data-widget_type=\"eael-adv-accordion.default\">\n\t\t\t\t<div class=\"elementor-widget-container\">\n\t\t\t\t\t            <div class=\"eael-adv-accordion\" id=\"eael-adv-accordion-78d6324\" data-scroll-on-click=\"no\" data-scroll-speed=\"300\" data-accordion-id=\"78d6324\" data-accordion-type=\"accordion\" data-toogle-speed=\"300\">\n            <div class=\"eael-accordion-list\">\n\t\t\t\t\t<div id=\"akademski-slikar-docent-mr-nenad-stankovi-dobitnik-zlatnog-beouga-grada-beograda-vidi-vie\" class=\"elementor-tab-title eael-accordion-header\" tabindex=\"0\" data-tab=\"1\" aria-controls=\"elementor-tab-content-1261\"><span class=\"eael-accordion-tab-title\">Akademski slikar docent mr Nenad Stankovi\u0107 dobitnik ZLATNOG BEO\u010cUGA grada Beograda. (Vidi vi\u0161e)<\/span><i aria-hidden=\"true\" class=\"fa-toggle fas fa-angle-right\"><\/i><\/div><div id=\"elementor-tab-content-1261\" class=\"eael-accordion-content clearfix\" data-tab=\"1\" aria-labelledby=\"akademski-slikar-docent-mr-nenad-stankovi-dobitnik-zlatnog-beouga-grada-beograda-vidi-vie\"><p>Na\u0161em istaknutom akademskom slikaru docentu na Akademiji klasi\u010dnog slikarstva Univerziteta MB mr Nenadu Stankovi\u0107u je dodeljena nagrada 51. ZLATNI BEO\u010cUG grada Beograda za 2022. godinu.<\/p><p>\u00a0<\/p><p><a href=\"https:\/\/mbuniverzitet.edu.rs\/wp-content\/uploads\/2022\/10\/Zlatni-beocug.jpg\"><img loading=\"lazy\" decoding=\"async\" class=\"aligncenter wp-image-12775 size-medium\" src=\"https:\/\/mbuniverzitet.edu.rs\/wp-content\/uploads\/2022\/10\/Zlatni-beocug-163x300.jpg\" alt=\"\" width=\"163\" height=\"300\" srcset=\"https:\/\/mbuniverzitet.edu.rs\/wp-content\/uploads\/2022\/10\/Zlatni-beocug-163x300.jpg 163w, https:\/\/mbuniverzitet.edu.rs\/wp-content\/uploads\/2022\/10\/Zlatni-beocug-556x1024.jpg 556w, https:\/\/mbuniverzitet.edu.rs\/wp-content\/uploads\/2022\/10\/Zlatni-beocug-768x1413.jpg 768w, https:\/\/mbuniverzitet.edu.rs\/wp-content\/uploads\/2022\/10\/Zlatni-beocug-835x1536.jpg 835w, https:\/\/mbuniverzitet.edu.rs\/wp-content\/uploads\/2022\/10\/Zlatni-beocug-7x12.jpg 7w, https:\/\/mbuniverzitet.edu.rs\/wp-content\/uploads\/2022\/10\/Zlatni-beocug.jpg 870w\" sizes=\"(max-width: 163px) 100vw, 163px\" \/><\/a><\/p><p>\u00a0<\/p><p>Nagrada je dodeljena za trajan doprinos razvoju kulture grada Beograda.<\/p><p>\u00a0<\/p><p>Nagradu je dodelila Kulturno-prosvetna zajednica grada Beograda na centralnoj sve\u010danosti 27.06.2022. godine na Velikoj sceni Narodnog pozori\u0161ta.<\/p><p>\u00a0<\/p><p>Nagrada predstavlja priznanje za izuzetan profesionalni rad u oblasti kulture i podsticaj svim na\u0161im mladim profesorima i studentima za jo\u0161 ve\u0107a pregnu\u0107a u umetni\u010dkom radu.<\/p><p>\u00a0<\/p><p>\u010cestitamo na\u0161em istaknutom i me\u0111u studentima omiljenom profesoru na jo\u0161 jednoj nagradi.<\/p><p>\u00a0<\/p><p><em>Menad\u017ement Akademije klasi\u010dnog slikarstva Univerziteta MB.<\/em><\/p><\/div>\n\t\t\t\t\t<\/div><\/div>\t\t\t\t<\/div>\n\t\t\t\t<\/div>\n\t\t\t\t<div class=\"elementor-element elementor-element-ddb58b8 exad-sticky-section-no exad-glass-effect-no elementor-widget elementor-widget-eael-adv-accordion\" data-id=\"ddb58b8\" data-element_type=\"widget\" data-e-type=\"widget\" data-widget_type=\"eael-adv-accordion.default\">\n\t\t\t\t<div class=\"elementor-widget-container\">\n\t\t\t\t\t            <div class=\"eael-adv-accordion\" id=\"eael-adv-accordion-ddb58b8\" data-scroll-on-click=\"no\" data-scroll-speed=\"300\" data-accordion-id=\"ddb58b8\" data-accordion-type=\"accordion\" data-toogle-speed=\"300\">\n            <div class=\"eael-accordion-list\">\n\t\t\t\t\t<div id=\"dana-18-i-19052023-godine-na-univerzitetu-mb-u-beogradu-je-planirana-esd-meunarodna-konferencija-2023-\" class=\"elementor-tab-title eael-accordion-header\" tabindex=\"0\" data-tab=\"1\" aria-controls=\"elementor-tab-content-2321\"><span class=\"eael-accordion-tab-title\">Dana 18 i 19.05.2023. godine na Univerzitetu \"MB\" u Beogradu je planirana ESD Me\u0111unarodna Konferencija 2023. <\/span><i aria-hidden=\"true\" class=\"fa-toggle fas fa-angle-right\"><\/i><\/div><div id=\"elementor-tab-content-2321\" class=\"eael-accordion-content clearfix\" data-tab=\"1\" aria-labelledby=\"dana-18-i-19052023-godine-na-univerzitetu-mb-u-beogradu-je-planirana-esd-meunarodna-konferencija-2023-\"><p>Tematski okvir me\u0111unarodne konferencije je: Ekonomija i socijani razvoj: Era globalnih kriza (Economic and Social Development: Era of Global Crises).<\/p><p>\u00a0<\/p><p>Vreme i mesto realizacije: 18 i 19.05.2023. godine u Beogradu, Teodora Drajzera 27.<\/p><p>\u00a0<\/p><p>Tema Me\u0111unarodne nau\u010dne konferencije je fokusirana, ali ne i ograni\u010dena na sve izazove u modernim nacionalnim ekonomijama i poslovnim preduzec\u0301ima.<\/p><p>\u00a0<\/p><p>Organizatori konferencije su :<\/p><p>&#8211; Poslovni i pravni fakultet Univerziteta MB u Beogradu,\u00a0<br \/>&#8211; Fakultet za menad\u017ement Univerziteta u Var\u0161avi,\u00a0<br \/>&#8211; Fakultet prava, ekonomije i dru\u0161tvenih nauka prodaje &#8211; Univerzitet Muhamed V u Rabatu i\u00a0<br \/>&#8211; Politehnika Me\u0111imurje u \u010cakovcu.<\/p><p>\u00a0<\/p><p>Zbornik radova \u0107e biti indeksiran u: CPCI (WoS), EconLit, ABI<\/p><p>\u00a0<\/p><p><a href=\"https:\/\/esd-conference.com\/conference\/102\" target=\"_blank\" rel=\"noopener\">Vidi vi\u0161e<\/a><\/p><\/div>\n\t\t\t\t\t<\/div><\/div>\t\t\t\t<\/div>\n\t\t\t\t<\/div>\n\t\t\t\t<div class=\"elementor-element elementor-element-b050722 exad-sticky-section-no exad-glass-effect-no elementor-widget elementor-widget-eael-adv-accordion\" data-id=\"b050722\" data-element_type=\"widget\" data-e-type=\"widget\" data-widget_type=\"eael-adv-accordion.default\">\n\t\t\t\t<div class=\"elementor-widget-container\">\n\t\t\t\t\t            <div class=\"eael-adv-accordion\" id=\"eael-adv-accordion-b050722\" data-scroll-on-click=\"no\" data-scroll-speed=\"300\" data-accordion-id=\"b050722\" data-accordion-type=\"accordion\" data-toogle-speed=\"300\">\n            <div class=\"eael-accordion-list\">\n\t\t\t\t\t<div id=\"odrani-sveani-prijemi-brucoavidi-vie\" class=\"elementor-tab-title eael-accordion-header\" tabindex=\"0\" data-tab=\"1\" aria-controls=\"elementor-tab-content-1841\"><span class=\"eael-accordion-tab-title\">ODR\u017dANI SVE\u010cANI PRIJEMI BRUCO\u0160A...(Vidi vi\u0161e)<\/span><i aria-hidden=\"true\" class=\"fa-toggle fas fa-angle-right\"><\/i><\/div><div id=\"elementor-tab-content-1841\" class=\"eael-accordion-content clearfix\" data-tab=\"1\" aria-labelledby=\"odrani-sveani-prijemi-brucoavidi-vie\"><p>U ponedeljak 03 i 04. oktobra 2022. godine na Univerzitetu MB -Beograd je uprili\u010den sve\u010dani prijem nove generacije studenata Poslovnog i pravnog fakulteta i Akademije klasi\u010dnog slikarstva, koji \u0107e u akademskoj 2022\/2023. godini poha\u0111ati prvu godinu studija.<\/p><p>Nakon intoniranja himne svim bruco\u0161ima se obratio prof. dr Du\u0161an Regodi\u0107, rektor Univerziteta MB.<\/p><p>\u00a0<\/p><p><a href=\"https:\/\/mbuniverzitet.edu.rs\/wp-content\/uploads\/2022\/10\/Prijem-brucosa1.jpg\"><img loading=\"lazy\" decoding=\"async\" class=\"aligncenter wp-image-12724 size-medium\" src=\"https:\/\/mbuniverzitet.edu.rs\/wp-content\/uploads\/2022\/10\/Prijem-brucosa1-300x225.jpg\" alt=\"\" width=\"300\" height=\"225\" srcset=\"https:\/\/mbuniverzitet.edu.rs\/wp-content\/uploads\/2022\/10\/Prijem-brucosa1-300x225.jpg 300w, https:\/\/mbuniverzitet.edu.rs\/wp-content\/uploads\/2022\/10\/Prijem-brucosa1-1024x768.jpg 1024w, https:\/\/mbuniverzitet.edu.rs\/wp-content\/uploads\/2022\/10\/Prijem-brucosa1-768x576.jpg 768w, https:\/\/mbuniverzitet.edu.rs\/wp-content\/uploads\/2022\/10\/Prijem-brucosa1-1536x1152.jpg 1536w, https:\/\/mbuniverzitet.edu.rs\/wp-content\/uploads\/2022\/10\/Prijem-brucosa1-16x12.jpg 16w, https:\/\/mbuniverzitet.edu.rs\/wp-content\/uploads\/2022\/10\/Prijem-brucosa1.jpg 1600w\" sizes=\"(max-width: 300px) 100vw, 300px\" \/><\/a><\/p><p>\u00a0<\/p><p>Na prijemu studenata pozdravnu re\u010d su imali i prodekan za nastavu PPF \u00a0prof dr Dragana \u0110uri\u0107-Lazi\u0107, prodekan za nauku PPF prof dr Sne\u017eana Maksimovi\u0107 i dekan AKS prof Milan Ne\u0161i\u0107.<\/p><p>\u00a0<\/p><p><a href=\"https:\/\/mbuniverzitet.edu.rs\/wp-content\/uploads\/2022\/10\/Prijem-brucosa2.jpg\"><img loading=\"lazy\" decoding=\"async\" class=\"aligncenter wp-image-12723 size-medium\" src=\"https:\/\/mbuniverzitet.edu.rs\/wp-content\/uploads\/2022\/10\/Prijem-brucosa2-300x225.jpg\" alt=\"\" width=\"300\" height=\"225\" srcset=\"https:\/\/mbuniverzitet.edu.rs\/wp-content\/uploads\/2022\/10\/Prijem-brucosa2-300x225.jpg 300w, https:\/\/mbuniverzitet.edu.rs\/wp-content\/uploads\/2022\/10\/Prijem-brucosa2-1024x768.jpg 1024w, https:\/\/mbuniverzitet.edu.rs\/wp-content\/uploads\/2022\/10\/Prijem-brucosa2-768x576.jpg 768w, https:\/\/mbuniverzitet.edu.rs\/wp-content\/uploads\/2022\/10\/Prijem-brucosa2-1536x1152.jpg 1536w, https:\/\/mbuniverzitet.edu.rs\/wp-content\/uploads\/2022\/10\/Prijem-brucosa2-16x12.jpg 16w, https:\/\/mbuniverzitet.edu.rs\/wp-content\/uploads\/2022\/10\/Prijem-brucosa2.jpg 1600w\" sizes=\"(max-width: 300px) 100vw, 300px\" \/><\/a><\/p><p>\u00a0<\/p><p>Sve\u010danim prijemima prisustvovao deo profesora i veliki broj studenata prve godine studijskih programa Poslovna ekonomija, Poslovni mend\u017ement, Pravo, Informacione tehnologije i Klasi\u010dno slikarstvo.<\/p><p>\u00a0<\/p><p>Nakon sve\u010danih prijema bruco\u0161a studenti su obi\u0161li prostor Univerziteta MB, biblioteku, studentsku slu\u017ebu i taj dan je otpo\u010dela redovna nastava.<\/p><p>Fotografije sa sve\u010danih prijema bruco\u0161a mo\u017eete pogledati na zvani\u010dnoj facebook stranici Univerziteta MB.<\/p><\/div>\n\t\t\t\t\t<\/div><\/div>\t\t\t\t<\/div>\n\t\t\t\t<\/div>\n\t\t\t\t<div class=\"elementor-element elementor-element-3cd386a exad-sticky-section-no exad-glass-effect-no elementor-widget elementor-widget-eael-adv-accordion\" data-id=\"3cd386a\" data-element_type=\"widget\" data-e-type=\"widget\" data-widget_type=\"eael-adv-accordion.default\">\n\t\t\t\t<div class=\"elementor-widget-container\">\n\t\t\t\t\t            <div class=\"eael-adv-accordion\" id=\"eael-adv-accordion-3cd386a\" data-scroll-on-click=\"no\" data-scroll-speed=\"300\" data-accordion-id=\"3cd386a\" data-accordion-type=\"accordion\" data-toogle-speed=\"300\">\n            <div class=\"eael-accordion-list\">\n\t\t\t\t\t<div id=\"akademski-kalendar-za-akademsku-20222023-godinu\" class=\"elementor-tab-title eael-accordion-header\" tabindex=\"0\" data-tab=\"1\" aria-controls=\"elementor-tab-content-6371\"><span class=\"eael-accordion-tab-title\">Akademski kalendar za akademsku 2022\/2023. godinu<\/span><i aria-hidden=\"true\" class=\"fa-toggle fas fa-angle-right\"><\/i><\/div><div id=\"elementor-tab-content-6371\" class=\"eael-accordion-content clearfix\" data-tab=\"1\" aria-labelledby=\"akademski-kalendar-za-akademsku-20222023-godinu\"><p><a href=\"https:\/\/mbuniverzitet.edu.rs\/wp-content\/uploads\/2022\/09\/Univerzitet-MB-Akademski-kalendar-2022-2023.pdf\" target=\"_blank\" rel=\"noopener\">Akademski kalendar za akademsku 2022\/2023. godinu<\/a><\/p><\/div>\n\t\t\t\t\t<\/div><\/div>\t\t\t\t<\/div>\n\t\t\t\t<\/div>\n\t\t\t\t<div class=\"elementor-element elementor-element-0512a31 exad-sticky-section-no exad-glass-effect-no elementor-widget elementor-widget-eael-adv-accordion\" data-id=\"0512a31\" data-element_type=\"widget\" data-e-type=\"widget\" data-widget_type=\"eael-adv-accordion.default\">\n\t\t\t\t<div class=\"elementor-widget-container\">\n\t\t\t\t\t            <div class=\"eael-adv-accordion\" id=\"eael-adv-accordion-0512a31\" data-scroll-on-click=\"no\" data-scroll-speed=\"300\" data-accordion-id=\"0512a31\" data-accordion-type=\"accordion\" data-toogle-speed=\"300\">\n            <div class=\"eael-accordion-list\">\n\t\t\t\t\t<div id=\"nova-akademska-godina-na-akademiji-klasinog-slikarstva-univerziteta-mb-od-01102022-godine-zapoinje-na-novoj-trajnoj-adresi-obavetavamo-sve-studente-i-stalno-zaposlene-da-je-izvrena-akreditacija-i-odobrena-promena-sedita-akademije-klasinog-slikarstva-iz-privremenog-sedita-sa-adrese-vojvode-putnika-85-87-iz-sremske-kamenice-na-novu-lokaciju-teodora-drajzera-27-i-27a-u-beogradu-odlukom-saveta-akademije-klasinog-slikarstva-univerziteta-mb-na-sednici-br-o-14-od-04052022-godine-je-izvreno-i-usklaivanje-statuta-i-drugih-optih-akata-vidi-vie\" class=\"elementor-tab-title eael-accordion-header\" tabindex=\"0\" data-tab=\"1\" aria-controls=\"elementor-tab-content-5311\"><span class=\"eael-accordion-tab-title\">Nova akademska godina na Akademiji klasi\u010dnog slikarstva Univerziteta MB od 01.10.2022. godine zapo\u010dinje na novoj trajnoj adresi. Obave\u0161tavamo sve studente i stalno zaposlene da je izvr\u0161ena akreditacija i odobrena promena sedi\u0161ta Akademije klasi\u010dnog slikarstva iz privremenog sedi\u0161ta sa adrese  Vojvode Putnika 85-87 iz Sremske Kamenice na novu lokaciju Teodora Drajzera 27 i 27A. u Beogradu.  Odlukom Saveta Akademije klasi\u010dnog slikarstva Univerziteta MB  na sednici br. O-1\/4 od 04.05.2022. godine je izvr\u0161eno i uskla\u0111ivanje Statuta i drugih op\u0161tih akata.  Vidi Vi\u0161e.<\/span><i aria-hidden=\"true\" class=\"fa-toggle fas fa-angle-right\"><\/i><\/div><div id=\"elementor-tab-content-5311\" class=\"eael-accordion-content clearfix\" data-tab=\"1\" aria-labelledby=\"nova-akademska-godina-na-akademiji-klasinog-slikarstva-univerziteta-mb-od-01102022-godine-zapoinje-na-novoj-trajnoj-adresi-obavetavamo-sve-studente-i-stalno-zaposlene-da-je-izvrena-akreditacija-i-odobrena-promena-sedita-akademije-klasinog-slikarstva-iz-privremenog-sedita-sa-adrese-vojvode-putnika-85-87-iz-sremske-kamenice-na-novu-lokaciju-teodora-drajzera-27-i-27a-u-beogradu-odlukom-saveta-akademije-klasinog-slikarstva-univerziteta-mb-na-sednici-br-o-14-od-04052022-godine-je-izvreno-i-usklaivanje-statuta-i-drugih-optih-akata-vidi-vie\"><p>Na zahtev Univerziteta MB i Saveta Akademije kalsi\u010dnog slikarstva Univerziteta MB Komisija za akreditaciju i proveru kvaliteta Nacionalnog tela za akreditaciju i proveru kvaliteta u visokom obrazovanju je dana 16.09.2022. godine boravila u poseti Univerzitetu MB.<br \/>Komisija je u potpunosti sagledala sve prostorne i materijalne uslove na adresi Teodora Drajzera 27 i 27 A i odobrila promenu sedi\u0161ta Akademiji klasi\u010dnog slikarstva.<\/p><p><br \/>Na taj na\u010din \u0107e Akademija klasi\u010dnog slikarstva Univerziteta MB kao akreditovana privatna, obrazovna ustanova sa 14 godina dugom tradicijom u obrazovanju odraslih, obavljati svoju obrazovnu delatnost u predivnom prostoru opremljenom po najvi\u0161im akademskim standardima na novoj adresi Teodora Drajzera 27 i 27A.<\/p><\/div>\n\t\t\t\t\t<\/div><\/div>\t\t\t\t<\/div>\n\t\t\t\t<\/div>\n\t\t\t\t<div class=\"elementor-element elementor-element-b46be11 exad-sticky-section-no exad-glass-effect-no elementor-widget elementor-widget-eael-adv-accordion\" data-id=\"b46be11\" data-element_type=\"widget\" data-e-type=\"widget\" data-widget_type=\"eael-adv-accordion.default\">\n\t\t\t\t<div class=\"elementor-widget-container\">\n\t\t\t\t\t            <div class=\"eael-adv-accordion\" id=\"eael-adv-accordion-b46be11\" data-scroll-on-click=\"no\" data-scroll-speed=\"300\" data-accordion-id=\"b46be11\" data-accordion-type=\"accordion\" data-toogle-speed=\"300\">\n            <div class=\"eael-accordion-list\">\n\t\t\t\t\t<div id=\"realizovana-6-meunarodna-nauna-konferencija-menadment-i-pravo-2022-vidi-vie\" class=\"elementor-tab-title eael-accordion-header\" tabindex=\"0\" data-tab=\"1\" aria-controls=\"elementor-tab-content-1891\"><span class=\"eael-accordion-tab-title\">Realizovana 6. Me\u0111unarodna nau\u010dna konferencija \u201cMenad\u017ement i pravo 2022\u201d. Vidi vi\u0161e.<\/span><i aria-hidden=\"true\" class=\"fa-toggle fas fa-angle-right\"><\/i><\/div><div id=\"elementor-tab-content-1891\" class=\"eael-accordion-content clearfix\" data-tab=\"1\" aria-labelledby=\"realizovana-6-meunarodna-nauna-konferencija-menadment-i-pravo-2022-vidi-vie\"><p>Dana 16.09.2022. godine u vremenu od 10.00 do 17.00 je na Poslovnom i pravnom fakultetu Univerziteta \u201cMB\u201d iz Beograda odr\u017eana Me\u0111unarodna nau\u010dna konferencija \u201cMenad\u017ement i pravo 2022\u201d.<\/p><p>\u00a0<\/p><p><a href=\"https:\/\/mbuniverzitet.edu.rs\/wp-content\/uploads\/2022\/09\/MIP2022_slika1.jpg\"><img loading=\"lazy\" decoding=\"async\" class=\"aligncenter wp-image-12572 size-medium\" src=\"https:\/\/mbuniverzitet.edu.rs\/wp-content\/uploads\/2022\/09\/MIP2022_slika1-300x300.jpg\" alt=\"\" width=\"300\" height=\"300\" srcset=\"https:\/\/mbuniverzitet.edu.rs\/wp-content\/uploads\/2022\/09\/MIP2022_slika1-300x300.jpg 300w, https:\/\/mbuniverzitet.edu.rs\/wp-content\/uploads\/2022\/09\/MIP2022_slika1-150x150.jpg 150w, https:\/\/mbuniverzitet.edu.rs\/wp-content\/uploads\/2022\/09\/MIP2022_slika1-768x768.jpg 768w, https:\/\/mbuniverzitet.edu.rs\/wp-content\/uploads\/2022\/09\/MIP2022_slika1-12x12.jpg 12w, https:\/\/mbuniverzitet.edu.rs\/wp-content\/uploads\/2022\/09\/MIP2022_slika1.jpg 810w\" sizes=\"(max-width: 300px) 100vw, 300px\" \/><\/a><\/p><p>\u00a0<\/p><p>Rad konferencije je svojim uvodnim izlaganjem otvorio i u ime vlasnika, stalno zaposlenih i studenata pozdravio rektor Univerziteta MB redovni profesor dr Du\u0161an Regodi\u0107.<\/p><p>\u00a0<\/p><p><a href=\"https:\/\/mbuniverzitet.edu.rs\/wp-content\/uploads\/2022\/09\/MIP2022_slika2.jpg\"><img loading=\"lazy\" decoding=\"async\" class=\"aligncenter wp-image-12573 size-medium\" src=\"https:\/\/mbuniverzitet.edu.rs\/wp-content\/uploads\/2022\/09\/MIP2022_slika2-300x300.jpg\" alt=\"\" width=\"300\" height=\"300\" srcset=\"https:\/\/mbuniverzitet.edu.rs\/wp-content\/uploads\/2022\/09\/MIP2022_slika2-300x300.jpg 300w, https:\/\/mbuniverzitet.edu.rs\/wp-content\/uploads\/2022\/09\/MIP2022_slika2-150x150.jpg 150w, https:\/\/mbuniverzitet.edu.rs\/wp-content\/uploads\/2022\/09\/MIP2022_slika2-768x768.jpg 768w, https:\/\/mbuniverzitet.edu.rs\/wp-content\/uploads\/2022\/09\/MIP2022_slika2-12x12.jpg 12w, https:\/\/mbuniverzitet.edu.rs\/wp-content\/uploads\/2022\/09\/MIP2022_slika2.jpg 810w\" sizes=\"(max-width: 300px) 100vw, 300px\" \/><\/a><\/p><p>\u00a0<\/p><p>Tema Me\u0111unarodne nau\u010dne konferencije Menad\u017ement i pravo 2022 je bila:\u00a0<strong>Globalizacija i savremeno poslovanje<\/strong>.\u00a0<\/p><p>Na konferenciji je preko 80 nau\u010dnih radnika sa Univerziteta MB, obrazovnih i nau\u010dnih institucija iz zemlje i inostranstva, predstavnika privrednih organizacija i pravosudnih ustanova i organizacija izlo\u017eilo svoje radove.<\/p><p>\u00a0<\/p><p><a href=\"https:\/\/mbuniverzitet.edu.rs\/wp-content\/uploads\/2022\/09\/MIP2022_slika3.jpg\"><img loading=\"lazy\" decoding=\"async\" class=\"aligncenter wp-image-12574 size-medium\" src=\"https:\/\/mbuniverzitet.edu.rs\/wp-content\/uploads\/2022\/09\/MIP2022_slika3-300x300.jpg\" alt=\"\" width=\"300\" height=\"300\" srcset=\"https:\/\/mbuniverzitet.edu.rs\/wp-content\/uploads\/2022\/09\/MIP2022_slika3-300x300.jpg 300w, https:\/\/mbuniverzitet.edu.rs\/wp-content\/uploads\/2022\/09\/MIP2022_slika3-150x150.jpg 150w, https:\/\/mbuniverzitet.edu.rs\/wp-content\/uploads\/2022\/09\/MIP2022_slika3-768x768.jpg 768w, https:\/\/mbuniverzitet.edu.rs\/wp-content\/uploads\/2022\/09\/MIP2022_slika3-12x12.jpg 12w, https:\/\/mbuniverzitet.edu.rs\/wp-content\/uploads\/2022\/09\/MIP2022_slika3.jpg 810w\" sizes=\"(max-width: 300px) 100vw, 300px\" \/><\/a><\/p><p>\u00a0<\/p><p>Programski i organizacioni odbori su konstatovali da je u potpunosti ostvaren cilj Me\u0111unarodne nau\u010dne konferencije Menad\u017ement i pravo 2022. da se okupe i razmene svoja mi\u0161ljenja nau\u010dni radnici i poslovni ljudi\u00a0 koji se na bilo koji na\u010din bave ili koriste rezultate nau\u010dnog rada iz oblasti menad\u017emeta i biznisa, ekonomije, prava i informacionih tehnologija kako bi se sagledala,\u00a0 razumela\u00a0 i razmenila nau\u010dnostru\u010dna saznanja koja doprinose njihovom pravilnom izboru, kori\u0161\u0107enju i razvoju.\u00a0<\/p><p>\u00a0<\/p><p><a href=\"https:\/\/mbuniverzitet.edu.rs\/wp-content\/uploads\/2022\/09\/MIP2022_slika4.jpg\"><img loading=\"lazy\" decoding=\"async\" class=\"aligncenter wp-image-12575 size-medium\" src=\"https:\/\/mbuniverzitet.edu.rs\/wp-content\/uploads\/2022\/09\/MIP2022_slika4-300x300.jpg\" alt=\"\" width=\"300\" height=\"300\" srcset=\"https:\/\/mbuniverzitet.edu.rs\/wp-content\/uploads\/2022\/09\/MIP2022_slika4-300x300.jpg 300w, https:\/\/mbuniverzitet.edu.rs\/wp-content\/uploads\/2022\/09\/MIP2022_slika4-150x150.jpg 150w, https:\/\/mbuniverzitet.edu.rs\/wp-content\/uploads\/2022\/09\/MIP2022_slika4-768x768.jpg 768w, https:\/\/mbuniverzitet.edu.rs\/wp-content\/uploads\/2022\/09\/MIP2022_slika4-12x12.jpg 12w, https:\/\/mbuniverzitet.edu.rs\/wp-content\/uploads\/2022\/09\/MIP2022_slika4.jpg 810w\" sizes=\"(max-width: 300px) 100vw, 300px\" \/><\/a><\/p><p>\u00a0<\/p><p>Me\u0111unarodna nau\u010dna konferencija je imala i za cilj da pru\u017ei konkretne odgovore na pitanja kako na kvalitetan na\u010din primeniti nove tehnologije u sklopu ekonomije znanja sa vi\u0161im nivoom efikasnosti i efektivnosti, sve u cilju odr\u017eivog razvoja, kao i sa \u0161to ni\u017eim rizicima svih vrsta.<\/p><p>\u00a0<\/p><p><a href=\"https:\/\/mbuniverzitet.edu.rs\/wp-content\/uploads\/2022\/09\/MIP2022_slika6.jpg\"><img loading=\"lazy\" decoding=\"async\" class=\"aligncenter wp-image-12571 size-medium\" src=\"https:\/\/mbuniverzitet.edu.rs\/wp-content\/uploads\/2022\/09\/MIP2022_slika6-300x300.jpg\" alt=\"\" width=\"300\" height=\"300\" srcset=\"https:\/\/mbuniverzitet.edu.rs\/wp-content\/uploads\/2022\/09\/MIP2022_slika6-300x300.jpg 300w, https:\/\/mbuniverzitet.edu.rs\/wp-content\/uploads\/2022\/09\/MIP2022_slika6-1024x1024.jpg 1024w, https:\/\/mbuniverzitet.edu.rs\/wp-content\/uploads\/2022\/09\/MIP2022_slika6-150x150.jpg 150w, https:\/\/mbuniverzitet.edu.rs\/wp-content\/uploads\/2022\/09\/MIP2022_slika6-768x768.jpg 768w, https:\/\/mbuniverzitet.edu.rs\/wp-content\/uploads\/2022\/09\/MIP2022_slika6-12x12.jpg 12w, https:\/\/mbuniverzitet.edu.rs\/wp-content\/uploads\/2022\/09\/MIP2022_slika6.jpg 1080w\" sizes=\"(max-width: 300px) 100vw, 300px\" \/><\/a><\/p><p>\u00a0<\/p><p>Me\u0111unarodna tematska nau\u010dna konferencija\u00a0je zapo\u010dela\u00a0plenarnom sednicom\u00a0i izlaganjem profesora dr Borisa Krivokapi\u0107a i profesora dr Du\u0161ana Regodi\u0107a.<\/p><p>Me\u0111unarodna tematska nau\u010dna konferencija je posle plenarne sednice radila u dve sekcije:\u00a0<\/p><ol><li>Savremeni trendovi u ekonomiji i menad\u017ementu<\/li><li>Pravna dr\u017eava i vladavina prava, osnov upravljanja savremenim dru\u0161tvom<\/li><\/ol><p>\u00a0<\/p><p><a href=\"https:\/\/mbuniverzitet.edu.rs\/wp-content\/uploads\/2022\/09\/MIP2022_slika5.jpg\"><img loading=\"lazy\" decoding=\"async\" class=\"aligncenter wp-image-12576 size-medium\" src=\"https:\/\/mbuniverzitet.edu.rs\/wp-content\/uploads\/2022\/09\/MIP2022_slika5-300x300.jpg\" alt=\"\" width=\"300\" height=\"300\" srcset=\"https:\/\/mbuniverzitet.edu.rs\/wp-content\/uploads\/2022\/09\/MIP2022_slika5-300x300.jpg 300w, https:\/\/mbuniverzitet.edu.rs\/wp-content\/uploads\/2022\/09\/MIP2022_slika5-1024x1024.jpg 1024w, https:\/\/mbuniverzitet.edu.rs\/wp-content\/uploads\/2022\/09\/MIP2022_slika5-150x150.jpg 150w, https:\/\/mbuniverzitet.edu.rs\/wp-content\/uploads\/2022\/09\/MIP2022_slika5-768x768.jpg 768w, https:\/\/mbuniverzitet.edu.rs\/wp-content\/uploads\/2022\/09\/MIP2022_slika5-12x12.jpg 12w, https:\/\/mbuniverzitet.edu.rs\/wp-content\/uploads\/2022\/09\/MIP2022_slika5.jpg 1080w\" sizes=\"(max-width: 300px) 100vw, 300px\" \/><\/a><\/p><p>\u00a0<\/p><p>Najkvalitetniji nau\u010dni radovi \u0107e po predlogu Nau\u010dnog odbora biti objavljeni u \u010dasopisu\u00a0<strong>\u201c<\/strong><strong>MB University International Review<\/strong><strong>\u201d<\/strong>.<\/p><p>Na kraju dana je realizovana analiza rada konferencije uz sastanak programskog odbora i lica koja su rukovodila sa radom sekcija. Vlasnik Univerziteta MB redovni profesor dr Milija Bogavac omogu\u0107io je dru\u017eenje svih u\u010desnika nau\u010dne konferencije, gostiju i prijatelja Univerziteta MB uz bogat ru\u010dak.<\/p><p>\u00a0<\/p><p><a href=\"http:\/\/media.mbuniverzitet.edu.rs\/2022\/09\/AGENDA-MB-2022.pdf\">Agenda konferencije<\/a><\/p><\/div>\n\t\t\t\t\t<\/div><\/div>\t\t\t\t<\/div>\n\t\t\t\t<\/div>\n\t\t\t\t<div class=\"elementor-element elementor-element-1f3b095 exad-sticky-section-no exad-glass-effect-no elementor-widget elementor-widget-eael-adv-accordion\" data-id=\"1f3b095\" data-element_type=\"widget\" data-e-type=\"widget\" data-widget_type=\"eael-adv-accordion.default\">\n\t\t\t\t<div class=\"elementor-widget-container\">\n\t\t\t\t\t            <div class=\"eael-adv-accordion\" id=\"eael-adv-accordion-1f3b095\" data-scroll-on-click=\"no\" data-scroll-speed=\"300\" data-accordion-id=\"1f3b095\" data-accordion-type=\"accordion\" data-toogle-speed=\"300\">\n            <div class=\"eael-accordion-list\">\n\t\t\t\t\t<div id=\"informacija-o-poetku-nastavnog-procesa\" class=\"elementor-tab-title eael-accordion-header\" tabindex=\"0\" data-tab=\"1\" aria-controls=\"elementor-tab-content-3271\"><span class=\"eael-accordion-tab-title\">Informacija o po\u010detku nastavnog procesa<\/span><i aria-hidden=\"true\" class=\"fa-toggle fas fa-angle-right\"><\/i><\/div><div id=\"elementor-tab-content-3271\" class=\"eael-accordion-content clearfix\" data-tab=\"1\" aria-labelledby=\"informacija-o-poetku-nastavnog-procesa\"><p>Nastava u akademskoj 2022\/2023 godini na Poslovnom i pravnom fakultetu (PPF) i Akademiji klasi\u010dnog slikarstva (AKS) Univerziteta MB po\u010dinje u skladu sa godi\u0161njim Planom realizacije nastavnog procesa 03.10.2022. godine, a zavr\u0161ava 02.06.2023. godine.<\/p><p>\u00a0<\/p><p>Rezervno vreme za nadoknadu nastave je od 05.06.2023. godine do 09.06.2023. godine. Pre po\u010detka nastavnog procesa dekani fakulteta \u0107e odr\u017eati sednice NNV i NSV, pripremiti sve neophodne saglasnosti o anga\u017eovanju i Odluke o izboru nastavnika i saradnika.<\/p><p>\u00a0<\/p><p><a href=\"https:\/\/mbuniverzitet.edu.rs\/wp-content\/uploads\/2022\/09\/\u041e\u0434\u043b\u0443\u043a\u0430-\u0421\u0435\u043d\u0430\u0442\u0430-\u041d\u0430\u0441\u0442\u0430\u0432\u043d\u0438-\u043f\u0440\u043e\u0446\u0435\u0441-\u0443-2022-2023-08.09.2022..docx.pdf\" target=\"_blank\" rel=\"noopener\">(Vidi vi\u0161e)<\/a><\/p><\/div>\n\t\t\t\t\t<\/div><\/div>\t\t\t\t<\/div>\n\t\t\t\t<\/div>\n\t\t\t\t<div class=\"elementor-element elementor-element-05dfad5 exad-sticky-section-no exad-glass-effect-no elementor-widget elementor-widget-eael-adv-accordion\" data-id=\"05dfad5\" data-element_type=\"widget\" data-e-type=\"widget\" data-widget_type=\"eael-adv-accordion.default\">\n\t\t\t\t<div class=\"elementor-widget-container\">\n\t\t\t\t\t            <div class=\"eael-adv-accordion\" id=\"eael-adv-accordion-05dfad5\" data-scroll-on-click=\"no\" data-scroll-speed=\"300\" data-accordion-id=\"05dfad5\" data-accordion-type=\"accordion\" data-toogle-speed=\"300\">\n            <div class=\"eael-accordion-list\">\n\t\t\t\t\t<div id=\"meunarodna-nauna-konferencija-menadment-i-pravo-2022-16092022-godine\" class=\"elementor-tab-title eael-accordion-header\" tabindex=\"0\" data-tab=\"1\" aria-controls=\"elementor-tab-content-6151\"><span class=\"eael-accordion-tab-title\">Me\u0111unarodna nau\u010dna konferencija \u201cMenad\u017ement i pravo 2022\u201d - 16.09.2022. godine<\/span><i aria-hidden=\"true\" class=\"fa-toggle fas fa-angle-right\"><\/i><\/div><div id=\"elementor-tab-content-6151\" class=\"eael-accordion-content clearfix\" data-tab=\"1\" aria-labelledby=\"meunarodna-nauna-konferencija-menadment-i-pravo-2022-16092022-godine\"><p>Dana 16.09.2022. godine \u0107e se realizovati Me\u0111unarodna nau\u010dna konferencija \u201cMenad\u017ement i pravo 2022\u201d . Konferencija se odr\u017eava na Poslovnom i pravnom fakultetu Univerziteta \u201cMB\u201d iz Beograda po \u0161esti put.<\/p><p>\u00a0<\/p><p>Tema Me\u0111unarodne nau\u010dne konferencije Menad\u017ement i pravo 2022 je\u00a0Globalizacija i savremeno poslovanje.\u00a0Me\u0111unarodna tematska nau\u010dna konferencija \u0107e posle plenarne sednice raditi u dve sekcije po\u00a0Agendi u prilogu.\u00a0<strong><a href=\"https:\/\/mip2022.mbuniverzitet.edu.rs\/\">Vidi vi\u0161e.<\/a><\/strong><\/p><p>\u00a0<\/p><p><a href=\"http:\/\/media.mbuniverzitet.edu.rs\/2022\/09\/AGENDA-MB-2022.pdf\">Agenda konferencije<\/a><\/p><\/div>\n\t\t\t\t\t<\/div><\/div>\t\t\t\t<\/div>\n\t\t\t\t<\/div>\n\t\t\t\t<div class=\"elementor-element elementor-element-995e830 exad-sticky-section-no exad-glass-effect-no elementor-widget elementor-widget-eael-adv-accordion\" data-id=\"995e830\" data-element_type=\"widget\" data-e-type=\"widget\" data-widget_type=\"eael-adv-accordion.default\">\n\t\t\t\t<div class=\"elementor-widget-container\">\n\t\t\t\t\t            <div class=\"eael-adv-accordion\" id=\"eael-adv-accordion-995e830\" data-scroll-on-click=\"no\" data-scroll-speed=\"300\" data-accordion-id=\"995e830\" data-accordion-type=\"accordion\" data-toogle-speed=\"300\">\n            <div class=\"eael-accordion-list\">\n\t\t\t\t\t<div id=\"akreditacija-studijskog-programa-oas-poslovna-ekonomija-na-univerzitetu-mb-vidi-vie\" class=\"elementor-tab-title eael-accordion-header\" tabindex=\"0\" data-tab=\"1\" aria-controls=\"elementor-tab-content-1601\"><span class=\"eael-accordion-tab-title\">Akreditacija studijskog programa OAS poslovna ekonomija na Univerzitetu MB. (Vidi vi\u0161e)<\/span><i aria-hidden=\"true\" class=\"fa-toggle fas fa-angle-right\"><\/i><\/div><div id=\"elementor-tab-content-1601\" class=\"eael-accordion-content clearfix\" data-tab=\"1\" aria-labelledby=\"akreditacija-studijskog-programa-oas-poslovna-ekonomija-na-univerzitetu-mb-vidi-vie\"><p><a href=\"https:\/\/mbuniverzitet.edu.rs\/wp-content\/uploads\/2022\/07\/Poseta-komisije-1.jpg\"><img loading=\"lazy\" decoding=\"async\" class=\"aligncenter wp-image-12448 size-medium\" src=\"https:\/\/mbuniverzitet.edu.rs\/wp-content\/uploads\/2022\/07\/Poseta-komisije-1-225x300.jpg\" alt=\"\" width=\"225\" height=\"300\" srcset=\"https:\/\/mbuniverzitet.edu.rs\/wp-content\/uploads\/2022\/07\/Poseta-komisije-1-225x300.jpg 225w, https:\/\/mbuniverzitet.edu.rs\/wp-content\/uploads\/2022\/07\/Poseta-komisije-1-768x1024.jpg 768w, https:\/\/mbuniverzitet.edu.rs\/wp-content\/uploads\/2022\/07\/Poseta-komisije-1-9x12.jpg 9w, https:\/\/mbuniverzitet.edu.rs\/wp-content\/uploads\/2022\/07\/Poseta-komisije-1.jpg 800w\" sizes=\"(max-width: 225px) 100vw, 225px\" \/><\/a><\/p><p>\u00a0<\/p><p>Dana 14.07.2022. godine u vremenu od 09:00 do 13:00 sati na Poslovnom i pravnom fakultetu Univerziteta MB je bila u najavljenoj, organizovanoj poseti Recenzentska komisija za akreditaciju SP OAS Poslovna ekonomija i reakreditaciju SP DAS Poslovni menad\u017ement.<\/p><p>\u00a0<\/p><p><a href=\"https:\/\/mbuniverzitet.edu.rs\/wp-content\/uploads\/2022\/07\/Poseta-komisije-2.jpg\"><img loading=\"lazy\" decoding=\"async\" class=\"aligncenter wp-image-12449 size-medium\" src=\"https:\/\/mbuniverzitet.edu.rs\/wp-content\/uploads\/2022\/07\/Poseta-komisije-2-225x300.jpg\" alt=\"\" width=\"225\" height=\"300\" srcset=\"https:\/\/mbuniverzitet.edu.rs\/wp-content\/uploads\/2022\/07\/Poseta-komisije-2-225x300.jpg 225w, https:\/\/mbuniverzitet.edu.rs\/wp-content\/uploads\/2022\/07\/Poseta-komisije-2-768x1024.jpg 768w, https:\/\/mbuniverzitet.edu.rs\/wp-content\/uploads\/2022\/07\/Poseta-komisije-2-9x12.jpg 9w, https:\/\/mbuniverzitet.edu.rs\/wp-content\/uploads\/2022\/07\/Poseta-komisije-2.jpg 800w\" sizes=\"(max-width: 225px) 100vw, 225px\" \/><\/a><\/p><p>\u00a0<\/p><p>Recenzentske komisije su predvodili prof. dr Mirko Savi\u0107 sa dr\u017eavnog Univerziteta iz Novog Sada i prof. dr Veljko Miju\u0161kovi\u0107 sa dr\u017eavnog Univerziteta iz Beograda.<\/p><p>\u00a0<\/p><p><a href=\"https:\/\/mbuniverzitet.edu.rs\/wp-content\/uploads\/2022\/07\/Poseta-komisije-3.jpg\"><img loading=\"lazy\" decoding=\"async\" class=\"aligncenter wp-image-12450 size-medium\" src=\"https:\/\/mbuniverzitet.edu.rs\/wp-content\/uploads\/2022\/07\/Poseta-komisije-3-225x300.jpg\" alt=\"\" width=\"225\" height=\"300\" srcset=\"https:\/\/mbuniverzitet.edu.rs\/wp-content\/uploads\/2022\/07\/Poseta-komisije-3-225x300.jpg 225w, https:\/\/mbuniverzitet.edu.rs\/wp-content\/uploads\/2022\/07\/Poseta-komisije-3-768x1024.jpg 768w, https:\/\/mbuniverzitet.edu.rs\/wp-content\/uploads\/2022\/07\/Poseta-komisije-3-9x12.jpg 9w, https:\/\/mbuniverzitet.edu.rs\/wp-content\/uploads\/2022\/07\/Poseta-komisije-3.jpg 800w\" sizes=\"(max-width: 225px) 100vw, 225px\" \/><\/a><\/p><p>\u00a0<\/p><p>Recenzentsku komisiju je do\u010dekao radni tim na \u010delu sa rektorom Univerziteta MB, redovnim profesorom dr Du\u0161anom Regodi\u0107em, dipl in\u017e., prorektorima, prodekanom za nauku i predstavnicima administracije na Poslovnom i pravnom fakultetu, predstavnicima privrede, alumni asocijacije, student prorektor\u00a0i predstavnici studentskog parlamenta.<\/p><p>\u00a0<\/p><p><a href=\"https:\/\/mbuniverzitet.edu.rs\/wp-content\/uploads\/2022\/07\/Poseta-komisije-4.jpg\"><img loading=\"lazy\" decoding=\"async\" class=\"aligncenter wp-image-12447 size-medium\" src=\"https:\/\/mbuniverzitet.edu.rs\/wp-content\/uploads\/2022\/07\/Poseta-komisije-4-225x300.jpg\" alt=\"\" width=\"225\" height=\"300\" srcset=\"https:\/\/mbuniverzitet.edu.rs\/wp-content\/uploads\/2022\/07\/Poseta-komisije-4-225x300.jpg 225w, https:\/\/mbuniverzitet.edu.rs\/wp-content\/uploads\/2022\/07\/Poseta-komisije-4-768x1024.jpg 768w, https:\/\/mbuniverzitet.edu.rs\/wp-content\/uploads\/2022\/07\/Poseta-komisije-4-9x12.jpg 9w, https:\/\/mbuniverzitet.edu.rs\/wp-content\/uploads\/2022\/07\/Poseta-komisije-4.jpg 800w\" sizes=\"(max-width: 225px) 100vw, 225px\" \/><\/a><\/p><\/div>\n\t\t\t\t\t<\/div><\/div>\t\t\t\t<\/div>\n\t\t\t\t<\/div>\n\t\t\t\t<div class=\"elementor-element elementor-element-4340c5b exad-sticky-section-no exad-glass-effect-no elementor-widget elementor-widget-eael-adv-accordion\" data-id=\"4340c5b\" data-element_type=\"widget\" data-e-type=\"widget\" data-widget_type=\"eael-adv-accordion.default\">\n\t\t\t\t<div class=\"elementor-widget-container\">\n\t\t\t\t\t            <div class=\"eael-adv-accordion\" id=\"eael-adv-accordion-4340c5b\" data-scroll-on-click=\"no\" data-scroll-speed=\"300\" data-accordion-id=\"4340c5b\" data-accordion-type=\"accordion\" data-toogle-speed=\"300\">\n            <div class=\"eael-accordion-list\">\n\t\t\t\t\t<div id=\"proslava-vidovdana-dana-univerziteta-mb-i-sveana-promocija-dvadesete-generacije-studenata-vidi-vie\" class=\"elementor-tab-title eael-accordion-header\" tabindex=\"0\" data-tab=\"1\" aria-controls=\"elementor-tab-content-7051\"><span class=\"eael-accordion-tab-title\">Proslava Vidovdana, Dana Univerziteta MB i sve\u010dana promocija dvadesete generacije studenata. (Vidi vi\u0161e)<\/span><i aria-hidden=\"true\" class=\"fa-toggle fas fa-angle-right\"><\/i><\/div><div id=\"elementor-tab-content-7051\" class=\"eael-accordion-content clearfix\" data-tab=\"1\" aria-labelledby=\"proslava-vidovdana-dana-univerziteta-mb-i-sveana-promocija-dvadesete-generacije-studenata-vidi-vie\"><p>Dana 28.06.2022. godine na Univerzitetu MB obele\u017een je veliki dr\u017eavni i crkveni praznik Vidovdan.<\/p><p>\u00a0<\/p><p>Istovremeno je obele\u017een Dan Univerziteta MB i promovisana 20. generacija svr\u0161enih studenata Osnovnih i Master akademskih studija na studijskim programima Pravo, Poslovni menad\u017ement i Informacione tehnologije Poslovnog i pravnog fakulteta Univerziteta MB.<\/p><p>\u00a0<\/p><p>Manifestaciju je svojim uvodnim izlaganjem otvorio predsednik Univerziteta, prof. dr Milija Bogavac, koji je pozdravio sve prisutne studente, zaposlene i prijatelje Univerziteta, \u010destitao studentima na zavr\u0161enim studijama i po\u017eeleo puno sre\u0107e i uspeha u daljem radu.<\/p><p>\u00a0<\/p><p>Nakon izlaganja osniva\u010da i vlasnika, nastupilo je Akademsko kulturno dru\u0161tvo \u201eBranko Krsmanovi\u0107\u201c. Horisti su za ovu sve\u010danost izveli zvani\u010dnu himnu Republike Srbije, \u201eBo\u017ee pravde\u201c, zatim studentsku himnu, kao i srpske narodne pesme \u201eKosovski bo\u017euri\u201c i \u201eOvo je Srbija\u201c.<\/p><p>\u00a0<\/p><p>Prisutnima se nakon toga obratio rektor Univerziteta, prof. dr Du\u0161an Regodi\u0107, dipl in\u017e.\u00a0 koji je po\u017eeleo dobrodo\u0161licu svima prisutnima, naglasio zna\u010daj Vidovdana za srpski narod i na\u0161u dr\u017eavu.<\/p><p>\u00a0<\/p><p>Rektor se posebno obratio svr\u0161enim studentima, \u010destitao im zavr\u0161etak studija i sticanje akademskog zvanja. Studentima je po\u017eeleo dobru profesionalnu karijeru, zdravlje i uspeh na tr\u017ei\u0161tu znanja u zemlji i svetu. Svojim kolegama profesorima i saradnicima u nastavi je \u010destitao na postignutim uspesima u radu sa jo\u0161 jednom generacijom studenata, pozvao ih da nastave sa radom na li\u010dnom usavr\u0161avanju i razvoju.<\/p><p>\u00a0<\/p><p>Posebno je pozvao kolege da svojim radom pomognu daljem ja\u010danju pozicije i strate\u0161kog razvoja Univerziteta MB u obrazovnom prostoru Republike Srbije i na globalnom planu.<\/p><p>\u00a0<\/p><p>Kolegama koji odlaze u penziju se zahvalio na velikom profesionalnom radu i zalaganju, po\u017eeleo im dobro zdravlje, dug i uspe\u0161an \u017eivot.<\/p><p>\u00a0<\/p><p>Nakon izlaganja rektor je predstavio novi menad\u017ement Poslovnog i pravnog fakulteta i Univerziteta MB.<\/p><p>\u00a0<\/p><p>Dekan fakulteta prof dr Aleksandar Pe\u0161i\u0107 je dodelio diplome svr\u0161enim studentima.<\/p><p>\u00a0<\/p><p>Posle dodele diploma vlasnik Univerziteta MB prof dr Milija Bogavac priredio je ru\u010dak i zabavni program za sve stalno zaposlene, studente i njihove roditelje i pozvane goste.\u00a0<\/p><\/div>\n\t\t\t\t\t<\/div><\/div>\t\t\t\t<\/div>\n\t\t\t\t<\/div>\n\t\t\t\t<div class=\"elementor-element elementor-element-4f41152 exad-sticky-section-no exad-glass-effect-no elementor-widget elementor-widget-eael-adv-accordion\" data-id=\"4f41152\" data-element_type=\"widget\" data-e-type=\"widget\" data-widget_type=\"eael-adv-accordion.default\">\n\t\t\t\t<div class=\"elementor-widget-container\">\n\t\t\t\t\t            <div class=\"eael-adv-accordion\" id=\"eael-adv-accordion-4f41152\" data-scroll-on-click=\"no\" data-scroll-speed=\"300\" data-accordion-id=\"4f41152\" data-accordion-type=\"accordion\" data-toogle-speed=\"300\">\n            <div class=\"eael-accordion-list\">\n\t\t\t\t\t<div id=\"stipendije-vlasnika-univerziteta-mb-prof-dr-milije-bogavca-za-najbolje-uenike-pravno-birotehnike-kole-dimitrije-davidovi-u-beogradu-vidi-vie\" class=\"elementor-tab-title eael-accordion-header\" tabindex=\"0\" data-tab=\"1\" aria-controls=\"elementor-tab-content-8311\"><span class=\"eael-accordion-tab-title\">Stipendije vlasnika Univerziteta MB prof. dr Milije Bogavca za najbolje u\u010denike Pravno-birotehni\u010dke \u0161kole \"Dimitrije Davidovi\u0107\" u Beogradu. (Vidi vi\u0161e)<\/span><i aria-hidden=\"true\" class=\"fa-toggle fas fa-angle-right\"><\/i><\/div><div id=\"elementor-tab-content-8311\" class=\"eael-accordion-content clearfix\" data-tab=\"1\" aria-labelledby=\"stipendije-vlasnika-univerziteta-mb-prof-dr-milije-bogavca-za-najbolje-uenike-pravno-birotehnike-kole-dimitrije-davidovi-u-beogradu-vidi-vie\"><div><p><span style=\"font-size: 16px\">Vlasnik Poslovnog i pravnog fakulteta Univerziteta MB\u00a0 prof. dr Milija Bogavac je i ovog puta pokazao svoju humanost na delu. U skladu sa razvojnom vizijom Univerziteta MB ovog puta je\u00a0 tradicionalno prepoznao potencijal budu\u0107ih studenata i uru\u010dio nagradu za uspeh tokom \u0161kolovanja, pokazano znanje, ulo\u017eeni trud i sveukupni kvalitet.<\/span><\/p><p>\u00a0<\/p><\/div><div><a href=\"https:\/\/mbuniverzitet.edu.rs\/wp-content\/uploads\/2022\/10\/Stipendija1.jpg\"><img loading=\"lazy\" decoding=\"async\" class=\"aligncenter wp-image-13071 size-medium\" src=\"https:\/\/mbuniverzitet.edu.rs\/wp-content\/uploads\/2022\/10\/Stipendija1-300x300.jpg\" alt=\"\" width=\"300\" height=\"300\" srcset=\"https:\/\/mbuniverzitet.edu.rs\/wp-content\/uploads\/2022\/10\/Stipendija1-300x300.jpg 300w, https:\/\/mbuniverzitet.edu.rs\/wp-content\/uploads\/2022\/10\/Stipendija1-1024x1024.jpg 1024w, https:\/\/mbuniverzitet.edu.rs\/wp-content\/uploads\/2022\/10\/Stipendija1-150x150.jpg 150w, https:\/\/mbuniverzitet.edu.rs\/wp-content\/uploads\/2022\/10\/Stipendija1-768x768.jpg 768w, https:\/\/mbuniverzitet.edu.rs\/wp-content\/uploads\/2022\/10\/Stipendija1-12x12.jpg 12w, https:\/\/mbuniverzitet.edu.rs\/wp-content\/uploads\/2022\/10\/Stipendija1.jpg 1080w\" sizes=\"(max-width: 300px) 100vw, 300px\" \/><\/a><\/div><div>\u00a0<\/div><div>Nagra\u0111eni su stipendijom\u00a0za \u010detvorogodi\u0161nje studija na Poslovnom i pravnom fakultetu\u00a0Univerziteta MB:\u00a0\u00a0Anja Ninkovi\u0107, u\u010denica generacije gore pomenute \u0161kole i Nikola \u0110or\u0111evi\u0107, pobednik u kategoriji\u00a0pripremljene\u00a0besede i tre\u0107i na\u00a0sveukupnom takmi\u010denju besednika\u00a0Republike Srbije, tako\u0111e u\u010denik \u0161kole &#8222;Dimitrije Davidovi\u0107&#8220;.<\/div><div>\u00a0<\/div><div><a href=\"https:\/\/mbuniverzitet.edu.rs\/wp-content\/uploads\/2022\/10\/Stipendija2.jpg\"><img loading=\"lazy\" decoding=\"async\" class=\"aligncenter wp-image-13072 size-medium\" src=\"https:\/\/mbuniverzitet.edu.rs\/wp-content\/uploads\/2022\/10\/Stipendija2-300x300.jpg\" alt=\"\" width=\"300\" height=\"300\" srcset=\"https:\/\/mbuniverzitet.edu.rs\/wp-content\/uploads\/2022\/10\/Stipendija2-300x300.jpg 300w, https:\/\/mbuniverzitet.edu.rs\/wp-content\/uploads\/2022\/10\/Stipendija2-1024x1024.jpg 1024w, https:\/\/mbuniverzitet.edu.rs\/wp-content\/uploads\/2022\/10\/Stipendija2-150x150.jpg 150w, https:\/\/mbuniverzitet.edu.rs\/wp-content\/uploads\/2022\/10\/Stipendija2-768x768.jpg 768w, https:\/\/mbuniverzitet.edu.rs\/wp-content\/uploads\/2022\/10\/Stipendija2-12x12.jpg 12w, https:\/\/mbuniverzitet.edu.rs\/wp-content\/uploads\/2022\/10\/Stipendija2.jpg 1080w\" sizes=\"(max-width: 300px) 100vw, 300px\" \/><\/a><\/div><div>\u00a0<\/div><div><a href=\"https:\/\/mbuniverzitet.edu.rs\/wp-content\/uploads\/2022\/10\/Stipendija3.jpg\"><img loading=\"lazy\" decoding=\"async\" class=\"aligncenter wp-image-13073 size-medium\" src=\"https:\/\/mbuniverzitet.edu.rs\/wp-content\/uploads\/2022\/10\/Stipendija3-300x300.jpg\" alt=\"\" width=\"300\" height=\"300\" srcset=\"https:\/\/mbuniverzitet.edu.rs\/wp-content\/uploads\/2022\/10\/Stipendija3-300x300.jpg 300w, https:\/\/mbuniverzitet.edu.rs\/wp-content\/uploads\/2022\/10\/Stipendija3-1024x1024.jpg 1024w, https:\/\/mbuniverzitet.edu.rs\/wp-content\/uploads\/2022\/10\/Stipendija3-150x150.jpg 150w, https:\/\/mbuniverzitet.edu.rs\/wp-content\/uploads\/2022\/10\/Stipendija3-768x768.jpg 768w, https:\/\/mbuniverzitet.edu.rs\/wp-content\/uploads\/2022\/10\/Stipendija3-12x12.jpg 12w, https:\/\/mbuniverzitet.edu.rs\/wp-content\/uploads\/2022\/10\/Stipendija3.jpg 1077w\" sizes=\"(max-width: 300px) 100vw, 300px\" \/><\/a><\/div><div><div>\u00a0<\/div><div>Stipendije je u ime vlasnika Poslovnog i pravnog fakulteta Univerziteta MB na sve\u010danosti u hotelu Crowne plaza u Beogradu uru\u010dila prorektorka za me\u0111unarodnu saradnju i kvalitet prof. dr Marija Kosti\u0107.<\/div><div>\u00a0<\/div><\/div><div><a href=\"https:\/\/mbuniverzitet.edu.rs\/wp-content\/uploads\/2022\/10\/Stipendija4.jpg\"><img loading=\"lazy\" decoding=\"async\" class=\"aligncenter size-medium wp-image-13074\" src=\"https:\/\/mbuniverzitet.edu.rs\/wp-content\/uploads\/2022\/10\/Stipendija4-300x300.jpg\" alt=\"\" width=\"300\" height=\"300\" srcset=\"https:\/\/mbuniverzitet.edu.rs\/wp-content\/uploads\/2022\/10\/Stipendija4-300x300.jpg 300w, https:\/\/mbuniverzitet.edu.rs\/wp-content\/uploads\/2022\/10\/Stipendija4-1024x1024.jpg 1024w, https:\/\/mbuniverzitet.edu.rs\/wp-content\/uploads\/2022\/10\/Stipendija4-150x150.jpg 150w, https:\/\/mbuniverzitet.edu.rs\/wp-content\/uploads\/2022\/10\/Stipendija4-768x768.jpg 768w, https:\/\/mbuniverzitet.edu.rs\/wp-content\/uploads\/2022\/10\/Stipendija4-12x12.jpg 12w, https:\/\/mbuniverzitet.edu.rs\/wp-content\/uploads\/2022\/10\/Stipendija4.jpg 1080w\" sizes=\"(max-width: 300px) 100vw, 300px\" \/><\/a><\/div><div>\u00a0<\/div><div><a href=\"https:\/\/mbuniverzitet.edu.rs\/wp-content\/uploads\/2022\/10\/Stipendija5.jpg\"><img loading=\"lazy\" decoding=\"async\" class=\"aligncenter size-medium wp-image-13075\" src=\"https:\/\/mbuniverzitet.edu.rs\/wp-content\/uploads\/2022\/10\/Stipendija5-300x300.jpg\" alt=\"\" width=\"300\" height=\"300\" srcset=\"https:\/\/mbuniverzitet.edu.rs\/wp-content\/uploads\/2022\/10\/Stipendija5-300x300.jpg 300w, https:\/\/mbuniverzitet.edu.rs\/wp-content\/uploads\/2022\/10\/Stipendija5-1024x1024.jpg 1024w, https:\/\/mbuniverzitet.edu.rs\/wp-content\/uploads\/2022\/10\/Stipendija5-150x150.jpg 150w, https:\/\/mbuniverzitet.edu.rs\/wp-content\/uploads\/2022\/10\/Stipendija5-768x768.jpg 768w, https:\/\/mbuniverzitet.edu.rs\/wp-content\/uploads\/2022\/10\/Stipendija5-12x12.jpg 12w, https:\/\/mbuniverzitet.edu.rs\/wp-content\/uploads\/2022\/10\/Stipendija5.jpg 1080w\" sizes=\"(max-width: 300px) 100vw, 300px\" \/><\/a><\/div><\/div>\n\t\t\t\t\t<\/div><\/div>\t\t\t\t<\/div>\n\t\t\t\t<\/div>\n\t\t\t\t<div class=\"elementor-element elementor-element-5a2e0ea exad-sticky-section-no exad-glass-effect-no elementor-widget elementor-widget-eael-adv-accordion\" data-id=\"5a2e0ea\" data-element_type=\"widget\" data-e-type=\"widget\" data-widget_type=\"eael-adv-accordion.default\">\n\t\t\t\t<div class=\"elementor-widget-container\">\n\t\t\t\t\t            <div class=\"eael-adv-accordion\" id=\"eael-adv-accordion-5a2e0ea\" data-scroll-on-click=\"no\" data-scroll-speed=\"300\" data-accordion-id=\"5a2e0ea\" data-accordion-type=\"accordion\" data-toogle-speed=\"300\">\n            <div class=\"eael-accordion-list\">\n\t\t\t\t\t<div id=\"dana-04072022-godine-zakljuen-je-sporazum-o-meunarodnoj-saradnji-vidi-vie\" class=\"elementor-tab-title eael-accordion-header\" tabindex=\"0\" data-tab=\"1\" aria-controls=\"elementor-tab-content-9451\"><span class=\"eael-accordion-tab-title\">Dana 04.07.2022. godine zaklju\u010den je Sporazum o me\u0111unarodnoj saradnji... (Vidi vi\u0161e)<\/span><i aria-hidden=\"true\" class=\"fa-toggle fas fa-angle-right\"><\/i><\/div><div id=\"elementor-tab-content-9451\" class=\"eael-accordion-content clearfix\" data-tab=\"1\" aria-labelledby=\"dana-04072022-godine-zakljuen-je-sporazum-o-meunarodnoj-saradnji-vidi-vie\"><p>Dana 04.07.2022. godine zaklju\u010den je Sporazum o me\u0111unarodnoj saradnji izme\u0111u Univerziteta \u2019\u2019MB\u2019\u2019 iz Beograda, Republika Srbija, koga predstavlja rektor prof. dr Du\u0161an Regodi\u0107, sa jedne strane i <a href=\"https:\/\/fon.edu.mk\/content.aspx?cid=2&amp;ln=en\" target=\"_blank\" rel=\"noopener\">The American University of Europe, AUE-FON<\/a> (Skopje, Nort Macedonia) kog predstavlja rektor prof. dr Biljana Puleska Janushevska, PhD sa druge strane.<\/p><p>\u00a0<\/p><ul><li><a href=\"https:\/\/mbuniverzitet.edu.rs\/wp-content\/uploads\/2022\/07\/Potpisani-sporazum_MB_AUE_FON.pdf\" target=\"_blank\" rel=\"noopener\">Sporazum o me\u0111unarodnoj saradnji<\/a><\/li><li><a href=\"https:\/\/fon.edu.mk\/content.aspx?cid=2&amp;ln=en\" target=\"_blank\" rel=\"noopener\">The American University of Europe, AUE-FON (Skopje, Nort Macedonia)<\/a><\/li><\/ul><\/div>\n\t\t\t\t\t<\/div><\/div>\t\t\t\t<\/div>\n\t\t\t\t<\/div>\n\t\t\t\t<div class=\"elementor-element elementor-element-c3eabfa exad-sticky-section-no exad-glass-effect-no elementor-widget elementor-widget-eael-adv-accordion\" data-id=\"c3eabfa\" data-element_type=\"widget\" data-e-type=\"widget\" data-widget_type=\"eael-adv-accordion.default\">\n\t\t\t\t<div class=\"elementor-widget-container\">\n\t\t\t\t\t            <div class=\"eael-adv-accordion\" id=\"eael-adv-accordion-c3eabfa\" data-scroll-on-click=\"no\" data-scroll-speed=\"300\" data-accordion-id=\"c3eabfa\" data-accordion-type=\"accordion\" data-toogle-speed=\"300\">\n            <div class=\"eael-accordion-list\">\n\t\t\t\t\t<div id=\"informacija-o-poetku-nastavnog-procesa-na-univerzitetu-mb-vidi-vie\" class=\"elementor-tab-title eael-accordion-header\" tabindex=\"0\" data-tab=\"1\" aria-controls=\"elementor-tab-content-2051\"><span class=\"eael-accordion-tab-title\">Informacija o po\u010detku nastavnog procesa na Univerzitetu MB (Vidi vi\u0161e)<\/span><\/div><div id=\"elementor-tab-content-2051\" class=\"eael-accordion-content clearfix\" data-tab=\"1\" aria-labelledby=\"informacija-o-poetku-nastavnog-procesa-na-univerzitetu-mb-vidi-vie\"><p>Nastava u akademskoj 2023\/2024. godini na Poslovnom i pravnom fakultetu (PPF) i Akademiji klasi\u010dnog slikarstva (AKS) Univerziteta MB po\u010dinje u skladu sa godi\u0161njim Kalendarom nastavnih aktivnosti 02.10.2023. godine, a zavr\u0161ava 27.05.2024. godine.<\/p><p>Rezervno vreme za nadoknadu nastave je od 28.05.2024. godine do 01.06.2024. godine. Pre po\u010detka nastavnog procesa dekani fakulteta \u0107e odr\u017eati sednice NNV i NSV, pripremiti sve neophodne saglasnosti o anga\u017eovanju i Odluke o izboru nastavnika i saradnika.<\/p><p>\u00a0<\/p><p><strong>Vidi vi\u0161e:<\/strong><\/p><p><a href=\"https:\/\/mbuniverzitet.edu.rs\/wp-content\/uploads\/2023\/09\/\u0423\u041d\u0418\u0412\u0415\u0420\u0417\u0418\u0422\u0415\u0422-\u041c\u0411-KALENDAR_AKTIVNOSTI-\u0417\u0410-\u0428\u041a\u041e\u041b\u0421\u041a\u0423-2023-2024.pdf\" target=\"_blank\" rel=\"noopener\">Kalendar godi\u0161njih aktivnosti u akademskoj 2023\/2024. godini<\/a><\/p><p><a href=\"https:\/\/mbuniverzitet.edu.rs\/wp-content\/uploads\/2023\/09\/\u041e\u0434\u043b\u0443\u043a\u0430-\u0421\u0430\u0432\u0435\u0442\u0430-\u0423\u043d\u0438\u0432\u0435\u0440\u0437\u0438\u0442\u0435\u0442\u0430-\u041c\u0411-\u041d\u0430\u0441\u0442\u0430\u0432\u043d\u0438-\u043f\u0440\u043e\u0446\u0435\u0441-\u0443-2023-2024.\u0433\u043e\u0434\u0438\u043d\u0438.pdf\" target=\"_blank\" rel=\"noopener\">Odluka Saveta univerziteta MB u akademskoj 2023\/2024. godini<\/a><\/p><div>\u00a0<\/div><div><b>Savet Univerziteta MB<\/b><\/div><\/div>\n\t\t\t\t\t<\/div><\/div>\t\t\t\t<\/div>\n\t\t\t\t<\/div>\n\t\t\t\t\t<\/div>\n\t\t<\/div>\n\t\t\t\t\t<\/div>\n\t\t<\/section>\n\t\t\t\t<section class=\"elementor-section elementor-top-section elementor-element elementor-element-ff7df83 elementor-section-boxed elementor-section-height-default elementor-section-height-default exad-glass-effect-no exad-sticky-section-no\" data-id=\"ff7df83\" data-element_type=\"section\" data-e-type=\"section\">\n\t\t\t\t\t\t<div class=\"elementor-container elementor-column-gap-default\">\n\t\t\t\t\t<div class=\"elementor-column elementor-col-100 elementor-top-column elementor-element elementor-element-2da608a exad-glass-effect-no exad-sticky-section-no\" data-id=\"2da608a\" data-element_type=\"column\" data-e-type=\"column\">\n\t\t\t<div class=\"elementor-widget-wrap elementor-element-populated\">\n\t\t\t\t\t\t<div class=\"elementor-element elementor-element-c92f843 exad-sticky-section-no exad-glass-effect-no elementor-widget elementor-widget-eael-adv-accordion\" data-id=\"c92f843\" data-element_type=\"widget\" data-e-type=\"widget\" data-widget_type=\"eael-adv-accordion.default\">\n\t\t\t\t<div class=\"elementor-widget-container\">\n\t\t\t\t\t            <div class=\"eael-adv-accordion\" id=\"eael-adv-accordion-c92f843\" data-scroll-on-click=\"no\" data-scroll-speed=\"300\" data-accordion-id=\"c92f843\" data-accordion-type=\"accordion\" data-toogle-speed=\"300\">\n            <div class=\"eael-accordion-list\">\n\t\t\t\t\t<div id=\"poslovni-i-pravni-fakultet-univerziteta-mb-je-ponovo-akreditovan-reakreditovan-kao-naunoistraivaka-organizacija-vidi-vie\" class=\"elementor-tab-title eael-accordion-header\" tabindex=\"0\" data-tab=\"1\" aria-controls=\"elementor-tab-content-2101\"><span class=\"eael-advanced-accordion-icon-closed\"><i aria-hidden=\"true\" class=\"fa-accordion-icon fas fa-plus\"><\/i><\/span><span class=\"eael-advanced-accordion-icon-opened\"><i aria-hidden=\"true\" class=\"fa-accordion-icon fas fa-minus\"><\/i><\/span><span class=\"eael-accordion-tab-title\">Poslovni i pravni fakultet Univerziteta \"MB\" je ponovo akreditovan (reakreditovan) kao nau\u010dnoistra\u017eiva\u010dka organizacija... (Vidi vi\u0161e)<\/span><i aria-hidden=\"true\" class=\"fa-toggle fas fa-angle-right\"><\/i><\/div><div id=\"elementor-tab-content-2101\" class=\"eael-accordion-content clearfix\" data-tab=\"1\" aria-labelledby=\"poslovni-i-pravni-fakultet-univerziteta-mb-je-ponovo-akreditovan-reakreditovan-kao-naunoistraivaka-organizacija-vidi-vie\"><p>Poslovni i pravni fakultet Univerziteta &#8222;MB&#8220; je ponovo akreditovan (reakreditovan) kao nau\u010dnoistra\u017eiva\u010dka organizacija iz oblasti dru\u0161tveno humanisti\u010dkih i tehni\u010dko tehnolo\u0161kih nauka: menad\u017ement i biznis, pravne nauke i elektrotehni\u010dko i ra\u010dunarsko in\u017eenjerstvo. Reakreditaciju je realizovalo\u00a0Ministarstvo prosvete, nauke i tehnolo\u0161kog razvoja (<a href=\"http:\/\/media.mbuniverzitet.edu.rs\/2022\/06\/Uverenje-NIO-2022.pdf\" target=\"_blank\" rel=\"noopener\">Odluka Odbora za akreditaciju nau\u010dnoistra\u017eiva\u010dkih organizacija 660-01-000017\/37 od 31.05.2022.godine<\/a>).<\/p><\/div>\n\t\t\t\t\t<\/div><div class=\"eael-accordion-list\">\n\t\t\t\t\t<div id=\"dana-02062022-godine-u-1900-sati-u-prostorijama-pedagokog-muzeja-uzun-mirkova-14-beograd-otvorena-je-sveana-kolektivna-izloba-slika-studenata-akademije-klasinog-slikarstva-univerziteta-mb-vidi-vie\" class=\"elementor-tab-title eael-accordion-header\" tabindex=\"0\" data-tab=\"2\" aria-controls=\"elementor-tab-content-2102\"><span class=\"eael-advanced-accordion-icon-closed\"><i aria-hidden=\"true\" class=\"fa-accordion-icon fas fa-plus\"><\/i><\/span><span class=\"eael-advanced-accordion-icon-opened\"><i aria-hidden=\"true\" class=\"fa-accordion-icon fas fa-minus\"><\/i><\/span><span class=\"eael-accordion-tab-title\">Dana 02.06.2022. godine u 19:00 sati u prostorijama Pedago\u0161kog muzeja, Uzun Mirkova 14 Beograd, otvorena je sve\u010dana kolektivna izlo\u017eba slika studenata Akademije klasi\u010dnog slikarstva Univerziteta MB. (Vidi vi\u0161e)<\/span><i aria-hidden=\"true\" class=\"fa-toggle fas fa-angle-right\"><\/i><\/div><div id=\"elementor-tab-content-2102\" class=\"eael-accordion-content clearfix\" data-tab=\"2\" aria-labelledby=\"dana-02062022-godine-u-1900-sati-u-prostorijama-pedagokog-muzeja-uzun-mirkova-14-beograd-otvorena-je-sveana-kolektivna-izloba-slika-studenata-akademije-klasinog-slikarstva-univerziteta-mb-vidi-vie\"><div>\u00a0<\/div><div>Kolektivna izlo\u017eba studenata Akademije klasi\u010dnog slikarstva je organizovana zahvaljuju\u0107i velikoj inicijativi i stru\u010dnom zalaganju\u00a0prorektora za nastavu na Univerzitetu MB profesorke dr \u017divanke Miladinovi\u0107-Bogavac i razumevanju direktora Pedago\u0161kog muzeja profesora dr Slobodana\u00a0 Vuksanovi\u0107a.\u00a0<span style=\"font-size: large\"><a href=\"https:\/\/www.tob.rs\/sr\/sta-videti\/muzeji-i-galerije\/pedagoski-muzej\" target=\"_blank\" rel=\"noopener\">https:\/\/www.tob.rs\/sr\/sta-videti\/muzeji-i-galerije\/pedagoski-muzej<\/a>. Kolektivna izlo\u017eba je obuhvatila\u00a0postavku\u00a0sa preko 50 slika.<\/span><\/div><div>\u00a0<\/div><div><a href=\"http:\/\/media.mbuniverzitet.edu.rs\/2022\/06\/Aks-izlozba5.jpg\"><img loading=\"lazy\" decoding=\"async\" class=\"aligncenter wp-image-12265 size-medium\" src=\"https:\/\/mbuniverzitet.edu.rs\/wp-content\/uploads\/2022\/06\/Aks-izlozba5-300x300.jpg\" alt=\"\" width=\"300\" height=\"300\" srcset=\"https:\/\/mbuniverzitet.edu.rs\/wp-content\/uploads\/2022\/06\/Aks-izlozba5-300x300.jpg 300w, https:\/\/mbuniverzitet.edu.rs\/wp-content\/uploads\/2022\/06\/Aks-izlozba5-1024x1024.jpg 1024w, https:\/\/mbuniverzitet.edu.rs\/wp-content\/uploads\/2022\/06\/Aks-izlozba5-150x150.jpg 150w, https:\/\/mbuniverzitet.edu.rs\/wp-content\/uploads\/2022\/06\/Aks-izlozba5-768x768.jpg 768w, https:\/\/mbuniverzitet.edu.rs\/wp-content\/uploads\/2022\/06\/Aks-izlozba5-12x12.jpg 12w, https:\/\/mbuniverzitet.edu.rs\/wp-content\/uploads\/2022\/06\/Aks-izlozba5.jpg 1080w\" sizes=\"(max-width: 300px) 100vw, 300px\" \/><\/a><\/div><div>\u00a0<\/div><div>Posle predivnih uvodnih pesama hora, kolektivnu izlo\u017ebu je otvorio rektor Univerziteta MB redovni profesor dr Du\u0161an Regodi\u0107, dipl in\u017e. U svom govoru posebno je naglasio zna\u010daj izlo\u017ebe za razvoj kompetencija posebno nadarenih i talentovanih studenata u oblasti likovne umetnosti, postupnog osamostaljivanja i razvoja nacionalne karijere slikara tokom \u0161kolovanja.\u00a0<\/div><div>\u00a0<\/div><div><a href=\"http:\/\/media.mbuniverzitet.edu.rs\/2022\/06\/Aks-izlozba3.jpg\"><img loading=\"lazy\" decoding=\"async\" class=\"aligncenter wp-image-12268 size-medium\" src=\"https:\/\/mbuniverzitet.edu.rs\/wp-content\/uploads\/2022\/06\/Aks-izlozba3-300x300.jpg\" alt=\"\" width=\"300\" height=\"300\" srcset=\"https:\/\/mbuniverzitet.edu.rs\/wp-content\/uploads\/2022\/06\/Aks-izlozba3-300x300.jpg 300w, https:\/\/mbuniverzitet.edu.rs\/wp-content\/uploads\/2022\/06\/Aks-izlozba3-1024x1024.jpg 1024w, https:\/\/mbuniverzitet.edu.rs\/wp-content\/uploads\/2022\/06\/Aks-izlozba3-150x150.jpg 150w, https:\/\/mbuniverzitet.edu.rs\/wp-content\/uploads\/2022\/06\/Aks-izlozba3-768x768.jpg 768w, https:\/\/mbuniverzitet.edu.rs\/wp-content\/uploads\/2022\/06\/Aks-izlozba3-12x12.jpg 12w, https:\/\/mbuniverzitet.edu.rs\/wp-content\/uploads\/2022\/06\/Aks-izlozba3.jpg 1080w\" sizes=\"(max-width: 300px) 100vw, 300px\" \/><\/a><\/div><div>\u00a0<\/div><div>Na otvaranju izlo\u017ebe sve prisutne je pozdravio dekan Akademije klasi\u010dnog slikarstva docent Milan Ne\u0161i\u0107, docenti Ana Pejdi\u0107 i Nenad Stankovi\u0107 i izabrani studenti sa \u0161kolovanja i koji su diplomirali.<\/div><div>\u00a0<\/div><div><a href=\"http:\/\/media.mbuniverzitet.edu.rs\/2022\/06\/Aks-izlozba2.jpg\"><img loading=\"lazy\" decoding=\"async\" class=\"aligncenter wp-image-12267 size-medium\" src=\"https:\/\/mbuniverzitet.edu.rs\/wp-content\/uploads\/2022\/06\/Aks-izlozba2-300x300.jpg\" alt=\"\" width=\"300\" height=\"300\" srcset=\"https:\/\/mbuniverzitet.edu.rs\/wp-content\/uploads\/2022\/06\/Aks-izlozba2-300x300.jpg 300w, https:\/\/mbuniverzitet.edu.rs\/wp-content\/uploads\/2022\/06\/Aks-izlozba2-1024x1024.jpg 1024w, https:\/\/mbuniverzitet.edu.rs\/wp-content\/uploads\/2022\/06\/Aks-izlozba2-150x150.jpg 150w, https:\/\/mbuniverzitet.edu.rs\/wp-content\/uploads\/2022\/06\/Aks-izlozba2-768x768.jpg 768w, https:\/\/mbuniverzitet.edu.rs\/wp-content\/uploads\/2022\/06\/Aks-izlozba2-12x12.jpg 12w, https:\/\/mbuniverzitet.edu.rs\/wp-content\/uploads\/2022\/06\/Aks-izlozba2.jpg 1080w\" sizes=\"(max-width: 300px) 100vw, 300px\" \/><\/a><\/div><div>\u00a0<\/div><div>Studenti su posebno izrazili svoje zadovoljstvo studiranjem\u00a0na Akademiji klasi\u010dnog slikarstva,\u00a0naglasili\u00a0posve\u0107enost, zna\u010daj i kvalitet pedago\u0161kog rada profesora Akademije klasi\u010dnog slikarstva za razvoj njihovih teorijskih i prakti\u010dnih znanja iz oblasti klasi\u010dnog slikarstva.<\/div><div>\u00a0<\/div><div><a href=\"http:\/\/media.mbuniverzitet.edu.rs\/2022\/06\/Aks-izlozba1.jpg\"><img loading=\"lazy\" decoding=\"async\" class=\"aligncenter wp-image-12266 size-medium\" src=\"https:\/\/mbuniverzitet.edu.rs\/wp-content\/uploads\/2022\/06\/Aks-izlozba1-300x300.jpg\" alt=\"\" width=\"300\" height=\"300\" srcset=\"https:\/\/mbuniverzitet.edu.rs\/wp-content\/uploads\/2022\/06\/Aks-izlozba1-300x300.jpg 300w, https:\/\/mbuniverzitet.edu.rs\/wp-content\/uploads\/2022\/06\/Aks-izlozba1-1024x1024.jpg 1024w, https:\/\/mbuniverzitet.edu.rs\/wp-content\/uploads\/2022\/06\/Aks-izlozba1-150x150.jpg 150w, https:\/\/mbuniverzitet.edu.rs\/wp-content\/uploads\/2022\/06\/Aks-izlozba1-768x768.jpg 768w, https:\/\/mbuniverzitet.edu.rs\/wp-content\/uploads\/2022\/06\/Aks-izlozba1-12x12.jpg 12w, https:\/\/mbuniverzitet.edu.rs\/wp-content\/uploads\/2022\/06\/Aks-izlozba1.jpg 1080w\" sizes=\"(max-width: 300px) 100vw, 300px\" \/><\/a><\/div><div>\u00a0<\/div><div>Otvaranju izlo\u017ebe su prisustvovali i izlo\u017ebu obi\u0161li stalno zaposleni nastavnici, saradnici, studenti sa roditeljima, nenastavno osoblje i brojni prijatelji Univerziteta &#8222;MB&#8220;.<\/div><div>\u00a0<\/div><div><a href=\"http:\/\/media.mbuniverzitet.edu.rs\/2022\/06\/Aks-izlozba4.jpg\"><img loading=\"lazy\" decoding=\"async\" class=\"aligncenter wp-image-12269 size-medium\" src=\"https:\/\/mbuniverzitet.edu.rs\/wp-content\/uploads\/2022\/06\/Aks-izlozba4-300x300.jpg\" alt=\"\" width=\"300\" height=\"300\" srcset=\"https:\/\/mbuniverzitet.edu.rs\/wp-content\/uploads\/2022\/06\/Aks-izlozba4-300x300.jpg 300w, https:\/\/mbuniverzitet.edu.rs\/wp-content\/uploads\/2022\/06\/Aks-izlozba4-1024x1024.jpg 1024w, https:\/\/mbuniverzitet.edu.rs\/wp-content\/uploads\/2022\/06\/Aks-izlozba4-150x150.jpg 150w, https:\/\/mbuniverzitet.edu.rs\/wp-content\/uploads\/2022\/06\/Aks-izlozba4-768x768.jpg 768w, https:\/\/mbuniverzitet.edu.rs\/wp-content\/uploads\/2022\/06\/Aks-izlozba4-12x12.jpg 12w, https:\/\/mbuniverzitet.edu.rs\/wp-content\/uploads\/2022\/06\/Aks-izlozba4.jpg 1080w\" sizes=\"(max-width: 300px) 100vw, 300px\" \/><\/a><\/div><div>\u00a0<\/div><div>Vlasnik Univerziteta MB profesor dr Milija Bogavac u predivnom i autenti\u010dnom ambijentu dvori\u0161ta Pedago\u0161kog muzeja priredio je sve\u010dani koktel za sve u\u010desnike i goste kolektivne izlo\u017ebe.<\/div><div>Izlo\u017ebena postavka \u0107e biti otvorena od 02.06. do 09.06.2022. godine.<\/div><div>\u00a0<\/div><div>\u00a0<\/div><div><a href=\"http:\/\/media.mbuniverzitet.edu.rs\/2022\/05\/Plakat-AKS-Final.jpg\"><img loading=\"lazy\" decoding=\"async\" class=\"aligncenter wp-image-12181 size-medium\" src=\"https:\/\/mbuniverzitet.edu.rs\/wp-content\/uploads\/2022\/05\/Plakat-AKS-Final-212x300.jpg\" alt=\"\" width=\"212\" height=\"300\" srcset=\"https:\/\/mbuniverzitet.edu.rs\/wp-content\/uploads\/2022\/05\/Plakat-AKS-Final-212x300.jpg 212w, https:\/\/mbuniverzitet.edu.rs\/wp-content\/uploads\/2022\/05\/Plakat-AKS-Final-722x1024.jpg 722w, https:\/\/mbuniverzitet.edu.rs\/wp-content\/uploads\/2022\/05\/Plakat-AKS-Final-768x1089.jpg 768w, https:\/\/mbuniverzitet.edu.rs\/wp-content\/uploads\/2022\/05\/Plakat-AKS-Final-8x12.jpg 8w, https:\/\/mbuniverzitet.edu.rs\/wp-content\/uploads\/2022\/05\/Plakat-AKS-Final.jpg 800w\" sizes=\"(max-width: 212px) 100vw, 212px\" \/><\/a><\/div><div>\u00a0<\/div><div><a href=\"http:\/\/media.mbuniverzitet.edu.rs\/2022\/06\/Katlog-AKS-2022-PRES.pdf\" target=\"_blank\" rel=\"noopener\">Katalog slika studenata AKS<\/a><\/div><\/div>\n\t\t\t\t\t<\/div><div class=\"eael-accordion-list\">\n\t\t\t\t\t<div id=\"dodeljena-nagrada-dimitrije-davidovi-za-ivotno-delo-iz-oblasti-medija-i-novinarstva-prof-dr-nei-daniloviu-prorektoru-za-nauku-nir-i-razvoj-na-univerzitetu-mb-vidi-vie\" class=\"elementor-tab-title eael-accordion-header\" tabindex=\"0\" data-tab=\"3\" aria-controls=\"elementor-tab-content-2103\"><span class=\"eael-advanced-accordion-icon-closed\"><i aria-hidden=\"true\" class=\"fa-accordion-icon fas fa-plus\"><\/i><\/span><span class=\"eael-advanced-accordion-icon-opened\"><i aria-hidden=\"true\" class=\"fa-accordion-icon fas fa-minus\"><\/i><\/span><span class=\"eael-accordion-tab-title\">Dodeljena nagrada \"Dimitrije Davidovi\u0107\" za \u017eivotno delo iz oblasti medija i novinarstva, prof. dr Ne\u0111i Danilovi\u0107u, Prorektoru za nauku, NIR i razvoj na Univerzitetu \"MB\". (Vidi vi\u0161e)<\/span><i aria-hidden=\"true\" class=\"fa-toggle fas fa-angle-right\"><\/i><\/div><div id=\"elementor-tab-content-2103\" class=\"eael-accordion-content clearfix\" data-tab=\"3\" aria-labelledby=\"dodeljena-nagrada-dimitrije-davidovi-za-ivotno-delo-iz-oblasti-medija-i-novinarstva-prof-dr-nei-daniloviu-prorektoru-za-nauku-nir-i-razvoj-na-univerzitetu-mb-vidi-vie\"><p>\u017diri Udru\u017eenja novinara i novih medija Vojvodine u sastavu:<\/p><ol><li>dr \u017darko Dimi\u0107, istori\u010dar i novinar;<\/li><li>prof. mr Sibila Petenji Arbutina;<\/li><li>prof. fotografije msr \u017deljko Savi\u0107, novinar i urednik TV Ars Medija;<\/li><li>Dragoljub Radi\u0107, novinar;<\/li><li>Svetozar Ikonov, slobodni novinar;<\/li><li>Biljana Dikovi\u0107, novinar;<\/li><\/ol><p>dodelio je\u00a0nagradu<strong>\u00a0\u201eDimitrije Davidovi\u0107<\/strong>\u201d\u00a0za \u017eivotno delo u oblasti medija i novinarstva za 2022. godinu,\u00a0<strong>prof. dr Ne\u0111i Danilovi\u0107u,<\/strong>\u00a0prorektoru za nauku, nau\u010dnoistra\u017eiva\u010dki rad i razvoj Univerziteta \u201eMB\u201c i \u010dlanu Udru\u017eenja novinara i novih medija Vojvodine.<\/p><p>Nagrada prof. dr Ne\u0111i Danilovi\u0107u uru\u010dena je na godi\u0161njoj sve\u010danosti Udru\u017eenja novinara i novih medija Vojvodine u Novom sadu, 26. maja 2022. godine\u00a0<\/p><p>\u0160ire informacije na Linku:<\/p><p><a href=\"http:\/\/arsmedija.rs\/urucene-godisnje-novinarske-nagrade-clanova-udruzenja-novinara-vojvodine-i-novih-medija\/\" target=\"_blank\" rel=\"noopener\">http:\/\/arsmedija.rs\/urucene-go`disnje-novinarske-nagrade-clanova-udruzenja-novinara-vojvodine-i-novih-medija\/<\/a><\/p><p><a href=\"https:\/\/www.youtube.com\/watch?v=SNnR09nH6GM\" target=\"_blank\" rel=\"noopener\">https:\/\/www.youtube.com\/watch?v=SNnR09nH6GM<\/a><\/p><\/div>\n\t\t\t\t\t<\/div><div class=\"eael-accordion-list\">\n\t\t\t\t\t<div id=\"meunarodna-saradnja-univerziteta-mb-beograd-vidi-vie\" class=\"elementor-tab-title eael-accordion-header\" tabindex=\"0\" data-tab=\"4\" aria-controls=\"elementor-tab-content-2104\"><span class=\"eael-advanced-accordion-icon-closed\"><i aria-hidden=\"true\" class=\"fa-accordion-icon fas fa-plus\"><\/i><\/span><span class=\"eael-advanced-accordion-icon-opened\"><i aria-hidden=\"true\" class=\"fa-accordion-icon fas fa-minus\"><\/i><\/span><span class=\"eael-accordion-tab-title\">Me\u0111unarodna saradnja Univerziteta MB Beograd. (Vidi vi\u0161e)<\/span><i aria-hidden=\"true\" class=\"fa-toggle fas fa-angle-right\"><\/i><\/div><div id=\"elementor-tab-content-2104\" class=\"eael-accordion-content clearfix\" data-tab=\"4\" aria-labelledby=\"meunarodna-saradnja-univerziteta-mb-beograd-vidi-vie\"><p>Dana 25.05.2022. godine zaklju\u010den je Sporazum o me\u0111unarodnoj saradnji izme\u0111u Univerziteta \u2019\u2019MB\u2019\u2019 iz Beograda, Republika Srbija, koga predstavlja rektor prof. dr Du\u0161an Regodi\u0107, sa jedne strane i Tehni\u010dkog univerziteta Gabrovo (Gabrovo, Bugarska) kog predstavlja rektor prof. dr Iliya Zhelezarov sa druge strane.<\/p><p><a href=\"http:\/\/media.mbuniverzitet.edu.rs\/2022\/06\/Ugovor-Gabrovo-Bugarska.pdf\" target=\"_blank\" rel=\"noopener\"><em>Sporazum o me\u0111unarodnoj saradnji<\/em><\/a><\/p><p><a href=\"https:\/\/www.masterstudies.com\/universities\/Bulgaria\/Technical-University-Of-Gabrovo\/\" target=\"_blank\" rel=\"noopener\">https:\/\/www.masterstudies.com\/universities\/Bulgaria\/Technical-University-Of-Gabrovo\/<\/a><\/p><\/div>\n\t\t\t\t\t<\/div><div class=\"eael-accordion-list\">\n\t\t\t\t\t<div id=\"izloba-studentskih-radova-akademije-klasinog-slikarstva-e-se-odrati-u-pedagokom-muzeju-u-beogradu-od-02062022-do-09062022-godine-vidi-vie\" class=\"elementor-tab-title eael-accordion-header\" tabindex=\"0\" data-tab=\"5\" aria-controls=\"elementor-tab-content-2105\"><span class=\"eael-advanced-accordion-icon-closed\"><i aria-hidden=\"true\" class=\"fa-accordion-icon fas fa-plus\"><\/i><\/span><span class=\"eael-advanced-accordion-icon-opened\"><i aria-hidden=\"true\" class=\"fa-accordion-icon fas fa-minus\"><\/i><\/span><span class=\"eael-accordion-tab-title\">Izlo\u017eba studentskih radova Akademije klasi\u010dnog slikarstva \u0107e se odr\u017eati u Pedago\u0161kom muzeju u Beogradu od 02.06.2022. do 09.06.2022. godine. (Vidi vi\u0161e)<\/span><i aria-hidden=\"true\" class=\"fa-toggle fas fa-angle-right\"><\/i><\/div><div id=\"elementor-tab-content-2105\" class=\"eael-accordion-content clearfix\" data-tab=\"5\" aria-labelledby=\"izloba-studentskih-radova-akademije-klasinog-slikarstva-e-se-odrati-u-pedagokom-muzeju-u-beogradu-od-02062022-do-09062022-godine-vidi-vie\"><p>Sve\u010dano otvaranje izlo\u017ebe \u0107e biti 02.06.2022. godine u 19:00 sati. Pozivaju se stalno zaposleni nastavnici, saradnici, nenastavno osoblje i prijatelji Univerziteta &#8222;MB&#8220; da do\u0111u na sve\u010dano otvaranje i izlo\u017ebe slika.\u00a0<\/p><p><a href=\"http:\/\/media.mbuniverzitet.edu.rs\/2022\/05\/Plakat-AKS-Final.jpg\"><img loading=\"lazy\" decoding=\"async\" class=\"aligncenter size-medium wp-image-12181\" src=\"http:\/\/media.mbuniverzitet.edu.rs\/2022\/05\/Plakat-AKS-Final-212x300.jpg\" alt=\"\" width=\"212\" height=\"300\" srcset=\"https:\/\/mbuniverzitet.edu.rs\/wp-content\/uploads\/2022\/05\/Plakat-AKS-Final-212x300.jpg 212w, https:\/\/mbuniverzitet.edu.rs\/wp-content\/uploads\/2022\/05\/Plakat-AKS-Final-722x1024.jpg 722w, https:\/\/mbuniverzitet.edu.rs\/wp-content\/uploads\/2022\/05\/Plakat-AKS-Final-768x1089.jpg 768w, https:\/\/mbuniverzitet.edu.rs\/wp-content\/uploads\/2022\/05\/Plakat-AKS-Final-8x12.jpg 8w, https:\/\/mbuniverzitet.edu.rs\/wp-content\/uploads\/2022\/05\/Plakat-AKS-Final.jpg 800w\" sizes=\"(max-width: 212px) 100vw, 212px\" \/><\/a><\/p><p><a href=\"http:\/\/media.mbuniverzitet.edu.rs\/2022\/06\/Katlog-AKS-2022-PRES.pdf\" target=\"_blank\" rel=\"noopener\">Videti katalog slika studenata AKS<\/a><\/p><p>S po\u0161tovanjem,<\/p><p>Uprava Univerziteta &#8222;MB&#8220;<\/p><\/div>\n\t\t\t\t\t<\/div><div class=\"eael-accordion-list\">\n\t\t\t\t\t<div id=\"na-univerzitetu-mb-odrana-radionica-sa-temom-kako-ostaviti-dobar-utisak-na-razgovoru-za-posao-vidi-vie\" class=\"elementor-tab-title eael-accordion-header\" tabindex=\"0\" data-tab=\"6\" aria-controls=\"elementor-tab-content-2106\"><span class=\"eael-advanced-accordion-icon-closed\"><i aria-hidden=\"true\" class=\"fa-accordion-icon fas fa-plus\"><\/i><\/span><span class=\"eael-advanced-accordion-icon-opened\"><i aria-hidden=\"true\" class=\"fa-accordion-icon fas fa-minus\"><\/i><\/span><span class=\"eael-accordion-tab-title\">Na Univerzitetu MB odr\u017eana radionica sa temom \u201eKako ostaviti dobar utisak na razgovoru za posao\u201c. (Vidi vi\u0161e)<\/span><i aria-hidden=\"true\" class=\"fa-toggle fas fa-angle-right\"><\/i><\/div><div id=\"elementor-tab-content-2106\" class=\"eael-accordion-content clearfix\" data-tab=\"6\" aria-labelledby=\"na-univerzitetu-mb-odrana-radionica-sa-temom-kako-ostaviti-dobar-utisak-na-razgovoru-za-posao-vidi-vie\"><p>Dana 17.05.2022. godine u prostorijama Univerziteta MB, u organizaciji Centra za razvoj karijre, odr\u017eana je radionica na temu \u201eKAKO OSTAVITI DOBAR UTISAK NA RAZGOVORU ZA POSAO\u201c.<\/p><p><a href=\"http:\/\/media.mbuniverzitet.edu.rs\/2022\/05\/Radionica-1.jpg\"><img loading=\"lazy\" decoding=\"async\" class=\"aligncenter size-medium wp-image-12144\" src=\"http:\/\/media.mbuniverzitet.edu.rs\/2022\/05\/Radionica-1-300x300.jpg\" alt=\"\" width=\"300\" height=\"300\" srcset=\"https:\/\/mbuniverzitet.edu.rs\/wp-content\/uploads\/2022\/05\/Radionica-1-300x300.jpg 300w, https:\/\/mbuniverzitet.edu.rs\/wp-content\/uploads\/2022\/05\/Radionica-1-1024x1024.jpg 1024w, https:\/\/mbuniverzitet.edu.rs\/wp-content\/uploads\/2022\/05\/Radionica-1-150x150.jpg 150w, https:\/\/mbuniverzitet.edu.rs\/wp-content\/uploads\/2022\/05\/Radionica-1-768x768.jpg 768w, https:\/\/mbuniverzitet.edu.rs\/wp-content\/uploads\/2022\/05\/Radionica-1-12x12.jpg 12w, https:\/\/mbuniverzitet.edu.rs\/wp-content\/uploads\/2022\/05\/Radionica-1.jpg 1080w\" sizes=\"(max-width: 300px) 100vw, 300px\" \/><\/a><\/p><p>Radionica je bila otvorena za sve sudente, svih nivoa studija i svih fakulteta koji pripadaju Univerzitetu MB.<\/p><p><a href=\"http:\/\/media.mbuniverzitet.edu.rs\/2022\/05\/Radionica-2.jpg\"><img loading=\"lazy\" decoding=\"async\" class=\"aligncenter size-medium wp-image-12145\" src=\"http:\/\/media.mbuniverzitet.edu.rs\/2022\/05\/Radionica-2-300x300.jpg\" alt=\"\" width=\"300\" height=\"300\" srcset=\"https:\/\/mbuniverzitet.edu.rs\/wp-content\/uploads\/2022\/05\/Radionica-2-300x300.jpg 300w, https:\/\/mbuniverzitet.edu.rs\/wp-content\/uploads\/2022\/05\/Radionica-2-1024x1024.jpg 1024w, https:\/\/mbuniverzitet.edu.rs\/wp-content\/uploads\/2022\/05\/Radionica-2-150x150.jpg 150w, https:\/\/mbuniverzitet.edu.rs\/wp-content\/uploads\/2022\/05\/Radionica-2-768x768.jpg 768w, https:\/\/mbuniverzitet.edu.rs\/wp-content\/uploads\/2022\/05\/Radionica-2-12x12.jpg 12w, https:\/\/mbuniverzitet.edu.rs\/wp-content\/uploads\/2022\/05\/Radionica-2.jpg 1080w\" sizes=\"(max-width: 300px) 100vw, 300px\" \/><\/a><\/p><p>Veoma pou\u010dno, zanimljivo, sadr\u017eajno i korisno predavanje, ta\u010dnije radionicu, odr\u017eali su prof. dr Marija Kosti\u0107, prof. dr Mom\u010dilo Joki\u0107 i prof. dr Slobodan Petrovi\u0107.<\/p><p><a href=\"http:\/\/media.mbuniverzitet.edu.rs\/2022\/05\/Radionica3.jpg\"><img loading=\"lazy\" decoding=\"async\" class=\"aligncenter size-medium wp-image-12146\" src=\"http:\/\/media.mbuniverzitet.edu.rs\/2022\/05\/Radionica3-300x300.jpg\" alt=\"\" width=\"300\" height=\"300\" srcset=\"https:\/\/mbuniverzitet.edu.rs\/wp-content\/uploads\/2022\/05\/Radionica3-300x300.jpg 300w, https:\/\/mbuniverzitet.edu.rs\/wp-content\/uploads\/2022\/05\/Radionica3-1024x1024.jpg 1024w, https:\/\/mbuniverzitet.edu.rs\/wp-content\/uploads\/2022\/05\/Radionica3-150x150.jpg 150w, https:\/\/mbuniverzitet.edu.rs\/wp-content\/uploads\/2022\/05\/Radionica3-768x768.jpg 768w, https:\/\/mbuniverzitet.edu.rs\/wp-content\/uploads\/2022\/05\/Radionica3-12x12.jpg 12w, https:\/\/mbuniverzitet.edu.rs\/wp-content\/uploads\/2022\/05\/Radionica3.jpg 1080w\" sizes=\"(max-width: 300px) 100vw, 300px\" \/><\/a><\/p><p>Prof. dr Marija Kosti\u0107 govorila je o vizuelnom utisku i tome kako kandidat za odre\u0111enu poziciju treba da se pojavi na razgovoru za posao. Ukazala je na umerenost u stilu i zna\u010daj parole \u201emanje je vi\u0161e\u201c.<\/p><p><a href=\"http:\/\/media.mbuniverzitet.edu.rs\/2022\/05\/Radionica4.jpg\"><img loading=\"lazy\" decoding=\"async\" class=\"aligncenter size-medium wp-image-12147\" src=\"http:\/\/media.mbuniverzitet.edu.rs\/2022\/05\/Radionica4-300x300.jpg\" alt=\"\" width=\"300\" height=\"300\" srcset=\"https:\/\/mbuniverzitet.edu.rs\/wp-content\/uploads\/2022\/05\/Radionica4-300x300.jpg 300w, https:\/\/mbuniverzitet.edu.rs\/wp-content\/uploads\/2022\/05\/Radionica4-1024x1024.jpg 1024w, https:\/\/mbuniverzitet.edu.rs\/wp-content\/uploads\/2022\/05\/Radionica4-150x150.jpg 150w, https:\/\/mbuniverzitet.edu.rs\/wp-content\/uploads\/2022\/05\/Radionica4-768x768.jpg 768w, https:\/\/mbuniverzitet.edu.rs\/wp-content\/uploads\/2022\/05\/Radionica4-12x12.jpg 12w, https:\/\/mbuniverzitet.edu.rs\/wp-content\/uploads\/2022\/05\/Radionica4.jpg 1080w\" sizes=\"(max-width: 300px) 100vw, 300px\" \/><\/a><\/p><p>Prof. dr Slobodan Petrovi\u0107 govorio je sa dva razli\u010dita aspekta \u2013 lica koje tra\u017ei posao i lica koje zapo\u0161ljava. Posebno je ukazao na stav, samouverenost , svest i samosvest kandidata i istakao da je zajedni\u010dki interes ono \u010demu treba da te\u017ee kako poslodavac, tako i svi zaposleni.<\/p><p><a href=\"http:\/\/media.mbuniverzitet.edu.rs\/2022\/05\/Radionica5.jpg\"><img loading=\"lazy\" decoding=\"async\" class=\"aligncenter size-medium wp-image-12143\" src=\"http:\/\/media.mbuniverzitet.edu.rs\/2022\/05\/Radionica5-300x300.jpg\" alt=\"\" width=\"300\" height=\"300\" srcset=\"https:\/\/mbuniverzitet.edu.rs\/wp-content\/uploads\/2022\/05\/Radionica5-300x300.jpg 300w, https:\/\/mbuniverzitet.edu.rs\/wp-content\/uploads\/2022\/05\/Radionica5-1024x1024.jpg 1024w, https:\/\/mbuniverzitet.edu.rs\/wp-content\/uploads\/2022\/05\/Radionica5-150x150.jpg 150w, https:\/\/mbuniverzitet.edu.rs\/wp-content\/uploads\/2022\/05\/Radionica5-768x768.jpg 768w, https:\/\/mbuniverzitet.edu.rs\/wp-content\/uploads\/2022\/05\/Radionica5-12x12.jpg 12w, https:\/\/mbuniverzitet.edu.rs\/wp-content\/uploads\/2022\/05\/Radionica5.jpg 1080w\" sizes=\"(max-width: 300px) 100vw, 300px\" \/><\/a><\/p><p>Prof. dr Mom\u010dilo Joki\u0107 govorio je o svojim brojnim profesionalnim iskustvima, situacijama za koje je kasnije uvideo da je pogre\u0161no postupio, strpljenju koje je klju\u010dno, a koje svi \u010desto zanemarimo\u00a0 i kroz brojne primere prisutnim studentima ukazao na to koliko je dugoro\u010dno va\u017ean konstantan rad na sebi.<\/p><\/div>\n\t\t\t\t\t<\/div><div class=\"eael-accordion-list\">\n\t\t\t\t\t<div id=\"meunarodna-saradnja-univerziteta-mb-vidi-vie\" class=\"elementor-tab-title eael-accordion-header\" tabindex=\"0\" data-tab=\"8\" aria-controls=\"elementor-tab-content-2108\"><span class=\"eael-advanced-accordion-icon-closed\"><i aria-hidden=\"true\" class=\"fa-accordion-icon fas fa-plus\"><\/i><\/span><span class=\"eael-advanced-accordion-icon-opened\"><i aria-hidden=\"true\" class=\"fa-accordion-icon fas fa-minus\"><\/i><\/span><span class=\"eael-accordion-tab-title\">Me\u0111unarodna saradnja Univerziteta MB. (Vidi vi\u0161e)<\/span><i aria-hidden=\"true\" class=\"fa-toggle fas fa-angle-right\"><\/i><\/div><div id=\"elementor-tab-content-2108\" class=\"eael-accordion-content clearfix\" data-tab=\"8\" aria-labelledby=\"meunarodna-saradnja-univerziteta-mb-vidi-vie\"><p>Dana 19.04.2022. godine zaklju\u010den je Sporazum o me\u0111unarodnoj saradnji izme\u0111u Univerziteta \u2019\u2019MB\u2019\u2019 iz Beograda, Republika Srbija, koga predstavlja rektor prof. dr Du\u0161an Regodi\u0107, sa jedne strane i Univerziteta \u201cSv. Kliment Ohridski\u201c-Bitolj, Fakultet tehni\u010dkih nauka, Severna Makedonija, koga predstavlja dekan prof. Dr Stojan\u010de Nusev, sa druge strane.<\/p><p><em><a href=\"http:\/\/media.mbuniverzitet.edu.rs\/2022\/04\/Medunarodna-saradnja_Bitolj.pdf\" target=\"_blank\" rel=\"noopener\">Sporazum o me\u0111unarodnoj saradnji<\/a><\/em><\/p><p><em><a href=\"https:\/\/uklo.edu.mk\/?lang=en\" target=\"_blank\" rel=\"noopener\">Univerzitet Sveti Kliment Ohridski Bitola (uklo.edu.mk)<\/a><\/em><\/p><\/div>\n\t\t\t\t\t<\/div><div class=\"eael-accordion-list\">\n\t\t\t\t\t<div id=\"meunarodna-nauna-konferencija-menadment-i-pravo-2022-vidi-vie\" class=\"elementor-tab-title eael-accordion-header\" tabindex=\"0\" data-tab=\"9\" aria-controls=\"elementor-tab-content-2109\"><span class=\"eael-advanced-accordion-icon-closed\"><i aria-hidden=\"true\" class=\"fa-accordion-icon fas fa-plus\"><\/i><\/span><span class=\"eael-advanced-accordion-icon-opened\"><i aria-hidden=\"true\" class=\"fa-accordion-icon fas fa-minus\"><\/i><\/span><span class=\"eael-accordion-tab-title\">ME\u0110UNARODNA NAU\u010cNA KONFERENCIJA \u201eMenad\u017ement i pravo 2022\u201c. (Vidi vi\u0161e)<\/span><i aria-hidden=\"true\" class=\"fa-toggle fas fa-angle-right\"><\/i><\/div><div id=\"elementor-tab-content-2109\" class=\"eael-accordion-content clearfix\" data-tab=\"9\" aria-labelledby=\"meunarodna-nauna-konferencija-menadment-i-pravo-2022-vidi-vie\"><p>Me\u0111unarodna nau\u010dna konferencija \u201cMenad\u017ement i pravo 2022\u201d odr\u017eava se 16.09.2022. godine na Univerzitetu MB, Poslovni i pravni fakultet, Teodora Drajzera 27, Beograd po \u0161esti put.<\/p><p>Detaljne informacije se nalaze na:<\/p><p><a href=\"https:\/\/mip2022.mbuniverzitet.edu.rs\/\" target=\"_blank\" rel=\"noopener\">https:\/\/mip2022.mbuniverzitet.edu.rs\/<\/a><\/p><p><a href=\"https:\/\/mip2022.mbuniverzitet.edu.rs\/pozivno-pismo\/\" target=\"_blank\" rel=\"noopener\">https:\/\/mip2022.mbuniverzitet.edu.rs\/pozivno-pismo\/<\/a><\/p><p><a href=\"https:\/\/mip2022.mbuniverzitet.edu.rs\/vazni-datumi\/\" target=\"_blank\" rel=\"noopener\">https:\/\/mip2022.mbuniverzitet.edu.rs\/vazni-datumi\/<\/a><\/p><p><a href=\"https:\/\/mip2022.mbuniverzitet.edu.rs\/wp-content\/uploads\/2022\/04\/Apstrakt-za-autore-MENADZMENT-I-PRAVO-2022-Abstract-Template.pdf\" target=\"_blank\" rel=\"noopener\">https:\/\/mip2022.mbuniverzitet.edu.rs\/wp-content\/uploads\/2022\/04\/Apstrakt-za-autore-MENADZMENT-I-PRAVO-2022-Abstract-Template.pdf<\/a><\/p><p><a href=\"https:\/\/mip2022.mbuniverzitet.edu.rs\/wp-content\/uploads\/2022\/04\/Uputstvo-za-autore-MENADZMENT-I-PRAVO-2022-Proceedings-Template.pdf\" target=\"_blank\" rel=\"noopener\">https:\/\/mip2022.mbuniverzitet.edu.rs\/wp-content\/uploads\/2022\/04\/Uputstvo-za-autore-MENADZMENT-I-PRAVO-2022-Proceedings-Template.pdf<\/a><\/p><p><a href=\"https:\/\/mip2022.mbuniverzitet.edu.rs\/wp-content\/uploads\/2022\/04\/Pozivno-pismo-za-Medunarodnu-naucnu-konferenciju-Menadzment-i-pravo-2022.pdf\" target=\"_blank\" rel=\"noopener\">https:\/\/mip2022.mbuniverzitet.edu.rs\/wp-content\/uploads\/2022\/04\/Pozivno-pismo-za-Medunarodnu-naucnu-konferenciju-Menadzment-i-pravo-2022.pdf<\/a><\/p><p>Tema Me\u0111unarodne nau\u010dne konferencije &#8222;Menad\u017ement i pravo 2022&#8220; je:\u00a0<strong>Globalizacija i savremeno poslovanje<\/strong>.<\/p><p>Predmet nau\u010dne rasprave po sekcijama bi\u0107e tri generalne tematske oblasti, i to:<\/p><ol><li>Savremeni trendovi u ekonomiji i menad\u017ementu<\/li><li>Pravna dr\u017eava i vladavina prava, osnov upravljanja savremenim dru\u0161tvom<\/li><li>Primena novih IT tehnologija kao podr\u0161ka savremenim poslovnim procesima proizvodnje, odlu\u010divanja i upraljanja.<\/li><\/ol><p>Ova Me\u0111unarodna nau\u010dna konferencija\u00a0 doprinosi i omogu\u0107uje razmenu mi\u0161ljenja, stavova i donosi prava re\u0161enja u oblasti menad\u017emeta i biznisa, ekonomije, prava i informacionih tehnologija. Okuplja veliki broj nau\u010dnobrazovnih institucija, doma\u0107ih i stranih proizvo\u0111a\u010da, korisnika, prometnih organizacija itd. Nau\u010dni radovi se objavljuju u \u010dasopisu <strong>\u201c<\/strong><strong>MB University International Review<\/strong><strong>\u201d\u00a0<\/strong>koji\u00a0izlazi u \u010detiri broja svake godine po\u010dev od 2022.<\/p><p>Cilj Me\u0111unarodne nau\u010dne konferencije &#8222;Menad\u017ement i pravo 2022&#8220; je da okupi sve nau\u010dne radnike i poslovne ljude \u00a0koji se na bilo koji na\u010din bave ili koriste rezultate iz oblasti menad\u017emeta i biznisa, ekonomije, prava i informacionih tehnologija kako bi se sagledala,\u00a0 razumela\u00a0 i razmenila nau\u010dnostru\u010dna saznanja koja bi doprinela njenom pravilnom izboru, kori\u0161\u0107enju i razvoju.<\/p><p>Pozivate se da uzmete aktivno u\u010de\u0161\u0107e na\u00a0 Me\u0111unarodnoj nau\u010dnoj konferenciji &#8222;Menad\u017ement i pravo 2022&#8220;.<\/p><p>Menad\u017ement Univerziteta MB.<\/p><\/div>\n\t\t\t\t\t<\/div><div class=\"eael-accordion-list\">\n\t\t\t\t\t<div id=\"informacija-za-naune-radnike-da-se-u-skladu-sa-svojim-strunim-mogunostima-ukljue-u-u-projekat-po-predlogu-ambasade-ruske-federacije-u-republici-srbiji-vidi-vie\" class=\"elementor-tab-title eael-accordion-header\" tabindex=\"0\" data-tab=\"10\" aria-controls=\"elementor-tab-content-21010\"><span class=\"eael-advanced-accordion-icon-closed\"><i aria-hidden=\"true\" class=\"fa-accordion-icon fas fa-plus\"><\/i><\/span><span class=\"eael-advanced-accordion-icon-opened\"><i aria-hidden=\"true\" class=\"fa-accordion-icon fas fa-minus\"><\/i><\/span><span class=\"eael-accordion-tab-title\">Informacija za nau\u010dne radnike da se u skladu sa svojim stru\u010dnim mogu\u0107nostima uklju\u010de u u projekat po predlogu Ambasade Ruske Federacije u Republici Srbiji. (Vidi vi\u0161e)<\/span><i aria-hidden=\"true\" class=\"fa-toggle fas fa-angle-right\"><\/i><\/div><div id=\"elementor-tab-content-21010\" class=\"eael-accordion-content clearfix\" data-tab=\"10\" aria-labelledby=\"informacija-za-naune-radnike-da-se-u-skladu-sa-svojim-strunim-mogunostima-ukljue-u-u-projekat-po-predlogu-ambasade-ruske-federacije-u-republici-srbiji-vidi-vie\"><p><a href=\"http:\/\/media.mbuniverzitet.edu.rs\/2022\/04\/Poziv-Strucni-savet-RF-za-pracenje-klimatskih-aktivnih-gasova-740357.pdf\" target=\"_blank\" rel=\"noopener\">Poziv &#8211; Stru\u010dni savet RF za pra\u0107enje klimatskih aktivnih gasova<\/a><\/p><\/div>\n\t\t\t\t\t<\/div><div class=\"eael-accordion-list\">\n\t\t\t\t\t<div id=\"dana-13042022-godine-vlasnik-poslovnog-i-pravnog-fakulteta-univerziteta-mb-profesor-dr-milija-bogavac-je-potpisao-ugovor-o-poslovnoj-saradnji-sa-dekanom-fakulteta-za-hotelijerstvo-i-turizam-vrnjaka-banja-univerziteta-u-kragujevcu-redovnim-profesorom-dr-dragom-cvijanoviem-vidi-vie\" class=\"elementor-tab-title eael-accordion-header\" tabindex=\"0\" data-tab=\"12\" aria-controls=\"elementor-tab-content-21012\"><span class=\"eael-advanced-accordion-icon-closed\"><i aria-hidden=\"true\" class=\"fa-accordion-icon fas fa-plus\"><\/i><\/span><span class=\"eael-advanced-accordion-icon-opened\"><i aria-hidden=\"true\" class=\"fa-accordion-icon fas fa-minus\"><\/i><\/span><span class=\"eael-accordion-tab-title\">Dana 13.04.2022. godine vlasnik Poslovnog i pravnog fakulteta Univerziteta MB profesor dr Milija Bogavac je potpisao ugovor o poslovnoj saradnji sa dekanom Fakulteta za hotelijerstvo i turizam, Vrnja\u010dka Banja, Univerziteta u Kragujevcu redovnim profesorom dr Dragom Cvijanovi\u0107em. (Vidi vi\u0161e)<\/span><i aria-hidden=\"true\" class=\"fa-toggle fas fa-angle-right\"><\/i><\/div><div id=\"elementor-tab-content-21012\" class=\"eael-accordion-content clearfix\" data-tab=\"12\" aria-labelledby=\"dana-13042022-godine-vlasnik-poslovnog-i-pravnog-fakulteta-univerziteta-mb-profesor-dr-milija-bogavac-je-potpisao-ugovor-o-poslovnoj-saradnji-sa-dekanom-fakulteta-za-hotelijerstvo-i-turizam-vrnjaka-banja-univerziteta-u-kragujevcu-redovnim-profesorom-dr-dragom-cvijanoviem-vidi-vie\"><p><a href=\"http:\/\/media.mbuniverzitet.edu.rs\/2022\/04\/Sporazum_VrnjackaBanja1.jpg\"><img loading=\"lazy\" decoding=\"async\" class=\"aligncenter size-medium wp-image-11875\" src=\"http:\/\/media.mbuniverzitet.edu.rs\/2022\/04\/Sporazum_VrnjackaBanja1-300x225.jpg\" alt=\"\" width=\"300\" height=\"225\" srcset=\"https:\/\/mbuniverzitet.edu.rs\/wp-content\/uploads\/2022\/04\/Sporazum_VrnjackaBanja1-300x225.jpg 300w, https:\/\/mbuniverzitet.edu.rs\/wp-content\/uploads\/2022\/04\/Sporazum_VrnjackaBanja1-1024x768.jpg 1024w, https:\/\/mbuniverzitet.edu.rs\/wp-content\/uploads\/2022\/04\/Sporazum_VrnjackaBanja1-768x576.jpg 768w, https:\/\/mbuniverzitet.edu.rs\/wp-content\/uploads\/2022\/04\/Sporazum_VrnjackaBanja1-1536x1152.jpg 1536w, https:\/\/mbuniverzitet.edu.rs\/wp-content\/uploads\/2022\/04\/Sporazum_VrnjackaBanja1.jpg 1600w\" sizes=\"(max-width: 300px) 100vw, 300px\" \/><\/a><\/p><p><span>Obe institucije su se slo\u017eile da ciljevi ovog sporazuma mogu da uklju\u010de: <\/span><\/p><ul><li>Razmenu istra\u017eiva\u010dkih otkri\u0107a i publikacija, \u010dasopisa, akademskih nastavnih sredstava i drugog materijala od zajedni\u010dkog interesa;<\/li><li>Mogu\u0107nosti razmene istra\u017eiva\u010dkog, rukovode\u0107eg i nastavnog osoblja, do nivoa kojeg dozvole sredstva;<\/li><li><span>Razvoj zajedni\u010dkih istra\u017eiva\u010dkih programa koji prou\u010davaju teme interesantne za osoblje u obema institucijama;\u00a0<\/span><\/li><li>Organizovanje zajedni\u010dkih aktivnosti, uklju\u010duju\u0107i sastanke, seminare, nau\u010dne skupove, predavanja i konferencije;<\/li><li>I<span>stra\u017eivanje i identifikovanje obrazovnih mogu\u0107nosti za studente, koje \u0107e biti pobolj\u0161ano usvajanjem ovog sporazuma;\u00a0<\/span><\/li><li><span>Odr\u017eavanje redovnih kontakata u svrhu pregovaranja o primeni klauzula ovog sporazuma.\u00a0<\/span><\/li><\/ul><p><a href=\"http:\/\/media.mbuniverzitet.edu.rs\/2022\/04\/Sporazum_VrnjackaBanja2.jpg\"><img loading=\"lazy\" decoding=\"async\" class=\"aligncenter size-medium wp-image-11879\" src=\"http:\/\/media.mbuniverzitet.edu.rs\/2022\/04\/Sporazum_VrnjackaBanja2-199x300.jpg\" alt=\"\" width=\"199\" height=\"300\" srcset=\"https:\/\/mbuniverzitet.edu.rs\/wp-content\/uploads\/2022\/04\/Sporazum_VrnjackaBanja2-199x300.jpg 199w, https:\/\/mbuniverzitet.edu.rs\/wp-content\/uploads\/2022\/04\/Sporazum_VrnjackaBanja2-678x1024.jpg 678w, https:\/\/mbuniverzitet.edu.rs\/wp-content\/uploads\/2022\/04\/Sporazum_VrnjackaBanja2-768x1159.jpg 768w, https:\/\/mbuniverzitet.edu.rs\/wp-content\/uploads\/2022\/04\/Sporazum_VrnjackaBanja2-1018x1536.jpg 1018w, https:\/\/mbuniverzitet.edu.rs\/wp-content\/uploads\/2022\/04\/Sporazum_VrnjackaBanja2.jpg 1060w\" sizes=\"(max-width: 199px) 100vw, 199px\" \/><\/a><\/p><p>Sporazum \u0107e biti va\u017ee\u0107i u periodu od pet godina, ali mo\u017ee biti obnovljen ili produ\u017een uz zajedni\u010dki pristanak. Mo\u017ee se i raskinuti \u0161est meseci nakon pismenog obave\u0161tenja bilo koje strane.<\/p><\/div>\n\t\t\t\t\t<\/div><div class=\"eael-accordion-list\">\n\t\t\t\t\t<div id=\"javni-poziv-za-prijavu-naunoistraivakih-projekata-vidi-vie\" class=\"elementor-tab-title eael-accordion-header\" tabindex=\"0\" data-tab=\"13\" aria-controls=\"elementor-tab-content-21013\"><span class=\"eael-advanced-accordion-icon-closed\"><i aria-hidden=\"true\" class=\"fa-accordion-icon fas fa-plus\"><\/i><\/span><span class=\"eael-advanced-accordion-icon-opened\"><i aria-hidden=\"true\" class=\"fa-accordion-icon fas fa-minus\"><\/i><\/span><span class=\"eael-accordion-tab-title\">Javni poziv za prijavu nau\u010dnoistra\u017eiva\u010dkih projekata. (Vidi vi\u0161e)<\/span><i aria-hidden=\"true\" class=\"fa-toggle fas fa-angle-right\"><\/i><\/div><div id=\"elementor-tab-content-21013\" class=\"eael-accordion-content clearfix\" data-tab=\"13\" aria-labelledby=\"javni-poziv-za-prijavu-naunoistraivakih-projekata-vidi-vie\"><p>Fond za nauku Republike Srbije raspisao je Javni poziv za prijavu nau\u010dnoistra\u017eiva\u010dkih projekata u okviru Programa IDENTITETI (u daljem tekstu Program).<\/p><p>Program je od javnog interesa za Republiku Srbiju, a planira se i realizuje u skladu sa Zakonom i saglasno drugim propisima iz oblasti\u00a0 nau\u010dnostra\u017eiva\u010dke i inovacione delatnosti.<\/p><p>Program IDENTITETI namenjen je razvoju nau\u010dnih istra\u017eivanja iz oblasti dru\u0161tveno-humanisti\u010dkih nauka.<\/p><p>Ciljevi Programa su: podsticanje izvrsnosti i relevantnosti nau\u010dnih istra\u017eivanja u Srbiji u oblasti dru\u0161tveno-humanisti\u010dkih nauka; afirmacija zna\u010daja dru\u0161tveno-humanisti\u010dkih nauka za obrazovanje i dru\u0161tvo u celini; unapre\u0111enje me\u0111unarodne vidljivosti i saradnje u predmetnom domenu nauke.<\/p><p>Poziv se mo\u017ee na\u0107i na linku:\u00a0<\/p><p><a href=\"http:\/\/fondzanauku.gov.rs\/poziv\/2022\/03\/program-identiteti\/\" target=\"_blank\" rel=\"noopener\">http:\/\/fondzanauku.gov.rs\/poziv\/2022\/03\/program-identiteti\/<\/a><\/p><\/div>\n\t\t\t\t\t<\/div><div class=\"eael-accordion-list\">\n\t\t\t\t\t<div id=\"poziv-za-nastavno-osoblje-univerziteta-mb-i-zainteresovane-odline-studenta-da-se-prijave-na-konkurs-nacionalnog-tela-za-akreditaciju-vidi-vie\" class=\"elementor-tab-title eael-accordion-header\" tabindex=\"0\" data-tab=\"14\" aria-controls=\"elementor-tab-content-21014\"><span class=\"eael-advanced-accordion-icon-closed\"><i aria-hidden=\"true\" class=\"fa-accordion-icon fas fa-plus\"><\/i><\/span><span class=\"eael-advanced-accordion-icon-opened\"><i aria-hidden=\"true\" class=\"fa-accordion-icon fas fa-minus\"><\/i><\/span><span class=\"eael-accordion-tab-title\">Poziv za nastavno osoblje Univerziteta MB i zainteresovane odli\u010dne studenta da se prijave na konkurs Nacionalnog tela za akreditaciju. (Vidi vi\u0161e)<\/span><i aria-hidden=\"true\" class=\"fa-toggle fas fa-angle-right\"><\/i><\/div><div id=\"elementor-tab-content-21014\" class=\"eael-accordion-content clearfix\" data-tab=\"14\" aria-labelledby=\"poziv-za-nastavno-osoblje-univerziteta-mb-i-zainteresovane-odline-studenta-da-se-prijave-na-konkurs-nacionalnog-tela-za-akreditaciju-vidi-vie\"><p>Nacionalno telo za akreditaciju i obezbe\u0111enje kvaliteta u visokom obrazovanju dana 18.03.2022. godine objavljuje slede\u0107e javne pozive:<\/p><p><a href=\"https:\/\/www.nat.rs\/wp-content\/uploads\/2022\/03\/Tekst-javnog-poziva-za-%C4%8Dlanove-KAPK.pdf?script=cir\" target=\"_blank\" rel=\"noopener\">1. Javni poziv za prijavljivanje kandidata za \u010dlana komisije za akreditaciju Nacionalnog tela za akreditaciju i obezbe\u0111enje kvaliteta u visokom obrazovanju.<\/a><\/p><p><a href=\"https:\/\/www.nat.rs\/wp-content\/uploads\/2022\/03\/Tekst-javnog-poziva-za-recenzente.pdf?script=cir\">2. Javni poziv za prijavljivanje kandidata za recenzente u postupku akreditacije visoko\u0161kolskih ustanova i studijskih programa i postupku spolja\u0161nje provere kvaliteta visoko\u0161kolskih ustanova u Republici Srbiji<\/a>.<\/p><p><a href=\"https:\/\/www.nat.rs\/wp-content\/uploads\/2022\/03\/Tekst-javnog-poziva-za-%C4%8Dlanove-%C5%BDalbene-komisije.pdf?script=cir\">3. Javni poziv za prijavljivanje kandidata za \u010dlana komisije za odlu\u010divanje po \u017ealbama Nacionalnog tela za akreditaciju i obezbe\u0111enje kvaliteta u visokom obrazovanju<\/a>.<\/p><p>Vi\u0161e informacija na:\u00a0\u00a0<a href=\"https:\/\/www.nat.rs\/2022\/03\/18\/javni-pozivi-2\/?script=cir\">https:\/\/www.nat.rs\/2022\/03\/18\/javni-pozivi-2\/?script=cir<\/a><\/p><p>Uprava Univerziteta MB.<\/p><\/div>\n\t\t\t\t\t<\/div><div class=\"eael-accordion-list\">\n\t\t\t\t\t<div id=\"rektor-univerziteta-mb-primio-najbolje-studente-poslovnog-i-pravnog-fakulteta-univerziteta-mb-vidi-vie\" class=\"elementor-tab-title eael-accordion-header\" tabindex=\"0\" data-tab=\"15\" aria-controls=\"elementor-tab-content-21015\"><span class=\"eael-advanced-accordion-icon-closed\"><i aria-hidden=\"true\" class=\"fa-accordion-icon fas fa-plus\"><\/i><\/span><span class=\"eael-advanced-accordion-icon-opened\"><i aria-hidden=\"true\" class=\"fa-accordion-icon fas fa-minus\"><\/i><\/span><span class=\"eael-accordion-tab-title\">Rektor Univerziteta MB primio najbolje studente Poslovnog i pravnog fakulteta Univerziteta MB. (Vidi vi\u0161e)<\/span><i aria-hidden=\"true\" class=\"fa-toggle fas fa-angle-right\"><\/i><\/div><div id=\"elementor-tab-content-21015\" class=\"eael-accordion-content clearfix\" data-tab=\"15\" aria-labelledby=\"rektor-univerziteta-mb-primio-najbolje-studente-poslovnog-i-pravnog-fakulteta-univerziteta-mb-vidi-vie\"><div>Dana 17.03.2022. godine u 12.00 rektor Univerziteta MB prof. dr Du\u0161an Regodi\u0107 sa saradnicima, prorektorkom za nastavu prof dr \u017divankom Miladinovi\u0107-Bogavac, prorektorom za nauku prof. dr Ne\u0111om Danilovi\u0107, prodekankom za nastavu na PPF prof. dr Marijom Kosti\u0107, Jelenom Mili\u0107 i Sanjom Todorovi\u0107 iz Centra za razvoj karijere Univerziteta MB\u00a0 je uprili\u010dio prijem najboljih studenata studijskog programa Poslovni menad\u017ement, Pravo i Informacione tehnologije.<\/div><div>\u00a0<\/div><div><a href=\"https:\/\/mbuniverzitet.edu.rs\/wp-content\/uploads\/2022\/03\/Prijem-studenata_1.jpg\"><img loading=\"lazy\" decoding=\"async\" class=\"aligncenter wp-image-11481 size-medium\" src=\"https:\/\/mbuniverzitet.edu.rs\/wp-content\/uploads\/2022\/03\/Prijem-studenata_1-300x225.jpg\" alt=\"\" width=\"300\" height=\"225\" srcset=\"https:\/\/mbuniverzitet.edu.rs\/wp-content\/uploads\/2022\/03\/Prijem-studenata_1-300x225.jpg 300w, https:\/\/mbuniverzitet.edu.rs\/wp-content\/uploads\/2022\/03\/Prijem-studenata_1-1024x768.jpg 1024w, https:\/\/mbuniverzitet.edu.rs\/wp-content\/uploads\/2022\/03\/Prijem-studenata_1-768x576.jpg 768w, https:\/\/mbuniverzitet.edu.rs\/wp-content\/uploads\/2022\/03\/Prijem-studenata_1-1536x1152.jpg 1536w, https:\/\/mbuniverzitet.edu.rs\/wp-content\/uploads\/2022\/03\/Prijem-studenata_1.jpg 1600w\" sizes=\"(max-width: 300px) 100vw, 300px\" \/><\/a><\/div><div>\u00a0<\/div><div>Cilj prijema je bio: priznanje i zahvalnost rukovodstva Univerziteta studentima za dosada\u0161nji uspeh, me\u0111usobna razmena informacija i stvaranje dobre organizacione klime na Univerzitetu MB.\u00a0 U prijatnom dvo\u010dasovnom dru\u017eenju uz sok i poslu\u017eenje studenti su se predstavili, informisali rukovodstvo Univerziteta o pedago\u0161kom radu profesora i dalo vrlo konstruktivne predloge za unapre\u0111enje rada na Poslovnom i pravnom fakultetu.<\/div><div>\u00a0<\/div><div><a href=\"https:\/\/mbuniverzitet.edu.rs\/wp-content\/uploads\/2022\/03\/Prijem-studenata_2.jpg\"><img loading=\"lazy\" decoding=\"async\" class=\"aligncenter wp-image-11482 size-medium\" src=\"https:\/\/mbuniverzitet.edu.rs\/wp-content\/uploads\/2022\/03\/Prijem-studenata_2-300x225.jpg\" alt=\"\" width=\"300\" height=\"225\" srcset=\"https:\/\/mbuniverzitet.edu.rs\/wp-content\/uploads\/2022\/03\/Prijem-studenata_2-300x225.jpg 300w, https:\/\/mbuniverzitet.edu.rs\/wp-content\/uploads\/2022\/03\/Prijem-studenata_2-1024x768.jpg 1024w, https:\/\/mbuniverzitet.edu.rs\/wp-content\/uploads\/2022\/03\/Prijem-studenata_2-768x576.jpg 768w, https:\/\/mbuniverzitet.edu.rs\/wp-content\/uploads\/2022\/03\/Prijem-studenata_2-1536x1152.jpg 1536w, https:\/\/mbuniverzitet.edu.rs\/wp-content\/uploads\/2022\/03\/Prijem-studenata_2.jpg 1600w\" sizes=\"(max-width: 300px) 100vw, 300px\" \/><\/a><\/div><div>\u00a0<\/div><div>Rektor, prof. Regodi\u0107 sa saradnicima se zahvalio studentima u ime svih pripadnika Univerziteta MB na odli\u010dnom uspehu, velikom zalaganju i posve\u0107enosti nastavnim obavezama. Rektor je informisao studente o Strategiji razvoja Univerziteta MB, te\u017ei\u0161nim zadacima i planovima usavr\u0161avanja svih segmenata poslovnog procesa. Pored ostalog zamolio je studente da se uklju\u010de u sve budu\u0107e aktivnosti na Univerzitetu MB i da i nadalje budu nosioci primernog u\u010de\u0161\u0107a u nastavnom procesu. Studenti su detaljno informisani o mogu\u0107nostima budu\u0107eg usavr\u0161avanja, prakse, stalnog zapo\u0161ljavanja i realizacije brojnih kurseva na Univerzitetu MB.<\/div><div><a href=\"https:\/\/mbuniverzitet.edu.rs\/wp-content\/uploads\/2022\/03\/Prijem-studenata_3.jpg\"><img loading=\"lazy\" decoding=\"async\" class=\"aligncenter wp-image-11483 size-medium\" src=\"https:\/\/mbuniverzitet.edu.rs\/wp-content\/uploads\/2022\/03\/Prijem-studenata_3-300x225.jpg\" alt=\"\" width=\"300\" height=\"225\" srcset=\"https:\/\/mbuniverzitet.edu.rs\/wp-content\/uploads\/2022\/03\/Prijem-studenata_3-300x225.jpg 300w, https:\/\/mbuniverzitet.edu.rs\/wp-content\/uploads\/2022\/03\/Prijem-studenata_3-1024x768.jpg 1024w, https:\/\/mbuniverzitet.edu.rs\/wp-content\/uploads\/2022\/03\/Prijem-studenata_3-768x576.jpg 768w, https:\/\/mbuniverzitet.edu.rs\/wp-content\/uploads\/2022\/03\/Prijem-studenata_3-1536x1152.jpg 1536w, https:\/\/mbuniverzitet.edu.rs\/wp-content\/uploads\/2022\/03\/Prijem-studenata_3.jpg 1600w\" sizes=\"(max-width: 300px) 100vw, 300px\" \/><\/a><\/div><div>\u00a0<\/div><div>Informacija o najboljim studentima koji su prisustvovali prijemu se\u00a0 nalazi na:<\/div><div><a href=\"https:\/\/mbuniverzitet.edu.rs\/najbolji-studenti-univerziteta-mb\/\" target=\"_blank\" rel=\"noopener\">https:\/\/mbuniverzitet.edu.rs\/najbolji-studenti-univerziteta-mb\/<\/a><\/div><\/div>\n\t\t\t\t\t<\/div><div class=\"eael-accordion-list\">\n\t\t\t\t\t<div id=\"estitka-povodom-8-marta-meunarodnog-dana-ena-vidi-vie\" class=\"elementor-tab-title eael-accordion-header\" tabindex=\"0\" data-tab=\"16\" aria-controls=\"elementor-tab-content-21016\"><span class=\"eael-advanced-accordion-icon-closed\"><i aria-hidden=\"true\" class=\"fa-accordion-icon fas fa-plus\"><\/i><\/span><span class=\"eael-advanced-accordion-icon-opened\"><i aria-hidden=\"true\" class=\"fa-accordion-icon fas fa-minus\"><\/i><\/span><span class=\"eael-accordion-tab-title\">\u010cestitka povodom 8. Marta - Me\u0111unarodnog dana \u017eena. (Vidi vi\u0161e)<\/span><i aria-hidden=\"true\" class=\"fa-toggle fas fa-angle-right\"><\/i><\/div><div id=\"elementor-tab-content-21016\" class=\"eael-accordion-content clearfix\" data-tab=\"16\" aria-labelledby=\"estitka-povodom-8-marta-meunarodnog-dana-ena-vidi-vie\"><p>Po\u0161tovane i uva\u017eene koleginice, primite iskrene \u010destitke povodom 8. Marta\u00a0 &#8211; Me\u0111unarodnog dana \u017eena. Posebno Vam \u017eelimo dobro zdravlje, sre\u0107u i uspeh na privatnom i poslovnom planu.<\/p><p>Uprava Univerziteta MB<\/p><p><img loading=\"lazy\" decoding=\"async\" class=\"wp-image-11085 size-medium aligncenter\" src=\"http:\/\/media.mbuniverzitet.edu.rs\/2022\/03\/Cvece-za-8.Mart_-300x261.png\" alt=\"\" width=\"300\" height=\"261\" srcset=\"https:\/\/mbuniverzitet.edu.rs\/wp-content\/uploads\/2022\/03\/Cvece-za-8.Mart_-300x261.png 300w, https:\/\/mbuniverzitet.edu.rs\/wp-content\/uploads\/2022\/03\/Cvece-za-8.Mart_.png 386w\" sizes=\"(max-width: 300px) 100vw, 300px\" \/><\/p><\/div>\n\t\t\t\t\t<\/div><div class=\"eael-accordion-list\">\n\t\t\t\t\t<div id=\"sedmi-meunarodni-nauni-skup-budunost-turizma-vidi-vie\" class=\"elementor-tab-title eael-accordion-header\" tabindex=\"0\" data-tab=\"17\" aria-controls=\"elementor-tab-content-21017\"><span class=\"eael-advanced-accordion-icon-closed\"><i aria-hidden=\"true\" class=\"fa-accordion-icon fas fa-plus\"><\/i><\/span><span class=\"eael-advanced-accordion-icon-opened\"><i aria-hidden=\"true\" class=\"fa-accordion-icon fas fa-minus\"><\/i><\/span><span class=\"eael-accordion-tab-title\">Sedmi me\u0111unarodni nau\u010dni skup \"Budu\u0107nost turizma\" (Vidi vi\u0161e)<\/span><i aria-hidden=\"true\" class=\"fa-toggle fas fa-angle-right\"><\/i><\/div><div id=\"elementor-tab-content-21017\" class=\"eael-accordion-content clearfix\" data-tab=\"17\" aria-labelledby=\"sedmi-meunarodni-nauni-skup-budunost-turizma-vidi-vie\"><p>Po\u0161tovane kolege,<\/p><p>Sedmi me\u0111unarodni nau\u010dni skup &#8222;Budu\u0107nost turizma&#8220;, \u0107e se odr\u017eati u Vrnja\u010dkoj Banji u periodu od 2. do 4. juna 2022. godine.<\/p><p>Korisne informacije i materijali u vezi sa Skupom (tematski zbornici iz prethodnih godina, ciljevi Skupa, uputstvo autorima za pripremu radova), dostupni su na zvani\u010dnom sajtu Skupa: <a href=\"http:\/\/www.tisc.rs\/\" target=\"_blank\" rel=\"noopener\">http:\/\/www.tisc.rs\/<\/a><\/p><\/div>\n\t\t\t\t\t<\/div><div class=\"eael-accordion-list\">\n\t\t\t\t\t<div id=\"dan-dravnosti-srbije-sretenje-neradni-dani-povodom-dana-dravnosti-republike-srbije-sretenja-utorak-15-i-sreda-16-februar-2022-godine-su-neradni-dani-na-univerzitetu-mb-u-beogradu-u-utorak-i-sredu-se-nee-realizovati-nastava-ispiti-i-konsultacije-niti-e-raditi-studentske-slube-vidi-vie\" class=\"elementor-tab-title eael-accordion-header\" tabindex=\"0\" data-tab=\"18\" aria-controls=\"elementor-tab-content-21018\"><span class=\"eael-advanced-accordion-icon-closed\"><i aria-hidden=\"true\" class=\"fa-accordion-icon fas fa-plus\"><\/i><\/span><span class=\"eael-advanced-accordion-icon-opened\"><i aria-hidden=\"true\" class=\"fa-accordion-icon fas fa-minus\"><\/i><\/span><span class=\"eael-accordion-tab-title\">DAN DR\u017dAVNOSTI SRBIJE - SRETENJE - NERADNI DANI - Povodom Dana dr\u017eavnosti Republike Srbije, Sretenja - utorak, 15. i sreda, 16. februar 2022. godine su neradni dani na Univerzitetu MB u Beogradu. U utorak i sredu se ne\u0107e realizovati nastava, ispiti i konsultacije, niti \u0107e raditi Studentske slu\u017ebe. (Vidi vi\u0161e)<\/span><i aria-hidden=\"true\" class=\"fa-toggle fas fa-angle-right\"><\/i><\/div><div id=\"elementor-tab-content-21018\" class=\"eael-accordion-content clearfix\" data-tab=\"18\" aria-labelledby=\"dan-dravnosti-srbije-sretenje-neradni-dani-povodom-dana-dravnosti-republike-srbije-sretenja-utorak-15-i-sreda-16-februar-2022-godine-su-neradni-dani-na-univerzitetu-mb-u-beogradu-u-utorak-i-sredu-se-nee-realizovati-nastava-ispiti-i-konsultacije-niti-e-raditi-studentske-slube-vidi-vie\"><p>Dan 15. februar je jedan od najbitnijih dana u politi\u010dkom, kulturnom i istorisjkom kalendaru Srbije. Pored toga \u0161to je Dan dr\u017eavnosti, on je i Dan ustavnosti Srbije, kao i dan se\u0107anja na po\u010detak Prvog srpskog ustanka. 15. februar 1835. Skup\u0161tina u Kragujevcu donela je Sretenjski ustav, prvi ustav Srbije, jedan od najmodernijih, najdemokratskijih i najliberalnijih ustava svog doba.<\/p><p>Dan dr\u017eavnosti Srbije se slavio do nastanka Kraljevine Srba, Hrvata i Slovenaca, nakon \u010dega je ukinut, da bi u Srbiji ponovo po\u010deo da se slavi od 2002. godine.<\/p><p>Prvi radni dan nakon Dana dr\u017eavnosti je \u010detvrtak, 17. februar 2022. godine kada se na Univerzitetu MB u Beogradu radi uobi\u010dajenim radnim vremenom.<\/p><\/div>\n\t\t\t\t\t<\/div><div class=\"eael-accordion-list\">\n\t\t\t\t\t<div id=\"najbolji-studenti-poslovnog-i-pravnog-fakulteta-univerziteta-mb-u-kolskoj-20202021godini-vidi-vie\" class=\"elementor-tab-title eael-accordion-header\" tabindex=\"0\" data-tab=\"19\" aria-controls=\"elementor-tab-content-21019\"><span class=\"eael-advanced-accordion-icon-closed\"><i aria-hidden=\"true\" class=\"fa-accordion-icon fas fa-plus\"><\/i><\/span><span class=\"eael-advanced-accordion-icon-opened\"><i aria-hidden=\"true\" class=\"fa-accordion-icon fas fa-minus\"><\/i><\/span><span class=\"eael-accordion-tab-title\">Najbolji studenti Poslovnog i pravnog fakulteta Univerziteta MB u \u0161kolskoj 2020\/2021.godini (Vidi vi\u0161e)<\/span><i aria-hidden=\"true\" class=\"fa-toggle fas fa-angle-right\"><\/i><\/div><div id=\"elementor-tab-content-21019\" class=\"eael-accordion-content clearfix\" data-tab=\"19\" aria-labelledby=\"najbolji-studenti-poslovnog-i-pravnog-fakulteta-univerziteta-mb-u-kolskoj-20202021godini-vidi-vie\"><p><a href=\"http:\/\/media.mbuniverzitet.edu.rs\/2022\/02\/Ana-Puhalo_PRAVO.pdf\" target=\"_blank\" rel=\"noopener\">&#8211; Ana Puhalo<\/a><\/p><p><a href=\"http:\/\/media.mbuniverzitet.edu.rs\/2022\/02\/Marijana-Radovanovic_PM.pdf\" target=\"_blank\" rel=\"noopener\">&#8211; Marijana Radovanovi\u0107<\/a><\/p><p><a href=\"http:\/\/media.mbuniverzitet.edu.rs\/2022\/02\/Mia-Stanisic_IT.pdf\" target=\"_blank\" rel=\"noopener\">&#8211; Mia Stani\u0161i\u0107<\/a><\/p><p><a href=\"http:\/\/media.mbuniverzitet.edu.rs\/2022\/02\/Milica-Dobrica_PM.pdf\" target=\"_blank\" rel=\"noopener\">&#8211; Milica Dobrica<\/a><\/p><p><a href=\"http:\/\/media.mbuniverzitet.edu.rs\/2022\/02\/Sanela-Gasevic_PM.pdf\" target=\"_blank\" rel=\"noopener\">&#8211; Sanela Ga\u0161evi\u0107<\/a><\/p><p><a href=\"http:\/\/media.mbuniverzitet.edu.rs\/2022\/02\/Simeun-Tarbuk_IT.pdf\" target=\"_blank\" rel=\"noopener\">&#8211; Simeun Tarbuk<\/a><\/p><p><a href=\"http:\/\/media.mbuniverzitet.edu.rs\/2022\/02\/Sofija-Sekularac_PM.pdf\" target=\"_blank\" rel=\"noopener\">&#8211; Sofija \u0160ekularac<\/a><\/p><p><a href=\"http:\/\/media.mbuniverzitet.edu.rs\/2022\/02\/Tamara-Pecnik_IT.pdf\" target=\"_blank\" rel=\"noopener\">&#8211; Tamara Pe\u0107nik<\/a><\/p><\/div>\n\t\t\t\t\t<\/div><div class=\"eael-accordion-list\">\n\t\t\t\t\t<div id=\"potovane-kolege-u-prilogu-je-predlog-za-besplatne-obuke-nvidia-deep-learning-institute-za-studente-svih-statusaapsolventi-master-doktorske-studije-na-linku-za-registraciju-moete-videti-i-koje-se-sve-obuke-nude-u-februaru-pa-ako-mislite-da-bi-bilo-korisno-za-vae-studente-i-kolege-prosledite-im-link-vidi-vie\" class=\"elementor-tab-title eael-accordion-header\" tabindex=\"0\" data-tab=\"21\" aria-controls=\"elementor-tab-content-21021\"><span class=\"eael-advanced-accordion-icon-closed\"><i aria-hidden=\"true\" class=\"fa-accordion-icon fas fa-plus\"><\/i><\/span><span class=\"eael-advanced-accordion-icon-opened\"><i aria-hidden=\"true\" class=\"fa-accordion-icon fas fa-minus\"><\/i><\/span><span class=\"eael-accordion-tab-title\">Po\u0161tovane kolege, u prilogu je  predlog za besplatne obuke nVidia Deep Learning Institute, za studente (svih statusa\u2026apsolventi, master, doktorske studije). Na linku za registraciju mo\u017eete videti i koje se sve obuke nude u februaru, pa ako mislite da bi bilo korisno za va\u0161e studente i kolege prosledite im link. (Vidi vi\u0161e)<\/span><i aria-hidden=\"true\" class=\"fa-toggle fas fa-angle-right\"><\/i><\/div><div id=\"elementor-tab-content-21021\" class=\"eael-accordion-content clearfix\" data-tab=\"21\" aria-labelledby=\"potovane-kolege-u-prilogu-je-predlog-za-besplatne-obuke-nvidia-deep-learning-institute-za-studente-svih-statusaapsolventi-master-doktorske-studije-na-linku-za-registraciju-moete-videti-i-koje-se-sve-obuke-nude-u-februaru-pa-ako-mislite-da-bi-bilo-korisno-za-vae-studente-i-kolege-prosledite-im-link-vidi-vie\"><p>Hello,<\/p><p>I hope all is well with you.<\/p><p>I wanted to make sure you are aware of the free academic workshops we are running this month.<\/p><p>These are a great opportunity for all students, researchers and educators to learn more.<\/p><p>Maybe you would like to share the information with the universities in Serbia?<\/p><p>Fundamentals of Deep Learning and Fundamentals of Accelerated Computing with CUDA Python on February 22nd<\/p><p><a href=\"https:\/\/twitter.com\/NVIDIAEU\/status\/1488572241499631617\" target=\"_blank\" rel=\"noopener\">Twitter<\/a><\/p><p><a href=\"https:\/\/www.facebook.com\/nvidiaeurope\/photos\/a.384259588984190\/1251914658885341\/?__cft__%5b0%5d=AZVHrQr2YzOY8vJoTfe-kDl_5MbMjluBb7pnLE_qI1OCIFWARLPNd_dgN85XKlLb6UL6S9U65N0TRAn0HNtBo7R-jtNS6u24Z4hn63n9HV9zVViAOPwp6ynit5mNXTw64cMJjE1PLdXLznhlTfNgPfQVgyCCA_xlqgL-hr_QKIQ30Gc6sZYBIT4bNFvtXqLI00I&amp;__tn__=%2CO%2CP-R\" target=\"_blank\" rel=\"noopener\">Facebook<\/a><\/p><p>If you want to just send them the registration link it is:<\/p><p><a href=\"https:\/\/web.cvent.com\/event\/5f037a53-5be6-4abf-9b48-dc94e8a8ee3a\/summary?rt=QZKIZW0GWUGNA6QZE4e55A\" target=\"_blank\" rel=\"noopener\">https:\/\/web.cvent.com\/event\/5f037a53-5be6-4abf-9b48-dc94e8a8ee3a\/summary?rt=QZKIZW0GWUGNA6QZE4e55A<\/a><\/p><p>Kind regards,<\/p><\/div>\n\t\t\t\t\t<\/div><div class=\"eael-accordion-list\">\n\t\t\t\t\t<div id=\"dana-07022022-godine-studenti-poslovnog-i-pravnog-fakulteta-univerziteta-mb-iz-beograda-posetili-su-vii-sud-kpz-i-muzej-u-u-sremskoj-mitrovici-organizaciju-posete-je-rukovodila-sudija-suda-u-sremskoj-mitrovici-i-nastavnik-krivinoprocesnog-prava-na-poslovnom-i-pravnom-fakultetu-univerziteta-mb-doc-dr-svetlana-urii-vidi-vie\" class=\"elementor-tab-title eael-accordion-header\" tabindex=\"0\" data-tab=\"22\" aria-controls=\"elementor-tab-content-21022\"><span class=\"eael-advanced-accordion-icon-closed\"><i aria-hidden=\"true\" class=\"fa-accordion-icon fas fa-plus\"><\/i><\/span><span class=\"eael-advanced-accordion-icon-opened\"><i aria-hidden=\"true\" class=\"fa-accordion-icon fas fa-minus\"><\/i><\/span><span class=\"eael-accordion-tab-title\">Dana, 07.02.2022. godine studenti Poslovnog i Pravnog fakulteta, Univerziteta MB iz Beograda posetili su Vi\u0161i sud, KPZ i muzej u  u Sremskoj Mitrovici. Organizaciju posete je rukovodila  sudija suda u Sremskoj Mitrovici i  nastavnik krivi\u010dnoprocesnog prava na Poslovnom i pravnom fakultetu Univerziteta MB doc. dr Svetlana \u0110uri\u010di\u0107. (Vidi vi\u0161e)<\/span><i aria-hidden=\"true\" class=\"fa-toggle fas fa-angle-right\"><\/i><\/div><div id=\"elementor-tab-content-21022\" class=\"eael-accordion-content clearfix\" data-tab=\"22\" aria-labelledby=\"dana-07022022-godine-studenti-poslovnog-i-pravnog-fakulteta-univerziteta-mb-iz-beograda-posetili-su-vii-sud-kpz-i-muzej-u-u-sremskoj-mitrovici-organizaciju-posete-je-rukovodila-sudija-suda-u-sremskoj-mitrovici-i-nastavnik-krivinoprocesnog-prava-na-poslovnom-i-pravnom-fakultetu-univerziteta-mb-doc-dr-svetlana-urii-vidi-vie\"><p>Dana, 07.02.2022. godine studenti Poslovnog i Pravnog fakulteta, Univerziteta MB iz Beograda posetili su Vi\u0161i sud u Sremskoj Mitrovici u organizaciji sudije tog suda doc. dr Svetlane \u0110uri\u010di\u0107, koja na istom fakultetu predaje krivi\u010dnoprocesno pravo.<\/p><p><a href=\"http:\/\/media.mbuniverzitet.edu.rs\/2022\/02\/SM2.jpg\"><img loading=\"lazy\" decoding=\"async\" class=\"wp-image-10666 size-medium alignleft\" src=\"http:\/\/media.mbuniverzitet.edu.rs\/2022\/02\/SM2-300x225.jpg\" alt=\"\" width=\"300\" height=\"225\" srcset=\"https:\/\/mbuniverzitet.edu.rs\/wp-content\/uploads\/2022\/02\/SM2-300x225.jpg 300w, https:\/\/mbuniverzitet.edu.rs\/wp-content\/uploads\/2022\/02\/SM2-1024x768.jpg 1024w, https:\/\/mbuniverzitet.edu.rs\/wp-content\/uploads\/2022\/02\/SM2-768x576.jpg 768w, https:\/\/mbuniverzitet.edu.rs\/wp-content\/uploads\/2022\/02\/SM2-1536x1152.jpg 1536w, https:\/\/mbuniverzitet.edu.rs\/wp-content\/uploads\/2022\/02\/SM2.jpg 1600w\" sizes=\"(max-width: 300px) 100vw, 300px\" \/><\/a>U sklopu navedene posete, studenti su prisustvovali su\u0111enju u Osnovnom sudu u Sremskoj Mitrovici i to glavnom pretresu, zbog krivi\u010dnog dela nasilje u porodici iz \u010dl. 194 st. Z u vezi st. 1 KZ, izvr\u0161eno prema maloletnom licu i zbog krivi\u010dnog dela nasilje u porodici iz \u010dl. 194 st. 1 KZ, izvr\u0161eno prema punoletnom licu. Glavni pretres je bio javan, te su studenti mogli da prate ceo tok glavnog pretresa, po\u010dev od \u010ditanja optu\u017enice, dokaznog postupka i zavr\u0161ne re\u010di stranaka, odnosno zaklju\u010denja glavnog pretresa i u navedenom predmetu objava presude je bila odlo\u017eena za 09.02.2022. godine, a predsednik ve\u0107a je bila sudija Dragana Barbateskovi\u0107.<\/p><p><a href=\"http:\/\/media.mbuniverzitet.edu.rs\/2022\/02\/SM8.jpg\"><img loading=\"lazy\" decoding=\"async\" class=\"wp-image-10664 size-medium alignright\" src=\"http:\/\/media.mbuniverzitet.edu.rs\/2022\/02\/SM8-225x300.jpg\" alt=\"\" width=\"225\" height=\"300\" srcset=\"https:\/\/mbuniverzitet.edu.rs\/wp-content\/uploads\/2022\/02\/SM8-225x300.jpg 225w, https:\/\/mbuniverzitet.edu.rs\/wp-content\/uploads\/2022\/02\/SM8-768x1024.jpg 768w, https:\/\/mbuniverzitet.edu.rs\/wp-content\/uploads\/2022\/02\/SM8-1152x1536.jpg 1152w, https:\/\/mbuniverzitet.edu.rs\/wp-content\/uploads\/2022\/02\/SM8.jpg 1200w\" sizes=\"(max-width: 225px) 100vw, 225px\" \/><\/a><\/p><p>Nakon zavr\u0161enog su\u0111enja studenti su boravili u biblioteci Vi\u0161eg suda u Sremskoj Mitrovici, gde im je sudija doc. dr Svetlana \u0110uri\u010di\u0107 objasnila tok prethodnog su\u0111enja, a na navedenom sastanku i koktelu je prisustvovao sudija za izvr\u0161enje krivi\u010dnih sankcija Vi\u0161eg suda u Sremskoj Mitrovici, Dejan Kne\u017eevi\u0107. Nakon toga je organizovana poseta KPZ Sremska Mitrovica i studente je do\u010dekao zamenik upravnika KPZ, Neboj\u0161a Draganovi\u0107, te su studenti obi\u0161li \u010cetvrti paviljon KPZ koji je sada ispra\u017enjen, a u kome su ranije boravili osu\u0111enici i potom su obi\u0161li Tre\u0107i paviljon koji je nov, sagra\u0111en po svim evropskim standardima, te im je pokazana zgrada Zdravstvene slu\u017ebe (bolnica) pri KPZ, zatim crkva i zgrada gde osu\u0111enici rade (proizvodni deo).<\/p><p><a href=\"http:\/\/media.mbuniverzitet.edu.rs\/2022\/02\/SM6.jpg\"><img loading=\"lazy\" decoding=\"async\" class=\"wp-image-10669 size-medium alignleft\" src=\"http:\/\/media.mbuniverzitet.edu.rs\/2022\/02\/SM6-225x300.jpg\" alt=\"\" width=\"225\" height=\"300\" srcset=\"https:\/\/mbuniverzitet.edu.rs\/wp-content\/uploads\/2022\/02\/SM6-225x300.jpg 225w, https:\/\/mbuniverzitet.edu.rs\/wp-content\/uploads\/2022\/02\/SM6-768x1024.jpg 768w, https:\/\/mbuniverzitet.edu.rs\/wp-content\/uploads\/2022\/02\/SM6-1152x1536.jpg 1152w, https:\/\/mbuniverzitet.edu.rs\/wp-content\/uploads\/2022\/02\/SM6.jpg 1200w\" sizes=\"(max-width: 225px) 100vw, 225px\" \/><\/a><\/p><p>Potom su studenti obi\u0161li muzej pri KPZ Sremska Mitrovica, te su mogli da vide na\u010din izvr\u0161enja smrtne kazne za vreme Vo\u017eda Kara\u0111or\u0111a, izvr\u0161enje kazne u Prvom svetskom ratu, potom eksponate iz Drugog svetskog rata, deo gde su boravili zatvoreni komunisti sa \u0107elijom Mo\u0161e Pijade, o \u010demu je studente upoznao zamenik upravnika Neboj\u0161a Draganovi\u0107.<\/p><p><a href=\"http:\/\/media.mbuniverzitet.edu.rs\/2022\/02\/SM4-e1644583919657.jpg\"><img loading=\"lazy\" decoding=\"async\" class=\"size-medium wp-image-10668 alignright\" src=\"http:\/\/media.mbuniverzitet.edu.rs\/2022\/02\/SM4-e1644583919657-300x225.jpg\" alt=\"\" width=\"300\" height=\"225\" srcset=\"https:\/\/mbuniverzitet.edu.rs\/wp-content\/uploads\/2022\/02\/SM4-e1644583919657-300x225.jpg 300w, https:\/\/mbuniverzitet.edu.rs\/wp-content\/uploads\/2022\/02\/SM4-e1644583919657-1024x768.jpg 1024w, https:\/\/mbuniverzitet.edu.rs\/wp-content\/uploads\/2022\/02\/SM4-e1644583919657-768x576.jpg 768w, https:\/\/mbuniverzitet.edu.rs\/wp-content\/uploads\/2022\/02\/SM4-e1644583919657-1536x1152.jpg 1536w, https:\/\/mbuniverzitet.edu.rs\/wp-content\/uploads\/2022\/02\/SM4-e1644583919657.jpg 1600w\" sizes=\"(max-width: 300px) 100vw, 300px\" \/><\/a><\/p><p>Nakon zavr\u0161enog oficijelnog dela studente je primio upravnik KPZ Sremska Mitrovica Aleksandar Alimpi\u0107 u Banket sali hotela \u201dSrem\u201d Sremska Mitrovica koji posluje u sklopu KPZ Sremska Mitrovica, te je sa studentima razgovarao, a na kom sastanku i koktelu su prisustvovale sudije doc. dr Svetlana \u0110uri\u010di\u0107 i Dejan Kne\u017eevi\u0107. U popodnevnim satima studenti su se vratili u Beograd, a imali su organizovan prevoz.<\/p><p><a href=\"http:\/\/media.mbuniverzitet.edu.rs\/2022\/02\/SM3.jpg\"><img loading=\"lazy\" decoding=\"async\" class=\"aligncenter size-medium wp-image-10667\" src=\"http:\/\/media.mbuniverzitet.edu.rs\/2022\/02\/SM3-225x300.jpg\" alt=\"\" width=\"225\" height=\"300\" srcset=\"https:\/\/mbuniverzitet.edu.rs\/wp-content\/uploads\/2022\/02\/SM3-225x300.jpg 225w, https:\/\/mbuniverzitet.edu.rs\/wp-content\/uploads\/2022\/02\/SM3-768x1024.jpg 768w, https:\/\/mbuniverzitet.edu.rs\/wp-content\/uploads\/2022\/02\/SM3-1152x1536.jpg 1152w, https:\/\/mbuniverzitet.edu.rs\/wp-content\/uploads\/2022\/02\/SM3.jpg 1200w\" sizes=\"(max-width: 225px) 100vw, 225px\" \/><\/a><\/p><p><a href=\"http:\/\/media.mbuniverzitet.edu.rs\/2022\/02\/SM9.jpg\"><img loading=\"lazy\" decoding=\"async\" class=\"aligncenter wp-image-10665 size-medium\" src=\"http:\/\/media.mbuniverzitet.edu.rs\/2022\/02\/SM9-300x225.jpg\" alt=\"\" width=\"300\" height=\"225\" srcset=\"https:\/\/mbuniverzitet.edu.rs\/wp-content\/uploads\/2022\/02\/SM9-300x225.jpg 300w, https:\/\/mbuniverzitet.edu.rs\/wp-content\/uploads\/2022\/02\/SM9-1024x768.jpg 1024w, https:\/\/mbuniverzitet.edu.rs\/wp-content\/uploads\/2022\/02\/SM9-768x576.jpg 768w, https:\/\/mbuniverzitet.edu.rs\/wp-content\/uploads\/2022\/02\/SM9-1536x1152.jpg 1536w, https:\/\/mbuniverzitet.edu.rs\/wp-content\/uploads\/2022\/02\/SM9.jpg 1600w\" sizes=\"(max-width: 300px) 100vw, 300px\" \/><\/a><\/p><\/div>\n\t\t\t\t\t<\/div><div class=\"eael-accordion-list\">\n\t\t\t\t\t<div id=\"dana-07022022-godine-studenti-2-3-i-4-godine-studijskog-programa-pravo-u-organizovanoj-poseti-sremskoj-mitrovici-vidi-vie\" class=\"elementor-tab-title eael-accordion-header\" tabindex=\"0\" data-tab=\"23\" aria-controls=\"elementor-tab-content-21023\"><span class=\"eael-advanced-accordion-icon-closed\"><i aria-hidden=\"true\" class=\"fa-accordion-icon fas fa-plus\"><\/i><\/span><span class=\"eael-advanced-accordion-icon-opened\"><i aria-hidden=\"true\" class=\"fa-accordion-icon fas fa-minus\"><\/i><\/span><span class=\"eael-accordion-tab-title\">Dana 07.02.2022. godine studenti 2, 3 i 4 godine studijskog programa Pravo u organizovanoj poseti Sremskoj Mitrovici. (Vidi vi\u0161e)<\/span><i aria-hidden=\"true\" class=\"fa-toggle fas fa-angle-right\"><\/i><\/div><div id=\"elementor-tab-content-21023\" class=\"eael-accordion-content clearfix\" data-tab=\"23\" aria-labelledby=\"dana-07022022-godine-studenti-2-3-i-4-godine-studijskog-programa-pravo-u-organizovanoj-poseti-sremskoj-mitrovici-vidi-vie\"><div>Pozivaju se studenti studijskog programa Pravo 2, 3 i 4 godine da se prijave za organizovan odlazak i posetu Sremskoj Mitrovici na dan 07.02.2022. godine. Razlozi posete su:<\/div><div><ol><li>Prisustvovanje glavnom pretresu zbog krivi\u010dnog dela\u00a0 iz \u010dlana 246 stav 1. Krivi\u010dnog zakona:\u00a0 nedozvoljena proizvodnja i promet opojne droge. Po\u010detak pretresa je u Vi\u0161em sudu u Sremskoj Mitrovici u 09:00.<\/li><li>Razgovor i analiza glavnog pretresa u biblioteci Vi\u0161eg suda.<\/li><li>Poseta KPZ u Sremskoj Mitrovici i obilazak jednog paviljona u kome osu\u0111enici izdr\u017eavaju kaznu.<\/li><li>Poseta muzeja KPZ u Sremskoj Mitrovici.<\/li><\/ol><p><span style=\"text-decoration: underline\">Odgovorno lice za odlazak, aktivnosti i povratak studenata iz posete:<\/span> prof dr Svetlana \u0110uri\u010di\u0107<\/p><\/div><div><span style=\"text-decoration: underline\">Organizacija prevoza:<\/span> studentska slu\u017eba Poslovnog i pravnog fakulteta.<\/div><div><span style=\"text-decoration: underline\">Rok za prijavu studenata:<\/span> putem e-maila ili telefonom studentskoj slu\u017ebi Poslovnog i pravnog fakulteta do 05.02.2022. godine do 12:00.<\/div><div><span style=\"text-decoration: underline\">Vreme posete:\u00a0<\/span><\/div><div><ul><li>polazak iz Beograda 07.02.2022. godine u 07:30 ispred zgrade u Teodora Drajzera 27.<\/li><li>povratak za Beograd posle zavr\u0161etka planskih aktivnosti: do 15:00.\u00a0<\/li><\/ul><\/div><\/div>\n\t\t\t\t\t<\/div><div class=\"eael-accordion-list\">\n\t\t\t\t\t<div id=\"novogodinja-estitka-studentima-zaposlenima-i-prijateljima-univerziteta-mb-vidi-vie\" class=\"elementor-tab-title eael-accordion-header\" tabindex=\"0\" data-tab=\"24\" aria-controls=\"elementor-tab-content-21024\"><span class=\"eael-advanced-accordion-icon-closed\"><i aria-hidden=\"true\" class=\"fa-accordion-icon fas fa-plus\"><\/i><\/span><span class=\"eael-advanced-accordion-icon-opened\"><i aria-hidden=\"true\" class=\"fa-accordion-icon fas fa-minus\"><\/i><\/span><span class=\"eael-accordion-tab-title\">Novogodi\u0161nja \u010destitka studentima, zaposlenima i prijateljima Univerziteta MB (Vidi vi\u0161e)<\/span><i aria-hidden=\"true\" class=\"fa-toggle fas fa-angle-right\"><\/i><\/div><div id=\"elementor-tab-content-21024\" class=\"eael-accordion-content clearfix\" data-tab=\"24\" aria-labelledby=\"novogodinja-estitka-studentima-zaposlenima-i-prijateljima-univerziteta-mb-vidi-vie\"><div>Po\u0161tovani studenti, stalno zaposleni i prijatelji Univerziteta &#8222;MB&#8220; ,\u00a0<\/div><div>\u017eelimo da Vam 2022. godina bude ispunjena odli\u010dnim zdravljem, rado\u0161\u0107u, ljubavlju i uspesima.<\/div><div>\u00a0<\/div><p><a href=\"http:\/\/media.mbuniverzitet.edu.rs\/2021\/12\/NG-cestitka-2021-2022.jpg\"><img loading=\"lazy\" decoding=\"async\" class=\"aligncenter wp-image-8964 size-medium\" src=\"http:\/\/media.mbuniverzitet.edu.rs\/2021\/12\/NG-cestitka-2021-2022-300x300.jpg\" alt=\"\" width=\"300\" height=\"300\" srcset=\"https:\/\/mbuniverzitet.edu.rs\/wp-content\/uploads\/2021\/12\/NG-cestitka-2021-2022-300x300.jpg 300w, https:\/\/mbuniverzitet.edu.rs\/wp-content\/uploads\/2021\/12\/NG-cestitka-2021-2022.jpg 1024w, https:\/\/mbuniverzitet.edu.rs\/wp-content\/uploads\/2021\/12\/NG-cestitka-2021-2022-150x150.jpg 150w, https:\/\/mbuniverzitet.edu.rs\/wp-content\/uploads\/2021\/12\/NG-cestitka-2021-2022-768x768.jpg 768w\" sizes=\"(max-width: 300px) 100vw, 300px\" \/><\/a><\/p><div>\u00a0<\/div><div><div>Sre\u0107ne bo\u017ei\u0107ne i novogodi\u0161nje praznike \u017eeli Vam\u00a0<\/div><div>Menad\u017ement Univerziteta &#8222;MB&#8220;<\/div><\/div><\/div>\n\t\t\t\t\t<\/div><div class=\"eael-accordion-list\">\n\t\t\t\t\t<div id=\"dodela-paketia-povodom-novogodinjih-praznika-vidi-vie\" class=\"elementor-tab-title eael-accordion-header\" tabindex=\"0\" data-tab=\"25\" aria-controls=\"elementor-tab-content-21025\"><span class=\"eael-advanced-accordion-icon-closed\"><i aria-hidden=\"true\" class=\"fa-accordion-icon fas fa-plus\"><\/i><\/span><span class=\"eael-advanced-accordion-icon-opened\"><i aria-hidden=\"true\" class=\"fa-accordion-icon fas fa-minus\"><\/i><\/span><span class=\"eael-accordion-tab-title\">Dodela paketi\u0107a povodom Novogodi\u0161njih praznika. (Vidi vi\u0161e)<\/span><i aria-hidden=\"true\" class=\"fa-toggle fas fa-angle-right\"><\/i><\/div><div id=\"elementor-tab-content-21025\" class=\"eael-accordion-content clearfix\" data-tab=\"25\" aria-labelledby=\"dodela-paketia-povodom-novogodinjih-praznika-vidi-vie\"><p>Dana 27.12.2021. godine na Poslovnom i pravnom fakultetu Univerziteta MB dodeljeni su paketi\u0107i za decu stalno zaposlenih. Deca stalno zaposlenih su se u prisustvu svojih roditelja i prorektora za nastavu i studentska pitanja profesorke dr \u017divanke Miladinovi\u0107 &#8211; Bogavac dru\u017eila uz izuzetno raspolo\u017eenog Deda Mraza. Nisu iz\u043estali muzika, oki\u0107ena jelka, slatki\u0161i i lepa \u017eurka uz prekrasan ambijent na Univerzitetu MB i zimske \u010darolije.<\/p><p>\u00a0<\/p><p><a href=\"http:\/\/media.mbuniverzitet.edu.rs\/2021\/12\/2-1.jpg\"><img loading=\"lazy\" decoding=\"async\" class=\"aligncenter wp-image-8843 size-medium\" src=\"http:\/\/media.mbuniverzitet.edu.rs\/2021\/12\/2-1-225x300.jpg\" alt=\"\" width=\"225\" height=\"300\" srcset=\"https:\/\/mbuniverzitet.edu.rs\/wp-content\/uploads\/2021\/12\/2-1-225x300.jpg 225w, https:\/\/mbuniverzitet.edu.rs\/wp-content\/uploads\/2021\/12\/2-1-768x1024.jpg 768w, https:\/\/mbuniverzitet.edu.rs\/wp-content\/uploads\/2021\/12\/2-1-1152x1536.jpg 1152w, https:\/\/mbuniverzitet.edu.rs\/wp-content\/uploads\/2021\/12\/2-1.jpg 1200w\" sizes=\"(max-width: 225px) 100vw, 225px\" \/><\/a><\/p><p>\u00a0<\/p><p><a href=\"http:\/\/media.mbuniverzitet.edu.rs\/2021\/12\/4.jpg\"><img loading=\"lazy\" decoding=\"async\" class=\"aligncenter wp-image-8842 size-medium\" src=\"http:\/\/media.mbuniverzitet.edu.rs\/2021\/12\/4-225x300.jpg\" alt=\"\" width=\"225\" height=\"300\" srcset=\"https:\/\/mbuniverzitet.edu.rs\/wp-content\/uploads\/2021\/12\/4-225x300.jpg 225w, https:\/\/mbuniverzitet.edu.rs\/wp-content\/uploads\/2021\/12\/4-768x1024.jpg 768w, https:\/\/mbuniverzitet.edu.rs\/wp-content\/uploads\/2021\/12\/4-1152x1536.jpg 1152w, https:\/\/mbuniverzitet.edu.rs\/wp-content\/uploads\/2021\/12\/4.jpg 1200w\" sizes=\"(max-width: 225px) 100vw, 225px\" \/><\/a><\/p><p>\u00a0<\/p><p><a href=\"http:\/\/media.mbuniverzitet.edu.rs\/2021\/12\/3-1.jpg\"><img loading=\"lazy\" decoding=\"async\" class=\"aligncenter wp-image-8844 size-medium\" src=\"http:\/\/media.mbuniverzitet.edu.rs\/2021\/12\/3-1-300x225.jpg\" alt=\"\" width=\"300\" height=\"225\" srcset=\"https:\/\/mbuniverzitet.edu.rs\/wp-content\/uploads\/2021\/12\/3-1-300x225.jpg 300w, https:\/\/mbuniverzitet.edu.rs\/wp-content\/uploads\/2021\/12\/3-1-1024x768.jpg 1024w, https:\/\/mbuniverzitet.edu.rs\/wp-content\/uploads\/2021\/12\/3-1-768x576.jpg 768w, https:\/\/mbuniverzitet.edu.rs\/wp-content\/uploads\/2021\/12\/3-1-1536x1152.jpg 1536w, https:\/\/mbuniverzitet.edu.rs\/wp-content\/uploads\/2021\/12\/3-1.jpg 1600w\" sizes=\"(max-width: 300px) 100vw, 300px\" \/><\/a><\/p><\/div>\n\t\t\t\t\t<\/div><div class=\"eael-accordion-list\">\n\t\t\t\t\t<div id=\"humanost-vlasnika-univerziteta-mb-na-delu-centar-za-razvoj-karijere-i-podrke-studenata-univerzitet-mb-i-studentski-parlament-univerziteta-mb-su-dana-24122021-godine-realizovali-novogodinju-posetu-studenata-univerziteta-mb-sigurnoj-kui-sigurna-kua-je-tienica-dece-i-majki-koje-su-rtve-porodinog-nasilja-vidi-vie\" class=\"elementor-tab-title eael-accordion-header\" tabindex=\"0\" data-tab=\"26\" aria-controls=\"elementor-tab-content-21026\"><span class=\"eael-advanced-accordion-icon-closed\"><i aria-hidden=\"true\" class=\"fa-accordion-icon fas fa-plus\"><\/i><\/span><span class=\"eael-advanced-accordion-icon-opened\"><i aria-hidden=\"true\" class=\"fa-accordion-icon fas fa-minus\"><\/i><\/span><span class=\"eael-accordion-tab-title\">Humanost vlasnika Univerziteta MB na delu-Centar za razvoj karijere i podr\u0161ke studenata Univerzitet MB i Studentski parlament Univerziteta MB su dana 24.12.2021. godine realizovali Novogodi\u0161nju posetu studenata Univerziteta MB Sigurnoj ku\u0107i.  Sigurna ku\u0107a je \u0161ti\u0107enica dece i majki koje su \u017ertve porodi\u010dnog nasilja. (Vidi vi\u0161e)<\/span><i aria-hidden=\"true\" class=\"fa-toggle fas fa-angle-right\"><\/i><\/div><div id=\"elementor-tab-content-21026\" class=\"eael-accordion-content clearfix\" data-tab=\"26\" aria-labelledby=\"humanost-vlasnika-univerziteta-mb-na-delu-centar-za-razvoj-karijere-i-podrke-studenata-univerzitet-mb-i-studentski-parlament-univerziteta-mb-su-dana-24122021-godine-realizovali-novogodinju-posetu-studenata-univerziteta-mb-sigurnoj-kui-sigurna-kua-je-tienica-dece-i-majki-koje-su-rtve-porodinog-nasilja-vidi-vie\"><div>Prorektorka za nastavu i studentska pitanja Univerziteta MB prof dr \u017divanke Miladinovo\u0107-Bogavac, je na inicijativu i u sklopu redovnih godi\u0161njih planskih aktivnosti Centra za razvoj karijere i podr\u0161ke studentima i Studentskog\u00a0 parlamenta, sa studentima podelila Novogodi\u0161nje paketi\u0107e za decu i majke koje su \u0161ti\u0107enici Sigurne ku\u0107e. To je samo jedna od brojnih dugogodi\u0161njih akcija i doprinosa Univerziteta MB \u0161iroj dru\u0161tvenoj zajednici i ugro\u017eenim grupama u na\u0161oj zemlji.<\/div><div>Profesorka Miladinovi\u0107 je u ime vlasnika ponudila i:\u00a0 besplatno studiranje za zainteresovane majke \u0161ti\u0107enice Sigurne ku\u0107e na svim studijskim programima osnovnih akademskih studija i besplatne kurseve koji se organizuju na Univerzitetu MB\u00a0 u 2022. godini za zainteresovane \u0161ti\u0107enice Sigurne ku\u0107e.<\/div><div><a href=\"https:\/\/www.youtube.com\/watch?v=RKLyi4CvJYI\" target=\"_blank\" rel=\"noopener\">https:\/\/www.youtube.com\/watch?v=RKLyi4CvJYI<\/a><\/div><div>\u00a0<\/div><div>\u00a0<\/div><div><a href=\"http:\/\/media.mbuniverzitet.edu.rs\/2021\/12\/Sigurnakuca1.jpg\"><img loading=\"lazy\" decoding=\"async\" class=\"aligncenter wp-image-8855 size-medium\" src=\"http:\/\/media.mbuniverzitet.edu.rs\/2021\/12\/Sigurnakuca1-300x225.jpg\" alt=\"\" width=\"300\" height=\"225\" srcset=\"https:\/\/mbuniverzitet.edu.rs\/wp-content\/uploads\/2021\/12\/Sigurnakuca1-300x225.jpg 300w, https:\/\/mbuniverzitet.edu.rs\/wp-content\/uploads\/2021\/12\/Sigurnakuca1-1024x768.jpg 1024w, https:\/\/mbuniverzitet.edu.rs\/wp-content\/uploads\/2021\/12\/Sigurnakuca1-768x576.jpg 768w, https:\/\/mbuniverzitet.edu.rs\/wp-content\/uploads\/2021\/12\/Sigurnakuca1-1536x1152.jpg 1536w, https:\/\/mbuniverzitet.edu.rs\/wp-content\/uploads\/2021\/12\/Sigurnakuca1.jpg 1600w\" sizes=\"(max-width: 300px) 100vw, 300px\" \/><\/a><\/div><div>\u00a0<\/div><div><a href=\"http:\/\/media.mbuniverzitet.edu.rs\/2021\/12\/Sigurnakuca2.jpg\"><img loading=\"lazy\" decoding=\"async\" class=\"aligncenter wp-image-8854 size-medium\" src=\"http:\/\/media.mbuniverzitet.edu.rs\/2021\/12\/Sigurnakuca2-300x225.jpg\" alt=\"\" width=\"300\" height=\"225\" srcset=\"https:\/\/mbuniverzitet.edu.rs\/wp-content\/uploads\/2021\/12\/Sigurnakuca2-300x225.jpg 300w, https:\/\/mbuniverzitet.edu.rs\/wp-content\/uploads\/2021\/12\/Sigurnakuca2-1024x768.jpg 1024w, https:\/\/mbuniverzitet.edu.rs\/wp-content\/uploads\/2021\/12\/Sigurnakuca2-768x576.jpg 768w, https:\/\/mbuniverzitet.edu.rs\/wp-content\/uploads\/2021\/12\/Sigurnakuca2-1536x1152.jpg 1536w, https:\/\/mbuniverzitet.edu.rs\/wp-content\/uploads\/2021\/12\/Sigurnakuca2.jpg 1600w\" sizes=\"(max-width: 300px) 100vw, 300px\" \/><\/a><\/div><\/div>\n\t\t\t\t\t<\/div><div class=\"eael-accordion-list\">\n\t\t\t\t\t<div id=\"predavanje-za-studente-univerziteta-mb-na-temu-izazovi-novih-vozaa-za-bezbednost-saobraaja-vidi-vie\" class=\"elementor-tab-title eael-accordion-header\" tabindex=\"0\" data-tab=\"27\" aria-controls=\"elementor-tab-content-21027\"><span class=\"eael-advanced-accordion-icon-closed\"><i aria-hidden=\"true\" class=\"fa-accordion-icon fas fa-plus\"><\/i><\/span><span class=\"eael-advanced-accordion-icon-opened\"><i aria-hidden=\"true\" class=\"fa-accordion-icon fas fa-minus\"><\/i><\/span><span class=\"eael-accordion-tab-title\">Predavanje za studente Univerziteta MB na temu:  \u201eIzazovi novih voza\u010da za bezbednost saobra\u0107aja\u201c. (Vidi vi\u0161e)<\/span><i aria-hidden=\"true\" class=\"fa-toggle fas fa-angle-right\"><\/i><\/div><div id=\"elementor-tab-content-21027\" class=\"eael-accordion-content clearfix\" data-tab=\"27\" aria-labelledby=\"predavanje-za-studente-univerziteta-mb-na-temu-izazovi-novih-vozaa-za-bezbednost-saobraaja-vidi-vie\"><p>Centar za razvoj karijere Univerziteta MB i Sektora za bezbednost JP ,,Putevi Beograda&#8220; su organizovali javnu tribinu na aktuelnu temu: \u201eIzazovi novih voza\u010da za bezbednost saobra\u0107aja\u201c.<\/p><p><strong>Vreme i mesto odr\u017eavanja javne tribine:<\/strong>\u00a017.12.2021. godine od 16:15 do 17:00 \u010dasova, u prostorijama Doma u\u010denika srednjih \u0161kola \u201ePatrijarh Pavle\u201c, Ulica Zdravka \u010celara, broj 14, u Beogradu.<\/p><p>Studenti univerziteta &#8222;MB&#8220; su sa odu\u0161evljenjem prihvatili i u\u010destvovali na navedenoj tribini.<\/p><p><strong>Centar za razvoj karijere Univerziteta &#8222;MB&#8220;\u00a0<\/strong>\u00a0\u0107e nastaviti da u okviru svog redovnog planskog rada u 2022. godini organizuje aktuelna predavanja na teme koje su od posebnog interesa za studente.<\/p><p><a href=\"http:\/\/media.mbuniverzitet.edu.rs\/2021\/12\/2.jpg\"><img loading=\"lazy\" decoding=\"async\" class=\"aligncenter wp-image-8308 size-medium\" src=\"http:\/\/media.mbuniverzitet.edu.rs\/2021\/12\/2-300x225.jpg\" alt=\"\" width=\"300\" height=\"225\" srcset=\"https:\/\/mbuniverzitet.edu.rs\/wp-content\/uploads\/2021\/12\/2-300x225.jpg 300w, https:\/\/mbuniverzitet.edu.rs\/wp-content\/uploads\/2021\/12\/2-1024x768.jpg 1024w, https:\/\/mbuniverzitet.edu.rs\/wp-content\/uploads\/2021\/12\/2-768x576.jpg 768w, https:\/\/mbuniverzitet.edu.rs\/wp-content\/uploads\/2021\/12\/2-1536x1152.jpg 1536w, https:\/\/mbuniverzitet.edu.rs\/wp-content\/uploads\/2021\/12\/2.jpg 1600w\" sizes=\"(max-width: 300px) 100vw, 300px\" \/><\/a><\/p><p><a href=\"http:\/\/media.mbuniverzitet.edu.rs\/2021\/12\/1.jpg\"><img loading=\"lazy\" decoding=\"async\" class=\"aligncenter wp-image-8307 size-medium\" src=\"http:\/\/media.mbuniverzitet.edu.rs\/2021\/12\/1-225x300.jpg\" alt=\"\" width=\"225\" height=\"300\" srcset=\"https:\/\/mbuniverzitet.edu.rs\/wp-content\/uploads\/2021\/12\/1-225x300.jpg 225w, https:\/\/mbuniverzitet.edu.rs\/wp-content\/uploads\/2021\/12\/1-768x1024.jpg 768w, https:\/\/mbuniverzitet.edu.rs\/wp-content\/uploads\/2021\/12\/1-1152x1536.jpg 1152w, https:\/\/mbuniverzitet.edu.rs\/wp-content\/uploads\/2021\/12\/1.jpg 1200w\" sizes=\"(max-width: 225px) 100vw, 225px\" \/><\/a><\/p><p><a href=\"http:\/\/media.mbuniverzitet.edu.rs\/2021\/12\/3.jpg\"><img loading=\"lazy\" decoding=\"async\" class=\"aligncenter wp-image-8306 size-medium\" src=\"http:\/\/media.mbuniverzitet.edu.rs\/2021\/12\/3-300x225.jpg\" alt=\"\" width=\"300\" height=\"225\" srcset=\"https:\/\/mbuniverzitet.edu.rs\/wp-content\/uploads\/2021\/12\/3-300x225.jpg 300w, https:\/\/mbuniverzitet.edu.rs\/wp-content\/uploads\/2021\/12\/3-1024x768.jpg 1024w, https:\/\/mbuniverzitet.edu.rs\/wp-content\/uploads\/2021\/12\/3-768x576.jpg 768w, https:\/\/mbuniverzitet.edu.rs\/wp-content\/uploads\/2021\/12\/3-1536x1152.jpg 1536w, https:\/\/mbuniverzitet.edu.rs\/wp-content\/uploads\/2021\/12\/3.jpg 1600w\" sizes=\"(max-width: 300px) 100vw, 300px\" \/><\/a><\/p><\/div>\n\t\t\t\t\t<\/div><div class=\"eael-accordion-list\">\n\t\t\t\t\t<div id=\"dana-03122021-godine-prorektor-za-nastavu-na-univerzitetu-mb-prof-dr-ivanka-miladinovi-bogavac-je-bila-gost-na-pink-televiziji-u-emisiji-novo-jutro-kod-dee-i-sarape-vidi-vie\" class=\"elementor-tab-title eael-accordion-header\" tabindex=\"0\" data-tab=\"28\" aria-controls=\"elementor-tab-content-21028\"><span class=\"eael-advanced-accordion-icon-closed\"><i aria-hidden=\"true\" class=\"fa-accordion-icon fas fa-plus\"><\/i><\/span><span class=\"eael-advanced-accordion-icon-opened\"><i aria-hidden=\"true\" class=\"fa-accordion-icon fas fa-minus\"><\/i><\/span><span class=\"eael-accordion-tab-title\">Dana 03.12.2021. godine Prorektor za nastavu na Univerzitetu \"MB\" prof. dr \u017divanka Miladinovi\u0107-Bogavac je bila gost na Pink televiziji u emisiji Novo jutro kod Dee i Sarape. (Vidi vi\u0161e)<\/span><i aria-hidden=\"true\" class=\"fa-toggle fas fa-angle-right\"><\/i><\/div><div id=\"elementor-tab-content-21028\" class=\"eael-accordion-content clearfix\" data-tab=\"28\" aria-labelledby=\"dana-03122021-godine-prorektor-za-nastavu-na-univerzitetu-mb-prof-dr-ivanka-miladinovi-bogavac-je-bila-gost-na-pink-televiziji-u-emisiji-novo-jutro-kod-dee-i-sarape-vidi-vie\"><p>Povod gostovanja je bila 75. ESD Me\u0111unarodna konferencija 2021.<\/p><p>(Program of the 75 th International Scientific Conference on Economic and Social Development)\u00a0<\/p><p><a href=\"https:\/\/www.esd-conference.com\/conference\/81\">https:\/\/www.esd-conference.com\/conference\/81<\/a>\u00a0<\/p><h5>\u00a0<\/h5><p>Tematski okvir Me\u0111unarodne konferencije je bio: Ekonomija i socijalni razvoj.\u00a0<\/p><p><a href=\"https:\/\/www.youtube.com\/watch?v=y3LNGc8WnDE\" target=\"_blank\" rel=\"noopener\">https:\/\/www.youtube.com\/watch?v=y3LNGc8WnDE<\/a><\/p><\/div>\n\t\t\t\t\t<\/div><div class=\"eael-accordion-list\">\n\t\t\t\t\t<div id=\"dana-02122021-godine-na-univerzitetu-mb-u-beogradu-odrana-75-esd-meunarodna-konferencija-2021-vidi-vie\" class=\"elementor-tab-title eael-accordion-header\" tabindex=\"0\" data-tab=\"29\" aria-controls=\"elementor-tab-content-21029\"><span class=\"eael-advanced-accordion-icon-closed\"><i aria-hidden=\"true\" class=\"fa-accordion-icon fas fa-plus\"><\/i><\/span><span class=\"eael-advanced-accordion-icon-opened\"><i aria-hidden=\"true\" class=\"fa-accordion-icon fas fa-minus\"><\/i><\/span><span class=\"eael-accordion-tab-title\">Dana 02.12.2021. godine na Univerzitetu \"MB\" u Beogradu odr\u017eana 75. ESD Me\u0111unarodna Konferencija 2021. (Vidi vi\u0161e)<\/span><i aria-hidden=\"true\" class=\"fa-toggle fas fa-angle-right\"><\/i><\/div><div id=\"elementor-tab-content-21029\" class=\"eael-accordion-content clearfix\" data-tab=\"29\" aria-labelledby=\"dana-02122021-godine-na-univerzitetu-mb-u-beogradu-odrana-75-esd-meunarodna-konferencija-2021-vidi-vie\"><p>Program of the 75 th International Scientific Conference on Economic and Social Development<\/p><p><a href=\"https:\/\/www.esd-conference.com\/conference\/81\" target=\"_blank\" rel=\"noopener\">https:\/\/www.esd-conference.com\/conference\/81<\/a><\/p><p><strong>Tematski okvir me\u0111unarodne konferencije je bio:<\/strong>\u00a0Ekonomija i socijalni razvoj.\u00a0 Radovi su bili te\u017ei\u0161no iz dru\u0161tveno humanisti\u010dkih nauka<strong>.<\/strong><\/p><p><strong>U\u010desnici:<\/strong>\u00a0109 autora i koautora sa\u00a0Univerziteta MB i Srbije, Hrvatske, Severne Makedonije, Rumunije i BiH.<\/p><p><strong>Broj radova:<\/strong>\u00a045 radova.<\/p><p><strong>Organizatori konferencije su :<\/strong><\/p><p>1. Poslovni i pravni fakultet, Univerziteta MB\u00a0 u Beogradu\u00a0<\/p><p>2. Agencija za razvoj i preduzetni\u0161tvo Vara\u017edin;<\/p><p>3. Univerzitet Sever, Fakultet za menad\u017ement Univerziteta iz Var\u0161ave;<\/p><p>4. Fakultet prava, ekonomije i dru\u0161tvenih nauka &#8211; Univerzitet Muhamed u Rabatu;<\/p><p>5. Politehnika Me\u0111imurje u \u010cakovcu.<\/p><p>Zbornik radova \u0107e biti indeksiran u: CPCI (WoS), EconLit, ABI Inform\u00a0(by ProQuest), EBSCO and EconBIZ.<strong>\u00a0<\/strong><\/p><p><a href=\"http:\/\/media.mbuniverzitet.edu.rs\/2021\/12\/Program_BG2021_Final.pdf\" target=\"_blank\" rel=\"noopener\"><strong>Prilog Agenda<\/strong><\/a><\/p><p><a href=\"https:\/\/youtu.be\/xqIo_jkAYYM\" target=\"_blank\" rel=\"noopener\">Reporta\u017ea sa 75. ESD Me\u0111unarodne Konferencije 2021. na Univerzitetu &#8222;MB&#8220;<\/a><\/p><p><a href=\"https:\/\/www.youtube.com\/watch?v=lbzIal8_ETg\" target=\"_blank\" rel=\"noopener\">Urednik emisije &#8222;POD SJAJEM ZVEZDA&#8220; Dra\u0161ko A\u0107imovi\u0107 &#8211; gost Univerziteta &#8222;MB&#8220; povodom 75. ESD Me\u0111unarodne konferencije 2021.<\/a><\/p><\/div>\n\t\t\t\t\t<\/div><div class=\"eael-accordion-list\">\n\t\t\t\t\t<div id=\"75-esd-konferencija-2021-agenda-i-poslednje-saoptenje-vidi-vie\" class=\"elementor-tab-title eael-accordion-header\" tabindex=\"0\" data-tab=\"30\" aria-controls=\"elementor-tab-content-21030\"><span class=\"eael-advanced-accordion-icon-closed\"><i aria-hidden=\"true\" class=\"fa-accordion-icon fas fa-plus\"><\/i><\/span><span class=\"eael-advanced-accordion-icon-opened\"><i aria-hidden=\"true\" class=\"fa-accordion-icon fas fa-minus\"><\/i><\/span><span class=\"eael-accordion-tab-title\">75. ESD Konferencija 2021. - Agenda i poslednje saop\u0161tenje. (Vidi vi\u0161e)<\/span><i aria-hidden=\"true\" class=\"fa-toggle fas fa-angle-right\"><\/i><\/div><div id=\"elementor-tab-content-21030\" class=\"eael-accordion-content clearfix\" data-tab=\"30\" aria-labelledby=\"75-esd-konferencija-2021-agenda-i-poslednje-saoptenje-vidi-vie\"><p>Dana\u00a0 02.12.2021. godine u vremenu od 09.00 do 16.00 \u0107e se realizovati 75. Me\u0111unarodna ESD Konferencija 2021 (75th International Scientific Conference on Economic and Social Development) (<a href=\"https:\/\/www.esd-conference.com\/conference\/81\">https:\/\/www.esd-conference.com\/conference\/81<\/a>).<\/p><p><strong>Organizatori 75. Me\u0111unarodne ESD konferencije su :<\/strong><\/p><p>1. Poslovni i pravni fakultet, Univerziteta MB\u00a0 u Beogradu<\/p><p>2. Agencija za razvoj i preduzetni\u0161tvo Vara\u017edin;<\/p><p>3. Univerzitet Sever, Fakultet za menad\u017ement, Univerzitet u Var\u0161avi;<\/p><p>4. Fakultet prava, ekonomije i dru\u0161tvenih nauka Prodaja &#8211; Univerzitet Muhamed V u Rabatu;<\/p><p>5. Politehnika Me\u0111imurje u \u010cakovcu.<\/p><p><strong>Pozivaju se autori ili koautori da obavezno do\u0111u na konferenciju i izlo\u017ee svoje radove.<\/strong><\/p><p>Zbornici sa pro\u0161lih konferencija indeksirani su u CPCI (WoS), EconLit, ABI Inform (by ProQuest), EBSCO and EconBIZ.<\/p><p>Teme konferencije mo\u017eete videti na linku\u00a0Univerziteta MB:\u00a0<a href=\"https:\/\/mbuniverzitet.edu.rs\/\">https:\/\/mbuniverzitet.edu.rs\/<\/a><\/p><p><a href=\"https:\/\/www.esd-conference.com\/conference\/81\">https:\/\/www.esd-conference.com\/conference\/81<\/a><\/p><p>Sve novosti vezane za konferenciju mo\u017eete pratiti na web sajtu Univerziteta MB\u00a0<a href=\"https:\/\/mbuniverzitet.edu.rs\/naucni-skupovi\/\">https:\/\/mbuniverzitet.edu.rs\/naucni-skupovi\/<\/a><\/p><p><strong>U\u010desnici 75. ESD konferencije:<\/strong> 109 autora i koautora.<\/p><p><strong>Broj radova:<\/strong> 45 radova.<\/p><p><strong>Na\u010din realizacije<\/strong>: Plenarno zasedanje i rad po sekcijama. Izlaganje autora\/koautora mo\u017ee biti na srpskom jeziku u trajanju do 10 minuta. Prezentacije se rade na uzorku Univerziteta MB. Izlaganje \u0107e biti podr\u017eano projekcijom slike i teksta.\u00a0<\/p><p><strong>Prilog:<\/strong> <a href=\"http:\/\/media.mbuniverzitet.edu.rs\/2021\/12\/Program_BG2021_Final.pdf\" target=\"_blank\" rel=\"noopener\">Agenda Me\u0111unarodne nau\u010dne konferencije ESD 2021<\/a><\/p><\/div>\n\t\t\t\t\t<\/div><div class=\"eael-accordion-list\">\n\t\t\t\t\t<div id=\"praznino-odsustvo-i-realizacija-nastave-za-vremenski-period-od-17122021-godine-do-28012022-godine-vidi-vie\" class=\"elementor-tab-title eael-accordion-header\" tabindex=\"0\" data-tab=\"31\" aria-controls=\"elementor-tab-content-21031\"><span class=\"eael-advanced-accordion-icon-closed\"><i aria-hidden=\"true\" class=\"fa-accordion-icon fas fa-plus\"><\/i><\/span><span class=\"eael-advanced-accordion-icon-opened\"><i aria-hidden=\"true\" class=\"fa-accordion-icon fas fa-minus\"><\/i><\/span><span class=\"eael-accordion-tab-title\">Prazni\u010dno odsustvo i realizacija nastave za vremenski period od 17.12.2021. godine do 28.01.2022. godine. Vidi vi\u0161e.<\/span><i aria-hidden=\"true\" class=\"fa-toggle fas fa-angle-right\"><\/i><\/div><div id=\"elementor-tab-content-21031\" class=\"eael-accordion-content clearfix\" data-tab=\"31\" aria-labelledby=\"praznino-odsustvo-i-realizacija-nastave-za-vremenski-period-od-17122021-godine-do-28012022-godine-vidi-vie\"><h5>Zbog preduzimanja\u00a0mera za\u0161tite studenata i stalno zaposlenih Senat Univerziteta MB je na predlog NNV PPF i AKS\u00a0Univerziteta i vlasnika\u00a0doneo slede\u0107u odluku:<\/h5><div><span style=\"font-size: 16px\">1. Nastavu u zimskom semestru za vremenski period od 20.12.2021. godine -24.12.2021. godine realizovati elektronskim putem (predavanja online, prezentacije na sajtu PPF).\u00a0<\/span><\/div><div><p>2. Prazni\u010dno odsustvo i odmor stalno zaposlenih i studenata po Kalendaru aktivnosti na Univerzitetu MB je od 29.12.2021. godine do 14.01.2021. godine.\u00a0\u00a0<\/p><p>3. Nadoknadu nastave realizovati od\u00a0 17.01.2022. godine do 28.01.2022. godine. Nastavnici \u0107e individualno i PO POTREBI planirati nadoknadu izgubljene nastave (na PPF i AKS Univerziteta MB), realizaciju II kolokvijuma (popravku istog) i odbranu seminarskih radova. Iste evidentirati u Knjige evidencije nastave.<\/p><p>4. Januarski ispitni rok planirati po Kalendaru aktivnosti od 31.01.2021. godine.<\/p><h5>Menad\u017ement Univerziteta<\/h5><\/div><\/div>\n\t\t\t\t\t<\/div><div class=\"eael-accordion-list\">\n\t\t\t\t\t<div id=\"konferencija-univerziteta-srbije-objavljuje-javni-poziv-za-prijavljivanje-kandidata-za-lanove-nacionalnog-saveta-za-visoko-obrazovanje\" class=\"elementor-tab-title eael-accordion-header\" tabindex=\"0\" data-tab=\"32\" aria-controls=\"elementor-tab-content-21032\"><span class=\"eael-advanced-accordion-icon-closed\"><i aria-hidden=\"true\" class=\"fa-accordion-icon fas fa-plus\"><\/i><\/span><span class=\"eael-advanced-accordion-icon-opened\"><i aria-hidden=\"true\" class=\"fa-accordion-icon fas fa-minus\"><\/i><\/span><span class=\"eael-accordion-tab-title\">Konferencija Univerziteta Srbije objavljuje javni poziv za prijavljivanje kandidata za \u010dlanove NACIONALNOG SAVETA ZA VISOKO OBRAZOVANJE<\/span><i aria-hidden=\"true\" class=\"fa-toggle fas fa-angle-right\"><\/i><\/div><div id=\"elementor-tab-content-21032\" class=\"eael-accordion-content clearfix\" data-tab=\"32\" aria-labelledby=\"konferencija-univerziteta-srbije-objavljuje-javni-poziv-za-prijavljivanje-kandidata-za-lanove-nacionalnog-saveta-za-visoko-obrazovanje\"><p><a href=\"http:\/\/media.mbuniverzitet.edu.rs\/2021\/11\/Javni_poziv_za_prijavljivanje_za_clanstvo_u_NSVO.pdf\" target=\"_blank\" rel=\"noopener\">Vidi vi\u0161e<\/a><\/p><p>Prilog: <a href=\"http:\/\/media.mbuniverzitet.edu.rs\/2021\/11\/Obrazac_za_prijavljivanje_za_clanstvo_u_NSVO.docx\">Obrazac za prijavu<\/a><\/p><\/div>\n\t\t\t\t\t<\/div><div class=\"eael-accordion-list\">\n\t\t\t\t\t<div id=\"konferencija-univerziteta-srbije-objavljuje-javni-poziv-za-prijavljivanje-kandidata-za-lanove-upravnog-odbora-nacionalnog-tela-za-akreditaciju-i-obezbeenje-kvaliteta-u-visokom-obrazovanju\" class=\"elementor-tab-title eael-accordion-header\" tabindex=\"0\" data-tab=\"33\" aria-controls=\"elementor-tab-content-21033\"><span class=\"eael-advanced-accordion-icon-closed\"><i aria-hidden=\"true\" class=\"fa-accordion-icon fas fa-plus\"><\/i><\/span><span class=\"eael-advanced-accordion-icon-opened\"><i aria-hidden=\"true\" class=\"fa-accordion-icon fas fa-minus\"><\/i><\/span><span class=\"eael-accordion-tab-title\">Konferencija Univerziteta Srbije objavljuje javni poziv za prijavljivanje kandidata za \u010dlanove upravnog odbora nacionalnog tela za akreditaciju i obezbe\u0111enje kvaliteta u visokom obrazovanju<\/span><i aria-hidden=\"true\" class=\"fa-toggle fas fa-angle-right\"><\/i><\/div><div id=\"elementor-tab-content-21033\" class=\"eael-accordion-content clearfix\" data-tab=\"33\" aria-labelledby=\"konferencija-univerziteta-srbije-objavljuje-javni-poziv-za-prijavljivanje-kandidata-za-lanove-upravnog-odbora-nacionalnog-tela-za-akreditaciju-i-obezbeenje-kvaliteta-u-visokom-obrazovanju\"><p><a href=\"http:\/\/media.mbuniverzitet.edu.rs\/2021\/11\/Javni_poziv_za_prijavljivanje_za_clanstvo_u_UO_NAT.pdf\" target=\"_blank\" rel=\"noopener\">Vidi vi\u0161e<\/a><\/p><p>Prilog: <a href=\"http:\/\/media.mbuniverzitet.edu.rs\/2021\/11\/Obrazac_za_prijavljivanje_za_clanstvo_u_UO_NAT.docx\">Obrazac za prijavu<\/a><\/p><\/div>\n\t\t\t\t\t<\/div><div class=\"eael-accordion-list\">\n\t\t\t\t\t<div id=\"nauno-rangiranje-univerziteta-i-istraivaa-u-srbiji-vidi-vie\" class=\"elementor-tab-title eael-accordion-header\" tabindex=\"0\" data-tab=\"34\" aria-controls=\"elementor-tab-content-21034\"><span class=\"eael-advanced-accordion-icon-closed\"><i aria-hidden=\"true\" class=\"fa-accordion-icon fas fa-plus\"><\/i><\/span><span class=\"eael-advanced-accordion-icon-opened\"><i aria-hidden=\"true\" class=\"fa-accordion-icon fas fa-minus\"><\/i><\/span><span class=\"eael-accordion-tab-title\">Nau\u010dno rangiranje univerziteta i istra\u017eiva\u010da u Srbiji. (Vidi vi\u0161e)<\/span><i aria-hidden=\"true\" class=\"fa-toggle fas fa-angle-right\"><\/i><\/div><div id=\"elementor-tab-content-21034\" class=\"eael-accordion-content clearfix\" data-tab=\"34\" aria-labelledby=\"nauno-rangiranje-univerziteta-i-istraivaa-u-srbiji-vidi-vie\"><p>Zadovoljstvo nam je da podelimo informaciju o nau\u010dnim rezultatima koji su generisani u okviru nau\u010dno-iistra\u017eiva\u010dke aktivnosti.<\/p><p>Objavljena lista rangiranja visoko\u0161kolskih i nau\u010dnih institucija i istra\u017eiva\u010da od strane presti\u017ene \u201c<strong>AD Scientific Index<\/strong>\u201d (Alper-Doger Scientific Index) liste.<\/p><p><img loading=\"lazy\" decoding=\"async\" class=\"aligncenter wp-image-7999\" src=\"http:\/\/media.mbuniverzitet.edu.rs\/2021\/11\/image.png\" alt=\"\" width=\"320\" height=\"102\" \/><\/p><p>Rang listu Univerziteta u Srbiji mo\u017eete prona\u0107i na slede\u0107em linku <b><a href=\"https:\/\/www.adscientificindex.com\/university-ranking\/?country_code=rs\" target=\"_blank\" rel=\"noopener\">slede\u0107em linku\u00a0<\/a>(<\/b><a href=\"https:\/\/www.adscientificindex.com\/about-us\/\" target=\"_blank\" rel=\"noopener\">https:\/\/www.adscientificindex.com\/about-us\/<\/a>).\u00a0Rezultati Univerziteta MB nisu prikazani jer Univerzitet postoji samo deset meseci (ne postoji 5 i vi\u0161e godina).<\/p><p>Listom su obuhva\u0107eni samo oni istra\u017eiva\u010di koji su realizovali zna\u010dajne nau\u010dno-istra\u017eiva\u010dke aktivnosti u poslednjih 5 godina.\u00a0<\/p><p>Vi\u0161e o listi mo\u017eete prona\u0107i\u00a0<b><a href=\"https:\/\/www.adscientificindex.com\/about-us\/\" target=\"_blank\" rel=\"noopener\">ovde (<\/a><\/b><a href=\"https:\/\/www.adscientificindex.com\/university-ranking\/?country_code=rs\" target=\"_blank\" rel=\"noopener\">https:\/\/www.adscientificindex.com\/university-ranking\/?country_code=rs<\/a>)<b><a href=\"https:\/\/www.adscientificindex.com\/about-us\/\" target=\"_blank\" rel=\"noopener\">.<\/a><\/b><\/p><p>Prilikom rangiranja, ova lista uzima kvantitativne i kvalitativne kriterijume i metrike nau\u010dno-istra\u017eiva\u010dkih rezultata, a pokriva skoro sve zemlje sveta i nau\u010dne oblasti. Rezultati se mogu filtrirati po zemljama, regionima i na\u010dunim oblastima\/podoblastima. Osim toga, za svakog pojedina\u010dnog istra\u017eiva\u010da mo\u017ee da se vidi uticaj koji je ostvario, kako tokom cele svoje karijere, tako i u poslednjih 5 godina.<\/p><\/div>\n\t\t\t\t\t<\/div><div class=\"eael-accordion-list\">\n\t\t\t\t\t<div id=\"odlini-rezultati-naih-reprezentativaca-u-rvanju-u-kategoriji-juniora-i-kadeta-vidi-vie\" class=\"elementor-tab-title eael-accordion-header\" tabindex=\"0\" data-tab=\"35\" aria-controls=\"elementor-tab-content-21035\"><span class=\"eael-advanced-accordion-icon-closed\"><i aria-hidden=\"true\" class=\"fa-accordion-icon fas fa-plus\"><\/i><\/span><span class=\"eael-advanced-accordion-icon-opened\"><i aria-hidden=\"true\" class=\"fa-accordion-icon fas fa-minus\"><\/i><\/span><span class=\"eael-accordion-tab-title\">Odli\u010dni rezultati na\u0161ih reprezentativaca u rvanju u kategoriji juniora i kadeta. (Vidi vi\u0161e)<\/span><i aria-hidden=\"true\" class=\"fa-toggle fas fa-angle-right\"><\/i><\/div><div id=\"elementor-tab-content-21035\" class=\"eael-accordion-content clearfix\" data-tab=\"35\" aria-labelledby=\"odlini-rezultati-naih-reprezentativaca-u-rvanju-u-kategoriji-juniora-i-kadeta-vidi-vie\"><p><a href=\"https:\/\/www.wrestling-serbia.org.rs\/\" target=\"_blank\" rel=\"noopener\">https:\/\/www.wrestling-serbia.org.rs\/<\/a><\/p><p>Vlasnik Univerziteta MB profesor dr Milija Bogavac je i ovog puta pokazao spremnost da podr\u017ei na\u0161e reprezentativce i vrhunske sportiste svojim sponzorstvom na\u0161im mladim rva\u010dima kadetima i juniorima na prvenstvu Balkana i Mediterana od 28 do 31.10.2021. godine. Na\u0161i mladi rva\u010di su sa ponosom na svojim dresovima nosili logo Univerziteta MB.<\/p><p><a href=\"http:\/\/media.mbuniverzitet.edu.rs\/2021\/11\/Rvaci-2.jpg\"><img loading=\"lazy\" decoding=\"async\" class=\"wp-image-7939 aligncenter\" src=\"http:\/\/media.mbuniverzitet.edu.rs\/2021\/11\/Rvaci-2.jpg\" alt=\"\" width=\"320\" height=\"240\" \/><\/a><\/p><p>\u00a0<\/p><p><a href=\"http:\/\/media.mbuniverzitet.edu.rs\/2021\/11\/Rvaci-1.jpg\"><img loading=\"lazy\" decoding=\"async\" class=\"wp-image-7938 aligncenter\" src=\"http:\/\/media.mbuniverzitet.edu.rs\/2021\/11\/Rvaci-1.jpg\" alt=\"\" width=\"320\" height=\"240\" \/><\/a><\/p><p>\u00a0<\/p><p>U gr\u010dkom gradu Ksantiju odr\u017eano je PRVENSTVO MEDITERANA za uzrast kadeta i juniora.\u00a0Na\u0161a reprezentacija je ostvarila odli\u010dan uspeh u JUNIORSKOJ konkurenciji osvajanjem 10 medalja (\u010detiri zlatne, 4 srebrne i dve bronzane medalje) na ovom takmi\u010denju. Medalje za srpski rva\u010dki tim su osvojili:<br \/>JUNIORI<\/p><p>1. An\u0111ela Prijovi\u0107 zlato<\/p><p>2. Valentina Vu\u010dkovi\u0107 zlato<\/p><p>3. \u0160emsa Todorovi\u0107 zlato<\/p><p>4. Andrija Ivanovi\u0107 zlato,<\/p><p>5. Or\u0161olja Fabian srebro,<\/p><p>6. Sabol\u010d Lo\u0161onc srebro,<\/p><p>7. Milo\u0161 Perovi\u0107 srebro,<\/p><p>8. Luka Kati\u0107 srebro,<\/p><p>9. Igor Gavrilovi\u0107 bronza,<\/p><p>10. Nikola Simovi\u0107 bronza,<\/p><p>U gr\u010dkom gradu Ksantiju odr\u017eano je Prvenstvo Balkana za uzrast kadeta i U15. Na\u0161a reprezentacija je ostvarila odli\u010dan uspeh osvajanjem 13 medalja na ovom takmi\u010denju. Medalje za srpski rva\u010dki tim su osvojili:<br \/>Tim U15 koji se takmi\u010dio 29.10.2021.:<\/p><p>1. Evelin Uljhelji Zlato<\/p><p>2. Stefan Teodosijevi\u0107 Zlato<\/p><p>3. Nata\u0161a Vukovi\u0107 Srebro<\/p><p>4. Milica Sekulovi\u0107 Srebro<\/p><p>5. An\u0111ela Cvetkovi\u0107 Srebro<\/p><p>6. Du\u0161an Stoki\u0107 Bronza<\/p><p>7. Filip Tri\u010dkovi\u0107 Bronza<\/p><p>Univerzitet MB ima odli\u010dnu saradnju sa rva\u010dkim klubom Partizan. Rva\u010dki klub Partizan je vi\u0161estruki nacionalni \u0161ampion u rvanju, vi\u0161estruki osvaja\u010d nacionalnog kupa, \u0161ampion Evrope 2009. godine i dvostruki pobednik kupa Evrope.\u00a0\u00a0<\/p><\/div>\n\t\t\t\t\t<\/div><div class=\"eael-accordion-list\">\n\t\t\t\t\t<div id=\"dana-31102021-godine-vlasnik-univerziteta-mb-redovni-profesor-dr-milija-bogavac-proslavio-je-krsnu-slavu-porodice-bogavac-sveti-luka-prvi-put-je-na-dan-svetog-luke-obeleen-i-dan-univerziteta-mb-vidi-vie\" class=\"elementor-tab-title eael-accordion-header\" tabindex=\"0\" data-tab=\"36\" aria-controls=\"elementor-tab-content-21036\"><span class=\"eael-advanced-accordion-icon-closed\"><i aria-hidden=\"true\" class=\"fa-accordion-icon fas fa-plus\"><\/i><\/span><span class=\"eael-advanced-accordion-icon-opened\"><i aria-hidden=\"true\" class=\"fa-accordion-icon fas fa-minus\"><\/i><\/span><span class=\"eael-accordion-tab-title\">Dana 31.10.2021. godine vlasnik Univerziteta MB redovni profesor dr Milija Bogavac proslavio je krsnu slavu porodice Bogavac, Sveti Luka. Prvi put je na dan Svetog Luke obele\u017een i dan Univerziteta MB. (Vidi vi\u0161e)<\/span><i aria-hidden=\"true\" class=\"fa-toggle fas fa-angle-right\"><\/i><\/div><div id=\"elementor-tab-content-21036\" class=\"eael-accordion-content clearfix\" data-tab=\"36\" aria-labelledby=\"dana-31102021-godine-vlasnik-univerziteta-mb-redovni-profesor-dr-milija-bogavac-proslavio-je-krsnu-slavu-porodice-bogavac-sveti-luka-prvi-put-je-na-dan-svetog-luke-obeleen-i-dan-univerziteta-mb-vidi-vie\"><p>Porodica, rodbina, stalno zaposleni i prijatelji porodice Bogavac i Univerziteta MB su se okupili u 11:00 \u010dasova na Univerzitetu MB u objektu u Mladenovcu. Sve\u0161tena lica su obavila slavski obred uz slavski kola\u010d, kuvano \u017eito, sve\u0107u, tamnjan i vino uz ikonu porodi\u010dnog svetitelja Svetog Luke.\u00a0<\/p><p><a href=\"http:\/\/media.mbuniverzitet.edu.rs\/2021\/11\/Slava_2021_1.jpg\"><img loading=\"lazy\" decoding=\"async\" class=\"aligncenter wp-image-7904\" src=\"http:\/\/media.mbuniverzitet.edu.rs\/2021\/11\/Slava_2021_1.jpg\" alt=\"\" width=\"266\" height=\"355\" \/><\/a><\/p><p><a href=\"http:\/\/media.mbuniverzitet.edu.rs\/2021\/11\/Slava_2021_2.jpg\"><img loading=\"lazy\" decoding=\"async\" class=\"aligncenter wp-image-7905\" src=\"http:\/\/media.mbuniverzitet.edu.rs\/2021\/11\/Slava_2021_2.jpg\" alt=\"\" width=\"266\" height=\"355\" \/><\/a><\/p><p><a href=\"http:\/\/media.mbuniverzitet.edu.rs\/2021\/11\/Slava_2021_4.jpg\"><img loading=\"lazy\" decoding=\"async\" class=\"aligncenter wp-image-7963\" src=\"http:\/\/media.mbuniverzitet.edu.rs\/2021\/11\/Slava_2021_4.jpg\" alt=\"\" width=\"265\" height=\"199\" \/><\/a><\/p><p><a href=\"http:\/\/media.mbuniverzitet.edu.rs\/2021\/11\/Slava_2021_3.jpg\"><img loading=\"lazy\" decoding=\"async\" class=\"aligncenter wp-image-7962\" src=\"http:\/\/media.mbuniverzitet.edu.rs\/2021\/11\/Slava_2021_3.jpg\" alt=\"\" width=\"264\" height=\"352\" \/><\/a><\/p><p>Sve\u010dani ru\u010dak za sve zaposlene i goste je organizovan u restoranu Veranda u Mladenovcu. Uz obilje hrane i muziku reprezentativnih estradnih umetnika pripadnici kolektiva Univerziteta MB i gosti su bili uz porodicu Bogavac. Bilo je to jo\u0161 jedno predivno dru\u017eenje kolektiva Univerziteta MB.<\/p><\/div>\n\t\t\t\t\t<\/div><div class=\"eael-accordion-list\">\n\t\t\t\t\t<div id=\"konkurs-za-prosvetne-radnike-povodom-dana-inteligencije-rok-do-15-11-2021-godine-vidi-vie\" class=\"elementor-tab-title eael-accordion-header\" tabindex=\"0\" data-tab=\"37\" aria-controls=\"elementor-tab-content-21037\"><span class=\"eael-advanced-accordion-icon-closed\"><i aria-hidden=\"true\" class=\"fa-accordion-icon fas fa-plus\"><\/i><\/span><span class=\"eael-advanced-accordion-icon-opened\"><i aria-hidden=\"true\" class=\"fa-accordion-icon fas fa-minus\"><\/i><\/span><span class=\"eael-accordion-tab-title\">Konkurs za prosvetne radnike povodom Dana inteligencije (rok do 15. 11. 2021. godine). (Vidi vi\u0161e)<\/span><i aria-hidden=\"true\" class=\"fa-toggle fas fa-angle-right\"><\/i><\/div><div id=\"elementor-tab-content-21037\" class=\"eael-accordion-content clearfix\" data-tab=\"37\" aria-labelledby=\"konkurs-za-prosvetne-radnike-povodom-dana-inteligencije-rok-do-15-11-2021-godine-vidi-vie\"><p><a href=\"https:\/\/daninteligencije.rs\/\" target=\"_blank\" rel=\"noopener\">https:\/\/daninteligencije.rs\/<\/a><\/p><p>Dan inteligencije je me\u0111unarodni obrazovni projekat koji su pokrenuli<br \/>Mensa Srbije i U\u010denIQ uz podr\u0161ku Instituta za moderno obrazovanje i<br \/>Kreativnih u\u010ditelja, koji uklju\u010divanjem stru\u010dnjaka u obrazovanju iz<br \/>Srbije i zemalja regiona \u017eeli da obele\u017ei me\u0111unarodnu akciju &#8222;Dan<br \/>inteligencije&#8220; &#8211; pokrenutu\u00a0 sa idejom da se obele\u017ei 1.oktobar kao dan<br \/>osnivanja Mense.<\/p><p>Ideja projekta da se okupi baza dobrih praksi u radu sa u\u010denicima svih<br \/>uzrasta &#8211; od pred\u0161kolskog do odraslih, koje su podsticajne za<br \/>intelektualne sposobnosti. Nastavni\u010dke prakse koje budu procenjene da najvi\u0161e doprinose unapre\u0111enju intelektualnih sposobnosti bi\u0107e nagra\u0111ene.<\/p><p>U cilju prikupljanja \u0161to vi\u0161e primera prakse iz zemlje i regiona, rok za<br \/>podno\u0161enje prijave na sad ve\u0107 tradicionalni konkurs za prosvetne<br \/>radnike, produ\u017een je do 15. novembra 2021.<\/p><p>Detaljnije o projektu mo\u017eete pogledati na sajtu Dana inteligencije, a<br \/>inspiraciju za aktivnosti mo\u017eete na\u0107i na stranicama koje prikazuju<br \/>aktivnosti iz 2020. po uzrastima (pred\u0161kolci, mla\u0111i o\u0161, stariji o\u0161,<br \/>u\u010denici srednje \u0161kole, studenti i odrasli).<br \/><a href=\"https:\/\/daninteligencije.rs\/aktivnostiselekcija.php?godina=2020\" target=\"_blank\" rel=\"noopener noreferrer\">https:\/\/daninteligencije.rs\/aktivnostiselekcija.php?godina=2020<\/a><\/p><p>Pravila u\u010de\u0161\u0107a, kako se uklju\u010diti, itd. &#8211; vi\u0161e na linku:<br \/><a href=\"https:\/\/daninteligencije.rs\/ukljucise.php\" target=\"_blank\" rel=\"noopener noreferrer\">https:\/\/daninteligencije.rs\/ukljucise.php<\/a><\/p><p>Ko mo\u017ee da obele\u017ei Dan inteligencije?<br \/>Dan inteligencije mo\u017ee da obele\u017ei bilo koji nastavnik, vaspita\u010d, u\u010ditelj, psiholog, pedagog, edukator, student ili stru\u010dnjak koji se bavi<br \/>pitanjem stimulacije intelektualnog razvoja, organizovanjem neke aktivnosti za decu, roditelje ili kolege.<\/p><\/div>\n\t\t\t\t\t<\/div><div class=\"eael-accordion-list\">\n\t\t\t\t\t<div id=\"knjiga-redovnog-profesora-dr-borisa-krivokapia-objavljena-u-rusiji-vidi-vie\" class=\"elementor-tab-title eael-accordion-header\" tabindex=\"0\" data-tab=\"38\" aria-controls=\"elementor-tab-content-21038\"><span class=\"eael-advanced-accordion-icon-closed\"><i aria-hidden=\"true\" class=\"fa-accordion-icon fas fa-plus\"><\/i><\/span><span class=\"eael-advanced-accordion-icon-opened\"><i aria-hidden=\"true\" class=\"fa-accordion-icon fas fa-minus\"><\/i><\/span><span class=\"eael-accordion-tab-title\">Knjiga redovnog profesora dr Borisa Krivokapi\u0107a objavljena u Rusiji. (Vidi vi\u0161e)<\/span><i aria-hidden=\"true\" class=\"fa-toggle fas fa-angle-right\"><\/i><\/div><div id=\"elementor-tab-content-21038\" class=\"eael-accordion-content clearfix\" data-tab=\"38\" aria-labelledby=\"knjiga-redovnog-profesora-dr-borisa-krivokapia-objavljena-u-rusiji-vidi-vie\"><p>Na\u0161 redovni profesor dr Boris Krivokapi\u0107 je autor velikog broja knjiga iz Pravnih nauka. Ovog puta, na zadovoljstvo autora i poklonika Pravnih nauka je to nau\u010dna monografija me\u0111unarodnog zna\u010daja:\u00a0\u041a\u0440\u0438\u0432\u043e\u043a\u0430\u043f\u0438\u0447, \u0411\u043e\u0440\u0438\u0441 (2021)\u00a0\u041c\u0435\u0436\u0434\u0443\u043d\u0430\u0440\u043e\u0434\u043d\u043e\u0435 \u043f\u0440\u0430\u0432\u043e \u0432 \u043f\u0435\u0440\u0438\u043e\u0434 \u0432\u043e\u043e\u0440\u0443\u0436\u0435\u043d\u043d\u044b\u0445 \u043a\u043e\u043d\u0444\u043b\u0438\u043a\u0442\u043e\u0432,\u00a0\u0421\u0430\u043c\u0430\u0440\u0441\u043a\u0438\u0439 \u043d\u0430\u0446\u0438\u043e\u043d\u0430\u043b\u044c\u043d\u044b\u0439 \u0438\u0441\u0441\u043b\u0435\u0434\u043e\u0432\u0430\u0442\u0435\u043b\u044c\u0441\u043a\u0438\u0439 \u0443\u043d\u0438\u0432\u0435\u0440\u0441\u0438\u0442\u0435\u0442 \u0438\u043c\u0435\u043d\u0438 \u0430\u043a\u0430\u0434\u0435\u043c\u0438\u043a\u0430 \u0421. \u041f. \u041a\u043e\u0440\u043e\u043b\u0435\u0432\u0430, \u0421\u0430\u043c\u0430\u0440\u0430\u00a02021,\u00a0(\u0420\u0443\u0441\u0438\u0458\u0430),\u00a0834 \u0441\u0442\u0440.,\u00a0ISBN = 978-5-7883-1641-3.<\/p><p><a href=\"http:\/\/media.mbuniverzitet.edu.rs\/2021\/10\/Korica-krop.-\u041a\u0440\u0438\u0432\u043e\u043a\u0430\u043f\u0438\u0447-\u0411.\u0414.jpg\"><img loading=\"lazy\" decoding=\"async\" class=\"aligncenter wp-image-7895\" src=\"http:\/\/media.mbuniverzitet.edu.rs\/2021\/10\/Korica-krop.-\u041a\u0440\u0438\u0432\u043e\u043a\u0430\u043f\u0438\u0447-\u0411.\u0414.jpg\" alt=\"\" width=\"241\" height=\"370\" \/><\/a><\/p><p>Afirmativan prikaz knjige su dali dekan i prodekan Pravnog fakulteta Samarskog nacionalnog univerziteta i mo\u017eete videti na:\u00a0<a href=\"https:\/\/ssau.ru\/news\/19593-izdan-fundamentalnyy-trud-mezhdunarodnoe-pravo-v-period-vooruzhennykh-konfliktov\" target=\"_blank\" rel=\"noopener\">https:\/\/ssau.ru\/news\/19593-izdan-fundamentalnyy-trud-mezhdunarodnoe-pravo-v-period-vooruzhennykh-konfliktov<\/a>.<\/p><p>\u010citava knjiga (na ruskom) mo\u017ee se na\u0107i u repozitorijumu Samarskog univerziteta:\u00a0<a href=\"http:\/\/repo.ssau.ru\/handle\/Monografii\/Mezhdunarodnoe-pravo-v-period-vooruzhennyh-konfliktov-92532\" target=\"_blank\" rel=\"noopener\">http:\/\/repo.ssau.ru\/handle\/Monografii\/Mezhdunarodnoe-pravo-v-period-vooruzhennyh-konfliktov-92532.<\/a><\/p><p>\u010cestitamo u ime svih zaposlenih na Univerzitetu MB.<\/p><p>Rektor Univerziteta MB<\/p><\/div>\n\t\t\t\t\t<\/div><div class=\"eael-accordion-list\">\n\t\t\t\t\t<div id=\"redovni-profesor-poslovnog-i-pravnog-fakulteta-univerziteta-mb-dr-boris-krivokapi-je-u-skladu-sa-bolonjskom-deklaracijom-i-potrebama-mobilnosti-profesionalno-angaovan-na-dopunskom-radu-i-na-pravnom-fakultetu-samarsnog-nacionalnog-univerziteta-s-p-koroljov-u-samari-rusijavidi-vie\" class=\"elementor-tab-title eael-accordion-header\" tabindex=\"0\" data-tab=\"39\" aria-controls=\"elementor-tab-content-21039\"><span class=\"eael-advanced-accordion-icon-closed\"><i aria-hidden=\"true\" class=\"fa-accordion-icon fas fa-plus\"><\/i><\/span><span class=\"eael-advanced-accordion-icon-opened\"><i aria-hidden=\"true\" class=\"fa-accordion-icon fas fa-minus\"><\/i><\/span><span class=\"eael-accordion-tab-title\">Redovni profesor Poslovnog i pravnog fakulteta Univerziteta MB dr Boris Krivokapi\u0107 je u skladu sa Bolonjskom deklaracijom i potrebama mobilnosti, profesionalno anga\u017eovan na dopunskom radu i na Pravnom fakultetu  Samarsnog nacionalnog univerziteta \u201eS. P. Koroljov\u201c u Samari (Rusija).(Vidi vi\u0161e)<\/span><i aria-hidden=\"true\" class=\"fa-toggle fas fa-angle-right\"><\/i><\/div><div id=\"elementor-tab-content-21039\" class=\"eael-accordion-content clearfix\" data-tab=\"39\" aria-labelledby=\"redovni-profesor-poslovnog-i-pravnog-fakulteta-univerziteta-mb-dr-boris-krivokapi-je-u-skladu-sa-bolonjskom-deklaracijom-i-potrebama-mobilnosti-profesionalno-angaovan-na-dopunskom-radu-i-na-pravnom-fakultetu-samarsnog-nacionalnog-univerziteta-s-p-koroljov-u-samari-rusijavidi-vie\"><p><a href=\"https:\/\/ssau.ru\/search?text=\u041a\u0440\u0438\u0432\u043e\u043a\u0430\u043f\u0438\u0447\" target=\"_blank\" rel=\"noopener\">https:\/\/ssau.ru\/search?text=\u041a\u0440\u0438\u0432\u043e\u043a\u0430\u043f\u0438\u0447<\/a>. Re\u010d je o vrlo uglednoj ustanovi o kojoj vi\u0161e mo\u017eete saznati na: <a href=\"https:\/\/ssau.ru\/info\" target=\"_blank\" rel=\"noopener\">https:\/\/ssau.ru\/info<\/a>\u00a0 i <a href=\"https:\/\/ssau.ru\/info\/struct\/op\/faculties\" target=\"_blank\" rel=\"noopener\">https:\/\/ssau.ru\/info\/struct\/op\/faculties<\/a>.<\/p><p>U Samari profesor Krivokapi\u0107 rukovodi magistarskim studijama za me\u0111unarodno pravo i predaje na njima dva predmeta: \u201eAktuelni problemi me\u0111unarodnog prava\u201c i \u201eMe\u0111unarodno pravo u vreme rata\u201c. Koliko god zvu\u010dalo neobi\u010dno, s obzirom da je re\u010d o Srbinu u Rusiji koja je vode\u0107a kosmi\u010dka sila sveta, on je i glavni stru\u010dnjak Samarskog univerziteta za kosmi\u010dko pravo. To posebno dobija na te\u017eini kada se zna da je taj univerzitet glavni centar ruske nauke iz domena kosmonautike.<\/p><p>Profesor dr Krivokapi\u0107 je i \u010dlan redakcije vrhunskog ruskog nacionalnog \u010dasopisa \u201ePravni vesnik Samarskog univerziteta\u201c (\u201e\u042e\u0440\u0438\u0434\u0438\u0447\u0435\u0441\u043a\u0438\u0439 \u0432\u0435\u0441\u0442\u043d\u0438\u043a \u0421\u0430\u043c\u0430\u0440\u0441\u043a\u043e\u0433\u043e \u0443\u043d\u0438\u0432\u0435\u0440\u0441\u0438\u0442\u0435\u0442\u0430\u201c, ISSN 2410-8707, VAK \u010dasopis, najvi\u0161a kategorija u Rusiji) koji izdaje Samarski univerzitet i voljan je da pomogne izdavanje kvalitetnih \u010dlanaka na\u0161ih profesora u njemu, tako da mu se mo\u017eete slobodno obratiti. \u010clanci se mogu slati na ruskom ili engleskom jeziku. Vi\u0161e o \u010dasopisu i formi \u010dlanaka: <a href=\"https:\/\/journals.ssau.ru\/jjsu\" target=\"_blank\" rel=\"noopener\">https:\/\/journals.ssau.ru\/jjsu<\/a>.<\/p><p>Zapa\u017eeno u\u010de\u0161\u0107e prof. Krivokapi\u0107a u radu Samarskog univerziteta je jo\u0161 jedan dokaz da na\u0161 Univerzitet \u201eMB\u201c na kojem je prof. Krivokapi\u0107 u punom radnom odnosu i predaje na osnovnim i doktorskim studijama, zapo\u0161ljava zaista vrhunske i me\u0111unarodno priznate profesore i nau\u010dnike.<\/p><p>Anga\u017eovanje profesora dr Borisa Krivokapi\u0107a mo\u017ee biti primer mladim kolegama kako uz predan celo\u017eivotni rad i uzorno usavr\u0161avanje u oblasti Pravnih nauka mo\u017eete posti\u0107i globalno prepoznatljive rezultate.<\/p><p>Menad\u017ement Univerziteta MB<\/p><\/div>\n\t\t\t\t\t<\/div><div class=\"eael-accordion-list\">\n\t\t\t\t\t<div id=\"4-sednica-senata-univerziteta-mb-vidi-vie\" class=\"elementor-tab-title eael-accordion-header\" tabindex=\"0\" data-tab=\"40\" aria-controls=\"elementor-tab-content-21040\"><span class=\"eael-advanced-accordion-icon-closed\"><i aria-hidden=\"true\" class=\"fa-accordion-icon fas fa-plus\"><\/i><\/span><span class=\"eael-advanced-accordion-icon-opened\"><i aria-hidden=\"true\" class=\"fa-accordion-icon fas fa-minus\"><\/i><\/span><span class=\"eael-accordion-tab-title\">4. Sednica Senata Univerziteta MB (vidi vi\u0161e)<\/span><i aria-hidden=\"true\" class=\"fa-toggle fas fa-angle-right\"><\/i><\/div><div id=\"elementor-tab-content-21040\" class=\"eael-accordion-content clearfix\" data-tab=\"40\" aria-labelledby=\"4-sednica-senata-univerziteta-mb-vidi-vie\"><p>Obave\u0161tavamo Vas da \u0107e sednica biti odr\u017eana 28.10.2021. godine u 11.00 u prostorijama rektorata Univerziteta MB u ulici Prote Mateje 19 na Slaviji.<\/p><p><a href=\"http:\/\/media.mbuniverzitet.edu.rs\/2021\/10\/4.-Sednica-Senata-Univerziteta-MB-Beograd.pdf\" target=\"_blank\" rel=\"noopener\">Dnevni red sednice<\/a><\/p><\/div>\n\t\t\t\t\t<\/div><div class=\"eael-accordion-list\">\n\t\t\t\t\t<div id=\"-21102021-godine-sastanak-rektora-univerziteta-mb-vidi-vie\" class=\"elementor-tab-title eael-accordion-header\" tabindex=\"0\" data-tab=\"41\" aria-controls=\"elementor-tab-content-21041\"><span class=\"eael-advanced-accordion-icon-closed\"><i aria-hidden=\"true\" class=\"fa-accordion-icon fas fa-plus\"><\/i><\/span><span class=\"eael-advanced-accordion-icon-opened\"><i aria-hidden=\"true\" class=\"fa-accordion-icon fas fa-minus\"><\/i><\/span><span class=\"eael-accordion-tab-title\"> 21.10.2021. godine - sastanak rektora Univerziteta MB... (vidi vi\u0161e)<\/span><i aria-hidden=\"true\" class=\"fa-toggle fas fa-angle-right\"><\/i><\/div><div id=\"elementor-tab-content-21041\" class=\"eael-accordion-content clearfix\" data-tab=\"41\" aria-labelledby=\"-21102021-godine-sastanak-rektora-univerziteta-mb-vidi-vie\"><p>Dana 21.10.2021. godine rektor Univerziteta MB sa prodekankom za nastavu na Poslovnom\u00a0 i pravnom fakultetu, prof. dr Marijom Kosti\u0107 i prof. dr Ne\u0111om Danilovi\u0107em je primio studenticu prorektora Miu Stani\u0161i\u0107 i predsednicu studentskog parlamenta studenticu Sanelu Ga\u0161evi\u0107. (<a href=\"https:\/\/mbuniverzitet.edu.rs\/vesti-obavestenja\/\" target=\"_blank\" rel=\"noopener\">vidi vi\u0161e<\/a>)<\/p><\/div>\n\t\t\t\t\t<\/div><div class=\"eael-accordion-list\">\n\t\t\t\t\t<div id=\"naa-profesorka-dr-ivanka-miladinovi-bogavac-dobitnica-nagrade-najuspenija-ena-iz-oblasti-nauke-u-2021-godini-vidi-vie-\" class=\"elementor-tab-title eael-accordion-header\" tabindex=\"0\" data-tab=\"42\" aria-controls=\"elementor-tab-content-21042\"><span class=\"eael-advanced-accordion-icon-closed\"><i aria-hidden=\"true\" class=\"fa-accordion-icon fas fa-plus\"><\/i><\/span><span class=\"eael-advanced-accordion-icon-opened\"><i aria-hidden=\"true\" class=\"fa-accordion-icon fas fa-minus\"><\/i><\/span><span class=\"eael-accordion-tab-title\">Na\u0161a profesorka dr \u017divanka Miladinovi\u0107 Bogavac dobitnica nagrade Najuspe\u0161nija \u017eena iz oblasti nauke u 2021. godini. (Vidi vi\u0161e) <\/span><i aria-hidden=\"true\" class=\"fa-toggle fas fa-angle-right\"><\/i><\/div><div id=\"elementor-tab-content-21042\" class=\"eael-accordion-content clearfix\" data-tab=\"42\" aria-labelledby=\"naa-profesorka-dr-ivanka-miladinovi-bogavac-dobitnica-nagrade-najuspenija-ena-iz-oblasti-nauke-u-2021-godini-vidi-vie-\"><p>Dana 20.10.2021. godine u 18.00 \u010dasova u hotelu HYATT REGENCY u organizaciji Skup\u0161tine grada Beograda odr\u017eana je dodela nagrade NAJUSPE\u0160NIJA \u017dENA IZ OBLASTI NAUKE na\u0161oj uva\u017eenoj profesorki dr \u017divanki Miladinovi\u0107 Bogavac. \u010cestitamo u ime svih pripadnika Poslovnog i pravnog fakulteta i Univerziteta &#8222;MB&#8220;.<\/p><p><a href=\"https:\/\/www.youtube.com\/watch?v=ziou-yuCy4E\" target=\"_blank\" rel=\"noopener\">NAJUSPE\u0160NIJA \u017dENA IZ OBLASTI NAUKE 2021 (VIDEO)<\/a><\/p><\/div>\n\t\t\t\t\t<\/div><div class=\"eael-accordion-list\">\n\t\t\t\t\t<div id=\"poziv-za-meunarodnu-naunu-konferenciju-esd-conference-vidi-vie\" class=\"elementor-tab-title eael-accordion-header\" tabindex=\"0\" data-tab=\"43\" aria-controls=\"elementor-tab-content-21043\"><span class=\"eael-advanced-accordion-icon-closed\"><i aria-hidden=\"true\" class=\"fa-accordion-icon fas fa-plus\"><\/i><\/span><span class=\"eael-advanced-accordion-icon-opened\"><i aria-hidden=\"true\" class=\"fa-accordion-icon fas fa-minus\"><\/i><\/span><span class=\"eael-accordion-tab-title\">Poziv za me\u0111unarodnu nau\u010dnu konferenciju ESD Conference (vidi vi\u0161e)<\/span><i aria-hidden=\"true\" class=\"fa-toggle fas fa-angle-right\"><\/i><\/div><div id=\"elementor-tab-content-21043\" class=\"eael-accordion-content clearfix\" data-tab=\"43\" aria-labelledby=\"poziv-za-meunarodnu-naunu-konferenciju-esd-conference-vidi-vie\"><p>Po\u0161tovane koleginice i kolege,<\/p><p>\u010cast nam je i zadovoljstvo da Vas pozovemo da uzmete aktivno u\u010de\u0161\u0107e na\u00a0<a href=\"https:\/\/www.esd-conference.com\/\">https:\/\/www.esd-conference.com\/<\/a>\u00a0i napi\u0161ete rad iz Va\u0161e nau\u010dne oblasti.<\/p><p>Privilegiju da se ESD Konferencija\u00a0<a href=\"https:\/\/www.esd-conference.com\/\">https:\/\/www.esd-conference.com\/<\/a>\u00a0(International Scientific Conference &#8211; Economic and Social Development)\u00a0 odr\u017ei u Beogradu od 02-03.decembra 2021. godine na na\u0161em Univerzitetu MB koji nam je omogu\u0107io predsednik Univerzitet MB Prof. dr Milija Bogavac.<\/p><p>Molimo Vas pratite VREMENSKE OKVIRE\u00a0<a href=\"https:\/\/www.esd-conference.com\/conference\/81\">https:\/\/www.esd-conference.com\/conference\/81<\/a><\/p><p>PLEASE NOTE THE FOLLOWING DEADLINES:<\/p><ul><li>Submission of abstracts for review:\u00a0October 11, 2021<\/li><li>Notification of abstract acceptance:\u00a0October 16, 2021<\/li><li>Submission of complete\/full papers for the proceedings:\u00a0November 11, 2021<\/li><li>Notification of full paper acceptance:\u00a0November 14, 2021<\/li><li>Early registration:\u00a0November 14, 2021<\/li><li>Final registration:\u00a0November 24, 2021<\/li><li>Conceiving and finalizing the esd-Conference program:\u00a0November 28, 2021<\/li><li>ESD Conference sessions:\u00a0December 02-03, 2021<\/li><\/ul><p>Profesori i saradnici UNIVERZITETA MB su oslobo\u0111eni pla\u0107anja.<\/p><\/div>\n\t\t\t\t\t<\/div><div class=\"eael-accordion-list\">\n\t\t\t\t\t<div id=\"prva-meunarodna-konferencija-o-savremenim-dostignuima-u-nauci-i-tehnologiji-coast-2022-vidi-vie\" class=\"elementor-tab-title eael-accordion-header\" tabindex=\"0\" data-tab=\"44\" aria-controls=\"elementor-tab-content-21044\"><span class=\"eael-advanced-accordion-icon-closed\"><i aria-hidden=\"true\" class=\"fa-accordion-icon fas fa-plus\"><\/i><\/span><span class=\"eael-advanced-accordion-icon-opened\"><i aria-hidden=\"true\" class=\"fa-accordion-icon fas fa-minus\"><\/i><\/span><span class=\"eael-accordion-tab-title\">Prva me\u0111unarodna konferencija o savremenim dostignu\u0107ima u nauci i tehnologiji  - COAST 2022 (vidi vi\u0161e)<\/span><i aria-hidden=\"true\" class=\"fa-toggle fas fa-angle-right\"><\/i><\/div><div id=\"elementor-tab-content-21044\" class=\"eael-accordion-content clearfix\" data-tab=\"44\" aria-labelledby=\"prva-meunarodna-konferencija-o-savremenim-dostignuima-u-nauci-i-tehnologiji-coast-2022-vidi-vie\"><p>Zadovoljstvo nam je da Vas pozovemo na 1st INTERNATIONAL CONFERENCE ON ADVANCES IN SCIENCE AND TECHNOLOGY &#8211; COAST 2022. Konferencija \u0107e se odr\u017eati u Herceg Novom u periodu od 26. do 29. maja 2022. godine. Cilj konferencije je okupljanje akademske zajednice, istra\u017eiva\u010da i nau\u010dnika radi razmjene informacija, iskustava i rezultata istra\u017eivanja o svim aspektima specijalizovanih i interdisciplinarnih oblasti.<\/p><p><br \/><img loading=\"lazy\" decoding=\"async\" class=\"wp-image-7755 alignnone\" src=\"http:\/\/media.mbuniverzitet.edu.rs\/2021\/10\/Coast-2022.jpg\" alt=\"\" width=\"171\" height=\"62\" \/><\/p><p>\u00a0<\/p><p>Sve informacije koje se odnose na COAST 2022 konferenciju, uklju\u010duju\u0107i teme, rokove, obrasce, mjesto odr\u017eavanja, kotizaciju, i sl. mo\u017eete prona\u0107i na web stranici konferencije\u00a0<a href=\"https:\/\/confcoast.us5.list-manage.com\/track\/click?u=f7c805f2dcc020a4ab3048a18&amp;id=2473802ffd&amp;e=6a517a0d2c\" target=\"_blank\" rel=\"noopener noreferrer\">http:\/\/confcoast.com\/<\/a><\/p><p>Za dodatna pitanja, molimo Vas da nas kontaktirate na e-mail<br \/><a href=\"mailto:conference.coast@gmail.com\" target=\"_blank\" rel=\"noopener\">conference.coast@gmail.com<\/a>.<\/p><p>Rok za podno\u0161enje prijava (podno\u0161enje sa\u017eetaka) \u2013 20. decembar 2021.<br \/>Rok za podno\u0161enje kompletnih radova \u2013 15. mart\u00a02022.<\/p><p>Srda\u010dan pozdrav,<\/p><p>Organizacioni odbor<br \/>Fakultet za menad\u017ement, Herceg Novi<\/p><p>Kontakt osoba: Dr Irena Petru\u0161i\u0107, dekan, e-mail:\u00a0<a href=\"mailto:dekan@fm-hn.com\" target=\"_blank\" rel=\"noopener\">dekan@fm-hn.com<\/a><\/p><\/div>\n\t\t\t\t\t<\/div><div class=\"eael-accordion-list\">\n\t\t\t\t\t<div id=\"na-poslovnom-i-pravnom-fakultetu-univerziteta-mb-otpoela-akademska-20212022-godina\" class=\"elementor-tab-title eael-accordion-header\" tabindex=\"0\" data-tab=\"45\" aria-controls=\"elementor-tab-content-21045\"><span class=\"eael-advanced-accordion-icon-closed\"><i aria-hidden=\"true\" class=\"fa-accordion-icon fas fa-plus\"><\/i><\/span><span class=\"eael-advanced-accordion-icon-opened\"><i aria-hidden=\"true\" class=\"fa-accordion-icon fas fa-minus\"><\/i><\/span><span class=\"eael-accordion-tab-title\">Na Poslovnom i pravnom fakultetu Univerziteta MB otpo\u010dela akademska 2021\/2022. godina<\/span><i aria-hidden=\"true\" class=\"fa-toggle fas fa-angle-right\"><\/i><\/div><div id=\"elementor-tab-content-21045\" class=\"eael-accordion-content clearfix\" data-tab=\"45\" aria-labelledby=\"na-poslovnom-i-pravnom-fakultetu-univerziteta-mb-otpoela-akademska-20212022-godina\"><p>Dana 04.10.2021. godine izvr\u0161en je sve\u010dani prijem\u00a0studenata prve godine studijskih programa Poslovni menad\u017ement, Pravo i Informacione tehnologije.<\/p><p>Prijemu studenata su prisustvovali predsednik Univerziteta prof. dr Milija Bogavac, profesorka dr \u017divanka Miladinovi\u0107 Bogavac, rektor prof. dr Du\u0161an Regodi\u0107, dipl. in\u017e.,\u00a0prorektori\u00a0Univerziteta MB prof. dr Marija Kosti\u0107, prof. dr Dragana Trnavac i prof. dr Ne\u0111o Danilovi\u0107.<\/p><p><a href=\"https:\/\/mbuniverzitet.edu.rs\/nova-zgrada-UMB\/\">Vidi vi\u0161e<\/a><\/p><\/div>\n\t\t\t\t\t<\/div><div class=\"eael-accordion-list\">\n\t\t\t\t\t<div id=\"zavretak-radova-u-novoj-zgradi-univerziteta-mb-teodora-drajzera-27-beograd\" class=\"elementor-tab-title eael-accordion-header\" tabindex=\"0\" data-tab=\"46\" aria-controls=\"elementor-tab-content-21046\"><span class=\"eael-advanced-accordion-icon-closed\"><i aria-hidden=\"true\" class=\"fa-accordion-icon fas fa-plus\"><\/i><\/span><span class=\"eael-advanced-accordion-icon-opened\"><i aria-hidden=\"true\" class=\"fa-accordion-icon fas fa-minus\"><\/i><\/span><span class=\"eael-accordion-tab-title\">Zavr\u0161etak radova u novoj zgradi Univerziteta MB, Teodora Drajzera 27, Beograd<\/span><i aria-hidden=\"true\" class=\"fa-toggle fas fa-angle-right\"><\/i><\/div><div id=\"elementor-tab-content-21046\" class=\"eael-accordion-content clearfix\" data-tab=\"46\" aria-labelledby=\"zavretak-radova-u-novoj-zgradi-univerziteta-mb-teodora-drajzera-27-beograd\"><p><a href=\"https:\/\/mbuniverzitet.edu.rs\/nova-zgrada-UMB\/\">Vidi vi\u0161e<\/a><\/p><\/div>\n\t\t\t\t\t<\/div><div class=\"eael-accordion-list\">\n\t\t\t\t\t<div id=\"raspored-predavanja-za-studente-2-3-i-4-godine-poslovnog-i-pravnog-fakulteta-univerziteta-mb-u-kolskoj-20212022-godini-za-studijske-programe-poslovni-menadment-pravo-i-informacione-tehnologije\" class=\"elementor-tab-title eael-accordion-header\" tabindex=\"0\" data-tab=\"47\" aria-controls=\"elementor-tab-content-21047\"><span class=\"eael-advanced-accordion-icon-closed\"><i aria-hidden=\"true\" class=\"fa-accordion-icon fas fa-plus\"><\/i><\/span><span class=\"eael-advanced-accordion-icon-opened\"><i aria-hidden=\"true\" class=\"fa-accordion-icon fas fa-minus\"><\/i><\/span><span class=\"eael-accordion-tab-title\">Raspored predavanja za studente 2, 3 i 4. godine Poslovnog i pravnog fakulteta Univerziteta \"MB\" u \u0161kolskoj 2021\/2022. godini za studijske programe: Poslovni menad\u017ement, Pravo i Informacione tehnologije.<\/span><i aria-hidden=\"true\" class=\"fa-toggle fas fa-angle-right\"><\/i><\/div><div id=\"elementor-tab-content-21047\" class=\"eael-accordion-content clearfix\" data-tab=\"47\" aria-labelledby=\"raspored-predavanja-za-studente-2-3-i-4-godine-poslovnog-i-pravnog-fakulteta-univerziteta-mb-u-kolskoj-20212022-godini-za-studijske-programe-poslovni-menadment-pravo-i-informacione-tehnologije\"><p><span style=\"text-decoration: underline\">Vreme po\u010detka nastave u zimskom semestru za 2, 3 i 4. godinu:<\/span> 11.10.2021. godine.<\/p><p><span style=\"text-decoration: underline\">Mesto:<\/span>\u00a0Teodora Drajzera 27, Beograd (Nova zgrada Poslovnog i pravnog fakulteta univerziteta \u201eMB\u201c).<\/p><p><a href=\"https:\/\/www.ppf.edu.rs\/%D0%BE%D0%B0%D1%81-%D1%80%D0%B0%D1%81%D0%BF%D0%BE%D1%80%D0%B5%D0%B4-%D0%BF%D1%80%D0%B5%D0%B4%D0%B0%D0%B2%D0%B0%D1%9A%D0%B0\/\" target=\"_blank\" rel=\"noopener\">Vidi vi\u0161e: Rasporedi predavanja za sva tri studijska programa<\/a><\/p><\/div>\n\t\t\t\t\t<\/div><div class=\"eael-accordion-list\">\n\t\t\t\t\t<div id=\"raspored-predavanja-za-studente-1-godine-poslovnog-i-pravnog-fakulteta-univerziteta-mb-u-kolskoj-20212022-godini-za-studijske-programe-poslovni-menadment-pravo-i-informacione-tehnologije\" class=\"elementor-tab-title eael-accordion-header\" tabindex=\"0\" data-tab=\"48\" aria-controls=\"elementor-tab-content-21048\"><span class=\"eael-advanced-accordion-icon-closed\"><i aria-hidden=\"true\" class=\"fa-accordion-icon fas fa-plus\"><\/i><\/span><span class=\"eael-advanced-accordion-icon-opened\"><i aria-hidden=\"true\" class=\"fa-accordion-icon fas fa-minus\"><\/i><\/span><span class=\"eael-accordion-tab-title\">Raspored predavanja za studente 1. godine Poslovnog i pravnog fakulteta Univerziteta \"MB\" u \u0161kolskoj 2021\/2022. godini za studijske programe: Poslovni menad\u017ement, Pravo i Informacione tehnologije<\/span><i aria-hidden=\"true\" class=\"fa-toggle fas fa-angle-right\"><\/i><\/div><div id=\"elementor-tab-content-21048\" class=\"eael-accordion-content clearfix\" data-tab=\"48\" aria-labelledby=\"raspored-predavanja-za-studente-1-godine-poslovnog-i-pravnog-fakulteta-univerziteta-mb-u-kolskoj-20212022-godini-za-studijske-programe-poslovni-menadment-pravo-i-informacione-tehnologije\"><p><span style=\"text-decoration: underline\">Vreme po\u010detka nastave u zimskom semestru za 1. godinu:<\/span>\u00a004.10.2021. godine.<\/p><p><span style=\"text-decoration: underline\">Mesto:<\/span>\u00a0Teodora Drajzera 27, Beograd (Nova zgrada Poslovnog i pravnog fakulteta univerziteta \u201eMB\u201c).<\/p><ul><li><a href=\"http:\/\/media.mbuniverzitet.edu.rs\/2021\/10\/\u041f\u043e\u0441\u043b\u043e\u0432\u043d\u0438-\u043c\u0435\u043d\u0430\u045f\u043c\u0435\u0442-\u0420\u0430\u0441\u043f\u043e\u0440\u0435\u0434-\u0447\u0430\u0441\u043e\u0432\u0430-1.-\u0433\u043e\u0434\u0438\u043d\u0430-\u0417\u0438\u043c\u0441\u043a\u0438-\u0441\u0435\u043c\u0435\u0441\u0442\u0430\u0440.pdf\" target=\"_blank\" rel=\"noopener\">Poslovni menad\u017ement<\/a><\/li><li><a href=\"http:\/\/media.mbuniverzitet.edu.rs\/2021\/10\/\u041f\u0440\u0430\u0432\u043e-\u0420\u0430\u0441\u043f\u043e\u0440\u0435\u0434-\u0447\u0430\u0441\u043e\u0432\u0430-1.-\u0433\u043e\u0434\u0438\u043d\u0430-\u0417\u0438\u043c\u0441\u043a\u0438-\u0441\u0435\u043c\u0435\u0441\u0442\u0430\u0440.pdf\" target=\"_blank\" rel=\"noopener\">Pravo<\/a><\/li><li><a href=\"http:\/\/media.mbuniverzitet.edu.rs\/2021\/10\/\u0418\u043d\u0444\u043e\u0440\u043c\u0430\u0446\u0438\u043e\u043d\u0435-\u0442\u0435\u0445\u043d\u043e\u043b\u043e\u0433\u0438\u0458\u0435-\u0420\u0430\u0441\u043f\u043e\u0440\u0435\u0434-\u0447\u0430\u0441\u043e\u0432\u0430-\u0437\u0430-1.\u0433\u043e\u0434\u0438\u043d\u0443-\u0417\u0438\u043c\u0441\u043a\u0438-\u0441\u0435\u043c\u0435\u0441\u0442\u0430\u0440.pdf\" target=\"_blank\" rel=\"noopener\">Informacione tehnologije<\/a><\/li><\/ul><\/div>\n\t\t\t\t\t<\/div><div class=\"eael-accordion-list\">\n\t\t\t\t\t<div id=\"kalendar-aktivnosti-na-univerzitetu-mb-za-akademsku-20212022-godinu\" class=\"elementor-tab-title eael-accordion-header\" tabindex=\"0\" data-tab=\"49\" aria-controls=\"elementor-tab-content-21049\"><span class=\"eael-advanced-accordion-icon-closed\"><i aria-hidden=\"true\" class=\"fa-accordion-icon fas fa-plus\"><\/i><\/span><span class=\"eael-advanced-accordion-icon-opened\"><i aria-hidden=\"true\" class=\"fa-accordion-icon fas fa-minus\"><\/i><\/span><span class=\"eael-accordion-tab-title\">Kalendar aktivnosti na Univerzitetu \"MB\" za akademsku 2021\/2022. godinu<\/span><i aria-hidden=\"true\" class=\"fa-toggle fas fa-angle-right\"><\/i><\/div><div id=\"elementor-tab-content-21049\" class=\"eael-accordion-content clearfix\" data-tab=\"49\" aria-labelledby=\"kalendar-aktivnosti-na-univerzitetu-mb-za-akademsku-20212022-godinu\"><p><a href=\"http:\/\/media.mbuniverzitet.edu.rs\/2021\/09\/UMB-KALENDAR_AKTIVNOSTI_ZA-AKADEMSKU-2021-2022.pdf\" target=\"_blank\" rel=\"noopener\">(Vidi vi\u0161e)<\/a><\/p><\/div>\n\t\t\t\t\t<\/div><div class=\"eael-accordion-list\">\n\t\t\t\t\t<div id=\"vano-obavetenje-nain-izvoenja-nastave-u-20212022-godini\" class=\"elementor-tab-title eael-accordion-header\" tabindex=\"0\" data-tab=\"50\" aria-controls=\"elementor-tab-content-21050\"><span class=\"eael-advanced-accordion-icon-closed\"><i aria-hidden=\"true\" class=\"fa-accordion-icon fas fa-plus\"><\/i><\/span><span class=\"eael-advanced-accordion-icon-opened\"><i aria-hidden=\"true\" class=\"fa-accordion-icon fas fa-minus\"><\/i><\/span><span class=\"eael-accordion-tab-title\">VA\u017dNO OBAVE\u0160TENJE - NA\u010cIN IZVO\u0110ENJA NASTAVE U 2021\/2022. GODINI<\/span><i aria-hidden=\"true\" class=\"fa-toggle fas fa-angle-right\"><\/i><\/div><div id=\"elementor-tab-content-21050\" class=\"eael-accordion-content clearfix\" data-tab=\"50\" aria-labelledby=\"vano-obavetenje-nain-izvoenja-nastave-u-20212022-godini\"><p>Po\u0161tovani studenti,<\/p><p>nastava u akademskoj 2021\/2022. godini \u0107e se odr\u017eavati u\u017eivo, na tradicionalni na\u010din &#8211; u prostorijama Poslovnog i pravnog fakulteta Univerziteta MB u Beogradu, Teodora Drajzera 27, kao i na Akademiji umetnosti Univerziteta MB u Sremskoj Kamenici.<\/p><p>Nastava za prvu godinu studija \u0107e po\u010deti u ponedeljak 04.10.2021. godine (za drugu, tre\u0107u i \u010detvrtu godinu 11.10.2021. godine) i izvodi\u0107e se prema akademskom kalendaru za akademsku 2021\/2022. godinu, a prema rasporedu koji \u0107e biti blagovremeno objavljen na sajtovima fakulteta i oglasnim plo\u010dama.<\/p><p>U slu\u010daju pogor\u0161anja zdravstvene situacije zbog virusa COVID 19 i za studente koji iz zdravstvenih ili drugih organizaciono-tehni\u010dkih razloga ne budu u mogu\u0107nosti da prate nastavu u\u017eivo (boravak u inostranstvu i drugo) &#8211; bi\u0107e organizovana i mogu\u0107nost pra\u0107enja\u00a0<em>online<\/em>\u00a0nastave.\u00a0 Informacije o tome \u0107e biti blagovremeno dostupne.\u00a0<\/p><p>Kao \u0161to znate, Univerzitet MB poseduje kvalitetne prostorne mogu\u0107nosti za izvo\u0111enje predavanja i ve\u017ebi u Beogradu (Teodora Drajzera 27), Mladenovcu i Sremskoj Kamenici, ali i tehni\u010dke mogu\u0107nosti za<em>\u00a0online<\/em>\u00a0na\u010din rada.<\/p><p>Zdravlje i sigurnost svih studenata i zaposlenih je uvek bila prioritet, ali i odr\u017eavanje nivoa kvaliteta predavanja, ve\u017ebi i vannastavnih aktivnosti studenata.<\/p><\/div>\n\t\t\t\t\t<\/div><div class=\"eael-accordion-list\">\n\t\t\t\t\t<div id=\"promocija-studenata-na-poslovnom-i-pravnom-fakultetu-univerziteta-mb\" class=\"elementor-tab-title eael-accordion-header\" tabindex=\"0\" data-tab=\"51\" aria-controls=\"elementor-tab-content-21051\"><span class=\"eael-advanced-accordion-icon-closed\"><i aria-hidden=\"true\" class=\"fa-accordion-icon fas fa-plus\"><\/i><\/span><span class=\"eael-advanced-accordion-icon-opened\"><i aria-hidden=\"true\" class=\"fa-accordion-icon fas fa-minus\"><\/i><\/span><span class=\"eael-accordion-tab-title\">Promocija studenata na Poslovnom i pravnom fakultetu Univerziteta \"MB\"<\/span><i aria-hidden=\"true\" class=\"fa-toggle fas fa-angle-right\"><\/i><\/div><div id=\"elementor-tab-content-21051\" class=\"eael-accordion-content clearfix\" data-tab=\"51\" aria-labelledby=\"promocija-studenata-na-poslovnom-i-pravnom-fakultetu-univerziteta-mb\"><div>Povodom zavr\u0161etka Osnovnih i Master akademskih studija studenata na studijskim programima Poslovni menad\u017ement, Pravo i Informacione tehnologije dana 28.06.2021. godine u 10:00 sati organizova\u0107e se sve\u010dana dodela diploma u Mladenovcu, Kralja Petra I, broj 372.\u00a0<\/div><p>Uprava Univerziteta \u201cMB\u201d.<\/p><\/div>\n\t\t\t\t\t<\/div><div class=\"eael-accordion-list\">\n\t\t\t\t\t<div id=\"neradni-dani-uskrnji-i-prvomajski-praznici-2021-godine\" class=\"elementor-tab-title eael-accordion-header\" tabindex=\"0\" data-tab=\"52\" aria-controls=\"elementor-tab-content-21052\"><span class=\"eael-advanced-accordion-icon-closed\"><i aria-hidden=\"true\" class=\"fa-accordion-icon fas fa-plus\"><\/i><\/span><span class=\"eael-advanced-accordion-icon-opened\"><i aria-hidden=\"true\" class=\"fa-accordion-icon fas fa-minus\"><\/i><\/span><span class=\"eael-accordion-tab-title\">NERADNI DANI - USKR\u0160NJI I PRVOMAJSKI PRAZNICI - 2021. godine<\/span><i aria-hidden=\"true\" class=\"fa-toggle fas fa-angle-right\"><\/i><\/div><div id=\"elementor-tab-content-21052\" class=\"eael-accordion-content clearfix\" data-tab=\"52\" aria-labelledby=\"neradni-dani-uskrnji-i-prvomajski-praznici-2021-godine\"><div><p>Povodom Uskrsa i Me\u0111unarodnog praznika rada, na Univerzitetu \u201cMB\u201d se ne\u0107e odr\u017eavati nastava i konsultacije od petka, 30. aprila do srede, 5. maja 2021. godine.<\/p><p>\u00a0<\/p><p>Poslednji radni i nastavni dan pre praznika je \u010detvrtak, 29. april, a prvi nastavni dan nakon praznika je sreda, 5. maj 2021. godine.<\/p><\/div><div>Svim stalno zaposlenim, studentima i prijateljima Univerziteta MB sre\u0107ni USKR\u0160NJI I PRVOMAJSKI PRAZNICI.<\/div><div>\u00a0<\/div><div>Uprava Univerziteta \u201cMB\u201d<\/div><\/div>\n\t\t\t\t\t<\/div><div class=\"eael-accordion-list\">\n\t\t\t\t\t<div id=\"meunarodna-saradnja-univerziteta-mb\" class=\"elementor-tab-title eael-accordion-header\" tabindex=\"0\" data-tab=\"53\" aria-controls=\"elementor-tab-content-21053\"><span class=\"eael-advanced-accordion-icon-closed\"><i aria-hidden=\"true\" class=\"fa-accordion-icon fas fa-plus\"><\/i><\/span><span class=\"eael-advanced-accordion-icon-opened\"><i aria-hidden=\"true\" class=\"fa-accordion-icon fas fa-minus\"><\/i><\/span><span class=\"eael-accordion-tab-title\">Me\u0111unarodna saradnja Univerziteta MB<\/span><i aria-hidden=\"true\" class=\"fa-toggle fas fa-angle-right\"><\/i><\/div><div id=\"elementor-tab-content-21053\" class=\"eael-accordion-content clearfix\" data-tab=\"53\" aria-labelledby=\"meunarodna-saradnja-univerziteta-mb\"><p>Dana 29.04.2021.godine zaklju\u010den je Sporazum o me\u0111unarodnoj saradnji izme\u0111u Univerziteta \u2019\u2019MB\u2019\u2019 iz Beograda, Republika Srbija, koga predstavlja rektor prof. dr Du\u0161an Regodi\u0107, sa jedne strane i Univerziteta \u201d Ljui\u0111 Guraku\u0107i\u201d iz Skadra, Albanija, koga predstavlja rektor prof. dr Suzana Golemi, sa druge strane.\u00a0<a href=\"https:\/\/mbuniverzitet.edu.rs\/medunarodna-saradnja-2\/\" target=\"_blank\" rel=\"noopener\">(vidi vi\u0161e)<\/a><\/p><p><a href=\"http:\/\/media.mbuniverzitet.edu.rs\/2021\/04\/3.jpg\"><img loading=\"lazy\" decoding=\"async\" class=\"aligncenter wp-image-6409 size-medium\" src=\"https:\/\/media.mbuniverzitet.edu.rs\/2021\/04\/3-225x300.jpg\" sizes=\"(max-width: 225px) 100vw, 225px\" srcset=\"https:\/\/media.mbuniverzitet.edu.rs\/2021\/04\/3-225x300.jpg 225w, https:\/\/media.mbuniverzitet.edu.rs\/2021\/04\/3-768x1024.jpg 768w, https:\/\/media.mbuniverzitet.edu.rs\/2021\/04\/3-1152x1536.jpg 1152w, https:\/\/media.mbuniverzitet.edu.rs\/2021\/04\/3.jpg 1200w\" alt=\"\" width=\"225\" height=\"300\" \/><\/a><\/p><\/div>\n\t\t\t\t\t<\/div><div class=\"eael-accordion-list\">\n\t\t\t\t\t<div id=\"odrana-druga-sednica-senata-univerziteta-mb\" class=\"elementor-tab-title eael-accordion-header\" tabindex=\"0\" data-tab=\"54\" aria-controls=\"elementor-tab-content-21054\"><span class=\"eael-advanced-accordion-icon-closed\"><i aria-hidden=\"true\" class=\"fa-accordion-icon fas fa-plus\"><\/i><\/span><span class=\"eael-advanced-accordion-icon-opened\"><i aria-hidden=\"true\" class=\"fa-accordion-icon fas fa-minus\"><\/i><\/span><span class=\"eael-accordion-tab-title\">Odr\u017eana druga sednica Senata Univerziteta \"MB\"<\/span><i aria-hidden=\"true\" class=\"fa-toggle fas fa-angle-right\"><\/i><\/div><div id=\"elementor-tab-content-21054\" class=\"eael-accordion-content clearfix\" data-tab=\"54\" aria-labelledby=\"odrana-druga-sednica-senata-univerziteta-mb\"><p>Dana o8.04.2021. godine od 12.00-14.00 \u010dasova u prostorijama Rektorata Univerziteta MB, na lokaciji Prote Mateje 21, odr\u017eana je Druga sednica Senata Univerziteta MB. Na sednici su verifikovani svi \u010dlanovi Senata. (<a href=\"http:\/\/media.mbuniverzitet.edu.rs\/2021\/04\/2.-Sednica-Senata-Univerziteta-MB-Beograd.pdf\" target=\"_blank\" rel=\"noopener\">vidi vi\u0161e<\/a>)<\/p><p><a href=\"http:\/\/media.mbuniverzitet.edu.rs\/2021\/04\/2-Sednica-Senata.jpg\"><img loading=\"lazy\" decoding=\"async\" class=\"aligncenter wp-image-6279 size-medium\" src=\"https:\/\/media.mbuniverzitet.edu.rs\/2021\/04\/2-Sednica-Senata-225x300.jpg\" alt=\"\" width=\"225\" height=\"300\" \/><\/a><\/p><\/div>\n\t\t\t\t\t<\/div><div class=\"eael-accordion-list\">\n\t\t\t\t\t<div id=\"potpisan-sporazum-univerziteta-mb-beograd-sa-komorom-menadera-ljudskih-resursa-srbije\" class=\"elementor-tab-title eael-accordion-header\" tabindex=\"0\" data-tab=\"55\" aria-controls=\"elementor-tab-content-21055\"><span class=\"eael-advanced-accordion-icon-closed\"><i aria-hidden=\"true\" class=\"fa-accordion-icon fas fa-plus\"><\/i><\/span><span class=\"eael-advanced-accordion-icon-opened\"><i aria-hidden=\"true\" class=\"fa-accordion-icon fas fa-minus\"><\/i><\/span><span class=\"eael-accordion-tab-title\">Potpisan sporazum UNIVERZITETA \"MB\" Beograd sa KOMOROM MENAD\u017dERA LJUDSKIH RESURSA SRBIJE<\/span><i aria-hidden=\"true\" class=\"fa-toggle fas fa-angle-right\"><\/i><\/div><div id=\"elementor-tab-content-21055\" class=\"eael-accordion-content clearfix\" data-tab=\"55\" aria-labelledby=\"potpisan-sporazum-univerziteta-mb-beograd-sa-komorom-menadera-ljudskih-resursa-srbije\"><p><span>Dana 02.04.2021. godine u 12.00 u Rektoratu Univerziteta \u201cMB\u201d u ulici Prote Mateje 21 odr\u017ean kolegijum rektora Univerziteta \u201cMB\u201d i potpisan sporazum UNIVERZITETA \u201cMB\u201d Beograd sa\u00a0<\/span>\u00a0KOMOROM MENAD\u017dERA LJUDSKIH RESURSA SRBIJE. (<a href=\"https:\/\/mbuniverzitet.edu.rs\/vesti-obavestenja\/\">vidi vi\u0161e<\/a>)<\/p><\/div>\n\t\t\t\t\t<\/div><div class=\"eael-accordion-list\">\n\t\t\t\t\t<div id=\"potpisan-sporazum-univerziteta-mb-beograd-sa-institutom-za-srpsku-kulturu-pritina\" class=\"elementor-tab-title eael-accordion-header\" tabindex=\"0\" data-tab=\"56\" aria-controls=\"elementor-tab-content-21056\"><span class=\"eael-advanced-accordion-icon-closed\"><i aria-hidden=\"true\" class=\"fa-accordion-icon fas fa-plus\"><\/i><\/span><span class=\"eael-advanced-accordion-icon-opened\"><i aria-hidden=\"true\" class=\"fa-accordion-icon fas fa-minus\"><\/i><\/span><span class=\"eael-accordion-tab-title\">Potpisan sporazum UNIVERZITETA \"MB\" Beograd sa INSTITUTOM ZA SRPSKU KULTURU \u2013 PRI\u0160TINA<\/span><i aria-hidden=\"true\" class=\"fa-toggle fas fa-angle-right\"><\/i><\/div><div id=\"elementor-tab-content-21056\" class=\"eael-accordion-content clearfix\" data-tab=\"56\" aria-labelledby=\"potpisan-sporazum-univerziteta-mb-beograd-sa-institutom-za-srpsku-kulturu-pritina\"><p><span>Dana 02.04.2021. godine u 12.00 u Rektoratu Univerziteta \u201cMB\u201d u ulici Prote Mateje 21 odr\u017ean kolegijum rektora Univerziteta \u201cMB\u201d i potpisan sporazum UNIVERZITETA MB Beograd sa\u00a0<\/span>\u00a0INSTITUTOM ZA SRPSKU KULTURU \u2013 PRI\u0160TINA. (<a href=\"https:\/\/mbuniverzitet.edu.rs\/vesti-obavestenja\/\">vidi vi\u0161e<\/a>)<\/p><\/div>\n\t\t\t\t\t<\/div><div class=\"eael-accordion-list\">\n\t\t\t\t\t<div id=\"dobrovoljna-akcija-prikupljanja-knjiga-i-drugih-publikacija-pod-nazivom-darujem-ja-daruje-ti-zbog-ljubavi-prema-knjizi-i-univerzitetu-mb\" class=\"elementor-tab-title eael-accordion-header\" tabindex=\"0\" data-tab=\"57\" aria-controls=\"elementor-tab-content-21057\"><span class=\"eael-advanced-accordion-icon-closed\"><i aria-hidden=\"true\" class=\"fa-accordion-icon fas fa-plus\"><\/i><\/span><span class=\"eael-advanced-accordion-icon-opened\"><i aria-hidden=\"true\" class=\"fa-accordion-icon fas fa-minus\"><\/i><\/span><span class=\"eael-accordion-tab-title\">Dobrovoljna akcija prikupljanja knjiga i drugih publikacija pod nazivom \u201eDARUJEM JA, DARUJE\u0160 TI ZBOG LJUBAVI PREMA KNJIZI I UNIVERZITETU MB\u201c<\/span><i aria-hidden=\"true\" class=\"fa-toggle fas fa-angle-right\"><\/i><\/div><div id=\"elementor-tab-content-21057\" class=\"eael-accordion-content clearfix\" data-tab=\"57\" aria-labelledby=\"dobrovoljna-akcija-prikupljanja-knjiga-i-drugih-publikacija-pod-nazivom-darujem-ja-daruje-ti-zbog-ljubavi-prema-knjizi-i-univerzitetu-mb\"><p>Cilj akcije je pove\u0107anje knji\u017enog fonda Biblioteke Univerziteta \u201eMB\u201c u Beogradu u prvoj godini njegovog postojanja.\u00a0<a href=\"http:\/\/media.mbuniverzitet.edu.rs\/2021\/04\/%D0%9F%D0%BE%D0%B7%D0%B8%D0%B2-%D0%BD%D0%B0-%D0%B4%D0%BE%D0%B1%D1%80%D0%BE%D0%B2%D0%BE%D1%99%D0%BD%D1%83-%D0%B0%D0%BA%D1%86%D0%B8%D1%98%D1%83-%D0%BF%D1%80%D0%B8%D0%BA%D1%83%D0%BF%D1%99%D0%B0%D1%9A%D0%B0-%D0%BA%D1%9A%D0%B8%D0%B3%D0%B0-%D0%B8-%D0%B4%D1%80%D1%83%D0%B3%D0%B8%D1%85-%D0%BF%D1%83%D0%B1%D0%BB%D0%B8%D0%BA%D0%B0%D1%86%D0%B8%D1%98%D0%B0-%D0%B7%D0%B0-%D0%91%D0%B8%D0%B1%D0%BB%D0%B8%D0%BE%D1%82%D0%B5%D0%BA%D1%83-%D0%A3%D0%BD%D0%B8%D0%B2%D0%B5%D1%80%D0%B7%D0%B8%D1%82%D0%B5%D1%82%D0%B0-%E2%80%9E%D0%9C%D0%91-%D1%83-%D0%91%D0%B5%D0%BE%D0%B3%D1%80%D0%B0%D0%B4%D1%83.pdf\" target=\"_blank\" rel=\"noopener\">(vidi vi\u0161e)<\/a><\/p><\/div>\n\t\t\t\t\t<\/div><div class=\"eael-accordion-list\">\n\t\t\t\t\t<div id=\"pretplata-na-naunu-bazu-ebsco-academic-search-elite\" class=\"elementor-tab-title eael-accordion-header\" tabindex=\"0\" data-tab=\"58\" aria-controls=\"elementor-tab-content-21058\"><span class=\"eael-advanced-accordion-icon-closed\"><i aria-hidden=\"true\" class=\"fa-accordion-icon fas fa-plus\"><\/i><\/span><span class=\"eael-advanced-accordion-icon-opened\"><i aria-hidden=\"true\" class=\"fa-accordion-icon fas fa-minus\"><\/i><\/span><span class=\"eael-accordion-tab-title\">Pretplata na nau\u010dnu bazu EBSCO - Academic Search Elite<\/span><i aria-hidden=\"true\" class=\"fa-toggle fas fa-angle-right\"><\/i><\/div><div id=\"elementor-tab-content-21058\" class=\"eael-accordion-content clearfix\" data-tab=\"58\" aria-labelledby=\"pretplata-na-naunu-bazu-ebsco-academic-search-elite\"><p>Obave\u0161tavaju se svi profesori, asistenti, saradnici u nastavi i studenti doktorskih, master i osnovnih akademskih studija da je Univerzitet \u201eMB\u201c, u narednom akreditacionom periodu od sedam godina, ugovorio pretplatu na nau\u010dnu bazu\u00a0<a href=\"https:\/\/www.ebsco.com\/products\/research-databases\/academic-search-elite\" target=\"_blank\" rel=\"noopener\"><em>EBSCO \u2013 Academic Search Elite<\/em><\/a>. \u0160ifru mo\u017eete preuzeti od kolege msc Aleksandra Mati\u0107a.\u00a0<a href=\"https:\/\/mbuniverzitet.edu.rs\/vesti-obavestenja\/\">(vidi vi\u0161e)<\/a><\/p><\/div>\n\t\t\t\t\t<\/div><div class=\"eael-accordion-list\">\n\t\t\t\t\t<div id=\"poziv-za-registraciju-na-research-gate-mreu\" class=\"elementor-tab-title eael-accordion-header\" tabindex=\"0\" data-tab=\"59\" aria-controls=\"elementor-tab-content-21059\"><span class=\"eael-advanced-accordion-icon-closed\"><i aria-hidden=\"true\" class=\"fa-accordion-icon fas fa-plus\"><\/i><\/span><span class=\"eael-advanced-accordion-icon-opened\"><i aria-hidden=\"true\" class=\"fa-accordion-icon fas fa-minus\"><\/i><\/span><span class=\"eael-accordion-tab-title\">Poziv za registraciju na RESEARCH GATE mre\u017eu<\/span><i aria-hidden=\"true\" class=\"fa-toggle fas fa-angle-right\"><\/i><\/div><div id=\"elementor-tab-content-21059\" class=\"eael-accordion-content clearfix\" data-tab=\"59\" aria-labelledby=\"poziv-za-registraciju-na-research-gate-mreu\"><p>U skladu s Odlukom Rektorskog kolegijuma Univerziteta \u201cMB\u201d pozivamo sve profesore, asistente, saradnike u nastavi i studente doktorskih akademskih studija da se registruju na nau\u010dnu mre\u017eu\u00a0<em><a href=\"http:\/\/www.researchgate.net\/\" target=\"_blank\" rel=\"noopener\">Research Gate<\/a>.<\/em>\u00a0\u00a0<a href=\"https:\/\/mbuniverzitet.edu.rs\/vesti-obavestenja\/\">(vidi vi\u0161e)<\/a><\/p><\/div>\n\t\t\t\t\t<\/div><div class=\"eael-accordion-list\">\n\t\t\t\t\t<div id=\"poziv-za-cnntech-2021-meunarodnu-konferenciju\" class=\"elementor-tab-title eael-accordion-header\" tabindex=\"0\" data-tab=\"60\" aria-controls=\"elementor-tab-content-21060\"><span class=\"eael-advanced-accordion-icon-closed\"><i aria-hidden=\"true\" class=\"fa-accordion-icon fas fa-plus\"><\/i><\/span><span class=\"eael-advanced-accordion-icon-opened\"><i aria-hidden=\"true\" class=\"fa-accordion-icon fas fa-minus\"><\/i><\/span><span class=\"eael-accordion-tab-title\">Poziv za CNNTECH 2021 me\u0111unarodnu konferenciju<\/span><i aria-hidden=\"true\" class=\"fa-toggle fas fa-angle-right\"><\/i><\/div><div id=\"elementor-tab-content-21060\" class=\"eael-accordion-content clearfix\" data-tab=\"60\" aria-labelledby=\"poziv-za-cnntech-2021-meunarodnu-konferenciju\"><p>Po\u0161tovani,<br \/>Pozivamo Vas da uzmete u\u010de\u0161\u0107e i prijavite se na predstoje\u0107u CNN Tech 2021 me\u0111unarodnu konferenciju koja \u0107e se odr\u017eati na Zlatiboru u periodu od 29.06.2021. do 02.07.2021. (<a href=\"http:\/\/cnntechno.com\/\">http:\/\/cnntechno.com<\/a>\/)<\/p><p><a href=\"https:\/\/mbuniverzitet.edu.rs\/naucni-skupovi\/\">(vidi vi\u0161e)<\/a><\/p><\/div>\n\t\t\t\t\t<\/div><div class=\"eael-accordion-list\">\n\t\t\t\t\t<div id=\"estitka-povodom-8-marta-meunarodnog-dana-ena\" class=\"elementor-tab-title eael-accordion-header\" tabindex=\"0\" data-tab=\"61\" aria-controls=\"elementor-tab-content-21061\"><span class=\"eael-advanced-accordion-icon-closed\"><i aria-hidden=\"true\" class=\"fa-accordion-icon fas fa-plus\"><\/i><\/span><span class=\"eael-advanced-accordion-icon-opened\"><i aria-hidden=\"true\" class=\"fa-accordion-icon fas fa-minus\"><\/i><\/span><span class=\"eael-accordion-tab-title\">\u010cestitka povodom 8. marta - Me\u0111unarodnog dana \u017eena<\/span><i aria-hidden=\"true\" class=\"fa-toggle fas fa-angle-right\"><\/i><\/div><div id=\"elementor-tab-content-21061\" class=\"eael-accordion-content clearfix\" data-tab=\"61\" aria-labelledby=\"estitka-povodom-8-marta-meunarodnog-dana-ena\"><div><img loading=\"lazy\" decoding=\"async\" class=\"size-medium wp-image-5939 aligncenter\" src=\"https:\/\/media.mbuniverzitet.edu.rs\/2021\/03\/8-mart-cestitka-300x261.png\" sizes=\"(max-width: 300px) 100vw, 300px\" srcset=\"https:\/\/media.mbuniverzitet.edu.rs\/2021\/03\/8-mart-cestitka-300x261.png 300w, https:\/\/media.mbuniverzitet.edu.rs\/2021\/03\/8-mart-cestitka.png 386w\" alt=\"\" width=\"300\" height=\"261\" \/><\/div><div>\u00a0<\/div><div>Po\u0161tovane i uva\u017eene koleginice, primite iskrene \u010destitke povodom 8. marta Me\u0111unarodnog dana \u017eena. Posebno Vam \u017eelimo dobro zdravlje, sre\u0107u i uspeh na privatnom i poslovnom planu.<\/div><div>\u00a0<\/div><div><em>Uprava Univerziteta<\/em><\/div><div>\u00a0<\/div><\/div>\n\t\t\t\t\t<\/div><div class=\"eael-accordion-list\">\n\t\t\t\t\t<div id=\"informacija-o-procesu-samovrednovanja\" class=\"elementor-tab-title eael-accordion-header\" tabindex=\"0\" data-tab=\"62\" aria-controls=\"elementor-tab-content-21062\"><span class=\"eael-advanced-accordion-icon-closed\"><i aria-hidden=\"true\" class=\"fa-accordion-icon fas fa-plus\"><\/i><\/span><span class=\"eael-advanced-accordion-icon-opened\"><i aria-hidden=\"true\" class=\"fa-accordion-icon fas fa-minus\"><\/i><\/span><span class=\"eael-accordion-tab-title\">Informacija o procesu samovrednovanja<\/span><i aria-hidden=\"true\" class=\"fa-toggle fas fa-angle-right\"><\/i><\/div><div id=\"elementor-tab-content-21062\" class=\"eael-accordion-content clearfix\" data-tab=\"62\" aria-labelledby=\"informacija-o-procesu-samovrednovanja\"><p><a href=\"http:\/\/media.mbuniverzitet.edu.rs\/2021\/03\/%D0%9E%D0%B1%D0%B0%D0%B2%D0%B5%D1%88%D1%82%D0%B5%D1%9A%D0%B5-%D0%BE-%D0%BF%D1%80%D0%BE%D1%86%D0%B5%D1%81%D1%83-%D1%81%D0%B0%D0%BC%D0%BE%D0%B2%D1%80%D0%B5%D0%B4%D0%BD%D0%BE%D0%B2%D0%B0%D1%9A%D0%B0-%D0%B7%D0%B8%D0%BC%D1%81%D0%BA%D0%BE%D0%B3-%D1%81%D0%B5%D0%BC%D0%B5%D1%81%D1%82%D1%80%D0%B0-%D1%88%D0%BA%D0%BE%D0%BB%D1%81%D0%BA%D0%B5-2020-2021..docx\" target=\"_blank\" rel=\"noopener\">Informacija o procesu samovrednovanja za zimski semestar \u0161kolske 2020\/2021. godine \u0107e se realizovati od 01.03-15.03.2021. godine.<\/a><\/p><p>Proces Samovrednovanja \u0107e se realizovati na osnovu Odluke rektora Univerziteta MB i Programa realizacije procesa samovrednovanja za \u0161kolsku 2020\/21.<em>\u00a0<a href=\"http:\/\/media.mbuniverzitet.edu.rs\/2020\/12\/%D0%9F%D1%80%D0%BE%D0%B3%D1%80%D0%B0%D0%BC-%D1%80%D0%B5%D0%B0%D0%BB%D0%B8%D0%B7%D0%B0%D1%86%D0%B8%D1%98%D0%B5-%D1%83%D0%BD%D1%83%D1%82%D1%80%D0%B0%D1%88%D1%9A%D0%B5%D0%B3-%D0%B8-%D1%81%D0%BF%D0%BE%D1%99%D0%B0%D1%88-%D0%B2%D1%80%D0%B5%D0%B4%D0%BD%D0%BE%D0%B2%D0%B0%D1%9A%D0%B0-%D0%BD%D0%B0-%D0%A3%D0%BD%D0%B8%D0%B2%D0%B5%D1%80%D0%B7%D0%B8%D1%82%D0%B5%D1%82%D1%83-%D0%9C%D0%91-%D1%83-%D1%88%D0%BA-2020-2021.pdf\">(vidi vi\u0161e)<\/a><\/em><\/p><\/div>\n\t\t\t\t\t<\/div><div class=\"eael-accordion-list\">\n\t\t\t\t\t<div id=\"preventivne-mere-i-postupci-u-funkciji-spreavanja-irenja-zarazne-bolesti-covid-19\" class=\"elementor-tab-title eael-accordion-header\" tabindex=\"0\" data-tab=\"63\" aria-controls=\"elementor-tab-content-21063\"><span class=\"eael-advanced-accordion-icon-closed\"><i aria-hidden=\"true\" class=\"fa-accordion-icon fas fa-plus\"><\/i><\/span><span class=\"eael-advanced-accordion-icon-opened\"><i aria-hidden=\"true\" class=\"fa-accordion-icon fas fa-minus\"><\/i><\/span><span class=\"eael-accordion-tab-title\">Preventivne mere i postupci u funkciji spre\u010davanja \u0161irenja zarazne bolesti COVID-19<\/span><i aria-hidden=\"true\" class=\"fa-toggle fas fa-angle-right\"><\/i><\/div><div id=\"elementor-tab-content-21063\" class=\"eael-accordion-content clearfix\" data-tab=\"63\" aria-labelledby=\"preventivne-mere-i-postupci-u-funkciji-spreavanja-irenja-zarazne-bolesti-covid-19\"><p><a href=\"http:\/\/media.mbuniverzitet.edu.rs\/2021\/02\/Preventivne-mere-i-postupci-u-funkciji-sprecavanja-sirenja-zarazne-bolesti-COVID-19-izazvane-virusom-SARS-COV-2-sa-ciljem-zastite-zdravlja-i-bezbednosti-zaposlenih.pdf\">Preventivne mere i postupci u funkciji spre\u010davanja \u0161irenja zarazne bolesti COVID-19 izazvane virusom SARS-COV-2 sa ciljem za\u0161tite zdravlja i bezbednosti zaposlenih<\/a><\/p><\/div>\n\t\t\t\t\t<\/div><div class=\"eael-accordion-list\">\n\t\t\t\t\t<div id=\"estitka-povodom-27012021-godine-kolske-slave-sveti-sava\" class=\"elementor-tab-title eael-accordion-header\" tabindex=\"0\" data-tab=\"64\" aria-controls=\"elementor-tab-content-21064\"><span class=\"eael-advanced-accordion-icon-closed\"><i aria-hidden=\"true\" class=\"fa-accordion-icon fas fa-plus\"><\/i><\/span><span class=\"eael-advanced-accordion-icon-opened\"><i aria-hidden=\"true\" class=\"fa-accordion-icon fas fa-minus\"><\/i><\/span><span class=\"eael-accordion-tab-title\">\u010cestitka povodom 27.01.2021. godine - \u0161kolske slave Sveti Sava<\/span><i aria-hidden=\"true\" class=\"fa-toggle fas fa-angle-right\"><\/i><\/div><div id=\"elementor-tab-content-21064\" class=\"eael-accordion-content clearfix\" data-tab=\"64\" aria-labelledby=\"estitka-povodom-27012021-godine-kolske-slave-sveti-sava\"><p>Po\u0161tovani profesori, saradnici u nastavi, studenti, stalno zaposleni i prijatel\u0458i Univerziteta MB,<\/p><p>ovaj prazni\u010dni dan posve\u0107en je jednoj od najva\u017enijih istorijskih li\u010dnosti, utemel\u0458itel\u0458u obrazovanja, dr\u017eavnosti i verske kulture u Srbiji, prvom arhiepiskopu, zakonodavcu knji\u017eevniku i prosvetitel\u0458u.<\/p><p>Rastko Nemanji\u0107, u mona\u0161tvu Sava, bio je i osniva\u010d prve bolnice u Srbiji, graditel\u0458, ktitor i hodo\u010dasnik. Energi\u010dan dr\u017eavnik, sagovornik mnogih careva, kral\u0458eva i patrijarha. Prirodno je \u0161to je takva li\u010dnost izrasla u pokrovitel\u0458a svih na\u0161ih \u0161kola i prosvetnih ustanova.<\/p><p>\u017divotno delo Svetog Save vi\u0161evekovna je civilizacijska vrednost \u2013 ne samo \u0161to je postavio pravne i duhovne stubove dr\u017eavnosti i savremenog \u0161kolstva, nego je i u dru\u0161tveno-humanitarnim oblastima zdravstva i socijalne za\u0161tite bio vizionar, pokreta\u010d i osniva\u010d.<\/p><p>N\u0458emu posve\u0107en praznik, prilika je da se osvrnemo na pomenute temel\u0458e, ali i da pogledamo u na\u0161u budu\u0107nost. Istrajnost na putu dal\u0458eg usavr\u0161avanja obrazovnog sistema jeste pravi na\u010din da dostojno nastavimo najbol\u0458e prosvetitel\u0458ske tradicije.<\/p><p>Re\u010dima samog Svetog Save, \u201ena svim svojim putevima znajte da pravi budu putevi va\u0161i i noge va\u0161e ne\u0107e se spoticati\u201d.<\/p><p>Uz najbol\u0458e \u017eel\u0458e, srda\u010dno vam svima \u010destitam \u0161kolsku slavu \u2013 Savindan.<\/p><p><strong>\u00a0<\/strong><\/p><h5>Menad\u017ement Univerziteta MB<\/h5><\/div>\n\t\t\t\t\t<\/div><\/div>\t\t\t\t<\/div>\n\t\t\t\t<\/div>\n\t\t\t\t\t<\/div>\n\t\t<\/div>\n\t\t\t\t\t<\/div>\n\t\t<\/section>\n\t\t\t\t<section class=\"elementor-section elementor-top-section elementor-element elementor-element-617904e elementor-section-full_width elementor-section-height-default elementor-section-height-default exad-glass-effect-no exad-sticky-section-no\" data-id=\"617904e\" data-element_type=\"section\" data-e-type=\"section\">\n\t\t\t\t\t\t<div class=\"elementor-container elementor-column-gap-default\">\n\t\t\t\t\t<div class=\"elementor-column elementor-col-100 elementor-top-column elementor-element elementor-element-b19e490 exad-glass-effect-no exad-sticky-section-no\" data-id=\"b19e490\" data-element_type=\"column\" data-e-type=\"column\">\n\t\t\t<div class=\"elementor-widget-wrap elementor-element-populated\">\n\t\t\t\t\t\t<div class=\"elementor-element elementor-element-cebb783 exad-sticky-section-no exad-glass-effect-no elementor-widget elementor-widget-spacer\" data-id=\"cebb783\" data-element_type=\"widget\" data-e-type=\"widget\" data-widget_type=\"spacer.default\">\n\t\t\t\t<div class=\"elementor-widget-container\">\n\t\t\t\t\t\t\t<div class=\"elementor-spacer\">\n\t\t\t<div class=\"elementor-spacer-inner\"><\/div>\n\t\t<\/div>\n\t\t\t\t\t\t<\/div>\n\t\t\t\t<\/div>\n\t\t\t\t\t<\/div>\n\t\t<\/div>\n\t\t\t\t\t<\/div>\n\t\t<\/section>\n\t\t\t\t<\/div>\n\t\t","protected":false},"excerpt":{"rendered":"<p>Arhiva vesti \u0414\u0430\u043d\u0430 27. \u043d\u043e\u0432\u0435\u043c\u0431\u0440\u0430 2025 \u0433\u043e\u0434\u0438\u043d\u0435, \u043f\u0440\u043e\u0444\u0435\u0441\u043e\u0440 \u0434\u0440 \u041d\u0435\u0452\u043e \u0414\u0430\u043d\u0438\u043b\u043e\u0432\u0438\u045b, \u043f\u0440\u043e\u0440\u0435\u043a\u0442\u043e\u0440 \u0437\u0430 \u043d\u0430\u0443\u043a\u0443, \u041d\u0418\u0420 \u0438 \u0440\u0430\u0437\u0432\u043e\u0458 \u0423\u043d\u0438\u0432\u0435\u0440\u0437\u0438\u0442\u0435\u0442\u0430 \u041c\u0411 \u0443 \u0411\u0435\u043e\u0433\u0440\u0430\u0434\u0443 \u0431\u0438\u043e \u0458\u0435 \u0433\u043e\u0441\u0442 \u0435\u043c\u0438\u0441\u0438\u0458\u0435 \u201e\u041d\u0438 \u0446\u0440\u043d\u043e \u043d\u0438 \u0431\u0435\u043b\u043e\u201c \u0422\u0412 \u041a\u043e\u043f\u0435\u0440\u043d\u0438\u043a\u0443\u0441 (KCN 1), \u0438 \u0442\u0438\u043c \u043f\u043e\u0432\u043e\u0434\u043e\u043c \u0434\u0430\u043e \u0458\u0435 \u0418\u043d\u0442\u0435\u0440\u0432\u0458\u0443 \u043e\u0432\u043e\u0458 \u0422\u0412 \u0441\u0442\u0430\u043d\u0438\u0446\u0438. (\u0412\u0438\u0434\u0438 \u0432\u0438\u0448\u0435) \u0422\u0435\u043c\u0430\u0442\u0441\u043a\u0438 \u043f\u0440\u0435\u0434\u043c\u0435\u0442 \u0418\u043d\u0442\u0435\u0440\u0432\u0458\u0443\u0430 \u0431\u0438\u043e \u0458\u0435 \u201e\u0421\u0432\u0435\u0442 \u0443 \u043d\u043e\u0432\u043e\u0458 \u0440\u0435\u0430\u043b\u043d\u043e\u0441\u0442\u0438, \u0441 \u0430\u043a\u0446\u0435\u043d\u0442\u043e\u043c [&hellip;]<\/p>\n","protected":false},"author":1,"featured_media":0,"parent":0,"menu_order":0,"comment_status":"closed","ping_status":"closed","template":"","meta":{"_eb_attr":"","site-sidebar-layout":"no-sidebar","site-content-layout":"page-builder","ast-site-content-layout":"default","site-content-style":"default","site-sidebar-style":"default","ast-global-header-display":"","ast-banner-title-visibility":"","ast-main-header-display":"","ast-hfb-above-header-display":"","ast-hfb-below-header-display":"","ast-hfb-mobile-header-display":"","site-post-title":"disabled","ast-breadcrumbs-content":"","ast-featured-img":"disabled","footer-sml-layout":"","ast-disable-related-posts":"","theme-transparent-header-meta":"default","adv-header-id-meta":"","stick-header-meta":"","header-above-stick-meta":"","header-main-stick-meta":"","header-below-stick-meta":"","astra-migrate-meta-layouts":"default","ast-page-background-enabled":"default","ast-page-background-meta":{"desktop":{"background-color":"","background-image":"","background-repeat":"repeat","background-position":"center center","background-size":"auto","background-attachment":"scroll","background-type":"","background-media":"","overlay-type":"","overlay-color":"","overlay-opacity":"","overlay-gradient":""},"tablet":{"background-color":"","background-image":"","background-repeat":"repeat","background-position":"center center","background-size":"auto","background-attachment":"scroll","background-type":"","background-media":"","overlay-type":"","overlay-color":"","overlay-opacity":"","overlay-gradient":""},"mobile":{"background-color":"","background-image":"","background-repeat":"repeat","background-position":"center center","background-size":"auto","background-attachment":"scroll","background-type":"","background-media":"","overlay-type":"","overlay-color":"","overlay-opacity":"","overlay-gradient":""}},"ast-content-background-meta":{"desktop":{"background-color":"var(--ast-global-color-5)","background-image":"","background-repeat":"repeat","background-position":"center center","background-size":"auto","background-attachment":"scroll","background-type":"","background-media":"","overlay-type":"","overlay-color":"","overlay-opacity":"","overlay-gradient":""},"tablet":{"background-color":"var(--ast-global-color-5)","background-image":"","background-repeat":"repeat","background-position":"center center","background-size":"auto","background-attachment":"scroll","background-type":"","background-media":"","overlay-type":"","overlay-color":"","overlay-opacity":"","overlay-gradient":""},"mobile":{"background-color":"var(--ast-global-color-5)","background-image":"","background-repeat":"repeat","background-position":"center center","background-size":"auto","background-attachment":"scroll","background-type":"","background-media":"","overlay-type":"","overlay-color":"","overlay-opacity":"","overlay-gradient":""}},"footnotes":""},"class_list":["post-7582","page","type-page","status-publish","hentry"],"yoast_head":"<!-- This site is optimized with the Yoast SEO plugin v27.5 - https:\/\/yoast.com\/product\/yoast-seo-wordpress\/ -->\n<title>Arhiva vesti - Univerzitet MB<\/title>\n<meta name=\"robots\" content=\"index, follow, max-snippet:-1, max-image-preview:large, max-video-preview:-1\" \/>\n<link rel=\"canonical\" href=\"https:\/\/mbuniverzitet.edu.rs\/en\/arhiva-vesti\/\" \/>\n<meta property=\"og:locale\" content=\"en_GB\" \/>\n<meta property=\"og:type\" content=\"article\" \/>\n<meta property=\"og:title\" content=\"Arhiva vesti - Univerzitet MB\" \/>\n<meta property=\"og:description\" content=\"Arhiva vesti \u0414\u0430\u043d\u0430 27. \u043d\u043e\u0432\u0435\u043c\u0431\u0440\u0430 2025 \u0433\u043e\u0434\u0438\u043d\u0435, \u043f\u0440\u043e\u0444\u0435\u0441\u043e\u0440 \u0434\u0440 \u041d\u0435\u0452\u043e \u0414\u0430\u043d\u0438\u043b\u043e\u0432\u0438\u045b, \u043f\u0440\u043e\u0440\u0435\u043a\u0442\u043e\u0440 \u0437\u0430 \u043d\u0430\u0443\u043a\u0443, \u041d\u0418\u0420 \u0438 \u0440\u0430\u0437\u0432\u043e\u0458 \u0423\u043d\u0438\u0432\u0435\u0440\u0437\u0438\u0442\u0435\u0442\u0430 \u041c\u0411 \u0443 \u0411\u0435\u043e\u0433\u0440\u0430\u0434\u0443 \u0431\u0438\u043e \u0458\u0435 \u0433\u043e\u0441\u0442 \u0435\u043c\u0438\u0441\u0438\u0458\u0435 \u201e\u041d\u0438 \u0446\u0440\u043d\u043e \u043d\u0438 \u0431\u0435\u043b\u043e\u201c \u0422\u0412 \u041a\u043e\u043f\u0435\u0440\u043d\u0438\u043a\u0443\u0441 (KCN 1), \u0438 \u0442\u0438\u043c \u043f\u043e\u0432\u043e\u0434\u043e\u043c \u0434\u0430\u043e \u0458\u0435 \u0418\u043d\u0442\u0435\u0440\u0432\u0458\u0443 \u043e\u0432\u043e\u0458 \u0422\u0412 \u0441\u0442\u0430\u043d\u0438\u0446\u0438. (\u0412\u0438\u0434\u0438 \u0432\u0438\u0448\u0435) \u0422\u0435\u043c\u0430\u0442\u0441\u043a\u0438 \u043f\u0440\u0435\u0434\u043c\u0435\u0442 \u0418\u043d\u0442\u0435\u0440\u0432\u0458\u0443\u0430 \u0431\u0438\u043e \u0458\u0435 \u201e\u0421\u0432\u0435\u0442 \u0443 \u043d\u043e\u0432\u043e\u0458 \u0440\u0435\u0430\u043b\u043d\u043e\u0441\u0442\u0438, \u0441 \u0430\u043a\u0446\u0435\u043d\u0442\u043e\u043c [&hellip;]\" \/>\n<meta property=\"og:url\" content=\"https:\/\/mbuniverzitet.edu.rs\/en\/arhiva-vesti\/\" \/>\n<meta property=\"og:site_name\" content=\"Univerzitet MB\" \/>\n<meta property=\"article:modified_time\" content=\"2026-03-11T08:12:57+00:00\" \/>\n<meta property=\"og:image\" content=\"https:\/\/mbuniverzitet.edu.rs\/wp-content\/uploads\/2025\/11\/Rusi_predavanje.jpg\" \/>\n\t<meta property=\"og:image:width\" content=\"1600\" \/>\n\t<meta property=\"og:image:height\" content=\"1200\" \/>\n\t<meta property=\"og:image:type\" content=\"image\/jpeg\" \/>\n<meta name=\"twitter:card\" content=\"summary_large_image\" \/>\n<meta name=\"twitter:label1\" content=\"Estimated reading time\" \/>\n\t<meta name=\"twitter:data1\" content=\"215 minutes\" \/>\n<script type=\"application\/ld+json\" class=\"yoast-schema-graph\">{\"@context\":\"https:\\\/\\\/schema.org\",\"@graph\":[{\"@type\":\"WebPage\",\"@id\":\"https:\\\/\\\/mbuniverzitet.edu.rs\\\/arhiva-vesti\\\/\",\"url\":\"https:\\\/\\\/mbuniverzitet.edu.rs\\\/arhiva-vesti\\\/\",\"name\":\"Arhiva vesti - Univerzitet MB\",\"isPartOf\":{\"@id\":\"https:\\\/\\\/mbuniverzitet.edu.rs\\\/#website\"},\"primaryImageOfPage\":{\"@id\":\"https:\\\/\\\/mbuniverzitet.edu.rs\\\/arhiva-vesti\\\/#primaryimage\"},\"image\":{\"@id\":\"https:\\\/\\\/mbuniverzitet.edu.rs\\\/arhiva-vesti\\\/#primaryimage\"},\"thumbnailUrl\":\"https:\\\/\\\/mbuniverzitet.edu.rs\\\/wp-content\\\/uploads\\\/2025\\\/11\\\/Rusi_predavanje-300x225.jpg\",\"datePublished\":\"2021-10-06T08:21:33+00:00\",\"dateModified\":\"2026-03-11T08:12:57+00:00\",\"breadcrumb\":{\"@id\":\"https:\\\/\\\/mbuniverzitet.edu.rs\\\/arhiva-vesti\\\/#breadcrumb\"},\"inLanguage\":\"en-GB\",\"potentialAction\":[{\"@type\":\"ReadAction\",\"target\":[\"https:\\\/\\\/mbuniverzitet.edu.rs\\\/arhiva-vesti\\\/\"]}]},{\"@type\":\"ImageObject\",\"inLanguage\":\"en-GB\",\"@id\":\"https:\\\/\\\/mbuniverzitet.edu.rs\\\/arhiva-vesti\\\/#primaryimage\",\"url\":\"https:\\\/\\\/mbuniverzitet.edu.rs\\\/wp-content\\\/uploads\\\/2025\\\/11\\\/Rusi_predavanje-300x225.jpg\",\"contentUrl\":\"https:\\\/\\\/mbuniverzitet.edu.rs\\\/wp-content\\\/uploads\\\/2025\\\/11\\\/Rusi_predavanje-300x225.jpg\"},{\"@type\":\"BreadcrumbList\",\"@id\":\"https:\\\/\\\/mbuniverzitet.edu.rs\\\/arhiva-vesti\\\/#breadcrumb\",\"itemListElement\":[{\"@type\":\"ListItem\",\"position\":1,\"name\":\"Home\",\"item\":\"https:\\\/\\\/mbuniverzitet.edu.rs\\\/\"},{\"@type\":\"ListItem\",\"position\":2,\"name\":\"Arhiva vesti\"}]},{\"@type\":\"WebSite\",\"@id\":\"https:\\\/\\\/mbuniverzitet.edu.rs\\\/#website\",\"url\":\"https:\\\/\\\/mbuniverzitet.edu.rs\\\/\",\"name\":\"Univerzitet MB\",\"description\":\"\",\"publisher\":{\"@id\":\"https:\\\/\\\/mbuniverzitet.edu.rs\\\/#organization\"},\"potentialAction\":[{\"@type\":\"SearchAction\",\"target\":{\"@type\":\"EntryPoint\",\"urlTemplate\":\"https:\\\/\\\/mbuniverzitet.edu.rs\\\/?s={search_term_string}\"},\"query-input\":{\"@type\":\"PropertyValueSpecification\",\"valueRequired\":true,\"valueName\":\"search_term_string\"}}],\"inLanguage\":\"en-GB\"},{\"@type\":\"Organization\",\"@id\":\"https:\\\/\\\/mbuniverzitet.edu.rs\\\/#organization\",\"name\":\"Univerzitet MB\",\"url\":\"https:\\\/\\\/mbuniverzitet.edu.rs\\\/\",\"logo\":{\"@type\":\"ImageObject\",\"inLanguage\":\"en-GB\",\"@id\":\"https:\\\/\\\/mbuniverzitet.edu.rs\\\/#\\\/schema\\\/logo\\\/image\\\/\",\"url\":\"https:\\\/\\\/media.mbuniverzitet.edu.rs\\\/2020\\\/11\\\/UniMB-Logotip-u-postupku-akreditacije.png\",\"contentUrl\":\"https:\\\/\\\/media.mbuniverzitet.edu.rs\\\/2020\\\/11\\\/UniMB-Logotip-u-postupku-akreditacije.png\",\"width\":296,\"height\":90,\"caption\":\"Univerzitet MB\"},\"image\":{\"@id\":\"https:\\\/\\\/mbuniverzitet.edu.rs\\\/#\\\/schema\\\/logo\\\/image\\\/\"}}]}<\/script>\n<!-- \/ Yoast SEO plugin. -->","yoast_head_json":{"title":"Arhiva vesti - Univerzitet MB","robots":{"index":"index","follow":"follow","max-snippet":"max-snippet:-1","max-image-preview":"max-image-preview:large","max-video-preview":"max-video-preview:-1"},"canonical":"https:\/\/mbuniverzitet.edu.rs\/en\/arhiva-vesti\/","og_locale":"en_GB","og_type":"article","og_title":"Arhiva vesti - Univerzitet MB","og_description":"Arhiva vesti \u0414\u0430\u043d\u0430 27. \u043d\u043e\u0432\u0435\u043c\u0431\u0440\u0430 2025 \u0433\u043e\u0434\u0438\u043d\u0435, \u043f\u0440\u043e\u0444\u0435\u0441\u043e\u0440 \u0434\u0440 \u041d\u0435\u0452\u043e \u0414\u0430\u043d\u0438\u043b\u043e\u0432\u0438\u045b, \u043f\u0440\u043e\u0440\u0435\u043a\u0442\u043e\u0440 \u0437\u0430 \u043d\u0430\u0443\u043a\u0443, \u041d\u0418\u0420 \u0438 \u0440\u0430\u0437\u0432\u043e\u0458 \u0423\u043d\u0438\u0432\u0435\u0440\u0437\u0438\u0442\u0435\u0442\u0430 \u041c\u0411 \u0443 \u0411\u0435\u043e\u0433\u0440\u0430\u0434\u0443 \u0431\u0438\u043e \u0458\u0435 \u0433\u043e\u0441\u0442 \u0435\u043c\u0438\u0441\u0438\u0458\u0435 \u201e\u041d\u0438 \u0446\u0440\u043d\u043e \u043d\u0438 \u0431\u0435\u043b\u043e\u201c \u0422\u0412 \u041a\u043e\u043f\u0435\u0440\u043d\u0438\u043a\u0443\u0441 (KCN 1), \u0438 \u0442\u0438\u043c \u043f\u043e\u0432\u043e\u0434\u043e\u043c \u0434\u0430\u043e \u0458\u0435 \u0418\u043d\u0442\u0435\u0440\u0432\u0458\u0443 \u043e\u0432\u043e\u0458 \u0422\u0412 \u0441\u0442\u0430\u043d\u0438\u0446\u0438. (\u0412\u0438\u0434\u0438 \u0432\u0438\u0448\u0435) \u0422\u0435\u043c\u0430\u0442\u0441\u043a\u0438 \u043f\u0440\u0435\u0434\u043c\u0435\u0442 \u0418\u043d\u0442\u0435\u0440\u0432\u0458\u0443\u0430 \u0431\u0438\u043e \u0458\u0435 \u201e\u0421\u0432\u0435\u0442 \u0443 \u043d\u043e\u0432\u043e\u0458 \u0440\u0435\u0430\u043b\u043d\u043e\u0441\u0442\u0438, \u0441 \u0430\u043a\u0446\u0435\u043d\u0442\u043e\u043c [&hellip;]","og_url":"https:\/\/mbuniverzitet.edu.rs\/en\/arhiva-vesti\/","og_site_name":"Univerzitet MB","article_modified_time":"2026-03-11T08:12:57+00:00","og_image":[{"width":1600,"height":1200,"url":"https:\/\/mbuniverzitet.edu.rs\/wp-content\/uploads\/2025\/11\/Rusi_predavanje.jpg","type":"image\/jpeg"}],"twitter_card":"summary_large_image","twitter_misc":{"Estimated reading time":"215 minutes"},"schema":{"@context":"https:\/\/schema.org","@graph":[{"@type":"WebPage","@id":"https:\/\/mbuniverzitet.edu.rs\/arhiva-vesti\/","url":"https:\/\/mbuniverzitet.edu.rs\/arhiva-vesti\/","name":"Arhiva vesti - Univerzitet MB","isPartOf":{"@id":"https:\/\/mbuniverzitet.edu.rs\/#website"},"primaryImageOfPage":{"@id":"https:\/\/mbuniverzitet.edu.rs\/arhiva-vesti\/#primaryimage"},"image":{"@id":"https:\/\/mbuniverzitet.edu.rs\/arhiva-vesti\/#primaryimage"},"thumbnailUrl":"https:\/\/mbuniverzitet.edu.rs\/wp-content\/uploads\/2025\/11\/Rusi_predavanje-300x225.jpg","datePublished":"2021-10-06T08:21:33+00:00","dateModified":"2026-03-11T08:12:57+00:00","breadcrumb":{"@id":"https:\/\/mbuniverzitet.edu.rs\/arhiva-vesti\/#breadcrumb"},"inLanguage":"en-GB","potentialAction":[{"@type":"ReadAction","target":["https:\/\/mbuniverzitet.edu.rs\/arhiva-vesti\/"]}]},{"@type":"ImageObject","inLanguage":"en-GB","@id":"https:\/\/mbuniverzitet.edu.rs\/arhiva-vesti\/#primaryimage","url":"https:\/\/mbuniverzitet.edu.rs\/wp-content\/uploads\/2025\/11\/Rusi_predavanje-300x225.jpg","contentUrl":"https:\/\/mbuniverzitet.edu.rs\/wp-content\/uploads\/2025\/11\/Rusi_predavanje-300x225.jpg"},{"@type":"BreadcrumbList","@id":"https:\/\/mbuniverzitet.edu.rs\/arhiva-vesti\/#breadcrumb","itemListElement":[{"@type":"ListItem","position":1,"name":"Home","item":"https:\/\/mbuniverzitet.edu.rs\/"},{"@type":"ListItem","position":2,"name":"Arhiva vesti"}]},{"@type":"WebSite","@id":"https:\/\/mbuniverzitet.edu.rs\/#website","url":"https:\/\/mbuniverzitet.edu.rs\/","name":"MB University","description":"","publisher":{"@id":"https:\/\/mbuniverzitet.edu.rs\/#organization"},"potentialAction":[{"@type":"SearchAction","target":{"@type":"EntryPoint","urlTemplate":"https:\/\/mbuniverzitet.edu.rs\/?s={search_term_string}"},"query-input":{"@type":"PropertyValueSpecification","valueRequired":true,"valueName":"search_term_string"}}],"inLanguage":"en-GB"},{"@type":"Organization","@id":"https:\/\/mbuniverzitet.edu.rs\/#organization","name":"MB University","url":"https:\/\/mbuniverzitet.edu.rs\/","logo":{"@type":"ImageObject","inLanguage":"en-GB","@id":"https:\/\/mbuniverzitet.edu.rs\/#\/schema\/logo\/image\/","url":"https:\/\/media.mbuniverzitet.edu.rs\/2020\/11\/UniMB-Logotip-u-postupku-akreditacije.png","contentUrl":"https:\/\/media.mbuniverzitet.edu.rs\/2020\/11\/UniMB-Logotip-u-postupku-akreditacije.png","width":296,"height":90,"caption":"Univerzitet MB"},"image":{"@id":"https:\/\/mbuniverzitet.edu.rs\/#\/schema\/logo\/image\/"}}]}},"_links":{"self":[{"href":"https:\/\/mbuniverzitet.edu.rs\/en\/wp-json\/wp\/v2\/pages\/7582","targetHints":{"allow":["GET"]}}],"collection":[{"href":"https:\/\/mbuniverzitet.edu.rs\/en\/wp-json\/wp\/v2\/pages"}],"about":[{"href":"https:\/\/mbuniverzitet.edu.rs\/en\/wp-json\/wp\/v2\/types\/page"}],"author":[{"embeddable":true,"href":"https:\/\/mbuniverzitet.edu.rs\/en\/wp-json\/wp\/v2\/users\/1"}],"replies":[{"embeddable":true,"href":"https:\/\/mbuniverzitet.edu.rs\/en\/wp-json\/wp\/v2\/comments?post=7582"}],"version-history":[{"count":0,"href":"https:\/\/mbuniverzitet.edu.rs\/en\/wp-json\/wp\/v2\/pages\/7582\/revisions"}],"wp:attachment":[{"href":"https:\/\/mbuniverzitet.edu.rs\/en\/wp-json\/wp\/v2\/media?parent=7582"}],"curies":[{"name":"wp","href":"https:\/\/api.w.org\/{rel}","templated":true}]}}